{"id":82,"date":"2023-10-03T08:25:57","date_gmt":"2023-10-03T08:25:57","guid":{"rendered":"https:\/\/www.supremeyachts.hr\/?post_type=product&#038;p=82"},"modified":"2023-10-03T08:54:13","modified_gmt":"2023-10-03T08:54:13","slug":"flyer-6-sundeck","status":"publish","type":"product","link":"https:\/\/www.supremeyachts.hr\/en\/product\/flyer-6-sundeck\/","title":{"rendered":"FLYER 6 SUNDECK"},"content":{"rendered":"<p>Flyer SUNdeck ima ukupnu duljinu od 5,56 m (18\u20193\u2019\u2019) i \u0161irok 2,26 m (7\u20195\u2019\u2019). Mo\u017ee primiti do 6 osoba i zamjenjuje najmanji model u asortimanu Fyler &#8211; Flyer 5.5 SUNdeck. Prednje podru\u010dje za sun\u010danje pobolj\u0161ava zabavu i opu\u0161tanje na moru, a maksimalni vanbrodski motor od 115 KS vodi vas kamo god \u017eelite sigurno i udobno. Mala kabina ispod le\u017ealjki omogu\u0107uje spremanje va\u0161ih vodenih igra\u010daka i ostalih potrep\u0161tina u hodu.<\/p>","protected":false},"excerpt":{"rendered":"<p>Flyer SUNdeck ima ukupnu duljinu od 5,56 m (18\u20193\u2019\u2019) i \u0161irok 2,26 m (7\u20195\u2019\u2019). Mo\u017ee primiti do 6 osoba i zamjenjuje najmanji model u asortimanu Fyler &#8211; Flyer 5.5 SUNdeck. Prednje podru\u010dje za sun\u010danje pobolj\u0161ava zabavu i opu\u0161tanje na moru, a maksimalni vanbrodski motor od 115 KS vodi vas kamo god \u017eelite sigurno i udobno. [&hellip;]<\/p>\n","protected":false},"featured_media":85,"comment_status":"open","ping_status":"closed","template":"","meta":{"_acf_changed":false},"product_brand":[],"product_cat":[17,18],"product_tag":[],"brendovi":[],"class_list":{"0":"post-82","1":"product","2":"type-product","3":"status-publish","4":"has-post-thumbnail","6":"product_cat-beneteau","7":"product_cat-flyer","9":"first","10":"instock","11":"shipping-taxable","12":"purchasable","13":"product-type-simple"},"acf":{"photo_gallery":{"galerija_na_moru":[[{"id":98,"title":"JEAN-BAPTISTE D'ENQUIN \/ BENETEAU FLYER 6","caption":"","full_image_url":"https:\/\/www.supremeyachts.hr\/wp-content\/uploads\/2023\/10\/1__5JB6273.jpg-1900px-f2.jpg","thumbnail_image_url":"https:\/\/www.supremeyachts.hr\/wp-content\/uploads\/2023\/10\/1__5JB6273.jpg-1900px-f2-150x150.jpg","large_srcset":"https:\/\/www.supremeyachts.hr\/wp-content\/uploads\/2023\/10\/1__5JB6273.jpg-1900px-f2.jpg 960w, https:\/\/www.supremeyachts.hr\/wp-content\/uploads\/2023\/10\/1__5JB6273.jpg-1900px-f2-600x400.jpg 600w, https:\/\/www.supremeyachts.hr\/wp-content\/uploads\/2023\/10\/1__5JB6273.jpg-1900px-f2-300x200.jpg 300w, https:\/\/www.supremeyachts.hr\/wp-content\/uploads\/2023\/10\/1__5JB6273.jpg-1900px-f2-768x512.jpg 768w","medium_srcset":"https:\/\/www.supremeyachts.hr\/wp-content\/uploads\/2023\/10\/1__5JB6273.jpg-1900px-f2-300x200.jpg 300w, https:\/\/www.supremeyachts.hr\/wp-content\/uploads\/2023\/10\/1__5JB6273.jpg-1900px-f2-600x400.jpg 600w, https:\/\/www.supremeyachts.hr\/wp-content\/uploads\/2023\/10\/1__5JB6273.jpg-1900px-f2-768x512.jpg 768w, https:\/\/www.supremeyachts.hr\/wp-content\/uploads\/2023\/10\/1__5JB6273.jpg-1900px-f2.jpg 960w","media_details":{"width":960,"height":640,"sizes":{"woocommerce_thumbnail":{"file":"1__5JB6273.jpg-1900px-f2-300x300.jpg","width":300,"height":300,"mime-type":"image\/jpeg","filesize":23992,"uncropped":false,"source_url":"https:\/\/www.supremeyachts.hr\/wp-content\/uploads\/2023\/10\/1__5JB6273.jpg-1900px-f2-300x300.jpg"},"woocommerce_gallery_thumbnail":{"file":"1__5JB6273.jpg-1900px-f2-100x100.jpg","width":100,"height":100,"mime-type":"image\/jpeg","filesize":4579,"source_url":"https:\/\/www.supremeyachts.hr\/wp-content\/uploads\/2023\/10\/1__5JB6273.jpg-1900px-f2-100x100.jpg"},"woocommerce_single":{"file":"1__5JB6273.jpg-1900px-f2-600x400.jpg","width":600,"height":400,"mime-type":"image\/jpeg","filesize":53277,"source_url":"https:\/\/www.supremeyachts.hr\/wp-content\/uploads\/2023\/10\/1__5JB6273.jpg-1900px-f2-600x400.jpg"},"medium":{"file":"1__5JB6273.jpg-1900px-f2-300x200.jpg","width":300,"height":200,"mime-type":"image\/jpeg","filesize":31938,"source_url":"https:\/\/www.supremeyachts.hr\/wp-content\/uploads\/2023\/10\/1__5JB6273.jpg-1900px-f2-300x200.jpg"},"thumbnail":{"file":"1__5JB6273.jpg-1900px-f2-150x150.jpg","width":150,"height":150,"mime-type":"image\/jpeg","filesize":20945,"source_url":"https:\/\/www.supremeyachts.hr\/wp-content\/uploads\/2023\/10\/1__5JB6273.jpg-1900px-f2-150x150.jpg"},"medium_large":{"file":"1__5JB6273.jpg-1900px-f2-768x512.jpg","width":768,"height":512,"mime-type":"image\/jpeg","filesize":104635,"source_url":"https:\/\/www.supremeyachts.hr\/wp-content\/uploads\/2023\/10\/1__5JB6273.jpg-1900px-f2-768x512.jpg"}}},"alt_text":"","url":"","target":""},{"id":97,"title":"JEAN-BAPTISTE D'ENQUIN \/ BENETEAU FLYER 6","caption":"","full_image_url":"https:\/\/www.supremeyachts.hr\/wp-content\/uploads\/2023\/10\/1__5JB6221.jpg-1900px-f2.jpg","thumbnail_image_url":"https:\/\/www.supremeyachts.hr\/wp-content\/uploads\/2023\/10\/1__5JB6221.jpg-1900px-f2-150x150.jpg","large_srcset":"https:\/\/www.supremeyachts.hr\/wp-content\/uploads\/2023\/10\/1__5JB6221.jpg-1900px-f2.jpg 960w, https:\/\/www.supremeyachts.hr\/wp-content\/uploads\/2023\/10\/1__5JB6221.jpg-1900px-f2-600x400.jpg 600w, https:\/\/www.supremeyachts.hr\/wp-content\/uploads\/2023\/10\/1__5JB6221.jpg-1900px-f2-300x200.jpg 300w, https:\/\/www.supremeyachts.hr\/wp-content\/uploads\/2023\/10\/1__5JB6221.jpg-1900px-f2-768x512.jpg 768w","medium_srcset":"https:\/\/www.supremeyachts.hr\/wp-content\/uploads\/2023\/10\/1__5JB6221.jpg-1900px-f2-300x200.jpg 300w, https:\/\/www.supremeyachts.hr\/wp-content\/uploads\/2023\/10\/1__5JB6221.jpg-1900px-f2-600x400.jpg 600w, https:\/\/www.supremeyachts.hr\/wp-content\/uploads\/2023\/10\/1__5JB6221.jpg-1900px-f2-768x512.jpg 768w, https:\/\/www.supremeyachts.hr\/wp-content\/uploads\/2023\/10\/1__5JB6221.jpg-1900px-f2.jpg 960w","media_details":{"width":960,"height":640,"sizes":{"woocommerce_thumbnail":{"file":"1__5JB6221.jpg-1900px-f2-300x300.jpg","width":300,"height":300,"mime-type":"image\/jpeg","filesize":21688,"uncropped":false,"source_url":"https:\/\/www.supremeyachts.hr\/wp-content\/uploads\/2023\/10\/1__5JB6221.jpg-1900px-f2-300x300.jpg"},"woocommerce_gallery_thumbnail":{"file":"1__5JB6221.jpg-1900px-f2-100x100.jpg","width":100,"height":100,"mime-type":"image\/jpeg","filesize":3902,"source_url":"https:\/\/www.supremeyachts.hr\/wp-content\/uploads\/2023\/10\/1__5JB6221.jpg-1900px-f2-100x100.jpg"},"woocommerce_single":{"file":"1__5JB6221.jpg-1900px-f2-600x400.jpg","width":600,"height":400,"mime-type":"image\/jpeg","filesize":49283,"source_url":"https:\/\/www.supremeyachts.hr\/wp-content\/uploads\/2023\/10\/1__5JB6221.jpg-1900px-f2-600x400.jpg"},"medium":{"file":"1__5JB6221.jpg-1900px-f2-300x200.jpg","width":300,"height":200,"mime-type":"image\/jpeg","filesize":30122,"source_url":"https:\/\/www.supremeyachts.hr\/wp-content\/uploads\/2023\/10\/1__5JB6221.jpg-1900px-f2-300x200.jpg"},"thumbnail":{"file":"1__5JB6221.jpg-1900px-f2-150x150.jpg","width":150,"height":150,"mime-type":"image\/jpeg","filesize":20176,"source_url":"https:\/\/www.supremeyachts.hr\/wp-content\/uploads\/2023\/10\/1__5JB6221.jpg-1900px-f2-150x150.jpg"},"medium_large":{"file":"1__5JB6221.jpg-1900px-f2-768x512.jpg","width":768,"height":512,"mime-type":"image\/jpeg","filesize":101848,"source_url":"https:\/\/www.supremeyachts.hr\/wp-content\/uploads\/2023\/10\/1__5JB6221.jpg-1900px-f2-768x512.jpg"}}},"alt_text":"","url":"","target":""},{"id":96,"title":"JEAN-BAPTISTE D'ENQUIN \/ BENETEAU FLYER 6","caption":"","full_image_url":"https:\/\/www.supremeyachts.hr\/wp-content\/uploads\/2023\/10\/1__5JB6221.jpg-1900px-f2-1.jpg","thumbnail_image_url":"https:\/\/www.supremeyachts.hr\/wp-content\/uploads\/2023\/10\/1__5JB6221.jpg-1900px-f2-1-150x150.jpg","large_srcset":"https:\/\/www.supremeyachts.hr\/wp-content\/uploads\/2023\/10\/1__5JB6221.jpg-1900px-f2-1.jpg 960w, https:\/\/www.supremeyachts.hr\/wp-content\/uploads\/2023\/10\/1__5JB6221.jpg-1900px-f2-1-600x400.jpg 600w, https:\/\/www.supremeyachts.hr\/wp-content\/uploads\/2023\/10\/1__5JB6221.jpg-1900px-f2-1-300x200.jpg 300w, https:\/\/www.supremeyachts.hr\/wp-content\/uploads\/2023\/10\/1__5JB6221.jpg-1900px-f2-1-768x512.jpg 768w","medium_srcset":"https:\/\/www.supremeyachts.hr\/wp-content\/uploads\/2023\/10\/1__5JB6221.jpg-1900px-f2-1-300x200.jpg 300w, https:\/\/www.supremeyachts.hr\/wp-content\/uploads\/2023\/10\/1__5JB6221.jpg-1900px-f2-1-600x400.jpg 600w, https:\/\/www.supremeyachts.hr\/wp-content\/uploads\/2023\/10\/1__5JB6221.jpg-1900px-f2-1-768x512.jpg 768w, https:\/\/www.supremeyachts.hr\/wp-content\/uploads\/2023\/10\/1__5JB6221.jpg-1900px-f2-1.jpg 960w","media_details":{"width":960,"height":640,"sizes":{"woocommerce_thumbnail":{"file":"1__5JB6221.jpg-1900px-f2-1-300x300.jpg","width":300,"height":300,"mime-type":"image\/jpeg","filesize":21688,"uncropped":false,"source_url":"https:\/\/www.supremeyachts.hr\/wp-content\/uploads\/2023\/10\/1__5JB6221.jpg-1900px-f2-1-300x300.jpg"},"woocommerce_gallery_thumbnail":{"file":"1__5JB6221.jpg-1900px-f2-1-100x100.jpg","width":100,"height":100,"mime-type":"image\/jpeg","filesize":3902,"source_url":"https:\/\/www.supremeyachts.hr\/wp-content\/uploads\/2023\/10\/1__5JB6221.jpg-1900px-f2-1-100x100.jpg"},"woocommerce_single":{"file":"1__5JB6221.jpg-1900px-f2-1-600x400.jpg","width":600,"height":400,"mime-type":"image\/jpeg","filesize":49283,"source_url":"https:\/\/www.supremeyachts.hr\/wp-content\/uploads\/2023\/10\/1__5JB6221.jpg-1900px-f2-1-600x400.jpg"},"medium":{"file":"1__5JB6221.jpg-1900px-f2-1-300x200.jpg","width":300,"height":200,"mime-type":"image\/jpeg","filesize":30122,"source_url":"https:\/\/www.supremeyachts.hr\/wp-content\/uploads\/2023\/10\/1__5JB6221.jpg-1900px-f2-1-300x200.jpg"},"thumbnail":{"file":"1__5JB6221.jpg-1900px-f2-1-150x150.jpg","width":150,"height":150,"mime-type":"image\/jpeg","filesize":20176,"source_url":"https:\/\/www.supremeyachts.hr\/wp-content\/uploads\/2023\/10\/1__5JB6221.jpg-1900px-f2-1-150x150.jpg"},"medium_large":{"file":"1__5JB6221.jpg-1900px-f2-1-768x512.jpg","width":768,"height":512,"mime-type":"image\/jpeg","filesize":101848,"source_url":"https:\/\/www.supremeyachts.hr\/wp-content\/uploads\/2023\/10\/1__5JB6221.jpg-1900px-f2-1-768x512.jpg"}}},"alt_text":"","url":"","target":""},{"id":95,"title":"JEAN-BAPTISTE D'ENQUIN \/ BENETEAU FLYER 6","caption":"","full_image_url":"https:\/\/www.supremeyachts.hr\/wp-content\/uploads\/2023\/10\/1__5JB5858.jpg-1900px-f2.jpg","thumbnail_image_url":"https:\/\/www.supremeyachts.hr\/wp-content\/uploads\/2023\/10\/1__5JB5858.jpg-1900px-f2-150x150.jpg","large_srcset":"https:\/\/www.supremeyachts.hr\/wp-content\/uploads\/2023\/10\/1__5JB5858.jpg-1900px-f2.jpg 960w, https:\/\/www.supremeyachts.hr\/wp-content\/uploads\/2023\/10\/1__5JB5858.jpg-1900px-f2-600x400.jpg 600w, https:\/\/www.supremeyachts.hr\/wp-content\/uploads\/2023\/10\/1__5JB5858.jpg-1900px-f2-300x200.jpg 300w, https:\/\/www.supremeyachts.hr\/wp-content\/uploads\/2023\/10\/1__5JB5858.jpg-1900px-f2-768x512.jpg 768w","medium_srcset":"https:\/\/www.supremeyachts.hr\/wp-content\/uploads\/2023\/10\/1__5JB5858.jpg-1900px-f2-300x200.jpg 300w, https:\/\/www.supremeyachts.hr\/wp-content\/uploads\/2023\/10\/1__5JB5858.jpg-1900px-f2-600x400.jpg 600w, https:\/\/www.supremeyachts.hr\/wp-content\/uploads\/2023\/10\/1__5JB5858.jpg-1900px-f2-768x512.jpg 768w, https:\/\/www.supremeyachts.hr\/wp-content\/uploads\/2023\/10\/1__5JB5858.jpg-1900px-f2.jpg 960w","media_details":{"width":960,"height":640,"sizes":{"woocommerce_thumbnail":{"file":"1__5JB5858.jpg-1900px-f2-300x300.jpg","width":300,"height":300,"mime-type":"image\/jpeg","filesize":17175,"uncropped":false,"source_url":"https:\/\/www.supremeyachts.hr\/wp-content\/uploads\/2023\/10\/1__5JB5858.jpg-1900px-f2-300x300.jpg"},"woocommerce_gallery_thumbnail":{"file":"1__5JB5858.jpg-1900px-f2-100x100.jpg","width":100,"height":100,"mime-type":"image\/jpeg","filesize":3282,"source_url":"https:\/\/www.supremeyachts.hr\/wp-content\/uploads\/2023\/10\/1__5JB5858.jpg-1900px-f2-100x100.jpg"},"woocommerce_single":{"file":"1__5JB5858.jpg-1900px-f2-600x400.jpg","width":600,"height":400,"mime-type":"image\/jpeg","filesize":36490,"source_url":"https:\/\/www.supremeyachts.hr\/wp-content\/uploads\/2023\/10\/1__5JB5858.jpg-1900px-f2-600x400.jpg"},"medium":{"file":"1__5JB5858.jpg-1900px-f2-300x200.jpg","width":300,"height":200,"mime-type":"image\/jpeg","filesize":26832,"source_url":"https:\/\/www.supremeyachts.hr\/wp-content\/uploads\/2023\/10\/1__5JB5858.jpg-1900px-f2-300x200.jpg"},"thumbnail":{"file":"1__5JB5858.jpg-1900px-f2-150x150.jpg","width":150,"height":150,"mime-type":"image\/jpeg","filesize":19104,"source_url":"https:\/\/www.supremeyachts.hr\/wp-content\/uploads\/2023\/10\/1__5JB5858.jpg-1900px-f2-150x150.jpg"},"medium_large":{"file":"1__5JB5858.jpg-1900px-f2-768x512.jpg","width":768,"height":512,"mime-type":"image\/jpeg","filesize":82403,"source_url":"https:\/\/www.supremeyachts.hr\/wp-content\/uploads\/2023\/10\/1__5JB5858.jpg-1900px-f2-768x512.jpg"}}},"alt_text":"","url":"","target":""},{"id":94,"title":"JEAN-BAPTISTE D'ENQUIN \/ BENETEAU FLYER 6","caption":"","full_image_url":"https:\/\/www.supremeyachts.hr\/wp-content\/uploads\/2023\/10\/1__5JB5831.jpg-1900px-f2.jpg","thumbnail_image_url":"https:\/\/www.supremeyachts.hr\/wp-content\/uploads\/2023\/10\/1__5JB5831.jpg-1900px-f2-150x150.jpg","large_srcset":"https:\/\/www.supremeyachts.hr\/wp-content\/uploads\/2023\/10\/1__5JB5831.jpg-1900px-f2.jpg 960w, https:\/\/www.supremeyachts.hr\/wp-content\/uploads\/2023\/10\/1__5JB5831.jpg-1900px-f2-600x400.jpg 600w, https:\/\/www.supremeyachts.hr\/wp-content\/uploads\/2023\/10\/1__5JB5831.jpg-1900px-f2-300x200.jpg 300w, https:\/\/www.supremeyachts.hr\/wp-content\/uploads\/2023\/10\/1__5JB5831.jpg-1900px-f2-768x512.jpg 768w","medium_srcset":"https:\/\/www.supremeyachts.hr\/wp-content\/uploads\/2023\/10\/1__5JB5831.jpg-1900px-f2-300x200.jpg 300w, https:\/\/www.supremeyachts.hr\/wp-content\/uploads\/2023\/10\/1__5JB5831.jpg-1900px-f2-600x400.jpg 600w, https:\/\/www.supremeyachts.hr\/wp-content\/uploads\/2023\/10\/1__5JB5831.jpg-1900px-f2-768x512.jpg 768w, https:\/\/www.supremeyachts.hr\/wp-content\/uploads\/2023\/10\/1__5JB5831.jpg-1900px-f2.jpg 960w","media_details":{"width":960,"height":640,"sizes":{"woocommerce_thumbnail":{"file":"1__5JB5831.jpg-1900px-f2-300x300.jpg","width":300,"height":300,"mime-type":"image\/jpeg","filesize":19361,"uncropped":false,"source_url":"https:\/\/www.supremeyachts.hr\/wp-content\/uploads\/2023\/10\/1__5JB5831.jpg-1900px-f2-300x300.jpg"},"woocommerce_gallery_thumbnail":{"file":"1__5JB5831.jpg-1900px-f2-100x100.jpg","width":100,"height":100,"mime-type":"image\/jpeg","filesize":3564,"source_url":"https:\/\/www.supremeyachts.hr\/wp-content\/uploads\/2023\/10\/1__5JB5831.jpg-1900px-f2-100x100.jpg"},"woocommerce_single":{"file":"1__5JB5831.jpg-1900px-f2-600x400.jpg","width":600,"height":400,"mime-type":"image\/jpeg","filesize":43785,"source_url":"https:\/\/www.supremeyachts.hr\/wp-content\/uploads\/2023\/10\/1__5JB5831.jpg-1900px-f2-600x400.jpg"},"medium":{"file":"1__5JB5831.jpg-1900px-f2-300x200.jpg","width":300,"height":200,"mime-type":"image\/jpeg","filesize":29467,"source_url":"https:\/\/www.supremeyachts.hr\/wp-content\/uploads\/2023\/10\/1__5JB5831.jpg-1900px-f2-300x200.jpg"},"thumbnail":{"file":"1__5JB5831.jpg-1900px-f2-150x150.jpg","width":150,"height":150,"mime-type":"image\/jpeg","filesize":19738,"source_url":"https:\/\/www.supremeyachts.hr\/wp-content\/uploads\/2023\/10\/1__5JB5831.jpg-1900px-f2-150x150.jpg"},"medium_large":{"file":"1__5JB5831.jpg-1900px-f2-768x512.jpg","width":768,"height":512,"mime-type":"image\/jpeg","filesize":97021,"source_url":"https:\/\/www.supremeyachts.hr\/wp-content\/uploads\/2023\/10\/1__5JB5831.jpg-1900px-f2-768x512.jpg"}}},"alt_text":"","url":"","target":""},{"id":93,"title":"JEAN-BAPTISTE D'ENQUIN \/ BENETEAU FLYER 6","caption":"","full_image_url":"https:\/\/www.supremeyachts.hr\/wp-content\/uploads\/2023\/10\/1__5JB5831.jpg-1900px-f2-1.jpg","thumbnail_image_url":"https:\/\/www.supremeyachts.hr\/wp-content\/uploads\/2023\/10\/1__5JB5831.jpg-1900px-f2-1-150x150.jpg","large_srcset":"https:\/\/www.supremeyachts.hr\/wp-content\/uploads\/2023\/10\/1__5JB5831.jpg-1900px-f2-1.jpg 960w, https:\/\/www.supremeyachts.hr\/wp-content\/uploads\/2023\/10\/1__5JB5831.jpg-1900px-f2-1-600x400.jpg 600w, https:\/\/www.supremeyachts.hr\/wp-content\/uploads\/2023\/10\/1__5JB5831.jpg-1900px-f2-1-300x200.jpg 300w, https:\/\/www.supremeyachts.hr\/wp-content\/uploads\/2023\/10\/1__5JB5831.jpg-1900px-f2-1-768x512.jpg 768w","medium_srcset":"https:\/\/www.supremeyachts.hr\/wp-content\/uploads\/2023\/10\/1__5JB5831.jpg-1900px-f2-1-300x200.jpg 300w, https:\/\/www.supremeyachts.hr\/wp-content\/uploads\/2023\/10\/1__5JB5831.jpg-1900px-f2-1-600x400.jpg 600w, https:\/\/www.supremeyachts.hr\/wp-content\/uploads\/2023\/10\/1__5JB5831.jpg-1900px-f2-1-768x512.jpg 768w, https:\/\/www.supremeyachts.hr\/wp-content\/uploads\/2023\/10\/1__5JB5831.jpg-1900px-f2-1.jpg 960w","media_details":{"width":960,"height":640,"sizes":{"woocommerce_thumbnail":{"file":"1__5JB5831.jpg-1900px-f2-1-300x300.jpg","width":300,"height":300,"mime-type":"image\/jpeg","filesize":19361,"uncropped":false,"source_url":"https:\/\/www.supremeyachts.hr\/wp-content\/uploads\/2023\/10\/1__5JB5831.jpg-1900px-f2-1-300x300.jpg"},"woocommerce_gallery_thumbnail":{"file":"1__5JB5831.jpg-1900px-f2-1-100x100.jpg","width":100,"height":100,"mime-type":"image\/jpeg","filesize":3564,"source_url":"https:\/\/www.supremeyachts.hr\/wp-content\/uploads\/2023\/10\/1__5JB5831.jpg-1900px-f2-1-100x100.jpg"},"woocommerce_single":{"file":"1__5JB5831.jpg-1900px-f2-1-600x400.jpg","width":600,"height":400,"mime-type":"image\/jpeg","filesize":43785,"source_url":"https:\/\/www.supremeyachts.hr\/wp-content\/uploads\/2023\/10\/1__5JB5831.jpg-1900px-f2-1-600x400.jpg"},"medium":{"file":"1__5JB5831.jpg-1900px-f2-1-300x200.jpg","width":300,"height":200,"mime-type":"image\/jpeg","filesize":29467,"source_url":"https:\/\/www.supremeyachts.hr\/wp-content\/uploads\/2023\/10\/1__5JB5831.jpg-1900px-f2-1-300x200.jpg"},"thumbnail":{"file":"1__5JB5831.jpg-1900px-f2-1-150x150.jpg","width":150,"height":150,"mime-type":"image\/jpeg","filesize":19738,"source_url":"https:\/\/www.supremeyachts.hr\/wp-content\/uploads\/2023\/10\/1__5JB5831.jpg-1900px-f2-1-150x150.jpg"},"medium_large":{"file":"1__5JB5831.jpg-1900px-f2-1-768x512.jpg","width":768,"height":512,"mime-type":"image\/jpeg","filesize":97021,"source_url":"https:\/\/www.supremeyachts.hr\/wp-content\/uploads\/2023\/10\/1__5JB5831.jpg-1900px-f2-1-768x512.jpg"}}},"alt_text":"","url":"","target":""},{"id":92,"title":"JEAN-BAPTISTE D'ENQUIN \/ BENETEAU FLYER 6","caption":"","full_image_url":"https:\/\/www.supremeyachts.hr\/wp-content\/uploads\/2023\/10\/1__5JB5532.jpg-1900px-f2.jpg","thumbnail_image_url":"https:\/\/www.supremeyachts.hr\/wp-content\/uploads\/2023\/10\/1__5JB5532.jpg-1900px-f2-150x150.jpg","large_srcset":"https:\/\/www.supremeyachts.hr\/wp-content\/uploads\/2023\/10\/1__5JB5532.jpg-1900px-f2.jpg 960w, https:\/\/www.supremeyachts.hr\/wp-content\/uploads\/2023\/10\/1__5JB5532.jpg-1900px-f2-600x400.jpg 600w, https:\/\/www.supremeyachts.hr\/wp-content\/uploads\/2023\/10\/1__5JB5532.jpg-1900px-f2-300x200.jpg 300w, https:\/\/www.supremeyachts.hr\/wp-content\/uploads\/2023\/10\/1__5JB5532.jpg-1900px-f2-768x512.jpg 768w","medium_srcset":"https:\/\/www.supremeyachts.hr\/wp-content\/uploads\/2023\/10\/1__5JB5532.jpg-1900px-f2-300x200.jpg 300w, https:\/\/www.supremeyachts.hr\/wp-content\/uploads\/2023\/10\/1__5JB5532.jpg-1900px-f2-600x400.jpg 600w, https:\/\/www.supremeyachts.hr\/wp-content\/uploads\/2023\/10\/1__5JB5532.jpg-1900px-f2-768x512.jpg 768w, https:\/\/www.supremeyachts.hr\/wp-content\/uploads\/2023\/10\/1__5JB5532.jpg-1900px-f2.jpg 960w","media_details":{"width":960,"height":640,"sizes":{"woocommerce_thumbnail":{"file":"1__5JB5532.jpg-1900px-f2-300x300.jpg","width":300,"height":300,"mime-type":"image\/jpeg","filesize":17271,"uncropped":false,"source_url":"https:\/\/www.supremeyachts.hr\/wp-content\/uploads\/2023\/10\/1__5JB5532.jpg-1900px-f2-300x300.jpg"},"woocommerce_gallery_thumbnail":{"file":"1__5JB5532.jpg-1900px-f2-100x100.jpg","width":100,"height":100,"mime-type":"image\/jpeg","filesize":3551,"source_url":"https:\/\/www.supremeyachts.hr\/wp-content\/uploads\/2023\/10\/1__5JB5532.jpg-1900px-f2-100x100.jpg"},"woocommerce_single":{"file":"1__5JB5532.jpg-1900px-f2-600x400.jpg","width":600,"height":400,"mime-type":"image\/jpeg","filesize":36433,"source_url":"https:\/\/www.supremeyachts.hr\/wp-content\/uploads\/2023\/10\/1__5JB5532.jpg-1900px-f2-600x400.jpg"},"medium":{"file":"1__5JB5532.jpg-1900px-f2-300x200.jpg","width":300,"height":200,"mime-type":"image\/jpeg","filesize":27440,"source_url":"https:\/\/www.supremeyachts.hr\/wp-content\/uploads\/2023\/10\/1__5JB5532.jpg-1900px-f2-300x200.jpg"},"thumbnail":{"file":"1__5JB5532.jpg-1900px-f2-150x150.jpg","width":150,"height":150,"mime-type":"image\/jpeg","filesize":19332,"source_url":"https:\/\/www.supremeyachts.hr\/wp-content\/uploads\/2023\/10\/1__5JB5532.jpg-1900px-f2-150x150.jpg"},"medium_large":{"file":"1__5JB5532.jpg-1900px-f2-768x512.jpg","width":768,"height":512,"mime-type":"image\/jpeg","filesize":80245,"source_url":"https:\/\/www.supremeyachts.hr\/wp-content\/uploads\/2023\/10\/1__5JB5532.jpg-1900px-f2-768x512.jpg"}}},"alt_text":"","url":"","target":""},{"id":91,"title":"JEAN-BAPTISTE D'ENQUIN \/ BENETEAU FLYER 6","caption":"","full_image_url":"https:\/\/www.supremeyachts.hr\/wp-content\/uploads\/2023\/10\/1__5JB5500.jpg-1900px-f2.jpg","thumbnail_image_url":"https:\/\/www.supremeyachts.hr\/wp-content\/uploads\/2023\/10\/1__5JB5500.jpg-1900px-f2-150x150.jpg","large_srcset":"https:\/\/www.supremeyachts.hr\/wp-content\/uploads\/2023\/10\/1__5JB5500.jpg-1900px-f2.jpg 960w, https:\/\/www.supremeyachts.hr\/wp-content\/uploads\/2023\/10\/1__5JB5500.jpg-1900px-f2-600x400.jpg 600w, https:\/\/www.supremeyachts.hr\/wp-content\/uploads\/2023\/10\/1__5JB5500.jpg-1900px-f2-300x200.jpg 300w, https:\/\/www.supremeyachts.hr\/wp-content\/uploads\/2023\/10\/1__5JB5500.jpg-1900px-f2-768x512.jpg 768w","medium_srcset":"https:\/\/www.supremeyachts.hr\/wp-content\/uploads\/2023\/10\/1__5JB5500.jpg-1900px-f2-300x200.jpg 300w, https:\/\/www.supremeyachts.hr\/wp-content\/uploads\/2023\/10\/1__5JB5500.jpg-1900px-f2-600x400.jpg 600w, https:\/\/www.supremeyachts.hr\/wp-content\/uploads\/2023\/10\/1__5JB5500.jpg-1900px-f2-768x512.jpg 768w, https:\/\/www.supremeyachts.hr\/wp-content\/uploads\/2023\/10\/1__5JB5500.jpg-1900px-f2.jpg 960w","media_details":{"width":960,"height":640,"sizes":{"woocommerce_thumbnail":{"file":"1__5JB5500.jpg-1900px-f2-300x300.jpg","width":300,"height":300,"mime-type":"image\/jpeg","filesize":17172,"uncropped":false,"source_url":"https:\/\/www.supremeyachts.hr\/wp-content\/uploads\/2023\/10\/1__5JB5500.jpg-1900px-f2-300x300.jpg"},"woocommerce_gallery_thumbnail":{"file":"1__5JB5500.jpg-1900px-f2-100x100.jpg","width":100,"height":100,"mime-type":"image\/jpeg","filesize":3649,"source_url":"https:\/\/www.supremeyachts.hr\/wp-content\/uploads\/2023\/10\/1__5JB5500.jpg-1900px-f2-100x100.jpg"},"woocommerce_single":{"file":"1__5JB5500.jpg-1900px-f2-600x400.jpg","width":600,"height":400,"mime-type":"image\/jpeg","filesize":33427,"source_url":"https:\/\/www.supremeyachts.hr\/wp-content\/uploads\/2023\/10\/1__5JB5500.jpg-1900px-f2-600x400.jpg"},"medium":{"file":"1__5JB5500.jpg-1900px-f2-300x200.jpg","width":300,"height":200,"mime-type":"image\/jpeg","filesize":26820,"source_url":"https:\/\/www.supremeyachts.hr\/wp-content\/uploads\/2023\/10\/1__5JB5500.jpg-1900px-f2-300x200.jpg"},"thumbnail":{"file":"1__5JB5500.jpg-1900px-f2-150x150.jpg","width":150,"height":150,"mime-type":"image\/jpeg","filesize":19708,"source_url":"https:\/\/www.supremeyachts.hr\/wp-content\/uploads\/2023\/10\/1__5JB5500.jpg-1900px-f2-150x150.jpg"},"medium_large":{"file":"1__5JB5500.jpg-1900px-f2-768x512.jpg","width":768,"height":512,"mime-type":"image\/jpeg","filesize":74665,"source_url":"https:\/\/www.supremeyachts.hr\/wp-content\/uploads\/2023\/10\/1__5JB5500.jpg-1900px-f2-768x512.jpg"}}},"alt_text":"","url":"","target":""},{"id":90,"title":"JEAN-BAPTISTE D'ENQUIN \/ BENETEAU FLYER 6","caption":"","full_image_url":"https:\/\/www.supremeyachts.hr\/wp-content\/uploads\/2023\/10\/1__5JB5394.jpg-1900px-f2.jpg","thumbnail_image_url":"https:\/\/www.supremeyachts.hr\/wp-content\/uploads\/2023\/10\/1__5JB5394.jpg-1900px-f2-150x150.jpg","large_srcset":"https:\/\/www.supremeyachts.hr\/wp-content\/uploads\/2023\/10\/1__5JB5394.jpg-1900px-f2.jpg 960w, https:\/\/www.supremeyachts.hr\/wp-content\/uploads\/2023\/10\/1__5JB5394.jpg-1900px-f2-600x400.jpg 600w, https:\/\/www.supremeyachts.hr\/wp-content\/uploads\/2023\/10\/1__5JB5394.jpg-1900px-f2-300x200.jpg 300w, https:\/\/www.supremeyachts.hr\/wp-content\/uploads\/2023\/10\/1__5JB5394.jpg-1900px-f2-768x512.jpg 768w","medium_srcset":"https:\/\/www.supremeyachts.hr\/wp-content\/uploads\/2023\/10\/1__5JB5394.jpg-1900px-f2-300x200.jpg 300w, https:\/\/www.supremeyachts.hr\/wp-content\/uploads\/2023\/10\/1__5JB5394.jpg-1900px-f2-600x400.jpg 600w, https:\/\/www.supremeyachts.hr\/wp-content\/uploads\/2023\/10\/1__5JB5394.jpg-1900px-f2-768x512.jpg 768w, https:\/\/www.supremeyachts.hr\/wp-content\/uploads\/2023\/10\/1__5JB5394.jpg-1900px-f2.jpg 960w","media_details":{"width":960,"height":640,"sizes":{"woocommerce_thumbnail":{"file":"1__5JB5394.jpg-1900px-f2-300x300.jpg","width":300,"height":300,"mime-type":"image\/jpeg","filesize":24834,"uncropped":false,"source_url":"https:\/\/www.supremeyachts.hr\/wp-content\/uploads\/2023\/10\/1__5JB5394.jpg-1900px-f2-300x300.jpg"},"woocommerce_gallery_thumbnail":{"file":"1__5JB5394.jpg-1900px-f2-100x100.jpg","width":100,"height":100,"mime-type":"image\/jpeg","filesize":4266,"source_url":"https:\/\/www.supremeyachts.hr\/wp-content\/uploads\/2023\/10\/1__5JB5394.jpg-1900px-f2-100x100.jpg"},"woocommerce_single":{"file":"1__5JB5394.jpg-1900px-f2-600x400.jpg","width":600,"height":400,"mime-type":"image\/jpeg","filesize":57702,"source_url":"https:\/\/www.supremeyachts.hr\/wp-content\/uploads\/2023\/10\/1__5JB5394.jpg-1900px-f2-600x400.jpg"},"medium":{"file":"1__5JB5394.jpg-1900px-f2-300x200.jpg","width":300,"height":200,"mime-type":"image\/jpeg","filesize":32865,"source_url":"https:\/\/www.supremeyachts.hr\/wp-content\/uploads\/2023\/10\/1__5JB5394.jpg-1900px-f2-300x200.jpg"},"thumbnail":{"file":"1__5JB5394.jpg-1900px-f2-150x150.jpg","width":150,"height":150,"mime-type":"image\/jpeg","filesize":21265,"source_url":"https:\/\/www.supremeyachts.hr\/wp-content\/uploads\/2023\/10\/1__5JB5394.jpg-1900px-f2-150x150.jpg"},"medium_large":{"file":"1__5JB5394.jpg-1900px-f2-768x512.jpg","width":768,"height":512,"mime-type":"image\/jpeg","filesize":122424,"source_url":"https:\/\/www.supremeyachts.hr\/wp-content\/uploads\/2023\/10\/1__5JB5394.jpg-1900px-f2-768x512.jpg"}}},"alt_text":"","url":"","target":""},{"id":89,"title":"JEAN-BAPTISTE D'ENQUIN \/ BENETEAU FLYER 6","caption":"","full_image_url":"https:\/\/www.supremeyachts.hr\/wp-content\/uploads\/2023\/10\/1__5JB5379.jpg-1900px-f2.jpg","thumbnail_image_url":"https:\/\/www.supremeyachts.hr\/wp-content\/uploads\/2023\/10\/1__5JB5379.jpg-1900px-f2-150x150.jpg","large_srcset":"https:\/\/www.supremeyachts.hr\/wp-content\/uploads\/2023\/10\/1__5JB5379.jpg-1900px-f2.jpg 960w, https:\/\/www.supremeyachts.hr\/wp-content\/uploads\/2023\/10\/1__5JB5379.jpg-1900px-f2-600x400.jpg 600w, https:\/\/www.supremeyachts.hr\/wp-content\/uploads\/2023\/10\/1__5JB5379.jpg-1900px-f2-300x200.jpg 300w, https:\/\/www.supremeyachts.hr\/wp-content\/uploads\/2023\/10\/1__5JB5379.jpg-1900px-f2-768x512.jpg 768w","medium_srcset":"https:\/\/www.supremeyachts.hr\/wp-content\/uploads\/2023\/10\/1__5JB5379.jpg-1900px-f2-300x200.jpg 300w, https:\/\/www.supremeyachts.hr\/wp-content\/uploads\/2023\/10\/1__5JB5379.jpg-1900px-f2-600x400.jpg 600w, https:\/\/www.supremeyachts.hr\/wp-content\/uploads\/2023\/10\/1__5JB5379.jpg-1900px-f2-768x512.jpg 768w, https:\/\/www.supremeyachts.hr\/wp-content\/uploads\/2023\/10\/1__5JB5379.jpg-1900px-f2.jpg 960w","media_details":{"width":960,"height":640,"sizes":{"woocommerce_thumbnail":{"file":"1__5JB5379.jpg-1900px-f2-300x300.jpg","width":300,"height":300,"mime-type":"image\/jpeg","filesize":20224,"uncropped":false,"source_url":"https:\/\/www.supremeyachts.hr\/wp-content\/uploads\/2023\/10\/1__5JB5379.jpg-1900px-f2-300x300.jpg"},"woocommerce_gallery_thumbnail":{"file":"1__5JB5379.jpg-1900px-f2-100x100.jpg","width":100,"height":100,"mime-type":"image\/jpeg","filesize":3616,"source_url":"https:\/\/www.supremeyachts.hr\/wp-content\/uploads\/2023\/10\/1__5JB5379.jpg-1900px-f2-100x100.jpg"},"woocommerce_single":{"file":"1__5JB5379.jpg-1900px-f2-600x400.jpg","width":600,"height":400,"mime-type":"image\/jpeg","filesize":44362,"source_url":"https:\/\/www.supremeyachts.hr\/wp-content\/uploads\/2023\/10\/1__5JB5379.jpg-1900px-f2-600x400.jpg"},"medium":{"file":"1__5JB5379.jpg-1900px-f2-300x200.jpg","width":300,"height":200,"mime-type":"image\/jpeg","filesize":28058,"source_url":"https:\/\/www.supremeyachts.hr\/wp-content\/uploads\/2023\/10\/1__5JB5379.jpg-1900px-f2-300x200.jpg"},"thumbnail":{"file":"1__5JB5379.jpg-1900px-f2-150x150.jpg","width":150,"height":150,"mime-type":"image\/jpeg","filesize":19369,"source_url":"https:\/\/www.supremeyachts.hr\/wp-content\/uploads\/2023\/10\/1__5JB5379.jpg-1900px-f2-150x150.jpg"},"medium_large":{"file":"1__5JB5379.jpg-1900px-f2-768x512.jpg","width":768,"height":512,"mime-type":"image\/jpeg","filesize":96275,"source_url":"https:\/\/www.supremeyachts.hr\/wp-content\/uploads\/2023\/10\/1__5JB5379.jpg-1900px-f2-768x512.jpg"}}},"alt_text":"","url":"","target":""},{"id":88,"title":"JEAN-BAPTISTE D'ENQUIN \/ BENETEAU FLYER 6","caption":"","full_image_url":"https:\/\/www.supremeyachts.hr\/wp-content\/uploads\/2023\/10\/1__5JB5371.jpg-1900px-f2.jpg","thumbnail_image_url":"https:\/\/www.supremeyachts.hr\/wp-content\/uploads\/2023\/10\/1__5JB5371.jpg-1900px-f2-150x150.jpg","large_srcset":"https:\/\/www.supremeyachts.hr\/wp-content\/uploads\/2023\/10\/1__5JB5371.jpg-1900px-f2.jpg 960w, https:\/\/www.supremeyachts.hr\/wp-content\/uploads\/2023\/10\/1__5JB5371.jpg-1900px-f2-600x400.jpg 600w, https:\/\/www.supremeyachts.hr\/wp-content\/uploads\/2023\/10\/1__5JB5371.jpg-1900px-f2-300x200.jpg 300w, https:\/\/www.supremeyachts.hr\/wp-content\/uploads\/2023\/10\/1__5JB5371.jpg-1900px-f2-768x512.jpg 768w","medium_srcset":"https:\/\/www.supremeyachts.hr\/wp-content\/uploads\/2023\/10\/1__5JB5371.jpg-1900px-f2-300x200.jpg 300w, https:\/\/www.supremeyachts.hr\/wp-content\/uploads\/2023\/10\/1__5JB5371.jpg-1900px-f2-600x400.jpg 600w, https:\/\/www.supremeyachts.hr\/wp-content\/uploads\/2023\/10\/1__5JB5371.jpg-1900px-f2-768x512.jpg 768w, https:\/\/www.supremeyachts.hr\/wp-content\/uploads\/2023\/10\/1__5JB5371.jpg-1900px-f2.jpg 960w","media_details":{"width":960,"height":640,"sizes":{"woocommerce_thumbnail":{"file":"1__5JB5371.jpg-1900px-f2-300x300.jpg","width":300,"height":300,"mime-type":"image\/jpeg","filesize":20562,"uncropped":false,"source_url":"https:\/\/www.supremeyachts.hr\/wp-content\/uploads\/2023\/10\/1__5JB5371.jpg-1900px-f2-300x300.jpg"},"woocommerce_gallery_thumbnail":{"file":"1__5JB5371.jpg-1900px-f2-100x100.jpg","width":100,"height":100,"mime-type":"image\/jpeg","filesize":3575,"source_url":"https:\/\/www.supremeyachts.hr\/wp-content\/uploads\/2023\/10\/1__5JB5371.jpg-1900px-f2-100x100.jpg"},"woocommerce_single":{"file":"1__5JB5371.jpg-1900px-f2-600x400.jpg","width":600,"height":400,"mime-type":"image\/jpeg","filesize":45753,"source_url":"https:\/\/www.supremeyachts.hr\/wp-content\/uploads\/2023\/10\/1__5JB5371.jpg-1900px-f2-600x400.jpg"},"medium":{"file":"1__5JB5371.jpg-1900px-f2-300x200.jpg","width":300,"height":200,"mime-type":"image\/jpeg","filesize":28609,"source_url":"https:\/\/www.supremeyachts.hr\/wp-content\/uploads\/2023\/10\/1__5JB5371.jpg-1900px-f2-300x200.jpg"},"thumbnail":{"file":"1__5JB5371.jpg-1900px-f2-150x150.jpg","width":150,"height":150,"mime-type":"image\/jpeg","filesize":19779,"source_url":"https:\/\/www.supremeyachts.hr\/wp-content\/uploads\/2023\/10\/1__5JB5371.jpg-1900px-f2-150x150.jpg"},"medium_large":{"file":"1__5JB5371.jpg-1900px-f2-768x512.jpg","width":768,"height":512,"mime-type":"image\/jpeg","filesize":99051,"source_url":"https:\/\/www.supremeyachts.hr\/wp-content\/uploads\/2023\/10\/1__5JB5371.jpg-1900px-f2-768x512.jpg"}}},"alt_text":"","url":"","target":""}],[],[],[{"id":120,"title":"JEAN-BAPTISTE D'ENQUIN \/ BENETEAU FLYER 6","caption":"","full_image_url":"https:\/\/www.supremeyachts.hr\/wp-content\/uploads\/2023\/10\/3__5JB7069.jpg-1900px-f2.jpg","thumbnail_image_url":"https:\/\/www.supremeyachts.hr\/wp-content\/uploads\/2023\/10\/3__5JB7069.jpg-1900px-f2-150x150.jpg","large_srcset":"https:\/\/www.supremeyachts.hr\/wp-content\/uploads\/2023\/10\/3__5JB7069.jpg-1900px-f2-682x1024.jpg 682w, https:\/\/www.supremeyachts.hr\/wp-content\/uploads\/2023\/10\/3__5JB7069.jpg-1900px-f2-600x901.jpg 600w, https:\/\/www.supremeyachts.hr\/wp-content\/uploads\/2023\/10\/3__5JB7069.jpg-1900px-f2-200x300.jpg 200w, https:\/\/www.supremeyachts.hr\/wp-content\/uploads\/2023\/10\/3__5JB7069.jpg-1900px-f2-768x1153.jpg 768w, https:\/\/www.supremeyachts.hr\/wp-content\/uploads\/2023\/10\/3__5JB7069.jpg-1900px-f2.jpg 960w","medium_srcset":"https:\/\/www.supremeyachts.hr\/wp-content\/uploads\/2023\/10\/3__5JB7069.jpg-1900px-f2-200x300.jpg 200w, https:\/\/www.supremeyachts.hr\/wp-content\/uploads\/2023\/10\/3__5JB7069.jpg-1900px-f2-600x901.jpg 600w, https:\/\/www.supremeyachts.hr\/wp-content\/uploads\/2023\/10\/3__5JB7069.jpg-1900px-f2-682x1024.jpg 682w, https:\/\/www.supremeyachts.hr\/wp-content\/uploads\/2023\/10\/3__5JB7069.jpg-1900px-f2-768x1153.jpg 768w, https:\/\/www.supremeyachts.hr\/wp-content\/uploads\/2023\/10\/3__5JB7069.jpg-1900px-f2.jpg 960w","media_details":{"width":960,"height":1441,"sizes":{"woocommerce_thumbnail":{"file":"3__5JB7069.jpg-1900px-f2-300x300.jpg","width":300,"height":300,"mime-type":"image\/jpeg","filesize":18772,"uncropped":false,"source_url":"https:\/\/www.supremeyachts.hr\/wp-content\/uploads\/2023\/10\/3__5JB7069.jpg-1900px-f2-300x300.jpg"},"woocommerce_gallery_thumbnail":{"file":"3__5JB7069.jpg-1900px-f2-100x100.jpg","width":100,"height":100,"mime-type":"image\/jpeg","filesize":3603,"source_url":"https:\/\/www.supremeyachts.hr\/wp-content\/uploads\/2023\/10\/3__5JB7069.jpg-1900px-f2-100x100.jpg"},"woocommerce_single":{"file":"3__5JB7069.jpg-1900px-f2-600x901.jpg","width":600,"height":901,"mime-type":"image\/jpeg","filesize":75516,"source_url":"https:\/\/www.supremeyachts.hr\/wp-content\/uploads\/2023\/10\/3__5JB7069.jpg-1900px-f2-600x901.jpg"},"medium":{"file":"3__5JB7069.jpg-1900px-f2-200x300.jpg","width":200,"height":300,"mime-type":"image\/jpeg","filesize":28050,"source_url":"https:\/\/www.supremeyachts.hr\/wp-content\/uploads\/2023\/10\/3__5JB7069.jpg-1900px-f2-200x300.jpg"},"large":{"file":"3__5JB7069.jpg-1900px-f2-682x1024.jpg","width":682,"height":1024,"mime-type":"image\/jpeg","filesize":131956,"source_url":"https:\/\/www.supremeyachts.hr\/wp-content\/uploads\/2023\/10\/3__5JB7069.jpg-1900px-f2-682x1024.jpg"},"thumbnail":{"file":"3__5JB7069.jpg-1900px-f2-150x150.jpg","width":150,"height":150,"mime-type":"image\/jpeg","filesize":19822,"source_url":"https:\/\/www.supremeyachts.hr\/wp-content\/uploads\/2023\/10\/3__5JB7069.jpg-1900px-f2-150x150.jpg"},"medium_large":{"file":"3__5JB7069.jpg-1900px-f2-768x1153.jpg","width":768,"height":1153,"mime-type":"image\/jpeg","filesize":156262,"source_url":"https:\/\/www.supremeyachts.hr\/wp-content\/uploads\/2023\/10\/3__5JB7069.jpg-1900px-f2-768x1153.jpg"}}},"alt_text":"","url":"","target":""},{"id":119,"title":"JEAN-BAPTISTE D'ENQUIN \/ BENETEAU FLYER 6","caption":"","full_image_url":"https:\/\/www.supremeyachts.hr\/wp-content\/uploads\/2023\/10\/3__5JB7061.jpg-1900px-f2.jpg","thumbnail_image_url":"https:\/\/www.supremeyachts.hr\/wp-content\/uploads\/2023\/10\/3__5JB7061.jpg-1900px-f2-150x150.jpg","large_srcset":"https:\/\/www.supremeyachts.hr\/wp-content\/uploads\/2023\/10\/3__5JB7061.jpg-1900px-f2.jpg 960w, https:\/\/www.supremeyachts.hr\/wp-content\/uploads\/2023\/10\/3__5JB7061.jpg-1900px-f2-600x400.jpg 600w, https:\/\/www.supremeyachts.hr\/wp-content\/uploads\/2023\/10\/3__5JB7061.jpg-1900px-f2-300x200.jpg 300w, https:\/\/www.supremeyachts.hr\/wp-content\/uploads\/2023\/10\/3__5JB7061.jpg-1900px-f2-768x512.jpg 768w","medium_srcset":"https:\/\/www.supremeyachts.hr\/wp-content\/uploads\/2023\/10\/3__5JB7061.jpg-1900px-f2-300x200.jpg 300w, https:\/\/www.supremeyachts.hr\/wp-content\/uploads\/2023\/10\/3__5JB7061.jpg-1900px-f2-600x400.jpg 600w, https:\/\/www.supremeyachts.hr\/wp-content\/uploads\/2023\/10\/3__5JB7061.jpg-1900px-f2-768x512.jpg 768w, https:\/\/www.supremeyachts.hr\/wp-content\/uploads\/2023\/10\/3__5JB7061.jpg-1900px-f2.jpg 960w","media_details":{"width":960,"height":640,"sizes":{"woocommerce_thumbnail":{"file":"3__5JB7061.jpg-1900px-f2-300x300.jpg","width":300,"height":300,"mime-type":"image\/jpeg","filesize":21411,"uncropped":false,"source_url":"https:\/\/www.supremeyachts.hr\/wp-content\/uploads\/2023\/10\/3__5JB7061.jpg-1900px-f2-300x300.jpg"},"woocommerce_gallery_thumbnail":{"file":"3__5JB7061.jpg-1900px-f2-100x100.jpg","width":100,"height":100,"mime-type":"image\/jpeg","filesize":3898,"source_url":"https:\/\/www.supremeyachts.hr\/wp-content\/uploads\/2023\/10\/3__5JB7061.jpg-1900px-f2-100x100.jpg"},"woocommerce_single":{"file":"3__5JB7061.jpg-1900px-f2-600x400.jpg","width":600,"height":400,"mime-type":"image\/jpeg","filesize":52649,"source_url":"https:\/\/www.supremeyachts.hr\/wp-content\/uploads\/2023\/10\/3__5JB7061.jpg-1900px-f2-600x400.jpg"},"medium":{"file":"3__5JB7061.jpg-1900px-f2-300x200.jpg","width":300,"height":200,"mime-type":"image\/jpeg","filesize":31484,"source_url":"https:\/\/www.supremeyachts.hr\/wp-content\/uploads\/2023\/10\/3__5JB7061.jpg-1900px-f2-300x200.jpg"},"thumbnail":{"file":"3__5JB7061.jpg-1900px-f2-150x150.jpg","width":150,"height":150,"mime-type":"image\/jpeg","filesize":20330,"source_url":"https:\/\/www.supremeyachts.hr\/wp-content\/uploads\/2023\/10\/3__5JB7061.jpg-1900px-f2-150x150.jpg"},"medium_large":{"file":"3__5JB7061.jpg-1900px-f2-768x512.jpg","width":768,"height":512,"mime-type":"image\/jpeg","filesize":108573,"source_url":"https:\/\/www.supremeyachts.hr\/wp-content\/uploads\/2023\/10\/3__5JB7061.jpg-1900px-f2-768x512.jpg"}}},"alt_text":"","url":"","target":""},{"id":118,"title":"JEAN-BAPTISTE D'ENQUIN \/ BENETEAU FLYER 6","caption":"","full_image_url":"https:\/\/www.supremeyachts.hr\/wp-content\/uploads\/2023\/10\/3__5JB7055.jpg-1900px-f2.jpg","thumbnail_image_url":"https:\/\/www.supremeyachts.hr\/wp-content\/uploads\/2023\/10\/3__5JB7055.jpg-1900px-f2-150x150.jpg","large_srcset":"https:\/\/www.supremeyachts.hr\/wp-content\/uploads\/2023\/10\/3__5JB7055.jpg-1900px-f2.jpg 960w, https:\/\/www.supremeyachts.hr\/wp-content\/uploads\/2023\/10\/3__5JB7055.jpg-1900px-f2-600x400.jpg 600w, https:\/\/www.supremeyachts.hr\/wp-content\/uploads\/2023\/10\/3__5JB7055.jpg-1900px-f2-300x200.jpg 300w, https:\/\/www.supremeyachts.hr\/wp-content\/uploads\/2023\/10\/3__5JB7055.jpg-1900px-f2-768x512.jpg 768w","medium_srcset":"https:\/\/www.supremeyachts.hr\/wp-content\/uploads\/2023\/10\/3__5JB7055.jpg-1900px-f2-300x200.jpg 300w, https:\/\/www.supremeyachts.hr\/wp-content\/uploads\/2023\/10\/3__5JB7055.jpg-1900px-f2-600x400.jpg 600w, https:\/\/www.supremeyachts.hr\/wp-content\/uploads\/2023\/10\/3__5JB7055.jpg-1900px-f2-768x512.jpg 768w, https:\/\/www.supremeyachts.hr\/wp-content\/uploads\/2023\/10\/3__5JB7055.jpg-1900px-f2.jpg 960w","media_details":{"width":960,"height":640,"sizes":{"woocommerce_thumbnail":{"file":"3__5JB7055.jpg-1900px-f2-300x300.jpg","width":300,"height":300,"mime-type":"image\/jpeg","filesize":25226,"uncropped":false,"source_url":"https:\/\/www.supremeyachts.hr\/wp-content\/uploads\/2023\/10\/3__5JB7055.jpg-1900px-f2-300x300.jpg"},"woocommerce_gallery_thumbnail":{"file":"3__5JB7055.jpg-1900px-f2-100x100.jpg","width":100,"height":100,"mime-type":"image\/jpeg","filesize":4517,"source_url":"https:\/\/www.supremeyachts.hr\/wp-content\/uploads\/2023\/10\/3__5JB7055.jpg-1900px-f2-100x100.jpg"},"woocommerce_single":{"file":"3__5JB7055.jpg-1900px-f2-600x400.jpg","width":600,"height":400,"mime-type":"image\/jpeg","filesize":57921,"source_url":"https:\/\/www.supremeyachts.hr\/wp-content\/uploads\/2023\/10\/3__5JB7055.jpg-1900px-f2-600x400.jpg"},"medium":{"file":"3__5JB7055.jpg-1900px-f2-300x200.jpg","width":300,"height":200,"mime-type":"image\/jpeg","filesize":32837,"source_url":"https:\/\/www.supremeyachts.hr\/wp-content\/uploads\/2023\/10\/3__5JB7055.jpg-1900px-f2-300x200.jpg"},"thumbnail":{"file":"3__5JB7055.jpg-1900px-f2-150x150.jpg","width":150,"height":150,"mime-type":"image\/jpeg","filesize":21332,"source_url":"https:\/\/www.supremeyachts.hr\/wp-content\/uploads\/2023\/10\/3__5JB7055.jpg-1900px-f2-150x150.jpg"},"medium_large":{"file":"3__5JB7055.jpg-1900px-f2-768x512.jpg","width":768,"height":512,"mime-type":"image\/jpeg","filesize":116580,"source_url":"https:\/\/www.supremeyachts.hr\/wp-content\/uploads\/2023\/10\/3__5JB7055.jpg-1900px-f2-768x512.jpg"}}},"alt_text":"","url":"","target":""},{"id":117,"title":"JEAN-BAPTISTE D'ENQUIN \/ BENETEAU FLYER 6","caption":"","full_image_url":"https:\/\/www.supremeyachts.hr\/wp-content\/uploads\/2023\/10\/3__5JB7047.jpg-1900px-f2.jpg","thumbnail_image_url":"https:\/\/www.supremeyachts.hr\/wp-content\/uploads\/2023\/10\/3__5JB7047.jpg-1900px-f2-150x150.jpg","large_srcset":"https:\/\/www.supremeyachts.hr\/wp-content\/uploads\/2023\/10\/3__5JB7047.jpg-1900px-f2-682x1024.jpg 682w, https:\/\/www.supremeyachts.hr\/wp-content\/uploads\/2023\/10\/3__5JB7047.jpg-1900px-f2-600x901.jpg 600w, https:\/\/www.supremeyachts.hr\/wp-content\/uploads\/2023\/10\/3__5JB7047.jpg-1900px-f2-200x300.jpg 200w, https:\/\/www.supremeyachts.hr\/wp-content\/uploads\/2023\/10\/3__5JB7047.jpg-1900px-f2-768x1153.jpg 768w, https:\/\/www.supremeyachts.hr\/wp-content\/uploads\/2023\/10\/3__5JB7047.jpg-1900px-f2.jpg 960w","medium_srcset":"https:\/\/www.supremeyachts.hr\/wp-content\/uploads\/2023\/10\/3__5JB7047.jpg-1900px-f2-200x300.jpg 200w, https:\/\/www.supremeyachts.hr\/wp-content\/uploads\/2023\/10\/3__5JB7047.jpg-1900px-f2-600x901.jpg 600w, https:\/\/www.supremeyachts.hr\/wp-content\/uploads\/2023\/10\/3__5JB7047.jpg-1900px-f2-682x1024.jpg 682w, https:\/\/www.supremeyachts.hr\/wp-content\/uploads\/2023\/10\/3__5JB7047.jpg-1900px-f2-768x1153.jpg 768w, https:\/\/www.supremeyachts.hr\/wp-content\/uploads\/2023\/10\/3__5JB7047.jpg-1900px-f2.jpg 960w","media_details":{"width":960,"height":1441,"sizes":{"woocommerce_thumbnail":{"file":"3__5JB7047.jpg-1900px-f2-300x300.jpg","width":300,"height":300,"mime-type":"image\/jpeg","filesize":22889,"uncropped":false,"source_url":"https:\/\/www.supremeyachts.hr\/wp-content\/uploads\/2023\/10\/3__5JB7047.jpg-1900px-f2-300x300.jpg"},"woocommerce_gallery_thumbnail":{"file":"3__5JB7047.jpg-1900px-f2-100x100.jpg","width":100,"height":100,"mime-type":"image\/jpeg","filesize":4085,"source_url":"https:\/\/www.supremeyachts.hr\/wp-content\/uploads\/2023\/10\/3__5JB7047.jpg-1900px-f2-100x100.jpg"},"woocommerce_single":{"file":"3__5JB7047.jpg-1900px-f2-600x901.jpg","width":600,"height":901,"mime-type":"image\/jpeg","filesize":87459,"source_url":"https:\/\/www.supremeyachts.hr\/wp-content\/uploads\/2023\/10\/3__5JB7047.jpg-1900px-f2-600x901.jpg"},"medium":{"file":"3__5JB7047.jpg-1900px-f2-200x300.jpg","width":200,"height":300,"mime-type":"image\/jpeg","filesize":29561,"source_url":"https:\/\/www.supremeyachts.hr\/wp-content\/uploads\/2023\/10\/3__5JB7047.jpg-1900px-f2-200x300.jpg"},"large":{"file":"3__5JB7047.jpg-1900px-f2-682x1024.jpg","width":682,"height":1024,"mime-type":"image\/jpeg","filesize":144536,"source_url":"https:\/\/www.supremeyachts.hr\/wp-content\/uploads\/2023\/10\/3__5JB7047.jpg-1900px-f2-682x1024.jpg"},"thumbnail":{"file":"3__5JB7047.jpg-1900px-f2-150x150.jpg","width":150,"height":150,"mime-type":"image\/jpeg","filesize":20637,"source_url":"https:\/\/www.supremeyachts.hr\/wp-content\/uploads\/2023\/10\/3__5JB7047.jpg-1900px-f2-150x150.jpg"},"medium_large":{"file":"3__5JB7047.jpg-1900px-f2-768x1153.jpg","width":768,"height":1153,"mime-type":"image\/jpeg","filesize":172494,"source_url":"https:\/\/www.supremeyachts.hr\/wp-content\/uploads\/2023\/10\/3__5JB7047.jpg-1900px-f2-768x1153.jpg"}}},"alt_text":"","url":"","target":""},{"id":116,"title":"JEAN-BAPTISTE D'ENQUIN \/ BENETEAU FLYER 6","caption":"","full_image_url":"https:\/\/www.supremeyachts.hr\/wp-content\/uploads\/2023\/10\/3__5JB7045.jpg-1900px-f2.jpg","thumbnail_image_url":"https:\/\/www.supremeyachts.hr\/wp-content\/uploads\/2023\/10\/3__5JB7045.jpg-1900px-f2-150x150.jpg","large_srcset":"https:\/\/www.supremeyachts.hr\/wp-content\/uploads\/2023\/10\/3__5JB7045.jpg-1900px-f2.jpg 960w, https:\/\/www.supremeyachts.hr\/wp-content\/uploads\/2023\/10\/3__5JB7045.jpg-1900px-f2-600x400.jpg 600w, https:\/\/www.supremeyachts.hr\/wp-content\/uploads\/2023\/10\/3__5JB7045.jpg-1900px-f2-300x200.jpg 300w, https:\/\/www.supremeyachts.hr\/wp-content\/uploads\/2023\/10\/3__5JB7045.jpg-1900px-f2-768x512.jpg 768w","medium_srcset":"https:\/\/www.supremeyachts.hr\/wp-content\/uploads\/2023\/10\/3__5JB7045.jpg-1900px-f2-300x200.jpg 300w, https:\/\/www.supremeyachts.hr\/wp-content\/uploads\/2023\/10\/3__5JB7045.jpg-1900px-f2-600x400.jpg 600w, https:\/\/www.supremeyachts.hr\/wp-content\/uploads\/2023\/10\/3__5JB7045.jpg-1900px-f2-768x512.jpg 768w, https:\/\/www.supremeyachts.hr\/wp-content\/uploads\/2023\/10\/3__5JB7045.jpg-1900px-f2.jpg 960w","media_details":{"width":960,"height":640,"sizes":{"woocommerce_thumbnail":{"file":"3__5JB7045.jpg-1900px-f2-300x300.jpg","width":300,"height":300,"mime-type":"image\/jpeg","filesize":22408,"uncropped":false,"source_url":"https:\/\/www.supremeyachts.hr\/wp-content\/uploads\/2023\/10\/3__5JB7045.jpg-1900px-f2-300x300.jpg"},"woocommerce_gallery_thumbnail":{"file":"3__5JB7045.jpg-1900px-f2-100x100.jpg","width":100,"height":100,"mime-type":"image\/jpeg","filesize":4120,"source_url":"https:\/\/www.supremeyachts.hr\/wp-content\/uploads\/2023\/10\/3__5JB7045.jpg-1900px-f2-100x100.jpg"},"woocommerce_single":{"file":"3__5JB7045.jpg-1900px-f2-600x400.jpg","width":600,"height":400,"mime-type":"image\/jpeg","filesize":52121,"source_url":"https:\/\/www.supremeyachts.hr\/wp-content\/uploads\/2023\/10\/3__5JB7045.jpg-1900px-f2-600x400.jpg"},"medium":{"file":"3__5JB7045.jpg-1900px-f2-300x200.jpg","width":300,"height":200,"mime-type":"image\/jpeg","filesize":31564,"source_url":"https:\/\/www.supremeyachts.hr\/wp-content\/uploads\/2023\/10\/3__5JB7045.jpg-1900px-f2-300x200.jpg"},"thumbnail":{"file":"3__5JB7045.jpg-1900px-f2-150x150.jpg","width":150,"height":150,"mime-type":"image\/jpeg","filesize":20712,"source_url":"https:\/\/www.supremeyachts.hr\/wp-content\/uploads\/2023\/10\/3__5JB7045.jpg-1900px-f2-150x150.jpg"},"medium_large":{"file":"3__5JB7045.jpg-1900px-f2-768x512.jpg","width":768,"height":512,"mime-type":"image\/jpeg","filesize":105896,"source_url":"https:\/\/www.supremeyachts.hr\/wp-content\/uploads\/2023\/10\/3__5JB7045.jpg-1900px-f2-768x512.jpg"}}},"alt_text":"","url":"","target":""},{"id":115,"title":"JEAN-BAPTISTE D'ENQUIN \/ BENETEAU FLYER 6","caption":"","full_image_url":"https:\/\/www.supremeyachts.hr\/wp-content\/uploads\/2023\/10\/3__5JB7022.jpg-1900px-f2.jpg","thumbnail_image_url":"https:\/\/www.supremeyachts.hr\/wp-content\/uploads\/2023\/10\/3__5JB7022.jpg-1900px-f2-150x150.jpg","large_srcset":"https:\/\/www.supremeyachts.hr\/wp-content\/uploads\/2023\/10\/3__5JB7022.jpg-1900px-f2.jpg 960w, https:\/\/www.supremeyachts.hr\/wp-content\/uploads\/2023\/10\/3__5JB7022.jpg-1900px-f2-600x400.jpg 600w, https:\/\/www.supremeyachts.hr\/wp-content\/uploads\/2023\/10\/3__5JB7022.jpg-1900px-f2-300x200.jpg 300w, https:\/\/www.supremeyachts.hr\/wp-content\/uploads\/2023\/10\/3__5JB7022.jpg-1900px-f2-768x512.jpg 768w","medium_srcset":"https:\/\/www.supremeyachts.hr\/wp-content\/uploads\/2023\/10\/3__5JB7022.jpg-1900px-f2-300x200.jpg 300w, https:\/\/www.supremeyachts.hr\/wp-content\/uploads\/2023\/10\/3__5JB7022.jpg-1900px-f2-600x400.jpg 600w, https:\/\/www.supremeyachts.hr\/wp-content\/uploads\/2023\/10\/3__5JB7022.jpg-1900px-f2-768x512.jpg 768w, https:\/\/www.supremeyachts.hr\/wp-content\/uploads\/2023\/10\/3__5JB7022.jpg-1900px-f2.jpg 960w","media_details":{"width":960,"height":640,"sizes":{"woocommerce_thumbnail":{"file":"3__5JB7022.jpg-1900px-f2-300x300.jpg","width":300,"height":300,"mime-type":"image\/jpeg","filesize":23500,"uncropped":false,"source_url":"https:\/\/www.supremeyachts.hr\/wp-content\/uploads\/2023\/10\/3__5JB7022.jpg-1900px-f2-300x300.jpg"},"woocommerce_gallery_thumbnail":{"file":"3__5JB7022.jpg-1900px-f2-100x100.jpg","width":100,"height":100,"mime-type":"image\/jpeg","filesize":4485,"source_url":"https:\/\/www.supremeyachts.hr\/wp-content\/uploads\/2023\/10\/3__5JB7022.jpg-1900px-f2-100x100.jpg"},"woocommerce_single":{"file":"3__5JB7022.jpg-1900px-f2-600x400.jpg","width":600,"height":400,"mime-type":"image\/jpeg","filesize":53546,"source_url":"https:\/\/www.supremeyachts.hr\/wp-content\/uploads\/2023\/10\/3__5JB7022.jpg-1900px-f2-600x400.jpg"},"medium":{"file":"3__5JB7022.jpg-1900px-f2-300x200.jpg","width":300,"height":200,"mime-type":"image\/jpeg","filesize":32702,"source_url":"https:\/\/www.supremeyachts.hr\/wp-content\/uploads\/2023\/10\/3__5JB7022.jpg-1900px-f2-300x200.jpg"},"thumbnail":{"file":"3__5JB7022.jpg-1900px-f2-150x150.jpg","width":150,"height":150,"mime-type":"image\/jpeg","filesize":21363,"source_url":"https:\/\/www.supremeyachts.hr\/wp-content\/uploads\/2023\/10\/3__5JB7022.jpg-1900px-f2-150x150.jpg"},"medium_large":{"file":"3__5JB7022.jpg-1900px-f2-768x512.jpg","width":768,"height":512,"mime-type":"image\/jpeg","filesize":109575,"source_url":"https:\/\/www.supremeyachts.hr\/wp-content\/uploads\/2023\/10\/3__5JB7022.jpg-1900px-f2-768x512.jpg"}}},"alt_text":"","url":"","target":""},{"id":114,"title":"JEAN-BAPTISTE D'ENQUIN \/ BENETEAU FLYER 6","caption":"","full_image_url":"https:\/\/www.supremeyachts.hr\/wp-content\/uploads\/2023\/10\/3__5JB7018.jpg-1900px-f2.jpg","thumbnail_image_url":"https:\/\/www.supremeyachts.hr\/wp-content\/uploads\/2023\/10\/3__5JB7018.jpg-1900px-f2-150x150.jpg","large_srcset":"https:\/\/www.supremeyachts.hr\/wp-content\/uploads\/2023\/10\/3__5JB7018.jpg-1900px-f2.jpg 960w, https:\/\/www.supremeyachts.hr\/wp-content\/uploads\/2023\/10\/3__5JB7018.jpg-1900px-f2-600x400.jpg 600w, https:\/\/www.supremeyachts.hr\/wp-content\/uploads\/2023\/10\/3__5JB7018.jpg-1900px-f2-300x200.jpg 300w, https:\/\/www.supremeyachts.hr\/wp-content\/uploads\/2023\/10\/3__5JB7018.jpg-1900px-f2-768x512.jpg 768w","medium_srcset":"https:\/\/www.supremeyachts.hr\/wp-content\/uploads\/2023\/10\/3__5JB7018.jpg-1900px-f2-300x200.jpg 300w, https:\/\/www.supremeyachts.hr\/wp-content\/uploads\/2023\/10\/3__5JB7018.jpg-1900px-f2-600x400.jpg 600w, https:\/\/www.supremeyachts.hr\/wp-content\/uploads\/2023\/10\/3__5JB7018.jpg-1900px-f2-768x512.jpg 768w, https:\/\/www.supremeyachts.hr\/wp-content\/uploads\/2023\/10\/3__5JB7018.jpg-1900px-f2.jpg 960w","media_details":{"width":960,"height":640,"sizes":{"woocommerce_thumbnail":{"file":"3__5JB7018.jpg-1900px-f2-300x300.jpg","width":300,"height":300,"mime-type":"image\/jpeg","filesize":26186,"uncropped":false,"source_url":"https:\/\/www.supremeyachts.hr\/wp-content\/uploads\/2023\/10\/3__5JB7018.jpg-1900px-f2-300x300.jpg"},"woocommerce_gallery_thumbnail":{"file":"3__5JB7018.jpg-1900px-f2-100x100.jpg","width":100,"height":100,"mime-type":"image\/jpeg","filesize":4636,"source_url":"https:\/\/www.supremeyachts.hr\/wp-content\/uploads\/2023\/10\/3__5JB7018.jpg-1900px-f2-100x100.jpg"},"woocommerce_single":{"file":"3__5JB7018.jpg-1900px-f2-600x400.jpg","width":600,"height":400,"mime-type":"image\/jpeg","filesize":57773,"source_url":"https:\/\/www.supremeyachts.hr\/wp-content\/uploads\/2023\/10\/3__5JB7018.jpg-1900px-f2-600x400.jpg"},"medium":{"file":"3__5JB7018.jpg-1900px-f2-300x200.jpg","width":300,"height":200,"mime-type":"image\/jpeg","filesize":33328,"source_url":"https:\/\/www.supremeyachts.hr\/wp-content\/uploads\/2023\/10\/3__5JB7018.jpg-1900px-f2-300x200.jpg"},"thumbnail":{"file":"3__5JB7018.jpg-1900px-f2-150x150.jpg","width":150,"height":150,"mime-type":"image\/jpeg","filesize":22028,"source_url":"https:\/\/www.supremeyachts.hr\/wp-content\/uploads\/2023\/10\/3__5JB7018.jpg-1900px-f2-150x150.jpg"},"medium_large":{"file":"3__5JB7018.jpg-1900px-f2-768x512.jpg","width":768,"height":512,"mime-type":"image\/jpeg","filesize":119073,"source_url":"https:\/\/www.supremeyachts.hr\/wp-content\/uploads\/2023\/10\/3__5JB7018.jpg-1900px-f2-768x512.jpg"}}},"alt_text":"","url":"","target":""},{"id":113,"title":"JEAN-BAPTISTE D'ENQUIN \/ BENETEAU FLYER 6","caption":"","full_image_url":"https:\/\/www.supremeyachts.hr\/wp-content\/uploads\/2023\/10\/3__5JB7004.jpg-1900px-f2.jpg","thumbnail_image_url":"https:\/\/www.supremeyachts.hr\/wp-content\/uploads\/2023\/10\/3__5JB7004.jpg-1900px-f2-150x150.jpg","large_srcset":"https:\/\/www.supremeyachts.hr\/wp-content\/uploads\/2023\/10\/3__5JB7004.jpg-1900px-f2.jpg 960w, https:\/\/www.supremeyachts.hr\/wp-content\/uploads\/2023\/10\/3__5JB7004.jpg-1900px-f2-600x400.jpg 600w, https:\/\/www.supremeyachts.hr\/wp-content\/uploads\/2023\/10\/3__5JB7004.jpg-1900px-f2-300x200.jpg 300w, https:\/\/www.supremeyachts.hr\/wp-content\/uploads\/2023\/10\/3__5JB7004.jpg-1900px-f2-768x512.jpg 768w","medium_srcset":"https:\/\/www.supremeyachts.hr\/wp-content\/uploads\/2023\/10\/3__5JB7004.jpg-1900px-f2-300x200.jpg 300w, https:\/\/www.supremeyachts.hr\/wp-content\/uploads\/2023\/10\/3__5JB7004.jpg-1900px-f2-600x400.jpg 600w, https:\/\/www.supremeyachts.hr\/wp-content\/uploads\/2023\/10\/3__5JB7004.jpg-1900px-f2-768x512.jpg 768w, https:\/\/www.supremeyachts.hr\/wp-content\/uploads\/2023\/10\/3__5JB7004.jpg-1900px-f2.jpg 960w","media_details":{"width":960,"height":640,"sizes":{"woocommerce_thumbnail":{"file":"3__5JB7004.jpg-1900px-f2-300x300.jpg","width":300,"height":300,"mime-type":"image\/jpeg","filesize":23869,"uncropped":false,"source_url":"https:\/\/www.supremeyachts.hr\/wp-content\/uploads\/2023\/10\/3__5JB7004.jpg-1900px-f2-300x300.jpg"},"woocommerce_gallery_thumbnail":{"file":"3__5JB7004.jpg-1900px-f2-100x100.jpg","width":100,"height":100,"mime-type":"image\/jpeg","filesize":4348,"source_url":"https:\/\/www.supremeyachts.hr\/wp-content\/uploads\/2023\/10\/3__5JB7004.jpg-1900px-f2-100x100.jpg"},"woocommerce_single":{"file":"3__5JB7004.jpg-1900px-f2-600x400.jpg","width":600,"height":400,"mime-type":"image\/jpeg","filesize":58633,"source_url":"https:\/\/www.supremeyachts.hr\/wp-content\/uploads\/2023\/10\/3__5JB7004.jpg-1900px-f2-600x400.jpg"},"medium":{"file":"3__5JB7004.jpg-1900px-f2-300x200.jpg","width":300,"height":200,"mime-type":"image\/jpeg","filesize":35455,"source_url":"https:\/\/www.supremeyachts.hr\/wp-content\/uploads\/2023\/10\/3__5JB7004.jpg-1900px-f2-300x200.jpg"},"thumbnail":{"file":"3__5JB7004.jpg-1900px-f2-150x150.jpg","width":150,"height":150,"mime-type":"image\/jpeg","filesize":22915,"source_url":"https:\/\/www.supremeyachts.hr\/wp-content\/uploads\/2023\/10\/3__5JB7004.jpg-1900px-f2-150x150.jpg"},"medium_large":{"file":"3__5JB7004.jpg-1900px-f2-768x512.jpg","width":768,"height":512,"mime-type":"image\/jpeg","filesize":121318,"source_url":"https:\/\/www.supremeyachts.hr\/wp-content\/uploads\/2023\/10\/3__5JB7004.jpg-1900px-f2-768x512.jpg"}}},"alt_text":"","url":"","target":""},{"id":112,"title":"JEAN-BAPTISTE D'ENQUIN \/ BENETEAU FLYER 6","caption":"","full_image_url":"https:\/\/www.supremeyachts.hr\/wp-content\/uploads\/2023\/10\/3__5JB6510.jpg-1900px-f2.jpg","thumbnail_image_url":"https:\/\/www.supremeyachts.hr\/wp-content\/uploads\/2023\/10\/3__5JB6510.jpg-1900px-f2-150x150.jpg","large_srcset":"https:\/\/www.supremeyachts.hr\/wp-content\/uploads\/2023\/10\/3__5JB6510.jpg-1900px-f2.jpg 960w, https:\/\/www.supremeyachts.hr\/wp-content\/uploads\/2023\/10\/3__5JB6510.jpg-1900px-f2-600x400.jpg 600w, https:\/\/www.supremeyachts.hr\/wp-content\/uploads\/2023\/10\/3__5JB6510.jpg-1900px-f2-300x200.jpg 300w, https:\/\/www.supremeyachts.hr\/wp-content\/uploads\/2023\/10\/3__5JB6510.jpg-1900px-f2-768x512.jpg 768w","medium_srcset":"https:\/\/www.supremeyachts.hr\/wp-content\/uploads\/2023\/10\/3__5JB6510.jpg-1900px-f2-300x200.jpg 300w, https:\/\/www.supremeyachts.hr\/wp-content\/uploads\/2023\/10\/3__5JB6510.jpg-1900px-f2-600x400.jpg 600w, https:\/\/www.supremeyachts.hr\/wp-content\/uploads\/2023\/10\/3__5JB6510.jpg-1900px-f2-768x512.jpg 768w, https:\/\/www.supremeyachts.hr\/wp-content\/uploads\/2023\/10\/3__5JB6510.jpg-1900px-f2.jpg 960w","media_details":{"width":960,"height":640,"sizes":{"woocommerce_thumbnail":{"file":"3__5JB6510.jpg-1900px-f2-300x300.jpg","width":300,"height":300,"mime-type":"image\/jpeg","filesize":20374,"uncropped":false,"source_url":"https:\/\/www.supremeyachts.hr\/wp-content\/uploads\/2023\/10\/3__5JB6510.jpg-1900px-f2-300x300.jpg"},"woocommerce_gallery_thumbnail":{"file":"3__5JB6510.jpg-1900px-f2-100x100.jpg","width":100,"height":100,"mime-type":"image\/jpeg","filesize":3729,"source_url":"https:\/\/www.supremeyachts.hr\/wp-content\/uploads\/2023\/10\/3__5JB6510.jpg-1900px-f2-100x100.jpg"},"woocommerce_single":{"file":"3__5JB6510.jpg-1900px-f2-600x400.jpg","width":600,"height":400,"mime-type":"image\/jpeg","filesize":48371,"source_url":"https:\/\/www.supremeyachts.hr\/wp-content\/uploads\/2023\/10\/3__5JB6510.jpg-1900px-f2-600x400.jpg"},"medium":{"file":"3__5JB6510.jpg-1900px-f2-300x200.jpg","width":300,"height":200,"mime-type":"image\/jpeg","filesize":28908,"source_url":"https:\/\/www.supremeyachts.hr\/wp-content\/uploads\/2023\/10\/3__5JB6510.jpg-1900px-f2-300x200.jpg"},"thumbnail":{"file":"3__5JB6510.jpg-1900px-f2-150x150.jpg","width":150,"height":150,"mime-type":"image\/jpeg","filesize":19535,"source_url":"https:\/\/www.supremeyachts.hr\/wp-content\/uploads\/2023\/10\/3__5JB6510.jpg-1900px-f2-150x150.jpg"},"medium_large":{"file":"3__5JB6510.jpg-1900px-f2-768x512.jpg","width":768,"height":512,"mime-type":"image\/jpeg","filesize":98756,"source_url":"https:\/\/www.supremeyachts.hr\/wp-content\/uploads\/2023\/10\/3__5JB6510.jpg-1900px-f2-768x512.jpg"}}},"alt_text":"","url":"","target":""},{"id":111,"title":"JEAN-BAPTISTE D'ENQUIN \/ BENETEAU FLYER 6","caption":"","full_image_url":"https:\/\/www.supremeyachts.hr\/wp-content\/uploads\/2023\/10\/3__5JB6504.jpg-1900px-f2.jpg","thumbnail_image_url":"https:\/\/www.supremeyachts.hr\/wp-content\/uploads\/2023\/10\/3__5JB6504.jpg-1900px-f2-150x150.jpg","large_srcset":"https:\/\/www.supremeyachts.hr\/wp-content\/uploads\/2023\/10\/3__5JB6504.jpg-1900px-f2.jpg 960w, https:\/\/www.supremeyachts.hr\/wp-content\/uploads\/2023\/10\/3__5JB6504.jpg-1900px-f2-600x400.jpg 600w, https:\/\/www.supremeyachts.hr\/wp-content\/uploads\/2023\/10\/3__5JB6504.jpg-1900px-f2-300x200.jpg 300w, https:\/\/www.supremeyachts.hr\/wp-content\/uploads\/2023\/10\/3__5JB6504.jpg-1900px-f2-768x512.jpg 768w","medium_srcset":"https:\/\/www.supremeyachts.hr\/wp-content\/uploads\/2023\/10\/3__5JB6504.jpg-1900px-f2-300x200.jpg 300w, https:\/\/www.supremeyachts.hr\/wp-content\/uploads\/2023\/10\/3__5JB6504.jpg-1900px-f2-600x400.jpg 600w, https:\/\/www.supremeyachts.hr\/wp-content\/uploads\/2023\/10\/3__5JB6504.jpg-1900px-f2-768x512.jpg 768w, https:\/\/www.supremeyachts.hr\/wp-content\/uploads\/2023\/10\/3__5JB6504.jpg-1900px-f2.jpg 960w","media_details":{"width":960,"height":640,"sizes":{"woocommerce_thumbnail":{"file":"3__5JB6504.jpg-1900px-f2-300x300.jpg","width":300,"height":300,"mime-type":"image\/jpeg","filesize":21420,"uncropped":false,"source_url":"https:\/\/www.supremeyachts.hr\/wp-content\/uploads\/2023\/10\/3__5JB6504.jpg-1900px-f2-300x300.jpg"},"woocommerce_gallery_thumbnail":{"file":"3__5JB6504.jpg-1900px-f2-100x100.jpg","width":100,"height":100,"mime-type":"image\/jpeg","filesize":4157,"source_url":"https:\/\/www.supremeyachts.hr\/wp-content\/uploads\/2023\/10\/3__5JB6504.jpg-1900px-f2-100x100.jpg"},"woocommerce_single":{"file":"3__5JB6504.jpg-1900px-f2-600x400.jpg","width":600,"height":400,"mime-type":"image\/jpeg","filesize":45996,"source_url":"https:\/\/www.supremeyachts.hr\/wp-content\/uploads\/2023\/10\/3__5JB6504.jpg-1900px-f2-600x400.jpg"},"medium":{"file":"3__5JB6504.jpg-1900px-f2-300x200.jpg","width":300,"height":200,"mime-type":"image\/jpeg","filesize":31118,"source_url":"https:\/\/www.supremeyachts.hr\/wp-content\/uploads\/2023\/10\/3__5JB6504.jpg-1900px-f2-300x200.jpg"},"thumbnail":{"file":"3__5JB6504.jpg-1900px-f2-150x150.jpg","width":150,"height":150,"mime-type":"image\/jpeg","filesize":21028,"source_url":"https:\/\/www.supremeyachts.hr\/wp-content\/uploads\/2023\/10\/3__5JB6504.jpg-1900px-f2-150x150.jpg"},"medium_large":{"file":"3__5JB6504.jpg-1900px-f2-768x512.jpg","width":768,"height":512,"mime-type":"image\/jpeg","filesize":99503,"source_url":"https:\/\/www.supremeyachts.hr\/wp-content\/uploads\/2023\/10\/3__5JB6504.jpg-1900px-f2-768x512.jpg"}}},"alt_text":"","url":"","target":""},{"id":110,"title":"3__5JB6435.jpeg-1900px-f2","caption":"","full_image_url":"https:\/\/www.supremeyachts.hr\/wp-content\/uploads\/2023\/10\/3__5JB6435.jpeg-1900px-f2.jpg","thumbnail_image_url":"https:\/\/www.supremeyachts.hr\/wp-content\/uploads\/2023\/10\/3__5JB6435.jpeg-1900px-f2-150x150.jpg","large_srcset":"https:\/\/www.supremeyachts.hr\/wp-content\/uploads\/2023\/10\/3__5JB6435.jpeg-1900px-f2.jpg 960w, https:\/\/www.supremeyachts.hr\/wp-content\/uploads\/2023\/10\/3__5JB6435.jpeg-1900px-f2-600x400.jpg 600w, https:\/\/www.supremeyachts.hr\/wp-content\/uploads\/2023\/10\/3__5JB6435.jpeg-1900px-f2-300x200.jpg 300w, https:\/\/www.supremeyachts.hr\/wp-content\/uploads\/2023\/10\/3__5JB6435.jpeg-1900px-f2-768x512.jpg 768w","medium_srcset":"https:\/\/www.supremeyachts.hr\/wp-content\/uploads\/2023\/10\/3__5JB6435.jpeg-1900px-f2-300x200.jpg 300w, https:\/\/www.supremeyachts.hr\/wp-content\/uploads\/2023\/10\/3__5JB6435.jpeg-1900px-f2-600x400.jpg 600w, https:\/\/www.supremeyachts.hr\/wp-content\/uploads\/2023\/10\/3__5JB6435.jpeg-1900px-f2-768x512.jpg 768w, https:\/\/www.supremeyachts.hr\/wp-content\/uploads\/2023\/10\/3__5JB6435.jpeg-1900px-f2.jpg 960w","media_details":{"width":960,"height":640,"sizes":{"woocommerce_thumbnail":{"file":"3__5JB6435.jpeg-1900px-f2-300x300.jpg","width":300,"height":300,"mime-type":"image\/jpeg","filesize":20257,"uncropped":false,"source_url":"https:\/\/www.supremeyachts.hr\/wp-content\/uploads\/2023\/10\/3__5JB6435.jpeg-1900px-f2-300x300.jpg"},"woocommerce_gallery_thumbnail":{"file":"3__5JB6435.jpeg-1900px-f2-100x100.jpg","width":100,"height":100,"mime-type":"image\/jpeg","filesize":4029,"source_url":"https:\/\/www.supremeyachts.hr\/wp-content\/uploads\/2023\/10\/3__5JB6435.jpeg-1900px-f2-100x100.jpg"},"woocommerce_single":{"file":"3__5JB6435.jpeg-1900px-f2-600x400.jpg","width":600,"height":400,"mime-type":"image\/jpeg","filesize":42560,"source_url":"https:\/\/www.supremeyachts.hr\/wp-content\/uploads\/2023\/10\/3__5JB6435.jpeg-1900px-f2-600x400.jpg"},"medium":{"file":"3__5JB6435.jpeg-1900px-f2-300x200.jpg","width":300,"height":200,"mime-type":"image\/jpeg","filesize":24826,"source_url":"https:\/\/www.supremeyachts.hr\/wp-content\/uploads\/2023\/10\/3__5JB6435.jpeg-1900px-f2-300x200.jpg"},"thumbnail":{"file":"3__5JB6435.jpeg-1900px-f2-150x150.jpg","width":150,"height":150,"mime-type":"image\/jpeg","filesize":18189,"source_url":"https:\/\/www.supremeyachts.hr\/wp-content\/uploads\/2023\/10\/3__5JB6435.jpeg-1900px-f2-150x150.jpg"},"medium_large":{"file":"3__5JB6435.jpeg-1900px-f2-768x512.jpg","width":768,"height":512,"mime-type":"image\/jpeg","filesize":71373,"source_url":"https:\/\/www.supremeyachts.hr\/wp-content\/uploads\/2023\/10\/3__5JB6435.jpeg-1900px-f2-768x512.jpg"}}},"alt_text":"","url":"","target":""},{"id":109,"title":"JEAN-BAPTISTE D'ENQUIN \/ BENETEAU FLYER 6","caption":"","full_image_url":"https:\/\/www.supremeyachts.hr\/wp-content\/uploads\/2023\/10\/3__5JB6363.jpg-1900px-f2.jpg","thumbnail_image_url":"https:\/\/www.supremeyachts.hr\/wp-content\/uploads\/2023\/10\/3__5JB6363.jpg-1900px-f2-150x150.jpg","large_srcset":"https:\/\/www.supremeyachts.hr\/wp-content\/uploads\/2023\/10\/3__5JB6363.jpg-1900px-f2.jpg 960w, https:\/\/www.supremeyachts.hr\/wp-content\/uploads\/2023\/10\/3__5JB6363.jpg-1900px-f2-600x400.jpg 600w, https:\/\/www.supremeyachts.hr\/wp-content\/uploads\/2023\/10\/3__5JB6363.jpg-1900px-f2-300x200.jpg 300w, https:\/\/www.supremeyachts.hr\/wp-content\/uploads\/2023\/10\/3__5JB6363.jpg-1900px-f2-768x512.jpg 768w","medium_srcset":"https:\/\/www.supremeyachts.hr\/wp-content\/uploads\/2023\/10\/3__5JB6363.jpg-1900px-f2-300x200.jpg 300w, https:\/\/www.supremeyachts.hr\/wp-content\/uploads\/2023\/10\/3__5JB6363.jpg-1900px-f2-600x400.jpg 600w, https:\/\/www.supremeyachts.hr\/wp-content\/uploads\/2023\/10\/3__5JB6363.jpg-1900px-f2-768x512.jpg 768w, https:\/\/www.supremeyachts.hr\/wp-content\/uploads\/2023\/10\/3__5JB6363.jpg-1900px-f2.jpg 960w","media_details":{"width":960,"height":640,"sizes":{"woocommerce_thumbnail":{"file":"3__5JB6363.jpg-1900px-f2-300x300.jpg","width":300,"height":300,"mime-type":"image\/jpeg","filesize":16504,"uncropped":false,"source_url":"https:\/\/www.supremeyachts.hr\/wp-content\/uploads\/2023\/10\/3__5JB6363.jpg-1900px-f2-300x300.jpg"},"woocommerce_gallery_thumbnail":{"file":"3__5JB6363.jpg-1900px-f2-100x100.jpg","width":100,"height":100,"mime-type":"image\/jpeg","filesize":3461,"source_url":"https:\/\/www.supremeyachts.hr\/wp-content\/uploads\/2023\/10\/3__5JB6363.jpg-1900px-f2-100x100.jpg"},"woocommerce_single":{"file":"3__5JB6363.jpg-1900px-f2-600x400.jpg","width":600,"height":400,"mime-type":"image\/jpeg","filesize":36536,"source_url":"https:\/\/www.supremeyachts.hr\/wp-content\/uploads\/2023\/10\/3__5JB6363.jpg-1900px-f2-600x400.jpg"},"medium":{"file":"3__5JB6363.jpg-1900px-f2-300x200.jpg","width":300,"height":200,"mime-type":"image\/jpeg","filesize":27076,"source_url":"https:\/\/www.supremeyachts.hr\/wp-content\/uploads\/2023\/10\/3__5JB6363.jpg-1900px-f2-300x200.jpg"},"thumbnail":{"file":"3__5JB6363.jpg-1900px-f2-150x150.jpg","width":150,"height":150,"mime-type":"image\/jpeg","filesize":18956,"source_url":"https:\/\/www.supremeyachts.hr\/wp-content\/uploads\/2023\/10\/3__5JB6363.jpg-1900px-f2-150x150.jpg"},"medium_large":{"file":"3__5JB6363.jpg-1900px-f2-768x512.jpg","width":768,"height":512,"mime-type":"image\/jpeg","filesize":78960,"source_url":"https:\/\/www.supremeyachts.hr\/wp-content\/uploads\/2023\/10\/3__5JB6363.jpg-1900px-f2-768x512.jpg"}}},"alt_text":"","url":"","target":""},{"id":108,"title":"JEAN-BAPTISTE D'ENQUIN \/ BENETEAU FLYER 6","caption":"","full_image_url":"https:\/\/www.supremeyachts.hr\/wp-content\/uploads\/2023\/10\/3__5JB6316.jpg-1900px-f2.jpg","thumbnail_image_url":"https:\/\/www.supremeyachts.hr\/wp-content\/uploads\/2023\/10\/3__5JB6316.jpg-1900px-f2-150x150.jpg","large_srcset":"https:\/\/www.supremeyachts.hr\/wp-content\/uploads\/2023\/10\/3__5JB6316.jpg-1900px-f2.jpg 960w, https:\/\/www.supremeyachts.hr\/wp-content\/uploads\/2023\/10\/3__5JB6316.jpg-1900px-f2-600x400.jpg 600w, https:\/\/www.supremeyachts.hr\/wp-content\/uploads\/2023\/10\/3__5JB6316.jpg-1900px-f2-300x200.jpg 300w, https:\/\/www.supremeyachts.hr\/wp-content\/uploads\/2023\/10\/3__5JB6316.jpg-1900px-f2-768x512.jpg 768w","medium_srcset":"https:\/\/www.supremeyachts.hr\/wp-content\/uploads\/2023\/10\/3__5JB6316.jpg-1900px-f2-300x200.jpg 300w, https:\/\/www.supremeyachts.hr\/wp-content\/uploads\/2023\/10\/3__5JB6316.jpg-1900px-f2-600x400.jpg 600w, https:\/\/www.supremeyachts.hr\/wp-content\/uploads\/2023\/10\/3__5JB6316.jpg-1900px-f2-768x512.jpg 768w, https:\/\/www.supremeyachts.hr\/wp-content\/uploads\/2023\/10\/3__5JB6316.jpg-1900px-f2.jpg 960w","media_details":{"width":960,"height":640,"sizes":{"woocommerce_thumbnail":{"file":"3__5JB6316.jpg-1900px-f2-300x300.jpg","width":300,"height":300,"mime-type":"image\/jpeg","filesize":17848,"uncropped":false,"source_url":"https:\/\/www.supremeyachts.hr\/wp-content\/uploads\/2023\/10\/3__5JB6316.jpg-1900px-f2-300x300.jpg"},"woocommerce_gallery_thumbnail":{"file":"3__5JB6316.jpg-1900px-f2-100x100.jpg","width":100,"height":100,"mime-type":"image\/jpeg","filesize":3520,"source_url":"https:\/\/www.supremeyachts.hr\/wp-content\/uploads\/2023\/10\/3__5JB6316.jpg-1900px-f2-100x100.jpg"},"woocommerce_single":{"file":"3__5JB6316.jpg-1900px-f2-600x400.jpg","width":600,"height":400,"mime-type":"image\/jpeg","filesize":42230,"source_url":"https:\/\/www.supremeyachts.hr\/wp-content\/uploads\/2023\/10\/3__5JB6316.jpg-1900px-f2-600x400.jpg"},"medium":{"file":"3__5JB6316.jpg-1900px-f2-300x200.jpg","width":300,"height":200,"mime-type":"image\/jpeg","filesize":28422,"source_url":"https:\/\/www.supremeyachts.hr\/wp-content\/uploads\/2023\/10\/3__5JB6316.jpg-1900px-f2-300x200.jpg"},"thumbnail":{"file":"3__5JB6316.jpg-1900px-f2-150x150.jpg","width":150,"height":150,"mime-type":"image\/jpeg","filesize":19272,"source_url":"https:\/\/www.supremeyachts.hr\/wp-content\/uploads\/2023\/10\/3__5JB6316.jpg-1900px-f2-150x150.jpg"},"medium_large":{"file":"3__5JB6316.jpg-1900px-f2-768x512.jpg","width":768,"height":512,"mime-type":"image\/jpeg","filesize":86911,"source_url":"https:\/\/www.supremeyachts.hr\/wp-content\/uploads\/2023\/10\/3__5JB6316.jpg-1900px-f2-768x512.jpg"}}},"alt_text":"","url":"","target":""},{"id":107,"title":"JEAN-BAPTISTE D'ENQUIN \/ BENETEAU FLYER 6","caption":"","full_image_url":"https:\/\/www.supremeyachts.hr\/wp-content\/uploads\/2023\/10\/3__5JB6289.jpg-1900px-f2.jpg","thumbnail_image_url":"https:\/\/www.supremeyachts.hr\/wp-content\/uploads\/2023\/10\/3__5JB6289.jpg-1900px-f2-150x150.jpg","large_srcset":"https:\/\/www.supremeyachts.hr\/wp-content\/uploads\/2023\/10\/3__5JB6289.jpg-1900px-f2.jpg 960w, https:\/\/www.supremeyachts.hr\/wp-content\/uploads\/2023\/10\/3__5JB6289.jpg-1900px-f2-600x400.jpg 600w, https:\/\/www.supremeyachts.hr\/wp-content\/uploads\/2023\/10\/3__5JB6289.jpg-1900px-f2-300x200.jpg 300w, https:\/\/www.supremeyachts.hr\/wp-content\/uploads\/2023\/10\/3__5JB6289.jpg-1900px-f2-768x512.jpg 768w","medium_srcset":"https:\/\/www.supremeyachts.hr\/wp-content\/uploads\/2023\/10\/3__5JB6289.jpg-1900px-f2-300x200.jpg 300w, https:\/\/www.supremeyachts.hr\/wp-content\/uploads\/2023\/10\/3__5JB6289.jpg-1900px-f2-600x400.jpg 600w, https:\/\/www.supremeyachts.hr\/wp-content\/uploads\/2023\/10\/3__5JB6289.jpg-1900px-f2-768x512.jpg 768w, https:\/\/www.supremeyachts.hr\/wp-content\/uploads\/2023\/10\/3__5JB6289.jpg-1900px-f2.jpg 960w","media_details":{"width":960,"height":640,"sizes":{"woocommerce_thumbnail":{"file":"3__5JB6289.jpg-1900px-f2-300x300.jpg","width":300,"height":300,"mime-type":"image\/jpeg","filesize":16581,"uncropped":false,"source_url":"https:\/\/www.supremeyachts.hr\/wp-content\/uploads\/2023\/10\/3__5JB6289.jpg-1900px-f2-300x300.jpg"},"woocommerce_gallery_thumbnail":{"file":"3__5JB6289.jpg-1900px-f2-100x100.jpg","width":100,"height":100,"mime-type":"image\/jpeg","filesize":3546,"source_url":"https:\/\/www.supremeyachts.hr\/wp-content\/uploads\/2023\/10\/3__5JB6289.jpg-1900px-f2-100x100.jpg"},"woocommerce_single":{"file":"3__5JB6289.jpg-1900px-f2-600x400.jpg","width":600,"height":400,"mime-type":"image\/jpeg","filesize":39672,"source_url":"https:\/\/www.supremeyachts.hr\/wp-content\/uploads\/2023\/10\/3__5JB6289.jpg-1900px-f2-600x400.jpg"},"medium":{"file":"3__5JB6289.jpg-1900px-f2-300x200.jpg","width":300,"height":200,"mime-type":"image\/jpeg","filesize":27951,"source_url":"https:\/\/www.supremeyachts.hr\/wp-content\/uploads\/2023\/10\/3__5JB6289.jpg-1900px-f2-300x200.jpg"},"thumbnail":{"file":"3__5JB6289.jpg-1900px-f2-150x150.jpg","width":150,"height":150,"mime-type":"image\/jpeg","filesize":19115,"source_url":"https:\/\/www.supremeyachts.hr\/wp-content\/uploads\/2023\/10\/3__5JB6289.jpg-1900px-f2-150x150.jpg"},"medium_large":{"file":"3__5JB6289.jpg-1900px-f2-768x512.jpg","width":768,"height":512,"mime-type":"image\/jpeg","filesize":82508,"source_url":"https:\/\/www.supremeyachts.hr\/wp-content\/uploads\/2023\/10\/3__5JB6289.jpg-1900px-f2-768x512.jpg"}}},"alt_text":"","url":"","target":""},{"id":106,"title":"JEAN-BAPTISTE D'ENQUIN \/ BENETEAU FLYER 6","caption":"","full_image_url":"https:\/\/www.supremeyachts.hr\/wp-content\/uploads\/2023\/10\/3__5JB6281.jpg-1900px-f2.jpg","thumbnail_image_url":"https:\/\/www.supremeyachts.hr\/wp-content\/uploads\/2023\/10\/3__5JB6281.jpg-1900px-f2-150x150.jpg","large_srcset":"https:\/\/www.supremeyachts.hr\/wp-content\/uploads\/2023\/10\/3__5JB6281.jpg-1900px-f2.jpg 960w, https:\/\/www.supremeyachts.hr\/wp-content\/uploads\/2023\/10\/3__5JB6281.jpg-1900px-f2-600x400.jpg 600w, https:\/\/www.supremeyachts.hr\/wp-content\/uploads\/2023\/10\/3__5JB6281.jpg-1900px-f2-300x200.jpg 300w, https:\/\/www.supremeyachts.hr\/wp-content\/uploads\/2023\/10\/3__5JB6281.jpg-1900px-f2-768x512.jpg 768w","medium_srcset":"https:\/\/www.supremeyachts.hr\/wp-content\/uploads\/2023\/10\/3__5JB6281.jpg-1900px-f2-300x200.jpg 300w, https:\/\/www.supremeyachts.hr\/wp-content\/uploads\/2023\/10\/3__5JB6281.jpg-1900px-f2-600x400.jpg 600w, https:\/\/www.supremeyachts.hr\/wp-content\/uploads\/2023\/10\/3__5JB6281.jpg-1900px-f2-768x512.jpg 768w, https:\/\/www.supremeyachts.hr\/wp-content\/uploads\/2023\/10\/3__5JB6281.jpg-1900px-f2.jpg 960w","media_details":{"width":960,"height":640,"sizes":{"woocommerce_thumbnail":{"file":"3__5JB6281.jpg-1900px-f2-300x300.jpg","width":300,"height":300,"mime-type":"image\/jpeg","filesize":21870,"uncropped":false,"source_url":"https:\/\/www.supremeyachts.hr\/wp-content\/uploads\/2023\/10\/3__5JB6281.jpg-1900px-f2-300x300.jpg"},"woocommerce_gallery_thumbnail":{"file":"3__5JB6281.jpg-1900px-f2-100x100.jpg","width":100,"height":100,"mime-type":"image\/jpeg","filesize":4028,"source_url":"https:\/\/www.supremeyachts.hr\/wp-content\/uploads\/2023\/10\/3__5JB6281.jpg-1900px-f2-100x100.jpg"},"woocommerce_single":{"file":"3__5JB6281.jpg-1900px-f2-600x400.jpg","width":600,"height":400,"mime-type":"image\/jpeg","filesize":47646,"source_url":"https:\/\/www.supremeyachts.hr\/wp-content\/uploads\/2023\/10\/3__5JB6281.jpg-1900px-f2-600x400.jpg"},"medium":{"file":"3__5JB6281.jpg-1900px-f2-300x200.jpg","width":300,"height":200,"mime-type":"image\/jpeg","filesize":30469,"source_url":"https:\/\/www.supremeyachts.hr\/wp-content\/uploads\/2023\/10\/3__5JB6281.jpg-1900px-f2-300x200.jpg"},"thumbnail":{"file":"3__5JB6281.jpg-1900px-f2-150x150.jpg","width":150,"height":150,"mime-type":"image\/jpeg","filesize":20497,"source_url":"https:\/\/www.supremeyachts.hr\/wp-content\/uploads\/2023\/10\/3__5JB6281.jpg-1900px-f2-150x150.jpg"},"medium_large":{"file":"3__5JB6281.jpg-1900px-f2-768x512.jpg","width":768,"height":512,"mime-type":"image\/jpeg","filesize":99640,"source_url":"https:\/\/www.supremeyachts.hr\/wp-content\/uploads\/2023\/10\/3__5JB6281.jpg-1900px-f2-768x512.jpg"}}},"alt_text":"","url":"","target":""},{"id":105,"title":"JEAN-BAPTISTE D'ENQUIN \/ BENETEAU FLYER 6","caption":"","full_image_url":"https:\/\/www.supremeyachts.hr\/wp-content\/uploads\/2023\/10\/3__5JB6276.jpg-1900px-f2.jpg","thumbnail_image_url":"https:\/\/www.supremeyachts.hr\/wp-content\/uploads\/2023\/10\/3__5JB6276.jpg-1900px-f2-150x150.jpg","large_srcset":"https:\/\/www.supremeyachts.hr\/wp-content\/uploads\/2023\/10\/3__5JB6276.jpg-1900px-f2-682x1024.jpg 682w, https:\/\/www.supremeyachts.hr\/wp-content\/uploads\/2023\/10\/3__5JB6276.jpg-1900px-f2-600x901.jpg 600w, https:\/\/www.supremeyachts.hr\/wp-content\/uploads\/2023\/10\/3__5JB6276.jpg-1900px-f2-200x300.jpg 200w, https:\/\/www.supremeyachts.hr\/wp-content\/uploads\/2023\/10\/3__5JB6276.jpg-1900px-f2-768x1153.jpg 768w, https:\/\/www.supremeyachts.hr\/wp-content\/uploads\/2023\/10\/3__5JB6276.jpg-1900px-f2.jpg 960w","medium_srcset":"https:\/\/www.supremeyachts.hr\/wp-content\/uploads\/2023\/10\/3__5JB6276.jpg-1900px-f2-200x300.jpg 200w, https:\/\/www.supremeyachts.hr\/wp-content\/uploads\/2023\/10\/3__5JB6276.jpg-1900px-f2-600x901.jpg 600w, https:\/\/www.supremeyachts.hr\/wp-content\/uploads\/2023\/10\/3__5JB6276.jpg-1900px-f2-682x1024.jpg 682w, https:\/\/www.supremeyachts.hr\/wp-content\/uploads\/2023\/10\/3__5JB6276.jpg-1900px-f2-768x1153.jpg 768w, https:\/\/www.supremeyachts.hr\/wp-content\/uploads\/2023\/10\/3__5JB6276.jpg-1900px-f2.jpg 960w","media_details":{"width":960,"height":1441,"sizes":{"woocommerce_thumbnail":{"file":"3__5JB6276.jpg-1900px-f2-300x300.jpg","width":300,"height":300,"mime-type":"image\/jpeg","filesize":24889,"uncropped":false,"source_url":"https:\/\/www.supremeyachts.hr\/wp-content\/uploads\/2023\/10\/3__5JB6276.jpg-1900px-f2-300x300.jpg"},"woocommerce_gallery_thumbnail":{"file":"3__5JB6276.jpg-1900px-f2-100x100.jpg","width":100,"height":100,"mime-type":"image\/jpeg","filesize":4315,"source_url":"https:\/\/www.supremeyachts.hr\/wp-content\/uploads\/2023\/10\/3__5JB6276.jpg-1900px-f2-100x100.jpg"},"woocommerce_single":{"file":"3__5JB6276.jpg-1900px-f2-600x901.jpg","width":600,"height":901,"mime-type":"image\/jpeg","filesize":102241,"source_url":"https:\/\/www.supremeyachts.hr\/wp-content\/uploads\/2023\/10\/3__5JB6276.jpg-1900px-f2-600x901.jpg"},"medium":{"file":"3__5JB6276.jpg-1900px-f2-200x300.jpg","width":200,"height":300,"mime-type":"image\/jpeg","filesize":44005,"source_url":"https:\/\/www.supremeyachts.hr\/wp-content\/uploads\/2023\/10\/3__5JB6276.jpg-1900px-f2-200x300.jpg"},"large":{"file":"3__5JB6276.jpg-1900px-f2-682x1024.jpg","width":682,"height":1024,"mime-type":"image\/jpeg","filesize":185699,"source_url":"https:\/\/www.supremeyachts.hr\/wp-content\/uploads\/2023\/10\/3__5JB6276.jpg-1900px-f2-682x1024.jpg"},"thumbnail":{"file":"3__5JB6276.jpg-1900px-f2-150x150.jpg","width":150,"height":150,"mime-type":"image\/jpeg","filesize":32130,"source_url":"https:\/\/www.supremeyachts.hr\/wp-content\/uploads\/2023\/10\/3__5JB6276.jpg-1900px-f2-150x150.jpg"},"medium_large":{"file":"3__5JB6276.jpg-1900px-f2-768x1153.jpg","width":768,"height":1153,"mime-type":"image\/jpeg","filesize":217518,"source_url":"https:\/\/www.supremeyachts.hr\/wp-content\/uploads\/2023\/10\/3__5JB6276.jpg-1900px-f2-768x1153.jpg"}}},"alt_text":"","url":"","target":""}],[{"id":130,"title":"5_Flyer6-sundeck-C-.RGB_color.0013.JPG-1832px-f2","caption":"","full_image_url":"https:\/\/www.supremeyachts.hr\/wp-content\/uploads\/2023\/10\/5_Flyer6-sundeck-C-.RGB_color.0013.JPG-1832px-f2.jpg","thumbnail_image_url":"https:\/\/www.supremeyachts.hr\/wp-content\/uploads\/2023\/10\/5_Flyer6-sundeck-C-.RGB_color.0013.JPG-1832px-f2-150x150.jpg","large_srcset":"https:\/\/www.supremeyachts.hr\/wp-content\/uploads\/2023\/10\/5_Flyer6-sundeck-C-.RGB_color.0013.JPG-1832px-f2.jpg 960w, https:\/\/www.supremeyachts.hr\/wp-content\/uploads\/2023\/10\/5_Flyer6-sundeck-C-.RGB_color.0013.JPG-1832px-f2-600x283.jpg 600w, https:\/\/www.supremeyachts.hr\/wp-content\/uploads\/2023\/10\/5_Flyer6-sundeck-C-.RGB_color.0013.JPG-1832px-f2-300x141.jpg 300w, https:\/\/www.supremeyachts.hr\/wp-content\/uploads\/2023\/10\/5_Flyer6-sundeck-C-.RGB_color.0013.JPG-1832px-f2-768x362.jpg 768w","medium_srcset":"https:\/\/www.supremeyachts.hr\/wp-content\/uploads\/2023\/10\/5_Flyer6-sundeck-C-.RGB_color.0013.JPG-1832px-f2-300x141.jpg 300w, https:\/\/www.supremeyachts.hr\/wp-content\/uploads\/2023\/10\/5_Flyer6-sundeck-C-.RGB_color.0013.JPG-1832px-f2-600x283.jpg 600w, https:\/\/www.supremeyachts.hr\/wp-content\/uploads\/2023\/10\/5_Flyer6-sundeck-C-.RGB_color.0013.JPG-1832px-f2-768x362.jpg 768w, https:\/\/www.supremeyachts.hr\/wp-content\/uploads\/2023\/10\/5_Flyer6-sundeck-C-.RGB_color.0013.JPG-1832px-f2.jpg 960w","media_details":{"width":960,"height":452,"sizes":{"woocommerce_thumbnail":{"file":"5_Flyer6-sundeck-C-.RGB_color.0013.JPG-1832px-f2-300x300.jpg","width":300,"height":300,"mime-type":"image\/jpeg","filesize":19145,"uncropped":false,"source_url":"https:\/\/www.supremeyachts.hr\/wp-content\/uploads\/2023\/10\/5_Flyer6-sundeck-C-.RGB_color.0013.JPG-1832px-f2-300x300.jpg"},"woocommerce_gallery_thumbnail":{"file":"5_Flyer6-sundeck-C-.RGB_color.0013.JPG-1832px-f2-100x100.jpg","width":100,"height":100,"mime-type":"image\/jpeg","filesize":3574,"source_url":"https:\/\/www.supremeyachts.hr\/wp-content\/uploads\/2023\/10\/5_Flyer6-sundeck-C-.RGB_color.0013.JPG-1832px-f2-100x100.jpg"},"woocommerce_single":{"file":"5_Flyer6-sundeck-C-.RGB_color.0013.JPG-1832px-f2-600x283.jpg","width":600,"height":283,"mime-type":"image\/jpeg","filesize":30288,"source_url":"https:\/\/www.supremeyachts.hr\/wp-content\/uploads\/2023\/10\/5_Flyer6-sundeck-C-.RGB_color.0013.JPG-1832px-f2-600x283.jpg"},"medium":{"file":"5_Flyer6-sundeck-C-.RGB_color.0013.JPG-1832px-f2-300x141.jpg","width":300,"height":141,"mime-type":"image\/jpeg","filesize":16749,"source_url":"https:\/\/www.supremeyachts.hr\/wp-content\/uploads\/2023\/10\/5_Flyer6-sundeck-C-.RGB_color.0013.JPG-1832px-f2-300x141.jpg"},"thumbnail":{"file":"5_Flyer6-sundeck-C-.RGB_color.0013.JPG-1832px-f2-150x150.jpg","width":150,"height":150,"mime-type":"image\/jpeg","filesize":12875,"source_url":"https:\/\/www.supremeyachts.hr\/wp-content\/uploads\/2023\/10\/5_Flyer6-sundeck-C-.RGB_color.0013.JPG-1832px-f2-150x150.jpg"},"medium_large":{"file":"5_Flyer6-sundeck-C-.RGB_color.0013.JPG-1832px-f2-768x362.jpg","width":768,"height":362,"mime-type":"image\/jpeg","filesize":62029,"source_url":"https:\/\/www.supremeyachts.hr\/wp-content\/uploads\/2023\/10\/5_Flyer6-sundeck-C-.RGB_color.0013.JPG-1832px-f2-768x362.jpg"}}},"alt_text":"","url":"","target":""},{"id":129,"title":"5_Flyer6-sundeck-C-.RGB_color.0012.JPG-1832px-f2","caption":"","full_image_url":"https:\/\/www.supremeyachts.hr\/wp-content\/uploads\/2023\/10\/5_Flyer6-sundeck-C-.RGB_color.0012.JPG-1832px-f2.jpg","thumbnail_image_url":"https:\/\/www.supremeyachts.hr\/wp-content\/uploads\/2023\/10\/5_Flyer6-sundeck-C-.RGB_color.0012.JPG-1832px-f2-150x150.jpg","large_srcset":"https:\/\/www.supremeyachts.hr\/wp-content\/uploads\/2023\/10\/5_Flyer6-sundeck-C-.RGB_color.0012.JPG-1832px-f2.jpg 960w, https:\/\/www.supremeyachts.hr\/wp-content\/uploads\/2023\/10\/5_Flyer6-sundeck-C-.RGB_color.0012.JPG-1832px-f2-600x283.jpg 600w, https:\/\/www.supremeyachts.hr\/wp-content\/uploads\/2023\/10\/5_Flyer6-sundeck-C-.RGB_color.0012.JPG-1832px-f2-300x141.jpg 300w, https:\/\/www.supremeyachts.hr\/wp-content\/uploads\/2023\/10\/5_Flyer6-sundeck-C-.RGB_color.0012.JPG-1832px-f2-768x362.jpg 768w","medium_srcset":"https:\/\/www.supremeyachts.hr\/wp-content\/uploads\/2023\/10\/5_Flyer6-sundeck-C-.RGB_color.0012.JPG-1832px-f2-300x141.jpg 300w, https:\/\/www.supremeyachts.hr\/wp-content\/uploads\/2023\/10\/5_Flyer6-sundeck-C-.RGB_color.0012.JPG-1832px-f2-600x283.jpg 600w, https:\/\/www.supremeyachts.hr\/wp-content\/uploads\/2023\/10\/5_Flyer6-sundeck-C-.RGB_color.0012.JPG-1832px-f2-768x362.jpg 768w, https:\/\/www.supremeyachts.hr\/wp-content\/uploads\/2023\/10\/5_Flyer6-sundeck-C-.RGB_color.0012.JPG-1832px-f2.jpg 960w","media_details":{"width":960,"height":452,"sizes":{"woocommerce_thumbnail":{"file":"5_Flyer6-sundeck-C-.RGB_color.0012.JPG-1832px-f2-300x300.jpg","width":300,"height":300,"mime-type":"image\/jpeg","filesize":14959,"uncropped":false,"source_url":"https:\/\/www.supremeyachts.hr\/wp-content\/uploads\/2023\/10\/5_Flyer6-sundeck-C-.RGB_color.0012.JPG-1832px-f2-300x300.jpg"},"woocommerce_gallery_thumbnail":{"file":"5_Flyer6-sundeck-C-.RGB_color.0012.JPG-1832px-f2-100x100.jpg","width":100,"height":100,"mime-type":"image\/jpeg","filesize":3105,"source_url":"https:\/\/www.supremeyachts.hr\/wp-content\/uploads\/2023\/10\/5_Flyer6-sundeck-C-.RGB_color.0012.JPG-1832px-f2-100x100.jpg"},"woocommerce_single":{"file":"5_Flyer6-sundeck-C-.RGB_color.0012.JPG-1832px-f2-600x283.jpg","width":600,"height":283,"mime-type":"image\/jpeg","filesize":24533,"source_url":"https:\/\/www.supremeyachts.hr\/wp-content\/uploads\/2023\/10\/5_Flyer6-sundeck-C-.RGB_color.0012.JPG-1832px-f2-600x283.jpg"},"medium":{"file":"5_Flyer6-sundeck-C-.RGB_color.0012.JPG-1832px-f2-300x141.jpg","width":300,"height":141,"mime-type":"image\/jpeg","filesize":15125,"source_url":"https:\/\/www.supremeyachts.hr\/wp-content\/uploads\/2023\/10\/5_Flyer6-sundeck-C-.RGB_color.0012.JPG-1832px-f2-300x141.jpg"},"thumbnail":{"file":"5_Flyer6-sundeck-C-.RGB_color.0012.JPG-1832px-f2-150x150.jpg","width":150,"height":150,"mime-type":"image\/jpeg","filesize":11594,"source_url":"https:\/\/www.supremeyachts.hr\/wp-content\/uploads\/2023\/10\/5_Flyer6-sundeck-C-.RGB_color.0012.JPG-1832px-f2-150x150.jpg"},"medium_large":{"file":"5_Flyer6-sundeck-C-.RGB_color.0012.JPG-1832px-f2-768x362.jpg","width":768,"height":362,"mime-type":"image\/jpeg","filesize":49759,"source_url":"https:\/\/www.supremeyachts.hr\/wp-content\/uploads\/2023\/10\/5_Flyer6-sundeck-C-.RGB_color.0012.JPG-1832px-f2-768x362.jpg"}}},"alt_text":"","url":"","target":""},{"id":128,"title":"5_Flyer6-sundeck-C-.RGB_color.0010.JPG-1832px-f2","caption":"","full_image_url":"https:\/\/www.supremeyachts.hr\/wp-content\/uploads\/2023\/10\/5_Flyer6-sundeck-C-.RGB_color.0010.JPG-1832px-f2.jpg","thumbnail_image_url":"https:\/\/www.supremeyachts.hr\/wp-content\/uploads\/2023\/10\/5_Flyer6-sundeck-C-.RGB_color.0010.JPG-1832px-f2-150x150.jpg","large_srcset":"https:\/\/www.supremeyachts.hr\/wp-content\/uploads\/2023\/10\/5_Flyer6-sundeck-C-.RGB_color.0010.JPG-1832px-f2.jpg 960w, https:\/\/www.supremeyachts.hr\/wp-content\/uploads\/2023\/10\/5_Flyer6-sundeck-C-.RGB_color.0010.JPG-1832px-f2-600x283.jpg 600w, https:\/\/www.supremeyachts.hr\/wp-content\/uploads\/2023\/10\/5_Flyer6-sundeck-C-.RGB_color.0010.JPG-1832px-f2-300x141.jpg 300w, https:\/\/www.supremeyachts.hr\/wp-content\/uploads\/2023\/10\/5_Flyer6-sundeck-C-.RGB_color.0010.JPG-1832px-f2-768x362.jpg 768w","medium_srcset":"https:\/\/www.supremeyachts.hr\/wp-content\/uploads\/2023\/10\/5_Flyer6-sundeck-C-.RGB_color.0010.JPG-1832px-f2-300x141.jpg 300w, https:\/\/www.supremeyachts.hr\/wp-content\/uploads\/2023\/10\/5_Flyer6-sundeck-C-.RGB_color.0010.JPG-1832px-f2-600x283.jpg 600w, https:\/\/www.supremeyachts.hr\/wp-content\/uploads\/2023\/10\/5_Flyer6-sundeck-C-.RGB_color.0010.JPG-1832px-f2-768x362.jpg 768w, https:\/\/www.supremeyachts.hr\/wp-content\/uploads\/2023\/10\/5_Flyer6-sundeck-C-.RGB_color.0010.JPG-1832px-f2.jpg 960w","media_details":{"width":960,"height":452,"sizes":{"woocommerce_thumbnail":{"file":"5_Flyer6-sundeck-C-.RGB_color.0010.JPG-1832px-f2-300x300.jpg","width":300,"height":300,"mime-type":"image\/jpeg","filesize":15212,"uncropped":false,"source_url":"https:\/\/www.supremeyachts.hr\/wp-content\/uploads\/2023\/10\/5_Flyer6-sundeck-C-.RGB_color.0010.JPG-1832px-f2-300x300.jpg"},"woocommerce_gallery_thumbnail":{"file":"5_Flyer6-sundeck-C-.RGB_color.0010.JPG-1832px-f2-100x100.jpg","width":100,"height":100,"mime-type":"image\/jpeg","filesize":3339,"source_url":"https:\/\/www.supremeyachts.hr\/wp-content\/uploads\/2023\/10\/5_Flyer6-sundeck-C-.RGB_color.0010.JPG-1832px-f2-100x100.jpg"},"woocommerce_single":{"file":"5_Flyer6-sundeck-C-.RGB_color.0010.JPG-1832px-f2-600x283.jpg","width":600,"height":283,"mime-type":"image\/jpeg","filesize":32178,"source_url":"https:\/\/www.supremeyachts.hr\/wp-content\/uploads\/2023\/10\/5_Flyer6-sundeck-C-.RGB_color.0010.JPG-1832px-f2-600x283.jpg"},"medium":{"file":"5_Flyer6-sundeck-C-.RGB_color.0010.JPG-1832px-f2-300x141.jpg","width":300,"height":141,"mime-type":"image\/jpeg","filesize":18477,"source_url":"https:\/\/www.supremeyachts.hr\/wp-content\/uploads\/2023\/10\/5_Flyer6-sundeck-C-.RGB_color.0010.JPG-1832px-f2-300x141.jpg"},"thumbnail":{"file":"5_Flyer6-sundeck-C-.RGB_color.0010.JPG-1832px-f2-150x150.jpg","width":150,"height":150,"mime-type":"image\/jpeg","filesize":11823,"source_url":"https:\/\/www.supremeyachts.hr\/wp-content\/uploads\/2023\/10\/5_Flyer6-sundeck-C-.RGB_color.0010.JPG-1832px-f2-150x150.jpg"},"medium_large":{"file":"5_Flyer6-sundeck-C-.RGB_color.0010.JPG-1832px-f2-768x362.jpg","width":768,"height":362,"mime-type":"image\/jpeg","filesize":62563,"source_url":"https:\/\/www.supremeyachts.hr\/wp-content\/uploads\/2023\/10\/5_Flyer6-sundeck-C-.RGB_color.0010.JPG-1832px-f2-768x362.jpg"}}},"alt_text":"","url":"","target":""},{"id":127,"title":"5_Flyer6-sundeck-C-.RGB_color.0009.JPG-1832px-f2","caption":"","full_image_url":"https:\/\/www.supremeyachts.hr\/wp-content\/uploads\/2023\/10\/5_Flyer6-sundeck-C-.RGB_color.0009.JPG-1832px-f2.jpg","thumbnail_image_url":"https:\/\/www.supremeyachts.hr\/wp-content\/uploads\/2023\/10\/5_Flyer6-sundeck-C-.RGB_color.0009.JPG-1832px-f2-150x150.jpg","large_srcset":"https:\/\/www.supremeyachts.hr\/wp-content\/uploads\/2023\/10\/5_Flyer6-sundeck-C-.RGB_color.0009.JPG-1832px-f2.jpg 960w, https:\/\/www.supremeyachts.hr\/wp-content\/uploads\/2023\/10\/5_Flyer6-sundeck-C-.RGB_color.0009.JPG-1832px-f2-600x283.jpg 600w, https:\/\/www.supremeyachts.hr\/wp-content\/uploads\/2023\/10\/5_Flyer6-sundeck-C-.RGB_color.0009.JPG-1832px-f2-300x141.jpg 300w, https:\/\/www.supremeyachts.hr\/wp-content\/uploads\/2023\/10\/5_Flyer6-sundeck-C-.RGB_color.0009.JPG-1832px-f2-768x362.jpg 768w","medium_srcset":"https:\/\/www.supremeyachts.hr\/wp-content\/uploads\/2023\/10\/5_Flyer6-sundeck-C-.RGB_color.0009.JPG-1832px-f2-300x141.jpg 300w, https:\/\/www.supremeyachts.hr\/wp-content\/uploads\/2023\/10\/5_Flyer6-sundeck-C-.RGB_color.0009.JPG-1832px-f2-600x283.jpg 600w, https:\/\/www.supremeyachts.hr\/wp-content\/uploads\/2023\/10\/5_Flyer6-sundeck-C-.RGB_color.0009.JPG-1832px-f2-768x362.jpg 768w, https:\/\/www.supremeyachts.hr\/wp-content\/uploads\/2023\/10\/5_Flyer6-sundeck-C-.RGB_color.0009.JPG-1832px-f2.jpg 960w","media_details":{"width":960,"height":452,"sizes":{"woocommerce_thumbnail":{"file":"5_Flyer6-sundeck-C-.RGB_color.0009.JPG-1832px-f2-300x300.jpg","width":300,"height":300,"mime-type":"image\/jpeg","filesize":17147,"uncropped":false,"source_url":"https:\/\/www.supremeyachts.hr\/wp-content\/uploads\/2023\/10\/5_Flyer6-sundeck-C-.RGB_color.0009.JPG-1832px-f2-300x300.jpg"},"woocommerce_gallery_thumbnail":{"file":"5_Flyer6-sundeck-C-.RGB_color.0009.JPG-1832px-f2-100x100.jpg","width":100,"height":100,"mime-type":"image\/jpeg","filesize":3725,"source_url":"https:\/\/www.supremeyachts.hr\/wp-content\/uploads\/2023\/10\/5_Flyer6-sundeck-C-.RGB_color.0009.JPG-1832px-f2-100x100.jpg"},"woocommerce_single":{"file":"5_Flyer6-sundeck-C-.RGB_color.0009.JPG-1832px-f2-600x283.jpg","width":600,"height":283,"mime-type":"image\/jpeg","filesize":33920,"source_url":"https:\/\/www.supremeyachts.hr\/wp-content\/uploads\/2023\/10\/5_Flyer6-sundeck-C-.RGB_color.0009.JPG-1832px-f2-600x283.jpg"},"medium":{"file":"5_Flyer6-sundeck-C-.RGB_color.0009.JPG-1832px-f2-300x141.jpg","width":300,"height":141,"mime-type":"image\/jpeg","filesize":19342,"source_url":"https:\/\/www.supremeyachts.hr\/wp-content\/uploads\/2023\/10\/5_Flyer6-sundeck-C-.RGB_color.0009.JPG-1832px-f2-300x141.jpg"},"thumbnail":{"file":"5_Flyer6-sundeck-C-.RGB_color.0009.JPG-1832px-f2-150x150.jpg","width":150,"height":150,"mime-type":"image\/jpeg","filesize":12675,"source_url":"https:\/\/www.supremeyachts.hr\/wp-content\/uploads\/2023\/10\/5_Flyer6-sundeck-C-.RGB_color.0009.JPG-1832px-f2-150x150.jpg"},"medium_large":{"file":"5_Flyer6-sundeck-C-.RGB_color.0009.JPG-1832px-f2-768x362.jpg","width":768,"height":362,"mime-type":"image\/jpeg","filesize":65335,"source_url":"https:\/\/www.supremeyachts.hr\/wp-content\/uploads\/2023\/10\/5_Flyer6-sundeck-C-.RGB_color.0009.JPG-1832px-f2-768x362.jpg"}}},"alt_text":"","url":"","target":""},{"id":126,"title":"5_Flyer6-sundeck-C-.RGB_color.0008.JPG-1832px-f2","caption":"","full_image_url":"https:\/\/www.supremeyachts.hr\/wp-content\/uploads\/2023\/10\/5_Flyer6-sundeck-C-.RGB_color.0008.JPG-1832px-f2.jpg","thumbnail_image_url":"https:\/\/www.supremeyachts.hr\/wp-content\/uploads\/2023\/10\/5_Flyer6-sundeck-C-.RGB_color.0008.JPG-1832px-f2-150x150.jpg","large_srcset":"https:\/\/www.supremeyachts.hr\/wp-content\/uploads\/2023\/10\/5_Flyer6-sundeck-C-.RGB_color.0008.JPG-1832px-f2.jpg 960w, https:\/\/www.supremeyachts.hr\/wp-content\/uploads\/2023\/10\/5_Flyer6-sundeck-C-.RGB_color.0008.JPG-1832px-f2-600x283.jpg 600w, https:\/\/www.supremeyachts.hr\/wp-content\/uploads\/2023\/10\/5_Flyer6-sundeck-C-.RGB_color.0008.JPG-1832px-f2-300x141.jpg 300w, https:\/\/www.supremeyachts.hr\/wp-content\/uploads\/2023\/10\/5_Flyer6-sundeck-C-.RGB_color.0008.JPG-1832px-f2-768x362.jpg 768w","medium_srcset":"https:\/\/www.supremeyachts.hr\/wp-content\/uploads\/2023\/10\/5_Flyer6-sundeck-C-.RGB_color.0008.JPG-1832px-f2-300x141.jpg 300w, https:\/\/www.supremeyachts.hr\/wp-content\/uploads\/2023\/10\/5_Flyer6-sundeck-C-.RGB_color.0008.JPG-1832px-f2-600x283.jpg 600w, https:\/\/www.supremeyachts.hr\/wp-content\/uploads\/2023\/10\/5_Flyer6-sundeck-C-.RGB_color.0008.JPG-1832px-f2-768x362.jpg 768w, https:\/\/www.supremeyachts.hr\/wp-content\/uploads\/2023\/10\/5_Flyer6-sundeck-C-.RGB_color.0008.JPG-1832px-f2.jpg 960w","media_details":{"width":960,"height":452,"sizes":{"woocommerce_thumbnail":{"file":"5_Flyer6-sundeck-C-.RGB_color.0008.JPG-1832px-f2-300x300.jpg","width":300,"height":300,"mime-type":"image\/jpeg","filesize":17667,"uncropped":false,"source_url":"https:\/\/www.supremeyachts.hr\/wp-content\/uploads\/2023\/10\/5_Flyer6-sundeck-C-.RGB_color.0008.JPG-1832px-f2-300x300.jpg"},"woocommerce_gallery_thumbnail":{"file":"5_Flyer6-sundeck-C-.RGB_color.0008.JPG-1832px-f2-100x100.jpg","width":100,"height":100,"mime-type":"image\/jpeg","filesize":3893,"source_url":"https:\/\/www.supremeyachts.hr\/wp-content\/uploads\/2023\/10\/5_Flyer6-sundeck-C-.RGB_color.0008.JPG-1832px-f2-100x100.jpg"},"woocommerce_single":{"file":"5_Flyer6-sundeck-C-.RGB_color.0008.JPG-1832px-f2-600x283.jpg","width":600,"height":283,"mime-type":"image\/jpeg","filesize":34415,"source_url":"https:\/\/www.supremeyachts.hr\/wp-content\/uploads\/2023\/10\/5_Flyer6-sundeck-C-.RGB_color.0008.JPG-1832px-f2-600x283.jpg"},"medium":{"file":"5_Flyer6-sundeck-C-.RGB_color.0008.JPG-1832px-f2-300x141.jpg","width":300,"height":141,"mime-type":"image\/jpeg","filesize":19485,"source_url":"https:\/\/www.supremeyachts.hr\/wp-content\/uploads\/2023\/10\/5_Flyer6-sundeck-C-.RGB_color.0008.JPG-1832px-f2-300x141.jpg"},"thumbnail":{"file":"5_Flyer6-sundeck-C-.RGB_color.0008.JPG-1832px-f2-150x150.jpg","width":150,"height":150,"mime-type":"image\/jpeg","filesize":13042,"source_url":"https:\/\/www.supremeyachts.hr\/wp-content\/uploads\/2023\/10\/5_Flyer6-sundeck-C-.RGB_color.0008.JPG-1832px-f2-150x150.jpg"},"medium_large":{"file":"5_Flyer6-sundeck-C-.RGB_color.0008.JPG-1832px-f2-768x362.jpg","width":768,"height":362,"mime-type":"image\/jpeg","filesize":66497,"source_url":"https:\/\/www.supremeyachts.hr\/wp-content\/uploads\/2023\/10\/5_Flyer6-sundeck-C-.RGB_color.0008.JPG-1832px-f2-768x362.jpg"}}},"alt_text":"","url":"","target":""},{"id":125,"title":"5_Flyer6-sundeck-C-.RGB_color.0007.JPG-1832px-f2","caption":"","full_image_url":"https:\/\/www.supremeyachts.hr\/wp-content\/uploads\/2023\/10\/5_Flyer6-sundeck-C-.RGB_color.0007.JPG-1832px-f2.jpg","thumbnail_image_url":"https:\/\/www.supremeyachts.hr\/wp-content\/uploads\/2023\/10\/5_Flyer6-sundeck-C-.RGB_color.0007.JPG-1832px-f2-150x150.jpg","large_srcset":"https:\/\/www.supremeyachts.hr\/wp-content\/uploads\/2023\/10\/5_Flyer6-sundeck-C-.RGB_color.0007.JPG-1832px-f2.jpg 960w, https:\/\/www.supremeyachts.hr\/wp-content\/uploads\/2023\/10\/5_Flyer6-sundeck-C-.RGB_color.0007.JPG-1832px-f2-600x283.jpg 600w, https:\/\/www.supremeyachts.hr\/wp-content\/uploads\/2023\/10\/5_Flyer6-sundeck-C-.RGB_color.0007.JPG-1832px-f2-300x141.jpg 300w, https:\/\/www.supremeyachts.hr\/wp-content\/uploads\/2023\/10\/5_Flyer6-sundeck-C-.RGB_color.0007.JPG-1832px-f2-768x362.jpg 768w","medium_srcset":"https:\/\/www.supremeyachts.hr\/wp-content\/uploads\/2023\/10\/5_Flyer6-sundeck-C-.RGB_color.0007.JPG-1832px-f2-300x141.jpg 300w, https:\/\/www.supremeyachts.hr\/wp-content\/uploads\/2023\/10\/5_Flyer6-sundeck-C-.RGB_color.0007.JPG-1832px-f2-600x283.jpg 600w, https:\/\/www.supremeyachts.hr\/wp-content\/uploads\/2023\/10\/5_Flyer6-sundeck-C-.RGB_color.0007.JPG-1832px-f2-768x362.jpg 768w, https:\/\/www.supremeyachts.hr\/wp-content\/uploads\/2023\/10\/5_Flyer6-sundeck-C-.RGB_color.0007.JPG-1832px-f2.jpg 960w","media_details":{"width":960,"height":452,"sizes":{"woocommerce_thumbnail":{"file":"5_Flyer6-sundeck-C-.RGB_color.0007.JPG-1832px-f2-300x300.jpg","width":300,"height":300,"mime-type":"image\/jpeg","filesize":19534,"uncropped":false,"source_url":"https:\/\/www.supremeyachts.hr\/wp-content\/uploads\/2023\/10\/5_Flyer6-sundeck-C-.RGB_color.0007.JPG-1832px-f2-300x300.jpg"},"woocommerce_gallery_thumbnail":{"file":"5_Flyer6-sundeck-C-.RGB_color.0007.JPG-1832px-f2-100x100.jpg","width":100,"height":100,"mime-type":"image\/jpeg","filesize":3881,"source_url":"https:\/\/www.supremeyachts.hr\/wp-content\/uploads\/2023\/10\/5_Flyer6-sundeck-C-.RGB_color.0007.JPG-1832px-f2-100x100.jpg"},"woocommerce_single":{"file":"5_Flyer6-sundeck-C-.RGB_color.0007.JPG-1832px-f2-600x283.jpg","width":600,"height":283,"mime-type":"image\/jpeg","filesize":33587,"source_url":"https:\/\/www.supremeyachts.hr\/wp-content\/uploads\/2023\/10\/5_Flyer6-sundeck-C-.RGB_color.0007.JPG-1832px-f2-600x283.jpg"},"medium":{"file":"5_Flyer6-sundeck-C-.RGB_color.0007.JPG-1832px-f2-300x141.jpg","width":300,"height":141,"mime-type":"image\/jpeg","filesize":18324,"source_url":"https:\/\/www.supremeyachts.hr\/wp-content\/uploads\/2023\/10\/5_Flyer6-sundeck-C-.RGB_color.0007.JPG-1832px-f2-300x141.jpg"},"thumbnail":{"file":"5_Flyer6-sundeck-C-.RGB_color.0007.JPG-1832px-f2-150x150.jpg","width":150,"height":150,"mime-type":"image\/jpeg","filesize":13203,"source_url":"https:\/\/www.supremeyachts.hr\/wp-content\/uploads\/2023\/10\/5_Flyer6-sundeck-C-.RGB_color.0007.JPG-1832px-f2-150x150.jpg"},"medium_large":{"file":"5_Flyer6-sundeck-C-.RGB_color.0007.JPG-1832px-f2-768x362.jpg","width":768,"height":362,"mime-type":"image\/jpeg","filesize":68270,"source_url":"https:\/\/www.supremeyachts.hr\/wp-content\/uploads\/2023\/10\/5_Flyer6-sundeck-C-.RGB_color.0007.JPG-1832px-f2-768x362.jpg"}}},"alt_text":"","url":"","target":""},{"id":124,"title":"5_Flyer6-sundeck-C-.RGB_color.0006-f2","caption":"","full_image_url":"https:\/\/www.supremeyachts.hr\/wp-content\/uploads\/2023\/10\/5_Flyer6-sundeck-C-.RGB_color.0006-f2.jpg","thumbnail_image_url":"https:\/\/www.supremeyachts.hr\/wp-content\/uploads\/2023\/10\/5_Flyer6-sundeck-C-.RGB_color.0006-f2-150x150.jpg","large_srcset":"https:\/\/www.supremeyachts.hr\/wp-content\/uploads\/2023\/10\/5_Flyer6-sundeck-C-.RGB_color.0006-f2.jpg 960w, https:\/\/www.supremeyachts.hr\/wp-content\/uploads\/2023\/10\/5_Flyer6-sundeck-C-.RGB_color.0006-f2-600x283.jpg 600w, https:\/\/www.supremeyachts.hr\/wp-content\/uploads\/2023\/10\/5_Flyer6-sundeck-C-.RGB_color.0006-f2-300x141.jpg 300w, https:\/\/www.supremeyachts.hr\/wp-content\/uploads\/2023\/10\/5_Flyer6-sundeck-C-.RGB_color.0006-f2-768x362.jpg 768w","medium_srcset":"https:\/\/www.supremeyachts.hr\/wp-content\/uploads\/2023\/10\/5_Flyer6-sundeck-C-.RGB_color.0006-f2-300x141.jpg 300w, https:\/\/www.supremeyachts.hr\/wp-content\/uploads\/2023\/10\/5_Flyer6-sundeck-C-.RGB_color.0006-f2-600x283.jpg 600w, https:\/\/www.supremeyachts.hr\/wp-content\/uploads\/2023\/10\/5_Flyer6-sundeck-C-.RGB_color.0006-f2-768x362.jpg 768w, https:\/\/www.supremeyachts.hr\/wp-content\/uploads\/2023\/10\/5_Flyer6-sundeck-C-.RGB_color.0006-f2.jpg 960w","media_details":{"width":960,"height":452,"sizes":{"woocommerce_thumbnail":{"file":"5_Flyer6-sundeck-C-.RGB_color.0006-f2-300x300.jpg","width":300,"height":300,"mime-type":"image\/jpeg","filesize":16929,"uncropped":false,"source_url":"https:\/\/www.supremeyachts.hr\/wp-content\/uploads\/2023\/10\/5_Flyer6-sundeck-C-.RGB_color.0006-f2-300x300.jpg"},"woocommerce_gallery_thumbnail":{"file":"5_Flyer6-sundeck-C-.RGB_color.0006-f2-100x100.jpg","width":100,"height":100,"mime-type":"image\/jpeg","filesize":3350,"source_url":"https:\/\/www.supremeyachts.hr\/wp-content\/uploads\/2023\/10\/5_Flyer6-sundeck-C-.RGB_color.0006-f2-100x100.jpg"},"woocommerce_single":{"file":"5_Flyer6-sundeck-C-.RGB_color.0006-f2-600x283.jpg","width":600,"height":283,"mime-type":"image\/jpeg","filesize":27960,"source_url":"https:\/\/www.supremeyachts.hr\/wp-content\/uploads\/2023\/10\/5_Flyer6-sundeck-C-.RGB_color.0006-f2-600x283.jpg"},"medium":{"file":"5_Flyer6-sundeck-C-.RGB_color.0006-f2-300x141.jpg","width":300,"height":141,"mime-type":"image\/jpeg","filesize":14266,"source_url":"https:\/\/www.supremeyachts.hr\/wp-content\/uploads\/2023\/10\/5_Flyer6-sundeck-C-.RGB_color.0006-f2-300x141.jpg"},"thumbnail":{"file":"5_Flyer6-sundeck-C-.RGB_color.0006-f2-150x150.jpg","width":150,"height":150,"mime-type":"image\/jpeg","filesize":10415,"source_url":"https:\/\/www.supremeyachts.hr\/wp-content\/uploads\/2023\/10\/5_Flyer6-sundeck-C-.RGB_color.0006-f2-150x150.jpg"},"medium_large":{"file":"5_Flyer6-sundeck-C-.RGB_color.0006-f2-768x362.jpg","width":768,"height":362,"mime-type":"image\/jpeg","filesize":55416,"source_url":"https:\/\/www.supremeyachts.hr\/wp-content\/uploads\/2023\/10\/5_Flyer6-sundeck-C-.RGB_color.0006-f2-768x362.jpg"}}},"alt_text":"","url":"","target":""},{"id":123,"title":"5_Flyer6-sundeck-C-.RGB_color.0005.JPG-1832px-f2","caption":"","full_image_url":"https:\/\/www.supremeyachts.hr\/wp-content\/uploads\/2023\/10\/5_Flyer6-sundeck-C-.RGB_color.0005.JPG-1832px-f2.jpg","thumbnail_image_url":"https:\/\/www.supremeyachts.hr\/wp-content\/uploads\/2023\/10\/5_Flyer6-sundeck-C-.RGB_color.0005.JPG-1832px-f2-150x150.jpg","large_srcset":"https:\/\/www.supremeyachts.hr\/wp-content\/uploads\/2023\/10\/5_Flyer6-sundeck-C-.RGB_color.0005.JPG-1832px-f2.jpg 960w, https:\/\/www.supremeyachts.hr\/wp-content\/uploads\/2023\/10\/5_Flyer6-sundeck-C-.RGB_color.0005.JPG-1832px-f2-600x283.jpg 600w, https:\/\/www.supremeyachts.hr\/wp-content\/uploads\/2023\/10\/5_Flyer6-sundeck-C-.RGB_color.0005.JPG-1832px-f2-300x141.jpg 300w, https:\/\/www.supremeyachts.hr\/wp-content\/uploads\/2023\/10\/5_Flyer6-sundeck-C-.RGB_color.0005.JPG-1832px-f2-768x362.jpg 768w","medium_srcset":"https:\/\/www.supremeyachts.hr\/wp-content\/uploads\/2023\/10\/5_Flyer6-sundeck-C-.RGB_color.0005.JPG-1832px-f2-300x141.jpg 300w, https:\/\/www.supremeyachts.hr\/wp-content\/uploads\/2023\/10\/5_Flyer6-sundeck-C-.RGB_color.0005.JPG-1832px-f2-600x283.jpg 600w, https:\/\/www.supremeyachts.hr\/wp-content\/uploads\/2023\/10\/5_Flyer6-sundeck-C-.RGB_color.0005.JPG-1832px-f2-768x362.jpg 768w, https:\/\/www.supremeyachts.hr\/wp-content\/uploads\/2023\/10\/5_Flyer6-sundeck-C-.RGB_color.0005.JPG-1832px-f2.jpg 960w","media_details":{"width":960,"height":452,"sizes":{"woocommerce_thumbnail":{"file":"5_Flyer6-sundeck-C-.RGB_color.0005.JPG-1832px-f2-300x300.jpg","width":300,"height":300,"mime-type":"image\/jpeg","filesize":19942,"uncropped":false,"source_url":"https:\/\/www.supremeyachts.hr\/wp-content\/uploads\/2023\/10\/5_Flyer6-sundeck-C-.RGB_color.0005.JPG-1832px-f2-300x300.jpg"},"woocommerce_gallery_thumbnail":{"file":"5_Flyer6-sundeck-C-.RGB_color.0005.JPG-1832px-f2-100x100.jpg","width":100,"height":100,"mime-type":"image\/jpeg","filesize":3727,"source_url":"https:\/\/www.supremeyachts.hr\/wp-content\/uploads\/2023\/10\/5_Flyer6-sundeck-C-.RGB_color.0005.JPG-1832px-f2-100x100.jpg"},"woocommerce_single":{"file":"5_Flyer6-sundeck-C-.RGB_color.0005.JPG-1832px-f2-600x283.jpg","width":600,"height":283,"mime-type":"image\/jpeg","filesize":31062,"source_url":"https:\/\/www.supremeyachts.hr\/wp-content\/uploads\/2023\/10\/5_Flyer6-sundeck-C-.RGB_color.0005.JPG-1832px-f2-600x283.jpg"},"medium":{"file":"5_Flyer6-sundeck-C-.RGB_color.0005.JPG-1832px-f2-300x141.jpg","width":300,"height":141,"mime-type":"image\/jpeg","filesize":17105,"source_url":"https:\/\/www.supremeyachts.hr\/wp-content\/uploads\/2023\/10\/5_Flyer6-sundeck-C-.RGB_color.0005.JPG-1832px-f2-300x141.jpg"},"thumbnail":{"file":"5_Flyer6-sundeck-C-.RGB_color.0005.JPG-1832px-f2-150x150.jpg","width":150,"height":150,"mime-type":"image\/jpeg","filesize":13266,"source_url":"https:\/\/www.supremeyachts.hr\/wp-content\/uploads\/2023\/10\/5_Flyer6-sundeck-C-.RGB_color.0005.JPG-1832px-f2-150x150.jpg"},"medium_large":{"file":"5_Flyer6-sundeck-C-.RGB_color.0005.JPG-1832px-f2-768x362.jpg","width":768,"height":362,"mime-type":"image\/jpeg","filesize":63977,"source_url":"https:\/\/www.supremeyachts.hr\/wp-content\/uploads\/2023\/10\/5_Flyer6-sundeck-C-.RGB_color.0005.JPG-1832px-f2-768x362.jpg"}}},"alt_text":"","url":"","target":""},{"id":122,"title":"5_Flyer6-sundeck-C-.RGB_color.0001.tif-1832px-f2","caption":"","full_image_url":"https:\/\/www.supremeyachts.hr\/wp-content\/uploads\/2023\/10\/5_Flyer6-sundeck-C-.RGB_color.0001.tif-1832px-f2.jpg","thumbnail_image_url":"https:\/\/www.supremeyachts.hr\/wp-content\/uploads\/2023\/10\/5_Flyer6-sundeck-C-.RGB_color.0001.tif-1832px-f2-150x150.jpg","large_srcset":"https:\/\/www.supremeyachts.hr\/wp-content\/uploads\/2023\/10\/5_Flyer6-sundeck-C-.RGB_color.0001.tif-1832px-f2.jpg 960w, https:\/\/www.supremeyachts.hr\/wp-content\/uploads\/2023\/10\/5_Flyer6-sundeck-C-.RGB_color.0001.tif-1832px-f2-600x283.jpg 600w, https:\/\/www.supremeyachts.hr\/wp-content\/uploads\/2023\/10\/5_Flyer6-sundeck-C-.RGB_color.0001.tif-1832px-f2-300x141.jpg 300w, https:\/\/www.supremeyachts.hr\/wp-content\/uploads\/2023\/10\/5_Flyer6-sundeck-C-.RGB_color.0001.tif-1832px-f2-768x362.jpg 768w","medium_srcset":"https:\/\/www.supremeyachts.hr\/wp-content\/uploads\/2023\/10\/5_Flyer6-sundeck-C-.RGB_color.0001.tif-1832px-f2-300x141.jpg 300w, https:\/\/www.supremeyachts.hr\/wp-content\/uploads\/2023\/10\/5_Flyer6-sundeck-C-.RGB_color.0001.tif-1832px-f2-600x283.jpg 600w, https:\/\/www.supremeyachts.hr\/wp-content\/uploads\/2023\/10\/5_Flyer6-sundeck-C-.RGB_color.0001.tif-1832px-f2-768x362.jpg 768w, https:\/\/www.supremeyachts.hr\/wp-content\/uploads\/2023\/10\/5_Flyer6-sundeck-C-.RGB_color.0001.tif-1832px-f2.jpg 960w","media_details":{"width":960,"height":452,"sizes":{"woocommerce_thumbnail":{"file":"5_Flyer6-sundeck-C-.RGB_color.0001.tif-1832px-f2-300x300.jpg","width":300,"height":300,"mime-type":"image\/jpeg","filesize":11805,"uncropped":false,"source_url":"https:\/\/www.supremeyachts.hr\/wp-content\/uploads\/2023\/10\/5_Flyer6-sundeck-C-.RGB_color.0001.tif-1832px-f2-300x300.jpg"},"woocommerce_gallery_thumbnail":{"file":"5_Flyer6-sundeck-C-.RGB_color.0001.tif-1832px-f2-100x100.jpg","width":100,"height":100,"mime-type":"image\/jpeg","filesize":2781,"source_url":"https:\/\/www.supremeyachts.hr\/wp-content\/uploads\/2023\/10\/5_Flyer6-sundeck-C-.RGB_color.0001.tif-1832px-f2-100x100.jpg"},"woocommerce_single":{"file":"5_Flyer6-sundeck-C-.RGB_color.0001.tif-1832px-f2-600x283.jpg","width":600,"height":283,"mime-type":"image\/jpeg","filesize":19794,"source_url":"https:\/\/www.supremeyachts.hr\/wp-content\/uploads\/2023\/10\/5_Flyer6-sundeck-C-.RGB_color.0001.tif-1832px-f2-600x283.jpg"},"medium":{"file":"5_Flyer6-sundeck-C-.RGB_color.0001.tif-1832px-f2-300x141.jpg","width":300,"height":141,"mime-type":"image\/jpeg","filesize":9476,"source_url":"https:\/\/www.supremeyachts.hr\/wp-content\/uploads\/2023\/10\/5_Flyer6-sundeck-C-.RGB_color.0001.tif-1832px-f2-300x141.jpg"},"thumbnail":{"file":"5_Flyer6-sundeck-C-.RGB_color.0001.tif-1832px-f2-150x150.jpg","width":150,"height":150,"mime-type":"image\/jpeg","filesize":7065,"source_url":"https:\/\/www.supremeyachts.hr\/wp-content\/uploads\/2023\/10\/5_Flyer6-sundeck-C-.RGB_color.0001.tif-1832px-f2-150x150.jpg"},"medium_large":{"file":"5_Flyer6-sundeck-C-.RGB_color.0001.tif-1832px-f2-768x362.jpg","width":768,"height":362,"mime-type":"image\/jpeg","filesize":28291,"source_url":"https:\/\/www.supremeyachts.hr\/wp-content\/uploads\/2023\/10\/5_Flyer6-sundeck-C-.RGB_color.0001.tif-1832px-f2-768x362.jpg"}}},"alt_text":"","url":"","target":""},{"id":121,"title":"5_Flyer6-sundeck-C-.RGB_color.0000.tif-1832px-f2","caption":"","full_image_url":"https:\/\/www.supremeyachts.hr\/wp-content\/uploads\/2023\/10\/5_Flyer6-sundeck-C-.RGB_color.0000.tif-1832px-f2.jpg","thumbnail_image_url":"https:\/\/www.supremeyachts.hr\/wp-content\/uploads\/2023\/10\/5_Flyer6-sundeck-C-.RGB_color.0000.tif-1832px-f2-150x150.jpg","large_srcset":"https:\/\/www.supremeyachts.hr\/wp-content\/uploads\/2023\/10\/5_Flyer6-sundeck-C-.RGB_color.0000.tif-1832px-f2.jpg 960w, https:\/\/www.supremeyachts.hr\/wp-content\/uploads\/2023\/10\/5_Flyer6-sundeck-C-.RGB_color.0000.tif-1832px-f2-600x283.jpg 600w, https:\/\/www.supremeyachts.hr\/wp-content\/uploads\/2023\/10\/5_Flyer6-sundeck-C-.RGB_color.0000.tif-1832px-f2-300x141.jpg 300w, https:\/\/www.supremeyachts.hr\/wp-content\/uploads\/2023\/10\/5_Flyer6-sundeck-C-.RGB_color.0000.tif-1832px-f2-768x362.jpg 768w","medium_srcset":"https:\/\/www.supremeyachts.hr\/wp-content\/uploads\/2023\/10\/5_Flyer6-sundeck-C-.RGB_color.0000.tif-1832px-f2-300x141.jpg 300w, https:\/\/www.supremeyachts.hr\/wp-content\/uploads\/2023\/10\/5_Flyer6-sundeck-C-.RGB_color.0000.tif-1832px-f2-600x283.jpg 600w, https:\/\/www.supremeyachts.hr\/wp-content\/uploads\/2023\/10\/5_Flyer6-sundeck-C-.RGB_color.0000.tif-1832px-f2-768x362.jpg 768w, https:\/\/www.supremeyachts.hr\/wp-content\/uploads\/2023\/10\/5_Flyer6-sundeck-C-.RGB_color.0000.tif-1832px-f2.jpg 960w","media_details":{"width":960,"height":452,"sizes":{"woocommerce_thumbnail":{"file":"5_Flyer6-sundeck-C-.RGB_color.0000.tif-1832px-f2-300x300.jpg","width":300,"height":300,"mime-type":"image\/jpeg","filesize":13349,"uncropped":false,"source_url":"https:\/\/www.supremeyachts.hr\/wp-content\/uploads\/2023\/10\/5_Flyer6-sundeck-C-.RGB_color.0000.tif-1832px-f2-300x300.jpg"},"woocommerce_gallery_thumbnail":{"file":"5_Flyer6-sundeck-C-.RGB_color.0000.tif-1832px-f2-100x100.jpg","width":100,"height":100,"mime-type":"image\/jpeg","filesize":3025,"source_url":"https:\/\/www.supremeyachts.hr\/wp-content\/uploads\/2023\/10\/5_Flyer6-sundeck-C-.RGB_color.0000.tif-1832px-f2-100x100.jpg"},"woocommerce_single":{"file":"5_Flyer6-sundeck-C-.RGB_color.0000.tif-1832px-f2-600x283.jpg","width":600,"height":283,"mime-type":"image\/jpeg","filesize":21486,"source_url":"https:\/\/www.supremeyachts.hr\/wp-content\/uploads\/2023\/10\/5_Flyer6-sundeck-C-.RGB_color.0000.tif-1832px-f2-600x283.jpg"},"medium":{"file":"5_Flyer6-sundeck-C-.RGB_color.0000.tif-1832px-f2-300x141.jpg","width":300,"height":141,"mime-type":"image\/jpeg","filesize":10075,"source_url":"https:\/\/www.supremeyachts.hr\/wp-content\/uploads\/2023\/10\/5_Flyer6-sundeck-C-.RGB_color.0000.tif-1832px-f2-300x141.jpg"},"thumbnail":{"file":"5_Flyer6-sundeck-C-.RGB_color.0000.tif-1832px-f2-150x150.jpg","width":150,"height":150,"mime-type":"image\/jpeg","filesize":7582,"source_url":"https:\/\/www.supremeyachts.hr\/wp-content\/uploads\/2023\/10\/5_Flyer6-sundeck-C-.RGB_color.0000.tif-1832px-f2-150x150.jpg"},"medium_large":{"file":"5_Flyer6-sundeck-C-.RGB_color.0000.tif-1832px-f2-768x362.jpg","width":768,"height":362,"mime-type":"image\/jpeg","filesize":30730,"source_url":"https:\/\/www.supremeyachts.hr\/wp-content\/uploads\/2023\/10\/5_Flyer6-sundeck-C-.RGB_color.0000.tif-1832px-f2-768x362.jpg"}}},"alt_text":"","url":"","target":""}],[{"id":98,"title":"JEAN-BAPTISTE D'ENQUIN \/ BENETEAU FLYER 6","caption":"","full_image_url":"https:\/\/www.supremeyachts.hr\/wp-content\/uploads\/2023\/10\/1__5JB6273.jpg-1900px-f2.jpg","thumbnail_image_url":"https:\/\/www.supremeyachts.hr\/wp-content\/uploads\/2023\/10\/1__5JB6273.jpg-1900px-f2-150x150.jpg","large_srcset":"https:\/\/www.supremeyachts.hr\/wp-content\/uploads\/2023\/10\/1__5JB6273.jpg-1900px-f2.jpg 960w, https:\/\/www.supremeyachts.hr\/wp-content\/uploads\/2023\/10\/1__5JB6273.jpg-1900px-f2-600x400.jpg 600w, https:\/\/www.supremeyachts.hr\/wp-content\/uploads\/2023\/10\/1__5JB6273.jpg-1900px-f2-300x200.jpg 300w, https:\/\/www.supremeyachts.hr\/wp-content\/uploads\/2023\/10\/1__5JB6273.jpg-1900px-f2-768x512.jpg 768w","medium_srcset":"https:\/\/www.supremeyachts.hr\/wp-content\/uploads\/2023\/10\/1__5JB6273.jpg-1900px-f2-300x200.jpg 300w, https:\/\/www.supremeyachts.hr\/wp-content\/uploads\/2023\/10\/1__5JB6273.jpg-1900px-f2-600x400.jpg 600w, https:\/\/www.supremeyachts.hr\/wp-content\/uploads\/2023\/10\/1__5JB6273.jpg-1900px-f2-768x512.jpg 768w, https:\/\/www.supremeyachts.hr\/wp-content\/uploads\/2023\/10\/1__5JB6273.jpg-1900px-f2.jpg 960w","media_details":{"width":960,"height":640,"sizes":{"woocommerce_thumbnail":{"file":"1__5JB6273.jpg-1900px-f2-300x300.jpg","width":300,"height":300,"mime-type":"image\/jpeg","filesize":23992,"uncropped":false,"source_url":"https:\/\/www.supremeyachts.hr\/wp-content\/uploads\/2023\/10\/1__5JB6273.jpg-1900px-f2-300x300.jpg"},"woocommerce_gallery_thumbnail":{"file":"1__5JB6273.jpg-1900px-f2-100x100.jpg","width":100,"height":100,"mime-type":"image\/jpeg","filesize":4579,"source_url":"https:\/\/www.supremeyachts.hr\/wp-content\/uploads\/2023\/10\/1__5JB6273.jpg-1900px-f2-100x100.jpg"},"woocommerce_single":{"file":"1__5JB6273.jpg-1900px-f2-600x400.jpg","width":600,"height":400,"mime-type":"image\/jpeg","filesize":53277,"source_url":"https:\/\/www.supremeyachts.hr\/wp-content\/uploads\/2023\/10\/1__5JB6273.jpg-1900px-f2-600x400.jpg"},"medium":{"file":"1__5JB6273.jpg-1900px-f2-300x200.jpg","width":300,"height":200,"mime-type":"image\/jpeg","filesize":31938,"source_url":"https:\/\/www.supremeyachts.hr\/wp-content\/uploads\/2023\/10\/1__5JB6273.jpg-1900px-f2-300x200.jpg"},"thumbnail":{"file":"1__5JB6273.jpg-1900px-f2-150x150.jpg","width":150,"height":150,"mime-type":"image\/jpeg","filesize":20945,"source_url":"https:\/\/www.supremeyachts.hr\/wp-content\/uploads\/2023\/10\/1__5JB6273.jpg-1900px-f2-150x150.jpg"},"medium_large":{"file":"1__5JB6273.jpg-1900px-f2-768x512.jpg","width":768,"height":512,"mime-type":"image\/jpeg","filesize":104635,"source_url":"https:\/\/www.supremeyachts.hr\/wp-content\/uploads\/2023\/10\/1__5JB6273.jpg-1900px-f2-768x512.jpg"}}},"alt_text":"","url":"","target":""},{"id":97,"title":"JEAN-BAPTISTE D'ENQUIN \/ BENETEAU FLYER 6","caption":"","full_image_url":"https:\/\/www.supremeyachts.hr\/wp-content\/uploads\/2023\/10\/1__5JB6221.jpg-1900px-f2.jpg","thumbnail_image_url":"https:\/\/www.supremeyachts.hr\/wp-content\/uploads\/2023\/10\/1__5JB6221.jpg-1900px-f2-150x150.jpg","large_srcset":"https:\/\/www.supremeyachts.hr\/wp-content\/uploads\/2023\/10\/1__5JB6221.jpg-1900px-f2.jpg 960w, https:\/\/www.supremeyachts.hr\/wp-content\/uploads\/2023\/10\/1__5JB6221.jpg-1900px-f2-600x400.jpg 600w, https:\/\/www.supremeyachts.hr\/wp-content\/uploads\/2023\/10\/1__5JB6221.jpg-1900px-f2-300x200.jpg 300w, https:\/\/www.supremeyachts.hr\/wp-content\/uploads\/2023\/10\/1__5JB6221.jpg-1900px-f2-768x512.jpg 768w","medium_srcset":"https:\/\/www.supremeyachts.hr\/wp-content\/uploads\/2023\/10\/1__5JB6221.jpg-1900px-f2-300x200.jpg 300w, https:\/\/www.supremeyachts.hr\/wp-content\/uploads\/2023\/10\/1__5JB6221.jpg-1900px-f2-600x400.jpg 600w, https:\/\/www.supremeyachts.hr\/wp-content\/uploads\/2023\/10\/1__5JB6221.jpg-1900px-f2-768x512.jpg 768w, https:\/\/www.supremeyachts.hr\/wp-content\/uploads\/2023\/10\/1__5JB6221.jpg-1900px-f2.jpg 960w","media_details":{"width":960,"height":640,"sizes":{"woocommerce_thumbnail":{"file":"1__5JB6221.jpg-1900px-f2-300x300.jpg","width":300,"height":300,"mime-type":"image\/jpeg","filesize":21688,"uncropped":false,"source_url":"https:\/\/www.supremeyachts.hr\/wp-content\/uploads\/2023\/10\/1__5JB6221.jpg-1900px-f2-300x300.jpg"},"woocommerce_gallery_thumbnail":{"file":"1__5JB6221.jpg-1900px-f2-100x100.jpg","width":100,"height":100,"mime-type":"image\/jpeg","filesize":3902,"source_url":"https:\/\/www.supremeyachts.hr\/wp-content\/uploads\/2023\/10\/1__5JB6221.jpg-1900px-f2-100x100.jpg"},"woocommerce_single":{"file":"1__5JB6221.jpg-1900px-f2-600x400.jpg","width":600,"height":400,"mime-type":"image\/jpeg","filesize":49283,"source_url":"https:\/\/www.supremeyachts.hr\/wp-content\/uploads\/2023\/10\/1__5JB6221.jpg-1900px-f2-600x400.jpg"},"medium":{"file":"1__5JB6221.jpg-1900px-f2-300x200.jpg","width":300,"height":200,"mime-type":"image\/jpeg","filesize":30122,"source_url":"https:\/\/www.supremeyachts.hr\/wp-content\/uploads\/2023\/10\/1__5JB6221.jpg-1900px-f2-300x200.jpg"},"thumbnail":{"file":"1__5JB6221.jpg-1900px-f2-150x150.jpg","width":150,"height":150,"mime-type":"image\/jpeg","filesize":20176,"source_url":"https:\/\/www.supremeyachts.hr\/wp-content\/uploads\/2023\/10\/1__5JB6221.jpg-1900px-f2-150x150.jpg"},"medium_large":{"file":"1__5JB6221.jpg-1900px-f2-768x512.jpg","width":768,"height":512,"mime-type":"image\/jpeg","filesize":101848,"source_url":"https:\/\/www.supremeyachts.hr\/wp-content\/uploads\/2023\/10\/1__5JB6221.jpg-1900px-f2-768x512.jpg"}}},"alt_text":"","url":"","target":""},{"id":96,"title":"JEAN-BAPTISTE D'ENQUIN \/ BENETEAU FLYER 6","caption":"","full_image_url":"https:\/\/www.supremeyachts.hr\/wp-content\/uploads\/2023\/10\/1__5JB6221.jpg-1900px-f2-1.jpg","thumbnail_image_url":"https:\/\/www.supremeyachts.hr\/wp-content\/uploads\/2023\/10\/1__5JB6221.jpg-1900px-f2-1-150x150.jpg","large_srcset":"https:\/\/www.supremeyachts.hr\/wp-content\/uploads\/2023\/10\/1__5JB6221.jpg-1900px-f2-1.jpg 960w, https:\/\/www.supremeyachts.hr\/wp-content\/uploads\/2023\/10\/1__5JB6221.jpg-1900px-f2-1-600x400.jpg 600w, https:\/\/www.supremeyachts.hr\/wp-content\/uploads\/2023\/10\/1__5JB6221.jpg-1900px-f2-1-300x200.jpg 300w, https:\/\/www.supremeyachts.hr\/wp-content\/uploads\/2023\/10\/1__5JB6221.jpg-1900px-f2-1-768x512.jpg 768w","medium_srcset":"https:\/\/www.supremeyachts.hr\/wp-content\/uploads\/2023\/10\/1__5JB6221.jpg-1900px-f2-1-300x200.jpg 300w, https:\/\/www.supremeyachts.hr\/wp-content\/uploads\/2023\/10\/1__5JB6221.jpg-1900px-f2-1-600x400.jpg 600w, https:\/\/www.supremeyachts.hr\/wp-content\/uploads\/2023\/10\/1__5JB6221.jpg-1900px-f2-1-768x512.jpg 768w, https:\/\/www.supremeyachts.hr\/wp-content\/uploads\/2023\/10\/1__5JB6221.jpg-1900px-f2-1.jpg 960w","media_details":{"width":960,"height":640,"sizes":{"woocommerce_thumbnail":{"file":"1__5JB6221.jpg-1900px-f2-1-300x300.jpg","width":300,"height":300,"mime-type":"image\/jpeg","filesize":21688,"uncropped":false,"source_url":"https:\/\/www.supremeyachts.hr\/wp-content\/uploads\/2023\/10\/1__5JB6221.jpg-1900px-f2-1-300x300.jpg"},"woocommerce_gallery_thumbnail":{"file":"1__5JB6221.jpg-1900px-f2-1-100x100.jpg","width":100,"height":100,"mime-type":"image\/jpeg","filesize":3902,"source_url":"https:\/\/www.supremeyachts.hr\/wp-content\/uploads\/2023\/10\/1__5JB6221.jpg-1900px-f2-1-100x100.jpg"},"woocommerce_single":{"file":"1__5JB6221.jpg-1900px-f2-1-600x400.jpg","width":600,"height":400,"mime-type":"image\/jpeg","filesize":49283,"source_url":"https:\/\/www.supremeyachts.hr\/wp-content\/uploads\/2023\/10\/1__5JB6221.jpg-1900px-f2-1-600x400.jpg"},"medium":{"file":"1__5JB6221.jpg-1900px-f2-1-300x200.jpg","width":300,"height":200,"mime-type":"image\/jpeg","filesize":30122,"source_url":"https:\/\/www.supremeyachts.hr\/wp-content\/uploads\/2023\/10\/1__5JB6221.jpg-1900px-f2-1-300x200.jpg"},"thumbnail":{"file":"1__5JB6221.jpg-1900px-f2-1-150x150.jpg","width":150,"height":150,"mime-type":"image\/jpeg","filesize":20176,"source_url":"https:\/\/www.supremeyachts.hr\/wp-content\/uploads\/2023\/10\/1__5JB6221.jpg-1900px-f2-1-150x150.jpg"},"medium_large":{"file":"1__5JB6221.jpg-1900px-f2-1-768x512.jpg","width":768,"height":512,"mime-type":"image\/jpeg","filesize":101848,"source_url":"https:\/\/www.supremeyachts.hr\/wp-content\/uploads\/2023\/10\/1__5JB6221.jpg-1900px-f2-1-768x512.jpg"}}},"alt_text":"","url":"","target":""},{"id":95,"title":"JEAN-BAPTISTE D'ENQUIN \/ BENETEAU FLYER 6","caption":"","full_image_url":"https:\/\/www.supremeyachts.hr\/wp-content\/uploads\/2023\/10\/1__5JB5858.jpg-1900px-f2.jpg","thumbnail_image_url":"https:\/\/www.supremeyachts.hr\/wp-content\/uploads\/2023\/10\/1__5JB5858.jpg-1900px-f2-150x150.jpg","large_srcset":"https:\/\/www.supremeyachts.hr\/wp-content\/uploads\/2023\/10\/1__5JB5858.jpg-1900px-f2.jpg 960w, https:\/\/www.supremeyachts.hr\/wp-content\/uploads\/2023\/10\/1__5JB5858.jpg-1900px-f2-600x400.jpg 600w, https:\/\/www.supremeyachts.hr\/wp-content\/uploads\/2023\/10\/1__5JB5858.jpg-1900px-f2-300x200.jpg 300w, https:\/\/www.supremeyachts.hr\/wp-content\/uploads\/2023\/10\/1__5JB5858.jpg-1900px-f2-768x512.jpg 768w","medium_srcset":"https:\/\/www.supremeyachts.hr\/wp-content\/uploads\/2023\/10\/1__5JB5858.jpg-1900px-f2-300x200.jpg 300w, https:\/\/www.supremeyachts.hr\/wp-content\/uploads\/2023\/10\/1__5JB5858.jpg-1900px-f2-600x400.jpg 600w, https:\/\/www.supremeyachts.hr\/wp-content\/uploads\/2023\/10\/1__5JB5858.jpg-1900px-f2-768x512.jpg 768w, https:\/\/www.supremeyachts.hr\/wp-content\/uploads\/2023\/10\/1__5JB5858.jpg-1900px-f2.jpg 960w","media_details":{"width":960,"height":640,"sizes":{"woocommerce_thumbnail":{"file":"1__5JB5858.jpg-1900px-f2-300x300.jpg","width":300,"height":300,"mime-type":"image\/jpeg","filesize":17175,"uncropped":false,"source_url":"https:\/\/www.supremeyachts.hr\/wp-content\/uploads\/2023\/10\/1__5JB5858.jpg-1900px-f2-300x300.jpg"},"woocommerce_gallery_thumbnail":{"file":"1__5JB5858.jpg-1900px-f2-100x100.jpg","width":100,"height":100,"mime-type":"image\/jpeg","filesize":3282,"source_url":"https:\/\/www.supremeyachts.hr\/wp-content\/uploads\/2023\/10\/1__5JB5858.jpg-1900px-f2-100x100.jpg"},"woocommerce_single":{"file":"1__5JB5858.jpg-1900px-f2-600x400.jpg","width":600,"height":400,"mime-type":"image\/jpeg","filesize":36490,"source_url":"https:\/\/www.supremeyachts.hr\/wp-content\/uploads\/2023\/10\/1__5JB5858.jpg-1900px-f2-600x400.jpg"},"medium":{"file":"1__5JB5858.jpg-1900px-f2-300x200.jpg","width":300,"height":200,"mime-type":"image\/jpeg","filesize":26832,"source_url":"https:\/\/www.supremeyachts.hr\/wp-content\/uploads\/2023\/10\/1__5JB5858.jpg-1900px-f2-300x200.jpg"},"thumbnail":{"file":"1__5JB5858.jpg-1900px-f2-150x150.jpg","width":150,"height":150,"mime-type":"image\/jpeg","filesize":19104,"source_url":"https:\/\/www.supremeyachts.hr\/wp-content\/uploads\/2023\/10\/1__5JB5858.jpg-1900px-f2-150x150.jpg"},"medium_large":{"file":"1__5JB5858.jpg-1900px-f2-768x512.jpg","width":768,"height":512,"mime-type":"image\/jpeg","filesize":82403,"source_url":"https:\/\/www.supremeyachts.hr\/wp-content\/uploads\/2023\/10\/1__5JB5858.jpg-1900px-f2-768x512.jpg"}}},"alt_text":"","url":"","target":""},{"id":94,"title":"JEAN-BAPTISTE D'ENQUIN \/ BENETEAU FLYER 6","caption":"","full_image_url":"https:\/\/www.supremeyachts.hr\/wp-content\/uploads\/2023\/10\/1__5JB5831.jpg-1900px-f2.jpg","thumbnail_image_url":"https:\/\/www.supremeyachts.hr\/wp-content\/uploads\/2023\/10\/1__5JB5831.jpg-1900px-f2-150x150.jpg","large_srcset":"https:\/\/www.supremeyachts.hr\/wp-content\/uploads\/2023\/10\/1__5JB5831.jpg-1900px-f2.jpg 960w, https:\/\/www.supremeyachts.hr\/wp-content\/uploads\/2023\/10\/1__5JB5831.jpg-1900px-f2-600x400.jpg 600w, https:\/\/www.supremeyachts.hr\/wp-content\/uploads\/2023\/10\/1__5JB5831.jpg-1900px-f2-300x200.jpg 300w, https:\/\/www.supremeyachts.hr\/wp-content\/uploads\/2023\/10\/1__5JB5831.jpg-1900px-f2-768x512.jpg 768w","medium_srcset":"https:\/\/www.supremeyachts.hr\/wp-content\/uploads\/2023\/10\/1__5JB5831.jpg-1900px-f2-300x200.jpg 300w, https:\/\/www.supremeyachts.hr\/wp-content\/uploads\/2023\/10\/1__5JB5831.jpg-1900px-f2-600x400.jpg 600w, https:\/\/www.supremeyachts.hr\/wp-content\/uploads\/2023\/10\/1__5JB5831.jpg-1900px-f2-768x512.jpg 768w, https:\/\/www.supremeyachts.hr\/wp-content\/uploads\/2023\/10\/1__5JB5831.jpg-1900px-f2.jpg 960w","media_details":{"width":960,"height":640,"sizes":{"woocommerce_thumbnail":{"file":"1__5JB5831.jpg-1900px-f2-300x300.jpg","width":300,"height":300,"mime-type":"image\/jpeg","filesize":19361,"uncropped":false,"source_url":"https:\/\/www.supremeyachts.hr\/wp-content\/uploads\/2023\/10\/1__5JB5831.jpg-1900px-f2-300x300.jpg"},"woocommerce_gallery_thumbnail":{"file":"1__5JB5831.jpg-1900px-f2-100x100.jpg","width":100,"height":100,"mime-type":"image\/jpeg","filesize":3564,"source_url":"https:\/\/www.supremeyachts.hr\/wp-content\/uploads\/2023\/10\/1__5JB5831.jpg-1900px-f2-100x100.jpg"},"woocommerce_single":{"file":"1__5JB5831.jpg-1900px-f2-600x400.jpg","width":600,"height":400,"mime-type":"image\/jpeg","filesize":43785,"source_url":"https:\/\/www.supremeyachts.hr\/wp-content\/uploads\/2023\/10\/1__5JB5831.jpg-1900px-f2-600x400.jpg"},"medium":{"file":"1__5JB5831.jpg-1900px-f2-300x200.jpg","width":300,"height":200,"mime-type":"image\/jpeg","filesize":29467,"source_url":"https:\/\/www.supremeyachts.hr\/wp-content\/uploads\/2023\/10\/1__5JB5831.jpg-1900px-f2-300x200.jpg"},"thumbnail":{"file":"1__5JB5831.jpg-1900px-f2-150x150.jpg","width":150,"height":150,"mime-type":"image\/jpeg","filesize":19738,"source_url":"https:\/\/www.supremeyachts.hr\/wp-content\/uploads\/2023\/10\/1__5JB5831.jpg-1900px-f2-150x150.jpg"},"medium_large":{"file":"1__5JB5831.jpg-1900px-f2-768x512.jpg","width":768,"height":512,"mime-type":"image\/jpeg","filesize":97021,"source_url":"https:\/\/www.supremeyachts.hr\/wp-content\/uploads\/2023\/10\/1__5JB5831.jpg-1900px-f2-768x512.jpg"}}},"alt_text":"","url":"","target":""},{"id":93,"title":"JEAN-BAPTISTE D'ENQUIN \/ BENETEAU FLYER 6","caption":"","full_image_url":"https:\/\/www.supremeyachts.hr\/wp-content\/uploads\/2023\/10\/1__5JB5831.jpg-1900px-f2-1.jpg","thumbnail_image_url":"https:\/\/www.supremeyachts.hr\/wp-content\/uploads\/2023\/10\/1__5JB5831.jpg-1900px-f2-1-150x150.jpg","large_srcset":"https:\/\/www.supremeyachts.hr\/wp-content\/uploads\/2023\/10\/1__5JB5831.jpg-1900px-f2-1.jpg 960w, https:\/\/www.supremeyachts.hr\/wp-content\/uploads\/2023\/10\/1__5JB5831.jpg-1900px-f2-1-600x400.jpg 600w, https:\/\/www.supremeyachts.hr\/wp-content\/uploads\/2023\/10\/1__5JB5831.jpg-1900px-f2-1-300x200.jpg 300w, https:\/\/www.supremeyachts.hr\/wp-content\/uploads\/2023\/10\/1__5JB5831.jpg-1900px-f2-1-768x512.jpg 768w","medium_srcset":"https:\/\/www.supremeyachts.hr\/wp-content\/uploads\/2023\/10\/1__5JB5831.jpg-1900px-f2-1-300x200.jpg 300w, https:\/\/www.supremeyachts.hr\/wp-content\/uploads\/2023\/10\/1__5JB5831.jpg-1900px-f2-1-600x400.jpg 600w, https:\/\/www.supremeyachts.hr\/wp-content\/uploads\/2023\/10\/1__5JB5831.jpg-1900px-f2-1-768x512.jpg 768w, https:\/\/www.supremeyachts.hr\/wp-content\/uploads\/2023\/10\/1__5JB5831.jpg-1900px-f2-1.jpg 960w","media_details":{"width":960,"height":640,"sizes":{"woocommerce_thumbnail":{"file":"1__5JB5831.jpg-1900px-f2-1-300x300.jpg","width":300,"height":300,"mime-type":"image\/jpeg","filesize":19361,"uncropped":false,"source_url":"https:\/\/www.supremeyachts.hr\/wp-content\/uploads\/2023\/10\/1__5JB5831.jpg-1900px-f2-1-300x300.jpg"},"woocommerce_gallery_thumbnail":{"file":"1__5JB5831.jpg-1900px-f2-1-100x100.jpg","width":100,"height":100,"mime-type":"image\/jpeg","filesize":3564,"source_url":"https:\/\/www.supremeyachts.hr\/wp-content\/uploads\/2023\/10\/1__5JB5831.jpg-1900px-f2-1-100x100.jpg"},"woocommerce_single":{"file":"1__5JB5831.jpg-1900px-f2-1-600x400.jpg","width":600,"height":400,"mime-type":"image\/jpeg","filesize":43785,"source_url":"https:\/\/www.supremeyachts.hr\/wp-content\/uploads\/2023\/10\/1__5JB5831.jpg-1900px-f2-1-600x400.jpg"},"medium":{"file":"1__5JB5831.jpg-1900px-f2-1-300x200.jpg","width":300,"height":200,"mime-type":"image\/jpeg","filesize":29467,"source_url":"https:\/\/www.supremeyachts.hr\/wp-content\/uploads\/2023\/10\/1__5JB5831.jpg-1900px-f2-1-300x200.jpg"},"thumbnail":{"file":"1__5JB5831.jpg-1900px-f2-1-150x150.jpg","width":150,"height":150,"mime-type":"image\/jpeg","filesize":19738,"source_url":"https:\/\/www.supremeyachts.hr\/wp-content\/uploads\/2023\/10\/1__5JB5831.jpg-1900px-f2-1-150x150.jpg"},"medium_large":{"file":"1__5JB5831.jpg-1900px-f2-1-768x512.jpg","width":768,"height":512,"mime-type":"image\/jpeg","filesize":97021,"source_url":"https:\/\/www.supremeyachts.hr\/wp-content\/uploads\/2023\/10\/1__5JB5831.jpg-1900px-f2-1-768x512.jpg"}}},"alt_text":"","url":"","target":""},{"id":92,"title":"JEAN-BAPTISTE D'ENQUIN \/ BENETEAU FLYER 6","caption":"","full_image_url":"https:\/\/www.supremeyachts.hr\/wp-content\/uploads\/2023\/10\/1__5JB5532.jpg-1900px-f2.jpg","thumbnail_image_url":"https:\/\/www.supremeyachts.hr\/wp-content\/uploads\/2023\/10\/1__5JB5532.jpg-1900px-f2-150x150.jpg","large_srcset":"https:\/\/www.supremeyachts.hr\/wp-content\/uploads\/2023\/10\/1__5JB5532.jpg-1900px-f2.jpg 960w, https:\/\/www.supremeyachts.hr\/wp-content\/uploads\/2023\/10\/1__5JB5532.jpg-1900px-f2-600x400.jpg 600w, https:\/\/www.supremeyachts.hr\/wp-content\/uploads\/2023\/10\/1__5JB5532.jpg-1900px-f2-300x200.jpg 300w, https:\/\/www.supremeyachts.hr\/wp-content\/uploads\/2023\/10\/1__5JB5532.jpg-1900px-f2-768x512.jpg 768w","medium_srcset":"https:\/\/www.supremeyachts.hr\/wp-content\/uploads\/2023\/10\/1__5JB5532.jpg-1900px-f2-300x200.jpg 300w, https:\/\/www.supremeyachts.hr\/wp-content\/uploads\/2023\/10\/1__5JB5532.jpg-1900px-f2-600x400.jpg 600w, https:\/\/www.supremeyachts.hr\/wp-content\/uploads\/2023\/10\/1__5JB5532.jpg-1900px-f2-768x512.jpg 768w, https:\/\/www.supremeyachts.hr\/wp-content\/uploads\/2023\/10\/1__5JB5532.jpg-1900px-f2.jpg 960w","media_details":{"width":960,"height":640,"sizes":{"woocommerce_thumbnail":{"file":"1__5JB5532.jpg-1900px-f2-300x300.jpg","width":300,"height":300,"mime-type":"image\/jpeg","filesize":17271,"uncropped":false,"source_url":"https:\/\/www.supremeyachts.hr\/wp-content\/uploads\/2023\/10\/1__5JB5532.jpg-1900px-f2-300x300.jpg"},"woocommerce_gallery_thumbnail":{"file":"1__5JB5532.jpg-1900px-f2-100x100.jpg","width":100,"height":100,"mime-type":"image\/jpeg","filesize":3551,"source_url":"https:\/\/www.supremeyachts.hr\/wp-content\/uploads\/2023\/10\/1__5JB5532.jpg-1900px-f2-100x100.jpg"},"woocommerce_single":{"file":"1__5JB5532.jpg-1900px-f2-600x400.jpg","width":600,"height":400,"mime-type":"image\/jpeg","filesize":36433,"source_url":"https:\/\/www.supremeyachts.hr\/wp-content\/uploads\/2023\/10\/1__5JB5532.jpg-1900px-f2-600x400.jpg"},"medium":{"file":"1__5JB5532.jpg-1900px-f2-300x200.jpg","width":300,"height":200,"mime-type":"image\/jpeg","filesize":27440,"source_url":"https:\/\/www.supremeyachts.hr\/wp-content\/uploads\/2023\/10\/1__5JB5532.jpg-1900px-f2-300x200.jpg"},"thumbnail":{"file":"1__5JB5532.jpg-1900px-f2-150x150.jpg","width":150,"height":150,"mime-type":"image\/jpeg","filesize":19332,"source_url":"https:\/\/www.supremeyachts.hr\/wp-content\/uploads\/2023\/10\/1__5JB5532.jpg-1900px-f2-150x150.jpg"},"medium_large":{"file":"1__5JB5532.jpg-1900px-f2-768x512.jpg","width":768,"height":512,"mime-type":"image\/jpeg","filesize":80245,"source_url":"https:\/\/www.supremeyachts.hr\/wp-content\/uploads\/2023\/10\/1__5JB5532.jpg-1900px-f2-768x512.jpg"}}},"alt_text":"","url":"","target":""},{"id":91,"title":"JEAN-BAPTISTE D'ENQUIN \/ BENETEAU FLYER 6","caption":"","full_image_url":"https:\/\/www.supremeyachts.hr\/wp-content\/uploads\/2023\/10\/1__5JB5500.jpg-1900px-f2.jpg","thumbnail_image_url":"https:\/\/www.supremeyachts.hr\/wp-content\/uploads\/2023\/10\/1__5JB5500.jpg-1900px-f2-150x150.jpg","large_srcset":"https:\/\/www.supremeyachts.hr\/wp-content\/uploads\/2023\/10\/1__5JB5500.jpg-1900px-f2.jpg 960w, https:\/\/www.supremeyachts.hr\/wp-content\/uploads\/2023\/10\/1__5JB5500.jpg-1900px-f2-600x400.jpg 600w, https:\/\/www.supremeyachts.hr\/wp-content\/uploads\/2023\/10\/1__5JB5500.jpg-1900px-f2-300x200.jpg 300w, https:\/\/www.supremeyachts.hr\/wp-content\/uploads\/2023\/10\/1__5JB5500.jpg-1900px-f2-768x512.jpg 768w","medium_srcset":"https:\/\/www.supremeyachts.hr\/wp-content\/uploads\/2023\/10\/1__5JB5500.jpg-1900px-f2-300x200.jpg 300w, https:\/\/www.supremeyachts.hr\/wp-content\/uploads\/2023\/10\/1__5JB5500.jpg-1900px-f2-600x400.jpg 600w, https:\/\/www.supremeyachts.hr\/wp-content\/uploads\/2023\/10\/1__5JB5500.jpg-1900px-f2-768x512.jpg 768w, https:\/\/www.supremeyachts.hr\/wp-content\/uploads\/2023\/10\/1__5JB5500.jpg-1900px-f2.jpg 960w","media_details":{"width":960,"height":640,"sizes":{"woocommerce_thumbnail":{"file":"1__5JB5500.jpg-1900px-f2-300x300.jpg","width":300,"height":300,"mime-type":"image\/jpeg","filesize":17172,"uncropped":false,"source_url":"https:\/\/www.supremeyachts.hr\/wp-content\/uploads\/2023\/10\/1__5JB5500.jpg-1900px-f2-300x300.jpg"},"woocommerce_gallery_thumbnail":{"file":"1__5JB5500.jpg-1900px-f2-100x100.jpg","width":100,"height":100,"mime-type":"image\/jpeg","filesize":3649,"source_url":"https:\/\/www.supremeyachts.hr\/wp-content\/uploads\/2023\/10\/1__5JB5500.jpg-1900px-f2-100x100.jpg"},"woocommerce_single":{"file":"1__5JB5500.jpg-1900px-f2-600x400.jpg","width":600,"height":400,"mime-type":"image\/jpeg","filesize":33427,"source_url":"https:\/\/www.supremeyachts.hr\/wp-content\/uploads\/2023\/10\/1__5JB5500.jpg-1900px-f2-600x400.jpg"},"medium":{"file":"1__5JB5500.jpg-1900px-f2-300x200.jpg","width":300,"height":200,"mime-type":"image\/jpeg","filesize":26820,"source_url":"https:\/\/www.supremeyachts.hr\/wp-content\/uploads\/2023\/10\/1__5JB5500.jpg-1900px-f2-300x200.jpg"},"thumbnail":{"file":"1__5JB5500.jpg-1900px-f2-150x150.jpg","width":150,"height":150,"mime-type":"image\/jpeg","filesize":19708,"source_url":"https:\/\/www.supremeyachts.hr\/wp-content\/uploads\/2023\/10\/1__5JB5500.jpg-1900px-f2-150x150.jpg"},"medium_large":{"file":"1__5JB5500.jpg-1900px-f2-768x512.jpg","width":768,"height":512,"mime-type":"image\/jpeg","filesize":74665,"source_url":"https:\/\/www.supremeyachts.hr\/wp-content\/uploads\/2023\/10\/1__5JB5500.jpg-1900px-f2-768x512.jpg"}}},"alt_text":"","url":"","target":""},{"id":90,"title":"JEAN-BAPTISTE D'ENQUIN \/ BENETEAU FLYER 6","caption":"","full_image_url":"https:\/\/www.supremeyachts.hr\/wp-content\/uploads\/2023\/10\/1__5JB5394.jpg-1900px-f2.jpg","thumbnail_image_url":"https:\/\/www.supremeyachts.hr\/wp-content\/uploads\/2023\/10\/1__5JB5394.jpg-1900px-f2-150x150.jpg","large_srcset":"https:\/\/www.supremeyachts.hr\/wp-content\/uploads\/2023\/10\/1__5JB5394.jpg-1900px-f2.jpg 960w, https:\/\/www.supremeyachts.hr\/wp-content\/uploads\/2023\/10\/1__5JB5394.jpg-1900px-f2-600x400.jpg 600w, https:\/\/www.supremeyachts.hr\/wp-content\/uploads\/2023\/10\/1__5JB5394.jpg-1900px-f2-300x200.jpg 300w, https:\/\/www.supremeyachts.hr\/wp-content\/uploads\/2023\/10\/1__5JB5394.jpg-1900px-f2-768x512.jpg 768w","medium_srcset":"https:\/\/www.supremeyachts.hr\/wp-content\/uploads\/2023\/10\/1__5JB5394.jpg-1900px-f2-300x200.jpg 300w, https:\/\/www.supremeyachts.hr\/wp-content\/uploads\/2023\/10\/1__5JB5394.jpg-1900px-f2-600x400.jpg 600w, https:\/\/www.supremeyachts.hr\/wp-content\/uploads\/2023\/10\/1__5JB5394.jpg-1900px-f2-768x512.jpg 768w, https:\/\/www.supremeyachts.hr\/wp-content\/uploads\/2023\/10\/1__5JB5394.jpg-1900px-f2.jpg 960w","media_details":{"width":960,"height":640,"sizes":{"woocommerce_thumbnail":{"file":"1__5JB5394.jpg-1900px-f2-300x300.jpg","width":300,"height":300,"mime-type":"image\/jpeg","filesize":24834,"uncropped":false,"source_url":"https:\/\/www.supremeyachts.hr\/wp-content\/uploads\/2023\/10\/1__5JB5394.jpg-1900px-f2-300x300.jpg"},"woocommerce_gallery_thumbnail":{"file":"1__5JB5394.jpg-1900px-f2-100x100.jpg","width":100,"height":100,"mime-type":"image\/jpeg","filesize":4266,"source_url":"https:\/\/www.supremeyachts.hr\/wp-content\/uploads\/2023\/10\/1__5JB5394.jpg-1900px-f2-100x100.jpg"},"woocommerce_single":{"file":"1__5JB5394.jpg-1900px-f2-600x400.jpg","width":600,"height":400,"mime-type":"image\/jpeg","filesize":57702,"source_url":"https:\/\/www.supremeyachts.hr\/wp-content\/uploads\/2023\/10\/1__5JB5394.jpg-1900px-f2-600x400.jpg"},"medium":{"file":"1__5JB5394.jpg-1900px-f2-300x200.jpg","width":300,"height":200,"mime-type":"image\/jpeg","filesize":32865,"source_url":"https:\/\/www.supremeyachts.hr\/wp-content\/uploads\/2023\/10\/1__5JB5394.jpg-1900px-f2-300x200.jpg"},"thumbnail":{"file":"1__5JB5394.jpg-1900px-f2-150x150.jpg","width":150,"height":150,"mime-type":"image\/jpeg","filesize":21265,"source_url":"https:\/\/www.supremeyachts.hr\/wp-content\/uploads\/2023\/10\/1__5JB5394.jpg-1900px-f2-150x150.jpg"},"medium_large":{"file":"1__5JB5394.jpg-1900px-f2-768x512.jpg","width":768,"height":512,"mime-type":"image\/jpeg","filesize":122424,"source_url":"https:\/\/www.supremeyachts.hr\/wp-content\/uploads\/2023\/10\/1__5JB5394.jpg-1900px-f2-768x512.jpg"}}},"alt_text":"","url":"","target":""},{"id":89,"title":"JEAN-BAPTISTE D'ENQUIN \/ BENETEAU FLYER 6","caption":"","full_image_url":"https:\/\/www.supremeyachts.hr\/wp-content\/uploads\/2023\/10\/1__5JB5379.jpg-1900px-f2.jpg","thumbnail_image_url":"https:\/\/www.supremeyachts.hr\/wp-content\/uploads\/2023\/10\/1__5JB5379.jpg-1900px-f2-150x150.jpg","large_srcset":"https:\/\/www.supremeyachts.hr\/wp-content\/uploads\/2023\/10\/1__5JB5379.jpg-1900px-f2.jpg 960w, https:\/\/www.supremeyachts.hr\/wp-content\/uploads\/2023\/10\/1__5JB5379.jpg-1900px-f2-600x400.jpg 600w, https:\/\/www.supremeyachts.hr\/wp-content\/uploads\/2023\/10\/1__5JB5379.jpg-1900px-f2-300x200.jpg 300w, https:\/\/www.supremeyachts.hr\/wp-content\/uploads\/2023\/10\/1__5JB5379.jpg-1900px-f2-768x512.jpg 768w","medium_srcset":"https:\/\/www.supremeyachts.hr\/wp-content\/uploads\/2023\/10\/1__5JB5379.jpg-1900px-f2-300x200.jpg 300w, https:\/\/www.supremeyachts.hr\/wp-content\/uploads\/2023\/10\/1__5JB5379.jpg-1900px-f2-600x400.jpg 600w, https:\/\/www.supremeyachts.hr\/wp-content\/uploads\/2023\/10\/1__5JB5379.jpg-1900px-f2-768x512.jpg 768w, https:\/\/www.supremeyachts.hr\/wp-content\/uploads\/2023\/10\/1__5JB5379.jpg-1900px-f2.jpg 960w","media_details":{"width":960,"height":640,"sizes":{"woocommerce_thumbnail":{"file":"1__5JB5379.jpg-1900px-f2-300x300.jpg","width":300,"height":300,"mime-type":"image\/jpeg","filesize":20224,"uncropped":false,"source_url":"https:\/\/www.supremeyachts.hr\/wp-content\/uploads\/2023\/10\/1__5JB5379.jpg-1900px-f2-300x300.jpg"},"woocommerce_gallery_thumbnail":{"file":"1__5JB5379.jpg-1900px-f2-100x100.jpg","width":100,"height":100,"mime-type":"image\/jpeg","filesize":3616,"source_url":"https:\/\/www.supremeyachts.hr\/wp-content\/uploads\/2023\/10\/1__5JB5379.jpg-1900px-f2-100x100.jpg"},"woocommerce_single":{"file":"1__5JB5379.jpg-1900px-f2-600x400.jpg","width":600,"height":400,"mime-type":"image\/jpeg","filesize":44362,"source_url":"https:\/\/www.supremeyachts.hr\/wp-content\/uploads\/2023\/10\/1__5JB5379.jpg-1900px-f2-600x400.jpg"},"medium":{"file":"1__5JB5379.jpg-1900px-f2-300x200.jpg","width":300,"height":200,"mime-type":"image\/jpeg","filesize":28058,"source_url":"https:\/\/www.supremeyachts.hr\/wp-content\/uploads\/2023\/10\/1__5JB5379.jpg-1900px-f2-300x200.jpg"},"thumbnail":{"file":"1__5JB5379.jpg-1900px-f2-150x150.jpg","width":150,"height":150,"mime-type":"image\/jpeg","filesize":19369,"source_url":"https:\/\/www.supremeyachts.hr\/wp-content\/uploads\/2023\/10\/1__5JB5379.jpg-1900px-f2-150x150.jpg"},"medium_large":{"file":"1__5JB5379.jpg-1900px-f2-768x512.jpg","width":768,"height":512,"mime-type":"image\/jpeg","filesize":96275,"source_url":"https:\/\/www.supremeyachts.hr\/wp-content\/uploads\/2023\/10\/1__5JB5379.jpg-1900px-f2-768x512.jpg"}}},"alt_text":"","url":"","target":""},{"id":88,"title":"JEAN-BAPTISTE D'ENQUIN \/ BENETEAU FLYER 6","caption":"","full_image_url":"https:\/\/www.supremeyachts.hr\/wp-content\/uploads\/2023\/10\/1__5JB5371.jpg-1900px-f2.jpg","thumbnail_image_url":"https:\/\/www.supremeyachts.hr\/wp-content\/uploads\/2023\/10\/1__5JB5371.jpg-1900px-f2-150x150.jpg","large_srcset":"https:\/\/www.supremeyachts.hr\/wp-content\/uploads\/2023\/10\/1__5JB5371.jpg-1900px-f2.jpg 960w, https:\/\/www.supremeyachts.hr\/wp-content\/uploads\/2023\/10\/1__5JB5371.jpg-1900px-f2-600x400.jpg 600w, https:\/\/www.supremeyachts.hr\/wp-content\/uploads\/2023\/10\/1__5JB5371.jpg-1900px-f2-300x200.jpg 300w, https:\/\/www.supremeyachts.hr\/wp-content\/uploads\/2023\/10\/1__5JB5371.jpg-1900px-f2-768x512.jpg 768w","medium_srcset":"https:\/\/www.supremeyachts.hr\/wp-content\/uploads\/2023\/10\/1__5JB5371.jpg-1900px-f2-300x200.jpg 300w, https:\/\/www.supremeyachts.hr\/wp-content\/uploads\/2023\/10\/1__5JB5371.jpg-1900px-f2-600x400.jpg 600w, https:\/\/www.supremeyachts.hr\/wp-content\/uploads\/2023\/10\/1__5JB5371.jpg-1900px-f2-768x512.jpg 768w, https:\/\/www.supremeyachts.hr\/wp-content\/uploads\/2023\/10\/1__5JB5371.jpg-1900px-f2.jpg 960w","media_details":{"width":960,"height":640,"sizes":{"woocommerce_thumbnail":{"file":"1__5JB5371.jpg-1900px-f2-300x300.jpg","width":300,"height":300,"mime-type":"image\/jpeg","filesize":20562,"uncropped":false,"source_url":"https:\/\/www.supremeyachts.hr\/wp-content\/uploads\/2023\/10\/1__5JB5371.jpg-1900px-f2-300x300.jpg"},"woocommerce_gallery_thumbnail":{"file":"1__5JB5371.jpg-1900px-f2-100x100.jpg","width":100,"height":100,"mime-type":"image\/jpeg","filesize":3575,"source_url":"https:\/\/www.supremeyachts.hr\/wp-content\/uploads\/2023\/10\/1__5JB5371.jpg-1900px-f2-100x100.jpg"},"woocommerce_single":{"file":"1__5JB5371.jpg-1900px-f2-600x400.jpg","width":600,"height":400,"mime-type":"image\/jpeg","filesize":45753,"source_url":"https:\/\/www.supremeyachts.hr\/wp-content\/uploads\/2023\/10\/1__5JB5371.jpg-1900px-f2-600x400.jpg"},"medium":{"file":"1__5JB5371.jpg-1900px-f2-300x200.jpg","width":300,"height":200,"mime-type":"image\/jpeg","filesize":28609,"source_url":"https:\/\/www.supremeyachts.hr\/wp-content\/uploads\/2023\/10\/1__5JB5371.jpg-1900px-f2-300x200.jpg"},"thumbnail":{"file":"1__5JB5371.jpg-1900px-f2-150x150.jpg","width":150,"height":150,"mime-type":"image\/jpeg","filesize":19779,"source_url":"https:\/\/www.supremeyachts.hr\/wp-content\/uploads\/2023\/10\/1__5JB5371.jpg-1900px-f2-150x150.jpg"},"medium_large":{"file":"1__5JB5371.jpg-1900px-f2-768x512.jpg","width":768,"height":512,"mime-type":"image\/jpeg","filesize":99051,"source_url":"https:\/\/www.supremeyachts.hr\/wp-content\/uploads\/2023\/10\/1__5JB5371.jpg-1900px-f2-768x512.jpg"}}},"alt_text":"","url":"","target":""}]],"galerija_kabine_i_kupaonica":[[{"id":98,"title":"JEAN-BAPTISTE D'ENQUIN \/ BENETEAU FLYER 6","caption":"","full_image_url":"https:\/\/www.supremeyachts.hr\/wp-content\/uploads\/2023\/10\/1__5JB6273.jpg-1900px-f2.jpg","thumbnail_image_url":"https:\/\/www.supremeyachts.hr\/wp-content\/uploads\/2023\/10\/1__5JB6273.jpg-1900px-f2-150x150.jpg","large_srcset":"https:\/\/www.supremeyachts.hr\/wp-content\/uploads\/2023\/10\/1__5JB6273.jpg-1900px-f2.jpg 960w, https:\/\/www.supremeyachts.hr\/wp-content\/uploads\/2023\/10\/1__5JB6273.jpg-1900px-f2-600x400.jpg 600w, https:\/\/www.supremeyachts.hr\/wp-content\/uploads\/2023\/10\/1__5JB6273.jpg-1900px-f2-300x200.jpg 300w, https:\/\/www.supremeyachts.hr\/wp-content\/uploads\/2023\/10\/1__5JB6273.jpg-1900px-f2-768x512.jpg 768w","medium_srcset":"https:\/\/www.supremeyachts.hr\/wp-content\/uploads\/2023\/10\/1__5JB6273.jpg-1900px-f2-300x200.jpg 300w, https:\/\/www.supremeyachts.hr\/wp-content\/uploads\/2023\/10\/1__5JB6273.jpg-1900px-f2-600x400.jpg 600w, https:\/\/www.supremeyachts.hr\/wp-content\/uploads\/2023\/10\/1__5JB6273.jpg-1900px-f2-768x512.jpg 768w, https:\/\/www.supremeyachts.hr\/wp-content\/uploads\/2023\/10\/1__5JB6273.jpg-1900px-f2.jpg 960w","media_details":{"width":960,"height":640,"sizes":{"woocommerce_thumbnail":{"file":"1__5JB6273.jpg-1900px-f2-300x300.jpg","width":300,"height":300,"mime-type":"image\/jpeg","filesize":23992,"uncropped":false,"source_url":"https:\/\/www.supremeyachts.hr\/wp-content\/uploads\/2023\/10\/1__5JB6273.jpg-1900px-f2-300x300.jpg"},"woocommerce_gallery_thumbnail":{"file":"1__5JB6273.jpg-1900px-f2-100x100.jpg","width":100,"height":100,"mime-type":"image\/jpeg","filesize":4579,"source_url":"https:\/\/www.supremeyachts.hr\/wp-content\/uploads\/2023\/10\/1__5JB6273.jpg-1900px-f2-100x100.jpg"},"woocommerce_single":{"file":"1__5JB6273.jpg-1900px-f2-600x400.jpg","width":600,"height":400,"mime-type":"image\/jpeg","filesize":53277,"source_url":"https:\/\/www.supremeyachts.hr\/wp-content\/uploads\/2023\/10\/1__5JB6273.jpg-1900px-f2-600x400.jpg"},"medium":{"file":"1__5JB6273.jpg-1900px-f2-300x200.jpg","width":300,"height":200,"mime-type":"image\/jpeg","filesize":31938,"source_url":"https:\/\/www.supremeyachts.hr\/wp-content\/uploads\/2023\/10\/1__5JB6273.jpg-1900px-f2-300x200.jpg"},"thumbnail":{"file":"1__5JB6273.jpg-1900px-f2-150x150.jpg","width":150,"height":150,"mime-type":"image\/jpeg","filesize":20945,"source_url":"https:\/\/www.supremeyachts.hr\/wp-content\/uploads\/2023\/10\/1__5JB6273.jpg-1900px-f2-150x150.jpg"},"medium_large":{"file":"1__5JB6273.jpg-1900px-f2-768x512.jpg","width":768,"height":512,"mime-type":"image\/jpeg","filesize":104635,"source_url":"https:\/\/www.supremeyachts.hr\/wp-content\/uploads\/2023\/10\/1__5JB6273.jpg-1900px-f2-768x512.jpg"}}},"alt_text":"","url":"","target":""},{"id":97,"title":"JEAN-BAPTISTE D'ENQUIN \/ BENETEAU FLYER 6","caption":"","full_image_url":"https:\/\/www.supremeyachts.hr\/wp-content\/uploads\/2023\/10\/1__5JB6221.jpg-1900px-f2.jpg","thumbnail_image_url":"https:\/\/www.supremeyachts.hr\/wp-content\/uploads\/2023\/10\/1__5JB6221.jpg-1900px-f2-150x150.jpg","large_srcset":"https:\/\/www.supremeyachts.hr\/wp-content\/uploads\/2023\/10\/1__5JB6221.jpg-1900px-f2.jpg 960w, https:\/\/www.supremeyachts.hr\/wp-content\/uploads\/2023\/10\/1__5JB6221.jpg-1900px-f2-600x400.jpg 600w, https:\/\/www.supremeyachts.hr\/wp-content\/uploads\/2023\/10\/1__5JB6221.jpg-1900px-f2-300x200.jpg 300w, https:\/\/www.supremeyachts.hr\/wp-content\/uploads\/2023\/10\/1__5JB6221.jpg-1900px-f2-768x512.jpg 768w","medium_srcset":"https:\/\/www.supremeyachts.hr\/wp-content\/uploads\/2023\/10\/1__5JB6221.jpg-1900px-f2-300x200.jpg 300w, https:\/\/www.supremeyachts.hr\/wp-content\/uploads\/2023\/10\/1__5JB6221.jpg-1900px-f2-600x400.jpg 600w, https:\/\/www.supremeyachts.hr\/wp-content\/uploads\/2023\/10\/1__5JB6221.jpg-1900px-f2-768x512.jpg 768w, https:\/\/www.supremeyachts.hr\/wp-content\/uploads\/2023\/10\/1__5JB6221.jpg-1900px-f2.jpg 960w","media_details":{"width":960,"height":640,"sizes":{"woocommerce_thumbnail":{"file":"1__5JB6221.jpg-1900px-f2-300x300.jpg","width":300,"height":300,"mime-type":"image\/jpeg","filesize":21688,"uncropped":false,"source_url":"https:\/\/www.supremeyachts.hr\/wp-content\/uploads\/2023\/10\/1__5JB6221.jpg-1900px-f2-300x300.jpg"},"woocommerce_gallery_thumbnail":{"file":"1__5JB6221.jpg-1900px-f2-100x100.jpg","width":100,"height":100,"mime-type":"image\/jpeg","filesize":3902,"source_url":"https:\/\/www.supremeyachts.hr\/wp-content\/uploads\/2023\/10\/1__5JB6221.jpg-1900px-f2-100x100.jpg"},"woocommerce_single":{"file":"1__5JB6221.jpg-1900px-f2-600x400.jpg","width":600,"height":400,"mime-type":"image\/jpeg","filesize":49283,"source_url":"https:\/\/www.supremeyachts.hr\/wp-content\/uploads\/2023\/10\/1__5JB6221.jpg-1900px-f2-600x400.jpg"},"medium":{"file":"1__5JB6221.jpg-1900px-f2-300x200.jpg","width":300,"height":200,"mime-type":"image\/jpeg","filesize":30122,"source_url":"https:\/\/www.supremeyachts.hr\/wp-content\/uploads\/2023\/10\/1__5JB6221.jpg-1900px-f2-300x200.jpg"},"thumbnail":{"file":"1__5JB6221.jpg-1900px-f2-150x150.jpg","width":150,"height":150,"mime-type":"image\/jpeg","filesize":20176,"source_url":"https:\/\/www.supremeyachts.hr\/wp-content\/uploads\/2023\/10\/1__5JB6221.jpg-1900px-f2-150x150.jpg"},"medium_large":{"file":"1__5JB6221.jpg-1900px-f2-768x512.jpg","width":768,"height":512,"mime-type":"image\/jpeg","filesize":101848,"source_url":"https:\/\/www.supremeyachts.hr\/wp-content\/uploads\/2023\/10\/1__5JB6221.jpg-1900px-f2-768x512.jpg"}}},"alt_text":"","url":"","target":""},{"id":96,"title":"JEAN-BAPTISTE D'ENQUIN \/ BENETEAU FLYER 6","caption":"","full_image_url":"https:\/\/www.supremeyachts.hr\/wp-content\/uploads\/2023\/10\/1__5JB6221.jpg-1900px-f2-1.jpg","thumbnail_image_url":"https:\/\/www.supremeyachts.hr\/wp-content\/uploads\/2023\/10\/1__5JB6221.jpg-1900px-f2-1-150x150.jpg","large_srcset":"https:\/\/www.supremeyachts.hr\/wp-content\/uploads\/2023\/10\/1__5JB6221.jpg-1900px-f2-1.jpg 960w, https:\/\/www.supremeyachts.hr\/wp-content\/uploads\/2023\/10\/1__5JB6221.jpg-1900px-f2-1-600x400.jpg 600w, https:\/\/www.supremeyachts.hr\/wp-content\/uploads\/2023\/10\/1__5JB6221.jpg-1900px-f2-1-300x200.jpg 300w, https:\/\/www.supremeyachts.hr\/wp-content\/uploads\/2023\/10\/1__5JB6221.jpg-1900px-f2-1-768x512.jpg 768w","medium_srcset":"https:\/\/www.supremeyachts.hr\/wp-content\/uploads\/2023\/10\/1__5JB6221.jpg-1900px-f2-1-300x200.jpg 300w, https:\/\/www.supremeyachts.hr\/wp-content\/uploads\/2023\/10\/1__5JB6221.jpg-1900px-f2-1-600x400.jpg 600w, https:\/\/www.supremeyachts.hr\/wp-content\/uploads\/2023\/10\/1__5JB6221.jpg-1900px-f2-1-768x512.jpg 768w, https:\/\/www.supremeyachts.hr\/wp-content\/uploads\/2023\/10\/1__5JB6221.jpg-1900px-f2-1.jpg 960w","media_details":{"width":960,"height":640,"sizes":{"woocommerce_thumbnail":{"file":"1__5JB6221.jpg-1900px-f2-1-300x300.jpg","width":300,"height":300,"mime-type":"image\/jpeg","filesize":21688,"uncropped":false,"source_url":"https:\/\/www.supremeyachts.hr\/wp-content\/uploads\/2023\/10\/1__5JB6221.jpg-1900px-f2-1-300x300.jpg"},"woocommerce_gallery_thumbnail":{"file":"1__5JB6221.jpg-1900px-f2-1-100x100.jpg","width":100,"height":100,"mime-type":"image\/jpeg","filesize":3902,"source_url":"https:\/\/www.supremeyachts.hr\/wp-content\/uploads\/2023\/10\/1__5JB6221.jpg-1900px-f2-1-100x100.jpg"},"woocommerce_single":{"file":"1__5JB6221.jpg-1900px-f2-1-600x400.jpg","width":600,"height":400,"mime-type":"image\/jpeg","filesize":49283,"source_url":"https:\/\/www.supremeyachts.hr\/wp-content\/uploads\/2023\/10\/1__5JB6221.jpg-1900px-f2-1-600x400.jpg"},"medium":{"file":"1__5JB6221.jpg-1900px-f2-1-300x200.jpg","width":300,"height":200,"mime-type":"image\/jpeg","filesize":30122,"source_url":"https:\/\/www.supremeyachts.hr\/wp-content\/uploads\/2023\/10\/1__5JB6221.jpg-1900px-f2-1-300x200.jpg"},"thumbnail":{"file":"1__5JB6221.jpg-1900px-f2-1-150x150.jpg","width":150,"height":150,"mime-type":"image\/jpeg","filesize":20176,"source_url":"https:\/\/www.supremeyachts.hr\/wp-content\/uploads\/2023\/10\/1__5JB6221.jpg-1900px-f2-1-150x150.jpg"},"medium_large":{"file":"1__5JB6221.jpg-1900px-f2-1-768x512.jpg","width":768,"height":512,"mime-type":"image\/jpeg","filesize":101848,"source_url":"https:\/\/www.supremeyachts.hr\/wp-content\/uploads\/2023\/10\/1__5JB6221.jpg-1900px-f2-1-768x512.jpg"}}},"alt_text":"","url":"","target":""},{"id":95,"title":"JEAN-BAPTISTE D'ENQUIN \/ BENETEAU FLYER 6","caption":"","full_image_url":"https:\/\/www.supremeyachts.hr\/wp-content\/uploads\/2023\/10\/1__5JB5858.jpg-1900px-f2.jpg","thumbnail_image_url":"https:\/\/www.supremeyachts.hr\/wp-content\/uploads\/2023\/10\/1__5JB5858.jpg-1900px-f2-150x150.jpg","large_srcset":"https:\/\/www.supremeyachts.hr\/wp-content\/uploads\/2023\/10\/1__5JB5858.jpg-1900px-f2.jpg 960w, https:\/\/www.supremeyachts.hr\/wp-content\/uploads\/2023\/10\/1__5JB5858.jpg-1900px-f2-600x400.jpg 600w, https:\/\/www.supremeyachts.hr\/wp-content\/uploads\/2023\/10\/1__5JB5858.jpg-1900px-f2-300x200.jpg 300w, https:\/\/www.supremeyachts.hr\/wp-content\/uploads\/2023\/10\/1__5JB5858.jpg-1900px-f2-768x512.jpg 768w","medium_srcset":"https:\/\/www.supremeyachts.hr\/wp-content\/uploads\/2023\/10\/1__5JB5858.jpg-1900px-f2-300x200.jpg 300w, https:\/\/www.supremeyachts.hr\/wp-content\/uploads\/2023\/10\/1__5JB5858.jpg-1900px-f2-600x400.jpg 600w, https:\/\/www.supremeyachts.hr\/wp-content\/uploads\/2023\/10\/1__5JB5858.jpg-1900px-f2-768x512.jpg 768w, https:\/\/www.supremeyachts.hr\/wp-content\/uploads\/2023\/10\/1__5JB5858.jpg-1900px-f2.jpg 960w","media_details":{"width":960,"height":640,"sizes":{"woocommerce_thumbnail":{"file":"1__5JB5858.jpg-1900px-f2-300x300.jpg","width":300,"height":300,"mime-type":"image\/jpeg","filesize":17175,"uncropped":false,"source_url":"https:\/\/www.supremeyachts.hr\/wp-content\/uploads\/2023\/10\/1__5JB5858.jpg-1900px-f2-300x300.jpg"},"woocommerce_gallery_thumbnail":{"file":"1__5JB5858.jpg-1900px-f2-100x100.jpg","width":100,"height":100,"mime-type":"image\/jpeg","filesize":3282,"source_url":"https:\/\/www.supremeyachts.hr\/wp-content\/uploads\/2023\/10\/1__5JB5858.jpg-1900px-f2-100x100.jpg"},"woocommerce_single":{"file":"1__5JB5858.jpg-1900px-f2-600x400.jpg","width":600,"height":400,"mime-type":"image\/jpeg","filesize":36490,"source_url":"https:\/\/www.supremeyachts.hr\/wp-content\/uploads\/2023\/10\/1__5JB5858.jpg-1900px-f2-600x400.jpg"},"medium":{"file":"1__5JB5858.jpg-1900px-f2-300x200.jpg","width":300,"height":200,"mime-type":"image\/jpeg","filesize":26832,"source_url":"https:\/\/www.supremeyachts.hr\/wp-content\/uploads\/2023\/10\/1__5JB5858.jpg-1900px-f2-300x200.jpg"},"thumbnail":{"file":"1__5JB5858.jpg-1900px-f2-150x150.jpg","width":150,"height":150,"mime-type":"image\/jpeg","filesize":19104,"source_url":"https:\/\/www.supremeyachts.hr\/wp-content\/uploads\/2023\/10\/1__5JB5858.jpg-1900px-f2-150x150.jpg"},"medium_large":{"file":"1__5JB5858.jpg-1900px-f2-768x512.jpg","width":768,"height":512,"mime-type":"image\/jpeg","filesize":82403,"source_url":"https:\/\/www.supremeyachts.hr\/wp-content\/uploads\/2023\/10\/1__5JB5858.jpg-1900px-f2-768x512.jpg"}}},"alt_text":"","url":"","target":""},{"id":94,"title":"JEAN-BAPTISTE D'ENQUIN \/ BENETEAU FLYER 6","caption":"","full_image_url":"https:\/\/www.supremeyachts.hr\/wp-content\/uploads\/2023\/10\/1__5JB5831.jpg-1900px-f2.jpg","thumbnail_image_url":"https:\/\/www.supremeyachts.hr\/wp-content\/uploads\/2023\/10\/1__5JB5831.jpg-1900px-f2-150x150.jpg","large_srcset":"https:\/\/www.supremeyachts.hr\/wp-content\/uploads\/2023\/10\/1__5JB5831.jpg-1900px-f2.jpg 960w, https:\/\/www.supremeyachts.hr\/wp-content\/uploads\/2023\/10\/1__5JB5831.jpg-1900px-f2-600x400.jpg 600w, https:\/\/www.supremeyachts.hr\/wp-content\/uploads\/2023\/10\/1__5JB5831.jpg-1900px-f2-300x200.jpg 300w, https:\/\/www.supremeyachts.hr\/wp-content\/uploads\/2023\/10\/1__5JB5831.jpg-1900px-f2-768x512.jpg 768w","medium_srcset":"https:\/\/www.supremeyachts.hr\/wp-content\/uploads\/2023\/10\/1__5JB5831.jpg-1900px-f2-300x200.jpg 300w, https:\/\/www.supremeyachts.hr\/wp-content\/uploads\/2023\/10\/1__5JB5831.jpg-1900px-f2-600x400.jpg 600w, https:\/\/www.supremeyachts.hr\/wp-content\/uploads\/2023\/10\/1__5JB5831.jpg-1900px-f2-768x512.jpg 768w, https:\/\/www.supremeyachts.hr\/wp-content\/uploads\/2023\/10\/1__5JB5831.jpg-1900px-f2.jpg 960w","media_details":{"width":960,"height":640,"sizes":{"woocommerce_thumbnail":{"file":"1__5JB5831.jpg-1900px-f2-300x300.jpg","width":300,"height":300,"mime-type":"image\/jpeg","filesize":19361,"uncropped":false,"source_url":"https:\/\/www.supremeyachts.hr\/wp-content\/uploads\/2023\/10\/1__5JB5831.jpg-1900px-f2-300x300.jpg"},"woocommerce_gallery_thumbnail":{"file":"1__5JB5831.jpg-1900px-f2-100x100.jpg","width":100,"height":100,"mime-type":"image\/jpeg","filesize":3564,"source_url":"https:\/\/www.supremeyachts.hr\/wp-content\/uploads\/2023\/10\/1__5JB5831.jpg-1900px-f2-100x100.jpg"},"woocommerce_single":{"file":"1__5JB5831.jpg-1900px-f2-600x400.jpg","width":600,"height":400,"mime-type":"image\/jpeg","filesize":43785,"source_url":"https:\/\/www.supremeyachts.hr\/wp-content\/uploads\/2023\/10\/1__5JB5831.jpg-1900px-f2-600x400.jpg"},"medium":{"file":"1__5JB5831.jpg-1900px-f2-300x200.jpg","width":300,"height":200,"mime-type":"image\/jpeg","filesize":29467,"source_url":"https:\/\/www.supremeyachts.hr\/wp-content\/uploads\/2023\/10\/1__5JB5831.jpg-1900px-f2-300x200.jpg"},"thumbnail":{"file":"1__5JB5831.jpg-1900px-f2-150x150.jpg","width":150,"height":150,"mime-type":"image\/jpeg","filesize":19738,"source_url":"https:\/\/www.supremeyachts.hr\/wp-content\/uploads\/2023\/10\/1__5JB5831.jpg-1900px-f2-150x150.jpg"},"medium_large":{"file":"1__5JB5831.jpg-1900px-f2-768x512.jpg","width":768,"height":512,"mime-type":"image\/jpeg","filesize":97021,"source_url":"https:\/\/www.supremeyachts.hr\/wp-content\/uploads\/2023\/10\/1__5JB5831.jpg-1900px-f2-768x512.jpg"}}},"alt_text":"","url":"","target":""},{"id":93,"title":"JEAN-BAPTISTE D'ENQUIN \/ BENETEAU FLYER 6","caption":"","full_image_url":"https:\/\/www.supremeyachts.hr\/wp-content\/uploads\/2023\/10\/1__5JB5831.jpg-1900px-f2-1.jpg","thumbnail_image_url":"https:\/\/www.supremeyachts.hr\/wp-content\/uploads\/2023\/10\/1__5JB5831.jpg-1900px-f2-1-150x150.jpg","large_srcset":"https:\/\/www.supremeyachts.hr\/wp-content\/uploads\/2023\/10\/1__5JB5831.jpg-1900px-f2-1.jpg 960w, https:\/\/www.supremeyachts.hr\/wp-content\/uploads\/2023\/10\/1__5JB5831.jpg-1900px-f2-1-600x400.jpg 600w, https:\/\/www.supremeyachts.hr\/wp-content\/uploads\/2023\/10\/1__5JB5831.jpg-1900px-f2-1-300x200.jpg 300w, https:\/\/www.supremeyachts.hr\/wp-content\/uploads\/2023\/10\/1__5JB5831.jpg-1900px-f2-1-768x512.jpg 768w","medium_srcset":"https:\/\/www.supremeyachts.hr\/wp-content\/uploads\/2023\/10\/1__5JB5831.jpg-1900px-f2-1-300x200.jpg 300w, https:\/\/www.supremeyachts.hr\/wp-content\/uploads\/2023\/10\/1__5JB5831.jpg-1900px-f2-1-600x400.jpg 600w, https:\/\/www.supremeyachts.hr\/wp-content\/uploads\/2023\/10\/1__5JB5831.jpg-1900px-f2-1-768x512.jpg 768w, https:\/\/www.supremeyachts.hr\/wp-content\/uploads\/2023\/10\/1__5JB5831.jpg-1900px-f2-1.jpg 960w","media_details":{"width":960,"height":640,"sizes":{"woocommerce_thumbnail":{"file":"1__5JB5831.jpg-1900px-f2-1-300x300.jpg","width":300,"height":300,"mime-type":"image\/jpeg","filesize":19361,"uncropped":false,"source_url":"https:\/\/www.supremeyachts.hr\/wp-content\/uploads\/2023\/10\/1__5JB5831.jpg-1900px-f2-1-300x300.jpg"},"woocommerce_gallery_thumbnail":{"file":"1__5JB5831.jpg-1900px-f2-1-100x100.jpg","width":100,"height":100,"mime-type":"image\/jpeg","filesize":3564,"source_url":"https:\/\/www.supremeyachts.hr\/wp-content\/uploads\/2023\/10\/1__5JB5831.jpg-1900px-f2-1-100x100.jpg"},"woocommerce_single":{"file":"1__5JB5831.jpg-1900px-f2-1-600x400.jpg","width":600,"height":400,"mime-type":"image\/jpeg","filesize":43785,"source_url":"https:\/\/www.supremeyachts.hr\/wp-content\/uploads\/2023\/10\/1__5JB5831.jpg-1900px-f2-1-600x400.jpg"},"medium":{"file":"1__5JB5831.jpg-1900px-f2-1-300x200.jpg","width":300,"height":200,"mime-type":"image\/jpeg","filesize":29467,"source_url":"https:\/\/www.supremeyachts.hr\/wp-content\/uploads\/2023\/10\/1__5JB5831.jpg-1900px-f2-1-300x200.jpg"},"thumbnail":{"file":"1__5JB5831.jpg-1900px-f2-1-150x150.jpg","width":150,"height":150,"mime-type":"image\/jpeg","filesize":19738,"source_url":"https:\/\/www.supremeyachts.hr\/wp-content\/uploads\/2023\/10\/1__5JB5831.jpg-1900px-f2-1-150x150.jpg"},"medium_large":{"file":"1__5JB5831.jpg-1900px-f2-1-768x512.jpg","width":768,"height":512,"mime-type":"image\/jpeg","filesize":97021,"source_url":"https:\/\/www.supremeyachts.hr\/wp-content\/uploads\/2023\/10\/1__5JB5831.jpg-1900px-f2-1-768x512.jpg"}}},"alt_text":"","url":"","target":""},{"id":92,"title":"JEAN-BAPTISTE D'ENQUIN \/ BENETEAU FLYER 6","caption":"","full_image_url":"https:\/\/www.supremeyachts.hr\/wp-content\/uploads\/2023\/10\/1__5JB5532.jpg-1900px-f2.jpg","thumbnail_image_url":"https:\/\/www.supremeyachts.hr\/wp-content\/uploads\/2023\/10\/1__5JB5532.jpg-1900px-f2-150x150.jpg","large_srcset":"https:\/\/www.supremeyachts.hr\/wp-content\/uploads\/2023\/10\/1__5JB5532.jpg-1900px-f2.jpg 960w, https:\/\/www.supremeyachts.hr\/wp-content\/uploads\/2023\/10\/1__5JB5532.jpg-1900px-f2-600x400.jpg 600w, https:\/\/www.supremeyachts.hr\/wp-content\/uploads\/2023\/10\/1__5JB5532.jpg-1900px-f2-300x200.jpg 300w, https:\/\/www.supremeyachts.hr\/wp-content\/uploads\/2023\/10\/1__5JB5532.jpg-1900px-f2-768x512.jpg 768w","medium_srcset":"https:\/\/www.supremeyachts.hr\/wp-content\/uploads\/2023\/10\/1__5JB5532.jpg-1900px-f2-300x200.jpg 300w, https:\/\/www.supremeyachts.hr\/wp-content\/uploads\/2023\/10\/1__5JB5532.jpg-1900px-f2-600x400.jpg 600w, https:\/\/www.supremeyachts.hr\/wp-content\/uploads\/2023\/10\/1__5JB5532.jpg-1900px-f2-768x512.jpg 768w, https:\/\/www.supremeyachts.hr\/wp-content\/uploads\/2023\/10\/1__5JB5532.jpg-1900px-f2.jpg 960w","media_details":{"width":960,"height":640,"sizes":{"woocommerce_thumbnail":{"file":"1__5JB5532.jpg-1900px-f2-300x300.jpg","width":300,"height":300,"mime-type":"image\/jpeg","filesize":17271,"uncropped":false,"source_url":"https:\/\/www.supremeyachts.hr\/wp-content\/uploads\/2023\/10\/1__5JB5532.jpg-1900px-f2-300x300.jpg"},"woocommerce_gallery_thumbnail":{"file":"1__5JB5532.jpg-1900px-f2-100x100.jpg","width":100,"height":100,"mime-type":"image\/jpeg","filesize":3551,"source_url":"https:\/\/www.supremeyachts.hr\/wp-content\/uploads\/2023\/10\/1__5JB5532.jpg-1900px-f2-100x100.jpg"},"woocommerce_single":{"file":"1__5JB5532.jpg-1900px-f2-600x400.jpg","width":600,"height":400,"mime-type":"image\/jpeg","filesize":36433,"source_url":"https:\/\/www.supremeyachts.hr\/wp-content\/uploads\/2023\/10\/1__5JB5532.jpg-1900px-f2-600x400.jpg"},"medium":{"file":"1__5JB5532.jpg-1900px-f2-300x200.jpg","width":300,"height":200,"mime-type":"image\/jpeg","filesize":27440,"source_url":"https:\/\/www.supremeyachts.hr\/wp-content\/uploads\/2023\/10\/1__5JB5532.jpg-1900px-f2-300x200.jpg"},"thumbnail":{"file":"1__5JB5532.jpg-1900px-f2-150x150.jpg","width":150,"height":150,"mime-type":"image\/jpeg","filesize":19332,"source_url":"https:\/\/www.supremeyachts.hr\/wp-content\/uploads\/2023\/10\/1__5JB5532.jpg-1900px-f2-150x150.jpg"},"medium_large":{"file":"1__5JB5532.jpg-1900px-f2-768x512.jpg","width":768,"height":512,"mime-type":"image\/jpeg","filesize":80245,"source_url":"https:\/\/www.supremeyachts.hr\/wp-content\/uploads\/2023\/10\/1__5JB5532.jpg-1900px-f2-768x512.jpg"}}},"alt_text":"","url":"","target":""},{"id":91,"title":"JEAN-BAPTISTE D'ENQUIN \/ BENETEAU FLYER 6","caption":"","full_image_url":"https:\/\/www.supremeyachts.hr\/wp-content\/uploads\/2023\/10\/1__5JB5500.jpg-1900px-f2.jpg","thumbnail_image_url":"https:\/\/www.supremeyachts.hr\/wp-content\/uploads\/2023\/10\/1__5JB5500.jpg-1900px-f2-150x150.jpg","large_srcset":"https:\/\/www.supremeyachts.hr\/wp-content\/uploads\/2023\/10\/1__5JB5500.jpg-1900px-f2.jpg 960w, https:\/\/www.supremeyachts.hr\/wp-content\/uploads\/2023\/10\/1__5JB5500.jpg-1900px-f2-600x400.jpg 600w, https:\/\/www.supremeyachts.hr\/wp-content\/uploads\/2023\/10\/1__5JB5500.jpg-1900px-f2-300x200.jpg 300w, https:\/\/www.supremeyachts.hr\/wp-content\/uploads\/2023\/10\/1__5JB5500.jpg-1900px-f2-768x512.jpg 768w","medium_srcset":"https:\/\/www.supremeyachts.hr\/wp-content\/uploads\/2023\/10\/1__5JB5500.jpg-1900px-f2-300x200.jpg 300w, https:\/\/www.supremeyachts.hr\/wp-content\/uploads\/2023\/10\/1__5JB5500.jpg-1900px-f2-600x400.jpg 600w, https:\/\/www.supremeyachts.hr\/wp-content\/uploads\/2023\/10\/1__5JB5500.jpg-1900px-f2-768x512.jpg 768w, https:\/\/www.supremeyachts.hr\/wp-content\/uploads\/2023\/10\/1__5JB5500.jpg-1900px-f2.jpg 960w","media_details":{"width":960,"height":640,"sizes":{"woocommerce_thumbnail":{"file":"1__5JB5500.jpg-1900px-f2-300x300.jpg","width":300,"height":300,"mime-type":"image\/jpeg","filesize":17172,"uncropped":false,"source_url":"https:\/\/www.supremeyachts.hr\/wp-content\/uploads\/2023\/10\/1__5JB5500.jpg-1900px-f2-300x300.jpg"},"woocommerce_gallery_thumbnail":{"file":"1__5JB5500.jpg-1900px-f2-100x100.jpg","width":100,"height":100,"mime-type":"image\/jpeg","filesize":3649,"source_url":"https:\/\/www.supremeyachts.hr\/wp-content\/uploads\/2023\/10\/1__5JB5500.jpg-1900px-f2-100x100.jpg"},"woocommerce_single":{"file":"1__5JB5500.jpg-1900px-f2-600x400.jpg","width":600,"height":400,"mime-type":"image\/jpeg","filesize":33427,"source_url":"https:\/\/www.supremeyachts.hr\/wp-content\/uploads\/2023\/10\/1__5JB5500.jpg-1900px-f2-600x400.jpg"},"medium":{"file":"1__5JB5500.jpg-1900px-f2-300x200.jpg","width":300,"height":200,"mime-type":"image\/jpeg","filesize":26820,"source_url":"https:\/\/www.supremeyachts.hr\/wp-content\/uploads\/2023\/10\/1__5JB5500.jpg-1900px-f2-300x200.jpg"},"thumbnail":{"file":"1__5JB5500.jpg-1900px-f2-150x150.jpg","width":150,"height":150,"mime-type":"image\/jpeg","filesize":19708,"source_url":"https:\/\/www.supremeyachts.hr\/wp-content\/uploads\/2023\/10\/1__5JB5500.jpg-1900px-f2-150x150.jpg"},"medium_large":{"file":"1__5JB5500.jpg-1900px-f2-768x512.jpg","width":768,"height":512,"mime-type":"image\/jpeg","filesize":74665,"source_url":"https:\/\/www.supremeyachts.hr\/wp-content\/uploads\/2023\/10\/1__5JB5500.jpg-1900px-f2-768x512.jpg"}}},"alt_text":"","url":"","target":""},{"id":90,"title":"JEAN-BAPTISTE D'ENQUIN \/ BENETEAU FLYER 6","caption":"","full_image_url":"https:\/\/www.supremeyachts.hr\/wp-content\/uploads\/2023\/10\/1__5JB5394.jpg-1900px-f2.jpg","thumbnail_image_url":"https:\/\/www.supremeyachts.hr\/wp-content\/uploads\/2023\/10\/1__5JB5394.jpg-1900px-f2-150x150.jpg","large_srcset":"https:\/\/www.supremeyachts.hr\/wp-content\/uploads\/2023\/10\/1__5JB5394.jpg-1900px-f2.jpg 960w, https:\/\/www.supremeyachts.hr\/wp-content\/uploads\/2023\/10\/1__5JB5394.jpg-1900px-f2-600x400.jpg 600w, https:\/\/www.supremeyachts.hr\/wp-content\/uploads\/2023\/10\/1__5JB5394.jpg-1900px-f2-300x200.jpg 300w, https:\/\/www.supremeyachts.hr\/wp-content\/uploads\/2023\/10\/1__5JB5394.jpg-1900px-f2-768x512.jpg 768w","medium_srcset":"https:\/\/www.supremeyachts.hr\/wp-content\/uploads\/2023\/10\/1__5JB5394.jpg-1900px-f2-300x200.jpg 300w, https:\/\/www.supremeyachts.hr\/wp-content\/uploads\/2023\/10\/1__5JB5394.jpg-1900px-f2-600x400.jpg 600w, https:\/\/www.supremeyachts.hr\/wp-content\/uploads\/2023\/10\/1__5JB5394.jpg-1900px-f2-768x512.jpg 768w, https:\/\/www.supremeyachts.hr\/wp-content\/uploads\/2023\/10\/1__5JB5394.jpg-1900px-f2.jpg 960w","media_details":{"width":960,"height":640,"sizes":{"woocommerce_thumbnail":{"file":"1__5JB5394.jpg-1900px-f2-300x300.jpg","width":300,"height":300,"mime-type":"image\/jpeg","filesize":24834,"uncropped":false,"source_url":"https:\/\/www.supremeyachts.hr\/wp-content\/uploads\/2023\/10\/1__5JB5394.jpg-1900px-f2-300x300.jpg"},"woocommerce_gallery_thumbnail":{"file":"1__5JB5394.jpg-1900px-f2-100x100.jpg","width":100,"height":100,"mime-type":"image\/jpeg","filesize":4266,"source_url":"https:\/\/www.supremeyachts.hr\/wp-content\/uploads\/2023\/10\/1__5JB5394.jpg-1900px-f2-100x100.jpg"},"woocommerce_single":{"file":"1__5JB5394.jpg-1900px-f2-600x400.jpg","width":600,"height":400,"mime-type":"image\/jpeg","filesize":57702,"source_url":"https:\/\/www.supremeyachts.hr\/wp-content\/uploads\/2023\/10\/1__5JB5394.jpg-1900px-f2-600x400.jpg"},"medium":{"file":"1__5JB5394.jpg-1900px-f2-300x200.jpg","width":300,"height":200,"mime-type":"image\/jpeg","filesize":32865,"source_url":"https:\/\/www.supremeyachts.hr\/wp-content\/uploads\/2023\/10\/1__5JB5394.jpg-1900px-f2-300x200.jpg"},"thumbnail":{"file":"1__5JB5394.jpg-1900px-f2-150x150.jpg","width":150,"height":150,"mime-type":"image\/jpeg","filesize":21265,"source_url":"https:\/\/www.supremeyachts.hr\/wp-content\/uploads\/2023\/10\/1__5JB5394.jpg-1900px-f2-150x150.jpg"},"medium_large":{"file":"1__5JB5394.jpg-1900px-f2-768x512.jpg","width":768,"height":512,"mime-type":"image\/jpeg","filesize":122424,"source_url":"https:\/\/www.supremeyachts.hr\/wp-content\/uploads\/2023\/10\/1__5JB5394.jpg-1900px-f2-768x512.jpg"}}},"alt_text":"","url":"","target":""},{"id":89,"title":"JEAN-BAPTISTE D'ENQUIN \/ BENETEAU FLYER 6","caption":"","full_image_url":"https:\/\/www.supremeyachts.hr\/wp-content\/uploads\/2023\/10\/1__5JB5379.jpg-1900px-f2.jpg","thumbnail_image_url":"https:\/\/www.supremeyachts.hr\/wp-content\/uploads\/2023\/10\/1__5JB5379.jpg-1900px-f2-150x150.jpg","large_srcset":"https:\/\/www.supremeyachts.hr\/wp-content\/uploads\/2023\/10\/1__5JB5379.jpg-1900px-f2.jpg 960w, https:\/\/www.supremeyachts.hr\/wp-content\/uploads\/2023\/10\/1__5JB5379.jpg-1900px-f2-600x400.jpg 600w, https:\/\/www.supremeyachts.hr\/wp-content\/uploads\/2023\/10\/1__5JB5379.jpg-1900px-f2-300x200.jpg 300w, https:\/\/www.supremeyachts.hr\/wp-content\/uploads\/2023\/10\/1__5JB5379.jpg-1900px-f2-768x512.jpg 768w","medium_srcset":"https:\/\/www.supremeyachts.hr\/wp-content\/uploads\/2023\/10\/1__5JB5379.jpg-1900px-f2-300x200.jpg 300w, https:\/\/www.supremeyachts.hr\/wp-content\/uploads\/2023\/10\/1__5JB5379.jpg-1900px-f2-600x400.jpg 600w, https:\/\/www.supremeyachts.hr\/wp-content\/uploads\/2023\/10\/1__5JB5379.jpg-1900px-f2-768x512.jpg 768w, https:\/\/www.supremeyachts.hr\/wp-content\/uploads\/2023\/10\/1__5JB5379.jpg-1900px-f2.jpg 960w","media_details":{"width":960,"height":640,"sizes":{"woocommerce_thumbnail":{"file":"1__5JB5379.jpg-1900px-f2-300x300.jpg","width":300,"height":300,"mime-type":"image\/jpeg","filesize":20224,"uncropped":false,"source_url":"https:\/\/www.supremeyachts.hr\/wp-content\/uploads\/2023\/10\/1__5JB5379.jpg-1900px-f2-300x300.jpg"},"woocommerce_gallery_thumbnail":{"file":"1__5JB5379.jpg-1900px-f2-100x100.jpg","width":100,"height":100,"mime-type":"image\/jpeg","filesize":3616,"source_url":"https:\/\/www.supremeyachts.hr\/wp-content\/uploads\/2023\/10\/1__5JB5379.jpg-1900px-f2-100x100.jpg"},"woocommerce_single":{"file":"1__5JB5379.jpg-1900px-f2-600x400.jpg","width":600,"height":400,"mime-type":"image\/jpeg","filesize":44362,"source_url":"https:\/\/www.supremeyachts.hr\/wp-content\/uploads\/2023\/10\/1__5JB5379.jpg-1900px-f2-600x400.jpg"},"medium":{"file":"1__5JB5379.jpg-1900px-f2-300x200.jpg","width":300,"height":200,"mime-type":"image\/jpeg","filesize":28058,"source_url":"https:\/\/www.supremeyachts.hr\/wp-content\/uploads\/2023\/10\/1__5JB5379.jpg-1900px-f2-300x200.jpg"},"thumbnail":{"file":"1__5JB5379.jpg-1900px-f2-150x150.jpg","width":150,"height":150,"mime-type":"image\/jpeg","filesize":19369,"source_url":"https:\/\/www.supremeyachts.hr\/wp-content\/uploads\/2023\/10\/1__5JB5379.jpg-1900px-f2-150x150.jpg"},"medium_large":{"file":"1__5JB5379.jpg-1900px-f2-768x512.jpg","width":768,"height":512,"mime-type":"image\/jpeg","filesize":96275,"source_url":"https:\/\/www.supremeyachts.hr\/wp-content\/uploads\/2023\/10\/1__5JB5379.jpg-1900px-f2-768x512.jpg"}}},"alt_text":"","url":"","target":""},{"id":88,"title":"JEAN-BAPTISTE D'ENQUIN \/ BENETEAU FLYER 6","caption":"","full_image_url":"https:\/\/www.supremeyachts.hr\/wp-content\/uploads\/2023\/10\/1__5JB5371.jpg-1900px-f2.jpg","thumbnail_image_url":"https:\/\/www.supremeyachts.hr\/wp-content\/uploads\/2023\/10\/1__5JB5371.jpg-1900px-f2-150x150.jpg","large_srcset":"https:\/\/www.supremeyachts.hr\/wp-content\/uploads\/2023\/10\/1__5JB5371.jpg-1900px-f2.jpg 960w, https:\/\/www.supremeyachts.hr\/wp-content\/uploads\/2023\/10\/1__5JB5371.jpg-1900px-f2-600x400.jpg 600w, https:\/\/www.supremeyachts.hr\/wp-content\/uploads\/2023\/10\/1__5JB5371.jpg-1900px-f2-300x200.jpg 300w, https:\/\/www.supremeyachts.hr\/wp-content\/uploads\/2023\/10\/1__5JB5371.jpg-1900px-f2-768x512.jpg 768w","medium_srcset":"https:\/\/www.supremeyachts.hr\/wp-content\/uploads\/2023\/10\/1__5JB5371.jpg-1900px-f2-300x200.jpg 300w, https:\/\/www.supremeyachts.hr\/wp-content\/uploads\/2023\/10\/1__5JB5371.jpg-1900px-f2-600x400.jpg 600w, https:\/\/www.supremeyachts.hr\/wp-content\/uploads\/2023\/10\/1__5JB5371.jpg-1900px-f2-768x512.jpg 768w, https:\/\/www.supremeyachts.hr\/wp-content\/uploads\/2023\/10\/1__5JB5371.jpg-1900px-f2.jpg 960w","media_details":{"width":960,"height":640,"sizes":{"woocommerce_thumbnail":{"file":"1__5JB5371.jpg-1900px-f2-300x300.jpg","width":300,"height":300,"mime-type":"image\/jpeg","filesize":20562,"uncropped":false,"source_url":"https:\/\/www.supremeyachts.hr\/wp-content\/uploads\/2023\/10\/1__5JB5371.jpg-1900px-f2-300x300.jpg"},"woocommerce_gallery_thumbnail":{"file":"1__5JB5371.jpg-1900px-f2-100x100.jpg","width":100,"height":100,"mime-type":"image\/jpeg","filesize":3575,"source_url":"https:\/\/www.supremeyachts.hr\/wp-content\/uploads\/2023\/10\/1__5JB5371.jpg-1900px-f2-100x100.jpg"},"woocommerce_single":{"file":"1__5JB5371.jpg-1900px-f2-600x400.jpg","width":600,"height":400,"mime-type":"image\/jpeg","filesize":45753,"source_url":"https:\/\/www.supremeyachts.hr\/wp-content\/uploads\/2023\/10\/1__5JB5371.jpg-1900px-f2-600x400.jpg"},"medium":{"file":"1__5JB5371.jpg-1900px-f2-300x200.jpg","width":300,"height":200,"mime-type":"image\/jpeg","filesize":28609,"source_url":"https:\/\/www.supremeyachts.hr\/wp-content\/uploads\/2023\/10\/1__5JB5371.jpg-1900px-f2-300x200.jpg"},"thumbnail":{"file":"1__5JB5371.jpg-1900px-f2-150x150.jpg","width":150,"height":150,"mime-type":"image\/jpeg","filesize":19779,"source_url":"https:\/\/www.supremeyachts.hr\/wp-content\/uploads\/2023\/10\/1__5JB5371.jpg-1900px-f2-150x150.jpg"},"medium_large":{"file":"1__5JB5371.jpg-1900px-f2-768x512.jpg","width":768,"height":512,"mime-type":"image\/jpeg","filesize":99051,"source_url":"https:\/\/www.supremeyachts.hr\/wp-content\/uploads\/2023\/10\/1__5JB5371.jpg-1900px-f2-768x512.jpg"}}},"alt_text":"","url":"","target":""}],[]],"galerija_interijera":[[{"id":98,"title":"JEAN-BAPTISTE D'ENQUIN \/ BENETEAU FLYER 6","caption":"","full_image_url":"https:\/\/www.supremeyachts.hr\/wp-content\/uploads\/2023\/10\/1__5JB6273.jpg-1900px-f2.jpg","thumbnail_image_url":"https:\/\/www.supremeyachts.hr\/wp-content\/uploads\/2023\/10\/1__5JB6273.jpg-1900px-f2-150x150.jpg","large_srcset":"https:\/\/www.supremeyachts.hr\/wp-content\/uploads\/2023\/10\/1__5JB6273.jpg-1900px-f2.jpg 960w, https:\/\/www.supremeyachts.hr\/wp-content\/uploads\/2023\/10\/1__5JB6273.jpg-1900px-f2-600x400.jpg 600w, https:\/\/www.supremeyachts.hr\/wp-content\/uploads\/2023\/10\/1__5JB6273.jpg-1900px-f2-300x200.jpg 300w, https:\/\/www.supremeyachts.hr\/wp-content\/uploads\/2023\/10\/1__5JB6273.jpg-1900px-f2-768x512.jpg 768w","medium_srcset":"https:\/\/www.supremeyachts.hr\/wp-content\/uploads\/2023\/10\/1__5JB6273.jpg-1900px-f2-300x200.jpg 300w, https:\/\/www.supremeyachts.hr\/wp-content\/uploads\/2023\/10\/1__5JB6273.jpg-1900px-f2-600x400.jpg 600w, https:\/\/www.supremeyachts.hr\/wp-content\/uploads\/2023\/10\/1__5JB6273.jpg-1900px-f2-768x512.jpg 768w, https:\/\/www.supremeyachts.hr\/wp-content\/uploads\/2023\/10\/1__5JB6273.jpg-1900px-f2.jpg 960w","media_details":{"width":960,"height":640,"sizes":{"woocommerce_thumbnail":{"file":"1__5JB6273.jpg-1900px-f2-300x300.jpg","width":300,"height":300,"mime-type":"image\/jpeg","filesize":23992,"uncropped":false,"source_url":"https:\/\/www.supremeyachts.hr\/wp-content\/uploads\/2023\/10\/1__5JB6273.jpg-1900px-f2-300x300.jpg"},"woocommerce_gallery_thumbnail":{"file":"1__5JB6273.jpg-1900px-f2-100x100.jpg","width":100,"height":100,"mime-type":"image\/jpeg","filesize":4579,"source_url":"https:\/\/www.supremeyachts.hr\/wp-content\/uploads\/2023\/10\/1__5JB6273.jpg-1900px-f2-100x100.jpg"},"woocommerce_single":{"file":"1__5JB6273.jpg-1900px-f2-600x400.jpg","width":600,"height":400,"mime-type":"image\/jpeg","filesize":53277,"source_url":"https:\/\/www.supremeyachts.hr\/wp-content\/uploads\/2023\/10\/1__5JB6273.jpg-1900px-f2-600x400.jpg"},"medium":{"file":"1__5JB6273.jpg-1900px-f2-300x200.jpg","width":300,"height":200,"mime-type":"image\/jpeg","filesize":31938,"source_url":"https:\/\/www.supremeyachts.hr\/wp-content\/uploads\/2023\/10\/1__5JB6273.jpg-1900px-f2-300x200.jpg"},"thumbnail":{"file":"1__5JB6273.jpg-1900px-f2-150x150.jpg","width":150,"height":150,"mime-type":"image\/jpeg","filesize":20945,"source_url":"https:\/\/www.supremeyachts.hr\/wp-content\/uploads\/2023\/10\/1__5JB6273.jpg-1900px-f2-150x150.jpg"},"medium_large":{"file":"1__5JB6273.jpg-1900px-f2-768x512.jpg","width":768,"height":512,"mime-type":"image\/jpeg","filesize":104635,"source_url":"https:\/\/www.supremeyachts.hr\/wp-content\/uploads\/2023\/10\/1__5JB6273.jpg-1900px-f2-768x512.jpg"}}},"alt_text":"","url":"","target":""},{"id":97,"title":"JEAN-BAPTISTE D'ENQUIN \/ BENETEAU FLYER 6","caption":"","full_image_url":"https:\/\/www.supremeyachts.hr\/wp-content\/uploads\/2023\/10\/1__5JB6221.jpg-1900px-f2.jpg","thumbnail_image_url":"https:\/\/www.supremeyachts.hr\/wp-content\/uploads\/2023\/10\/1__5JB6221.jpg-1900px-f2-150x150.jpg","large_srcset":"https:\/\/www.supremeyachts.hr\/wp-content\/uploads\/2023\/10\/1__5JB6221.jpg-1900px-f2.jpg 960w, https:\/\/www.supremeyachts.hr\/wp-content\/uploads\/2023\/10\/1__5JB6221.jpg-1900px-f2-600x400.jpg 600w, https:\/\/www.supremeyachts.hr\/wp-content\/uploads\/2023\/10\/1__5JB6221.jpg-1900px-f2-300x200.jpg 300w, https:\/\/www.supremeyachts.hr\/wp-content\/uploads\/2023\/10\/1__5JB6221.jpg-1900px-f2-768x512.jpg 768w","medium_srcset":"https:\/\/www.supremeyachts.hr\/wp-content\/uploads\/2023\/10\/1__5JB6221.jpg-1900px-f2-300x200.jpg 300w, https:\/\/www.supremeyachts.hr\/wp-content\/uploads\/2023\/10\/1__5JB6221.jpg-1900px-f2-600x400.jpg 600w, https:\/\/www.supremeyachts.hr\/wp-content\/uploads\/2023\/10\/1__5JB6221.jpg-1900px-f2-768x512.jpg 768w, https:\/\/www.supremeyachts.hr\/wp-content\/uploads\/2023\/10\/1__5JB6221.jpg-1900px-f2.jpg 960w","media_details":{"width":960,"height":640,"sizes":{"woocommerce_thumbnail":{"file":"1__5JB6221.jpg-1900px-f2-300x300.jpg","width":300,"height":300,"mime-type":"image\/jpeg","filesize":21688,"uncropped":false,"source_url":"https:\/\/www.supremeyachts.hr\/wp-content\/uploads\/2023\/10\/1__5JB6221.jpg-1900px-f2-300x300.jpg"},"woocommerce_gallery_thumbnail":{"file":"1__5JB6221.jpg-1900px-f2-100x100.jpg","width":100,"height":100,"mime-type":"image\/jpeg","filesize":3902,"source_url":"https:\/\/www.supremeyachts.hr\/wp-content\/uploads\/2023\/10\/1__5JB6221.jpg-1900px-f2-100x100.jpg"},"woocommerce_single":{"file":"1__5JB6221.jpg-1900px-f2-600x400.jpg","width":600,"height":400,"mime-type":"image\/jpeg","filesize":49283,"source_url":"https:\/\/www.supremeyachts.hr\/wp-content\/uploads\/2023\/10\/1__5JB6221.jpg-1900px-f2-600x400.jpg"},"medium":{"file":"1__5JB6221.jpg-1900px-f2-300x200.jpg","width":300,"height":200,"mime-type":"image\/jpeg","filesize":30122,"source_url":"https:\/\/www.supremeyachts.hr\/wp-content\/uploads\/2023\/10\/1__5JB6221.jpg-1900px-f2-300x200.jpg"},"thumbnail":{"file":"1__5JB6221.jpg-1900px-f2-150x150.jpg","width":150,"height":150,"mime-type":"image\/jpeg","filesize":20176,"source_url":"https:\/\/www.supremeyachts.hr\/wp-content\/uploads\/2023\/10\/1__5JB6221.jpg-1900px-f2-150x150.jpg"},"medium_large":{"file":"1__5JB6221.jpg-1900px-f2-768x512.jpg","width":768,"height":512,"mime-type":"image\/jpeg","filesize":101848,"source_url":"https:\/\/www.supremeyachts.hr\/wp-content\/uploads\/2023\/10\/1__5JB6221.jpg-1900px-f2-768x512.jpg"}}},"alt_text":"","url":"","target":""},{"id":96,"title":"JEAN-BAPTISTE D'ENQUIN \/ BENETEAU FLYER 6","caption":"","full_image_url":"https:\/\/www.supremeyachts.hr\/wp-content\/uploads\/2023\/10\/1__5JB6221.jpg-1900px-f2-1.jpg","thumbnail_image_url":"https:\/\/www.supremeyachts.hr\/wp-content\/uploads\/2023\/10\/1__5JB6221.jpg-1900px-f2-1-150x150.jpg","large_srcset":"https:\/\/www.supremeyachts.hr\/wp-content\/uploads\/2023\/10\/1__5JB6221.jpg-1900px-f2-1.jpg 960w, https:\/\/www.supremeyachts.hr\/wp-content\/uploads\/2023\/10\/1__5JB6221.jpg-1900px-f2-1-600x400.jpg 600w, https:\/\/www.supremeyachts.hr\/wp-content\/uploads\/2023\/10\/1__5JB6221.jpg-1900px-f2-1-300x200.jpg 300w, https:\/\/www.supremeyachts.hr\/wp-content\/uploads\/2023\/10\/1__5JB6221.jpg-1900px-f2-1-768x512.jpg 768w","medium_srcset":"https:\/\/www.supremeyachts.hr\/wp-content\/uploads\/2023\/10\/1__5JB6221.jpg-1900px-f2-1-300x200.jpg 300w, https:\/\/www.supremeyachts.hr\/wp-content\/uploads\/2023\/10\/1__5JB6221.jpg-1900px-f2-1-600x400.jpg 600w, https:\/\/www.supremeyachts.hr\/wp-content\/uploads\/2023\/10\/1__5JB6221.jpg-1900px-f2-1-768x512.jpg 768w, https:\/\/www.supremeyachts.hr\/wp-content\/uploads\/2023\/10\/1__5JB6221.jpg-1900px-f2-1.jpg 960w","media_details":{"width":960,"height":640,"sizes":{"woocommerce_thumbnail":{"file":"1__5JB6221.jpg-1900px-f2-1-300x300.jpg","width":300,"height":300,"mime-type":"image\/jpeg","filesize":21688,"uncropped":false,"source_url":"https:\/\/www.supremeyachts.hr\/wp-content\/uploads\/2023\/10\/1__5JB6221.jpg-1900px-f2-1-300x300.jpg"},"woocommerce_gallery_thumbnail":{"file":"1__5JB6221.jpg-1900px-f2-1-100x100.jpg","width":100,"height":100,"mime-type":"image\/jpeg","filesize":3902,"source_url":"https:\/\/www.supremeyachts.hr\/wp-content\/uploads\/2023\/10\/1__5JB6221.jpg-1900px-f2-1-100x100.jpg"},"woocommerce_single":{"file":"1__5JB6221.jpg-1900px-f2-1-600x400.jpg","width":600,"height":400,"mime-type":"image\/jpeg","filesize":49283,"source_url":"https:\/\/www.supremeyachts.hr\/wp-content\/uploads\/2023\/10\/1__5JB6221.jpg-1900px-f2-1-600x400.jpg"},"medium":{"file":"1__5JB6221.jpg-1900px-f2-1-300x200.jpg","width":300,"height":200,"mime-type":"image\/jpeg","filesize":30122,"source_url":"https:\/\/www.supremeyachts.hr\/wp-content\/uploads\/2023\/10\/1__5JB6221.jpg-1900px-f2-1-300x200.jpg"},"thumbnail":{"file":"1__5JB6221.jpg-1900px-f2-1-150x150.jpg","width":150,"height":150,"mime-type":"image\/jpeg","filesize":20176,"source_url":"https:\/\/www.supremeyachts.hr\/wp-content\/uploads\/2023\/10\/1__5JB6221.jpg-1900px-f2-1-150x150.jpg"},"medium_large":{"file":"1__5JB6221.jpg-1900px-f2-1-768x512.jpg","width":768,"height":512,"mime-type":"image\/jpeg","filesize":101848,"source_url":"https:\/\/www.supremeyachts.hr\/wp-content\/uploads\/2023\/10\/1__5JB6221.jpg-1900px-f2-1-768x512.jpg"}}},"alt_text":"","url":"","target":""},{"id":95,"title":"JEAN-BAPTISTE D'ENQUIN \/ BENETEAU FLYER 6","caption":"","full_image_url":"https:\/\/www.supremeyachts.hr\/wp-content\/uploads\/2023\/10\/1__5JB5858.jpg-1900px-f2.jpg","thumbnail_image_url":"https:\/\/www.supremeyachts.hr\/wp-content\/uploads\/2023\/10\/1__5JB5858.jpg-1900px-f2-150x150.jpg","large_srcset":"https:\/\/www.supremeyachts.hr\/wp-content\/uploads\/2023\/10\/1__5JB5858.jpg-1900px-f2.jpg 960w, https:\/\/www.supremeyachts.hr\/wp-content\/uploads\/2023\/10\/1__5JB5858.jpg-1900px-f2-600x400.jpg 600w, https:\/\/www.supremeyachts.hr\/wp-content\/uploads\/2023\/10\/1__5JB5858.jpg-1900px-f2-300x200.jpg 300w, https:\/\/www.supremeyachts.hr\/wp-content\/uploads\/2023\/10\/1__5JB5858.jpg-1900px-f2-768x512.jpg 768w","medium_srcset":"https:\/\/www.supremeyachts.hr\/wp-content\/uploads\/2023\/10\/1__5JB5858.jpg-1900px-f2-300x200.jpg 300w, https:\/\/www.supremeyachts.hr\/wp-content\/uploads\/2023\/10\/1__5JB5858.jpg-1900px-f2-600x400.jpg 600w, https:\/\/www.supremeyachts.hr\/wp-content\/uploads\/2023\/10\/1__5JB5858.jpg-1900px-f2-768x512.jpg 768w, https:\/\/www.supremeyachts.hr\/wp-content\/uploads\/2023\/10\/1__5JB5858.jpg-1900px-f2.jpg 960w","media_details":{"width":960,"height":640,"sizes":{"woocommerce_thumbnail":{"file":"1__5JB5858.jpg-1900px-f2-300x300.jpg","width":300,"height":300,"mime-type":"image\/jpeg","filesize":17175,"uncropped":false,"source_url":"https:\/\/www.supremeyachts.hr\/wp-content\/uploads\/2023\/10\/1__5JB5858.jpg-1900px-f2-300x300.jpg"},"woocommerce_gallery_thumbnail":{"file":"1__5JB5858.jpg-1900px-f2-100x100.jpg","width":100,"height":100,"mime-type":"image\/jpeg","filesize":3282,"source_url":"https:\/\/www.supremeyachts.hr\/wp-content\/uploads\/2023\/10\/1__5JB5858.jpg-1900px-f2-100x100.jpg"},"woocommerce_single":{"file":"1__5JB5858.jpg-1900px-f2-600x400.jpg","width":600,"height":400,"mime-type":"image\/jpeg","filesize":36490,"source_url":"https:\/\/www.supremeyachts.hr\/wp-content\/uploads\/2023\/10\/1__5JB5858.jpg-1900px-f2-600x400.jpg"},"medium":{"file":"1__5JB5858.jpg-1900px-f2-300x200.jpg","width":300,"height":200,"mime-type":"image\/jpeg","filesize":26832,"source_url":"https:\/\/www.supremeyachts.hr\/wp-content\/uploads\/2023\/10\/1__5JB5858.jpg-1900px-f2-300x200.jpg"},"thumbnail":{"file":"1__5JB5858.jpg-1900px-f2-150x150.jpg","width":150,"height":150,"mime-type":"image\/jpeg","filesize":19104,"source_url":"https:\/\/www.supremeyachts.hr\/wp-content\/uploads\/2023\/10\/1__5JB5858.jpg-1900px-f2-150x150.jpg"},"medium_large":{"file":"1__5JB5858.jpg-1900px-f2-768x512.jpg","width":768,"height":512,"mime-type":"image\/jpeg","filesize":82403,"source_url":"https:\/\/www.supremeyachts.hr\/wp-content\/uploads\/2023\/10\/1__5JB5858.jpg-1900px-f2-768x512.jpg"}}},"alt_text":"","url":"","target":""},{"id":94,"title":"JEAN-BAPTISTE D'ENQUIN \/ BENETEAU FLYER 6","caption":"","full_image_url":"https:\/\/www.supremeyachts.hr\/wp-content\/uploads\/2023\/10\/1__5JB5831.jpg-1900px-f2.jpg","thumbnail_image_url":"https:\/\/www.supremeyachts.hr\/wp-content\/uploads\/2023\/10\/1__5JB5831.jpg-1900px-f2-150x150.jpg","large_srcset":"https:\/\/www.supremeyachts.hr\/wp-content\/uploads\/2023\/10\/1__5JB5831.jpg-1900px-f2.jpg 960w, https:\/\/www.supremeyachts.hr\/wp-content\/uploads\/2023\/10\/1__5JB5831.jpg-1900px-f2-600x400.jpg 600w, https:\/\/www.supremeyachts.hr\/wp-content\/uploads\/2023\/10\/1__5JB5831.jpg-1900px-f2-300x200.jpg 300w, https:\/\/www.supremeyachts.hr\/wp-content\/uploads\/2023\/10\/1__5JB5831.jpg-1900px-f2-768x512.jpg 768w","medium_srcset":"https:\/\/www.supremeyachts.hr\/wp-content\/uploads\/2023\/10\/1__5JB5831.jpg-1900px-f2-300x200.jpg 300w, https:\/\/www.supremeyachts.hr\/wp-content\/uploads\/2023\/10\/1__5JB5831.jpg-1900px-f2-600x400.jpg 600w, https:\/\/www.supremeyachts.hr\/wp-content\/uploads\/2023\/10\/1__5JB5831.jpg-1900px-f2-768x512.jpg 768w, https:\/\/www.supremeyachts.hr\/wp-content\/uploads\/2023\/10\/1__5JB5831.jpg-1900px-f2.jpg 960w","media_details":{"width":960,"height":640,"sizes":{"woocommerce_thumbnail":{"file":"1__5JB5831.jpg-1900px-f2-300x300.jpg","width":300,"height":300,"mime-type":"image\/jpeg","filesize":19361,"uncropped":false,"source_url":"https:\/\/www.supremeyachts.hr\/wp-content\/uploads\/2023\/10\/1__5JB5831.jpg-1900px-f2-300x300.jpg"},"woocommerce_gallery_thumbnail":{"file":"1__5JB5831.jpg-1900px-f2-100x100.jpg","width":100,"height":100,"mime-type":"image\/jpeg","filesize":3564,"source_url":"https:\/\/www.supremeyachts.hr\/wp-content\/uploads\/2023\/10\/1__5JB5831.jpg-1900px-f2-100x100.jpg"},"woocommerce_single":{"file":"1__5JB5831.jpg-1900px-f2-600x400.jpg","width":600,"height":400,"mime-type":"image\/jpeg","filesize":43785,"source_url":"https:\/\/www.supremeyachts.hr\/wp-content\/uploads\/2023\/10\/1__5JB5831.jpg-1900px-f2-600x400.jpg"},"medium":{"file":"1__5JB5831.jpg-1900px-f2-300x200.jpg","width":300,"height":200,"mime-type":"image\/jpeg","filesize":29467,"source_url":"https:\/\/www.supremeyachts.hr\/wp-content\/uploads\/2023\/10\/1__5JB5831.jpg-1900px-f2-300x200.jpg"},"thumbnail":{"file":"1__5JB5831.jpg-1900px-f2-150x150.jpg","width":150,"height":150,"mime-type":"image\/jpeg","filesize":19738,"source_url":"https:\/\/www.supremeyachts.hr\/wp-content\/uploads\/2023\/10\/1__5JB5831.jpg-1900px-f2-150x150.jpg"},"medium_large":{"file":"1__5JB5831.jpg-1900px-f2-768x512.jpg","width":768,"height":512,"mime-type":"image\/jpeg","filesize":97021,"source_url":"https:\/\/www.supremeyachts.hr\/wp-content\/uploads\/2023\/10\/1__5JB5831.jpg-1900px-f2-768x512.jpg"}}},"alt_text":"","url":"","target":""},{"id":93,"title":"JEAN-BAPTISTE D'ENQUIN \/ BENETEAU FLYER 6","caption":"","full_image_url":"https:\/\/www.supremeyachts.hr\/wp-content\/uploads\/2023\/10\/1__5JB5831.jpg-1900px-f2-1.jpg","thumbnail_image_url":"https:\/\/www.supremeyachts.hr\/wp-content\/uploads\/2023\/10\/1__5JB5831.jpg-1900px-f2-1-150x150.jpg","large_srcset":"https:\/\/www.supremeyachts.hr\/wp-content\/uploads\/2023\/10\/1__5JB5831.jpg-1900px-f2-1.jpg 960w, https:\/\/www.supremeyachts.hr\/wp-content\/uploads\/2023\/10\/1__5JB5831.jpg-1900px-f2-1-600x400.jpg 600w, https:\/\/www.supremeyachts.hr\/wp-content\/uploads\/2023\/10\/1__5JB5831.jpg-1900px-f2-1-300x200.jpg 300w, https:\/\/www.supremeyachts.hr\/wp-content\/uploads\/2023\/10\/1__5JB5831.jpg-1900px-f2-1-768x512.jpg 768w","medium_srcset":"https:\/\/www.supremeyachts.hr\/wp-content\/uploads\/2023\/10\/1__5JB5831.jpg-1900px-f2-1-300x200.jpg 300w, https:\/\/www.supremeyachts.hr\/wp-content\/uploads\/2023\/10\/1__5JB5831.jpg-1900px-f2-1-600x400.jpg 600w, https:\/\/www.supremeyachts.hr\/wp-content\/uploads\/2023\/10\/1__5JB5831.jpg-1900px-f2-1-768x512.jpg 768w, https:\/\/www.supremeyachts.hr\/wp-content\/uploads\/2023\/10\/1__5JB5831.jpg-1900px-f2-1.jpg 960w","media_details":{"width":960,"height":640,"sizes":{"woocommerce_thumbnail":{"file":"1__5JB5831.jpg-1900px-f2-1-300x300.jpg","width":300,"height":300,"mime-type":"image\/jpeg","filesize":19361,"uncropped":false,"source_url":"https:\/\/www.supremeyachts.hr\/wp-content\/uploads\/2023\/10\/1__5JB5831.jpg-1900px-f2-1-300x300.jpg"},"woocommerce_gallery_thumbnail":{"file":"1__5JB5831.jpg-1900px-f2-1-100x100.jpg","width":100,"height":100,"mime-type":"image\/jpeg","filesize":3564,"source_url":"https:\/\/www.supremeyachts.hr\/wp-content\/uploads\/2023\/10\/1__5JB5831.jpg-1900px-f2-1-100x100.jpg"},"woocommerce_single":{"file":"1__5JB5831.jpg-1900px-f2-1-600x400.jpg","width":600,"height":400,"mime-type":"image\/jpeg","filesize":43785,"source_url":"https:\/\/www.supremeyachts.hr\/wp-content\/uploads\/2023\/10\/1__5JB5831.jpg-1900px-f2-1-600x400.jpg"},"medium":{"file":"1__5JB5831.jpg-1900px-f2-1-300x200.jpg","width":300,"height":200,"mime-type":"image\/jpeg","filesize":29467,"source_url":"https:\/\/www.supremeyachts.hr\/wp-content\/uploads\/2023\/10\/1__5JB5831.jpg-1900px-f2-1-300x200.jpg"},"thumbnail":{"file":"1__5JB5831.jpg-1900px-f2-1-150x150.jpg","width":150,"height":150,"mime-type":"image\/jpeg","filesize":19738,"source_url":"https:\/\/www.supremeyachts.hr\/wp-content\/uploads\/2023\/10\/1__5JB5831.jpg-1900px-f2-1-150x150.jpg"},"medium_large":{"file":"1__5JB5831.jpg-1900px-f2-1-768x512.jpg","width":768,"height":512,"mime-type":"image\/jpeg","filesize":97021,"source_url":"https:\/\/www.supremeyachts.hr\/wp-content\/uploads\/2023\/10\/1__5JB5831.jpg-1900px-f2-1-768x512.jpg"}}},"alt_text":"","url":"","target":""},{"id":92,"title":"JEAN-BAPTISTE D'ENQUIN \/ BENETEAU FLYER 6","caption":"","full_image_url":"https:\/\/www.supremeyachts.hr\/wp-content\/uploads\/2023\/10\/1__5JB5532.jpg-1900px-f2.jpg","thumbnail_image_url":"https:\/\/www.supremeyachts.hr\/wp-content\/uploads\/2023\/10\/1__5JB5532.jpg-1900px-f2-150x150.jpg","large_srcset":"https:\/\/www.supremeyachts.hr\/wp-content\/uploads\/2023\/10\/1__5JB5532.jpg-1900px-f2.jpg 960w, https:\/\/www.supremeyachts.hr\/wp-content\/uploads\/2023\/10\/1__5JB5532.jpg-1900px-f2-600x400.jpg 600w, https:\/\/www.supremeyachts.hr\/wp-content\/uploads\/2023\/10\/1__5JB5532.jpg-1900px-f2-300x200.jpg 300w, https:\/\/www.supremeyachts.hr\/wp-content\/uploads\/2023\/10\/1__5JB5532.jpg-1900px-f2-768x512.jpg 768w","medium_srcset":"https:\/\/www.supremeyachts.hr\/wp-content\/uploads\/2023\/10\/1__5JB5532.jpg-1900px-f2-300x200.jpg 300w, https:\/\/www.supremeyachts.hr\/wp-content\/uploads\/2023\/10\/1__5JB5532.jpg-1900px-f2-600x400.jpg 600w, https:\/\/www.supremeyachts.hr\/wp-content\/uploads\/2023\/10\/1__5JB5532.jpg-1900px-f2-768x512.jpg 768w, https:\/\/www.supremeyachts.hr\/wp-content\/uploads\/2023\/10\/1__5JB5532.jpg-1900px-f2.jpg 960w","media_details":{"width":960,"height":640,"sizes":{"woocommerce_thumbnail":{"file":"1__5JB5532.jpg-1900px-f2-300x300.jpg","width":300,"height":300,"mime-type":"image\/jpeg","filesize":17271,"uncropped":false,"source_url":"https:\/\/www.supremeyachts.hr\/wp-content\/uploads\/2023\/10\/1__5JB5532.jpg-1900px-f2-300x300.jpg"},"woocommerce_gallery_thumbnail":{"file":"1__5JB5532.jpg-1900px-f2-100x100.jpg","width":100,"height":100,"mime-type":"image\/jpeg","filesize":3551,"source_url":"https:\/\/www.supremeyachts.hr\/wp-content\/uploads\/2023\/10\/1__5JB5532.jpg-1900px-f2-100x100.jpg"},"woocommerce_single":{"file":"1__5JB5532.jpg-1900px-f2-600x400.jpg","width":600,"height":400,"mime-type":"image\/jpeg","filesize":36433,"source_url":"https:\/\/www.supremeyachts.hr\/wp-content\/uploads\/2023\/10\/1__5JB5532.jpg-1900px-f2-600x400.jpg"},"medium":{"file":"1__5JB5532.jpg-1900px-f2-300x200.jpg","width":300,"height":200,"mime-type":"image\/jpeg","filesize":27440,"source_url":"https:\/\/www.supremeyachts.hr\/wp-content\/uploads\/2023\/10\/1__5JB5532.jpg-1900px-f2-300x200.jpg"},"thumbnail":{"file":"1__5JB5532.jpg-1900px-f2-150x150.jpg","width":150,"height":150,"mime-type":"image\/jpeg","filesize":19332,"source_url":"https:\/\/www.supremeyachts.hr\/wp-content\/uploads\/2023\/10\/1__5JB5532.jpg-1900px-f2-150x150.jpg"},"medium_large":{"file":"1__5JB5532.jpg-1900px-f2-768x512.jpg","width":768,"height":512,"mime-type":"image\/jpeg","filesize":80245,"source_url":"https:\/\/www.supremeyachts.hr\/wp-content\/uploads\/2023\/10\/1__5JB5532.jpg-1900px-f2-768x512.jpg"}}},"alt_text":"","url":"","target":""},{"id":91,"title":"JEAN-BAPTISTE D'ENQUIN \/ BENETEAU FLYER 6","caption":"","full_image_url":"https:\/\/www.supremeyachts.hr\/wp-content\/uploads\/2023\/10\/1__5JB5500.jpg-1900px-f2.jpg","thumbnail_image_url":"https:\/\/www.supremeyachts.hr\/wp-content\/uploads\/2023\/10\/1__5JB5500.jpg-1900px-f2-150x150.jpg","large_srcset":"https:\/\/www.supremeyachts.hr\/wp-content\/uploads\/2023\/10\/1__5JB5500.jpg-1900px-f2.jpg 960w, https:\/\/www.supremeyachts.hr\/wp-content\/uploads\/2023\/10\/1__5JB5500.jpg-1900px-f2-600x400.jpg 600w, https:\/\/www.supremeyachts.hr\/wp-content\/uploads\/2023\/10\/1__5JB5500.jpg-1900px-f2-300x200.jpg 300w, https:\/\/www.supremeyachts.hr\/wp-content\/uploads\/2023\/10\/1__5JB5500.jpg-1900px-f2-768x512.jpg 768w","medium_srcset":"https:\/\/www.supremeyachts.hr\/wp-content\/uploads\/2023\/10\/1__5JB5500.jpg-1900px-f2-300x200.jpg 300w, https:\/\/www.supremeyachts.hr\/wp-content\/uploads\/2023\/10\/1__5JB5500.jpg-1900px-f2-600x400.jpg 600w, https:\/\/www.supremeyachts.hr\/wp-content\/uploads\/2023\/10\/1__5JB5500.jpg-1900px-f2-768x512.jpg 768w, https:\/\/www.supremeyachts.hr\/wp-content\/uploads\/2023\/10\/1__5JB5500.jpg-1900px-f2.jpg 960w","media_details":{"width":960,"height":640,"sizes":{"woocommerce_thumbnail":{"file":"1__5JB5500.jpg-1900px-f2-300x300.jpg","width":300,"height":300,"mime-type":"image\/jpeg","filesize":17172,"uncropped":false,"source_url":"https:\/\/www.supremeyachts.hr\/wp-content\/uploads\/2023\/10\/1__5JB5500.jpg-1900px-f2-300x300.jpg"},"woocommerce_gallery_thumbnail":{"file":"1__5JB5500.jpg-1900px-f2-100x100.jpg","width":100,"height":100,"mime-type":"image\/jpeg","filesize":3649,"source_url":"https:\/\/www.supremeyachts.hr\/wp-content\/uploads\/2023\/10\/1__5JB5500.jpg-1900px-f2-100x100.jpg"},"woocommerce_single":{"file":"1__5JB5500.jpg-1900px-f2-600x400.jpg","width":600,"height":400,"mime-type":"image\/jpeg","filesize":33427,"source_url":"https:\/\/www.supremeyachts.hr\/wp-content\/uploads\/2023\/10\/1__5JB5500.jpg-1900px-f2-600x400.jpg"},"medium":{"file":"1__5JB5500.jpg-1900px-f2-300x200.jpg","width":300,"height":200,"mime-type":"image\/jpeg","filesize":26820,"source_url":"https:\/\/www.supremeyachts.hr\/wp-content\/uploads\/2023\/10\/1__5JB5500.jpg-1900px-f2-300x200.jpg"},"thumbnail":{"file":"1__5JB5500.jpg-1900px-f2-150x150.jpg","width":150,"height":150,"mime-type":"image\/jpeg","filesize":19708,"source_url":"https:\/\/www.supremeyachts.hr\/wp-content\/uploads\/2023\/10\/1__5JB5500.jpg-1900px-f2-150x150.jpg"},"medium_large":{"file":"1__5JB5500.jpg-1900px-f2-768x512.jpg","width":768,"height":512,"mime-type":"image\/jpeg","filesize":74665,"source_url":"https:\/\/www.supremeyachts.hr\/wp-content\/uploads\/2023\/10\/1__5JB5500.jpg-1900px-f2-768x512.jpg"}}},"alt_text":"","url":"","target":""},{"id":90,"title":"JEAN-BAPTISTE D'ENQUIN \/ BENETEAU FLYER 6","caption":"","full_image_url":"https:\/\/www.supremeyachts.hr\/wp-content\/uploads\/2023\/10\/1__5JB5394.jpg-1900px-f2.jpg","thumbnail_image_url":"https:\/\/www.supremeyachts.hr\/wp-content\/uploads\/2023\/10\/1__5JB5394.jpg-1900px-f2-150x150.jpg","large_srcset":"https:\/\/www.supremeyachts.hr\/wp-content\/uploads\/2023\/10\/1__5JB5394.jpg-1900px-f2.jpg 960w, https:\/\/www.supremeyachts.hr\/wp-content\/uploads\/2023\/10\/1__5JB5394.jpg-1900px-f2-600x400.jpg 600w, https:\/\/www.supremeyachts.hr\/wp-content\/uploads\/2023\/10\/1__5JB5394.jpg-1900px-f2-300x200.jpg 300w, https:\/\/www.supremeyachts.hr\/wp-content\/uploads\/2023\/10\/1__5JB5394.jpg-1900px-f2-768x512.jpg 768w","medium_srcset":"https:\/\/www.supremeyachts.hr\/wp-content\/uploads\/2023\/10\/1__5JB5394.jpg-1900px-f2-300x200.jpg 300w, https:\/\/www.supremeyachts.hr\/wp-content\/uploads\/2023\/10\/1__5JB5394.jpg-1900px-f2-600x400.jpg 600w, https:\/\/www.supremeyachts.hr\/wp-content\/uploads\/2023\/10\/1__5JB5394.jpg-1900px-f2-768x512.jpg 768w, https:\/\/www.supremeyachts.hr\/wp-content\/uploads\/2023\/10\/1__5JB5394.jpg-1900px-f2.jpg 960w","media_details":{"width":960,"height":640,"sizes":{"woocommerce_thumbnail":{"file":"1__5JB5394.jpg-1900px-f2-300x300.jpg","width":300,"height":300,"mime-type":"image\/jpeg","filesize":24834,"uncropped":false,"source_url":"https:\/\/www.supremeyachts.hr\/wp-content\/uploads\/2023\/10\/1__5JB5394.jpg-1900px-f2-300x300.jpg"},"woocommerce_gallery_thumbnail":{"file":"1__5JB5394.jpg-1900px-f2-100x100.jpg","width":100,"height":100,"mime-type":"image\/jpeg","filesize":4266,"source_url":"https:\/\/www.supremeyachts.hr\/wp-content\/uploads\/2023\/10\/1__5JB5394.jpg-1900px-f2-100x100.jpg"},"woocommerce_single":{"file":"1__5JB5394.jpg-1900px-f2-600x400.jpg","width":600,"height":400,"mime-type":"image\/jpeg","filesize":57702,"source_url":"https:\/\/www.supremeyachts.hr\/wp-content\/uploads\/2023\/10\/1__5JB5394.jpg-1900px-f2-600x400.jpg"},"medium":{"file":"1__5JB5394.jpg-1900px-f2-300x200.jpg","width":300,"height":200,"mime-type":"image\/jpeg","filesize":32865,"source_url":"https:\/\/www.supremeyachts.hr\/wp-content\/uploads\/2023\/10\/1__5JB5394.jpg-1900px-f2-300x200.jpg"},"thumbnail":{"file":"1__5JB5394.jpg-1900px-f2-150x150.jpg","width":150,"height":150,"mime-type":"image\/jpeg","filesize":21265,"source_url":"https:\/\/www.supremeyachts.hr\/wp-content\/uploads\/2023\/10\/1__5JB5394.jpg-1900px-f2-150x150.jpg"},"medium_large":{"file":"1__5JB5394.jpg-1900px-f2-768x512.jpg","width":768,"height":512,"mime-type":"image\/jpeg","filesize":122424,"source_url":"https:\/\/www.supremeyachts.hr\/wp-content\/uploads\/2023\/10\/1__5JB5394.jpg-1900px-f2-768x512.jpg"}}},"alt_text":"","url":"","target":""},{"id":89,"title":"JEAN-BAPTISTE D'ENQUIN \/ BENETEAU FLYER 6","caption":"","full_image_url":"https:\/\/www.supremeyachts.hr\/wp-content\/uploads\/2023\/10\/1__5JB5379.jpg-1900px-f2.jpg","thumbnail_image_url":"https:\/\/www.supremeyachts.hr\/wp-content\/uploads\/2023\/10\/1__5JB5379.jpg-1900px-f2-150x150.jpg","large_srcset":"https:\/\/www.supremeyachts.hr\/wp-content\/uploads\/2023\/10\/1__5JB5379.jpg-1900px-f2.jpg 960w, https:\/\/www.supremeyachts.hr\/wp-content\/uploads\/2023\/10\/1__5JB5379.jpg-1900px-f2-600x400.jpg 600w, https:\/\/www.supremeyachts.hr\/wp-content\/uploads\/2023\/10\/1__5JB5379.jpg-1900px-f2-300x200.jpg 300w, https:\/\/www.supremeyachts.hr\/wp-content\/uploads\/2023\/10\/1__5JB5379.jpg-1900px-f2-768x512.jpg 768w","medium_srcset":"https:\/\/www.supremeyachts.hr\/wp-content\/uploads\/2023\/10\/1__5JB5379.jpg-1900px-f2-300x200.jpg 300w, https:\/\/www.supremeyachts.hr\/wp-content\/uploads\/2023\/10\/1__5JB5379.jpg-1900px-f2-600x400.jpg 600w, https:\/\/www.supremeyachts.hr\/wp-content\/uploads\/2023\/10\/1__5JB5379.jpg-1900px-f2-768x512.jpg 768w, https:\/\/www.supremeyachts.hr\/wp-content\/uploads\/2023\/10\/1__5JB5379.jpg-1900px-f2.jpg 960w","media_details":{"width":960,"height":640,"sizes":{"woocommerce_thumbnail":{"file":"1__5JB5379.jpg-1900px-f2-300x300.jpg","width":300,"height":300,"mime-type":"image\/jpeg","filesize":20224,"uncropped":false,"source_url":"https:\/\/www.supremeyachts.hr\/wp-content\/uploads\/2023\/10\/1__5JB5379.jpg-1900px-f2-300x300.jpg"},"woocommerce_gallery_thumbnail":{"file":"1__5JB5379.jpg-1900px-f2-100x100.jpg","width":100,"height":100,"mime-type":"image\/jpeg","filesize":3616,"source_url":"https:\/\/www.supremeyachts.hr\/wp-content\/uploads\/2023\/10\/1__5JB5379.jpg-1900px-f2-100x100.jpg"},"woocommerce_single":{"file":"1__5JB5379.jpg-1900px-f2-600x400.jpg","width":600,"height":400,"mime-type":"image\/jpeg","filesize":44362,"source_url":"https:\/\/www.supremeyachts.hr\/wp-content\/uploads\/2023\/10\/1__5JB5379.jpg-1900px-f2-600x400.jpg"},"medium":{"file":"1__5JB5379.jpg-1900px-f2-300x200.jpg","width":300,"height":200,"mime-type":"image\/jpeg","filesize":28058,"source_url":"https:\/\/www.supremeyachts.hr\/wp-content\/uploads\/2023\/10\/1__5JB5379.jpg-1900px-f2-300x200.jpg"},"thumbnail":{"file":"1__5JB5379.jpg-1900px-f2-150x150.jpg","width":150,"height":150,"mime-type":"image\/jpeg","filesize":19369,"source_url":"https:\/\/www.supremeyachts.hr\/wp-content\/uploads\/2023\/10\/1__5JB5379.jpg-1900px-f2-150x150.jpg"},"medium_large":{"file":"1__5JB5379.jpg-1900px-f2-768x512.jpg","width":768,"height":512,"mime-type":"image\/jpeg","filesize":96275,"source_url":"https:\/\/www.supremeyachts.hr\/wp-content\/uploads\/2023\/10\/1__5JB5379.jpg-1900px-f2-768x512.jpg"}}},"alt_text":"","url":"","target":""},{"id":88,"title":"JEAN-BAPTISTE D'ENQUIN \/ BENETEAU FLYER 6","caption":"","full_image_url":"https:\/\/www.supremeyachts.hr\/wp-content\/uploads\/2023\/10\/1__5JB5371.jpg-1900px-f2.jpg","thumbnail_image_url":"https:\/\/www.supremeyachts.hr\/wp-content\/uploads\/2023\/10\/1__5JB5371.jpg-1900px-f2-150x150.jpg","large_srcset":"https:\/\/www.supremeyachts.hr\/wp-content\/uploads\/2023\/10\/1__5JB5371.jpg-1900px-f2.jpg 960w, https:\/\/www.supremeyachts.hr\/wp-content\/uploads\/2023\/10\/1__5JB5371.jpg-1900px-f2-600x400.jpg 600w, https:\/\/www.supremeyachts.hr\/wp-content\/uploads\/2023\/10\/1__5JB5371.jpg-1900px-f2-300x200.jpg 300w, https:\/\/www.supremeyachts.hr\/wp-content\/uploads\/2023\/10\/1__5JB5371.jpg-1900px-f2-768x512.jpg 768w","medium_srcset":"https:\/\/www.supremeyachts.hr\/wp-content\/uploads\/2023\/10\/1__5JB5371.jpg-1900px-f2-300x200.jpg 300w, https:\/\/www.supremeyachts.hr\/wp-content\/uploads\/2023\/10\/1__5JB5371.jpg-1900px-f2-600x400.jpg 600w, https:\/\/www.supremeyachts.hr\/wp-content\/uploads\/2023\/10\/1__5JB5371.jpg-1900px-f2-768x512.jpg 768w, https:\/\/www.supremeyachts.hr\/wp-content\/uploads\/2023\/10\/1__5JB5371.jpg-1900px-f2.jpg 960w","media_details":{"width":960,"height":640,"sizes":{"woocommerce_thumbnail":{"file":"1__5JB5371.jpg-1900px-f2-300x300.jpg","width":300,"height":300,"mime-type":"image\/jpeg","filesize":20562,"uncropped":false,"source_url":"https:\/\/www.supremeyachts.hr\/wp-content\/uploads\/2023\/10\/1__5JB5371.jpg-1900px-f2-300x300.jpg"},"woocommerce_gallery_thumbnail":{"file":"1__5JB5371.jpg-1900px-f2-100x100.jpg","width":100,"height":100,"mime-type":"image\/jpeg","filesize":3575,"source_url":"https:\/\/www.supremeyachts.hr\/wp-content\/uploads\/2023\/10\/1__5JB5371.jpg-1900px-f2-100x100.jpg"},"woocommerce_single":{"file":"1__5JB5371.jpg-1900px-f2-600x400.jpg","width":600,"height":400,"mime-type":"image\/jpeg","filesize":45753,"source_url":"https:\/\/www.supremeyachts.hr\/wp-content\/uploads\/2023\/10\/1__5JB5371.jpg-1900px-f2-600x400.jpg"},"medium":{"file":"1__5JB5371.jpg-1900px-f2-300x200.jpg","width":300,"height":200,"mime-type":"image\/jpeg","filesize":28609,"source_url":"https:\/\/www.supremeyachts.hr\/wp-content\/uploads\/2023\/10\/1__5JB5371.jpg-1900px-f2-300x200.jpg"},"thumbnail":{"file":"1__5JB5371.jpg-1900px-f2-150x150.jpg","width":150,"height":150,"mime-type":"image\/jpeg","filesize":19779,"source_url":"https:\/\/www.supremeyachts.hr\/wp-content\/uploads\/2023\/10\/1__5JB5371.jpg-1900px-f2-150x150.jpg"},"medium_large":{"file":"1__5JB5371.jpg-1900px-f2-768x512.jpg","width":768,"height":512,"mime-type":"image\/jpeg","filesize":99051,"source_url":"https:\/\/www.supremeyachts.hr\/wp-content\/uploads\/2023\/10\/1__5JB5371.jpg-1900px-f2-768x512.jpg"}}},"alt_text":"","url":"","target":""}],[],[]],"galerija_eksterijera":[[{"id":98,"title":"JEAN-BAPTISTE D'ENQUIN \/ BENETEAU FLYER 6","caption":"","full_image_url":"https:\/\/www.supremeyachts.hr\/wp-content\/uploads\/2023\/10\/1__5JB6273.jpg-1900px-f2.jpg","thumbnail_image_url":"https:\/\/www.supremeyachts.hr\/wp-content\/uploads\/2023\/10\/1__5JB6273.jpg-1900px-f2-150x150.jpg","large_srcset":"https:\/\/www.supremeyachts.hr\/wp-content\/uploads\/2023\/10\/1__5JB6273.jpg-1900px-f2.jpg 960w, https:\/\/www.supremeyachts.hr\/wp-content\/uploads\/2023\/10\/1__5JB6273.jpg-1900px-f2-600x400.jpg 600w, https:\/\/www.supremeyachts.hr\/wp-content\/uploads\/2023\/10\/1__5JB6273.jpg-1900px-f2-300x200.jpg 300w, https:\/\/www.supremeyachts.hr\/wp-content\/uploads\/2023\/10\/1__5JB6273.jpg-1900px-f2-768x512.jpg 768w","medium_srcset":"https:\/\/www.supremeyachts.hr\/wp-content\/uploads\/2023\/10\/1__5JB6273.jpg-1900px-f2-300x200.jpg 300w, https:\/\/www.supremeyachts.hr\/wp-content\/uploads\/2023\/10\/1__5JB6273.jpg-1900px-f2-600x400.jpg 600w, https:\/\/www.supremeyachts.hr\/wp-content\/uploads\/2023\/10\/1__5JB6273.jpg-1900px-f2-768x512.jpg 768w, https:\/\/www.supremeyachts.hr\/wp-content\/uploads\/2023\/10\/1__5JB6273.jpg-1900px-f2.jpg 960w","media_details":{"width":960,"height":640,"sizes":{"woocommerce_thumbnail":{"file":"1__5JB6273.jpg-1900px-f2-300x300.jpg","width":300,"height":300,"mime-type":"image\/jpeg","filesize":23992,"uncropped":false,"source_url":"https:\/\/www.supremeyachts.hr\/wp-content\/uploads\/2023\/10\/1__5JB6273.jpg-1900px-f2-300x300.jpg"},"woocommerce_gallery_thumbnail":{"file":"1__5JB6273.jpg-1900px-f2-100x100.jpg","width":100,"height":100,"mime-type":"image\/jpeg","filesize":4579,"source_url":"https:\/\/www.supremeyachts.hr\/wp-content\/uploads\/2023\/10\/1__5JB6273.jpg-1900px-f2-100x100.jpg"},"woocommerce_single":{"file":"1__5JB6273.jpg-1900px-f2-600x400.jpg","width":600,"height":400,"mime-type":"image\/jpeg","filesize":53277,"source_url":"https:\/\/www.supremeyachts.hr\/wp-content\/uploads\/2023\/10\/1__5JB6273.jpg-1900px-f2-600x400.jpg"},"medium":{"file":"1__5JB6273.jpg-1900px-f2-300x200.jpg","width":300,"height":200,"mime-type":"image\/jpeg","filesize":31938,"source_url":"https:\/\/www.supremeyachts.hr\/wp-content\/uploads\/2023\/10\/1__5JB6273.jpg-1900px-f2-300x200.jpg"},"thumbnail":{"file":"1__5JB6273.jpg-1900px-f2-150x150.jpg","width":150,"height":150,"mime-type":"image\/jpeg","filesize":20945,"source_url":"https:\/\/www.supremeyachts.hr\/wp-content\/uploads\/2023\/10\/1__5JB6273.jpg-1900px-f2-150x150.jpg"},"medium_large":{"file":"1__5JB6273.jpg-1900px-f2-768x512.jpg","width":768,"height":512,"mime-type":"image\/jpeg","filesize":104635,"source_url":"https:\/\/www.supremeyachts.hr\/wp-content\/uploads\/2023\/10\/1__5JB6273.jpg-1900px-f2-768x512.jpg"}}},"alt_text":"","url":"","target":""},{"id":97,"title":"JEAN-BAPTISTE D'ENQUIN \/ BENETEAU FLYER 6","caption":"","full_image_url":"https:\/\/www.supremeyachts.hr\/wp-content\/uploads\/2023\/10\/1__5JB6221.jpg-1900px-f2.jpg","thumbnail_image_url":"https:\/\/www.supremeyachts.hr\/wp-content\/uploads\/2023\/10\/1__5JB6221.jpg-1900px-f2-150x150.jpg","large_srcset":"https:\/\/www.supremeyachts.hr\/wp-content\/uploads\/2023\/10\/1__5JB6221.jpg-1900px-f2.jpg 960w, https:\/\/www.supremeyachts.hr\/wp-content\/uploads\/2023\/10\/1__5JB6221.jpg-1900px-f2-600x400.jpg 600w, https:\/\/www.supremeyachts.hr\/wp-content\/uploads\/2023\/10\/1__5JB6221.jpg-1900px-f2-300x200.jpg 300w, https:\/\/www.supremeyachts.hr\/wp-content\/uploads\/2023\/10\/1__5JB6221.jpg-1900px-f2-768x512.jpg 768w","medium_srcset":"https:\/\/www.supremeyachts.hr\/wp-content\/uploads\/2023\/10\/1__5JB6221.jpg-1900px-f2-300x200.jpg 300w, https:\/\/www.supremeyachts.hr\/wp-content\/uploads\/2023\/10\/1__5JB6221.jpg-1900px-f2-600x400.jpg 600w, https:\/\/www.supremeyachts.hr\/wp-content\/uploads\/2023\/10\/1__5JB6221.jpg-1900px-f2-768x512.jpg 768w, https:\/\/www.supremeyachts.hr\/wp-content\/uploads\/2023\/10\/1__5JB6221.jpg-1900px-f2.jpg 960w","media_details":{"width":960,"height":640,"sizes":{"woocommerce_thumbnail":{"file":"1__5JB6221.jpg-1900px-f2-300x300.jpg","width":300,"height":300,"mime-type":"image\/jpeg","filesize":21688,"uncropped":false,"source_url":"https:\/\/www.supremeyachts.hr\/wp-content\/uploads\/2023\/10\/1__5JB6221.jpg-1900px-f2-300x300.jpg"},"woocommerce_gallery_thumbnail":{"file":"1__5JB6221.jpg-1900px-f2-100x100.jpg","width":100,"height":100,"mime-type":"image\/jpeg","filesize":3902,"source_url":"https:\/\/www.supremeyachts.hr\/wp-content\/uploads\/2023\/10\/1__5JB6221.jpg-1900px-f2-100x100.jpg"},"woocommerce_single":{"file":"1__5JB6221.jpg-1900px-f2-600x400.jpg","width":600,"height":400,"mime-type":"image\/jpeg","filesize":49283,"source_url":"https:\/\/www.supremeyachts.hr\/wp-content\/uploads\/2023\/10\/1__5JB6221.jpg-1900px-f2-600x400.jpg"},"medium":{"file":"1__5JB6221.jpg-1900px-f2-300x200.jpg","width":300,"height":200,"mime-type":"image\/jpeg","filesize":30122,"source_url":"https:\/\/www.supremeyachts.hr\/wp-content\/uploads\/2023\/10\/1__5JB6221.jpg-1900px-f2-300x200.jpg"},"thumbnail":{"file":"1__5JB6221.jpg-1900px-f2-150x150.jpg","width":150,"height":150,"mime-type":"image\/jpeg","filesize":20176,"source_url":"https:\/\/www.supremeyachts.hr\/wp-content\/uploads\/2023\/10\/1__5JB6221.jpg-1900px-f2-150x150.jpg"},"medium_large":{"file":"1__5JB6221.jpg-1900px-f2-768x512.jpg","width":768,"height":512,"mime-type":"image\/jpeg","filesize":101848,"source_url":"https:\/\/www.supremeyachts.hr\/wp-content\/uploads\/2023\/10\/1__5JB6221.jpg-1900px-f2-768x512.jpg"}}},"alt_text":"","url":"","target":""},{"id":96,"title":"JEAN-BAPTISTE D'ENQUIN \/ BENETEAU FLYER 6","caption":"","full_image_url":"https:\/\/www.supremeyachts.hr\/wp-content\/uploads\/2023\/10\/1__5JB6221.jpg-1900px-f2-1.jpg","thumbnail_image_url":"https:\/\/www.supremeyachts.hr\/wp-content\/uploads\/2023\/10\/1__5JB6221.jpg-1900px-f2-1-150x150.jpg","large_srcset":"https:\/\/www.supremeyachts.hr\/wp-content\/uploads\/2023\/10\/1__5JB6221.jpg-1900px-f2-1.jpg 960w, https:\/\/www.supremeyachts.hr\/wp-content\/uploads\/2023\/10\/1__5JB6221.jpg-1900px-f2-1-600x400.jpg 600w, https:\/\/www.supremeyachts.hr\/wp-content\/uploads\/2023\/10\/1__5JB6221.jpg-1900px-f2-1-300x200.jpg 300w, https:\/\/www.supremeyachts.hr\/wp-content\/uploads\/2023\/10\/1__5JB6221.jpg-1900px-f2-1-768x512.jpg 768w","medium_srcset":"https:\/\/www.supremeyachts.hr\/wp-content\/uploads\/2023\/10\/1__5JB6221.jpg-1900px-f2-1-300x200.jpg 300w, https:\/\/www.supremeyachts.hr\/wp-content\/uploads\/2023\/10\/1__5JB6221.jpg-1900px-f2-1-600x400.jpg 600w, https:\/\/www.supremeyachts.hr\/wp-content\/uploads\/2023\/10\/1__5JB6221.jpg-1900px-f2-1-768x512.jpg 768w, https:\/\/www.supremeyachts.hr\/wp-content\/uploads\/2023\/10\/1__5JB6221.jpg-1900px-f2-1.jpg 960w","media_details":{"width":960,"height":640,"sizes":{"woocommerce_thumbnail":{"file":"1__5JB6221.jpg-1900px-f2-1-300x300.jpg","width":300,"height":300,"mime-type":"image\/jpeg","filesize":21688,"uncropped":false,"source_url":"https:\/\/www.supremeyachts.hr\/wp-content\/uploads\/2023\/10\/1__5JB6221.jpg-1900px-f2-1-300x300.jpg"},"woocommerce_gallery_thumbnail":{"file":"1__5JB6221.jpg-1900px-f2-1-100x100.jpg","width":100,"height":100,"mime-type":"image\/jpeg","filesize":3902,"source_url":"https:\/\/www.supremeyachts.hr\/wp-content\/uploads\/2023\/10\/1__5JB6221.jpg-1900px-f2-1-100x100.jpg"},"woocommerce_single":{"file":"1__5JB6221.jpg-1900px-f2-1-600x400.jpg","width":600,"height":400,"mime-type":"image\/jpeg","filesize":49283,"source_url":"https:\/\/www.supremeyachts.hr\/wp-content\/uploads\/2023\/10\/1__5JB6221.jpg-1900px-f2-1-600x400.jpg"},"medium":{"file":"1__5JB6221.jpg-1900px-f2-1-300x200.jpg","width":300,"height":200,"mime-type":"image\/jpeg","filesize":30122,"source_url":"https:\/\/www.supremeyachts.hr\/wp-content\/uploads\/2023\/10\/1__5JB6221.jpg-1900px-f2-1-300x200.jpg"},"thumbnail":{"file":"1__5JB6221.jpg-1900px-f2-1-150x150.jpg","width":150,"height":150,"mime-type":"image\/jpeg","filesize":20176,"source_url":"https:\/\/www.supremeyachts.hr\/wp-content\/uploads\/2023\/10\/1__5JB6221.jpg-1900px-f2-1-150x150.jpg"},"medium_large":{"file":"1__5JB6221.jpg-1900px-f2-1-768x512.jpg","width":768,"height":512,"mime-type":"image\/jpeg","filesize":101848,"source_url":"https:\/\/www.supremeyachts.hr\/wp-content\/uploads\/2023\/10\/1__5JB6221.jpg-1900px-f2-1-768x512.jpg"}}},"alt_text":"","url":"","target":""},{"id":95,"title":"JEAN-BAPTISTE D'ENQUIN \/ BENETEAU FLYER 6","caption":"","full_image_url":"https:\/\/www.supremeyachts.hr\/wp-content\/uploads\/2023\/10\/1__5JB5858.jpg-1900px-f2.jpg","thumbnail_image_url":"https:\/\/www.supremeyachts.hr\/wp-content\/uploads\/2023\/10\/1__5JB5858.jpg-1900px-f2-150x150.jpg","large_srcset":"https:\/\/www.supremeyachts.hr\/wp-content\/uploads\/2023\/10\/1__5JB5858.jpg-1900px-f2.jpg 960w, https:\/\/www.supremeyachts.hr\/wp-content\/uploads\/2023\/10\/1__5JB5858.jpg-1900px-f2-600x400.jpg 600w, https:\/\/www.supremeyachts.hr\/wp-content\/uploads\/2023\/10\/1__5JB5858.jpg-1900px-f2-300x200.jpg 300w, https:\/\/www.supremeyachts.hr\/wp-content\/uploads\/2023\/10\/1__5JB5858.jpg-1900px-f2-768x512.jpg 768w","medium_srcset":"https:\/\/www.supremeyachts.hr\/wp-content\/uploads\/2023\/10\/1__5JB5858.jpg-1900px-f2-300x200.jpg 300w, https:\/\/www.supremeyachts.hr\/wp-content\/uploads\/2023\/10\/1__5JB5858.jpg-1900px-f2-600x400.jpg 600w, https:\/\/www.supremeyachts.hr\/wp-content\/uploads\/2023\/10\/1__5JB5858.jpg-1900px-f2-768x512.jpg 768w, https:\/\/www.supremeyachts.hr\/wp-content\/uploads\/2023\/10\/1__5JB5858.jpg-1900px-f2.jpg 960w","media_details":{"width":960,"height":640,"sizes":{"woocommerce_thumbnail":{"file":"1__5JB5858.jpg-1900px-f2-300x300.jpg","width":300,"height":300,"mime-type":"image\/jpeg","filesize":17175,"uncropped":false,"source_url":"https:\/\/www.supremeyachts.hr\/wp-content\/uploads\/2023\/10\/1__5JB5858.jpg-1900px-f2-300x300.jpg"},"woocommerce_gallery_thumbnail":{"file":"1__5JB5858.jpg-1900px-f2-100x100.jpg","width":100,"height":100,"mime-type":"image\/jpeg","filesize":3282,"source_url":"https:\/\/www.supremeyachts.hr\/wp-content\/uploads\/2023\/10\/1__5JB5858.jpg-1900px-f2-100x100.jpg"},"woocommerce_single":{"file":"1__5JB5858.jpg-1900px-f2-600x400.jpg","width":600,"height":400,"mime-type":"image\/jpeg","filesize":36490,"source_url":"https:\/\/www.supremeyachts.hr\/wp-content\/uploads\/2023\/10\/1__5JB5858.jpg-1900px-f2-600x400.jpg"},"medium":{"file":"1__5JB5858.jpg-1900px-f2-300x200.jpg","width":300,"height":200,"mime-type":"image\/jpeg","filesize":26832,"source_url":"https:\/\/www.supremeyachts.hr\/wp-content\/uploads\/2023\/10\/1__5JB5858.jpg-1900px-f2-300x200.jpg"},"thumbnail":{"file":"1__5JB5858.jpg-1900px-f2-150x150.jpg","width":150,"height":150,"mime-type":"image\/jpeg","filesize":19104,"source_url":"https:\/\/www.supremeyachts.hr\/wp-content\/uploads\/2023\/10\/1__5JB5858.jpg-1900px-f2-150x150.jpg"},"medium_large":{"file":"1__5JB5858.jpg-1900px-f2-768x512.jpg","width":768,"height":512,"mime-type":"image\/jpeg","filesize":82403,"source_url":"https:\/\/www.supremeyachts.hr\/wp-content\/uploads\/2023\/10\/1__5JB5858.jpg-1900px-f2-768x512.jpg"}}},"alt_text":"","url":"","target":""},{"id":94,"title":"JEAN-BAPTISTE D'ENQUIN \/ BENETEAU FLYER 6","caption":"","full_image_url":"https:\/\/www.supremeyachts.hr\/wp-content\/uploads\/2023\/10\/1__5JB5831.jpg-1900px-f2.jpg","thumbnail_image_url":"https:\/\/www.supremeyachts.hr\/wp-content\/uploads\/2023\/10\/1__5JB5831.jpg-1900px-f2-150x150.jpg","large_srcset":"https:\/\/www.supremeyachts.hr\/wp-content\/uploads\/2023\/10\/1__5JB5831.jpg-1900px-f2.jpg 960w, https:\/\/www.supremeyachts.hr\/wp-content\/uploads\/2023\/10\/1__5JB5831.jpg-1900px-f2-600x400.jpg 600w, https:\/\/www.supremeyachts.hr\/wp-content\/uploads\/2023\/10\/1__5JB5831.jpg-1900px-f2-300x200.jpg 300w, https:\/\/www.supremeyachts.hr\/wp-content\/uploads\/2023\/10\/1__5JB5831.jpg-1900px-f2-768x512.jpg 768w","medium_srcset":"https:\/\/www.supremeyachts.hr\/wp-content\/uploads\/2023\/10\/1__5JB5831.jpg-1900px-f2-300x200.jpg 300w, https:\/\/www.supremeyachts.hr\/wp-content\/uploads\/2023\/10\/1__5JB5831.jpg-1900px-f2-600x400.jpg 600w, https:\/\/www.supremeyachts.hr\/wp-content\/uploads\/2023\/10\/1__5JB5831.jpg-1900px-f2-768x512.jpg 768w, https:\/\/www.supremeyachts.hr\/wp-content\/uploads\/2023\/10\/1__5JB5831.jpg-1900px-f2.jpg 960w","media_details":{"width":960,"height":640,"sizes":{"woocommerce_thumbnail":{"file":"1__5JB5831.jpg-1900px-f2-300x300.jpg","width":300,"height":300,"mime-type":"image\/jpeg","filesize":19361,"uncropped":false,"source_url":"https:\/\/www.supremeyachts.hr\/wp-content\/uploads\/2023\/10\/1__5JB5831.jpg-1900px-f2-300x300.jpg"},"woocommerce_gallery_thumbnail":{"file":"1__5JB5831.jpg-1900px-f2-100x100.jpg","width":100,"height":100,"mime-type":"image\/jpeg","filesize":3564,"source_url":"https:\/\/www.supremeyachts.hr\/wp-content\/uploads\/2023\/10\/1__5JB5831.jpg-1900px-f2-100x100.jpg"},"woocommerce_single":{"file":"1__5JB5831.jpg-1900px-f2-600x400.jpg","width":600,"height":400,"mime-type":"image\/jpeg","filesize":43785,"source_url":"https:\/\/www.supremeyachts.hr\/wp-content\/uploads\/2023\/10\/1__5JB5831.jpg-1900px-f2-600x400.jpg"},"medium":{"file":"1__5JB5831.jpg-1900px-f2-300x200.jpg","width":300,"height":200,"mime-type":"image\/jpeg","filesize":29467,"source_url":"https:\/\/www.supremeyachts.hr\/wp-content\/uploads\/2023\/10\/1__5JB5831.jpg-1900px-f2-300x200.jpg"},"thumbnail":{"file":"1__5JB5831.jpg-1900px-f2-150x150.jpg","width":150,"height":150,"mime-type":"image\/jpeg","filesize":19738,"source_url":"https:\/\/www.supremeyachts.hr\/wp-content\/uploads\/2023\/10\/1__5JB5831.jpg-1900px-f2-150x150.jpg"},"medium_large":{"file":"1__5JB5831.jpg-1900px-f2-768x512.jpg","width":768,"height":512,"mime-type":"image\/jpeg","filesize":97021,"source_url":"https:\/\/www.supremeyachts.hr\/wp-content\/uploads\/2023\/10\/1__5JB5831.jpg-1900px-f2-768x512.jpg"}}},"alt_text":"","url":"","target":""},{"id":93,"title":"JEAN-BAPTISTE D'ENQUIN \/ BENETEAU FLYER 6","caption":"","full_image_url":"https:\/\/www.supremeyachts.hr\/wp-content\/uploads\/2023\/10\/1__5JB5831.jpg-1900px-f2-1.jpg","thumbnail_image_url":"https:\/\/www.supremeyachts.hr\/wp-content\/uploads\/2023\/10\/1__5JB5831.jpg-1900px-f2-1-150x150.jpg","large_srcset":"https:\/\/www.supremeyachts.hr\/wp-content\/uploads\/2023\/10\/1__5JB5831.jpg-1900px-f2-1.jpg 960w, https:\/\/www.supremeyachts.hr\/wp-content\/uploads\/2023\/10\/1__5JB5831.jpg-1900px-f2-1-600x400.jpg 600w, https:\/\/www.supremeyachts.hr\/wp-content\/uploads\/2023\/10\/1__5JB5831.jpg-1900px-f2-1-300x200.jpg 300w, https:\/\/www.supremeyachts.hr\/wp-content\/uploads\/2023\/10\/1__5JB5831.jpg-1900px-f2-1-768x512.jpg 768w","medium_srcset":"https:\/\/www.supremeyachts.hr\/wp-content\/uploads\/2023\/10\/1__5JB5831.jpg-1900px-f2-1-300x200.jpg 300w, https:\/\/www.supremeyachts.hr\/wp-content\/uploads\/2023\/10\/1__5JB5831.jpg-1900px-f2-1-600x400.jpg 600w, https:\/\/www.supremeyachts.hr\/wp-content\/uploads\/2023\/10\/1__5JB5831.jpg-1900px-f2-1-768x512.jpg 768w, https:\/\/www.supremeyachts.hr\/wp-content\/uploads\/2023\/10\/1__5JB5831.jpg-1900px-f2-1.jpg 960w","media_details":{"width":960,"height":640,"sizes":{"woocommerce_thumbnail":{"file":"1__5JB5831.jpg-1900px-f2-1-300x300.jpg","width":300,"height":300,"mime-type":"image\/jpeg","filesize":19361,"uncropped":false,"source_url":"https:\/\/www.supremeyachts.hr\/wp-content\/uploads\/2023\/10\/1__5JB5831.jpg-1900px-f2-1-300x300.jpg"},"woocommerce_gallery_thumbnail":{"file":"1__5JB5831.jpg-1900px-f2-1-100x100.jpg","width":100,"height":100,"mime-type":"image\/jpeg","filesize":3564,"source_url":"https:\/\/www.supremeyachts.hr\/wp-content\/uploads\/2023\/10\/1__5JB5831.jpg-1900px-f2-1-100x100.jpg"},"woocommerce_single":{"file":"1__5JB5831.jpg-1900px-f2-1-600x400.jpg","width":600,"height":400,"mime-type":"image\/jpeg","filesize":43785,"source_url":"https:\/\/www.supremeyachts.hr\/wp-content\/uploads\/2023\/10\/1__5JB5831.jpg-1900px-f2-1-600x400.jpg"},"medium":{"file":"1__5JB5831.jpg-1900px-f2-1-300x200.jpg","width":300,"height":200,"mime-type":"image\/jpeg","filesize":29467,"source_url":"https:\/\/www.supremeyachts.hr\/wp-content\/uploads\/2023\/10\/1__5JB5831.jpg-1900px-f2-1-300x200.jpg"},"thumbnail":{"file":"1__5JB5831.jpg-1900px-f2-1-150x150.jpg","width":150,"height":150,"mime-type":"image\/jpeg","filesize":19738,"source_url":"https:\/\/www.supremeyachts.hr\/wp-content\/uploads\/2023\/10\/1__5JB5831.jpg-1900px-f2-1-150x150.jpg"},"medium_large":{"file":"1__5JB5831.jpg-1900px-f2-1-768x512.jpg","width":768,"height":512,"mime-type":"image\/jpeg","filesize":97021,"source_url":"https:\/\/www.supremeyachts.hr\/wp-content\/uploads\/2023\/10\/1__5JB5831.jpg-1900px-f2-1-768x512.jpg"}}},"alt_text":"","url":"","target":""},{"id":92,"title":"JEAN-BAPTISTE D'ENQUIN \/ BENETEAU FLYER 6","caption":"","full_image_url":"https:\/\/www.supremeyachts.hr\/wp-content\/uploads\/2023\/10\/1__5JB5532.jpg-1900px-f2.jpg","thumbnail_image_url":"https:\/\/www.supremeyachts.hr\/wp-content\/uploads\/2023\/10\/1__5JB5532.jpg-1900px-f2-150x150.jpg","large_srcset":"https:\/\/www.supremeyachts.hr\/wp-content\/uploads\/2023\/10\/1__5JB5532.jpg-1900px-f2.jpg 960w, https:\/\/www.supremeyachts.hr\/wp-content\/uploads\/2023\/10\/1__5JB5532.jpg-1900px-f2-600x400.jpg 600w, https:\/\/www.supremeyachts.hr\/wp-content\/uploads\/2023\/10\/1__5JB5532.jpg-1900px-f2-300x200.jpg 300w, https:\/\/www.supremeyachts.hr\/wp-content\/uploads\/2023\/10\/1__5JB5532.jpg-1900px-f2-768x512.jpg 768w","medium_srcset":"https:\/\/www.supremeyachts.hr\/wp-content\/uploads\/2023\/10\/1__5JB5532.jpg-1900px-f2-300x200.jpg 300w, https:\/\/www.supremeyachts.hr\/wp-content\/uploads\/2023\/10\/1__5JB5532.jpg-1900px-f2-600x400.jpg 600w, https:\/\/www.supremeyachts.hr\/wp-content\/uploads\/2023\/10\/1__5JB5532.jpg-1900px-f2-768x512.jpg 768w, https:\/\/www.supremeyachts.hr\/wp-content\/uploads\/2023\/10\/1__5JB5532.jpg-1900px-f2.jpg 960w","media_details":{"width":960,"height":640,"sizes":{"woocommerce_thumbnail":{"file":"1__5JB5532.jpg-1900px-f2-300x300.jpg","width":300,"height":300,"mime-type":"image\/jpeg","filesize":17271,"uncropped":false,"source_url":"https:\/\/www.supremeyachts.hr\/wp-content\/uploads\/2023\/10\/1__5JB5532.jpg-1900px-f2-300x300.jpg"},"woocommerce_gallery_thumbnail":{"file":"1__5JB5532.jpg-1900px-f2-100x100.jpg","width":100,"height":100,"mime-type":"image\/jpeg","filesize":3551,"source_url":"https:\/\/www.supremeyachts.hr\/wp-content\/uploads\/2023\/10\/1__5JB5532.jpg-1900px-f2-100x100.jpg"},"woocommerce_single":{"file":"1__5JB5532.jpg-1900px-f2-600x400.jpg","width":600,"height":400,"mime-type":"image\/jpeg","filesize":36433,"source_url":"https:\/\/www.supremeyachts.hr\/wp-content\/uploads\/2023\/10\/1__5JB5532.jpg-1900px-f2-600x400.jpg"},"medium":{"file":"1__5JB5532.jpg-1900px-f2-300x200.jpg","width":300,"height":200,"mime-type":"image\/jpeg","filesize":27440,"source_url":"https:\/\/www.supremeyachts.hr\/wp-content\/uploads\/2023\/10\/1__5JB5532.jpg-1900px-f2-300x200.jpg"},"thumbnail":{"file":"1__5JB5532.jpg-1900px-f2-150x150.jpg","width":150,"height":150,"mime-type":"image\/jpeg","filesize":19332,"source_url":"https:\/\/www.supremeyachts.hr\/wp-content\/uploads\/2023\/10\/1__5JB5532.jpg-1900px-f2-150x150.jpg"},"medium_large":{"file":"1__5JB5532.jpg-1900px-f2-768x512.jpg","width":768,"height":512,"mime-type":"image\/jpeg","filesize":80245,"source_url":"https:\/\/www.supremeyachts.hr\/wp-content\/uploads\/2023\/10\/1__5JB5532.jpg-1900px-f2-768x512.jpg"}}},"alt_text":"","url":"","target":""},{"id":91,"title":"JEAN-BAPTISTE D'ENQUIN \/ BENETEAU FLYER 6","caption":"","full_image_url":"https:\/\/www.supremeyachts.hr\/wp-content\/uploads\/2023\/10\/1__5JB5500.jpg-1900px-f2.jpg","thumbnail_image_url":"https:\/\/www.supremeyachts.hr\/wp-content\/uploads\/2023\/10\/1__5JB5500.jpg-1900px-f2-150x150.jpg","large_srcset":"https:\/\/www.supremeyachts.hr\/wp-content\/uploads\/2023\/10\/1__5JB5500.jpg-1900px-f2.jpg 960w, https:\/\/www.supremeyachts.hr\/wp-content\/uploads\/2023\/10\/1__5JB5500.jpg-1900px-f2-600x400.jpg 600w, https:\/\/www.supremeyachts.hr\/wp-content\/uploads\/2023\/10\/1__5JB5500.jpg-1900px-f2-300x200.jpg 300w, https:\/\/www.supremeyachts.hr\/wp-content\/uploads\/2023\/10\/1__5JB5500.jpg-1900px-f2-768x512.jpg 768w","medium_srcset":"https:\/\/www.supremeyachts.hr\/wp-content\/uploads\/2023\/10\/1__5JB5500.jpg-1900px-f2-300x200.jpg 300w, https:\/\/www.supremeyachts.hr\/wp-content\/uploads\/2023\/10\/1__5JB5500.jpg-1900px-f2-600x400.jpg 600w, https:\/\/www.supremeyachts.hr\/wp-content\/uploads\/2023\/10\/1__5JB5500.jpg-1900px-f2-768x512.jpg 768w, https:\/\/www.supremeyachts.hr\/wp-content\/uploads\/2023\/10\/1__5JB5500.jpg-1900px-f2.jpg 960w","media_details":{"width":960,"height":640,"sizes":{"woocommerce_thumbnail":{"file":"1__5JB5500.jpg-1900px-f2-300x300.jpg","width":300,"height":300,"mime-type":"image\/jpeg","filesize":17172,"uncropped":false,"source_url":"https:\/\/www.supremeyachts.hr\/wp-content\/uploads\/2023\/10\/1__5JB5500.jpg-1900px-f2-300x300.jpg"},"woocommerce_gallery_thumbnail":{"file":"1__5JB5500.jpg-1900px-f2-100x100.jpg","width":100,"height":100,"mime-type":"image\/jpeg","filesize":3649,"source_url":"https:\/\/www.supremeyachts.hr\/wp-content\/uploads\/2023\/10\/1__5JB5500.jpg-1900px-f2-100x100.jpg"},"woocommerce_single":{"file":"1__5JB5500.jpg-1900px-f2-600x400.jpg","width":600,"height":400,"mime-type":"image\/jpeg","filesize":33427,"source_url":"https:\/\/www.supremeyachts.hr\/wp-content\/uploads\/2023\/10\/1__5JB5500.jpg-1900px-f2-600x400.jpg"},"medium":{"file":"1__5JB5500.jpg-1900px-f2-300x200.jpg","width":300,"height":200,"mime-type":"image\/jpeg","filesize":26820,"source_url":"https:\/\/www.supremeyachts.hr\/wp-content\/uploads\/2023\/10\/1__5JB5500.jpg-1900px-f2-300x200.jpg"},"thumbnail":{"file":"1__5JB5500.jpg-1900px-f2-150x150.jpg","width":150,"height":150,"mime-type":"image\/jpeg","filesize":19708,"source_url":"https:\/\/www.supremeyachts.hr\/wp-content\/uploads\/2023\/10\/1__5JB5500.jpg-1900px-f2-150x150.jpg"},"medium_large":{"file":"1__5JB5500.jpg-1900px-f2-768x512.jpg","width":768,"height":512,"mime-type":"image\/jpeg","filesize":74665,"source_url":"https:\/\/www.supremeyachts.hr\/wp-content\/uploads\/2023\/10\/1__5JB5500.jpg-1900px-f2-768x512.jpg"}}},"alt_text":"","url":"","target":""},{"id":90,"title":"JEAN-BAPTISTE D'ENQUIN \/ BENETEAU FLYER 6","caption":"","full_image_url":"https:\/\/www.supremeyachts.hr\/wp-content\/uploads\/2023\/10\/1__5JB5394.jpg-1900px-f2.jpg","thumbnail_image_url":"https:\/\/www.supremeyachts.hr\/wp-content\/uploads\/2023\/10\/1__5JB5394.jpg-1900px-f2-150x150.jpg","large_srcset":"https:\/\/www.supremeyachts.hr\/wp-content\/uploads\/2023\/10\/1__5JB5394.jpg-1900px-f2.jpg 960w, https:\/\/www.supremeyachts.hr\/wp-content\/uploads\/2023\/10\/1__5JB5394.jpg-1900px-f2-600x400.jpg 600w, https:\/\/www.supremeyachts.hr\/wp-content\/uploads\/2023\/10\/1__5JB5394.jpg-1900px-f2-300x200.jpg 300w, https:\/\/www.supremeyachts.hr\/wp-content\/uploads\/2023\/10\/1__5JB5394.jpg-1900px-f2-768x512.jpg 768w","medium_srcset":"https:\/\/www.supremeyachts.hr\/wp-content\/uploads\/2023\/10\/1__5JB5394.jpg-1900px-f2-300x200.jpg 300w, https:\/\/www.supremeyachts.hr\/wp-content\/uploads\/2023\/10\/1__5JB5394.jpg-1900px-f2-600x400.jpg 600w, https:\/\/www.supremeyachts.hr\/wp-content\/uploads\/2023\/10\/1__5JB5394.jpg-1900px-f2-768x512.jpg 768w, https:\/\/www.supremeyachts.hr\/wp-content\/uploads\/2023\/10\/1__5JB5394.jpg-1900px-f2.jpg 960w","media_details":{"width":960,"height":640,"sizes":{"woocommerce_thumbnail":{"file":"1__5JB5394.jpg-1900px-f2-300x300.jpg","width":300,"height":300,"mime-type":"image\/jpeg","filesize":24834,"uncropped":false,"source_url":"https:\/\/www.supremeyachts.hr\/wp-content\/uploads\/2023\/10\/1__5JB5394.jpg-1900px-f2-300x300.jpg"},"woocommerce_gallery_thumbnail":{"file":"1__5JB5394.jpg-1900px-f2-100x100.jpg","width":100,"height":100,"mime-type":"image\/jpeg","filesize":4266,"source_url":"https:\/\/www.supremeyachts.hr\/wp-content\/uploads\/2023\/10\/1__5JB5394.jpg-1900px-f2-100x100.jpg"},"woocommerce_single":{"file":"1__5JB5394.jpg-1900px-f2-600x400.jpg","width":600,"height":400,"mime-type":"image\/jpeg","filesize":57702,"source_url":"https:\/\/www.supremeyachts.hr\/wp-content\/uploads\/2023\/10\/1__5JB5394.jpg-1900px-f2-600x400.jpg"},"medium":{"file":"1__5JB5394.jpg-1900px-f2-300x200.jpg","width":300,"height":200,"mime-type":"image\/jpeg","filesize":32865,"source_url":"https:\/\/www.supremeyachts.hr\/wp-content\/uploads\/2023\/10\/1__5JB5394.jpg-1900px-f2-300x200.jpg"},"thumbnail":{"file":"1__5JB5394.jpg-1900px-f2-150x150.jpg","width":150,"height":150,"mime-type":"image\/jpeg","filesize":21265,"source_url":"https:\/\/www.supremeyachts.hr\/wp-content\/uploads\/2023\/10\/1__5JB5394.jpg-1900px-f2-150x150.jpg"},"medium_large":{"file":"1__5JB5394.jpg-1900px-f2-768x512.jpg","width":768,"height":512,"mime-type":"image\/jpeg","filesize":122424,"source_url":"https:\/\/www.supremeyachts.hr\/wp-content\/uploads\/2023\/10\/1__5JB5394.jpg-1900px-f2-768x512.jpg"}}},"alt_text":"","url":"","target":""},{"id":89,"title":"JEAN-BAPTISTE D'ENQUIN \/ BENETEAU FLYER 6","caption":"","full_image_url":"https:\/\/www.supremeyachts.hr\/wp-content\/uploads\/2023\/10\/1__5JB5379.jpg-1900px-f2.jpg","thumbnail_image_url":"https:\/\/www.supremeyachts.hr\/wp-content\/uploads\/2023\/10\/1__5JB5379.jpg-1900px-f2-150x150.jpg","large_srcset":"https:\/\/www.supremeyachts.hr\/wp-content\/uploads\/2023\/10\/1__5JB5379.jpg-1900px-f2.jpg 960w, https:\/\/www.supremeyachts.hr\/wp-content\/uploads\/2023\/10\/1__5JB5379.jpg-1900px-f2-600x400.jpg 600w, https:\/\/www.supremeyachts.hr\/wp-content\/uploads\/2023\/10\/1__5JB5379.jpg-1900px-f2-300x200.jpg 300w, https:\/\/www.supremeyachts.hr\/wp-content\/uploads\/2023\/10\/1__5JB5379.jpg-1900px-f2-768x512.jpg 768w","medium_srcset":"https:\/\/www.supremeyachts.hr\/wp-content\/uploads\/2023\/10\/1__5JB5379.jpg-1900px-f2-300x200.jpg 300w, https:\/\/www.supremeyachts.hr\/wp-content\/uploads\/2023\/10\/1__5JB5379.jpg-1900px-f2-600x400.jpg 600w, https:\/\/www.supremeyachts.hr\/wp-content\/uploads\/2023\/10\/1__5JB5379.jpg-1900px-f2-768x512.jpg 768w, https:\/\/www.supremeyachts.hr\/wp-content\/uploads\/2023\/10\/1__5JB5379.jpg-1900px-f2.jpg 960w","media_details":{"width":960,"height":640,"sizes":{"woocommerce_thumbnail":{"file":"1__5JB5379.jpg-1900px-f2-300x300.jpg","width":300,"height":300,"mime-type":"image\/jpeg","filesize":20224,"uncropped":false,"source_url":"https:\/\/www.supremeyachts.hr\/wp-content\/uploads\/2023\/10\/1__5JB5379.jpg-1900px-f2-300x300.jpg"},"woocommerce_gallery_thumbnail":{"file":"1__5JB5379.jpg-1900px-f2-100x100.jpg","width":100,"height":100,"mime-type":"image\/jpeg","filesize":3616,"source_url":"https:\/\/www.supremeyachts.hr\/wp-content\/uploads\/2023\/10\/1__5JB5379.jpg-1900px-f2-100x100.jpg"},"woocommerce_single":{"file":"1__5JB5379.jpg-1900px-f2-600x400.jpg","width":600,"height":400,"mime-type":"image\/jpeg","filesize":44362,"source_url":"https:\/\/www.supremeyachts.hr\/wp-content\/uploads\/2023\/10\/1__5JB5379.jpg-1900px-f2-600x400.jpg"},"medium":{"file":"1__5JB5379.jpg-1900px-f2-300x200.jpg","width":300,"height":200,"mime-type":"image\/jpeg","filesize":28058,"source_url":"https:\/\/www.supremeyachts.hr\/wp-content\/uploads\/2023\/10\/1__5JB5379.jpg-1900px-f2-300x200.jpg"},"thumbnail":{"file":"1__5JB5379.jpg-1900px-f2-150x150.jpg","width":150,"height":150,"mime-type":"image\/jpeg","filesize":19369,"source_url":"https:\/\/www.supremeyachts.hr\/wp-content\/uploads\/2023\/10\/1__5JB5379.jpg-1900px-f2-150x150.jpg"},"medium_large":{"file":"1__5JB5379.jpg-1900px-f2-768x512.jpg","width":768,"height":512,"mime-type":"image\/jpeg","filesize":96275,"source_url":"https:\/\/www.supremeyachts.hr\/wp-content\/uploads\/2023\/10\/1__5JB5379.jpg-1900px-f2-768x512.jpg"}}},"alt_text":"","url":"","target":""},{"id":88,"title":"JEAN-BAPTISTE D'ENQUIN \/ BENETEAU FLYER 6","caption":"","full_image_url":"https:\/\/www.supremeyachts.hr\/wp-content\/uploads\/2023\/10\/1__5JB5371.jpg-1900px-f2.jpg","thumbnail_image_url":"https:\/\/www.supremeyachts.hr\/wp-content\/uploads\/2023\/10\/1__5JB5371.jpg-1900px-f2-150x150.jpg","large_srcset":"https:\/\/www.supremeyachts.hr\/wp-content\/uploads\/2023\/10\/1__5JB5371.jpg-1900px-f2.jpg 960w, https:\/\/www.supremeyachts.hr\/wp-content\/uploads\/2023\/10\/1__5JB5371.jpg-1900px-f2-600x400.jpg 600w, https:\/\/www.supremeyachts.hr\/wp-content\/uploads\/2023\/10\/1__5JB5371.jpg-1900px-f2-300x200.jpg 300w, https:\/\/www.supremeyachts.hr\/wp-content\/uploads\/2023\/10\/1__5JB5371.jpg-1900px-f2-768x512.jpg 768w","medium_srcset":"https:\/\/www.supremeyachts.hr\/wp-content\/uploads\/2023\/10\/1__5JB5371.jpg-1900px-f2-300x200.jpg 300w, https:\/\/www.supremeyachts.hr\/wp-content\/uploads\/2023\/10\/1__5JB5371.jpg-1900px-f2-600x400.jpg 600w, https:\/\/www.supremeyachts.hr\/wp-content\/uploads\/2023\/10\/1__5JB5371.jpg-1900px-f2-768x512.jpg 768w, https:\/\/www.supremeyachts.hr\/wp-content\/uploads\/2023\/10\/1__5JB5371.jpg-1900px-f2.jpg 960w","media_details":{"width":960,"height":640,"sizes":{"woocommerce_thumbnail":{"file":"1__5JB5371.jpg-1900px-f2-300x300.jpg","width":300,"height":300,"mime-type":"image\/jpeg","filesize":20562,"uncropped":false,"source_url":"https:\/\/www.supremeyachts.hr\/wp-content\/uploads\/2023\/10\/1__5JB5371.jpg-1900px-f2-300x300.jpg"},"woocommerce_gallery_thumbnail":{"file":"1__5JB5371.jpg-1900px-f2-100x100.jpg","width":100,"height":100,"mime-type":"image\/jpeg","filesize":3575,"source_url":"https:\/\/www.supremeyachts.hr\/wp-content\/uploads\/2023\/10\/1__5JB5371.jpg-1900px-f2-100x100.jpg"},"woocommerce_single":{"file":"1__5JB5371.jpg-1900px-f2-600x400.jpg","width":600,"height":400,"mime-type":"image\/jpeg","filesize":45753,"source_url":"https:\/\/www.supremeyachts.hr\/wp-content\/uploads\/2023\/10\/1__5JB5371.jpg-1900px-f2-600x400.jpg"},"medium":{"file":"1__5JB5371.jpg-1900px-f2-300x200.jpg","width":300,"height":200,"mime-type":"image\/jpeg","filesize":28609,"source_url":"https:\/\/www.supremeyachts.hr\/wp-content\/uploads\/2023\/10\/1__5JB5371.jpg-1900px-f2-300x200.jpg"},"thumbnail":{"file":"1__5JB5371.jpg-1900px-f2-150x150.jpg","width":150,"height":150,"mime-type":"image\/jpeg","filesize":19779,"source_url":"https:\/\/www.supremeyachts.hr\/wp-content\/uploads\/2023\/10\/1__5JB5371.jpg-1900px-f2-150x150.jpg"},"medium_large":{"file":"1__5JB5371.jpg-1900px-f2-768x512.jpg","width":768,"height":512,"mime-type":"image\/jpeg","filesize":99051,"source_url":"https:\/\/www.supremeyachts.hr\/wp-content\/uploads\/2023\/10\/1__5JB5371.jpg-1900px-f2-768x512.jpg"}}},"alt_text":"","url":"","target":""}],[],[],[{"id":120,"title":"JEAN-BAPTISTE D'ENQUIN \/ BENETEAU FLYER 6","caption":"","full_image_url":"https:\/\/www.supremeyachts.hr\/wp-content\/uploads\/2023\/10\/3__5JB7069.jpg-1900px-f2.jpg","thumbnail_image_url":"https:\/\/www.supremeyachts.hr\/wp-content\/uploads\/2023\/10\/3__5JB7069.jpg-1900px-f2-150x150.jpg","large_srcset":"https:\/\/www.supremeyachts.hr\/wp-content\/uploads\/2023\/10\/3__5JB7069.jpg-1900px-f2-682x1024.jpg 682w, https:\/\/www.supremeyachts.hr\/wp-content\/uploads\/2023\/10\/3__5JB7069.jpg-1900px-f2-600x901.jpg 600w, https:\/\/www.supremeyachts.hr\/wp-content\/uploads\/2023\/10\/3__5JB7069.jpg-1900px-f2-200x300.jpg 200w, https:\/\/www.supremeyachts.hr\/wp-content\/uploads\/2023\/10\/3__5JB7069.jpg-1900px-f2-768x1153.jpg 768w, https:\/\/www.supremeyachts.hr\/wp-content\/uploads\/2023\/10\/3__5JB7069.jpg-1900px-f2.jpg 960w","medium_srcset":"https:\/\/www.supremeyachts.hr\/wp-content\/uploads\/2023\/10\/3__5JB7069.jpg-1900px-f2-200x300.jpg 200w, https:\/\/www.supremeyachts.hr\/wp-content\/uploads\/2023\/10\/3__5JB7069.jpg-1900px-f2-600x901.jpg 600w, https:\/\/www.supremeyachts.hr\/wp-content\/uploads\/2023\/10\/3__5JB7069.jpg-1900px-f2-682x1024.jpg 682w, https:\/\/www.supremeyachts.hr\/wp-content\/uploads\/2023\/10\/3__5JB7069.jpg-1900px-f2-768x1153.jpg 768w, https:\/\/www.supremeyachts.hr\/wp-content\/uploads\/2023\/10\/3__5JB7069.jpg-1900px-f2.jpg 960w","media_details":{"width":960,"height":1441,"sizes":{"woocommerce_thumbnail":{"file":"3__5JB7069.jpg-1900px-f2-300x300.jpg","width":300,"height":300,"mime-type":"image\/jpeg","filesize":18772,"uncropped":false,"source_url":"https:\/\/www.supremeyachts.hr\/wp-content\/uploads\/2023\/10\/3__5JB7069.jpg-1900px-f2-300x300.jpg"},"woocommerce_gallery_thumbnail":{"file":"3__5JB7069.jpg-1900px-f2-100x100.jpg","width":100,"height":100,"mime-type":"image\/jpeg","filesize":3603,"source_url":"https:\/\/www.supremeyachts.hr\/wp-content\/uploads\/2023\/10\/3__5JB7069.jpg-1900px-f2-100x100.jpg"},"woocommerce_single":{"file":"3__5JB7069.jpg-1900px-f2-600x901.jpg","width":600,"height":901,"mime-type":"image\/jpeg","filesize":75516,"source_url":"https:\/\/www.supremeyachts.hr\/wp-content\/uploads\/2023\/10\/3__5JB7069.jpg-1900px-f2-600x901.jpg"},"medium":{"file":"3__5JB7069.jpg-1900px-f2-200x300.jpg","width":200,"height":300,"mime-type":"image\/jpeg","filesize":28050,"source_url":"https:\/\/www.supremeyachts.hr\/wp-content\/uploads\/2023\/10\/3__5JB7069.jpg-1900px-f2-200x300.jpg"},"large":{"file":"3__5JB7069.jpg-1900px-f2-682x1024.jpg","width":682,"height":1024,"mime-type":"image\/jpeg","filesize":131956,"source_url":"https:\/\/www.supremeyachts.hr\/wp-content\/uploads\/2023\/10\/3__5JB7069.jpg-1900px-f2-682x1024.jpg"},"thumbnail":{"file":"3__5JB7069.jpg-1900px-f2-150x150.jpg","width":150,"height":150,"mime-type":"image\/jpeg","filesize":19822,"source_url":"https:\/\/www.supremeyachts.hr\/wp-content\/uploads\/2023\/10\/3__5JB7069.jpg-1900px-f2-150x150.jpg"},"medium_large":{"file":"3__5JB7069.jpg-1900px-f2-768x1153.jpg","width":768,"height":1153,"mime-type":"image\/jpeg","filesize":156262,"source_url":"https:\/\/www.supremeyachts.hr\/wp-content\/uploads\/2023\/10\/3__5JB7069.jpg-1900px-f2-768x1153.jpg"}}},"alt_text":"","url":"","target":""},{"id":119,"title":"JEAN-BAPTISTE D'ENQUIN \/ BENETEAU FLYER 6","caption":"","full_image_url":"https:\/\/www.supremeyachts.hr\/wp-content\/uploads\/2023\/10\/3__5JB7061.jpg-1900px-f2.jpg","thumbnail_image_url":"https:\/\/www.supremeyachts.hr\/wp-content\/uploads\/2023\/10\/3__5JB7061.jpg-1900px-f2-150x150.jpg","large_srcset":"https:\/\/www.supremeyachts.hr\/wp-content\/uploads\/2023\/10\/3__5JB7061.jpg-1900px-f2.jpg 960w, https:\/\/www.supremeyachts.hr\/wp-content\/uploads\/2023\/10\/3__5JB7061.jpg-1900px-f2-600x400.jpg 600w, https:\/\/www.supremeyachts.hr\/wp-content\/uploads\/2023\/10\/3__5JB7061.jpg-1900px-f2-300x200.jpg 300w, https:\/\/www.supremeyachts.hr\/wp-content\/uploads\/2023\/10\/3__5JB7061.jpg-1900px-f2-768x512.jpg 768w","medium_srcset":"https:\/\/www.supremeyachts.hr\/wp-content\/uploads\/2023\/10\/3__5JB7061.jpg-1900px-f2-300x200.jpg 300w, https:\/\/www.supremeyachts.hr\/wp-content\/uploads\/2023\/10\/3__5JB7061.jpg-1900px-f2-600x400.jpg 600w, https:\/\/www.supremeyachts.hr\/wp-content\/uploads\/2023\/10\/3__5JB7061.jpg-1900px-f2-768x512.jpg 768w, https:\/\/www.supremeyachts.hr\/wp-content\/uploads\/2023\/10\/3__5JB7061.jpg-1900px-f2.jpg 960w","media_details":{"width":960,"height":640,"sizes":{"woocommerce_thumbnail":{"file":"3__5JB7061.jpg-1900px-f2-300x300.jpg","width":300,"height":300,"mime-type":"image\/jpeg","filesize":21411,"uncropped":false,"source_url":"https:\/\/www.supremeyachts.hr\/wp-content\/uploads\/2023\/10\/3__5JB7061.jpg-1900px-f2-300x300.jpg"},"woocommerce_gallery_thumbnail":{"file":"3__5JB7061.jpg-1900px-f2-100x100.jpg","width":100,"height":100,"mime-type":"image\/jpeg","filesize":3898,"source_url":"https:\/\/www.supremeyachts.hr\/wp-content\/uploads\/2023\/10\/3__5JB7061.jpg-1900px-f2-100x100.jpg"},"woocommerce_single":{"file":"3__5JB7061.jpg-1900px-f2-600x400.jpg","width":600,"height":400,"mime-type":"image\/jpeg","filesize":52649,"source_url":"https:\/\/www.supremeyachts.hr\/wp-content\/uploads\/2023\/10\/3__5JB7061.jpg-1900px-f2-600x400.jpg"},"medium":{"file":"3__5JB7061.jpg-1900px-f2-300x200.jpg","width":300,"height":200,"mime-type":"image\/jpeg","filesize":31484,"source_url":"https:\/\/www.supremeyachts.hr\/wp-content\/uploads\/2023\/10\/3__5JB7061.jpg-1900px-f2-300x200.jpg"},"thumbnail":{"file":"3__5JB7061.jpg-1900px-f2-150x150.jpg","width":150,"height":150,"mime-type":"image\/jpeg","filesize":20330,"source_url":"https:\/\/www.supremeyachts.hr\/wp-content\/uploads\/2023\/10\/3__5JB7061.jpg-1900px-f2-150x150.jpg"},"medium_large":{"file":"3__5JB7061.jpg-1900px-f2-768x512.jpg","width":768,"height":512,"mime-type":"image\/jpeg","filesize":108573,"source_url":"https:\/\/www.supremeyachts.hr\/wp-content\/uploads\/2023\/10\/3__5JB7061.jpg-1900px-f2-768x512.jpg"}}},"alt_text":"","url":"","target":""},{"id":118,"title":"JEAN-BAPTISTE D'ENQUIN \/ BENETEAU FLYER 6","caption":"","full_image_url":"https:\/\/www.supremeyachts.hr\/wp-content\/uploads\/2023\/10\/3__5JB7055.jpg-1900px-f2.jpg","thumbnail_image_url":"https:\/\/www.supremeyachts.hr\/wp-content\/uploads\/2023\/10\/3__5JB7055.jpg-1900px-f2-150x150.jpg","large_srcset":"https:\/\/www.supremeyachts.hr\/wp-content\/uploads\/2023\/10\/3__5JB7055.jpg-1900px-f2.jpg 960w, https:\/\/www.supremeyachts.hr\/wp-content\/uploads\/2023\/10\/3__5JB7055.jpg-1900px-f2-600x400.jpg 600w, https:\/\/www.supremeyachts.hr\/wp-content\/uploads\/2023\/10\/3__5JB7055.jpg-1900px-f2-300x200.jpg 300w, https:\/\/www.supremeyachts.hr\/wp-content\/uploads\/2023\/10\/3__5JB7055.jpg-1900px-f2-768x512.jpg 768w","medium_srcset":"https:\/\/www.supremeyachts.hr\/wp-content\/uploads\/2023\/10\/3__5JB7055.jpg-1900px-f2-300x200.jpg 300w, https:\/\/www.supremeyachts.hr\/wp-content\/uploads\/2023\/10\/3__5JB7055.jpg-1900px-f2-600x400.jpg 600w, https:\/\/www.supremeyachts.hr\/wp-content\/uploads\/2023\/10\/3__5JB7055.jpg-1900px-f2-768x512.jpg 768w, https:\/\/www.supremeyachts.hr\/wp-content\/uploads\/2023\/10\/3__5JB7055.jpg-1900px-f2.jpg 960w","media_details":{"width":960,"height":640,"sizes":{"woocommerce_thumbnail":{"file":"3__5JB7055.jpg-1900px-f2-300x300.jpg","width":300,"height":300,"mime-type":"image\/jpeg","filesize":25226,"uncropped":false,"source_url":"https:\/\/www.supremeyachts.hr\/wp-content\/uploads\/2023\/10\/3__5JB7055.jpg-1900px-f2-300x300.jpg"},"woocommerce_gallery_thumbnail":{"file":"3__5JB7055.jpg-1900px-f2-100x100.jpg","width":100,"height":100,"mime-type":"image\/jpeg","filesize":4517,"source_url":"https:\/\/www.supremeyachts.hr\/wp-content\/uploads\/2023\/10\/3__5JB7055.jpg-1900px-f2-100x100.jpg"},"woocommerce_single":{"file":"3__5JB7055.jpg-1900px-f2-600x400.jpg","width":600,"height":400,"mime-type":"image\/jpeg","filesize":57921,"source_url":"https:\/\/www.supremeyachts.hr\/wp-content\/uploads\/2023\/10\/3__5JB7055.jpg-1900px-f2-600x400.jpg"},"medium":{"file":"3__5JB7055.jpg-1900px-f2-300x200.jpg","width":300,"height":200,"mime-type":"image\/jpeg","filesize":32837,"source_url":"https:\/\/www.supremeyachts.hr\/wp-content\/uploads\/2023\/10\/3__5JB7055.jpg-1900px-f2-300x200.jpg"},"thumbnail":{"file":"3__5JB7055.jpg-1900px-f2-150x150.jpg","width":150,"height":150,"mime-type":"image\/jpeg","filesize":21332,"source_url":"https:\/\/www.supremeyachts.hr\/wp-content\/uploads\/2023\/10\/3__5JB7055.jpg-1900px-f2-150x150.jpg"},"medium_large":{"file":"3__5JB7055.jpg-1900px-f2-768x512.jpg","width":768,"height":512,"mime-type":"image\/jpeg","filesize":116580,"source_url":"https:\/\/www.supremeyachts.hr\/wp-content\/uploads\/2023\/10\/3__5JB7055.jpg-1900px-f2-768x512.jpg"}}},"alt_text":"","url":"","target":""},{"id":117,"title":"JEAN-BAPTISTE D'ENQUIN \/ BENETEAU FLYER 6","caption":"","full_image_url":"https:\/\/www.supremeyachts.hr\/wp-content\/uploads\/2023\/10\/3__5JB7047.jpg-1900px-f2.jpg","thumbnail_image_url":"https:\/\/www.supremeyachts.hr\/wp-content\/uploads\/2023\/10\/3__5JB7047.jpg-1900px-f2-150x150.jpg","large_srcset":"https:\/\/www.supremeyachts.hr\/wp-content\/uploads\/2023\/10\/3__5JB7047.jpg-1900px-f2-682x1024.jpg 682w, https:\/\/www.supremeyachts.hr\/wp-content\/uploads\/2023\/10\/3__5JB7047.jpg-1900px-f2-600x901.jpg 600w, https:\/\/www.supremeyachts.hr\/wp-content\/uploads\/2023\/10\/3__5JB7047.jpg-1900px-f2-200x300.jpg 200w, https:\/\/www.supremeyachts.hr\/wp-content\/uploads\/2023\/10\/3__5JB7047.jpg-1900px-f2-768x1153.jpg 768w, https:\/\/www.supremeyachts.hr\/wp-content\/uploads\/2023\/10\/3__5JB7047.jpg-1900px-f2.jpg 960w","medium_srcset":"https:\/\/www.supremeyachts.hr\/wp-content\/uploads\/2023\/10\/3__5JB7047.jpg-1900px-f2-200x300.jpg 200w, https:\/\/www.supremeyachts.hr\/wp-content\/uploads\/2023\/10\/3__5JB7047.jpg-1900px-f2-600x901.jpg 600w, https:\/\/www.supremeyachts.hr\/wp-content\/uploads\/2023\/10\/3__5JB7047.jpg-1900px-f2-682x1024.jpg 682w, https:\/\/www.supremeyachts.hr\/wp-content\/uploads\/2023\/10\/3__5JB7047.jpg-1900px-f2-768x1153.jpg 768w, https:\/\/www.supremeyachts.hr\/wp-content\/uploads\/2023\/10\/3__5JB7047.jpg-1900px-f2.jpg 960w","media_details":{"width":960,"height":1441,"sizes":{"woocommerce_thumbnail":{"file":"3__5JB7047.jpg-1900px-f2-300x300.jpg","width":300,"height":300,"mime-type":"image\/jpeg","filesize":22889,"uncropped":false,"source_url":"https:\/\/www.supremeyachts.hr\/wp-content\/uploads\/2023\/10\/3__5JB7047.jpg-1900px-f2-300x300.jpg"},"woocommerce_gallery_thumbnail":{"file":"3__5JB7047.jpg-1900px-f2-100x100.jpg","width":100,"height":100,"mime-type":"image\/jpeg","filesize":4085,"source_url":"https:\/\/www.supremeyachts.hr\/wp-content\/uploads\/2023\/10\/3__5JB7047.jpg-1900px-f2-100x100.jpg"},"woocommerce_single":{"file":"3__5JB7047.jpg-1900px-f2-600x901.jpg","width":600,"height":901,"mime-type":"image\/jpeg","filesize":87459,"source_url":"https:\/\/www.supremeyachts.hr\/wp-content\/uploads\/2023\/10\/3__5JB7047.jpg-1900px-f2-600x901.jpg"},"medium":{"file":"3__5JB7047.jpg-1900px-f2-200x300.jpg","width":200,"height":300,"mime-type":"image\/jpeg","filesize":29561,"source_url":"https:\/\/www.supremeyachts.hr\/wp-content\/uploads\/2023\/10\/3__5JB7047.jpg-1900px-f2-200x300.jpg"},"large":{"file":"3__5JB7047.jpg-1900px-f2-682x1024.jpg","width":682,"height":1024,"mime-type":"image\/jpeg","filesize":144536,"source_url":"https:\/\/www.supremeyachts.hr\/wp-content\/uploads\/2023\/10\/3__5JB7047.jpg-1900px-f2-682x1024.jpg"},"thumbnail":{"file":"3__5JB7047.jpg-1900px-f2-150x150.jpg","width":150,"height":150,"mime-type":"image\/jpeg","filesize":20637,"source_url":"https:\/\/www.supremeyachts.hr\/wp-content\/uploads\/2023\/10\/3__5JB7047.jpg-1900px-f2-150x150.jpg"},"medium_large":{"file":"3__5JB7047.jpg-1900px-f2-768x1153.jpg","width":768,"height":1153,"mime-type":"image\/jpeg","filesize":172494,"source_url":"https:\/\/www.supremeyachts.hr\/wp-content\/uploads\/2023\/10\/3__5JB7047.jpg-1900px-f2-768x1153.jpg"}}},"alt_text":"","url":"","target":""},{"id":116,"title":"JEAN-BAPTISTE D'ENQUIN \/ BENETEAU FLYER 6","caption":"","full_image_url":"https:\/\/www.supremeyachts.hr\/wp-content\/uploads\/2023\/10\/3__5JB7045.jpg-1900px-f2.jpg","thumbnail_image_url":"https:\/\/www.supremeyachts.hr\/wp-content\/uploads\/2023\/10\/3__5JB7045.jpg-1900px-f2-150x150.jpg","large_srcset":"https:\/\/www.supremeyachts.hr\/wp-content\/uploads\/2023\/10\/3__5JB7045.jpg-1900px-f2.jpg 960w, https:\/\/www.supremeyachts.hr\/wp-content\/uploads\/2023\/10\/3__5JB7045.jpg-1900px-f2-600x400.jpg 600w, https:\/\/www.supremeyachts.hr\/wp-content\/uploads\/2023\/10\/3__5JB7045.jpg-1900px-f2-300x200.jpg 300w, https:\/\/www.supremeyachts.hr\/wp-content\/uploads\/2023\/10\/3__5JB7045.jpg-1900px-f2-768x512.jpg 768w","medium_srcset":"https:\/\/www.supremeyachts.hr\/wp-content\/uploads\/2023\/10\/3__5JB7045.jpg-1900px-f2-300x200.jpg 300w, https:\/\/www.supremeyachts.hr\/wp-content\/uploads\/2023\/10\/3__5JB7045.jpg-1900px-f2-600x400.jpg 600w, https:\/\/www.supremeyachts.hr\/wp-content\/uploads\/2023\/10\/3__5JB7045.jpg-1900px-f2-768x512.jpg 768w, https:\/\/www.supremeyachts.hr\/wp-content\/uploads\/2023\/10\/3__5JB7045.jpg-1900px-f2.jpg 960w","media_details":{"width":960,"height":640,"sizes":{"woocommerce_thumbnail":{"file":"3__5JB7045.jpg-1900px-f2-300x300.jpg","width":300,"height":300,"mime-type":"image\/jpeg","filesize":22408,"uncropped":false,"source_url":"https:\/\/www.supremeyachts.hr\/wp-content\/uploads\/2023\/10\/3__5JB7045.jpg-1900px-f2-300x300.jpg"},"woocommerce_gallery_thumbnail":{"file":"3__5JB7045.jpg-1900px-f2-100x100.jpg","width":100,"height":100,"mime-type":"image\/jpeg","filesize":4120,"source_url":"https:\/\/www.supremeyachts.hr\/wp-content\/uploads\/2023\/10\/3__5JB7045.jpg-1900px-f2-100x100.jpg"},"woocommerce_single":{"file":"3__5JB7045.jpg-1900px-f2-600x400.jpg","width":600,"height":400,"mime-type":"image\/jpeg","filesize":52121,"source_url":"https:\/\/www.supremeyachts.hr\/wp-content\/uploads\/2023\/10\/3__5JB7045.jpg-1900px-f2-600x400.jpg"},"medium":{"file":"3__5JB7045.jpg-1900px-f2-300x200.jpg","width":300,"height":200,"mime-type":"image\/jpeg","filesize":31564,"source_url":"https:\/\/www.supremeyachts.hr\/wp-content\/uploads\/2023\/10\/3__5JB7045.jpg-1900px-f2-300x200.jpg"},"thumbnail":{"file":"3__5JB7045.jpg-1900px-f2-150x150.jpg","width":150,"height":150,"mime-type":"image\/jpeg","filesize":20712,"source_url":"https:\/\/www.supremeyachts.hr\/wp-content\/uploads\/2023\/10\/3__5JB7045.jpg-1900px-f2-150x150.jpg"},"medium_large":{"file":"3__5JB7045.jpg-1900px-f2-768x512.jpg","width":768,"height":512,"mime-type":"image\/jpeg","filesize":105896,"source_url":"https:\/\/www.supremeyachts.hr\/wp-content\/uploads\/2023\/10\/3__5JB7045.jpg-1900px-f2-768x512.jpg"}}},"alt_text":"","url":"","target":""},{"id":115,"title":"JEAN-BAPTISTE D'ENQUIN \/ BENETEAU FLYER 6","caption":"","full_image_url":"https:\/\/www.supremeyachts.hr\/wp-content\/uploads\/2023\/10\/3__5JB7022.jpg-1900px-f2.jpg","thumbnail_image_url":"https:\/\/www.supremeyachts.hr\/wp-content\/uploads\/2023\/10\/3__5JB7022.jpg-1900px-f2-150x150.jpg","large_srcset":"https:\/\/www.supremeyachts.hr\/wp-content\/uploads\/2023\/10\/3__5JB7022.jpg-1900px-f2.jpg 960w, https:\/\/www.supremeyachts.hr\/wp-content\/uploads\/2023\/10\/3__5JB7022.jpg-1900px-f2-600x400.jpg 600w, https:\/\/www.supremeyachts.hr\/wp-content\/uploads\/2023\/10\/3__5JB7022.jpg-1900px-f2-300x200.jpg 300w, https:\/\/www.supremeyachts.hr\/wp-content\/uploads\/2023\/10\/3__5JB7022.jpg-1900px-f2-768x512.jpg 768w","medium_srcset":"https:\/\/www.supremeyachts.hr\/wp-content\/uploads\/2023\/10\/3__5JB7022.jpg-1900px-f2-300x200.jpg 300w, https:\/\/www.supremeyachts.hr\/wp-content\/uploads\/2023\/10\/3__5JB7022.jpg-1900px-f2-600x400.jpg 600w, https:\/\/www.supremeyachts.hr\/wp-content\/uploads\/2023\/10\/3__5JB7022.jpg-1900px-f2-768x512.jpg 768w, https:\/\/www.supremeyachts.hr\/wp-content\/uploads\/2023\/10\/3__5JB7022.jpg-1900px-f2.jpg 960w","media_details":{"width":960,"height":640,"sizes":{"woocommerce_thumbnail":{"file":"3__5JB7022.jpg-1900px-f2-300x300.jpg","width":300,"height":300,"mime-type":"image\/jpeg","filesize":23500,"uncropped":false,"source_url":"https:\/\/www.supremeyachts.hr\/wp-content\/uploads\/2023\/10\/3__5JB7022.jpg-1900px-f2-300x300.jpg"},"woocommerce_gallery_thumbnail":{"file":"3__5JB7022.jpg-1900px-f2-100x100.jpg","width":100,"height":100,"mime-type":"image\/jpeg","filesize":4485,"source_url":"https:\/\/www.supremeyachts.hr\/wp-content\/uploads\/2023\/10\/3__5JB7022.jpg-1900px-f2-100x100.jpg"},"woocommerce_single":{"file":"3__5JB7022.jpg-1900px-f2-600x400.jpg","width":600,"height":400,"mime-type":"image\/jpeg","filesize":53546,"source_url":"https:\/\/www.supremeyachts.hr\/wp-content\/uploads\/2023\/10\/3__5JB7022.jpg-1900px-f2-600x400.jpg"},"medium":{"file":"3__5JB7022.jpg-1900px-f2-300x200.jpg","width":300,"height":200,"mime-type":"image\/jpeg","filesize":32702,"source_url":"https:\/\/www.supremeyachts.hr\/wp-content\/uploads\/2023\/10\/3__5JB7022.jpg-1900px-f2-300x200.jpg"},"thumbnail":{"file":"3__5JB7022.jpg-1900px-f2-150x150.jpg","width":150,"height":150,"mime-type":"image\/jpeg","filesize":21363,"source_url":"https:\/\/www.supremeyachts.hr\/wp-content\/uploads\/2023\/10\/3__5JB7022.jpg-1900px-f2-150x150.jpg"},"medium_large":{"file":"3__5JB7022.jpg-1900px-f2-768x512.jpg","width":768,"height":512,"mime-type":"image\/jpeg","filesize":109575,"source_url":"https:\/\/www.supremeyachts.hr\/wp-content\/uploads\/2023\/10\/3__5JB7022.jpg-1900px-f2-768x512.jpg"}}},"alt_text":"","url":"","target":""},{"id":114,"title":"JEAN-BAPTISTE D'ENQUIN \/ BENETEAU FLYER 6","caption":"","full_image_url":"https:\/\/www.supremeyachts.hr\/wp-content\/uploads\/2023\/10\/3__5JB7018.jpg-1900px-f2.jpg","thumbnail_image_url":"https:\/\/www.supremeyachts.hr\/wp-content\/uploads\/2023\/10\/3__5JB7018.jpg-1900px-f2-150x150.jpg","large_srcset":"https:\/\/www.supremeyachts.hr\/wp-content\/uploads\/2023\/10\/3__5JB7018.jpg-1900px-f2.jpg 960w, https:\/\/www.supremeyachts.hr\/wp-content\/uploads\/2023\/10\/3__5JB7018.jpg-1900px-f2-600x400.jpg 600w, https:\/\/www.supremeyachts.hr\/wp-content\/uploads\/2023\/10\/3__5JB7018.jpg-1900px-f2-300x200.jpg 300w, https:\/\/www.supremeyachts.hr\/wp-content\/uploads\/2023\/10\/3__5JB7018.jpg-1900px-f2-768x512.jpg 768w","medium_srcset":"https:\/\/www.supremeyachts.hr\/wp-content\/uploads\/2023\/10\/3__5JB7018.jpg-1900px-f2-300x200.jpg 300w, https:\/\/www.supremeyachts.hr\/wp-content\/uploads\/2023\/10\/3__5JB7018.jpg-1900px-f2-600x400.jpg 600w, https:\/\/www.supremeyachts.hr\/wp-content\/uploads\/2023\/10\/3__5JB7018.jpg-1900px-f2-768x512.jpg 768w, https:\/\/www.supremeyachts.hr\/wp-content\/uploads\/2023\/10\/3__5JB7018.jpg-1900px-f2.jpg 960w","media_details":{"width":960,"height":640,"sizes":{"woocommerce_thumbnail":{"file":"3__5JB7018.jpg-1900px-f2-300x300.jpg","width":300,"height":300,"mime-type":"image\/jpeg","filesize":26186,"uncropped":false,"source_url":"https:\/\/www.supremeyachts.hr\/wp-content\/uploads\/2023\/10\/3__5JB7018.jpg-1900px-f2-300x300.jpg"},"woocommerce_gallery_thumbnail":{"file":"3__5JB7018.jpg-1900px-f2-100x100.jpg","width":100,"height":100,"mime-type":"image\/jpeg","filesize":4636,"source_url":"https:\/\/www.supremeyachts.hr\/wp-content\/uploads\/2023\/10\/3__5JB7018.jpg-1900px-f2-100x100.jpg"},"woocommerce_single":{"file":"3__5JB7018.jpg-1900px-f2-600x400.jpg","width":600,"height":400,"mime-type":"image\/jpeg","filesize":57773,"source_url":"https:\/\/www.supremeyachts.hr\/wp-content\/uploads\/2023\/10\/3__5JB7018.jpg-1900px-f2-600x400.jpg"},"medium":{"file":"3__5JB7018.jpg-1900px-f2-300x200.jpg","width":300,"height":200,"mime-type":"image\/jpeg","filesize":33328,"source_url":"https:\/\/www.supremeyachts.hr\/wp-content\/uploads\/2023\/10\/3__5JB7018.jpg-1900px-f2-300x200.jpg"},"thumbnail":{"file":"3__5JB7018.jpg-1900px-f2-150x150.jpg","width":150,"height":150,"mime-type":"image\/jpeg","filesize":22028,"source_url":"https:\/\/www.supremeyachts.hr\/wp-content\/uploads\/2023\/10\/3__5JB7018.jpg-1900px-f2-150x150.jpg"},"medium_large":{"file":"3__5JB7018.jpg-1900px-f2-768x512.jpg","width":768,"height":512,"mime-type":"image\/jpeg","filesize":119073,"source_url":"https:\/\/www.supremeyachts.hr\/wp-content\/uploads\/2023\/10\/3__5JB7018.jpg-1900px-f2-768x512.jpg"}}},"alt_text":"","url":"","target":""},{"id":113,"title":"JEAN-BAPTISTE D'ENQUIN \/ BENETEAU FLYER 6","caption":"","full_image_url":"https:\/\/www.supremeyachts.hr\/wp-content\/uploads\/2023\/10\/3__5JB7004.jpg-1900px-f2.jpg","thumbnail_image_url":"https:\/\/www.supremeyachts.hr\/wp-content\/uploads\/2023\/10\/3__5JB7004.jpg-1900px-f2-150x150.jpg","large_srcset":"https:\/\/www.supremeyachts.hr\/wp-content\/uploads\/2023\/10\/3__5JB7004.jpg-1900px-f2.jpg 960w, https:\/\/www.supremeyachts.hr\/wp-content\/uploads\/2023\/10\/3__5JB7004.jpg-1900px-f2-600x400.jpg 600w, https:\/\/www.supremeyachts.hr\/wp-content\/uploads\/2023\/10\/3__5JB7004.jpg-1900px-f2-300x200.jpg 300w, https:\/\/www.supremeyachts.hr\/wp-content\/uploads\/2023\/10\/3__5JB7004.jpg-1900px-f2-768x512.jpg 768w","medium_srcset":"https:\/\/www.supremeyachts.hr\/wp-content\/uploads\/2023\/10\/3__5JB7004.jpg-1900px-f2-300x200.jpg 300w, https:\/\/www.supremeyachts.hr\/wp-content\/uploads\/2023\/10\/3__5JB7004.jpg-1900px-f2-600x400.jpg 600w, https:\/\/www.supremeyachts.hr\/wp-content\/uploads\/2023\/10\/3__5JB7004.jpg-1900px-f2-768x512.jpg 768w, https:\/\/www.supremeyachts.hr\/wp-content\/uploads\/2023\/10\/3__5JB7004.jpg-1900px-f2.jpg 960w","media_details":{"width":960,"height":640,"sizes":{"woocommerce_thumbnail":{"file":"3__5JB7004.jpg-1900px-f2-300x300.jpg","width":300,"height":300,"mime-type":"image\/jpeg","filesize":23869,"uncropped":false,"source_url":"https:\/\/www.supremeyachts.hr\/wp-content\/uploads\/2023\/10\/3__5JB7004.jpg-1900px-f2-300x300.jpg"},"woocommerce_gallery_thumbnail":{"file":"3__5JB7004.jpg-1900px-f2-100x100.jpg","width":100,"height":100,"mime-type":"image\/jpeg","filesize":4348,"source_url":"https:\/\/www.supremeyachts.hr\/wp-content\/uploads\/2023\/10\/3__5JB7004.jpg-1900px-f2-100x100.jpg"},"woocommerce_single":{"file":"3__5JB7004.jpg-1900px-f2-600x400.jpg","width":600,"height":400,"mime-type":"image\/jpeg","filesize":58633,"source_url":"https:\/\/www.supremeyachts.hr\/wp-content\/uploads\/2023\/10\/3__5JB7004.jpg-1900px-f2-600x400.jpg"},"medium":{"file":"3__5JB7004.jpg-1900px-f2-300x200.jpg","width":300,"height":200,"mime-type":"image\/jpeg","filesize":35455,"source_url":"https:\/\/www.supremeyachts.hr\/wp-content\/uploads\/2023\/10\/3__5JB7004.jpg-1900px-f2-300x200.jpg"},"thumbnail":{"file":"3__5JB7004.jpg-1900px-f2-150x150.jpg","width":150,"height":150,"mime-type":"image\/jpeg","filesize":22915,"source_url":"https:\/\/www.supremeyachts.hr\/wp-content\/uploads\/2023\/10\/3__5JB7004.jpg-1900px-f2-150x150.jpg"},"medium_large":{"file":"3__5JB7004.jpg-1900px-f2-768x512.jpg","width":768,"height":512,"mime-type":"image\/jpeg","filesize":121318,"source_url":"https:\/\/www.supremeyachts.hr\/wp-content\/uploads\/2023\/10\/3__5JB7004.jpg-1900px-f2-768x512.jpg"}}},"alt_text":"","url":"","target":""},{"id":112,"title":"JEAN-BAPTISTE D'ENQUIN \/ BENETEAU FLYER 6","caption":"","full_image_url":"https:\/\/www.supremeyachts.hr\/wp-content\/uploads\/2023\/10\/3__5JB6510.jpg-1900px-f2.jpg","thumbnail_image_url":"https:\/\/www.supremeyachts.hr\/wp-content\/uploads\/2023\/10\/3__5JB6510.jpg-1900px-f2-150x150.jpg","large_srcset":"https:\/\/www.supremeyachts.hr\/wp-content\/uploads\/2023\/10\/3__5JB6510.jpg-1900px-f2.jpg 960w, https:\/\/www.supremeyachts.hr\/wp-content\/uploads\/2023\/10\/3__5JB6510.jpg-1900px-f2-600x400.jpg 600w, https:\/\/www.supremeyachts.hr\/wp-content\/uploads\/2023\/10\/3__5JB6510.jpg-1900px-f2-300x200.jpg 300w, https:\/\/www.supremeyachts.hr\/wp-content\/uploads\/2023\/10\/3__5JB6510.jpg-1900px-f2-768x512.jpg 768w","medium_srcset":"https:\/\/www.supremeyachts.hr\/wp-content\/uploads\/2023\/10\/3__5JB6510.jpg-1900px-f2-300x200.jpg 300w, https:\/\/www.supremeyachts.hr\/wp-content\/uploads\/2023\/10\/3__5JB6510.jpg-1900px-f2-600x400.jpg 600w, https:\/\/www.supremeyachts.hr\/wp-content\/uploads\/2023\/10\/3__5JB6510.jpg-1900px-f2-768x512.jpg 768w, https:\/\/www.supremeyachts.hr\/wp-content\/uploads\/2023\/10\/3__5JB6510.jpg-1900px-f2.jpg 960w","media_details":{"width":960,"height":640,"sizes":{"woocommerce_thumbnail":{"file":"3__5JB6510.jpg-1900px-f2-300x300.jpg","width":300,"height":300,"mime-type":"image\/jpeg","filesize":20374,"uncropped":false,"source_url":"https:\/\/www.supremeyachts.hr\/wp-content\/uploads\/2023\/10\/3__5JB6510.jpg-1900px-f2-300x300.jpg"},"woocommerce_gallery_thumbnail":{"file":"3__5JB6510.jpg-1900px-f2-100x100.jpg","width":100,"height":100,"mime-type":"image\/jpeg","filesize":3729,"source_url":"https:\/\/www.supremeyachts.hr\/wp-content\/uploads\/2023\/10\/3__5JB6510.jpg-1900px-f2-100x100.jpg"},"woocommerce_single":{"file":"3__5JB6510.jpg-1900px-f2-600x400.jpg","width":600,"height":400,"mime-type":"image\/jpeg","filesize":48371,"source_url":"https:\/\/www.supremeyachts.hr\/wp-content\/uploads\/2023\/10\/3__5JB6510.jpg-1900px-f2-600x400.jpg"},"medium":{"file":"3__5JB6510.jpg-1900px-f2-300x200.jpg","width":300,"height":200,"mime-type":"image\/jpeg","filesize":28908,"source_url":"https:\/\/www.supremeyachts.hr\/wp-content\/uploads\/2023\/10\/3__5JB6510.jpg-1900px-f2-300x200.jpg"},"thumbnail":{"file":"3__5JB6510.jpg-1900px-f2-150x150.jpg","width":150,"height":150,"mime-type":"image\/jpeg","filesize":19535,"source_url":"https:\/\/www.supremeyachts.hr\/wp-content\/uploads\/2023\/10\/3__5JB6510.jpg-1900px-f2-150x150.jpg"},"medium_large":{"file":"3__5JB6510.jpg-1900px-f2-768x512.jpg","width":768,"height":512,"mime-type":"image\/jpeg","filesize":98756,"source_url":"https:\/\/www.supremeyachts.hr\/wp-content\/uploads\/2023\/10\/3__5JB6510.jpg-1900px-f2-768x512.jpg"}}},"alt_text":"","url":"","target":""},{"id":111,"title":"JEAN-BAPTISTE D'ENQUIN \/ BENETEAU FLYER 6","caption":"","full_image_url":"https:\/\/www.supremeyachts.hr\/wp-content\/uploads\/2023\/10\/3__5JB6504.jpg-1900px-f2.jpg","thumbnail_image_url":"https:\/\/www.supremeyachts.hr\/wp-content\/uploads\/2023\/10\/3__5JB6504.jpg-1900px-f2-150x150.jpg","large_srcset":"https:\/\/www.supremeyachts.hr\/wp-content\/uploads\/2023\/10\/3__5JB6504.jpg-1900px-f2.jpg 960w, https:\/\/www.supremeyachts.hr\/wp-content\/uploads\/2023\/10\/3__5JB6504.jpg-1900px-f2-600x400.jpg 600w, https:\/\/www.supremeyachts.hr\/wp-content\/uploads\/2023\/10\/3__5JB6504.jpg-1900px-f2-300x200.jpg 300w, https:\/\/www.supremeyachts.hr\/wp-content\/uploads\/2023\/10\/3__5JB6504.jpg-1900px-f2-768x512.jpg 768w","medium_srcset":"https:\/\/www.supremeyachts.hr\/wp-content\/uploads\/2023\/10\/3__5JB6504.jpg-1900px-f2-300x200.jpg 300w, https:\/\/www.supremeyachts.hr\/wp-content\/uploads\/2023\/10\/3__5JB6504.jpg-1900px-f2-600x400.jpg 600w, https:\/\/www.supremeyachts.hr\/wp-content\/uploads\/2023\/10\/3__5JB6504.jpg-1900px-f2-768x512.jpg 768w, https:\/\/www.supremeyachts.hr\/wp-content\/uploads\/2023\/10\/3__5JB6504.jpg-1900px-f2.jpg 960w","media_details":{"width":960,"height":640,"sizes":{"woocommerce_thumbnail":{"file":"3__5JB6504.jpg-1900px-f2-300x300.jpg","width":300,"height":300,"mime-type":"image\/jpeg","filesize":21420,"uncropped":false,"source_url":"https:\/\/www.supremeyachts.hr\/wp-content\/uploads\/2023\/10\/3__5JB6504.jpg-1900px-f2-300x300.jpg"},"woocommerce_gallery_thumbnail":{"file":"3__5JB6504.jpg-1900px-f2-100x100.jpg","width":100,"height":100,"mime-type":"image\/jpeg","filesize":4157,"source_url":"https:\/\/www.supremeyachts.hr\/wp-content\/uploads\/2023\/10\/3__5JB6504.jpg-1900px-f2-100x100.jpg"},"woocommerce_single":{"file":"3__5JB6504.jpg-1900px-f2-600x400.jpg","width":600,"height":400,"mime-type":"image\/jpeg","filesize":45996,"source_url":"https:\/\/www.supremeyachts.hr\/wp-content\/uploads\/2023\/10\/3__5JB6504.jpg-1900px-f2-600x400.jpg"},"medium":{"file":"3__5JB6504.jpg-1900px-f2-300x200.jpg","width":300,"height":200,"mime-type":"image\/jpeg","filesize":31118,"source_url":"https:\/\/www.supremeyachts.hr\/wp-content\/uploads\/2023\/10\/3__5JB6504.jpg-1900px-f2-300x200.jpg"},"thumbnail":{"file":"3__5JB6504.jpg-1900px-f2-150x150.jpg","width":150,"height":150,"mime-type":"image\/jpeg","filesize":21028,"source_url":"https:\/\/www.supremeyachts.hr\/wp-content\/uploads\/2023\/10\/3__5JB6504.jpg-1900px-f2-150x150.jpg"},"medium_large":{"file":"3__5JB6504.jpg-1900px-f2-768x512.jpg","width":768,"height":512,"mime-type":"image\/jpeg","filesize":99503,"source_url":"https:\/\/www.supremeyachts.hr\/wp-content\/uploads\/2023\/10\/3__5JB6504.jpg-1900px-f2-768x512.jpg"}}},"alt_text":"","url":"","target":""},{"id":110,"title":"3__5JB6435.jpeg-1900px-f2","caption":"","full_image_url":"https:\/\/www.supremeyachts.hr\/wp-content\/uploads\/2023\/10\/3__5JB6435.jpeg-1900px-f2.jpg","thumbnail_image_url":"https:\/\/www.supremeyachts.hr\/wp-content\/uploads\/2023\/10\/3__5JB6435.jpeg-1900px-f2-150x150.jpg","large_srcset":"https:\/\/www.supremeyachts.hr\/wp-content\/uploads\/2023\/10\/3__5JB6435.jpeg-1900px-f2.jpg 960w, https:\/\/www.supremeyachts.hr\/wp-content\/uploads\/2023\/10\/3__5JB6435.jpeg-1900px-f2-600x400.jpg 600w, https:\/\/www.supremeyachts.hr\/wp-content\/uploads\/2023\/10\/3__5JB6435.jpeg-1900px-f2-300x200.jpg 300w, https:\/\/www.supremeyachts.hr\/wp-content\/uploads\/2023\/10\/3__5JB6435.jpeg-1900px-f2-768x512.jpg 768w","medium_srcset":"https:\/\/www.supremeyachts.hr\/wp-content\/uploads\/2023\/10\/3__5JB6435.jpeg-1900px-f2-300x200.jpg 300w, https:\/\/www.supremeyachts.hr\/wp-content\/uploads\/2023\/10\/3__5JB6435.jpeg-1900px-f2-600x400.jpg 600w, https:\/\/www.supremeyachts.hr\/wp-content\/uploads\/2023\/10\/3__5JB6435.jpeg-1900px-f2-768x512.jpg 768w, https:\/\/www.supremeyachts.hr\/wp-content\/uploads\/2023\/10\/3__5JB6435.jpeg-1900px-f2.jpg 960w","media_details":{"width":960,"height":640,"sizes":{"woocommerce_thumbnail":{"file":"3__5JB6435.jpeg-1900px-f2-300x300.jpg","width":300,"height":300,"mime-type":"image\/jpeg","filesize":20257,"uncropped":false,"source_url":"https:\/\/www.supremeyachts.hr\/wp-content\/uploads\/2023\/10\/3__5JB6435.jpeg-1900px-f2-300x300.jpg"},"woocommerce_gallery_thumbnail":{"file":"3__5JB6435.jpeg-1900px-f2-100x100.jpg","width":100,"height":100,"mime-type":"image\/jpeg","filesize":4029,"source_url":"https:\/\/www.supremeyachts.hr\/wp-content\/uploads\/2023\/10\/3__5JB6435.jpeg-1900px-f2-100x100.jpg"},"woocommerce_single":{"file":"3__5JB6435.jpeg-1900px-f2-600x400.jpg","width":600,"height":400,"mime-type":"image\/jpeg","filesize":42560,"source_url":"https:\/\/www.supremeyachts.hr\/wp-content\/uploads\/2023\/10\/3__5JB6435.jpeg-1900px-f2-600x400.jpg"},"medium":{"file":"3__5JB6435.jpeg-1900px-f2-300x200.jpg","width":300,"height":200,"mime-type":"image\/jpeg","filesize":24826,"source_url":"https:\/\/www.supremeyachts.hr\/wp-content\/uploads\/2023\/10\/3__5JB6435.jpeg-1900px-f2-300x200.jpg"},"thumbnail":{"file":"3__5JB6435.jpeg-1900px-f2-150x150.jpg","width":150,"height":150,"mime-type":"image\/jpeg","filesize":18189,"source_url":"https:\/\/www.supremeyachts.hr\/wp-content\/uploads\/2023\/10\/3__5JB6435.jpeg-1900px-f2-150x150.jpg"},"medium_large":{"file":"3__5JB6435.jpeg-1900px-f2-768x512.jpg","width":768,"height":512,"mime-type":"image\/jpeg","filesize":71373,"source_url":"https:\/\/www.supremeyachts.hr\/wp-content\/uploads\/2023\/10\/3__5JB6435.jpeg-1900px-f2-768x512.jpg"}}},"alt_text":"","url":"","target":""},{"id":109,"title":"JEAN-BAPTISTE D'ENQUIN \/ BENETEAU FLYER 6","caption":"","full_image_url":"https:\/\/www.supremeyachts.hr\/wp-content\/uploads\/2023\/10\/3__5JB6363.jpg-1900px-f2.jpg","thumbnail_image_url":"https:\/\/www.supremeyachts.hr\/wp-content\/uploads\/2023\/10\/3__5JB6363.jpg-1900px-f2-150x150.jpg","large_srcset":"https:\/\/www.supremeyachts.hr\/wp-content\/uploads\/2023\/10\/3__5JB6363.jpg-1900px-f2.jpg 960w, https:\/\/www.supremeyachts.hr\/wp-content\/uploads\/2023\/10\/3__5JB6363.jpg-1900px-f2-600x400.jpg 600w, https:\/\/www.supremeyachts.hr\/wp-content\/uploads\/2023\/10\/3__5JB6363.jpg-1900px-f2-300x200.jpg 300w, https:\/\/www.supremeyachts.hr\/wp-content\/uploads\/2023\/10\/3__5JB6363.jpg-1900px-f2-768x512.jpg 768w","medium_srcset":"https:\/\/www.supremeyachts.hr\/wp-content\/uploads\/2023\/10\/3__5JB6363.jpg-1900px-f2-300x200.jpg 300w, https:\/\/www.supremeyachts.hr\/wp-content\/uploads\/2023\/10\/3__5JB6363.jpg-1900px-f2-600x400.jpg 600w, https:\/\/www.supremeyachts.hr\/wp-content\/uploads\/2023\/10\/3__5JB6363.jpg-1900px-f2-768x512.jpg 768w, https:\/\/www.supremeyachts.hr\/wp-content\/uploads\/2023\/10\/3__5JB6363.jpg-1900px-f2.jpg 960w","media_details":{"width":960,"height":640,"sizes":{"woocommerce_thumbnail":{"file":"3__5JB6363.jpg-1900px-f2-300x300.jpg","width":300,"height":300,"mime-type":"image\/jpeg","filesize":16504,"uncropped":false,"source_url":"https:\/\/www.supremeyachts.hr\/wp-content\/uploads\/2023\/10\/3__5JB6363.jpg-1900px-f2-300x300.jpg"},"woocommerce_gallery_thumbnail":{"file":"3__5JB6363.jpg-1900px-f2-100x100.jpg","width":100,"height":100,"mime-type":"image\/jpeg","filesize":3461,"source_url":"https:\/\/www.supremeyachts.hr\/wp-content\/uploads\/2023\/10\/3__5JB6363.jpg-1900px-f2-100x100.jpg"},"woocommerce_single":{"file":"3__5JB6363.jpg-1900px-f2-600x400.jpg","width":600,"height":400,"mime-type":"image\/jpeg","filesize":36536,"source_url":"https:\/\/www.supremeyachts.hr\/wp-content\/uploads\/2023\/10\/3__5JB6363.jpg-1900px-f2-600x400.jpg"},"medium":{"file":"3__5JB6363.jpg-1900px-f2-300x200.jpg","width":300,"height":200,"mime-type":"image\/jpeg","filesize":27076,"source_url":"https:\/\/www.supremeyachts.hr\/wp-content\/uploads\/2023\/10\/3__5JB6363.jpg-1900px-f2-300x200.jpg"},"thumbnail":{"file":"3__5JB6363.jpg-1900px-f2-150x150.jpg","width":150,"height":150,"mime-type":"image\/jpeg","filesize":18956,"source_url":"https:\/\/www.supremeyachts.hr\/wp-content\/uploads\/2023\/10\/3__5JB6363.jpg-1900px-f2-150x150.jpg"},"medium_large":{"file":"3__5JB6363.jpg-1900px-f2-768x512.jpg","width":768,"height":512,"mime-type":"image\/jpeg","filesize":78960,"source_url":"https:\/\/www.supremeyachts.hr\/wp-content\/uploads\/2023\/10\/3__5JB6363.jpg-1900px-f2-768x512.jpg"}}},"alt_text":"","url":"","target":""},{"id":108,"title":"JEAN-BAPTISTE D'ENQUIN \/ BENETEAU FLYER 6","caption":"","full_image_url":"https:\/\/www.supremeyachts.hr\/wp-content\/uploads\/2023\/10\/3__5JB6316.jpg-1900px-f2.jpg","thumbnail_image_url":"https:\/\/www.supremeyachts.hr\/wp-content\/uploads\/2023\/10\/3__5JB6316.jpg-1900px-f2-150x150.jpg","large_srcset":"https:\/\/www.supremeyachts.hr\/wp-content\/uploads\/2023\/10\/3__5JB6316.jpg-1900px-f2.jpg 960w, https:\/\/www.supremeyachts.hr\/wp-content\/uploads\/2023\/10\/3__5JB6316.jpg-1900px-f2-600x400.jpg 600w, https:\/\/www.supremeyachts.hr\/wp-content\/uploads\/2023\/10\/3__5JB6316.jpg-1900px-f2-300x200.jpg 300w, https:\/\/www.supremeyachts.hr\/wp-content\/uploads\/2023\/10\/3__5JB6316.jpg-1900px-f2-768x512.jpg 768w","medium_srcset":"https:\/\/www.supremeyachts.hr\/wp-content\/uploads\/2023\/10\/3__5JB6316.jpg-1900px-f2-300x200.jpg 300w, https:\/\/www.supremeyachts.hr\/wp-content\/uploads\/2023\/10\/3__5JB6316.jpg-1900px-f2-600x400.jpg 600w, https:\/\/www.supremeyachts.hr\/wp-content\/uploads\/2023\/10\/3__5JB6316.jpg-1900px-f2-768x512.jpg 768w, https:\/\/www.supremeyachts.hr\/wp-content\/uploads\/2023\/10\/3__5JB6316.jpg-1900px-f2.jpg 960w","media_details":{"width":960,"height":640,"sizes":{"woocommerce_thumbnail":{"file":"3__5JB6316.jpg-1900px-f2-300x300.jpg","width":300,"height":300,"mime-type":"image\/jpeg","filesize":17848,"uncropped":false,"source_url":"https:\/\/www.supremeyachts.hr\/wp-content\/uploads\/2023\/10\/3__5JB6316.jpg-1900px-f2-300x300.jpg"},"woocommerce_gallery_thumbnail":{"file":"3__5JB6316.jpg-1900px-f2-100x100.jpg","width":100,"height":100,"mime-type":"image\/jpeg","filesize":3520,"source_url":"https:\/\/www.supremeyachts.hr\/wp-content\/uploads\/2023\/10\/3__5JB6316.jpg-1900px-f2-100x100.jpg"},"woocommerce_single":{"file":"3__5JB6316.jpg-1900px-f2-600x400.jpg","width":600,"height":400,"mime-type":"image\/jpeg","filesize":42230,"source_url":"https:\/\/www.supremeyachts.hr\/wp-content\/uploads\/2023\/10\/3__5JB6316.jpg-1900px-f2-600x400.jpg"},"medium":{"file":"3__5JB6316.jpg-1900px-f2-300x200.jpg","width":300,"height":200,"mime-type":"image\/jpeg","filesize":28422,"source_url":"https:\/\/www.supremeyachts.hr\/wp-content\/uploads\/2023\/10\/3__5JB6316.jpg-1900px-f2-300x200.jpg"},"thumbnail":{"file":"3__5JB6316.jpg-1900px-f2-150x150.jpg","width":150,"height":150,"mime-type":"image\/jpeg","filesize":19272,"source_url":"https:\/\/www.supremeyachts.hr\/wp-content\/uploads\/2023\/10\/3__5JB6316.jpg-1900px-f2-150x150.jpg"},"medium_large":{"file":"3__5JB6316.jpg-1900px-f2-768x512.jpg","width":768,"height":512,"mime-type":"image\/jpeg","filesize":86911,"source_url":"https:\/\/www.supremeyachts.hr\/wp-content\/uploads\/2023\/10\/3__5JB6316.jpg-1900px-f2-768x512.jpg"}}},"alt_text":"","url":"","target":""},{"id":107,"title":"JEAN-BAPTISTE D'ENQUIN \/ BENETEAU FLYER 6","caption":"","full_image_url":"https:\/\/www.supremeyachts.hr\/wp-content\/uploads\/2023\/10\/3__5JB6289.jpg-1900px-f2.jpg","thumbnail_image_url":"https:\/\/www.supremeyachts.hr\/wp-content\/uploads\/2023\/10\/3__5JB6289.jpg-1900px-f2-150x150.jpg","large_srcset":"https:\/\/www.supremeyachts.hr\/wp-content\/uploads\/2023\/10\/3__5JB6289.jpg-1900px-f2.jpg 960w, https:\/\/www.supremeyachts.hr\/wp-content\/uploads\/2023\/10\/3__5JB6289.jpg-1900px-f2-600x400.jpg 600w, https:\/\/www.supremeyachts.hr\/wp-content\/uploads\/2023\/10\/3__5JB6289.jpg-1900px-f2-300x200.jpg 300w, https:\/\/www.supremeyachts.hr\/wp-content\/uploads\/2023\/10\/3__5JB6289.jpg-1900px-f2-768x512.jpg 768w","medium_srcset":"https:\/\/www.supremeyachts.hr\/wp-content\/uploads\/2023\/10\/3__5JB6289.jpg-1900px-f2-300x200.jpg 300w, https:\/\/www.supremeyachts.hr\/wp-content\/uploads\/2023\/10\/3__5JB6289.jpg-1900px-f2-600x400.jpg 600w, https:\/\/www.supremeyachts.hr\/wp-content\/uploads\/2023\/10\/3__5JB6289.jpg-1900px-f2-768x512.jpg 768w, https:\/\/www.supremeyachts.hr\/wp-content\/uploads\/2023\/10\/3__5JB6289.jpg-1900px-f2.jpg 960w","media_details":{"width":960,"height":640,"sizes":{"woocommerce_thumbnail":{"file":"3__5JB6289.jpg-1900px-f2-300x300.jpg","width":300,"height":300,"mime-type":"image\/jpeg","filesize":16581,"uncropped":false,"source_url":"https:\/\/www.supremeyachts.hr\/wp-content\/uploads\/2023\/10\/3__5JB6289.jpg-1900px-f2-300x300.jpg"},"woocommerce_gallery_thumbnail":{"file":"3__5JB6289.jpg-1900px-f2-100x100.jpg","width":100,"height":100,"mime-type":"image\/jpeg","filesize":3546,"source_url":"https:\/\/www.supremeyachts.hr\/wp-content\/uploads\/2023\/10\/3__5JB6289.jpg-1900px-f2-100x100.jpg"},"woocommerce_single":{"file":"3__5JB6289.jpg-1900px-f2-600x400.jpg","width":600,"height":400,"mime-type":"image\/jpeg","filesize":39672,"source_url":"https:\/\/www.supremeyachts.hr\/wp-content\/uploads\/2023\/10\/3__5JB6289.jpg-1900px-f2-600x400.jpg"},"medium":{"file":"3__5JB6289.jpg-1900px-f2-300x200.jpg","width":300,"height":200,"mime-type":"image\/jpeg","filesize":27951,"source_url":"https:\/\/www.supremeyachts.hr\/wp-content\/uploads\/2023\/10\/3__5JB6289.jpg-1900px-f2-300x200.jpg"},"thumbnail":{"file":"3__5JB6289.jpg-1900px-f2-150x150.jpg","width":150,"height":150,"mime-type":"image\/jpeg","filesize":19115,"source_url":"https:\/\/www.supremeyachts.hr\/wp-content\/uploads\/2023\/10\/3__5JB6289.jpg-1900px-f2-150x150.jpg"},"medium_large":{"file":"3__5JB6289.jpg-1900px-f2-768x512.jpg","width":768,"height":512,"mime-type":"image\/jpeg","filesize":82508,"source_url":"https:\/\/www.supremeyachts.hr\/wp-content\/uploads\/2023\/10\/3__5JB6289.jpg-1900px-f2-768x512.jpg"}}},"alt_text":"","url":"","target":""},{"id":106,"title":"JEAN-BAPTISTE D'ENQUIN \/ BENETEAU FLYER 6","caption":"","full_image_url":"https:\/\/www.supremeyachts.hr\/wp-content\/uploads\/2023\/10\/3__5JB6281.jpg-1900px-f2.jpg","thumbnail_image_url":"https:\/\/www.supremeyachts.hr\/wp-content\/uploads\/2023\/10\/3__5JB6281.jpg-1900px-f2-150x150.jpg","large_srcset":"https:\/\/www.supremeyachts.hr\/wp-content\/uploads\/2023\/10\/3__5JB6281.jpg-1900px-f2.jpg 960w, https:\/\/www.supremeyachts.hr\/wp-content\/uploads\/2023\/10\/3__5JB6281.jpg-1900px-f2-600x400.jpg 600w, https:\/\/www.supremeyachts.hr\/wp-content\/uploads\/2023\/10\/3__5JB6281.jpg-1900px-f2-300x200.jpg 300w, https:\/\/www.supremeyachts.hr\/wp-content\/uploads\/2023\/10\/3__5JB6281.jpg-1900px-f2-768x512.jpg 768w","medium_srcset":"https:\/\/www.supremeyachts.hr\/wp-content\/uploads\/2023\/10\/3__5JB6281.jpg-1900px-f2-300x200.jpg 300w, https:\/\/www.supremeyachts.hr\/wp-content\/uploads\/2023\/10\/3__5JB6281.jpg-1900px-f2-600x400.jpg 600w, https:\/\/www.supremeyachts.hr\/wp-content\/uploads\/2023\/10\/3__5JB6281.jpg-1900px-f2-768x512.jpg 768w, https:\/\/www.supremeyachts.hr\/wp-content\/uploads\/2023\/10\/3__5JB6281.jpg-1900px-f2.jpg 960w","media_details":{"width":960,"height":640,"sizes":{"woocommerce_thumbnail":{"file":"3__5JB6281.jpg-1900px-f2-300x300.jpg","width":300,"height":300,"mime-type":"image\/jpeg","filesize":21870,"uncropped":false,"source_url":"https:\/\/www.supremeyachts.hr\/wp-content\/uploads\/2023\/10\/3__5JB6281.jpg-1900px-f2-300x300.jpg"},"woocommerce_gallery_thumbnail":{"file":"3__5JB6281.jpg-1900px-f2-100x100.jpg","width":100,"height":100,"mime-type":"image\/jpeg","filesize":4028,"source_url":"https:\/\/www.supremeyachts.hr\/wp-content\/uploads\/2023\/10\/3__5JB6281.jpg-1900px-f2-100x100.jpg"},"woocommerce_single":{"file":"3__5JB6281.jpg-1900px-f2-600x400.jpg","width":600,"height":400,"mime-type":"image\/jpeg","filesize":47646,"source_url":"https:\/\/www.supremeyachts.hr\/wp-content\/uploads\/2023\/10\/3__5JB6281.jpg-1900px-f2-600x400.jpg"},"medium":{"file":"3__5JB6281.jpg-1900px-f2-300x200.jpg","width":300,"height":200,"mime-type":"image\/jpeg","filesize":30469,"source_url":"https:\/\/www.supremeyachts.hr\/wp-content\/uploads\/2023\/10\/3__5JB6281.jpg-1900px-f2-300x200.jpg"},"thumbnail":{"file":"3__5JB6281.jpg-1900px-f2-150x150.jpg","width":150,"height":150,"mime-type":"image\/jpeg","filesize":20497,"source_url":"https:\/\/www.supremeyachts.hr\/wp-content\/uploads\/2023\/10\/3__5JB6281.jpg-1900px-f2-150x150.jpg"},"medium_large":{"file":"3__5JB6281.jpg-1900px-f2-768x512.jpg","width":768,"height":512,"mime-type":"image\/jpeg","filesize":99640,"source_url":"https:\/\/www.supremeyachts.hr\/wp-content\/uploads\/2023\/10\/3__5JB6281.jpg-1900px-f2-768x512.jpg"}}},"alt_text":"","url":"","target":""},{"id":105,"title":"JEAN-BAPTISTE D'ENQUIN \/ BENETEAU FLYER 6","caption":"","full_image_url":"https:\/\/www.supremeyachts.hr\/wp-content\/uploads\/2023\/10\/3__5JB6276.jpg-1900px-f2.jpg","thumbnail_image_url":"https:\/\/www.supremeyachts.hr\/wp-content\/uploads\/2023\/10\/3__5JB6276.jpg-1900px-f2-150x150.jpg","large_srcset":"https:\/\/www.supremeyachts.hr\/wp-content\/uploads\/2023\/10\/3__5JB6276.jpg-1900px-f2-682x1024.jpg 682w, https:\/\/www.supremeyachts.hr\/wp-content\/uploads\/2023\/10\/3__5JB6276.jpg-1900px-f2-600x901.jpg 600w, https:\/\/www.supremeyachts.hr\/wp-content\/uploads\/2023\/10\/3__5JB6276.jpg-1900px-f2-200x300.jpg 200w, https:\/\/www.supremeyachts.hr\/wp-content\/uploads\/2023\/10\/3__5JB6276.jpg-1900px-f2-768x1153.jpg 768w, https:\/\/www.supremeyachts.hr\/wp-content\/uploads\/2023\/10\/3__5JB6276.jpg-1900px-f2.jpg 960w","medium_srcset":"https:\/\/www.supremeyachts.hr\/wp-content\/uploads\/2023\/10\/3__5JB6276.jpg-1900px-f2-200x300.jpg 200w, https:\/\/www.supremeyachts.hr\/wp-content\/uploads\/2023\/10\/3__5JB6276.jpg-1900px-f2-600x901.jpg 600w, https:\/\/www.supremeyachts.hr\/wp-content\/uploads\/2023\/10\/3__5JB6276.jpg-1900px-f2-682x1024.jpg 682w, https:\/\/www.supremeyachts.hr\/wp-content\/uploads\/2023\/10\/3__5JB6276.jpg-1900px-f2-768x1153.jpg 768w, https:\/\/www.supremeyachts.hr\/wp-content\/uploads\/2023\/10\/3__5JB6276.jpg-1900px-f2.jpg 960w","media_details":{"width":960,"height":1441,"sizes":{"woocommerce_thumbnail":{"file":"3__5JB6276.jpg-1900px-f2-300x300.jpg","width":300,"height":300,"mime-type":"image\/jpeg","filesize":24889,"uncropped":false,"source_url":"https:\/\/www.supremeyachts.hr\/wp-content\/uploads\/2023\/10\/3__5JB6276.jpg-1900px-f2-300x300.jpg"},"woocommerce_gallery_thumbnail":{"file":"3__5JB6276.jpg-1900px-f2-100x100.jpg","width":100,"height":100,"mime-type":"image\/jpeg","filesize":4315,"source_url":"https:\/\/www.supremeyachts.hr\/wp-content\/uploads\/2023\/10\/3__5JB6276.jpg-1900px-f2-100x100.jpg"},"woocommerce_single":{"file":"3__5JB6276.jpg-1900px-f2-600x901.jpg","width":600,"height":901,"mime-type":"image\/jpeg","filesize":102241,"source_url":"https:\/\/www.supremeyachts.hr\/wp-content\/uploads\/2023\/10\/3__5JB6276.jpg-1900px-f2-600x901.jpg"},"medium":{"file":"3__5JB6276.jpg-1900px-f2-200x300.jpg","width":200,"height":300,"mime-type":"image\/jpeg","filesize":44005,"source_url":"https:\/\/www.supremeyachts.hr\/wp-content\/uploads\/2023\/10\/3__5JB6276.jpg-1900px-f2-200x300.jpg"},"large":{"file":"3__5JB6276.jpg-1900px-f2-682x1024.jpg","width":682,"height":1024,"mime-type":"image\/jpeg","filesize":185699,"source_url":"https:\/\/www.supremeyachts.hr\/wp-content\/uploads\/2023\/10\/3__5JB6276.jpg-1900px-f2-682x1024.jpg"},"thumbnail":{"file":"3__5JB6276.jpg-1900px-f2-150x150.jpg","width":150,"height":150,"mime-type":"image\/jpeg","filesize":32130,"source_url":"https:\/\/www.supremeyachts.hr\/wp-content\/uploads\/2023\/10\/3__5JB6276.jpg-1900px-f2-150x150.jpg"},"medium_large":{"file":"3__5JB6276.jpg-1900px-f2-768x1153.jpg","width":768,"height":1153,"mime-type":"image\/jpeg","filesize":217518,"source_url":"https:\/\/www.supremeyachts.hr\/wp-content\/uploads\/2023\/10\/3__5JB6276.jpg-1900px-f2-768x1153.jpg"}}},"alt_text":"","url":"","target":""}],[{"id":130,"title":"5_Flyer6-sundeck-C-.RGB_color.0013.JPG-1832px-f2","caption":"","full_image_url":"https:\/\/www.supremeyachts.hr\/wp-content\/uploads\/2023\/10\/5_Flyer6-sundeck-C-.RGB_color.0013.JPG-1832px-f2.jpg","thumbnail_image_url":"https:\/\/www.supremeyachts.hr\/wp-content\/uploads\/2023\/10\/5_Flyer6-sundeck-C-.RGB_color.0013.JPG-1832px-f2-150x150.jpg","large_srcset":"https:\/\/www.supremeyachts.hr\/wp-content\/uploads\/2023\/10\/5_Flyer6-sundeck-C-.RGB_color.0013.JPG-1832px-f2.jpg 960w, https:\/\/www.supremeyachts.hr\/wp-content\/uploads\/2023\/10\/5_Flyer6-sundeck-C-.RGB_color.0013.JPG-1832px-f2-600x283.jpg 600w, https:\/\/www.supremeyachts.hr\/wp-content\/uploads\/2023\/10\/5_Flyer6-sundeck-C-.RGB_color.0013.JPG-1832px-f2-300x141.jpg 300w, https:\/\/www.supremeyachts.hr\/wp-content\/uploads\/2023\/10\/5_Flyer6-sundeck-C-.RGB_color.0013.JPG-1832px-f2-768x362.jpg 768w","medium_srcset":"https:\/\/www.supremeyachts.hr\/wp-content\/uploads\/2023\/10\/5_Flyer6-sundeck-C-.RGB_color.0013.JPG-1832px-f2-300x141.jpg 300w, https:\/\/www.supremeyachts.hr\/wp-content\/uploads\/2023\/10\/5_Flyer6-sundeck-C-.RGB_color.0013.JPG-1832px-f2-600x283.jpg 600w, https:\/\/www.supremeyachts.hr\/wp-content\/uploads\/2023\/10\/5_Flyer6-sundeck-C-.RGB_color.0013.JPG-1832px-f2-768x362.jpg 768w, https:\/\/www.supremeyachts.hr\/wp-content\/uploads\/2023\/10\/5_Flyer6-sundeck-C-.RGB_color.0013.JPG-1832px-f2.jpg 960w","media_details":{"width":960,"height":452,"sizes":{"woocommerce_thumbnail":{"file":"5_Flyer6-sundeck-C-.RGB_color.0013.JPG-1832px-f2-300x300.jpg","width":300,"height":300,"mime-type":"image\/jpeg","filesize":19145,"uncropped":false,"source_url":"https:\/\/www.supremeyachts.hr\/wp-content\/uploads\/2023\/10\/5_Flyer6-sundeck-C-.RGB_color.0013.JPG-1832px-f2-300x300.jpg"},"woocommerce_gallery_thumbnail":{"file":"5_Flyer6-sundeck-C-.RGB_color.0013.JPG-1832px-f2-100x100.jpg","width":100,"height":100,"mime-type":"image\/jpeg","filesize":3574,"source_url":"https:\/\/www.supremeyachts.hr\/wp-content\/uploads\/2023\/10\/5_Flyer6-sundeck-C-.RGB_color.0013.JPG-1832px-f2-100x100.jpg"},"woocommerce_single":{"file":"5_Flyer6-sundeck-C-.RGB_color.0013.JPG-1832px-f2-600x283.jpg","width":600,"height":283,"mime-type":"image\/jpeg","filesize":30288,"source_url":"https:\/\/www.supremeyachts.hr\/wp-content\/uploads\/2023\/10\/5_Flyer6-sundeck-C-.RGB_color.0013.JPG-1832px-f2-600x283.jpg"},"medium":{"file":"5_Flyer6-sundeck-C-.RGB_color.0013.JPG-1832px-f2-300x141.jpg","width":300,"height":141,"mime-type":"image\/jpeg","filesize":16749,"source_url":"https:\/\/www.supremeyachts.hr\/wp-content\/uploads\/2023\/10\/5_Flyer6-sundeck-C-.RGB_color.0013.JPG-1832px-f2-300x141.jpg"},"thumbnail":{"file":"5_Flyer6-sundeck-C-.RGB_color.0013.JPG-1832px-f2-150x150.jpg","width":150,"height":150,"mime-type":"image\/jpeg","filesize":12875,"source_url":"https:\/\/www.supremeyachts.hr\/wp-content\/uploads\/2023\/10\/5_Flyer6-sundeck-C-.RGB_color.0013.JPG-1832px-f2-150x150.jpg"},"medium_large":{"file":"5_Flyer6-sundeck-C-.RGB_color.0013.JPG-1832px-f2-768x362.jpg","width":768,"height":362,"mime-type":"image\/jpeg","filesize":62029,"source_url":"https:\/\/www.supremeyachts.hr\/wp-content\/uploads\/2023\/10\/5_Flyer6-sundeck-C-.RGB_color.0013.JPG-1832px-f2-768x362.jpg"}}},"alt_text":"","url":"","target":""},{"id":129,"title":"5_Flyer6-sundeck-C-.RGB_color.0012.JPG-1832px-f2","caption":"","full_image_url":"https:\/\/www.supremeyachts.hr\/wp-content\/uploads\/2023\/10\/5_Flyer6-sundeck-C-.RGB_color.0012.JPG-1832px-f2.jpg","thumbnail_image_url":"https:\/\/www.supremeyachts.hr\/wp-content\/uploads\/2023\/10\/5_Flyer6-sundeck-C-.RGB_color.0012.JPG-1832px-f2-150x150.jpg","large_srcset":"https:\/\/www.supremeyachts.hr\/wp-content\/uploads\/2023\/10\/5_Flyer6-sundeck-C-.RGB_color.0012.JPG-1832px-f2.jpg 960w, https:\/\/www.supremeyachts.hr\/wp-content\/uploads\/2023\/10\/5_Flyer6-sundeck-C-.RGB_color.0012.JPG-1832px-f2-600x283.jpg 600w, https:\/\/www.supremeyachts.hr\/wp-content\/uploads\/2023\/10\/5_Flyer6-sundeck-C-.RGB_color.0012.JPG-1832px-f2-300x141.jpg 300w, https:\/\/www.supremeyachts.hr\/wp-content\/uploads\/2023\/10\/5_Flyer6-sundeck-C-.RGB_color.0012.JPG-1832px-f2-768x362.jpg 768w","medium_srcset":"https:\/\/www.supremeyachts.hr\/wp-content\/uploads\/2023\/10\/5_Flyer6-sundeck-C-.RGB_color.0012.JPG-1832px-f2-300x141.jpg 300w, https:\/\/www.supremeyachts.hr\/wp-content\/uploads\/2023\/10\/5_Flyer6-sundeck-C-.RGB_color.0012.JPG-1832px-f2-600x283.jpg 600w, https:\/\/www.supremeyachts.hr\/wp-content\/uploads\/2023\/10\/5_Flyer6-sundeck-C-.RGB_color.0012.JPG-1832px-f2-768x362.jpg 768w, https:\/\/www.supremeyachts.hr\/wp-content\/uploads\/2023\/10\/5_Flyer6-sundeck-C-.RGB_color.0012.JPG-1832px-f2.jpg 960w","media_details":{"width":960,"height":452,"sizes":{"woocommerce_thumbnail":{"file":"5_Flyer6-sundeck-C-.RGB_color.0012.JPG-1832px-f2-300x300.jpg","width":300,"height":300,"mime-type":"image\/jpeg","filesize":14959,"uncropped":false,"source_url":"https:\/\/www.supremeyachts.hr\/wp-content\/uploads\/2023\/10\/5_Flyer6-sundeck-C-.RGB_color.0012.JPG-1832px-f2-300x300.jpg"},"woocommerce_gallery_thumbnail":{"file":"5_Flyer6-sundeck-C-.RGB_color.0012.JPG-1832px-f2-100x100.jpg","width":100,"height":100,"mime-type":"image\/jpeg","filesize":3105,"source_url":"https:\/\/www.supremeyachts.hr\/wp-content\/uploads\/2023\/10\/5_Flyer6-sundeck-C-.RGB_color.0012.JPG-1832px-f2-100x100.jpg"},"woocommerce_single":{"file":"5_Flyer6-sundeck-C-.RGB_color.0012.JPG-1832px-f2-600x283.jpg","width":600,"height":283,"mime-type":"image\/jpeg","filesize":24533,"source_url":"https:\/\/www.supremeyachts.hr\/wp-content\/uploads\/2023\/10\/5_Flyer6-sundeck-C-.RGB_color.0012.JPG-1832px-f2-600x283.jpg"},"medium":{"file":"5_Flyer6-sundeck-C-.RGB_color.0012.JPG-1832px-f2-300x141.jpg","width":300,"height":141,"mime-type":"image\/jpeg","filesize":15125,"source_url":"https:\/\/www.supremeyachts.hr\/wp-content\/uploads\/2023\/10\/5_Flyer6-sundeck-C-.RGB_color.0012.JPG-1832px-f2-300x141.jpg"},"thumbnail":{"file":"5_Flyer6-sundeck-C-.RGB_color.0012.JPG-1832px-f2-150x150.jpg","width":150,"height":150,"mime-type":"image\/jpeg","filesize":11594,"source_url":"https:\/\/www.supremeyachts.hr\/wp-content\/uploads\/2023\/10\/5_Flyer6-sundeck-C-.RGB_color.0012.JPG-1832px-f2-150x150.jpg"},"medium_large":{"file":"5_Flyer6-sundeck-C-.RGB_color.0012.JPG-1832px-f2-768x362.jpg","width":768,"height":362,"mime-type":"image\/jpeg","filesize":49759,"source_url":"https:\/\/www.supremeyachts.hr\/wp-content\/uploads\/2023\/10\/5_Flyer6-sundeck-C-.RGB_color.0012.JPG-1832px-f2-768x362.jpg"}}},"alt_text":"","url":"","target":""},{"id":128,"title":"5_Flyer6-sundeck-C-.RGB_color.0010.JPG-1832px-f2","caption":"","full_image_url":"https:\/\/www.supremeyachts.hr\/wp-content\/uploads\/2023\/10\/5_Flyer6-sundeck-C-.RGB_color.0010.JPG-1832px-f2.jpg","thumbnail_image_url":"https:\/\/www.supremeyachts.hr\/wp-content\/uploads\/2023\/10\/5_Flyer6-sundeck-C-.RGB_color.0010.JPG-1832px-f2-150x150.jpg","large_srcset":"https:\/\/www.supremeyachts.hr\/wp-content\/uploads\/2023\/10\/5_Flyer6-sundeck-C-.RGB_color.0010.JPG-1832px-f2.jpg 960w, https:\/\/www.supremeyachts.hr\/wp-content\/uploads\/2023\/10\/5_Flyer6-sundeck-C-.RGB_color.0010.JPG-1832px-f2-600x283.jpg 600w, https:\/\/www.supremeyachts.hr\/wp-content\/uploads\/2023\/10\/5_Flyer6-sundeck-C-.RGB_color.0010.JPG-1832px-f2-300x141.jpg 300w, https:\/\/www.supremeyachts.hr\/wp-content\/uploads\/2023\/10\/5_Flyer6-sundeck-C-.RGB_color.0010.JPG-1832px-f2-768x362.jpg 768w","medium_srcset":"https:\/\/www.supremeyachts.hr\/wp-content\/uploads\/2023\/10\/5_Flyer6-sundeck-C-.RGB_color.0010.JPG-1832px-f2-300x141.jpg 300w, https:\/\/www.supremeyachts.hr\/wp-content\/uploads\/2023\/10\/5_Flyer6-sundeck-C-.RGB_color.0010.JPG-1832px-f2-600x283.jpg 600w, https:\/\/www.supremeyachts.hr\/wp-content\/uploads\/2023\/10\/5_Flyer6-sundeck-C-.RGB_color.0010.JPG-1832px-f2-768x362.jpg 768w, https:\/\/www.supremeyachts.hr\/wp-content\/uploads\/2023\/10\/5_Flyer6-sundeck-C-.RGB_color.0010.JPG-1832px-f2.jpg 960w","media_details":{"width":960,"height":452,"sizes":{"woocommerce_thumbnail":{"file":"5_Flyer6-sundeck-C-.RGB_color.0010.JPG-1832px-f2-300x300.jpg","width":300,"height":300,"mime-type":"image\/jpeg","filesize":15212,"uncropped":false,"source_url":"https:\/\/www.supremeyachts.hr\/wp-content\/uploads\/2023\/10\/5_Flyer6-sundeck-C-.RGB_color.0010.JPG-1832px-f2-300x300.jpg"},"woocommerce_gallery_thumbnail":{"file":"5_Flyer6-sundeck-C-.RGB_color.0010.JPG-1832px-f2-100x100.jpg","width":100,"height":100,"mime-type":"image\/jpeg","filesize":3339,"source_url":"https:\/\/www.supremeyachts.hr\/wp-content\/uploads\/2023\/10\/5_Flyer6-sundeck-C-.RGB_color.0010.JPG-1832px-f2-100x100.jpg"},"woocommerce_single":{"file":"5_Flyer6-sundeck-C-.RGB_color.0010.JPG-1832px-f2-600x283.jpg","width":600,"height":283,"mime-type":"image\/jpeg","filesize":32178,"source_url":"https:\/\/www.supremeyachts.hr\/wp-content\/uploads\/2023\/10\/5_Flyer6-sundeck-C-.RGB_color.0010.JPG-1832px-f2-600x283.jpg"},"medium":{"file":"5_Flyer6-sundeck-C-.RGB_color.0010.JPG-1832px-f2-300x141.jpg","width":300,"height":141,"mime-type":"image\/jpeg","filesize":18477,"source_url":"https:\/\/www.supremeyachts.hr\/wp-content\/uploads\/2023\/10\/5_Flyer6-sundeck-C-.RGB_color.0010.JPG-1832px-f2-300x141.jpg"},"thumbnail":{"file":"5_Flyer6-sundeck-C-.RGB_color.0010.JPG-1832px-f2-150x150.jpg","width":150,"height":150,"mime-type":"image\/jpeg","filesize":11823,"source_url":"https:\/\/www.supremeyachts.hr\/wp-content\/uploads\/2023\/10\/5_Flyer6-sundeck-C-.RGB_color.0010.JPG-1832px-f2-150x150.jpg"},"medium_large":{"file":"5_Flyer6-sundeck-C-.RGB_color.0010.JPG-1832px-f2-768x362.jpg","width":768,"height":362,"mime-type":"image\/jpeg","filesize":62563,"source_url":"https:\/\/www.supremeyachts.hr\/wp-content\/uploads\/2023\/10\/5_Flyer6-sundeck-C-.RGB_color.0010.JPG-1832px-f2-768x362.jpg"}}},"alt_text":"","url":"","target":""},{"id":127,"title":"5_Flyer6-sundeck-C-.RGB_color.0009.JPG-1832px-f2","caption":"","full_image_url":"https:\/\/www.supremeyachts.hr\/wp-content\/uploads\/2023\/10\/5_Flyer6-sundeck-C-.RGB_color.0009.JPG-1832px-f2.jpg","thumbnail_image_url":"https:\/\/www.supremeyachts.hr\/wp-content\/uploads\/2023\/10\/5_Flyer6-sundeck-C-.RGB_color.0009.JPG-1832px-f2-150x150.jpg","large_srcset":"https:\/\/www.supremeyachts.hr\/wp-content\/uploads\/2023\/10\/5_Flyer6-sundeck-C-.RGB_color.0009.JPG-1832px-f2.jpg 960w, https:\/\/www.supremeyachts.hr\/wp-content\/uploads\/2023\/10\/5_Flyer6-sundeck-C-.RGB_color.0009.JPG-1832px-f2-600x283.jpg 600w, https:\/\/www.supremeyachts.hr\/wp-content\/uploads\/2023\/10\/5_Flyer6-sundeck-C-.RGB_color.0009.JPG-1832px-f2-300x141.jpg 300w, https:\/\/www.supremeyachts.hr\/wp-content\/uploads\/2023\/10\/5_Flyer6-sundeck-C-.RGB_color.0009.JPG-1832px-f2-768x362.jpg 768w","medium_srcset":"https:\/\/www.supremeyachts.hr\/wp-content\/uploads\/2023\/10\/5_Flyer6-sundeck-C-.RGB_color.0009.JPG-1832px-f2-300x141.jpg 300w, https:\/\/www.supremeyachts.hr\/wp-content\/uploads\/2023\/10\/5_Flyer6-sundeck-C-.RGB_color.0009.JPG-1832px-f2-600x283.jpg 600w, https:\/\/www.supremeyachts.hr\/wp-content\/uploads\/2023\/10\/5_Flyer6-sundeck-C-.RGB_color.0009.JPG-1832px-f2-768x362.jpg 768w, https:\/\/www.supremeyachts.hr\/wp-content\/uploads\/2023\/10\/5_Flyer6-sundeck-C-.RGB_color.0009.JPG-1832px-f2.jpg 960w","media_details":{"width":960,"height":452,"sizes":{"woocommerce_thumbnail":{"file":"5_Flyer6-sundeck-C-.RGB_color.0009.JPG-1832px-f2-300x300.jpg","width":300,"height":300,"mime-type":"image\/jpeg","filesize":17147,"uncropped":false,"source_url":"https:\/\/www.supremeyachts.hr\/wp-content\/uploads\/2023\/10\/5_Flyer6-sundeck-C-.RGB_color.0009.JPG-1832px-f2-300x300.jpg"},"woocommerce_gallery_thumbnail":{"file":"5_Flyer6-sundeck-C-.RGB_color.0009.JPG-1832px-f2-100x100.jpg","width":100,"height":100,"mime-type":"image\/jpeg","filesize":3725,"source_url":"https:\/\/www.supremeyachts.hr\/wp-content\/uploads\/2023\/10\/5_Flyer6-sundeck-C-.RGB_color.0009.JPG-1832px-f2-100x100.jpg"},"woocommerce_single":{"file":"5_Flyer6-sundeck-C-.RGB_color.0009.JPG-1832px-f2-600x283.jpg","width":600,"height":283,"mime-type":"image\/jpeg","filesize":33920,"source_url":"https:\/\/www.supremeyachts.hr\/wp-content\/uploads\/2023\/10\/5_Flyer6-sundeck-C-.RGB_color.0009.JPG-1832px-f2-600x283.jpg"},"medium":{"file":"5_Flyer6-sundeck-C-.RGB_color.0009.JPG-1832px-f2-300x141.jpg","width":300,"height":141,"mime-type":"image\/jpeg","filesize":19342,"source_url":"https:\/\/www.supremeyachts.hr\/wp-content\/uploads\/2023\/10\/5_Flyer6-sundeck-C-.RGB_color.0009.JPG-1832px-f2-300x141.jpg"},"thumbnail":{"file":"5_Flyer6-sundeck-C-.RGB_color.0009.JPG-1832px-f2-150x150.jpg","width":150,"height":150,"mime-type":"image\/jpeg","filesize":12675,"source_url":"https:\/\/www.supremeyachts.hr\/wp-content\/uploads\/2023\/10\/5_Flyer6-sundeck-C-.RGB_color.0009.JPG-1832px-f2-150x150.jpg"},"medium_large":{"file":"5_Flyer6-sundeck-C-.RGB_color.0009.JPG-1832px-f2-768x362.jpg","width":768,"height":362,"mime-type":"image\/jpeg","filesize":65335,"source_url":"https:\/\/www.supremeyachts.hr\/wp-content\/uploads\/2023\/10\/5_Flyer6-sundeck-C-.RGB_color.0009.JPG-1832px-f2-768x362.jpg"}}},"alt_text":"","url":"","target":""},{"id":126,"title":"5_Flyer6-sundeck-C-.RGB_color.0008.JPG-1832px-f2","caption":"","full_image_url":"https:\/\/www.supremeyachts.hr\/wp-content\/uploads\/2023\/10\/5_Flyer6-sundeck-C-.RGB_color.0008.JPG-1832px-f2.jpg","thumbnail_image_url":"https:\/\/www.supremeyachts.hr\/wp-content\/uploads\/2023\/10\/5_Flyer6-sundeck-C-.RGB_color.0008.JPG-1832px-f2-150x150.jpg","large_srcset":"https:\/\/www.supremeyachts.hr\/wp-content\/uploads\/2023\/10\/5_Flyer6-sundeck-C-.RGB_color.0008.JPG-1832px-f2.jpg 960w, https:\/\/www.supremeyachts.hr\/wp-content\/uploads\/2023\/10\/5_Flyer6-sundeck-C-.RGB_color.0008.JPG-1832px-f2-600x283.jpg 600w, https:\/\/www.supremeyachts.hr\/wp-content\/uploads\/2023\/10\/5_Flyer6-sundeck-C-.RGB_color.0008.JPG-1832px-f2-300x141.jpg 300w, https:\/\/www.supremeyachts.hr\/wp-content\/uploads\/2023\/10\/5_Flyer6-sundeck-C-.RGB_color.0008.JPG-1832px-f2-768x362.jpg 768w","medium_srcset":"https:\/\/www.supremeyachts.hr\/wp-content\/uploads\/2023\/10\/5_Flyer6-sundeck-C-.RGB_color.0008.JPG-1832px-f2-300x141.jpg 300w, https:\/\/www.supremeyachts.hr\/wp-content\/uploads\/2023\/10\/5_Flyer6-sundeck-C-.RGB_color.0008.JPG-1832px-f2-600x283.jpg 600w, https:\/\/www.supremeyachts.hr\/wp-content\/uploads\/2023\/10\/5_Flyer6-sundeck-C-.RGB_color.0008.JPG-1832px-f2-768x362.jpg 768w, https:\/\/www.supremeyachts.hr\/wp-content\/uploads\/2023\/10\/5_Flyer6-sundeck-C-.RGB_color.0008.JPG-1832px-f2.jpg 960w","media_details":{"width":960,"height":452,"sizes":{"woocommerce_thumbnail":{"file":"5_Flyer6-sundeck-C-.RGB_color.0008.JPG-1832px-f2-300x300.jpg","width":300,"height":300,"mime-type":"image\/jpeg","filesize":17667,"uncropped":false,"source_url":"https:\/\/www.supremeyachts.hr\/wp-content\/uploads\/2023\/10\/5_Flyer6-sundeck-C-.RGB_color.0008.JPG-1832px-f2-300x300.jpg"},"woocommerce_gallery_thumbnail":{"file":"5_Flyer6-sundeck-C-.RGB_color.0008.JPG-1832px-f2-100x100.jpg","width":100,"height":100,"mime-type":"image\/jpeg","filesize":3893,"source_url":"https:\/\/www.supremeyachts.hr\/wp-content\/uploads\/2023\/10\/5_Flyer6-sundeck-C-.RGB_color.0008.JPG-1832px-f2-100x100.jpg"},"woocommerce_single":{"file":"5_Flyer6-sundeck-C-.RGB_color.0008.JPG-1832px-f2-600x283.jpg","width":600,"height":283,"mime-type":"image\/jpeg","filesize":34415,"source_url":"https:\/\/www.supremeyachts.hr\/wp-content\/uploads\/2023\/10\/5_Flyer6-sundeck-C-.RGB_color.0008.JPG-1832px-f2-600x283.jpg"},"medium":{"file":"5_Flyer6-sundeck-C-.RGB_color.0008.JPG-1832px-f2-300x141.jpg","width":300,"height":141,"mime-type":"image\/jpeg","filesize":19485,"source_url":"https:\/\/www.supremeyachts.hr\/wp-content\/uploads\/2023\/10\/5_Flyer6-sundeck-C-.RGB_color.0008.JPG-1832px-f2-300x141.jpg"},"thumbnail":{"file":"5_Flyer6-sundeck-C-.RGB_color.0008.JPG-1832px-f2-150x150.jpg","width":150,"height":150,"mime-type":"image\/jpeg","filesize":13042,"source_url":"https:\/\/www.supremeyachts.hr\/wp-content\/uploads\/2023\/10\/5_Flyer6-sundeck-C-.RGB_color.0008.JPG-1832px-f2-150x150.jpg"},"medium_large":{"file":"5_Flyer6-sundeck-C-.RGB_color.0008.JPG-1832px-f2-768x362.jpg","width":768,"height":362,"mime-type":"image\/jpeg","filesize":66497,"source_url":"https:\/\/www.supremeyachts.hr\/wp-content\/uploads\/2023\/10\/5_Flyer6-sundeck-C-.RGB_color.0008.JPG-1832px-f2-768x362.jpg"}}},"alt_text":"","url":"","target":""},{"id":125,"title":"5_Flyer6-sundeck-C-.RGB_color.0007.JPG-1832px-f2","caption":"","full_image_url":"https:\/\/www.supremeyachts.hr\/wp-content\/uploads\/2023\/10\/5_Flyer6-sundeck-C-.RGB_color.0007.JPG-1832px-f2.jpg","thumbnail_image_url":"https:\/\/www.supremeyachts.hr\/wp-content\/uploads\/2023\/10\/5_Flyer6-sundeck-C-.RGB_color.0007.JPG-1832px-f2-150x150.jpg","large_srcset":"https:\/\/www.supremeyachts.hr\/wp-content\/uploads\/2023\/10\/5_Flyer6-sundeck-C-.RGB_color.0007.JPG-1832px-f2.jpg 960w, https:\/\/www.supremeyachts.hr\/wp-content\/uploads\/2023\/10\/5_Flyer6-sundeck-C-.RGB_color.0007.JPG-1832px-f2-600x283.jpg 600w, https:\/\/www.supremeyachts.hr\/wp-content\/uploads\/2023\/10\/5_Flyer6-sundeck-C-.RGB_color.0007.JPG-1832px-f2-300x141.jpg 300w, https:\/\/www.supremeyachts.hr\/wp-content\/uploads\/2023\/10\/5_Flyer6-sundeck-C-.RGB_color.0007.JPG-1832px-f2-768x362.jpg 768w","medium_srcset":"https:\/\/www.supremeyachts.hr\/wp-content\/uploads\/2023\/10\/5_Flyer6-sundeck-C-.RGB_color.0007.JPG-1832px-f2-300x141.jpg 300w, https:\/\/www.supremeyachts.hr\/wp-content\/uploads\/2023\/10\/5_Flyer6-sundeck-C-.RGB_color.0007.JPG-1832px-f2-600x283.jpg 600w, https:\/\/www.supremeyachts.hr\/wp-content\/uploads\/2023\/10\/5_Flyer6-sundeck-C-.RGB_color.0007.JPG-1832px-f2-768x362.jpg 768w, https:\/\/www.supremeyachts.hr\/wp-content\/uploads\/2023\/10\/5_Flyer6-sundeck-C-.RGB_color.0007.JPG-1832px-f2.jpg 960w","media_details":{"width":960,"height":452,"sizes":{"woocommerce_thumbnail":{"file":"5_Flyer6-sundeck-C-.RGB_color.0007.JPG-1832px-f2-300x300.jpg","width":300,"height":300,"mime-type":"image\/jpeg","filesize":19534,"uncropped":false,"source_url":"https:\/\/www.supremeyachts.hr\/wp-content\/uploads\/2023\/10\/5_Flyer6-sundeck-C-.RGB_color.0007.JPG-1832px-f2-300x300.jpg"},"woocommerce_gallery_thumbnail":{"file":"5_Flyer6-sundeck-C-.RGB_color.0007.JPG-1832px-f2-100x100.jpg","width":100,"height":100,"mime-type":"image\/jpeg","filesize":3881,"source_url":"https:\/\/www.supremeyachts.hr\/wp-content\/uploads\/2023\/10\/5_Flyer6-sundeck-C-.RGB_color.0007.JPG-1832px-f2-100x100.jpg"},"woocommerce_single":{"file":"5_Flyer6-sundeck-C-.RGB_color.0007.JPG-1832px-f2-600x283.jpg","width":600,"height":283,"mime-type":"image\/jpeg","filesize":33587,"source_url":"https:\/\/www.supremeyachts.hr\/wp-content\/uploads\/2023\/10\/5_Flyer6-sundeck-C-.RGB_color.0007.JPG-1832px-f2-600x283.jpg"},"medium":{"file":"5_Flyer6-sundeck-C-.RGB_color.0007.JPG-1832px-f2-300x141.jpg","width":300,"height":141,"mime-type":"image\/jpeg","filesize":18324,"source_url":"https:\/\/www.supremeyachts.hr\/wp-content\/uploads\/2023\/10\/5_Flyer6-sundeck-C-.RGB_color.0007.JPG-1832px-f2-300x141.jpg"},"thumbnail":{"file":"5_Flyer6-sundeck-C-.RGB_color.0007.JPG-1832px-f2-150x150.jpg","width":150,"height":150,"mime-type":"image\/jpeg","filesize":13203,"source_url":"https:\/\/www.supremeyachts.hr\/wp-content\/uploads\/2023\/10\/5_Flyer6-sundeck-C-.RGB_color.0007.JPG-1832px-f2-150x150.jpg"},"medium_large":{"file":"5_Flyer6-sundeck-C-.RGB_color.0007.JPG-1832px-f2-768x362.jpg","width":768,"height":362,"mime-type":"image\/jpeg","filesize":68270,"source_url":"https:\/\/www.supremeyachts.hr\/wp-content\/uploads\/2023\/10\/5_Flyer6-sundeck-C-.RGB_color.0007.JPG-1832px-f2-768x362.jpg"}}},"alt_text":"","url":"","target":""},{"id":124,"title":"5_Flyer6-sundeck-C-.RGB_color.0006-f2","caption":"","full_image_url":"https:\/\/www.supremeyachts.hr\/wp-content\/uploads\/2023\/10\/5_Flyer6-sundeck-C-.RGB_color.0006-f2.jpg","thumbnail_image_url":"https:\/\/www.supremeyachts.hr\/wp-content\/uploads\/2023\/10\/5_Flyer6-sundeck-C-.RGB_color.0006-f2-150x150.jpg","large_srcset":"https:\/\/www.supremeyachts.hr\/wp-content\/uploads\/2023\/10\/5_Flyer6-sundeck-C-.RGB_color.0006-f2.jpg 960w, https:\/\/www.supremeyachts.hr\/wp-content\/uploads\/2023\/10\/5_Flyer6-sundeck-C-.RGB_color.0006-f2-600x283.jpg 600w, https:\/\/www.supremeyachts.hr\/wp-content\/uploads\/2023\/10\/5_Flyer6-sundeck-C-.RGB_color.0006-f2-300x141.jpg 300w, https:\/\/www.supremeyachts.hr\/wp-content\/uploads\/2023\/10\/5_Flyer6-sundeck-C-.RGB_color.0006-f2-768x362.jpg 768w","medium_srcset":"https:\/\/www.supremeyachts.hr\/wp-content\/uploads\/2023\/10\/5_Flyer6-sundeck-C-.RGB_color.0006-f2-300x141.jpg 300w, https:\/\/www.supremeyachts.hr\/wp-content\/uploads\/2023\/10\/5_Flyer6-sundeck-C-.RGB_color.0006-f2-600x283.jpg 600w, https:\/\/www.supremeyachts.hr\/wp-content\/uploads\/2023\/10\/5_Flyer6-sundeck-C-.RGB_color.0006-f2-768x362.jpg 768w, https:\/\/www.supremeyachts.hr\/wp-content\/uploads\/2023\/10\/5_Flyer6-sundeck-C-.RGB_color.0006-f2.jpg 960w","media_details":{"width":960,"height":452,"sizes":{"woocommerce_thumbnail":{"file":"5_Flyer6-sundeck-C-.RGB_color.0006-f2-300x300.jpg","width":300,"height":300,"mime-type":"image\/jpeg","filesize":16929,"uncropped":false,"source_url":"https:\/\/www.supremeyachts.hr\/wp-content\/uploads\/2023\/10\/5_Flyer6-sundeck-C-.RGB_color.0006-f2-300x300.jpg"},"woocommerce_gallery_thumbnail":{"file":"5_Flyer6-sundeck-C-.RGB_color.0006-f2-100x100.jpg","width":100,"height":100,"mime-type":"image\/jpeg","filesize":3350,"source_url":"https:\/\/www.supremeyachts.hr\/wp-content\/uploads\/2023\/10\/5_Flyer6-sundeck-C-.RGB_color.0006-f2-100x100.jpg"},"woocommerce_single":{"file":"5_Flyer6-sundeck-C-.RGB_color.0006-f2-600x283.jpg","width":600,"height":283,"mime-type":"image\/jpeg","filesize":27960,"source_url":"https:\/\/www.supremeyachts.hr\/wp-content\/uploads\/2023\/10\/5_Flyer6-sundeck-C-.RGB_color.0006-f2-600x283.jpg"},"medium":{"file":"5_Flyer6-sundeck-C-.RGB_color.0006-f2-300x141.jpg","width":300,"height":141,"mime-type":"image\/jpeg","filesize":14266,"source_url":"https:\/\/www.supremeyachts.hr\/wp-content\/uploads\/2023\/10\/5_Flyer6-sundeck-C-.RGB_color.0006-f2-300x141.jpg"},"thumbnail":{"file":"5_Flyer6-sundeck-C-.RGB_color.0006-f2-150x150.jpg","width":150,"height":150,"mime-type":"image\/jpeg","filesize":10415,"source_url":"https:\/\/www.supremeyachts.hr\/wp-content\/uploads\/2023\/10\/5_Flyer6-sundeck-C-.RGB_color.0006-f2-150x150.jpg"},"medium_large":{"file":"5_Flyer6-sundeck-C-.RGB_color.0006-f2-768x362.jpg","width":768,"height":362,"mime-type":"image\/jpeg","filesize":55416,"source_url":"https:\/\/www.supremeyachts.hr\/wp-content\/uploads\/2023\/10\/5_Flyer6-sundeck-C-.RGB_color.0006-f2-768x362.jpg"}}},"alt_text":"","url":"","target":""},{"id":123,"title":"5_Flyer6-sundeck-C-.RGB_color.0005.JPG-1832px-f2","caption":"","full_image_url":"https:\/\/www.supremeyachts.hr\/wp-content\/uploads\/2023\/10\/5_Flyer6-sundeck-C-.RGB_color.0005.JPG-1832px-f2.jpg","thumbnail_image_url":"https:\/\/www.supremeyachts.hr\/wp-content\/uploads\/2023\/10\/5_Flyer6-sundeck-C-.RGB_color.0005.JPG-1832px-f2-150x150.jpg","large_srcset":"https:\/\/www.supremeyachts.hr\/wp-content\/uploads\/2023\/10\/5_Flyer6-sundeck-C-.RGB_color.0005.JPG-1832px-f2.jpg 960w, https:\/\/www.supremeyachts.hr\/wp-content\/uploads\/2023\/10\/5_Flyer6-sundeck-C-.RGB_color.0005.JPG-1832px-f2-600x283.jpg 600w, https:\/\/www.supremeyachts.hr\/wp-content\/uploads\/2023\/10\/5_Flyer6-sundeck-C-.RGB_color.0005.JPG-1832px-f2-300x141.jpg 300w, https:\/\/www.supremeyachts.hr\/wp-content\/uploads\/2023\/10\/5_Flyer6-sundeck-C-.RGB_color.0005.JPG-1832px-f2-768x362.jpg 768w","medium_srcset":"https:\/\/www.supremeyachts.hr\/wp-content\/uploads\/2023\/10\/5_Flyer6-sundeck-C-.RGB_color.0005.JPG-1832px-f2-300x141.jpg 300w, https:\/\/www.supremeyachts.hr\/wp-content\/uploads\/2023\/10\/5_Flyer6-sundeck-C-.RGB_color.0005.JPG-1832px-f2-600x283.jpg 600w, https:\/\/www.supremeyachts.hr\/wp-content\/uploads\/2023\/10\/5_Flyer6-sundeck-C-.RGB_color.0005.JPG-1832px-f2-768x362.jpg 768w, https:\/\/www.supremeyachts.hr\/wp-content\/uploads\/2023\/10\/5_Flyer6-sundeck-C-.RGB_color.0005.JPG-1832px-f2.jpg 960w","media_details":{"width":960,"height":452,"sizes":{"woocommerce_thumbnail":{"file":"5_Flyer6-sundeck-C-.RGB_color.0005.JPG-1832px-f2-300x300.jpg","width":300,"height":300,"mime-type":"image\/jpeg","filesize":19942,"uncropped":false,"source_url":"https:\/\/www.supremeyachts.hr\/wp-content\/uploads\/2023\/10\/5_Flyer6-sundeck-C-.RGB_color.0005.JPG-1832px-f2-300x300.jpg"},"woocommerce_gallery_thumbnail":{"file":"5_Flyer6-sundeck-C-.RGB_color.0005.JPG-1832px-f2-100x100.jpg","width":100,"height":100,"mime-type":"image\/jpeg","filesize":3727,"source_url":"https:\/\/www.supremeyachts.hr\/wp-content\/uploads\/2023\/10\/5_Flyer6-sundeck-C-.RGB_color.0005.JPG-1832px-f2-100x100.jpg"},"woocommerce_single":{"file":"5_Flyer6-sundeck-C-.RGB_color.0005.JPG-1832px-f2-600x283.jpg","width":600,"height":283,"mime-type":"image\/jpeg","filesize":31062,"source_url":"https:\/\/www.supremeyachts.hr\/wp-content\/uploads\/2023\/10\/5_Flyer6-sundeck-C-.RGB_color.0005.JPG-1832px-f2-600x283.jpg"},"medium":{"file":"5_Flyer6-sundeck-C-.RGB_color.0005.JPG-1832px-f2-300x141.jpg","width":300,"height":141,"mime-type":"image\/jpeg","filesize":17105,"source_url":"https:\/\/www.supremeyachts.hr\/wp-content\/uploads\/2023\/10\/5_Flyer6-sundeck-C-.RGB_color.0005.JPG-1832px-f2-300x141.jpg"},"thumbnail":{"file":"5_Flyer6-sundeck-C-.RGB_color.0005.JPG-1832px-f2-150x150.jpg","width":150,"height":150,"mime-type":"image\/jpeg","filesize":13266,"source_url":"https:\/\/www.supremeyachts.hr\/wp-content\/uploads\/2023\/10\/5_Flyer6-sundeck-C-.RGB_color.0005.JPG-1832px-f2-150x150.jpg"},"medium_large":{"file":"5_Flyer6-sundeck-C-.RGB_color.0005.JPG-1832px-f2-768x362.jpg","width":768,"height":362,"mime-type":"image\/jpeg","filesize":63977,"source_url":"https:\/\/www.supremeyachts.hr\/wp-content\/uploads\/2023\/10\/5_Flyer6-sundeck-C-.RGB_color.0005.JPG-1832px-f2-768x362.jpg"}}},"alt_text":"","url":"","target":""},{"id":122,"title":"5_Flyer6-sundeck-C-.RGB_color.0001.tif-1832px-f2","caption":"","full_image_url":"https:\/\/www.supremeyachts.hr\/wp-content\/uploads\/2023\/10\/5_Flyer6-sundeck-C-.RGB_color.0001.tif-1832px-f2.jpg","thumbnail_image_url":"https:\/\/www.supremeyachts.hr\/wp-content\/uploads\/2023\/10\/5_Flyer6-sundeck-C-.RGB_color.0001.tif-1832px-f2-150x150.jpg","large_srcset":"https:\/\/www.supremeyachts.hr\/wp-content\/uploads\/2023\/10\/5_Flyer6-sundeck-C-.RGB_color.0001.tif-1832px-f2.jpg 960w, https:\/\/www.supremeyachts.hr\/wp-content\/uploads\/2023\/10\/5_Flyer6-sundeck-C-.RGB_color.0001.tif-1832px-f2-600x283.jpg 600w, https:\/\/www.supremeyachts.hr\/wp-content\/uploads\/2023\/10\/5_Flyer6-sundeck-C-.RGB_color.0001.tif-1832px-f2-300x141.jpg 300w, https:\/\/www.supremeyachts.hr\/wp-content\/uploads\/2023\/10\/5_Flyer6-sundeck-C-.RGB_color.0001.tif-1832px-f2-768x362.jpg 768w","medium_srcset":"https:\/\/www.supremeyachts.hr\/wp-content\/uploads\/2023\/10\/5_Flyer6-sundeck-C-.RGB_color.0001.tif-1832px-f2-300x141.jpg 300w, https:\/\/www.supremeyachts.hr\/wp-content\/uploads\/2023\/10\/5_Flyer6-sundeck-C-.RGB_color.0001.tif-1832px-f2-600x283.jpg 600w, https:\/\/www.supremeyachts.hr\/wp-content\/uploads\/2023\/10\/5_Flyer6-sundeck-C-.RGB_color.0001.tif-1832px-f2-768x362.jpg 768w, https:\/\/www.supremeyachts.hr\/wp-content\/uploads\/2023\/10\/5_Flyer6-sundeck-C-.RGB_color.0001.tif-1832px-f2.jpg 960w","media_details":{"width":960,"height":452,"sizes":{"woocommerce_thumbnail":{"file":"5_Flyer6-sundeck-C-.RGB_color.0001.tif-1832px-f2-300x300.jpg","width":300,"height":300,"mime-type":"image\/jpeg","filesize":11805,"uncropped":false,"source_url":"https:\/\/www.supremeyachts.hr\/wp-content\/uploads\/2023\/10\/5_Flyer6-sundeck-C-.RGB_color.0001.tif-1832px-f2-300x300.jpg"},"woocommerce_gallery_thumbnail":{"file":"5_Flyer6-sundeck-C-.RGB_color.0001.tif-1832px-f2-100x100.jpg","width":100,"height":100,"mime-type":"image\/jpeg","filesize":2781,"source_url":"https:\/\/www.supremeyachts.hr\/wp-content\/uploads\/2023\/10\/5_Flyer6-sundeck-C-.RGB_color.0001.tif-1832px-f2-100x100.jpg"},"woocommerce_single":{"file":"5_Flyer6-sundeck-C-.RGB_color.0001.tif-1832px-f2-600x283.jpg","width":600,"height":283,"mime-type":"image\/jpeg","filesize":19794,"source_url":"https:\/\/www.supremeyachts.hr\/wp-content\/uploads\/2023\/10\/5_Flyer6-sundeck-C-.RGB_color.0001.tif-1832px-f2-600x283.jpg"},"medium":{"file":"5_Flyer6-sundeck-C-.RGB_color.0001.tif-1832px-f2-300x141.jpg","width":300,"height":141,"mime-type":"image\/jpeg","filesize":9476,"source_url":"https:\/\/www.supremeyachts.hr\/wp-content\/uploads\/2023\/10\/5_Flyer6-sundeck-C-.RGB_color.0001.tif-1832px-f2-300x141.jpg"},"thumbnail":{"file":"5_Flyer6-sundeck-C-.RGB_color.0001.tif-1832px-f2-150x150.jpg","width":150,"height":150,"mime-type":"image\/jpeg","filesize":7065,"source_url":"https:\/\/www.supremeyachts.hr\/wp-content\/uploads\/2023\/10\/5_Flyer6-sundeck-C-.RGB_color.0001.tif-1832px-f2-150x150.jpg"},"medium_large":{"file":"5_Flyer6-sundeck-C-.RGB_color.0001.tif-1832px-f2-768x362.jpg","width":768,"height":362,"mime-type":"image\/jpeg","filesize":28291,"source_url":"https:\/\/www.supremeyachts.hr\/wp-content\/uploads\/2023\/10\/5_Flyer6-sundeck-C-.RGB_color.0001.tif-1832px-f2-768x362.jpg"}}},"alt_text":"","url":"","target":""},{"id":121,"title":"5_Flyer6-sundeck-C-.RGB_color.0000.tif-1832px-f2","caption":"","full_image_url":"https:\/\/www.supremeyachts.hr\/wp-content\/uploads\/2023\/10\/5_Flyer6-sundeck-C-.RGB_color.0000.tif-1832px-f2.jpg","thumbnail_image_url":"https:\/\/www.supremeyachts.hr\/wp-content\/uploads\/2023\/10\/5_Flyer6-sundeck-C-.RGB_color.0000.tif-1832px-f2-150x150.jpg","large_srcset":"https:\/\/www.supremeyachts.hr\/wp-content\/uploads\/2023\/10\/5_Flyer6-sundeck-C-.RGB_color.0000.tif-1832px-f2.jpg 960w, https:\/\/www.supremeyachts.hr\/wp-content\/uploads\/2023\/10\/5_Flyer6-sundeck-C-.RGB_color.0000.tif-1832px-f2-600x283.jpg 600w, https:\/\/www.supremeyachts.hr\/wp-content\/uploads\/2023\/10\/5_Flyer6-sundeck-C-.RGB_color.0000.tif-1832px-f2-300x141.jpg 300w, https:\/\/www.supremeyachts.hr\/wp-content\/uploads\/2023\/10\/5_Flyer6-sundeck-C-.RGB_color.0000.tif-1832px-f2-768x362.jpg 768w","medium_srcset":"https:\/\/www.supremeyachts.hr\/wp-content\/uploads\/2023\/10\/5_Flyer6-sundeck-C-.RGB_color.0000.tif-1832px-f2-300x141.jpg 300w, https:\/\/www.supremeyachts.hr\/wp-content\/uploads\/2023\/10\/5_Flyer6-sundeck-C-.RGB_color.0000.tif-1832px-f2-600x283.jpg 600w, https:\/\/www.supremeyachts.hr\/wp-content\/uploads\/2023\/10\/5_Flyer6-sundeck-C-.RGB_color.0000.tif-1832px-f2-768x362.jpg 768w, https:\/\/www.supremeyachts.hr\/wp-content\/uploads\/2023\/10\/5_Flyer6-sundeck-C-.RGB_color.0000.tif-1832px-f2.jpg 960w","media_details":{"width":960,"height":452,"sizes":{"woocommerce_thumbnail":{"file":"5_Flyer6-sundeck-C-.RGB_color.0000.tif-1832px-f2-300x300.jpg","width":300,"height":300,"mime-type":"image\/jpeg","filesize":13349,"uncropped":false,"source_url":"https:\/\/www.supremeyachts.hr\/wp-content\/uploads\/2023\/10\/5_Flyer6-sundeck-C-.RGB_color.0000.tif-1832px-f2-300x300.jpg"},"woocommerce_gallery_thumbnail":{"file":"5_Flyer6-sundeck-C-.RGB_color.0000.tif-1832px-f2-100x100.jpg","width":100,"height":100,"mime-type":"image\/jpeg","filesize":3025,"source_url":"https:\/\/www.supremeyachts.hr\/wp-content\/uploads\/2023\/10\/5_Flyer6-sundeck-C-.RGB_color.0000.tif-1832px-f2-100x100.jpg"},"woocommerce_single":{"file":"5_Flyer6-sundeck-C-.RGB_color.0000.tif-1832px-f2-600x283.jpg","width":600,"height":283,"mime-type":"image\/jpeg","filesize":21486,"source_url":"https:\/\/www.supremeyachts.hr\/wp-content\/uploads\/2023\/10\/5_Flyer6-sundeck-C-.RGB_color.0000.tif-1832px-f2-600x283.jpg"},"medium":{"file":"5_Flyer6-sundeck-C-.RGB_color.0000.tif-1832px-f2-300x141.jpg","width":300,"height":141,"mime-type":"image\/jpeg","filesize":10075,"source_url":"https:\/\/www.supremeyachts.hr\/wp-content\/uploads\/2023\/10\/5_Flyer6-sundeck-C-.RGB_color.0000.tif-1832px-f2-300x141.jpg"},"thumbnail":{"file":"5_Flyer6-sundeck-C-.RGB_color.0000.tif-1832px-f2-150x150.jpg","width":150,"height":150,"mime-type":"image\/jpeg","filesize":7582,"source_url":"https:\/\/www.supremeyachts.hr\/wp-content\/uploads\/2023\/10\/5_Flyer6-sundeck-C-.RGB_color.0000.tif-1832px-f2-150x150.jpg"},"medium_large":{"file":"5_Flyer6-sundeck-C-.RGB_color.0000.tif-1832px-f2-768x362.jpg","width":768,"height":362,"mime-type":"image\/jpeg","filesize":30730,"source_url":"https:\/\/www.supremeyachts.hr\/wp-content\/uploads\/2023\/10\/5_Flyer6-sundeck-C-.RGB_color.0000.tif-1832px-f2-768x362.jpg"}}},"alt_text":"","url":"","target":""}],[{"id":98,"title":"JEAN-BAPTISTE D'ENQUIN \/ BENETEAU FLYER 6","caption":"","full_image_url":"https:\/\/www.supremeyachts.hr\/wp-content\/uploads\/2023\/10\/1__5JB6273.jpg-1900px-f2.jpg","thumbnail_image_url":"https:\/\/www.supremeyachts.hr\/wp-content\/uploads\/2023\/10\/1__5JB6273.jpg-1900px-f2-150x150.jpg","large_srcset":"https:\/\/www.supremeyachts.hr\/wp-content\/uploads\/2023\/10\/1__5JB6273.jpg-1900px-f2.jpg 960w, https:\/\/www.supremeyachts.hr\/wp-content\/uploads\/2023\/10\/1__5JB6273.jpg-1900px-f2-600x400.jpg 600w, https:\/\/www.supremeyachts.hr\/wp-content\/uploads\/2023\/10\/1__5JB6273.jpg-1900px-f2-300x200.jpg 300w, https:\/\/www.supremeyachts.hr\/wp-content\/uploads\/2023\/10\/1__5JB6273.jpg-1900px-f2-768x512.jpg 768w","medium_srcset":"https:\/\/www.supremeyachts.hr\/wp-content\/uploads\/2023\/10\/1__5JB6273.jpg-1900px-f2-300x200.jpg 300w, https:\/\/www.supremeyachts.hr\/wp-content\/uploads\/2023\/10\/1__5JB6273.jpg-1900px-f2-600x400.jpg 600w, https:\/\/www.supremeyachts.hr\/wp-content\/uploads\/2023\/10\/1__5JB6273.jpg-1900px-f2-768x512.jpg 768w, https:\/\/www.supremeyachts.hr\/wp-content\/uploads\/2023\/10\/1__5JB6273.jpg-1900px-f2.jpg 960w","media_details":{"width":960,"height":640,"sizes":{"woocommerce_thumbnail":{"file":"1__5JB6273.jpg-1900px-f2-300x300.jpg","width":300,"height":300,"mime-type":"image\/jpeg","filesize":23992,"uncropped":false,"source_url":"https:\/\/www.supremeyachts.hr\/wp-content\/uploads\/2023\/10\/1__5JB6273.jpg-1900px-f2-300x300.jpg"},"woocommerce_gallery_thumbnail":{"file":"1__5JB6273.jpg-1900px-f2-100x100.jpg","width":100,"height":100,"mime-type":"image\/jpeg","filesize":4579,"source_url":"https:\/\/www.supremeyachts.hr\/wp-content\/uploads\/2023\/10\/1__5JB6273.jpg-1900px-f2-100x100.jpg"},"woocommerce_single":{"file":"1__5JB6273.jpg-1900px-f2-600x400.jpg","width":600,"height":400,"mime-type":"image\/jpeg","filesize":53277,"source_url":"https:\/\/www.supremeyachts.hr\/wp-content\/uploads\/2023\/10\/1__5JB6273.jpg-1900px-f2-600x400.jpg"},"medium":{"file":"1__5JB6273.jpg-1900px-f2-300x200.jpg","width":300,"height":200,"mime-type":"image\/jpeg","filesize":31938,"source_url":"https:\/\/www.supremeyachts.hr\/wp-content\/uploads\/2023\/10\/1__5JB6273.jpg-1900px-f2-300x200.jpg"},"thumbnail":{"file":"1__5JB6273.jpg-1900px-f2-150x150.jpg","width":150,"height":150,"mime-type":"image\/jpeg","filesize":20945,"source_url":"https:\/\/www.supremeyachts.hr\/wp-content\/uploads\/2023\/10\/1__5JB6273.jpg-1900px-f2-150x150.jpg"},"medium_large":{"file":"1__5JB6273.jpg-1900px-f2-768x512.jpg","width":768,"height":512,"mime-type":"image\/jpeg","filesize":104635,"source_url":"https:\/\/www.supremeyachts.hr\/wp-content\/uploads\/2023\/10\/1__5JB6273.jpg-1900px-f2-768x512.jpg"}}},"alt_text":"","url":"","target":""},{"id":97,"title":"JEAN-BAPTISTE D'ENQUIN \/ BENETEAU FLYER 6","caption":"","full_image_url":"https:\/\/www.supremeyachts.hr\/wp-content\/uploads\/2023\/10\/1__5JB6221.jpg-1900px-f2.jpg","thumbnail_image_url":"https:\/\/www.supremeyachts.hr\/wp-content\/uploads\/2023\/10\/1__5JB6221.jpg-1900px-f2-150x150.jpg","large_srcset":"https:\/\/www.supremeyachts.hr\/wp-content\/uploads\/2023\/10\/1__5JB6221.jpg-1900px-f2.jpg 960w, https:\/\/www.supremeyachts.hr\/wp-content\/uploads\/2023\/10\/1__5JB6221.jpg-1900px-f2-600x400.jpg 600w, https:\/\/www.supremeyachts.hr\/wp-content\/uploads\/2023\/10\/1__5JB6221.jpg-1900px-f2-300x200.jpg 300w, https:\/\/www.supremeyachts.hr\/wp-content\/uploads\/2023\/10\/1__5JB6221.jpg-1900px-f2-768x512.jpg 768w","medium_srcset":"https:\/\/www.supremeyachts.hr\/wp-content\/uploads\/2023\/10\/1__5JB6221.jpg-1900px-f2-300x200.jpg 300w, https:\/\/www.supremeyachts.hr\/wp-content\/uploads\/2023\/10\/1__5JB6221.jpg-1900px-f2-600x400.jpg 600w, https:\/\/www.supremeyachts.hr\/wp-content\/uploads\/2023\/10\/1__5JB6221.jpg-1900px-f2-768x512.jpg 768w, https:\/\/www.supremeyachts.hr\/wp-content\/uploads\/2023\/10\/1__5JB6221.jpg-1900px-f2.jpg 960w","media_details":{"width":960,"height":640,"sizes":{"woocommerce_thumbnail":{"file":"1__5JB6221.jpg-1900px-f2-300x300.jpg","width":300,"height":300,"mime-type":"image\/jpeg","filesize":21688,"uncropped":false,"source_url":"https:\/\/www.supremeyachts.hr\/wp-content\/uploads\/2023\/10\/1__5JB6221.jpg-1900px-f2-300x300.jpg"},"woocommerce_gallery_thumbnail":{"file":"1__5JB6221.jpg-1900px-f2-100x100.jpg","width":100,"height":100,"mime-type":"image\/jpeg","filesize":3902,"source_url":"https:\/\/www.supremeyachts.hr\/wp-content\/uploads\/2023\/10\/1__5JB6221.jpg-1900px-f2-100x100.jpg"},"woocommerce_single":{"file":"1__5JB6221.jpg-1900px-f2-600x400.jpg","width":600,"height":400,"mime-type":"image\/jpeg","filesize":49283,"source_url":"https:\/\/www.supremeyachts.hr\/wp-content\/uploads\/2023\/10\/1__5JB6221.jpg-1900px-f2-600x400.jpg"},"medium":{"file":"1__5JB6221.jpg-1900px-f2-300x200.jpg","width":300,"height":200,"mime-type":"image\/jpeg","filesize":30122,"source_url":"https:\/\/www.supremeyachts.hr\/wp-content\/uploads\/2023\/10\/1__5JB6221.jpg-1900px-f2-300x200.jpg"},"thumbnail":{"file":"1__5JB6221.jpg-1900px-f2-150x150.jpg","width":150,"height":150,"mime-type":"image\/jpeg","filesize":20176,"source_url":"https:\/\/www.supremeyachts.hr\/wp-content\/uploads\/2023\/10\/1__5JB6221.jpg-1900px-f2-150x150.jpg"},"medium_large":{"file":"1__5JB6221.jpg-1900px-f2-768x512.jpg","width":768,"height":512,"mime-type":"image\/jpeg","filesize":101848,"source_url":"https:\/\/www.supremeyachts.hr\/wp-content\/uploads\/2023\/10\/1__5JB6221.jpg-1900px-f2-768x512.jpg"}}},"alt_text":"","url":"","target":""},{"id":96,"title":"JEAN-BAPTISTE D'ENQUIN \/ BENETEAU FLYER 6","caption":"","full_image_url":"https:\/\/www.supremeyachts.hr\/wp-content\/uploads\/2023\/10\/1__5JB6221.jpg-1900px-f2-1.jpg","thumbnail_image_url":"https:\/\/www.supremeyachts.hr\/wp-content\/uploads\/2023\/10\/1__5JB6221.jpg-1900px-f2-1-150x150.jpg","large_srcset":"https:\/\/www.supremeyachts.hr\/wp-content\/uploads\/2023\/10\/1__5JB6221.jpg-1900px-f2-1.jpg 960w, https:\/\/www.supremeyachts.hr\/wp-content\/uploads\/2023\/10\/1__5JB6221.jpg-1900px-f2-1-600x400.jpg 600w, https:\/\/www.supremeyachts.hr\/wp-content\/uploads\/2023\/10\/1__5JB6221.jpg-1900px-f2-1-300x200.jpg 300w, https:\/\/www.supremeyachts.hr\/wp-content\/uploads\/2023\/10\/1__5JB6221.jpg-1900px-f2-1-768x512.jpg 768w","medium_srcset":"https:\/\/www.supremeyachts.hr\/wp-content\/uploads\/2023\/10\/1__5JB6221.jpg-1900px-f2-1-300x200.jpg 300w, https:\/\/www.supremeyachts.hr\/wp-content\/uploads\/2023\/10\/1__5JB6221.jpg-1900px-f2-1-600x400.jpg 600w, https:\/\/www.supremeyachts.hr\/wp-content\/uploads\/2023\/10\/1__5JB6221.jpg-1900px-f2-1-768x512.jpg 768w, https:\/\/www.supremeyachts.hr\/wp-content\/uploads\/2023\/10\/1__5JB6221.jpg-1900px-f2-1.jpg 960w","media_details":{"width":960,"height":640,"sizes":{"woocommerce_thumbnail":{"file":"1__5JB6221.jpg-1900px-f2-1-300x300.jpg","width":300,"height":300,"mime-type":"image\/jpeg","filesize":21688,"uncropped":false,"source_url":"https:\/\/www.supremeyachts.hr\/wp-content\/uploads\/2023\/10\/1__5JB6221.jpg-1900px-f2-1-300x300.jpg"},"woocommerce_gallery_thumbnail":{"file":"1__5JB6221.jpg-1900px-f2-1-100x100.jpg","width":100,"height":100,"mime-type":"image\/jpeg","filesize":3902,"source_url":"https:\/\/www.supremeyachts.hr\/wp-content\/uploads\/2023\/10\/1__5JB6221.jpg-1900px-f2-1-100x100.jpg"},"woocommerce_single":{"file":"1__5JB6221.jpg-1900px-f2-1-600x400.jpg","width":600,"height":400,"mime-type":"image\/jpeg","filesize":49283,"source_url":"https:\/\/www.supremeyachts.hr\/wp-content\/uploads\/2023\/10\/1__5JB6221.jpg-1900px-f2-1-600x400.jpg"},"medium":{"file":"1__5JB6221.jpg-1900px-f2-1-300x200.jpg","width":300,"height":200,"mime-type":"image\/jpeg","filesize":30122,"source_url":"https:\/\/www.supremeyachts.hr\/wp-content\/uploads\/2023\/10\/1__5JB6221.jpg-1900px-f2-1-300x200.jpg"},"thumbnail":{"file":"1__5JB6221.jpg-1900px-f2-1-150x150.jpg","width":150,"height":150,"mime-type":"image\/jpeg","filesize":20176,"source_url":"https:\/\/www.supremeyachts.hr\/wp-content\/uploads\/2023\/10\/1__5JB6221.jpg-1900px-f2-1-150x150.jpg"},"medium_large":{"file":"1__5JB6221.jpg-1900px-f2-1-768x512.jpg","width":768,"height":512,"mime-type":"image\/jpeg","filesize":101848,"source_url":"https:\/\/www.supremeyachts.hr\/wp-content\/uploads\/2023\/10\/1__5JB6221.jpg-1900px-f2-1-768x512.jpg"}}},"alt_text":"","url":"","target":""},{"id":95,"title":"JEAN-BAPTISTE D'ENQUIN \/ BENETEAU FLYER 6","caption":"","full_image_url":"https:\/\/www.supremeyachts.hr\/wp-content\/uploads\/2023\/10\/1__5JB5858.jpg-1900px-f2.jpg","thumbnail_image_url":"https:\/\/www.supremeyachts.hr\/wp-content\/uploads\/2023\/10\/1__5JB5858.jpg-1900px-f2-150x150.jpg","large_srcset":"https:\/\/www.supremeyachts.hr\/wp-content\/uploads\/2023\/10\/1__5JB5858.jpg-1900px-f2.jpg 960w, https:\/\/www.supremeyachts.hr\/wp-content\/uploads\/2023\/10\/1__5JB5858.jpg-1900px-f2-600x400.jpg 600w, https:\/\/www.supremeyachts.hr\/wp-content\/uploads\/2023\/10\/1__5JB5858.jpg-1900px-f2-300x200.jpg 300w, https:\/\/www.supremeyachts.hr\/wp-content\/uploads\/2023\/10\/1__5JB5858.jpg-1900px-f2-768x512.jpg 768w","medium_srcset":"https:\/\/www.supremeyachts.hr\/wp-content\/uploads\/2023\/10\/1__5JB5858.jpg-1900px-f2-300x200.jpg 300w, https:\/\/www.supremeyachts.hr\/wp-content\/uploads\/2023\/10\/1__5JB5858.jpg-1900px-f2-600x400.jpg 600w, https:\/\/www.supremeyachts.hr\/wp-content\/uploads\/2023\/10\/1__5JB5858.jpg-1900px-f2-768x512.jpg 768w, https:\/\/www.supremeyachts.hr\/wp-content\/uploads\/2023\/10\/1__5JB5858.jpg-1900px-f2.jpg 960w","media_details":{"width":960,"height":640,"sizes":{"woocommerce_thumbnail":{"file":"1__5JB5858.jpg-1900px-f2-300x300.jpg","width":300,"height":300,"mime-type":"image\/jpeg","filesize":17175,"uncropped":false,"source_url":"https:\/\/www.supremeyachts.hr\/wp-content\/uploads\/2023\/10\/1__5JB5858.jpg-1900px-f2-300x300.jpg"},"woocommerce_gallery_thumbnail":{"file":"1__5JB5858.jpg-1900px-f2-100x100.jpg","width":100,"height":100,"mime-type":"image\/jpeg","filesize":3282,"source_url":"https:\/\/www.supremeyachts.hr\/wp-content\/uploads\/2023\/10\/1__5JB5858.jpg-1900px-f2-100x100.jpg"},"woocommerce_single":{"file":"1__5JB5858.jpg-1900px-f2-600x400.jpg","width":600,"height":400,"mime-type":"image\/jpeg","filesize":36490,"source_url":"https:\/\/www.supremeyachts.hr\/wp-content\/uploads\/2023\/10\/1__5JB5858.jpg-1900px-f2-600x400.jpg"},"medium":{"file":"1__5JB5858.jpg-1900px-f2-300x200.jpg","width":300,"height":200,"mime-type":"image\/jpeg","filesize":26832,"source_url":"https:\/\/www.supremeyachts.hr\/wp-content\/uploads\/2023\/10\/1__5JB5858.jpg-1900px-f2-300x200.jpg"},"thumbnail":{"file":"1__5JB5858.jpg-1900px-f2-150x150.jpg","width":150,"height":150,"mime-type":"image\/jpeg","filesize":19104,"source_url":"https:\/\/www.supremeyachts.hr\/wp-content\/uploads\/2023\/10\/1__5JB5858.jpg-1900px-f2-150x150.jpg"},"medium_large":{"file":"1__5JB5858.jpg-1900px-f2-768x512.jpg","width":768,"height":512,"mime-type":"image\/jpeg","filesize":82403,"source_url":"https:\/\/www.supremeyachts.hr\/wp-content\/uploads\/2023\/10\/1__5JB5858.jpg-1900px-f2-768x512.jpg"}}},"alt_text":"","url":"","target":""},{"id":94,"title":"JEAN-BAPTISTE D'ENQUIN \/ BENETEAU FLYER 6","caption":"","full_image_url":"https:\/\/www.supremeyachts.hr\/wp-content\/uploads\/2023\/10\/1__5JB5831.jpg-1900px-f2.jpg","thumbnail_image_url":"https:\/\/www.supremeyachts.hr\/wp-content\/uploads\/2023\/10\/1__5JB5831.jpg-1900px-f2-150x150.jpg","large_srcset":"https:\/\/www.supremeyachts.hr\/wp-content\/uploads\/2023\/10\/1__5JB5831.jpg-1900px-f2.jpg 960w, https:\/\/www.supremeyachts.hr\/wp-content\/uploads\/2023\/10\/1__5JB5831.jpg-1900px-f2-600x400.jpg 600w, https:\/\/www.supremeyachts.hr\/wp-content\/uploads\/2023\/10\/1__5JB5831.jpg-1900px-f2-300x200.jpg 300w, https:\/\/www.supremeyachts.hr\/wp-content\/uploads\/2023\/10\/1__5JB5831.jpg-1900px-f2-768x512.jpg 768w","medium_srcset":"https:\/\/www.supremeyachts.hr\/wp-content\/uploads\/2023\/10\/1__5JB5831.jpg-1900px-f2-300x200.jpg 300w, https:\/\/www.supremeyachts.hr\/wp-content\/uploads\/2023\/10\/1__5JB5831.jpg-1900px-f2-600x400.jpg 600w, https:\/\/www.supremeyachts.hr\/wp-content\/uploads\/2023\/10\/1__5JB5831.jpg-1900px-f2-768x512.jpg 768w, https:\/\/www.supremeyachts.hr\/wp-content\/uploads\/2023\/10\/1__5JB5831.jpg-1900px-f2.jpg 960w","media_details":{"width":960,"height":640,"sizes":{"woocommerce_thumbnail":{"file":"1__5JB5831.jpg-1900px-f2-300x300.jpg","width":300,"height":300,"mime-type":"image\/jpeg","filesize":19361,"uncropped":false,"source_url":"https:\/\/www.supremeyachts.hr\/wp-content\/uploads\/2023\/10\/1__5JB5831.jpg-1900px-f2-300x300.jpg"},"woocommerce_gallery_thumbnail":{"file":"1__5JB5831.jpg-1900px-f2-100x100.jpg","width":100,"height":100,"mime-type":"image\/jpeg","filesize":3564,"source_url":"https:\/\/www.supremeyachts.hr\/wp-content\/uploads\/2023\/10\/1__5JB5831.jpg-1900px-f2-100x100.jpg"},"woocommerce_single":{"file":"1__5JB5831.jpg-1900px-f2-600x400.jpg","width":600,"height":400,"mime-type":"image\/jpeg","filesize":43785,"source_url":"https:\/\/www.supremeyachts.hr\/wp-content\/uploads\/2023\/10\/1__5JB5831.jpg-1900px-f2-600x400.jpg"},"medium":{"file":"1__5JB5831.jpg-1900px-f2-300x200.jpg","width":300,"height":200,"mime-type":"image\/jpeg","filesize":29467,"source_url":"https:\/\/www.supremeyachts.hr\/wp-content\/uploads\/2023\/10\/1__5JB5831.jpg-1900px-f2-300x200.jpg"},"thumbnail":{"file":"1__5JB5831.jpg-1900px-f2-150x150.jpg","width":150,"height":150,"mime-type":"image\/jpeg","filesize":19738,"source_url":"https:\/\/www.supremeyachts.hr\/wp-content\/uploads\/2023\/10\/1__5JB5831.jpg-1900px-f2-150x150.jpg"},"medium_large":{"file":"1__5JB5831.jpg-1900px-f2-768x512.jpg","width":768,"height":512,"mime-type":"image\/jpeg","filesize":97021,"source_url":"https:\/\/www.supremeyachts.hr\/wp-content\/uploads\/2023\/10\/1__5JB5831.jpg-1900px-f2-768x512.jpg"}}},"alt_text":"","url":"","target":""},{"id":93,"title":"JEAN-BAPTISTE D'ENQUIN \/ BENETEAU FLYER 6","caption":"","full_image_url":"https:\/\/www.supremeyachts.hr\/wp-content\/uploads\/2023\/10\/1__5JB5831.jpg-1900px-f2-1.jpg","thumbnail_image_url":"https:\/\/www.supremeyachts.hr\/wp-content\/uploads\/2023\/10\/1__5JB5831.jpg-1900px-f2-1-150x150.jpg","large_srcset":"https:\/\/www.supremeyachts.hr\/wp-content\/uploads\/2023\/10\/1__5JB5831.jpg-1900px-f2-1.jpg 960w, https:\/\/www.supremeyachts.hr\/wp-content\/uploads\/2023\/10\/1__5JB5831.jpg-1900px-f2-1-600x400.jpg 600w, https:\/\/www.supremeyachts.hr\/wp-content\/uploads\/2023\/10\/1__5JB5831.jpg-1900px-f2-1-300x200.jpg 300w, https:\/\/www.supremeyachts.hr\/wp-content\/uploads\/2023\/10\/1__5JB5831.jpg-1900px-f2-1-768x512.jpg 768w","medium_srcset":"https:\/\/www.supremeyachts.hr\/wp-content\/uploads\/2023\/10\/1__5JB5831.jpg-1900px-f2-1-300x200.jpg 300w, https:\/\/www.supremeyachts.hr\/wp-content\/uploads\/2023\/10\/1__5JB5831.jpg-1900px-f2-1-600x400.jpg 600w, https:\/\/www.supremeyachts.hr\/wp-content\/uploads\/2023\/10\/1__5JB5831.jpg-1900px-f2-1-768x512.jpg 768w, https:\/\/www.supremeyachts.hr\/wp-content\/uploads\/2023\/10\/1__5JB5831.jpg-1900px-f2-1.jpg 960w","media_details":{"width":960,"height":640,"sizes":{"woocommerce_thumbnail":{"file":"1__5JB5831.jpg-1900px-f2-1-300x300.jpg","width":300,"height":300,"mime-type":"image\/jpeg","filesize":19361,"uncropped":false,"source_url":"https:\/\/www.supremeyachts.hr\/wp-content\/uploads\/2023\/10\/1__5JB5831.jpg-1900px-f2-1-300x300.jpg"},"woocommerce_gallery_thumbnail":{"file":"1__5JB5831.jpg-1900px-f2-1-100x100.jpg","width":100,"height":100,"mime-type":"image\/jpeg","filesize":3564,"source_url":"https:\/\/www.supremeyachts.hr\/wp-content\/uploads\/2023\/10\/1__5JB5831.jpg-1900px-f2-1-100x100.jpg"},"woocommerce_single":{"file":"1__5JB5831.jpg-1900px-f2-1-600x400.jpg","width":600,"height":400,"mime-type":"image\/jpeg","filesize":43785,"source_url":"https:\/\/www.supremeyachts.hr\/wp-content\/uploads\/2023\/10\/1__5JB5831.jpg-1900px-f2-1-600x400.jpg"},"medium":{"file":"1__5JB5831.jpg-1900px-f2-1-300x200.jpg","width":300,"height":200,"mime-type":"image\/jpeg","filesize":29467,"source_url":"https:\/\/www.supremeyachts.hr\/wp-content\/uploads\/2023\/10\/1__5JB5831.jpg-1900px-f2-1-300x200.jpg"},"thumbnail":{"file":"1__5JB5831.jpg-1900px-f2-1-150x150.jpg","width":150,"height":150,"mime-type":"image\/jpeg","filesize":19738,"source_url":"https:\/\/www.supremeyachts.hr\/wp-content\/uploads\/2023\/10\/1__5JB5831.jpg-1900px-f2-1-150x150.jpg"},"medium_large":{"file":"1__5JB5831.jpg-1900px-f2-1-768x512.jpg","width":768,"height":512,"mime-type":"image\/jpeg","filesize":97021,"source_url":"https:\/\/www.supremeyachts.hr\/wp-content\/uploads\/2023\/10\/1__5JB5831.jpg-1900px-f2-1-768x512.jpg"}}},"alt_text":"","url":"","target":""},{"id":92,"title":"JEAN-BAPTISTE D'ENQUIN \/ BENETEAU FLYER 6","caption":"","full_image_url":"https:\/\/www.supremeyachts.hr\/wp-content\/uploads\/2023\/10\/1__5JB5532.jpg-1900px-f2.jpg","thumbnail_image_url":"https:\/\/www.supremeyachts.hr\/wp-content\/uploads\/2023\/10\/1__5JB5532.jpg-1900px-f2-150x150.jpg","large_srcset":"https:\/\/www.supremeyachts.hr\/wp-content\/uploads\/2023\/10\/1__5JB5532.jpg-1900px-f2.jpg 960w, https:\/\/www.supremeyachts.hr\/wp-content\/uploads\/2023\/10\/1__5JB5532.jpg-1900px-f2-600x400.jpg 600w, https:\/\/www.supremeyachts.hr\/wp-content\/uploads\/2023\/10\/1__5JB5532.jpg-1900px-f2-300x200.jpg 300w, https:\/\/www.supremeyachts.hr\/wp-content\/uploads\/2023\/10\/1__5JB5532.jpg-1900px-f2-768x512.jpg 768w","medium_srcset":"https:\/\/www.supremeyachts.hr\/wp-content\/uploads\/2023\/10\/1__5JB5532.jpg-1900px-f2-300x200.jpg 300w, https:\/\/www.supremeyachts.hr\/wp-content\/uploads\/2023\/10\/1__5JB5532.jpg-1900px-f2-600x400.jpg 600w, https:\/\/www.supremeyachts.hr\/wp-content\/uploads\/2023\/10\/1__5JB5532.jpg-1900px-f2-768x512.jpg 768w, https:\/\/www.supremeyachts.hr\/wp-content\/uploads\/2023\/10\/1__5JB5532.jpg-1900px-f2.jpg 960w","media_details":{"width":960,"height":640,"sizes":{"woocommerce_thumbnail":{"file":"1__5JB5532.jpg-1900px-f2-300x300.jpg","width":300,"height":300,"mime-type":"image\/jpeg","filesize":17271,"uncropped":false,"source_url":"https:\/\/www.supremeyachts.hr\/wp-content\/uploads\/2023\/10\/1__5JB5532.jpg-1900px-f2-300x300.jpg"},"woocommerce_gallery_thumbnail":{"file":"1__5JB5532.jpg-1900px-f2-100x100.jpg","width":100,"height":100,"mime-type":"image\/jpeg","filesize":3551,"source_url":"https:\/\/www.supremeyachts.hr\/wp-content\/uploads\/2023\/10\/1__5JB5532.jpg-1900px-f2-100x100.jpg"},"woocommerce_single":{"file":"1__5JB5532.jpg-1900px-f2-600x400.jpg","width":600,"height":400,"mime-type":"image\/jpeg","filesize":36433,"source_url":"https:\/\/www.supremeyachts.hr\/wp-content\/uploads\/2023\/10\/1__5JB5532.jpg-1900px-f2-600x400.jpg"},"medium":{"file":"1__5JB5532.jpg-1900px-f2-300x200.jpg","width":300,"height":200,"mime-type":"image\/jpeg","filesize":27440,"source_url":"https:\/\/www.supremeyachts.hr\/wp-content\/uploads\/2023\/10\/1__5JB5532.jpg-1900px-f2-300x200.jpg"},"thumbnail":{"file":"1__5JB5532.jpg-1900px-f2-150x150.jpg","width":150,"height":150,"mime-type":"image\/jpeg","filesize":19332,"source_url":"https:\/\/www.supremeyachts.hr\/wp-content\/uploads\/2023\/10\/1__5JB5532.jpg-1900px-f2-150x150.jpg"},"medium_large":{"file":"1__5JB5532.jpg-1900px-f2-768x512.jpg","width":768,"height":512,"mime-type":"image\/jpeg","filesize":80245,"source_url":"https:\/\/www.supremeyachts.hr\/wp-content\/uploads\/2023\/10\/1__5JB5532.jpg-1900px-f2-768x512.jpg"}}},"alt_text":"","url":"","target":""},{"id":91,"title":"JEAN-BAPTISTE D'ENQUIN \/ BENETEAU FLYER 6","caption":"","full_image_url":"https:\/\/www.supremeyachts.hr\/wp-content\/uploads\/2023\/10\/1__5JB5500.jpg-1900px-f2.jpg","thumbnail_image_url":"https:\/\/www.supremeyachts.hr\/wp-content\/uploads\/2023\/10\/1__5JB5500.jpg-1900px-f2-150x150.jpg","large_srcset":"https:\/\/www.supremeyachts.hr\/wp-content\/uploads\/2023\/10\/1__5JB5500.jpg-1900px-f2.jpg 960w, https:\/\/www.supremeyachts.hr\/wp-content\/uploads\/2023\/10\/1__5JB5500.jpg-1900px-f2-600x400.jpg 600w, https:\/\/www.supremeyachts.hr\/wp-content\/uploads\/2023\/10\/1__5JB5500.jpg-1900px-f2-300x200.jpg 300w, https:\/\/www.supremeyachts.hr\/wp-content\/uploads\/2023\/10\/1__5JB5500.jpg-1900px-f2-768x512.jpg 768w","medium_srcset":"https:\/\/www.supremeyachts.hr\/wp-content\/uploads\/2023\/10\/1__5JB5500.jpg-1900px-f2-300x200.jpg 300w, https:\/\/www.supremeyachts.hr\/wp-content\/uploads\/2023\/10\/1__5JB5500.jpg-1900px-f2-600x400.jpg 600w, https:\/\/www.supremeyachts.hr\/wp-content\/uploads\/2023\/10\/1__5JB5500.jpg-1900px-f2-768x512.jpg 768w, https:\/\/www.supremeyachts.hr\/wp-content\/uploads\/2023\/10\/1__5JB5500.jpg-1900px-f2.jpg 960w","media_details":{"width":960,"height":640,"sizes":{"woocommerce_thumbnail":{"file":"1__5JB5500.jpg-1900px-f2-300x300.jpg","width":300,"height":300,"mime-type":"image\/jpeg","filesize":17172,"uncropped":false,"source_url":"https:\/\/www.supremeyachts.hr\/wp-content\/uploads\/2023\/10\/1__5JB5500.jpg-1900px-f2-300x300.jpg"},"woocommerce_gallery_thumbnail":{"file":"1__5JB5500.jpg-1900px-f2-100x100.jpg","width":100,"height":100,"mime-type":"image\/jpeg","filesize":3649,"source_url":"https:\/\/www.supremeyachts.hr\/wp-content\/uploads\/2023\/10\/1__5JB5500.jpg-1900px-f2-100x100.jpg"},"woocommerce_single":{"file":"1__5JB5500.jpg-1900px-f2-600x400.jpg","width":600,"height":400,"mime-type":"image\/jpeg","filesize":33427,"source_url":"https:\/\/www.supremeyachts.hr\/wp-content\/uploads\/2023\/10\/1__5JB5500.jpg-1900px-f2-600x400.jpg"},"medium":{"file":"1__5JB5500.jpg-1900px-f2-300x200.jpg","width":300,"height":200,"mime-type":"image\/jpeg","filesize":26820,"source_url":"https:\/\/www.supremeyachts.hr\/wp-content\/uploads\/2023\/10\/1__5JB5500.jpg-1900px-f2-300x200.jpg"},"thumbnail":{"file":"1__5JB5500.jpg-1900px-f2-150x150.jpg","width":150,"height":150,"mime-type":"image\/jpeg","filesize":19708,"source_url":"https:\/\/www.supremeyachts.hr\/wp-content\/uploads\/2023\/10\/1__5JB5500.jpg-1900px-f2-150x150.jpg"},"medium_large":{"file":"1__5JB5500.jpg-1900px-f2-768x512.jpg","width":768,"height":512,"mime-type":"image\/jpeg","filesize":74665,"source_url":"https:\/\/www.supremeyachts.hr\/wp-content\/uploads\/2023\/10\/1__5JB5500.jpg-1900px-f2-768x512.jpg"}}},"alt_text":"","url":"","target":""},{"id":90,"title":"JEAN-BAPTISTE D'ENQUIN \/ BENETEAU FLYER 6","caption":"","full_image_url":"https:\/\/www.supremeyachts.hr\/wp-content\/uploads\/2023\/10\/1__5JB5394.jpg-1900px-f2.jpg","thumbnail_image_url":"https:\/\/www.supremeyachts.hr\/wp-content\/uploads\/2023\/10\/1__5JB5394.jpg-1900px-f2-150x150.jpg","large_srcset":"https:\/\/www.supremeyachts.hr\/wp-content\/uploads\/2023\/10\/1__5JB5394.jpg-1900px-f2.jpg 960w, https:\/\/www.supremeyachts.hr\/wp-content\/uploads\/2023\/10\/1__5JB5394.jpg-1900px-f2-600x400.jpg 600w, https:\/\/www.supremeyachts.hr\/wp-content\/uploads\/2023\/10\/1__5JB5394.jpg-1900px-f2-300x200.jpg 300w, https:\/\/www.supremeyachts.hr\/wp-content\/uploads\/2023\/10\/1__5JB5394.jpg-1900px-f2-768x512.jpg 768w","medium_srcset":"https:\/\/www.supremeyachts.hr\/wp-content\/uploads\/2023\/10\/1__5JB5394.jpg-1900px-f2-300x200.jpg 300w, https:\/\/www.supremeyachts.hr\/wp-content\/uploads\/2023\/10\/1__5JB5394.jpg-1900px-f2-600x400.jpg 600w, https:\/\/www.supremeyachts.hr\/wp-content\/uploads\/2023\/10\/1__5JB5394.jpg-1900px-f2-768x512.jpg 768w, https:\/\/www.supremeyachts.hr\/wp-content\/uploads\/2023\/10\/1__5JB5394.jpg-1900px-f2.jpg 960w","media_details":{"width":960,"height":640,"sizes":{"woocommerce_thumbnail":{"file":"1__5JB5394.jpg-1900px-f2-300x300.jpg","width":300,"height":300,"mime-type":"image\/jpeg","filesize":24834,"uncropped":false,"source_url":"https:\/\/www.supremeyachts.hr\/wp-content\/uploads\/2023\/10\/1__5JB5394.jpg-1900px-f2-300x300.jpg"},"woocommerce_gallery_thumbnail":{"file":"1__5JB5394.jpg-1900px-f2-100x100.jpg","width":100,"height":100,"mime-type":"image\/jpeg","filesize":4266,"source_url":"https:\/\/www.supremeyachts.hr\/wp-content\/uploads\/2023\/10\/1__5JB5394.jpg-1900px-f2-100x100.jpg"},"woocommerce_single":{"file":"1__5JB5394.jpg-1900px-f2-600x400.jpg","width":600,"height":400,"mime-type":"image\/jpeg","filesize":57702,"source_url":"https:\/\/www.supremeyachts.hr\/wp-content\/uploads\/2023\/10\/1__5JB5394.jpg-1900px-f2-600x400.jpg"},"medium":{"file":"1__5JB5394.jpg-1900px-f2-300x200.jpg","width":300,"height":200,"mime-type":"image\/jpeg","filesize":32865,"source_url":"https:\/\/www.supremeyachts.hr\/wp-content\/uploads\/2023\/10\/1__5JB5394.jpg-1900px-f2-300x200.jpg"},"thumbnail":{"file":"1__5JB5394.jpg-1900px-f2-150x150.jpg","width":150,"height":150,"mime-type":"image\/jpeg","filesize":21265,"source_url":"https:\/\/www.supremeyachts.hr\/wp-content\/uploads\/2023\/10\/1__5JB5394.jpg-1900px-f2-150x150.jpg"},"medium_large":{"file":"1__5JB5394.jpg-1900px-f2-768x512.jpg","width":768,"height":512,"mime-type":"image\/jpeg","filesize":122424,"source_url":"https:\/\/www.supremeyachts.hr\/wp-content\/uploads\/2023\/10\/1__5JB5394.jpg-1900px-f2-768x512.jpg"}}},"alt_text":"","url":"","target":""},{"id":89,"title":"JEAN-BAPTISTE D'ENQUIN \/ BENETEAU FLYER 6","caption":"","full_image_url":"https:\/\/www.supremeyachts.hr\/wp-content\/uploads\/2023\/10\/1__5JB5379.jpg-1900px-f2.jpg","thumbnail_image_url":"https:\/\/www.supremeyachts.hr\/wp-content\/uploads\/2023\/10\/1__5JB5379.jpg-1900px-f2-150x150.jpg","large_srcset":"https:\/\/www.supremeyachts.hr\/wp-content\/uploads\/2023\/10\/1__5JB5379.jpg-1900px-f2.jpg 960w, https:\/\/www.supremeyachts.hr\/wp-content\/uploads\/2023\/10\/1__5JB5379.jpg-1900px-f2-600x400.jpg 600w, https:\/\/www.supremeyachts.hr\/wp-content\/uploads\/2023\/10\/1__5JB5379.jpg-1900px-f2-300x200.jpg 300w, https:\/\/www.supremeyachts.hr\/wp-content\/uploads\/2023\/10\/1__5JB5379.jpg-1900px-f2-768x512.jpg 768w","medium_srcset":"https:\/\/www.supremeyachts.hr\/wp-content\/uploads\/2023\/10\/1__5JB5379.jpg-1900px-f2-300x200.jpg 300w, https:\/\/www.supremeyachts.hr\/wp-content\/uploads\/2023\/10\/1__5JB5379.jpg-1900px-f2-600x400.jpg 600w, https:\/\/www.supremeyachts.hr\/wp-content\/uploads\/2023\/10\/1__5JB5379.jpg-1900px-f2-768x512.jpg 768w, https:\/\/www.supremeyachts.hr\/wp-content\/uploads\/2023\/10\/1__5JB5379.jpg-1900px-f2.jpg 960w","media_details":{"width":960,"height":640,"sizes":{"woocommerce_thumbnail":{"file":"1__5JB5379.jpg-1900px-f2-300x300.jpg","width":300,"height":300,"mime-type":"image\/jpeg","filesize":20224,"uncropped":false,"source_url":"https:\/\/www.supremeyachts.hr\/wp-content\/uploads\/2023\/10\/1__5JB5379.jpg-1900px-f2-300x300.jpg"},"woocommerce_gallery_thumbnail":{"file":"1__5JB5379.jpg-1900px-f2-100x100.jpg","width":100,"height":100,"mime-type":"image\/jpeg","filesize":3616,"source_url":"https:\/\/www.supremeyachts.hr\/wp-content\/uploads\/2023\/10\/1__5JB5379.jpg-1900px-f2-100x100.jpg"},"woocommerce_single":{"file":"1__5JB5379.jpg-1900px-f2-600x400.jpg","width":600,"height":400,"mime-type":"image\/jpeg","filesize":44362,"source_url":"https:\/\/www.supremeyachts.hr\/wp-content\/uploads\/2023\/10\/1__5JB5379.jpg-1900px-f2-600x400.jpg"},"medium":{"file":"1__5JB5379.jpg-1900px-f2-300x200.jpg","width":300,"height":200,"mime-type":"image\/jpeg","filesize":28058,"source_url":"https:\/\/www.supremeyachts.hr\/wp-content\/uploads\/2023\/10\/1__5JB5379.jpg-1900px-f2-300x200.jpg"},"thumbnail":{"file":"1__5JB5379.jpg-1900px-f2-150x150.jpg","width":150,"height":150,"mime-type":"image\/jpeg","filesize":19369,"source_url":"https:\/\/www.supremeyachts.hr\/wp-content\/uploads\/2023\/10\/1__5JB5379.jpg-1900px-f2-150x150.jpg"},"medium_large":{"file":"1__5JB5379.jpg-1900px-f2-768x512.jpg","width":768,"height":512,"mime-type":"image\/jpeg","filesize":96275,"source_url":"https:\/\/www.supremeyachts.hr\/wp-content\/uploads\/2023\/10\/1__5JB5379.jpg-1900px-f2-768x512.jpg"}}},"alt_text":"","url":"","target":""},{"id":88,"title":"JEAN-BAPTISTE D'ENQUIN \/ BENETEAU FLYER 6","caption":"","full_image_url":"https:\/\/www.supremeyachts.hr\/wp-content\/uploads\/2023\/10\/1__5JB5371.jpg-1900px-f2.jpg","thumbnail_image_url":"https:\/\/www.supremeyachts.hr\/wp-content\/uploads\/2023\/10\/1__5JB5371.jpg-1900px-f2-150x150.jpg","large_srcset":"https:\/\/www.supremeyachts.hr\/wp-content\/uploads\/2023\/10\/1__5JB5371.jpg-1900px-f2.jpg 960w, https:\/\/www.supremeyachts.hr\/wp-content\/uploads\/2023\/10\/1__5JB5371.jpg-1900px-f2-600x400.jpg 600w, https:\/\/www.supremeyachts.hr\/wp-content\/uploads\/2023\/10\/1__5JB5371.jpg-1900px-f2-300x200.jpg 300w, https:\/\/www.supremeyachts.hr\/wp-content\/uploads\/2023\/10\/1__5JB5371.jpg-1900px-f2-768x512.jpg 768w","medium_srcset":"https:\/\/www.supremeyachts.hr\/wp-content\/uploads\/2023\/10\/1__5JB5371.jpg-1900px-f2-300x200.jpg 300w, https:\/\/www.supremeyachts.hr\/wp-content\/uploads\/2023\/10\/1__5JB5371.jpg-1900px-f2-600x400.jpg 600w, https:\/\/www.supremeyachts.hr\/wp-content\/uploads\/2023\/10\/1__5JB5371.jpg-1900px-f2-768x512.jpg 768w, https:\/\/www.supremeyachts.hr\/wp-content\/uploads\/2023\/10\/1__5JB5371.jpg-1900px-f2.jpg 960w","media_details":{"width":960,"height":640,"sizes":{"woocommerce_thumbnail":{"file":"1__5JB5371.jpg-1900px-f2-300x300.jpg","width":300,"height":300,"mime-type":"image\/jpeg","filesize":20562,"uncropped":false,"source_url":"https:\/\/www.supremeyachts.hr\/wp-content\/uploads\/2023\/10\/1__5JB5371.jpg-1900px-f2-300x300.jpg"},"woocommerce_gallery_thumbnail":{"file":"1__5JB5371.jpg-1900px-f2-100x100.jpg","width":100,"height":100,"mime-type":"image\/jpeg","filesize":3575,"source_url":"https:\/\/www.supremeyachts.hr\/wp-content\/uploads\/2023\/10\/1__5JB5371.jpg-1900px-f2-100x100.jpg"},"woocommerce_single":{"file":"1__5JB5371.jpg-1900px-f2-600x400.jpg","width":600,"height":400,"mime-type":"image\/jpeg","filesize":45753,"source_url":"https:\/\/www.supremeyachts.hr\/wp-content\/uploads\/2023\/10\/1__5JB5371.jpg-1900px-f2-600x400.jpg"},"medium":{"file":"1__5JB5371.jpg-1900px-f2-300x200.jpg","width":300,"height":200,"mime-type":"image\/jpeg","filesize":28609,"source_url":"https:\/\/www.supremeyachts.hr\/wp-content\/uploads\/2023\/10\/1__5JB5371.jpg-1900px-f2-300x200.jpg"},"thumbnail":{"file":"1__5JB5371.jpg-1900px-f2-150x150.jpg","width":150,"height":150,"mime-type":"image\/jpeg","filesize":19779,"source_url":"https:\/\/www.supremeyachts.hr\/wp-content\/uploads\/2023\/10\/1__5JB5371.jpg-1900px-f2-150x150.jpg"},"medium_large":{"file":"1__5JB5371.jpg-1900px-f2-768x512.jpg","width":768,"height":512,"mime-type":"image\/jpeg","filesize":99051,"source_url":"https:\/\/www.supremeyachts.hr\/wp-content\/uploads\/2023\/10\/1__5JB5371.jpg-1900px-f2-768x512.jpg"}}},"alt_text":"","url":"","target":""}],[{"id":104,"title":"JEAN-BAPTISTE D'ENQUIN \/ BENETEAU FLYER 6","caption":"","full_image_url":"https:\/\/www.supremeyachts.hr\/wp-content\/uploads\/2023\/10\/2__5JB6721.jpg-1900px-f2.jpg","thumbnail_image_url":"https:\/\/www.supremeyachts.hr\/wp-content\/uploads\/2023\/10\/2__5JB6721.jpg-1900px-f2-150x150.jpg","large_srcset":"https:\/\/www.supremeyachts.hr\/wp-content\/uploads\/2023\/10\/2__5JB6721.jpg-1900px-f2.jpg 960w, https:\/\/www.supremeyachts.hr\/wp-content\/uploads\/2023\/10\/2__5JB6721.jpg-1900px-f2-600x400.jpg 600w, https:\/\/www.supremeyachts.hr\/wp-content\/uploads\/2023\/10\/2__5JB6721.jpg-1900px-f2-300x200.jpg 300w, https:\/\/www.supremeyachts.hr\/wp-content\/uploads\/2023\/10\/2__5JB6721.jpg-1900px-f2-768x512.jpg 768w","medium_srcset":"https:\/\/www.supremeyachts.hr\/wp-content\/uploads\/2023\/10\/2__5JB6721.jpg-1900px-f2-300x200.jpg 300w, https:\/\/www.supremeyachts.hr\/wp-content\/uploads\/2023\/10\/2__5JB6721.jpg-1900px-f2-600x400.jpg 600w, https:\/\/www.supremeyachts.hr\/wp-content\/uploads\/2023\/10\/2__5JB6721.jpg-1900px-f2-768x512.jpg 768w, https:\/\/www.supremeyachts.hr\/wp-content\/uploads\/2023\/10\/2__5JB6721.jpg-1900px-f2.jpg 960w","media_details":{"width":960,"height":640,"sizes":{"woocommerce_thumbnail":{"file":"2__5JB6721.jpg-1900px-f2-300x300.jpg","width":300,"height":300,"mime-type":"image\/jpeg","filesize":11516,"uncropped":false,"source_url":"https:\/\/www.supremeyachts.hr\/wp-content\/uploads\/2023\/10\/2__5JB6721.jpg-1900px-f2-300x300.jpg"},"woocommerce_gallery_thumbnail":{"file":"2__5JB6721.jpg-1900px-f2-100x100.jpg","width":100,"height":100,"mime-type":"image\/jpeg","filesize":2496,"source_url":"https:\/\/www.supremeyachts.hr\/wp-content\/uploads\/2023\/10\/2__5JB6721.jpg-1900px-f2-100x100.jpg"},"woocommerce_single":{"file":"2__5JB6721.jpg-1900px-f2-600x400.jpg","width":600,"height":400,"mime-type":"image\/jpeg","filesize":25046,"source_url":"https:\/\/www.supremeyachts.hr\/wp-content\/uploads\/2023\/10\/2__5JB6721.jpg-1900px-f2-600x400.jpg"},"medium":{"file":"2__5JB6721.jpg-1900px-f2-300x200.jpg","width":300,"height":200,"mime-type":"image\/jpeg","filesize":21097,"source_url":"https:\/\/www.supremeyachts.hr\/wp-content\/uploads\/2023\/10\/2__5JB6721.jpg-1900px-f2-300x200.jpg"},"thumbnail":{"file":"2__5JB6721.jpg-1900px-f2-150x150.jpg","width":150,"height":150,"mime-type":"image\/jpeg","filesize":17054,"source_url":"https:\/\/www.supremeyachts.hr\/wp-content\/uploads\/2023\/10\/2__5JB6721.jpg-1900px-f2-150x150.jpg"},"medium_large":{"file":"2__5JB6721.jpg-1900px-f2-768x512.jpg","width":768,"height":512,"mime-type":"image\/jpeg","filesize":54300,"source_url":"https:\/\/www.supremeyachts.hr\/wp-content\/uploads\/2023\/10\/2__5JB6721.jpg-1900px-f2-768x512.jpg"}}},"alt_text":"","url":"","target":""},{"id":103,"title":"JEAN-BAPTISTE D'ENQUIN \/ BENETEAU FLYER 6","caption":"","full_image_url":"https:\/\/www.supremeyachts.hr\/wp-content\/uploads\/2023\/10\/2__5JB6701.jpg-1900px-f2.jpg","thumbnail_image_url":"https:\/\/www.supremeyachts.hr\/wp-content\/uploads\/2023\/10\/2__5JB6701.jpg-1900px-f2-150x150.jpg","large_srcset":"https:\/\/www.supremeyachts.hr\/wp-content\/uploads\/2023\/10\/2__5JB6701.jpg-1900px-f2.jpg 960w, https:\/\/www.supremeyachts.hr\/wp-content\/uploads\/2023\/10\/2__5JB6701.jpg-1900px-f2-600x400.jpg 600w, https:\/\/www.supremeyachts.hr\/wp-content\/uploads\/2023\/10\/2__5JB6701.jpg-1900px-f2-300x200.jpg 300w, https:\/\/www.supremeyachts.hr\/wp-content\/uploads\/2023\/10\/2__5JB6701.jpg-1900px-f2-768x512.jpg 768w","medium_srcset":"https:\/\/www.supremeyachts.hr\/wp-content\/uploads\/2023\/10\/2__5JB6701.jpg-1900px-f2-300x200.jpg 300w, https:\/\/www.supremeyachts.hr\/wp-content\/uploads\/2023\/10\/2__5JB6701.jpg-1900px-f2-600x400.jpg 600w, https:\/\/www.supremeyachts.hr\/wp-content\/uploads\/2023\/10\/2__5JB6701.jpg-1900px-f2-768x512.jpg 768w, https:\/\/www.supremeyachts.hr\/wp-content\/uploads\/2023\/10\/2__5JB6701.jpg-1900px-f2.jpg 960w","media_details":{"width":960,"height":640,"sizes":{"woocommerce_thumbnail":{"file":"2__5JB6701.jpg-1900px-f2-300x300.jpg","width":300,"height":300,"mime-type":"image\/jpeg","filesize":10638,"uncropped":false,"source_url":"https:\/\/www.supremeyachts.hr\/wp-content\/uploads\/2023\/10\/2__5JB6701.jpg-1900px-f2-300x300.jpg"},"woocommerce_gallery_thumbnail":{"file":"2__5JB6701.jpg-1900px-f2-100x100.jpg","width":100,"height":100,"mime-type":"image\/jpeg","filesize":2571,"source_url":"https:\/\/www.supremeyachts.hr\/wp-content\/uploads\/2023\/10\/2__5JB6701.jpg-1900px-f2-100x100.jpg"},"woocommerce_single":{"file":"2__5JB6701.jpg-1900px-f2-600x400.jpg","width":600,"height":400,"mime-type":"image\/jpeg","filesize":23677,"source_url":"https:\/\/www.supremeyachts.hr\/wp-content\/uploads\/2023\/10\/2__5JB6701.jpg-1900px-f2-600x400.jpg"},"medium":{"file":"2__5JB6701.jpg-1900px-f2-300x200.jpg","width":300,"height":200,"mime-type":"image\/jpeg","filesize":21883,"source_url":"https:\/\/www.supremeyachts.hr\/wp-content\/uploads\/2023\/10\/2__5JB6701.jpg-1900px-f2-300x200.jpg"},"thumbnail":{"file":"2__5JB6701.jpg-1900px-f2-150x150.jpg","width":150,"height":150,"mime-type":"image\/jpeg","filesize":17181,"source_url":"https:\/\/www.supremeyachts.hr\/wp-content\/uploads\/2023\/10\/2__5JB6701.jpg-1900px-f2-150x150.jpg"},"medium_large":{"file":"2__5JB6701.jpg-1900px-f2-768x512.jpg","width":768,"height":512,"mime-type":"image\/jpeg","filesize":53346,"source_url":"https:\/\/www.supremeyachts.hr\/wp-content\/uploads\/2023\/10\/2__5JB6701.jpg-1900px-f2-768x512.jpg"}}},"alt_text":"","url":"","target":""},{"id":102,"title":"JEAN-BAPTISTE D'ENQUIN \/ BENETEAU FLYER 6","caption":"","full_image_url":"https:\/\/www.supremeyachts.hr\/wp-content\/uploads\/2023\/10\/2__5JB6673.jpg-1900px-f2.jpg","thumbnail_image_url":"https:\/\/www.supremeyachts.hr\/wp-content\/uploads\/2023\/10\/2__5JB6673.jpg-1900px-f2-150x150.jpg","large_srcset":"https:\/\/www.supremeyachts.hr\/wp-content\/uploads\/2023\/10\/2__5JB6673.jpg-1900px-f2.jpg 960w, https:\/\/www.supremeyachts.hr\/wp-content\/uploads\/2023\/10\/2__5JB6673.jpg-1900px-f2-600x400.jpg 600w, https:\/\/www.supremeyachts.hr\/wp-content\/uploads\/2023\/10\/2__5JB6673.jpg-1900px-f2-300x200.jpg 300w, https:\/\/www.supremeyachts.hr\/wp-content\/uploads\/2023\/10\/2__5JB6673.jpg-1900px-f2-768x512.jpg 768w","medium_srcset":"https:\/\/www.supremeyachts.hr\/wp-content\/uploads\/2023\/10\/2__5JB6673.jpg-1900px-f2-300x200.jpg 300w, https:\/\/www.supremeyachts.hr\/wp-content\/uploads\/2023\/10\/2__5JB6673.jpg-1900px-f2-600x400.jpg 600w, https:\/\/www.supremeyachts.hr\/wp-content\/uploads\/2023\/10\/2__5JB6673.jpg-1900px-f2-768x512.jpg 768w, https:\/\/www.supremeyachts.hr\/wp-content\/uploads\/2023\/10\/2__5JB6673.jpg-1900px-f2.jpg 960w","media_details":{"width":960,"height":640,"sizes":{"woocommerce_thumbnail":{"file":"2__5JB6673.jpg-1900px-f2-300x300.jpg","width":300,"height":300,"mime-type":"image\/jpeg","filesize":13159,"uncropped":false,"source_url":"https:\/\/www.supremeyachts.hr\/wp-content\/uploads\/2023\/10\/2__5JB6673.jpg-1900px-f2-300x300.jpg"},"woocommerce_gallery_thumbnail":{"file":"2__5JB6673.jpg-1900px-f2-100x100.jpg","width":100,"height":100,"mime-type":"image\/jpeg","filesize":3144,"source_url":"https:\/\/www.supremeyachts.hr\/wp-content\/uploads\/2023\/10\/2__5JB6673.jpg-1900px-f2-100x100.jpg"},"woocommerce_single":{"file":"2__5JB6673.jpg-1900px-f2-600x400.jpg","width":600,"height":400,"mime-type":"image\/jpeg","filesize":28848,"source_url":"https:\/\/www.supremeyachts.hr\/wp-content\/uploads\/2023\/10\/2__5JB6673.jpg-1900px-f2-600x400.jpg"},"medium":{"file":"2__5JB6673.jpg-1900px-f2-300x200.jpg","width":300,"height":200,"mime-type":"image\/jpeg","filesize":24216,"source_url":"https:\/\/www.supremeyachts.hr\/wp-content\/uploads\/2023\/10\/2__5JB6673.jpg-1900px-f2-300x200.jpg"},"thumbnail":{"file":"2__5JB6673.jpg-1900px-f2-150x150.jpg","width":150,"height":150,"mime-type":"image\/jpeg","filesize":18258,"source_url":"https:\/\/www.supremeyachts.hr\/wp-content\/uploads\/2023\/10\/2__5JB6673.jpg-1900px-f2-150x150.jpg"},"medium_large":{"file":"2__5JB6673.jpg-1900px-f2-768x512.jpg","width":768,"height":512,"mime-type":"image\/jpeg","filesize":61542,"source_url":"https:\/\/www.supremeyachts.hr\/wp-content\/uploads\/2023\/10\/2__5JB6673.jpg-1900px-f2-768x512.jpg"}}},"alt_text":"","url":"","target":""},{"id":101,"title":"JEAN-BAPTISTE D'ENQUIN \/ BENETEAU FLYER 6","caption":"","full_image_url":"https:\/\/www.supremeyachts.hr\/wp-content\/uploads\/2023\/10\/2__5JB6620.jpg-1900px-f2.jpg","thumbnail_image_url":"https:\/\/www.supremeyachts.hr\/wp-content\/uploads\/2023\/10\/2__5JB6620.jpg-1900px-f2-150x150.jpg","large_srcset":"https:\/\/www.supremeyachts.hr\/wp-content\/uploads\/2023\/10\/2__5JB6620.jpg-1900px-f2.jpg 960w, https:\/\/www.supremeyachts.hr\/wp-content\/uploads\/2023\/10\/2__5JB6620.jpg-1900px-f2-600x400.jpg 600w, https:\/\/www.supremeyachts.hr\/wp-content\/uploads\/2023\/10\/2__5JB6620.jpg-1900px-f2-300x200.jpg 300w, https:\/\/www.supremeyachts.hr\/wp-content\/uploads\/2023\/10\/2__5JB6620.jpg-1900px-f2-768x512.jpg 768w","medium_srcset":"https:\/\/www.supremeyachts.hr\/wp-content\/uploads\/2023\/10\/2__5JB6620.jpg-1900px-f2-300x200.jpg 300w, https:\/\/www.supremeyachts.hr\/wp-content\/uploads\/2023\/10\/2__5JB6620.jpg-1900px-f2-600x400.jpg 600w, https:\/\/www.supremeyachts.hr\/wp-content\/uploads\/2023\/10\/2__5JB6620.jpg-1900px-f2-768x512.jpg 768w, https:\/\/www.supremeyachts.hr\/wp-content\/uploads\/2023\/10\/2__5JB6620.jpg-1900px-f2.jpg 960w","media_details":{"width":960,"height":640,"sizes":{"woocommerce_thumbnail":{"file":"2__5JB6620.jpg-1900px-f2-300x300.jpg","width":300,"height":300,"mime-type":"image\/jpeg","filesize":12651,"uncropped":false,"source_url":"https:\/\/www.supremeyachts.hr\/wp-content\/uploads\/2023\/10\/2__5JB6620.jpg-1900px-f2-300x300.jpg"},"woocommerce_gallery_thumbnail":{"file":"2__5JB6620.jpg-1900px-f2-100x100.jpg","width":100,"height":100,"mime-type":"image\/jpeg","filesize":3006,"source_url":"https:\/\/www.supremeyachts.hr\/wp-content\/uploads\/2023\/10\/2__5JB6620.jpg-1900px-f2-100x100.jpg"},"woocommerce_single":{"file":"2__5JB6620.jpg-1900px-f2-600x400.jpg","width":600,"height":400,"mime-type":"image\/jpeg","filesize":28612,"source_url":"https:\/\/www.supremeyachts.hr\/wp-content\/uploads\/2023\/10\/2__5JB6620.jpg-1900px-f2-600x400.jpg"},"medium":{"file":"2__5JB6620.jpg-1900px-f2-300x200.jpg","width":300,"height":200,"mime-type":"image\/jpeg","filesize":24057,"source_url":"https:\/\/www.supremeyachts.hr\/wp-content\/uploads\/2023\/10\/2__5JB6620.jpg-1900px-f2-300x200.jpg"},"thumbnail":{"file":"2__5JB6620.jpg-1900px-f2-150x150.jpg","width":150,"height":150,"mime-type":"image\/jpeg","filesize":18146,"source_url":"https:\/\/www.supremeyachts.hr\/wp-content\/uploads\/2023\/10\/2__5JB6620.jpg-1900px-f2-150x150.jpg"},"medium_large":{"file":"2__5JB6620.jpg-1900px-f2-768x512.jpg","width":768,"height":512,"mime-type":"image\/jpeg","filesize":63420,"source_url":"https:\/\/www.supremeyachts.hr\/wp-content\/uploads\/2023\/10\/2__5JB6620.jpg-1900px-f2-768x512.jpg"}}},"alt_text":"","url":"","target":""},{"id":100,"title":"JEAN-BAPTISTE D'ENQUIN \/ BENETEAU FLYER 6","caption":"","full_image_url":"https:\/\/www.supremeyachts.hr\/wp-content\/uploads\/2023\/10\/2__5JB6616.jpg-1900px-f2.jpg","thumbnail_image_url":"https:\/\/www.supremeyachts.hr\/wp-content\/uploads\/2023\/10\/2__5JB6616.jpg-1900px-f2-150x150.jpg","large_srcset":"https:\/\/www.supremeyachts.hr\/wp-content\/uploads\/2023\/10\/2__5JB6616.jpg-1900px-f2.jpg 960w, https:\/\/www.supremeyachts.hr\/wp-content\/uploads\/2023\/10\/2__5JB6616.jpg-1900px-f2-600x400.jpg 600w, https:\/\/www.supremeyachts.hr\/wp-content\/uploads\/2023\/10\/2__5JB6616.jpg-1900px-f2-300x200.jpg 300w, https:\/\/www.supremeyachts.hr\/wp-content\/uploads\/2023\/10\/2__5JB6616.jpg-1900px-f2-768x512.jpg 768w","medium_srcset":"https:\/\/www.supremeyachts.hr\/wp-content\/uploads\/2023\/10\/2__5JB6616.jpg-1900px-f2-300x200.jpg 300w, https:\/\/www.supremeyachts.hr\/wp-content\/uploads\/2023\/10\/2__5JB6616.jpg-1900px-f2-600x400.jpg 600w, https:\/\/www.supremeyachts.hr\/wp-content\/uploads\/2023\/10\/2__5JB6616.jpg-1900px-f2-768x512.jpg 768w, https:\/\/www.supremeyachts.hr\/wp-content\/uploads\/2023\/10\/2__5JB6616.jpg-1900px-f2.jpg 960w","media_details":{"width":960,"height":640,"sizes":{"woocommerce_thumbnail":{"file":"2__5JB6616.jpg-1900px-f2-300x300.jpg","width":300,"height":300,"mime-type":"image\/jpeg","filesize":11696,"uncropped":false,"source_url":"https:\/\/www.supremeyachts.hr\/wp-content\/uploads\/2023\/10\/2__5JB6616.jpg-1900px-f2-300x300.jpg"},"woocommerce_gallery_thumbnail":{"file":"2__5JB6616.jpg-1900px-f2-100x100.jpg","width":100,"height":100,"mime-type":"image\/jpeg","filesize":2733,"source_url":"https:\/\/www.supremeyachts.hr\/wp-content\/uploads\/2023\/10\/2__5JB6616.jpg-1900px-f2-100x100.jpg"},"woocommerce_single":{"file":"2__5JB6616.jpg-1900px-f2-600x400.jpg","width":600,"height":400,"mime-type":"image\/jpeg","filesize":26818,"source_url":"https:\/\/www.supremeyachts.hr\/wp-content\/uploads\/2023\/10\/2__5JB6616.jpg-1900px-f2-600x400.jpg"},"medium":{"file":"2__5JB6616.jpg-1900px-f2-300x200.jpg","width":300,"height":200,"mime-type":"image\/jpeg","filesize":23252,"source_url":"https:\/\/www.supremeyachts.hr\/wp-content\/uploads\/2023\/10\/2__5JB6616.jpg-1900px-f2-300x200.jpg"},"thumbnail":{"file":"2__5JB6616.jpg-1900px-f2-150x150.jpg","width":150,"height":150,"mime-type":"image\/jpeg","filesize":17746,"source_url":"https:\/\/www.supremeyachts.hr\/wp-content\/uploads\/2023\/10\/2__5JB6616.jpg-1900px-f2-150x150.jpg"},"medium_large":{"file":"2__5JB6616.jpg-1900px-f2-768x512.jpg","width":768,"height":512,"mime-type":"image\/jpeg","filesize":60427,"source_url":"https:\/\/www.supremeyachts.hr\/wp-content\/uploads\/2023\/10\/2__5JB6616.jpg-1900px-f2-768x512.jpg"}}},"alt_text":"","url":"","target":""},{"id":99,"title":"JEAN-BAPTISTE D'ENQUIN \/ BENETEAU FLYER 6","caption":"","full_image_url":"https:\/\/www.supremeyachts.hr\/wp-content\/uploads\/2023\/10\/2__5JB6608.jpg-1900px-f2.jpg","thumbnail_image_url":"https:\/\/www.supremeyachts.hr\/wp-content\/uploads\/2023\/10\/2__5JB6608.jpg-1900px-f2-150x150.jpg","large_srcset":"https:\/\/www.supremeyachts.hr\/wp-content\/uploads\/2023\/10\/2__5JB6608.jpg-1900px-f2.jpg 960w, https:\/\/www.supremeyachts.hr\/wp-content\/uploads\/2023\/10\/2__5JB6608.jpg-1900px-f2-600x400.jpg 600w, https:\/\/www.supremeyachts.hr\/wp-content\/uploads\/2023\/10\/2__5JB6608.jpg-1900px-f2-300x200.jpg 300w, https:\/\/www.supremeyachts.hr\/wp-content\/uploads\/2023\/10\/2__5JB6608.jpg-1900px-f2-768x512.jpg 768w","medium_srcset":"https:\/\/www.supremeyachts.hr\/wp-content\/uploads\/2023\/10\/2__5JB6608.jpg-1900px-f2-300x200.jpg 300w, https:\/\/www.supremeyachts.hr\/wp-content\/uploads\/2023\/10\/2__5JB6608.jpg-1900px-f2-600x400.jpg 600w, https:\/\/www.supremeyachts.hr\/wp-content\/uploads\/2023\/10\/2__5JB6608.jpg-1900px-f2-768x512.jpg 768w, https:\/\/www.supremeyachts.hr\/wp-content\/uploads\/2023\/10\/2__5JB6608.jpg-1900px-f2.jpg 960w","media_details":{"width":960,"height":640,"sizes":{"woocommerce_thumbnail":{"file":"2__5JB6608.jpg-1900px-f2-300x300.jpg","width":300,"height":300,"mime-type":"image\/jpeg","filesize":12538,"uncropped":false,"source_url":"https:\/\/www.supremeyachts.hr\/wp-content\/uploads\/2023\/10\/2__5JB6608.jpg-1900px-f2-300x300.jpg"},"woocommerce_gallery_thumbnail":{"file":"2__5JB6608.jpg-1900px-f2-100x100.jpg","width":100,"height":100,"mime-type":"image\/jpeg","filesize":2917,"source_url":"https:\/\/www.supremeyachts.hr\/wp-content\/uploads\/2023\/10\/2__5JB6608.jpg-1900px-f2-100x100.jpg"},"woocommerce_single":{"file":"2__5JB6608.jpg-1900px-f2-600x400.jpg","width":600,"height":400,"mime-type":"image\/jpeg","filesize":28652,"source_url":"https:\/\/www.supremeyachts.hr\/wp-content\/uploads\/2023\/10\/2__5JB6608.jpg-1900px-f2-600x400.jpg"},"medium":{"file":"2__5JB6608.jpg-1900px-f2-300x200.jpg","width":300,"height":200,"mime-type":"image\/jpeg","filesize":23759,"source_url":"https:\/\/www.supremeyachts.hr\/wp-content\/uploads\/2023\/10\/2__5JB6608.jpg-1900px-f2-300x200.jpg"},"thumbnail":{"file":"2__5JB6608.jpg-1900px-f2-150x150.jpg","width":150,"height":150,"mime-type":"image\/jpeg","filesize":18009,"source_url":"https:\/\/www.supremeyachts.hr\/wp-content\/uploads\/2023\/10\/2__5JB6608.jpg-1900px-f2-150x150.jpg"},"medium_large":{"file":"2__5JB6608.jpg-1900px-f2-768x512.jpg","width":768,"height":512,"mime-type":"image\/jpeg","filesize":61771,"source_url":"https:\/\/www.supremeyachts.hr\/wp-content\/uploads\/2023\/10\/2__5JB6608.jpg-1900px-f2-768x512.jpg"}}},"alt_text":"","url":"","target":""}],[{"id":120,"title":"JEAN-BAPTISTE D'ENQUIN \/ BENETEAU FLYER 6","caption":"","full_image_url":"https:\/\/www.supremeyachts.hr\/wp-content\/uploads\/2023\/10\/3__5JB7069.jpg-1900px-f2.jpg","thumbnail_image_url":"https:\/\/www.supremeyachts.hr\/wp-content\/uploads\/2023\/10\/3__5JB7069.jpg-1900px-f2-150x150.jpg","large_srcset":"https:\/\/www.supremeyachts.hr\/wp-content\/uploads\/2023\/10\/3__5JB7069.jpg-1900px-f2-682x1024.jpg 682w, https:\/\/www.supremeyachts.hr\/wp-content\/uploads\/2023\/10\/3__5JB7069.jpg-1900px-f2-600x901.jpg 600w, https:\/\/www.supremeyachts.hr\/wp-content\/uploads\/2023\/10\/3__5JB7069.jpg-1900px-f2-200x300.jpg 200w, https:\/\/www.supremeyachts.hr\/wp-content\/uploads\/2023\/10\/3__5JB7069.jpg-1900px-f2-768x1153.jpg 768w, https:\/\/www.supremeyachts.hr\/wp-content\/uploads\/2023\/10\/3__5JB7069.jpg-1900px-f2.jpg 960w","medium_srcset":"https:\/\/www.supremeyachts.hr\/wp-content\/uploads\/2023\/10\/3__5JB7069.jpg-1900px-f2-200x300.jpg 200w, https:\/\/www.supremeyachts.hr\/wp-content\/uploads\/2023\/10\/3__5JB7069.jpg-1900px-f2-600x901.jpg 600w, https:\/\/www.supremeyachts.hr\/wp-content\/uploads\/2023\/10\/3__5JB7069.jpg-1900px-f2-682x1024.jpg 682w, https:\/\/www.supremeyachts.hr\/wp-content\/uploads\/2023\/10\/3__5JB7069.jpg-1900px-f2-768x1153.jpg 768w, https:\/\/www.supremeyachts.hr\/wp-content\/uploads\/2023\/10\/3__5JB7069.jpg-1900px-f2.jpg 960w","media_details":{"width":960,"height":1441,"sizes":{"woocommerce_thumbnail":{"file":"3__5JB7069.jpg-1900px-f2-300x300.jpg","width":300,"height":300,"mime-type":"image\/jpeg","filesize":18772,"uncropped":false,"source_url":"https:\/\/www.supremeyachts.hr\/wp-content\/uploads\/2023\/10\/3__5JB7069.jpg-1900px-f2-300x300.jpg"},"woocommerce_gallery_thumbnail":{"file":"3__5JB7069.jpg-1900px-f2-100x100.jpg","width":100,"height":100,"mime-type":"image\/jpeg","filesize":3603,"source_url":"https:\/\/www.supremeyachts.hr\/wp-content\/uploads\/2023\/10\/3__5JB7069.jpg-1900px-f2-100x100.jpg"},"woocommerce_single":{"file":"3__5JB7069.jpg-1900px-f2-600x901.jpg","width":600,"height":901,"mime-type":"image\/jpeg","filesize":75516,"source_url":"https:\/\/www.supremeyachts.hr\/wp-content\/uploads\/2023\/10\/3__5JB7069.jpg-1900px-f2-600x901.jpg"},"medium":{"file":"3__5JB7069.jpg-1900px-f2-200x300.jpg","width":200,"height":300,"mime-type":"image\/jpeg","filesize":28050,"source_url":"https:\/\/www.supremeyachts.hr\/wp-content\/uploads\/2023\/10\/3__5JB7069.jpg-1900px-f2-200x300.jpg"},"large":{"file":"3__5JB7069.jpg-1900px-f2-682x1024.jpg","width":682,"height":1024,"mime-type":"image\/jpeg","filesize":131956,"source_url":"https:\/\/www.supremeyachts.hr\/wp-content\/uploads\/2023\/10\/3__5JB7069.jpg-1900px-f2-682x1024.jpg"},"thumbnail":{"file":"3__5JB7069.jpg-1900px-f2-150x150.jpg","width":150,"height":150,"mime-type":"image\/jpeg","filesize":19822,"source_url":"https:\/\/www.supremeyachts.hr\/wp-content\/uploads\/2023\/10\/3__5JB7069.jpg-1900px-f2-150x150.jpg"},"medium_large":{"file":"3__5JB7069.jpg-1900px-f2-768x1153.jpg","width":768,"height":1153,"mime-type":"image\/jpeg","filesize":156262,"source_url":"https:\/\/www.supremeyachts.hr\/wp-content\/uploads\/2023\/10\/3__5JB7069.jpg-1900px-f2-768x1153.jpg"}}},"alt_text":"","url":"","target":""},{"id":119,"title":"JEAN-BAPTISTE D'ENQUIN \/ BENETEAU FLYER 6","caption":"","full_image_url":"https:\/\/www.supremeyachts.hr\/wp-content\/uploads\/2023\/10\/3__5JB7061.jpg-1900px-f2.jpg","thumbnail_image_url":"https:\/\/www.supremeyachts.hr\/wp-content\/uploads\/2023\/10\/3__5JB7061.jpg-1900px-f2-150x150.jpg","large_srcset":"https:\/\/www.supremeyachts.hr\/wp-content\/uploads\/2023\/10\/3__5JB7061.jpg-1900px-f2.jpg 960w, https:\/\/www.supremeyachts.hr\/wp-content\/uploads\/2023\/10\/3__5JB7061.jpg-1900px-f2-600x400.jpg 600w, https:\/\/www.supremeyachts.hr\/wp-content\/uploads\/2023\/10\/3__5JB7061.jpg-1900px-f2-300x200.jpg 300w, https:\/\/www.supremeyachts.hr\/wp-content\/uploads\/2023\/10\/3__5JB7061.jpg-1900px-f2-768x512.jpg 768w","medium_srcset":"https:\/\/www.supremeyachts.hr\/wp-content\/uploads\/2023\/10\/3__5JB7061.jpg-1900px-f2-300x200.jpg 300w, https:\/\/www.supremeyachts.hr\/wp-content\/uploads\/2023\/10\/3__5JB7061.jpg-1900px-f2-600x400.jpg 600w, https:\/\/www.supremeyachts.hr\/wp-content\/uploads\/2023\/10\/3__5JB7061.jpg-1900px-f2-768x512.jpg 768w, https:\/\/www.supremeyachts.hr\/wp-content\/uploads\/2023\/10\/3__5JB7061.jpg-1900px-f2.jpg 960w","media_details":{"width":960,"height":640,"sizes":{"woocommerce_thumbnail":{"file":"3__5JB7061.jpg-1900px-f2-300x300.jpg","width":300,"height":300,"mime-type":"image\/jpeg","filesize":21411,"uncropped":false,"source_url":"https:\/\/www.supremeyachts.hr\/wp-content\/uploads\/2023\/10\/3__5JB7061.jpg-1900px-f2-300x300.jpg"},"woocommerce_gallery_thumbnail":{"file":"3__5JB7061.jpg-1900px-f2-100x100.jpg","width":100,"height":100,"mime-type":"image\/jpeg","filesize":3898,"source_url":"https:\/\/www.supremeyachts.hr\/wp-content\/uploads\/2023\/10\/3__5JB7061.jpg-1900px-f2-100x100.jpg"},"woocommerce_single":{"file":"3__5JB7061.jpg-1900px-f2-600x400.jpg","width":600,"height":400,"mime-type":"image\/jpeg","filesize":52649,"source_url":"https:\/\/www.supremeyachts.hr\/wp-content\/uploads\/2023\/10\/3__5JB7061.jpg-1900px-f2-600x400.jpg"},"medium":{"file":"3__5JB7061.jpg-1900px-f2-300x200.jpg","width":300,"height":200,"mime-type":"image\/jpeg","filesize":31484,"source_url":"https:\/\/www.supremeyachts.hr\/wp-content\/uploads\/2023\/10\/3__5JB7061.jpg-1900px-f2-300x200.jpg"},"thumbnail":{"file":"3__5JB7061.jpg-1900px-f2-150x150.jpg","width":150,"height":150,"mime-type":"image\/jpeg","filesize":20330,"source_url":"https:\/\/www.supremeyachts.hr\/wp-content\/uploads\/2023\/10\/3__5JB7061.jpg-1900px-f2-150x150.jpg"},"medium_large":{"file":"3__5JB7061.jpg-1900px-f2-768x512.jpg","width":768,"height":512,"mime-type":"image\/jpeg","filesize":108573,"source_url":"https:\/\/www.supremeyachts.hr\/wp-content\/uploads\/2023\/10\/3__5JB7061.jpg-1900px-f2-768x512.jpg"}}},"alt_text":"","url":"","target":""},{"id":118,"title":"JEAN-BAPTISTE D'ENQUIN \/ BENETEAU FLYER 6","caption":"","full_image_url":"https:\/\/www.supremeyachts.hr\/wp-content\/uploads\/2023\/10\/3__5JB7055.jpg-1900px-f2.jpg","thumbnail_image_url":"https:\/\/www.supremeyachts.hr\/wp-content\/uploads\/2023\/10\/3__5JB7055.jpg-1900px-f2-150x150.jpg","large_srcset":"https:\/\/www.supremeyachts.hr\/wp-content\/uploads\/2023\/10\/3__5JB7055.jpg-1900px-f2.jpg 960w, https:\/\/www.supremeyachts.hr\/wp-content\/uploads\/2023\/10\/3__5JB7055.jpg-1900px-f2-600x400.jpg 600w, https:\/\/www.supremeyachts.hr\/wp-content\/uploads\/2023\/10\/3__5JB7055.jpg-1900px-f2-300x200.jpg 300w, https:\/\/www.supremeyachts.hr\/wp-content\/uploads\/2023\/10\/3__5JB7055.jpg-1900px-f2-768x512.jpg 768w","medium_srcset":"https:\/\/www.supremeyachts.hr\/wp-content\/uploads\/2023\/10\/3__5JB7055.jpg-1900px-f2-300x200.jpg 300w, https:\/\/www.supremeyachts.hr\/wp-content\/uploads\/2023\/10\/3__5JB7055.jpg-1900px-f2-600x400.jpg 600w, https:\/\/www.supremeyachts.hr\/wp-content\/uploads\/2023\/10\/3__5JB7055.jpg-1900px-f2-768x512.jpg 768w, https:\/\/www.supremeyachts.hr\/wp-content\/uploads\/2023\/10\/3__5JB7055.jpg-1900px-f2.jpg 960w","media_details":{"width":960,"height":640,"sizes":{"woocommerce_thumbnail":{"file":"3__5JB7055.jpg-1900px-f2-300x300.jpg","width":300,"height":300,"mime-type":"image\/jpeg","filesize":25226,"uncropped":false,"source_url":"https:\/\/www.supremeyachts.hr\/wp-content\/uploads\/2023\/10\/3__5JB7055.jpg-1900px-f2-300x300.jpg"},"woocommerce_gallery_thumbnail":{"file":"3__5JB7055.jpg-1900px-f2-100x100.jpg","width":100,"height":100,"mime-type":"image\/jpeg","filesize":4517,"source_url":"https:\/\/www.supremeyachts.hr\/wp-content\/uploads\/2023\/10\/3__5JB7055.jpg-1900px-f2-100x100.jpg"},"woocommerce_single":{"file":"3__5JB7055.jpg-1900px-f2-600x400.jpg","width":600,"height":400,"mime-type":"image\/jpeg","filesize":57921,"source_url":"https:\/\/www.supremeyachts.hr\/wp-content\/uploads\/2023\/10\/3__5JB7055.jpg-1900px-f2-600x400.jpg"},"medium":{"file":"3__5JB7055.jpg-1900px-f2-300x200.jpg","width":300,"height":200,"mime-type":"image\/jpeg","filesize":32837,"source_url":"https:\/\/www.supremeyachts.hr\/wp-content\/uploads\/2023\/10\/3__5JB7055.jpg-1900px-f2-300x200.jpg"},"thumbnail":{"file":"3__5JB7055.jpg-1900px-f2-150x150.jpg","width":150,"height":150,"mime-type":"image\/jpeg","filesize":21332,"source_url":"https:\/\/www.supremeyachts.hr\/wp-content\/uploads\/2023\/10\/3__5JB7055.jpg-1900px-f2-150x150.jpg"},"medium_large":{"file":"3__5JB7055.jpg-1900px-f2-768x512.jpg","width":768,"height":512,"mime-type":"image\/jpeg","filesize":116580,"source_url":"https:\/\/www.supremeyachts.hr\/wp-content\/uploads\/2023\/10\/3__5JB7055.jpg-1900px-f2-768x512.jpg"}}},"alt_text":"","url":"","target":""},{"id":117,"title":"JEAN-BAPTISTE D'ENQUIN \/ BENETEAU FLYER 6","caption":"","full_image_url":"https:\/\/www.supremeyachts.hr\/wp-content\/uploads\/2023\/10\/3__5JB7047.jpg-1900px-f2.jpg","thumbnail_image_url":"https:\/\/www.supremeyachts.hr\/wp-content\/uploads\/2023\/10\/3__5JB7047.jpg-1900px-f2-150x150.jpg","large_srcset":"https:\/\/www.supremeyachts.hr\/wp-content\/uploads\/2023\/10\/3__5JB7047.jpg-1900px-f2-682x1024.jpg 682w, https:\/\/www.supremeyachts.hr\/wp-content\/uploads\/2023\/10\/3__5JB7047.jpg-1900px-f2-600x901.jpg 600w, https:\/\/www.supremeyachts.hr\/wp-content\/uploads\/2023\/10\/3__5JB7047.jpg-1900px-f2-200x300.jpg 200w, https:\/\/www.supremeyachts.hr\/wp-content\/uploads\/2023\/10\/3__5JB7047.jpg-1900px-f2-768x1153.jpg 768w, https:\/\/www.supremeyachts.hr\/wp-content\/uploads\/2023\/10\/3__5JB7047.jpg-1900px-f2.jpg 960w","medium_srcset":"https:\/\/www.supremeyachts.hr\/wp-content\/uploads\/2023\/10\/3__5JB7047.jpg-1900px-f2-200x300.jpg 200w, https:\/\/www.supremeyachts.hr\/wp-content\/uploads\/2023\/10\/3__5JB7047.jpg-1900px-f2-600x901.jpg 600w, https:\/\/www.supremeyachts.hr\/wp-content\/uploads\/2023\/10\/3__5JB7047.jpg-1900px-f2-682x1024.jpg 682w, https:\/\/www.supremeyachts.hr\/wp-content\/uploads\/2023\/10\/3__5JB7047.jpg-1900px-f2-768x1153.jpg 768w, https:\/\/www.supremeyachts.hr\/wp-content\/uploads\/2023\/10\/3__5JB7047.jpg-1900px-f2.jpg 960w","media_details":{"width":960,"height":1441,"sizes":{"woocommerce_thumbnail":{"file":"3__5JB7047.jpg-1900px-f2-300x300.jpg","width":300,"height":300,"mime-type":"image\/jpeg","filesize":22889,"uncropped":false,"source_url":"https:\/\/www.supremeyachts.hr\/wp-content\/uploads\/2023\/10\/3__5JB7047.jpg-1900px-f2-300x300.jpg"},"woocommerce_gallery_thumbnail":{"file":"3__5JB7047.jpg-1900px-f2-100x100.jpg","width":100,"height":100,"mime-type":"image\/jpeg","filesize":4085,"source_url":"https:\/\/www.supremeyachts.hr\/wp-content\/uploads\/2023\/10\/3__5JB7047.jpg-1900px-f2-100x100.jpg"},"woocommerce_single":{"file":"3__5JB7047.jpg-1900px-f2-600x901.jpg","width":600,"height":901,"mime-type":"image\/jpeg","filesize":87459,"source_url":"https:\/\/www.supremeyachts.hr\/wp-content\/uploads\/2023\/10\/3__5JB7047.jpg-1900px-f2-600x901.jpg"},"medium":{"file":"3__5JB7047.jpg-1900px-f2-200x300.jpg","width":200,"height":300,"mime-type":"image\/jpeg","filesize":29561,"source_url":"https:\/\/www.supremeyachts.hr\/wp-content\/uploads\/2023\/10\/3__5JB7047.jpg-1900px-f2-200x300.jpg"},"large":{"file":"3__5JB7047.jpg-1900px-f2-682x1024.jpg","width":682,"height":1024,"mime-type":"image\/jpeg","filesize":144536,"source_url":"https:\/\/www.supremeyachts.hr\/wp-content\/uploads\/2023\/10\/3__5JB7047.jpg-1900px-f2-682x1024.jpg"},"thumbnail":{"file":"3__5JB7047.jpg-1900px-f2-150x150.jpg","width":150,"height":150,"mime-type":"image\/jpeg","filesize":20637,"source_url":"https:\/\/www.supremeyachts.hr\/wp-content\/uploads\/2023\/10\/3__5JB7047.jpg-1900px-f2-150x150.jpg"},"medium_large":{"file":"3__5JB7047.jpg-1900px-f2-768x1153.jpg","width":768,"height":1153,"mime-type":"image\/jpeg","filesize":172494,"source_url":"https:\/\/www.supremeyachts.hr\/wp-content\/uploads\/2023\/10\/3__5JB7047.jpg-1900px-f2-768x1153.jpg"}}},"alt_text":"","url":"","target":""},{"id":116,"title":"JEAN-BAPTISTE D'ENQUIN \/ BENETEAU FLYER 6","caption":"","full_image_url":"https:\/\/www.supremeyachts.hr\/wp-content\/uploads\/2023\/10\/3__5JB7045.jpg-1900px-f2.jpg","thumbnail_image_url":"https:\/\/www.supremeyachts.hr\/wp-content\/uploads\/2023\/10\/3__5JB7045.jpg-1900px-f2-150x150.jpg","large_srcset":"https:\/\/www.supremeyachts.hr\/wp-content\/uploads\/2023\/10\/3__5JB7045.jpg-1900px-f2.jpg 960w, https:\/\/www.supremeyachts.hr\/wp-content\/uploads\/2023\/10\/3__5JB7045.jpg-1900px-f2-600x400.jpg 600w, https:\/\/www.supremeyachts.hr\/wp-content\/uploads\/2023\/10\/3__5JB7045.jpg-1900px-f2-300x200.jpg 300w, https:\/\/www.supremeyachts.hr\/wp-content\/uploads\/2023\/10\/3__5JB7045.jpg-1900px-f2-768x512.jpg 768w","medium_srcset":"https:\/\/www.supremeyachts.hr\/wp-content\/uploads\/2023\/10\/3__5JB7045.jpg-1900px-f2-300x200.jpg 300w, https:\/\/www.supremeyachts.hr\/wp-content\/uploads\/2023\/10\/3__5JB7045.jpg-1900px-f2-600x400.jpg 600w, https:\/\/www.supremeyachts.hr\/wp-content\/uploads\/2023\/10\/3__5JB7045.jpg-1900px-f2-768x512.jpg 768w, https:\/\/www.supremeyachts.hr\/wp-content\/uploads\/2023\/10\/3__5JB7045.jpg-1900px-f2.jpg 960w","media_details":{"width":960,"height":640,"sizes":{"woocommerce_thumbnail":{"file":"3__5JB7045.jpg-1900px-f2-300x300.jpg","width":300,"height":300,"mime-type":"image\/jpeg","filesize":22408,"uncropped":false,"source_url":"https:\/\/www.supremeyachts.hr\/wp-content\/uploads\/2023\/10\/3__5JB7045.jpg-1900px-f2-300x300.jpg"},"woocommerce_gallery_thumbnail":{"file":"3__5JB7045.jpg-1900px-f2-100x100.jpg","width":100,"height":100,"mime-type":"image\/jpeg","filesize":4120,"source_url":"https:\/\/www.supremeyachts.hr\/wp-content\/uploads\/2023\/10\/3__5JB7045.jpg-1900px-f2-100x100.jpg"},"woocommerce_single":{"file":"3__5JB7045.jpg-1900px-f2-600x400.jpg","width":600,"height":400,"mime-type":"image\/jpeg","filesize":52121,"source_url":"https:\/\/www.supremeyachts.hr\/wp-content\/uploads\/2023\/10\/3__5JB7045.jpg-1900px-f2-600x400.jpg"},"medium":{"file":"3__5JB7045.jpg-1900px-f2-300x200.jpg","width":300,"height":200,"mime-type":"image\/jpeg","filesize":31564,"source_url":"https:\/\/www.supremeyachts.hr\/wp-content\/uploads\/2023\/10\/3__5JB7045.jpg-1900px-f2-300x200.jpg"},"thumbnail":{"file":"3__5JB7045.jpg-1900px-f2-150x150.jpg","width":150,"height":150,"mime-type":"image\/jpeg","filesize":20712,"source_url":"https:\/\/www.supremeyachts.hr\/wp-content\/uploads\/2023\/10\/3__5JB7045.jpg-1900px-f2-150x150.jpg"},"medium_large":{"file":"3__5JB7045.jpg-1900px-f2-768x512.jpg","width":768,"height":512,"mime-type":"image\/jpeg","filesize":105896,"source_url":"https:\/\/www.supremeyachts.hr\/wp-content\/uploads\/2023\/10\/3__5JB7045.jpg-1900px-f2-768x512.jpg"}}},"alt_text":"","url":"","target":""},{"id":115,"title":"JEAN-BAPTISTE D'ENQUIN \/ BENETEAU FLYER 6","caption":"","full_image_url":"https:\/\/www.supremeyachts.hr\/wp-content\/uploads\/2023\/10\/3__5JB7022.jpg-1900px-f2.jpg","thumbnail_image_url":"https:\/\/www.supremeyachts.hr\/wp-content\/uploads\/2023\/10\/3__5JB7022.jpg-1900px-f2-150x150.jpg","large_srcset":"https:\/\/www.supremeyachts.hr\/wp-content\/uploads\/2023\/10\/3__5JB7022.jpg-1900px-f2.jpg 960w, https:\/\/www.supremeyachts.hr\/wp-content\/uploads\/2023\/10\/3__5JB7022.jpg-1900px-f2-600x400.jpg 600w, https:\/\/www.supremeyachts.hr\/wp-content\/uploads\/2023\/10\/3__5JB7022.jpg-1900px-f2-300x200.jpg 300w, https:\/\/www.supremeyachts.hr\/wp-content\/uploads\/2023\/10\/3__5JB7022.jpg-1900px-f2-768x512.jpg 768w","medium_srcset":"https:\/\/www.supremeyachts.hr\/wp-content\/uploads\/2023\/10\/3__5JB7022.jpg-1900px-f2-300x200.jpg 300w, https:\/\/www.supremeyachts.hr\/wp-content\/uploads\/2023\/10\/3__5JB7022.jpg-1900px-f2-600x400.jpg 600w, https:\/\/www.supremeyachts.hr\/wp-content\/uploads\/2023\/10\/3__5JB7022.jpg-1900px-f2-768x512.jpg 768w, https:\/\/www.supremeyachts.hr\/wp-content\/uploads\/2023\/10\/3__5JB7022.jpg-1900px-f2.jpg 960w","media_details":{"width":960,"height":640,"sizes":{"woocommerce_thumbnail":{"file":"3__5JB7022.jpg-1900px-f2-300x300.jpg","width":300,"height":300,"mime-type":"image\/jpeg","filesize":23500,"uncropped":false,"source_url":"https:\/\/www.supremeyachts.hr\/wp-content\/uploads\/2023\/10\/3__5JB7022.jpg-1900px-f2-300x300.jpg"},"woocommerce_gallery_thumbnail":{"file":"3__5JB7022.jpg-1900px-f2-100x100.jpg","width":100,"height":100,"mime-type":"image\/jpeg","filesize":4485,"source_url":"https:\/\/www.supremeyachts.hr\/wp-content\/uploads\/2023\/10\/3__5JB7022.jpg-1900px-f2-100x100.jpg"},"woocommerce_single":{"file":"3__5JB7022.jpg-1900px-f2-600x400.jpg","width":600,"height":400,"mime-type":"image\/jpeg","filesize":53546,"source_url":"https:\/\/www.supremeyachts.hr\/wp-content\/uploads\/2023\/10\/3__5JB7022.jpg-1900px-f2-600x400.jpg"},"medium":{"file":"3__5JB7022.jpg-1900px-f2-300x200.jpg","width":300,"height":200,"mime-type":"image\/jpeg","filesize":32702,"source_url":"https:\/\/www.supremeyachts.hr\/wp-content\/uploads\/2023\/10\/3__5JB7022.jpg-1900px-f2-300x200.jpg"},"thumbnail":{"file":"3__5JB7022.jpg-1900px-f2-150x150.jpg","width":150,"height":150,"mime-type":"image\/jpeg","filesize":21363,"source_url":"https:\/\/www.supremeyachts.hr\/wp-content\/uploads\/2023\/10\/3__5JB7022.jpg-1900px-f2-150x150.jpg"},"medium_large":{"file":"3__5JB7022.jpg-1900px-f2-768x512.jpg","width":768,"height":512,"mime-type":"image\/jpeg","filesize":109575,"source_url":"https:\/\/www.supremeyachts.hr\/wp-content\/uploads\/2023\/10\/3__5JB7022.jpg-1900px-f2-768x512.jpg"}}},"alt_text":"","url":"","target":""},{"id":114,"title":"JEAN-BAPTISTE D'ENQUIN \/ BENETEAU FLYER 6","caption":"","full_image_url":"https:\/\/www.supremeyachts.hr\/wp-content\/uploads\/2023\/10\/3__5JB7018.jpg-1900px-f2.jpg","thumbnail_image_url":"https:\/\/www.supremeyachts.hr\/wp-content\/uploads\/2023\/10\/3__5JB7018.jpg-1900px-f2-150x150.jpg","large_srcset":"https:\/\/www.supremeyachts.hr\/wp-content\/uploads\/2023\/10\/3__5JB7018.jpg-1900px-f2.jpg 960w, https:\/\/www.supremeyachts.hr\/wp-content\/uploads\/2023\/10\/3__5JB7018.jpg-1900px-f2-600x400.jpg 600w, https:\/\/www.supremeyachts.hr\/wp-content\/uploads\/2023\/10\/3__5JB7018.jpg-1900px-f2-300x200.jpg 300w, https:\/\/www.supremeyachts.hr\/wp-content\/uploads\/2023\/10\/3__5JB7018.jpg-1900px-f2-768x512.jpg 768w","medium_srcset":"https:\/\/www.supremeyachts.hr\/wp-content\/uploads\/2023\/10\/3__5JB7018.jpg-1900px-f2-300x200.jpg 300w, https:\/\/www.supremeyachts.hr\/wp-content\/uploads\/2023\/10\/3__5JB7018.jpg-1900px-f2-600x400.jpg 600w, https:\/\/www.supremeyachts.hr\/wp-content\/uploads\/2023\/10\/3__5JB7018.jpg-1900px-f2-768x512.jpg 768w, https:\/\/www.supremeyachts.hr\/wp-content\/uploads\/2023\/10\/3__5JB7018.jpg-1900px-f2.jpg 960w","media_details":{"width":960,"height":640,"sizes":{"woocommerce_thumbnail":{"file":"3__5JB7018.jpg-1900px-f2-300x300.jpg","width":300,"height":300,"mime-type":"image\/jpeg","filesize":26186,"uncropped":false,"source_url":"https:\/\/www.supremeyachts.hr\/wp-content\/uploads\/2023\/10\/3__5JB7018.jpg-1900px-f2-300x300.jpg"},"woocommerce_gallery_thumbnail":{"file":"3__5JB7018.jpg-1900px-f2-100x100.jpg","width":100,"height":100,"mime-type":"image\/jpeg","filesize":4636,"source_url":"https:\/\/www.supremeyachts.hr\/wp-content\/uploads\/2023\/10\/3__5JB7018.jpg-1900px-f2-100x100.jpg"},"woocommerce_single":{"file":"3__5JB7018.jpg-1900px-f2-600x400.jpg","width":600,"height":400,"mime-type":"image\/jpeg","filesize":57773,"source_url":"https:\/\/www.supremeyachts.hr\/wp-content\/uploads\/2023\/10\/3__5JB7018.jpg-1900px-f2-600x400.jpg"},"medium":{"file":"3__5JB7018.jpg-1900px-f2-300x200.jpg","width":300,"height":200,"mime-type":"image\/jpeg","filesize":33328,"source_url":"https:\/\/www.supremeyachts.hr\/wp-content\/uploads\/2023\/10\/3__5JB7018.jpg-1900px-f2-300x200.jpg"},"thumbnail":{"file":"3__5JB7018.jpg-1900px-f2-150x150.jpg","width":150,"height":150,"mime-type":"image\/jpeg","filesize":22028,"source_url":"https:\/\/www.supremeyachts.hr\/wp-content\/uploads\/2023\/10\/3__5JB7018.jpg-1900px-f2-150x150.jpg"},"medium_large":{"file":"3__5JB7018.jpg-1900px-f2-768x512.jpg","width":768,"height":512,"mime-type":"image\/jpeg","filesize":119073,"source_url":"https:\/\/www.supremeyachts.hr\/wp-content\/uploads\/2023\/10\/3__5JB7018.jpg-1900px-f2-768x512.jpg"}}},"alt_text":"","url":"","target":""},{"id":113,"title":"JEAN-BAPTISTE D'ENQUIN \/ BENETEAU FLYER 6","caption":"","full_image_url":"https:\/\/www.supremeyachts.hr\/wp-content\/uploads\/2023\/10\/3__5JB7004.jpg-1900px-f2.jpg","thumbnail_image_url":"https:\/\/www.supremeyachts.hr\/wp-content\/uploads\/2023\/10\/3__5JB7004.jpg-1900px-f2-150x150.jpg","large_srcset":"https:\/\/www.supremeyachts.hr\/wp-content\/uploads\/2023\/10\/3__5JB7004.jpg-1900px-f2.jpg 960w, https:\/\/www.supremeyachts.hr\/wp-content\/uploads\/2023\/10\/3__5JB7004.jpg-1900px-f2-600x400.jpg 600w, https:\/\/www.supremeyachts.hr\/wp-content\/uploads\/2023\/10\/3__5JB7004.jpg-1900px-f2-300x200.jpg 300w, https:\/\/www.supremeyachts.hr\/wp-content\/uploads\/2023\/10\/3__5JB7004.jpg-1900px-f2-768x512.jpg 768w","medium_srcset":"https:\/\/www.supremeyachts.hr\/wp-content\/uploads\/2023\/10\/3__5JB7004.jpg-1900px-f2-300x200.jpg 300w, https:\/\/www.supremeyachts.hr\/wp-content\/uploads\/2023\/10\/3__5JB7004.jpg-1900px-f2-600x400.jpg 600w, https:\/\/www.supremeyachts.hr\/wp-content\/uploads\/2023\/10\/3__5JB7004.jpg-1900px-f2-768x512.jpg 768w, https:\/\/www.supremeyachts.hr\/wp-content\/uploads\/2023\/10\/3__5JB7004.jpg-1900px-f2.jpg 960w","media_details":{"width":960,"height":640,"sizes":{"woocommerce_thumbnail":{"file":"3__5JB7004.jpg-1900px-f2-300x300.jpg","width":300,"height":300,"mime-type":"image\/jpeg","filesize":23869,"uncropped":false,"source_url":"https:\/\/www.supremeyachts.hr\/wp-content\/uploads\/2023\/10\/3__5JB7004.jpg-1900px-f2-300x300.jpg"},"woocommerce_gallery_thumbnail":{"file":"3__5JB7004.jpg-1900px-f2-100x100.jpg","width":100,"height":100,"mime-type":"image\/jpeg","filesize":4348,"source_url":"https:\/\/www.supremeyachts.hr\/wp-content\/uploads\/2023\/10\/3__5JB7004.jpg-1900px-f2-100x100.jpg"},"woocommerce_single":{"file":"3__5JB7004.jpg-1900px-f2-600x400.jpg","width":600,"height":400,"mime-type":"image\/jpeg","filesize":58633,"source_url":"https:\/\/www.supremeyachts.hr\/wp-content\/uploads\/2023\/10\/3__5JB7004.jpg-1900px-f2-600x400.jpg"},"medium":{"file":"3__5JB7004.jpg-1900px-f2-300x200.jpg","width":300,"height":200,"mime-type":"image\/jpeg","filesize":35455,"source_url":"https:\/\/www.supremeyachts.hr\/wp-content\/uploads\/2023\/10\/3__5JB7004.jpg-1900px-f2-300x200.jpg"},"thumbnail":{"file":"3__5JB7004.jpg-1900px-f2-150x150.jpg","width":150,"height":150,"mime-type":"image\/jpeg","filesize":22915,"source_url":"https:\/\/www.supremeyachts.hr\/wp-content\/uploads\/2023\/10\/3__5JB7004.jpg-1900px-f2-150x150.jpg"},"medium_large":{"file":"3__5JB7004.jpg-1900px-f2-768x512.jpg","width":768,"height":512,"mime-type":"image\/jpeg","filesize":121318,"source_url":"https:\/\/www.supremeyachts.hr\/wp-content\/uploads\/2023\/10\/3__5JB7004.jpg-1900px-f2-768x512.jpg"}}},"alt_text":"","url":"","target":""},{"id":112,"title":"JEAN-BAPTISTE D'ENQUIN \/ BENETEAU FLYER 6","caption":"","full_image_url":"https:\/\/www.supremeyachts.hr\/wp-content\/uploads\/2023\/10\/3__5JB6510.jpg-1900px-f2.jpg","thumbnail_image_url":"https:\/\/www.supremeyachts.hr\/wp-content\/uploads\/2023\/10\/3__5JB6510.jpg-1900px-f2-150x150.jpg","large_srcset":"https:\/\/www.supremeyachts.hr\/wp-content\/uploads\/2023\/10\/3__5JB6510.jpg-1900px-f2.jpg 960w, https:\/\/www.supremeyachts.hr\/wp-content\/uploads\/2023\/10\/3__5JB6510.jpg-1900px-f2-600x400.jpg 600w, https:\/\/www.supremeyachts.hr\/wp-content\/uploads\/2023\/10\/3__5JB6510.jpg-1900px-f2-300x200.jpg 300w, https:\/\/www.supremeyachts.hr\/wp-content\/uploads\/2023\/10\/3__5JB6510.jpg-1900px-f2-768x512.jpg 768w","medium_srcset":"https:\/\/www.supremeyachts.hr\/wp-content\/uploads\/2023\/10\/3__5JB6510.jpg-1900px-f2-300x200.jpg 300w, https:\/\/www.supremeyachts.hr\/wp-content\/uploads\/2023\/10\/3__5JB6510.jpg-1900px-f2-600x400.jpg 600w, https:\/\/www.supremeyachts.hr\/wp-content\/uploads\/2023\/10\/3__5JB6510.jpg-1900px-f2-768x512.jpg 768w, https:\/\/www.supremeyachts.hr\/wp-content\/uploads\/2023\/10\/3__5JB6510.jpg-1900px-f2.jpg 960w","media_details":{"width":960,"height":640,"sizes":{"woocommerce_thumbnail":{"file":"3__5JB6510.jpg-1900px-f2-300x300.jpg","width":300,"height":300,"mime-type":"image\/jpeg","filesize":20374,"uncropped":false,"source_url":"https:\/\/www.supremeyachts.hr\/wp-content\/uploads\/2023\/10\/3__5JB6510.jpg-1900px-f2-300x300.jpg"},"woocommerce_gallery_thumbnail":{"file":"3__5JB6510.jpg-1900px-f2-100x100.jpg","width":100,"height":100,"mime-type":"image\/jpeg","filesize":3729,"source_url":"https:\/\/www.supremeyachts.hr\/wp-content\/uploads\/2023\/10\/3__5JB6510.jpg-1900px-f2-100x100.jpg"},"woocommerce_single":{"file":"3__5JB6510.jpg-1900px-f2-600x400.jpg","width":600,"height":400,"mime-type":"image\/jpeg","filesize":48371,"source_url":"https:\/\/www.supremeyachts.hr\/wp-content\/uploads\/2023\/10\/3__5JB6510.jpg-1900px-f2-600x400.jpg"},"medium":{"file":"3__5JB6510.jpg-1900px-f2-300x200.jpg","width":300,"height":200,"mime-type":"image\/jpeg","filesize":28908,"source_url":"https:\/\/www.supremeyachts.hr\/wp-content\/uploads\/2023\/10\/3__5JB6510.jpg-1900px-f2-300x200.jpg"},"thumbnail":{"file":"3__5JB6510.jpg-1900px-f2-150x150.jpg","width":150,"height":150,"mime-type":"image\/jpeg","filesize":19535,"source_url":"https:\/\/www.supremeyachts.hr\/wp-content\/uploads\/2023\/10\/3__5JB6510.jpg-1900px-f2-150x150.jpg"},"medium_large":{"file":"3__5JB6510.jpg-1900px-f2-768x512.jpg","width":768,"height":512,"mime-type":"image\/jpeg","filesize":98756,"source_url":"https:\/\/www.supremeyachts.hr\/wp-content\/uploads\/2023\/10\/3__5JB6510.jpg-1900px-f2-768x512.jpg"}}},"alt_text":"","url":"","target":""},{"id":111,"title":"JEAN-BAPTISTE D'ENQUIN \/ BENETEAU FLYER 6","caption":"","full_image_url":"https:\/\/www.supremeyachts.hr\/wp-content\/uploads\/2023\/10\/3__5JB6504.jpg-1900px-f2.jpg","thumbnail_image_url":"https:\/\/www.supremeyachts.hr\/wp-content\/uploads\/2023\/10\/3__5JB6504.jpg-1900px-f2-150x150.jpg","large_srcset":"https:\/\/www.supremeyachts.hr\/wp-content\/uploads\/2023\/10\/3__5JB6504.jpg-1900px-f2.jpg 960w, https:\/\/www.supremeyachts.hr\/wp-content\/uploads\/2023\/10\/3__5JB6504.jpg-1900px-f2-600x400.jpg 600w, https:\/\/www.supremeyachts.hr\/wp-content\/uploads\/2023\/10\/3__5JB6504.jpg-1900px-f2-300x200.jpg 300w, https:\/\/www.supremeyachts.hr\/wp-content\/uploads\/2023\/10\/3__5JB6504.jpg-1900px-f2-768x512.jpg 768w","medium_srcset":"https:\/\/www.supremeyachts.hr\/wp-content\/uploads\/2023\/10\/3__5JB6504.jpg-1900px-f2-300x200.jpg 300w, https:\/\/www.supremeyachts.hr\/wp-content\/uploads\/2023\/10\/3__5JB6504.jpg-1900px-f2-600x400.jpg 600w, https:\/\/www.supremeyachts.hr\/wp-content\/uploads\/2023\/10\/3__5JB6504.jpg-1900px-f2-768x512.jpg 768w, https:\/\/www.supremeyachts.hr\/wp-content\/uploads\/2023\/10\/3__5JB6504.jpg-1900px-f2.jpg 960w","media_details":{"width":960,"height":640,"sizes":{"woocommerce_thumbnail":{"file":"3__5JB6504.jpg-1900px-f2-300x300.jpg","width":300,"height":300,"mime-type":"image\/jpeg","filesize":21420,"uncropped":false,"source_url":"https:\/\/www.supremeyachts.hr\/wp-content\/uploads\/2023\/10\/3__5JB6504.jpg-1900px-f2-300x300.jpg"},"woocommerce_gallery_thumbnail":{"file":"3__5JB6504.jpg-1900px-f2-100x100.jpg","width":100,"height":100,"mime-type":"image\/jpeg","filesize":4157,"source_url":"https:\/\/www.supremeyachts.hr\/wp-content\/uploads\/2023\/10\/3__5JB6504.jpg-1900px-f2-100x100.jpg"},"woocommerce_single":{"file":"3__5JB6504.jpg-1900px-f2-600x400.jpg","width":600,"height":400,"mime-type":"image\/jpeg","filesize":45996,"source_url":"https:\/\/www.supremeyachts.hr\/wp-content\/uploads\/2023\/10\/3__5JB6504.jpg-1900px-f2-600x400.jpg"},"medium":{"file":"3__5JB6504.jpg-1900px-f2-300x200.jpg","width":300,"height":200,"mime-type":"image\/jpeg","filesize":31118,"source_url":"https:\/\/www.supremeyachts.hr\/wp-content\/uploads\/2023\/10\/3__5JB6504.jpg-1900px-f2-300x200.jpg"},"thumbnail":{"file":"3__5JB6504.jpg-1900px-f2-150x150.jpg","width":150,"height":150,"mime-type":"image\/jpeg","filesize":21028,"source_url":"https:\/\/www.supremeyachts.hr\/wp-content\/uploads\/2023\/10\/3__5JB6504.jpg-1900px-f2-150x150.jpg"},"medium_large":{"file":"3__5JB6504.jpg-1900px-f2-768x512.jpg","width":768,"height":512,"mime-type":"image\/jpeg","filesize":99503,"source_url":"https:\/\/www.supremeyachts.hr\/wp-content\/uploads\/2023\/10\/3__5JB6504.jpg-1900px-f2-768x512.jpg"}}},"alt_text":"","url":"","target":""},{"id":110,"title":"3__5JB6435.jpeg-1900px-f2","caption":"","full_image_url":"https:\/\/www.supremeyachts.hr\/wp-content\/uploads\/2023\/10\/3__5JB6435.jpeg-1900px-f2.jpg","thumbnail_image_url":"https:\/\/www.supremeyachts.hr\/wp-content\/uploads\/2023\/10\/3__5JB6435.jpeg-1900px-f2-150x150.jpg","large_srcset":"https:\/\/www.supremeyachts.hr\/wp-content\/uploads\/2023\/10\/3__5JB6435.jpeg-1900px-f2.jpg 960w, https:\/\/www.supremeyachts.hr\/wp-content\/uploads\/2023\/10\/3__5JB6435.jpeg-1900px-f2-600x400.jpg 600w, https:\/\/www.supremeyachts.hr\/wp-content\/uploads\/2023\/10\/3__5JB6435.jpeg-1900px-f2-300x200.jpg 300w, https:\/\/www.supremeyachts.hr\/wp-content\/uploads\/2023\/10\/3__5JB6435.jpeg-1900px-f2-768x512.jpg 768w","medium_srcset":"https:\/\/www.supremeyachts.hr\/wp-content\/uploads\/2023\/10\/3__5JB6435.jpeg-1900px-f2-300x200.jpg 300w, https:\/\/www.supremeyachts.hr\/wp-content\/uploads\/2023\/10\/3__5JB6435.jpeg-1900px-f2-600x400.jpg 600w, https:\/\/www.supremeyachts.hr\/wp-content\/uploads\/2023\/10\/3__5JB6435.jpeg-1900px-f2-768x512.jpg 768w, https:\/\/www.supremeyachts.hr\/wp-content\/uploads\/2023\/10\/3__5JB6435.jpeg-1900px-f2.jpg 960w","media_details":{"width":960,"height":640,"sizes":{"woocommerce_thumbnail":{"file":"3__5JB6435.jpeg-1900px-f2-300x300.jpg","width":300,"height":300,"mime-type":"image\/jpeg","filesize":20257,"uncropped":false,"source_url":"https:\/\/www.supremeyachts.hr\/wp-content\/uploads\/2023\/10\/3__5JB6435.jpeg-1900px-f2-300x300.jpg"},"woocommerce_gallery_thumbnail":{"file":"3__5JB6435.jpeg-1900px-f2-100x100.jpg","width":100,"height":100,"mime-type":"image\/jpeg","filesize":4029,"source_url":"https:\/\/www.supremeyachts.hr\/wp-content\/uploads\/2023\/10\/3__5JB6435.jpeg-1900px-f2-100x100.jpg"},"woocommerce_single":{"file":"3__5JB6435.jpeg-1900px-f2-600x400.jpg","width":600,"height":400,"mime-type":"image\/jpeg","filesize":42560,"source_url":"https:\/\/www.supremeyachts.hr\/wp-content\/uploads\/2023\/10\/3__5JB6435.jpeg-1900px-f2-600x400.jpg"},"medium":{"file":"3__5JB6435.jpeg-1900px-f2-300x200.jpg","width":300,"height":200,"mime-type":"image\/jpeg","filesize":24826,"source_url":"https:\/\/www.supremeyachts.hr\/wp-content\/uploads\/2023\/10\/3__5JB6435.jpeg-1900px-f2-300x200.jpg"},"thumbnail":{"file":"3__5JB6435.jpeg-1900px-f2-150x150.jpg","width":150,"height":150,"mime-type":"image\/jpeg","filesize":18189,"source_url":"https:\/\/www.supremeyachts.hr\/wp-content\/uploads\/2023\/10\/3__5JB6435.jpeg-1900px-f2-150x150.jpg"},"medium_large":{"file":"3__5JB6435.jpeg-1900px-f2-768x512.jpg","width":768,"height":512,"mime-type":"image\/jpeg","filesize":71373,"source_url":"https:\/\/www.supremeyachts.hr\/wp-content\/uploads\/2023\/10\/3__5JB6435.jpeg-1900px-f2-768x512.jpg"}}},"alt_text":"","url":"","target":""},{"id":109,"title":"JEAN-BAPTISTE D'ENQUIN \/ BENETEAU FLYER 6","caption":"","full_image_url":"https:\/\/www.supremeyachts.hr\/wp-content\/uploads\/2023\/10\/3__5JB6363.jpg-1900px-f2.jpg","thumbnail_image_url":"https:\/\/www.supremeyachts.hr\/wp-content\/uploads\/2023\/10\/3__5JB6363.jpg-1900px-f2-150x150.jpg","large_srcset":"https:\/\/www.supremeyachts.hr\/wp-content\/uploads\/2023\/10\/3__5JB6363.jpg-1900px-f2.jpg 960w, https:\/\/www.supremeyachts.hr\/wp-content\/uploads\/2023\/10\/3__5JB6363.jpg-1900px-f2-600x400.jpg 600w, https:\/\/www.supremeyachts.hr\/wp-content\/uploads\/2023\/10\/3__5JB6363.jpg-1900px-f2-300x200.jpg 300w, https:\/\/www.supremeyachts.hr\/wp-content\/uploads\/2023\/10\/3__5JB6363.jpg-1900px-f2-768x512.jpg 768w","medium_srcset":"https:\/\/www.supremeyachts.hr\/wp-content\/uploads\/2023\/10\/3__5JB6363.jpg-1900px-f2-300x200.jpg 300w, https:\/\/www.supremeyachts.hr\/wp-content\/uploads\/2023\/10\/3__5JB6363.jpg-1900px-f2-600x400.jpg 600w, https:\/\/www.supremeyachts.hr\/wp-content\/uploads\/2023\/10\/3__5JB6363.jpg-1900px-f2-768x512.jpg 768w, https:\/\/www.supremeyachts.hr\/wp-content\/uploads\/2023\/10\/3__5JB6363.jpg-1900px-f2.jpg 960w","media_details":{"width":960,"height":640,"sizes":{"woocommerce_thumbnail":{"file":"3__5JB6363.jpg-1900px-f2-300x300.jpg","width":300,"height":300,"mime-type":"image\/jpeg","filesize":16504,"uncropped":false,"source_url":"https:\/\/www.supremeyachts.hr\/wp-content\/uploads\/2023\/10\/3__5JB6363.jpg-1900px-f2-300x300.jpg"},"woocommerce_gallery_thumbnail":{"file":"3__5JB6363.jpg-1900px-f2-100x100.jpg","width":100,"height":100,"mime-type":"image\/jpeg","filesize":3461,"source_url":"https:\/\/www.supremeyachts.hr\/wp-content\/uploads\/2023\/10\/3__5JB6363.jpg-1900px-f2-100x100.jpg"},"woocommerce_single":{"file":"3__5JB6363.jpg-1900px-f2-600x400.jpg","width":600,"height":400,"mime-type":"image\/jpeg","filesize":36536,"source_url":"https:\/\/www.supremeyachts.hr\/wp-content\/uploads\/2023\/10\/3__5JB6363.jpg-1900px-f2-600x400.jpg"},"medium":{"file":"3__5JB6363.jpg-1900px-f2-300x200.jpg","width":300,"height":200,"mime-type":"image\/jpeg","filesize":27076,"source_url":"https:\/\/www.supremeyachts.hr\/wp-content\/uploads\/2023\/10\/3__5JB6363.jpg-1900px-f2-300x200.jpg"},"thumbnail":{"file":"3__5JB6363.jpg-1900px-f2-150x150.jpg","width":150,"height":150,"mime-type":"image\/jpeg","filesize":18956,"source_url":"https:\/\/www.supremeyachts.hr\/wp-content\/uploads\/2023\/10\/3__5JB6363.jpg-1900px-f2-150x150.jpg"},"medium_large":{"file":"3__5JB6363.jpg-1900px-f2-768x512.jpg","width":768,"height":512,"mime-type":"image\/jpeg","filesize":78960,"source_url":"https:\/\/www.supremeyachts.hr\/wp-content\/uploads\/2023\/10\/3__5JB6363.jpg-1900px-f2-768x512.jpg"}}},"alt_text":"","url":"","target":""},{"id":108,"title":"JEAN-BAPTISTE D'ENQUIN \/ BENETEAU FLYER 6","caption":"","full_image_url":"https:\/\/www.supremeyachts.hr\/wp-content\/uploads\/2023\/10\/3__5JB6316.jpg-1900px-f2.jpg","thumbnail_image_url":"https:\/\/www.supremeyachts.hr\/wp-content\/uploads\/2023\/10\/3__5JB6316.jpg-1900px-f2-150x150.jpg","large_srcset":"https:\/\/www.supremeyachts.hr\/wp-content\/uploads\/2023\/10\/3__5JB6316.jpg-1900px-f2.jpg 960w, https:\/\/www.supremeyachts.hr\/wp-content\/uploads\/2023\/10\/3__5JB6316.jpg-1900px-f2-600x400.jpg 600w, https:\/\/www.supremeyachts.hr\/wp-content\/uploads\/2023\/10\/3__5JB6316.jpg-1900px-f2-300x200.jpg 300w, https:\/\/www.supremeyachts.hr\/wp-content\/uploads\/2023\/10\/3__5JB6316.jpg-1900px-f2-768x512.jpg 768w","medium_srcset":"https:\/\/www.supremeyachts.hr\/wp-content\/uploads\/2023\/10\/3__5JB6316.jpg-1900px-f2-300x200.jpg 300w, https:\/\/www.supremeyachts.hr\/wp-content\/uploads\/2023\/10\/3__5JB6316.jpg-1900px-f2-600x400.jpg 600w, https:\/\/www.supremeyachts.hr\/wp-content\/uploads\/2023\/10\/3__5JB6316.jpg-1900px-f2-768x512.jpg 768w, https:\/\/www.supremeyachts.hr\/wp-content\/uploads\/2023\/10\/3__5JB6316.jpg-1900px-f2.jpg 960w","media_details":{"width":960,"height":640,"sizes":{"woocommerce_thumbnail":{"file":"3__5JB6316.jpg-1900px-f2-300x300.jpg","width":300,"height":300,"mime-type":"image\/jpeg","filesize":17848,"uncropped":false,"source_url":"https:\/\/www.supremeyachts.hr\/wp-content\/uploads\/2023\/10\/3__5JB6316.jpg-1900px-f2-300x300.jpg"},"woocommerce_gallery_thumbnail":{"file":"3__5JB6316.jpg-1900px-f2-100x100.jpg","width":100,"height":100,"mime-type":"image\/jpeg","filesize":3520,"source_url":"https:\/\/www.supremeyachts.hr\/wp-content\/uploads\/2023\/10\/3__5JB6316.jpg-1900px-f2-100x100.jpg"},"woocommerce_single":{"file":"3__5JB6316.jpg-1900px-f2-600x400.jpg","width":600,"height":400,"mime-type":"image\/jpeg","filesize":42230,"source_url":"https:\/\/www.supremeyachts.hr\/wp-content\/uploads\/2023\/10\/3__5JB6316.jpg-1900px-f2-600x400.jpg"},"medium":{"file":"3__5JB6316.jpg-1900px-f2-300x200.jpg","width":300,"height":200,"mime-type":"image\/jpeg","filesize":28422,"source_url":"https:\/\/www.supremeyachts.hr\/wp-content\/uploads\/2023\/10\/3__5JB6316.jpg-1900px-f2-300x200.jpg"},"thumbnail":{"file":"3__5JB6316.jpg-1900px-f2-150x150.jpg","width":150,"height":150,"mime-type":"image\/jpeg","filesize":19272,"source_url":"https:\/\/www.supremeyachts.hr\/wp-content\/uploads\/2023\/10\/3__5JB6316.jpg-1900px-f2-150x150.jpg"},"medium_large":{"file":"3__5JB6316.jpg-1900px-f2-768x512.jpg","width":768,"height":512,"mime-type":"image\/jpeg","filesize":86911,"source_url":"https:\/\/www.supremeyachts.hr\/wp-content\/uploads\/2023\/10\/3__5JB6316.jpg-1900px-f2-768x512.jpg"}}},"alt_text":"","url":"","target":""},{"id":107,"title":"JEAN-BAPTISTE D'ENQUIN \/ BENETEAU FLYER 6","caption":"","full_image_url":"https:\/\/www.supremeyachts.hr\/wp-content\/uploads\/2023\/10\/3__5JB6289.jpg-1900px-f2.jpg","thumbnail_image_url":"https:\/\/www.supremeyachts.hr\/wp-content\/uploads\/2023\/10\/3__5JB6289.jpg-1900px-f2-150x150.jpg","large_srcset":"https:\/\/www.supremeyachts.hr\/wp-content\/uploads\/2023\/10\/3__5JB6289.jpg-1900px-f2.jpg 960w, https:\/\/www.supremeyachts.hr\/wp-content\/uploads\/2023\/10\/3__5JB6289.jpg-1900px-f2-600x400.jpg 600w, https:\/\/www.supremeyachts.hr\/wp-content\/uploads\/2023\/10\/3__5JB6289.jpg-1900px-f2-300x200.jpg 300w, https:\/\/www.supremeyachts.hr\/wp-content\/uploads\/2023\/10\/3__5JB6289.jpg-1900px-f2-768x512.jpg 768w","medium_srcset":"https:\/\/www.supremeyachts.hr\/wp-content\/uploads\/2023\/10\/3__5JB6289.jpg-1900px-f2-300x200.jpg 300w, https:\/\/www.supremeyachts.hr\/wp-content\/uploads\/2023\/10\/3__5JB6289.jpg-1900px-f2-600x400.jpg 600w, https:\/\/www.supremeyachts.hr\/wp-content\/uploads\/2023\/10\/3__5JB6289.jpg-1900px-f2-768x512.jpg 768w, https:\/\/www.supremeyachts.hr\/wp-content\/uploads\/2023\/10\/3__5JB6289.jpg-1900px-f2.jpg 960w","media_details":{"width":960,"height":640,"sizes":{"woocommerce_thumbnail":{"file":"3__5JB6289.jpg-1900px-f2-300x300.jpg","width":300,"height":300,"mime-type":"image\/jpeg","filesize":16581,"uncropped":false,"source_url":"https:\/\/www.supremeyachts.hr\/wp-content\/uploads\/2023\/10\/3__5JB6289.jpg-1900px-f2-300x300.jpg"},"woocommerce_gallery_thumbnail":{"file":"3__5JB6289.jpg-1900px-f2-100x100.jpg","width":100,"height":100,"mime-type":"image\/jpeg","filesize":3546,"source_url":"https:\/\/www.supremeyachts.hr\/wp-content\/uploads\/2023\/10\/3__5JB6289.jpg-1900px-f2-100x100.jpg"},"woocommerce_single":{"file":"3__5JB6289.jpg-1900px-f2-600x400.jpg","width":600,"height":400,"mime-type":"image\/jpeg","filesize":39672,"source_url":"https:\/\/www.supremeyachts.hr\/wp-content\/uploads\/2023\/10\/3__5JB6289.jpg-1900px-f2-600x400.jpg"},"medium":{"file":"3__5JB6289.jpg-1900px-f2-300x200.jpg","width":300,"height":200,"mime-type":"image\/jpeg","filesize":27951,"source_url":"https:\/\/www.supremeyachts.hr\/wp-content\/uploads\/2023\/10\/3__5JB6289.jpg-1900px-f2-300x200.jpg"},"thumbnail":{"file":"3__5JB6289.jpg-1900px-f2-150x150.jpg","width":150,"height":150,"mime-type":"image\/jpeg","filesize":19115,"source_url":"https:\/\/www.supremeyachts.hr\/wp-content\/uploads\/2023\/10\/3__5JB6289.jpg-1900px-f2-150x150.jpg"},"medium_large":{"file":"3__5JB6289.jpg-1900px-f2-768x512.jpg","width":768,"height":512,"mime-type":"image\/jpeg","filesize":82508,"source_url":"https:\/\/www.supremeyachts.hr\/wp-content\/uploads\/2023\/10\/3__5JB6289.jpg-1900px-f2-768x512.jpg"}}},"alt_text":"","url":"","target":""},{"id":106,"title":"JEAN-BAPTISTE D'ENQUIN \/ BENETEAU FLYER 6","caption":"","full_image_url":"https:\/\/www.supremeyachts.hr\/wp-content\/uploads\/2023\/10\/3__5JB6281.jpg-1900px-f2.jpg","thumbnail_image_url":"https:\/\/www.supremeyachts.hr\/wp-content\/uploads\/2023\/10\/3__5JB6281.jpg-1900px-f2-150x150.jpg","large_srcset":"https:\/\/www.supremeyachts.hr\/wp-content\/uploads\/2023\/10\/3__5JB6281.jpg-1900px-f2.jpg 960w, https:\/\/www.supremeyachts.hr\/wp-content\/uploads\/2023\/10\/3__5JB6281.jpg-1900px-f2-600x400.jpg 600w, https:\/\/www.supremeyachts.hr\/wp-content\/uploads\/2023\/10\/3__5JB6281.jpg-1900px-f2-300x200.jpg 300w, https:\/\/www.supremeyachts.hr\/wp-content\/uploads\/2023\/10\/3__5JB6281.jpg-1900px-f2-768x512.jpg 768w","medium_srcset":"https:\/\/www.supremeyachts.hr\/wp-content\/uploads\/2023\/10\/3__5JB6281.jpg-1900px-f2-300x200.jpg 300w, https:\/\/www.supremeyachts.hr\/wp-content\/uploads\/2023\/10\/3__5JB6281.jpg-1900px-f2-600x400.jpg 600w, https:\/\/www.supremeyachts.hr\/wp-content\/uploads\/2023\/10\/3__5JB6281.jpg-1900px-f2-768x512.jpg 768w, https:\/\/www.supremeyachts.hr\/wp-content\/uploads\/2023\/10\/3__5JB6281.jpg-1900px-f2.jpg 960w","media_details":{"width":960,"height":640,"sizes":{"woocommerce_thumbnail":{"file":"3__5JB6281.jpg-1900px-f2-300x300.jpg","width":300,"height":300,"mime-type":"image\/jpeg","filesize":21870,"uncropped":false,"source_url":"https:\/\/www.supremeyachts.hr\/wp-content\/uploads\/2023\/10\/3__5JB6281.jpg-1900px-f2-300x300.jpg"},"woocommerce_gallery_thumbnail":{"file":"3__5JB6281.jpg-1900px-f2-100x100.jpg","width":100,"height":100,"mime-type":"image\/jpeg","filesize":4028,"source_url":"https:\/\/www.supremeyachts.hr\/wp-content\/uploads\/2023\/10\/3__5JB6281.jpg-1900px-f2-100x100.jpg"},"woocommerce_single":{"file":"3__5JB6281.jpg-1900px-f2-600x400.jpg","width":600,"height":400,"mime-type":"image\/jpeg","filesize":47646,"source_url":"https:\/\/www.supremeyachts.hr\/wp-content\/uploads\/2023\/10\/3__5JB6281.jpg-1900px-f2-600x400.jpg"},"medium":{"file":"3__5JB6281.jpg-1900px-f2-300x200.jpg","width":300,"height":200,"mime-type":"image\/jpeg","filesize":30469,"source_url":"https:\/\/www.supremeyachts.hr\/wp-content\/uploads\/2023\/10\/3__5JB6281.jpg-1900px-f2-300x200.jpg"},"thumbnail":{"file":"3__5JB6281.jpg-1900px-f2-150x150.jpg","width":150,"height":150,"mime-type":"image\/jpeg","filesize":20497,"source_url":"https:\/\/www.supremeyachts.hr\/wp-content\/uploads\/2023\/10\/3__5JB6281.jpg-1900px-f2-150x150.jpg"},"medium_large":{"file":"3__5JB6281.jpg-1900px-f2-768x512.jpg","width":768,"height":512,"mime-type":"image\/jpeg","filesize":99640,"source_url":"https:\/\/www.supremeyachts.hr\/wp-content\/uploads\/2023\/10\/3__5JB6281.jpg-1900px-f2-768x512.jpg"}}},"alt_text":"","url":"","target":""},{"id":105,"title":"JEAN-BAPTISTE D'ENQUIN \/ BENETEAU FLYER 6","caption":"","full_image_url":"https:\/\/www.supremeyachts.hr\/wp-content\/uploads\/2023\/10\/3__5JB6276.jpg-1900px-f2.jpg","thumbnail_image_url":"https:\/\/www.supremeyachts.hr\/wp-content\/uploads\/2023\/10\/3__5JB6276.jpg-1900px-f2-150x150.jpg","large_srcset":"https:\/\/www.supremeyachts.hr\/wp-content\/uploads\/2023\/10\/3__5JB6276.jpg-1900px-f2-682x1024.jpg 682w, https:\/\/www.supremeyachts.hr\/wp-content\/uploads\/2023\/10\/3__5JB6276.jpg-1900px-f2-600x901.jpg 600w, https:\/\/www.supremeyachts.hr\/wp-content\/uploads\/2023\/10\/3__5JB6276.jpg-1900px-f2-200x300.jpg 200w, https:\/\/www.supremeyachts.hr\/wp-content\/uploads\/2023\/10\/3__5JB6276.jpg-1900px-f2-768x1153.jpg 768w, https:\/\/www.supremeyachts.hr\/wp-content\/uploads\/2023\/10\/3__5JB6276.jpg-1900px-f2.jpg 960w","medium_srcset":"https:\/\/www.supremeyachts.hr\/wp-content\/uploads\/2023\/10\/3__5JB6276.jpg-1900px-f2-200x300.jpg 200w, https:\/\/www.supremeyachts.hr\/wp-content\/uploads\/2023\/10\/3__5JB6276.jpg-1900px-f2-600x901.jpg 600w, https:\/\/www.supremeyachts.hr\/wp-content\/uploads\/2023\/10\/3__5JB6276.jpg-1900px-f2-682x1024.jpg 682w, https:\/\/www.supremeyachts.hr\/wp-content\/uploads\/2023\/10\/3__5JB6276.jpg-1900px-f2-768x1153.jpg 768w, https:\/\/www.supremeyachts.hr\/wp-content\/uploads\/2023\/10\/3__5JB6276.jpg-1900px-f2.jpg 960w","media_details":{"width":960,"height":1441,"sizes":{"woocommerce_thumbnail":{"file":"3__5JB6276.jpg-1900px-f2-300x300.jpg","width":300,"height":300,"mime-type":"image\/jpeg","filesize":24889,"uncropped":false,"source_url":"https:\/\/www.supremeyachts.hr\/wp-content\/uploads\/2023\/10\/3__5JB6276.jpg-1900px-f2-300x300.jpg"},"woocommerce_gallery_thumbnail":{"file":"3__5JB6276.jpg-1900px-f2-100x100.jpg","width":100,"height":100,"mime-type":"image\/jpeg","filesize":4315,"source_url":"https:\/\/www.supremeyachts.hr\/wp-content\/uploads\/2023\/10\/3__5JB6276.jpg-1900px-f2-100x100.jpg"},"woocommerce_single":{"file":"3__5JB6276.jpg-1900px-f2-600x901.jpg","width":600,"height":901,"mime-type":"image\/jpeg","filesize":102241,"source_url":"https:\/\/www.supremeyachts.hr\/wp-content\/uploads\/2023\/10\/3__5JB6276.jpg-1900px-f2-600x901.jpg"},"medium":{"file":"3__5JB6276.jpg-1900px-f2-200x300.jpg","width":200,"height":300,"mime-type":"image\/jpeg","filesize":44005,"source_url":"https:\/\/www.supremeyachts.hr\/wp-content\/uploads\/2023\/10\/3__5JB6276.jpg-1900px-f2-200x300.jpg"},"large":{"file":"3__5JB6276.jpg-1900px-f2-682x1024.jpg","width":682,"height":1024,"mime-type":"image\/jpeg","filesize":185699,"source_url":"https:\/\/www.supremeyachts.hr\/wp-content\/uploads\/2023\/10\/3__5JB6276.jpg-1900px-f2-682x1024.jpg"},"thumbnail":{"file":"3__5JB6276.jpg-1900px-f2-150x150.jpg","width":150,"height":150,"mime-type":"image\/jpeg","filesize":32130,"source_url":"https:\/\/www.supremeyachts.hr\/wp-content\/uploads\/2023\/10\/3__5JB6276.jpg-1900px-f2-150x150.jpg"},"medium_large":{"file":"3__5JB6276.jpg-1900px-f2-768x1153.jpg","width":768,"height":1153,"mime-type":"image\/jpeg","filesize":217518,"source_url":"https:\/\/www.supremeyachts.hr\/wp-content\/uploads\/2023\/10\/3__5JB6276.jpg-1900px-f2-768x1153.jpg"}}},"alt_text":"","url":"","target":""}]],"galerija_plana":[[{"id":98,"title":"JEAN-BAPTISTE D'ENQUIN \/ BENETEAU FLYER 6","caption":"","full_image_url":"https:\/\/www.supremeyachts.hr\/wp-content\/uploads\/2023\/10\/1__5JB6273.jpg-1900px-f2.jpg","thumbnail_image_url":"https:\/\/www.supremeyachts.hr\/wp-content\/uploads\/2023\/10\/1__5JB6273.jpg-1900px-f2-150x150.jpg","large_srcset":"https:\/\/www.supremeyachts.hr\/wp-content\/uploads\/2023\/10\/1__5JB6273.jpg-1900px-f2.jpg 960w, https:\/\/www.supremeyachts.hr\/wp-content\/uploads\/2023\/10\/1__5JB6273.jpg-1900px-f2-600x400.jpg 600w, https:\/\/www.supremeyachts.hr\/wp-content\/uploads\/2023\/10\/1__5JB6273.jpg-1900px-f2-300x200.jpg 300w, https:\/\/www.supremeyachts.hr\/wp-content\/uploads\/2023\/10\/1__5JB6273.jpg-1900px-f2-768x512.jpg 768w","medium_srcset":"https:\/\/www.supremeyachts.hr\/wp-content\/uploads\/2023\/10\/1__5JB6273.jpg-1900px-f2-300x200.jpg 300w, https:\/\/www.supremeyachts.hr\/wp-content\/uploads\/2023\/10\/1__5JB6273.jpg-1900px-f2-600x400.jpg 600w, https:\/\/www.supremeyachts.hr\/wp-content\/uploads\/2023\/10\/1__5JB6273.jpg-1900px-f2-768x512.jpg 768w, https:\/\/www.supremeyachts.hr\/wp-content\/uploads\/2023\/10\/1__5JB6273.jpg-1900px-f2.jpg 960w","media_details":{"width":960,"height":640,"sizes":{"woocommerce_thumbnail":{"file":"1__5JB6273.jpg-1900px-f2-300x300.jpg","width":300,"height":300,"mime-type":"image\/jpeg","filesize":23992,"uncropped":false,"source_url":"https:\/\/www.supremeyachts.hr\/wp-content\/uploads\/2023\/10\/1__5JB6273.jpg-1900px-f2-300x300.jpg"},"woocommerce_gallery_thumbnail":{"file":"1__5JB6273.jpg-1900px-f2-100x100.jpg","width":100,"height":100,"mime-type":"image\/jpeg","filesize":4579,"source_url":"https:\/\/www.supremeyachts.hr\/wp-content\/uploads\/2023\/10\/1__5JB6273.jpg-1900px-f2-100x100.jpg"},"woocommerce_single":{"file":"1__5JB6273.jpg-1900px-f2-600x400.jpg","width":600,"height":400,"mime-type":"image\/jpeg","filesize":53277,"source_url":"https:\/\/www.supremeyachts.hr\/wp-content\/uploads\/2023\/10\/1__5JB6273.jpg-1900px-f2-600x400.jpg"},"medium":{"file":"1__5JB6273.jpg-1900px-f2-300x200.jpg","width":300,"height":200,"mime-type":"image\/jpeg","filesize":31938,"source_url":"https:\/\/www.supremeyachts.hr\/wp-content\/uploads\/2023\/10\/1__5JB6273.jpg-1900px-f2-300x200.jpg"},"thumbnail":{"file":"1__5JB6273.jpg-1900px-f2-150x150.jpg","width":150,"height":150,"mime-type":"image\/jpeg","filesize":20945,"source_url":"https:\/\/www.supremeyachts.hr\/wp-content\/uploads\/2023\/10\/1__5JB6273.jpg-1900px-f2-150x150.jpg"},"medium_large":{"file":"1__5JB6273.jpg-1900px-f2-768x512.jpg","width":768,"height":512,"mime-type":"image\/jpeg","filesize":104635,"source_url":"https:\/\/www.supremeyachts.hr\/wp-content\/uploads\/2023\/10\/1__5JB6273.jpg-1900px-f2-768x512.jpg"}}},"alt_text":"","url":"","target":""},{"id":97,"title":"JEAN-BAPTISTE D'ENQUIN \/ BENETEAU FLYER 6","caption":"","full_image_url":"https:\/\/www.supremeyachts.hr\/wp-content\/uploads\/2023\/10\/1__5JB6221.jpg-1900px-f2.jpg","thumbnail_image_url":"https:\/\/www.supremeyachts.hr\/wp-content\/uploads\/2023\/10\/1__5JB6221.jpg-1900px-f2-150x150.jpg","large_srcset":"https:\/\/www.supremeyachts.hr\/wp-content\/uploads\/2023\/10\/1__5JB6221.jpg-1900px-f2.jpg 960w, https:\/\/www.supremeyachts.hr\/wp-content\/uploads\/2023\/10\/1__5JB6221.jpg-1900px-f2-600x400.jpg 600w, https:\/\/www.supremeyachts.hr\/wp-content\/uploads\/2023\/10\/1__5JB6221.jpg-1900px-f2-300x200.jpg 300w, https:\/\/www.supremeyachts.hr\/wp-content\/uploads\/2023\/10\/1__5JB6221.jpg-1900px-f2-768x512.jpg 768w","medium_srcset":"https:\/\/www.supremeyachts.hr\/wp-content\/uploads\/2023\/10\/1__5JB6221.jpg-1900px-f2-300x200.jpg 300w, https:\/\/www.supremeyachts.hr\/wp-content\/uploads\/2023\/10\/1__5JB6221.jpg-1900px-f2-600x400.jpg 600w, https:\/\/www.supremeyachts.hr\/wp-content\/uploads\/2023\/10\/1__5JB6221.jpg-1900px-f2-768x512.jpg 768w, https:\/\/www.supremeyachts.hr\/wp-content\/uploads\/2023\/10\/1__5JB6221.jpg-1900px-f2.jpg 960w","media_details":{"width":960,"height":640,"sizes":{"woocommerce_thumbnail":{"file":"1__5JB6221.jpg-1900px-f2-300x300.jpg","width":300,"height":300,"mime-type":"image\/jpeg","filesize":21688,"uncropped":false,"source_url":"https:\/\/www.supremeyachts.hr\/wp-content\/uploads\/2023\/10\/1__5JB6221.jpg-1900px-f2-300x300.jpg"},"woocommerce_gallery_thumbnail":{"file":"1__5JB6221.jpg-1900px-f2-100x100.jpg","width":100,"height":100,"mime-type":"image\/jpeg","filesize":3902,"source_url":"https:\/\/www.supremeyachts.hr\/wp-content\/uploads\/2023\/10\/1__5JB6221.jpg-1900px-f2-100x100.jpg"},"woocommerce_single":{"file":"1__5JB6221.jpg-1900px-f2-600x400.jpg","width":600,"height":400,"mime-type":"image\/jpeg","filesize":49283,"source_url":"https:\/\/www.supremeyachts.hr\/wp-content\/uploads\/2023\/10\/1__5JB6221.jpg-1900px-f2-600x400.jpg"},"medium":{"file":"1__5JB6221.jpg-1900px-f2-300x200.jpg","width":300,"height":200,"mime-type":"image\/jpeg","filesize":30122,"source_url":"https:\/\/www.supremeyachts.hr\/wp-content\/uploads\/2023\/10\/1__5JB6221.jpg-1900px-f2-300x200.jpg"},"thumbnail":{"file":"1__5JB6221.jpg-1900px-f2-150x150.jpg","width":150,"height":150,"mime-type":"image\/jpeg","filesize":20176,"source_url":"https:\/\/www.supremeyachts.hr\/wp-content\/uploads\/2023\/10\/1__5JB6221.jpg-1900px-f2-150x150.jpg"},"medium_large":{"file":"1__5JB6221.jpg-1900px-f2-768x512.jpg","width":768,"height":512,"mime-type":"image\/jpeg","filesize":101848,"source_url":"https:\/\/www.supremeyachts.hr\/wp-content\/uploads\/2023\/10\/1__5JB6221.jpg-1900px-f2-768x512.jpg"}}},"alt_text":"","url":"","target":""},{"id":96,"title":"JEAN-BAPTISTE D'ENQUIN \/ BENETEAU FLYER 6","caption":"","full_image_url":"https:\/\/www.supremeyachts.hr\/wp-content\/uploads\/2023\/10\/1__5JB6221.jpg-1900px-f2-1.jpg","thumbnail_image_url":"https:\/\/www.supremeyachts.hr\/wp-content\/uploads\/2023\/10\/1__5JB6221.jpg-1900px-f2-1-150x150.jpg","large_srcset":"https:\/\/www.supremeyachts.hr\/wp-content\/uploads\/2023\/10\/1__5JB6221.jpg-1900px-f2-1.jpg 960w, https:\/\/www.supremeyachts.hr\/wp-content\/uploads\/2023\/10\/1__5JB6221.jpg-1900px-f2-1-600x400.jpg 600w, https:\/\/www.supremeyachts.hr\/wp-content\/uploads\/2023\/10\/1__5JB6221.jpg-1900px-f2-1-300x200.jpg 300w, https:\/\/www.supremeyachts.hr\/wp-content\/uploads\/2023\/10\/1__5JB6221.jpg-1900px-f2-1-768x512.jpg 768w","medium_srcset":"https:\/\/www.supremeyachts.hr\/wp-content\/uploads\/2023\/10\/1__5JB6221.jpg-1900px-f2-1-300x200.jpg 300w, https:\/\/www.supremeyachts.hr\/wp-content\/uploads\/2023\/10\/1__5JB6221.jpg-1900px-f2-1-600x400.jpg 600w, https:\/\/www.supremeyachts.hr\/wp-content\/uploads\/2023\/10\/1__5JB6221.jpg-1900px-f2-1-768x512.jpg 768w, https:\/\/www.supremeyachts.hr\/wp-content\/uploads\/2023\/10\/1__5JB6221.jpg-1900px-f2-1.jpg 960w","media_details":{"width":960,"height":640,"sizes":{"woocommerce_thumbnail":{"file":"1__5JB6221.jpg-1900px-f2-1-300x300.jpg","width":300,"height":300,"mime-type":"image\/jpeg","filesize":21688,"uncropped":false,"source_url":"https:\/\/www.supremeyachts.hr\/wp-content\/uploads\/2023\/10\/1__5JB6221.jpg-1900px-f2-1-300x300.jpg"},"woocommerce_gallery_thumbnail":{"file":"1__5JB6221.jpg-1900px-f2-1-100x100.jpg","width":100,"height":100,"mime-type":"image\/jpeg","filesize":3902,"source_url":"https:\/\/www.supremeyachts.hr\/wp-content\/uploads\/2023\/10\/1__5JB6221.jpg-1900px-f2-1-100x100.jpg"},"woocommerce_single":{"file":"1__5JB6221.jpg-1900px-f2-1-600x400.jpg","width":600,"height":400,"mime-type":"image\/jpeg","filesize":49283,"source_url":"https:\/\/www.supremeyachts.hr\/wp-content\/uploads\/2023\/10\/1__5JB6221.jpg-1900px-f2-1-600x400.jpg"},"medium":{"file":"1__5JB6221.jpg-1900px-f2-1-300x200.jpg","width":300,"height":200,"mime-type":"image\/jpeg","filesize":30122,"source_url":"https:\/\/www.supremeyachts.hr\/wp-content\/uploads\/2023\/10\/1__5JB6221.jpg-1900px-f2-1-300x200.jpg"},"thumbnail":{"file":"1__5JB6221.jpg-1900px-f2-1-150x150.jpg","width":150,"height":150,"mime-type":"image\/jpeg","filesize":20176,"source_url":"https:\/\/www.supremeyachts.hr\/wp-content\/uploads\/2023\/10\/1__5JB6221.jpg-1900px-f2-1-150x150.jpg"},"medium_large":{"file":"1__5JB6221.jpg-1900px-f2-1-768x512.jpg","width":768,"height":512,"mime-type":"image\/jpeg","filesize":101848,"source_url":"https:\/\/www.supremeyachts.hr\/wp-content\/uploads\/2023\/10\/1__5JB6221.jpg-1900px-f2-1-768x512.jpg"}}},"alt_text":"","url":"","target":""},{"id":95,"title":"JEAN-BAPTISTE D'ENQUIN \/ BENETEAU FLYER 6","caption":"","full_image_url":"https:\/\/www.supremeyachts.hr\/wp-content\/uploads\/2023\/10\/1__5JB5858.jpg-1900px-f2.jpg","thumbnail_image_url":"https:\/\/www.supremeyachts.hr\/wp-content\/uploads\/2023\/10\/1__5JB5858.jpg-1900px-f2-150x150.jpg","large_srcset":"https:\/\/www.supremeyachts.hr\/wp-content\/uploads\/2023\/10\/1__5JB5858.jpg-1900px-f2.jpg 960w, https:\/\/www.supremeyachts.hr\/wp-content\/uploads\/2023\/10\/1__5JB5858.jpg-1900px-f2-600x400.jpg 600w, https:\/\/www.supremeyachts.hr\/wp-content\/uploads\/2023\/10\/1__5JB5858.jpg-1900px-f2-300x200.jpg 300w, https:\/\/www.supremeyachts.hr\/wp-content\/uploads\/2023\/10\/1__5JB5858.jpg-1900px-f2-768x512.jpg 768w","medium_srcset":"https:\/\/www.supremeyachts.hr\/wp-content\/uploads\/2023\/10\/1__5JB5858.jpg-1900px-f2-300x200.jpg 300w, https:\/\/www.supremeyachts.hr\/wp-content\/uploads\/2023\/10\/1__5JB5858.jpg-1900px-f2-600x400.jpg 600w, https:\/\/www.supremeyachts.hr\/wp-content\/uploads\/2023\/10\/1__5JB5858.jpg-1900px-f2-768x512.jpg 768w, https:\/\/www.supremeyachts.hr\/wp-content\/uploads\/2023\/10\/1__5JB5858.jpg-1900px-f2.jpg 960w","media_details":{"width":960,"height":640,"sizes":{"woocommerce_thumbnail":{"file":"1__5JB5858.jpg-1900px-f2-300x300.jpg","width":300,"height":300,"mime-type":"image\/jpeg","filesize":17175,"uncropped":false,"source_url":"https:\/\/www.supremeyachts.hr\/wp-content\/uploads\/2023\/10\/1__5JB5858.jpg-1900px-f2-300x300.jpg"},"woocommerce_gallery_thumbnail":{"file":"1__5JB5858.jpg-1900px-f2-100x100.jpg","width":100,"height":100,"mime-type":"image\/jpeg","filesize":3282,"source_url":"https:\/\/www.supremeyachts.hr\/wp-content\/uploads\/2023\/10\/1__5JB5858.jpg-1900px-f2-100x100.jpg"},"woocommerce_single":{"file":"1__5JB5858.jpg-1900px-f2-600x400.jpg","width":600,"height":400,"mime-type":"image\/jpeg","filesize":36490,"source_url":"https:\/\/www.supremeyachts.hr\/wp-content\/uploads\/2023\/10\/1__5JB5858.jpg-1900px-f2-600x400.jpg"},"medium":{"file":"1__5JB5858.jpg-1900px-f2-300x200.jpg","width":300,"height":200,"mime-type":"image\/jpeg","filesize":26832,"source_url":"https:\/\/www.supremeyachts.hr\/wp-content\/uploads\/2023\/10\/1__5JB5858.jpg-1900px-f2-300x200.jpg"},"thumbnail":{"file":"1__5JB5858.jpg-1900px-f2-150x150.jpg","width":150,"height":150,"mime-type":"image\/jpeg","filesize":19104,"source_url":"https:\/\/www.supremeyachts.hr\/wp-content\/uploads\/2023\/10\/1__5JB5858.jpg-1900px-f2-150x150.jpg"},"medium_large":{"file":"1__5JB5858.jpg-1900px-f2-768x512.jpg","width":768,"height":512,"mime-type":"image\/jpeg","filesize":82403,"source_url":"https:\/\/www.supremeyachts.hr\/wp-content\/uploads\/2023\/10\/1__5JB5858.jpg-1900px-f2-768x512.jpg"}}},"alt_text":"","url":"","target":""},{"id":94,"title":"JEAN-BAPTISTE D'ENQUIN \/ BENETEAU FLYER 6","caption":"","full_image_url":"https:\/\/www.supremeyachts.hr\/wp-content\/uploads\/2023\/10\/1__5JB5831.jpg-1900px-f2.jpg","thumbnail_image_url":"https:\/\/www.supremeyachts.hr\/wp-content\/uploads\/2023\/10\/1__5JB5831.jpg-1900px-f2-150x150.jpg","large_srcset":"https:\/\/www.supremeyachts.hr\/wp-content\/uploads\/2023\/10\/1__5JB5831.jpg-1900px-f2.jpg 960w, https:\/\/www.supremeyachts.hr\/wp-content\/uploads\/2023\/10\/1__5JB5831.jpg-1900px-f2-600x400.jpg 600w, https:\/\/www.supremeyachts.hr\/wp-content\/uploads\/2023\/10\/1__5JB5831.jpg-1900px-f2-300x200.jpg 300w, https:\/\/www.supremeyachts.hr\/wp-content\/uploads\/2023\/10\/1__5JB5831.jpg-1900px-f2-768x512.jpg 768w","medium_srcset":"https:\/\/www.supremeyachts.hr\/wp-content\/uploads\/2023\/10\/1__5JB5831.jpg-1900px-f2-300x200.jpg 300w, https:\/\/www.supremeyachts.hr\/wp-content\/uploads\/2023\/10\/1__5JB5831.jpg-1900px-f2-600x400.jpg 600w, https:\/\/www.supremeyachts.hr\/wp-content\/uploads\/2023\/10\/1__5JB5831.jpg-1900px-f2-768x512.jpg 768w, https:\/\/www.supremeyachts.hr\/wp-content\/uploads\/2023\/10\/1__5JB5831.jpg-1900px-f2.jpg 960w","media_details":{"width":960,"height":640,"sizes":{"woocommerce_thumbnail":{"file":"1__5JB5831.jpg-1900px-f2-300x300.jpg","width":300,"height":300,"mime-type":"image\/jpeg","filesize":19361,"uncropped":false,"source_url":"https:\/\/www.supremeyachts.hr\/wp-content\/uploads\/2023\/10\/1__5JB5831.jpg-1900px-f2-300x300.jpg"},"woocommerce_gallery_thumbnail":{"file":"1__5JB5831.jpg-1900px-f2-100x100.jpg","width":100,"height":100,"mime-type":"image\/jpeg","filesize":3564,"source_url":"https:\/\/www.supremeyachts.hr\/wp-content\/uploads\/2023\/10\/1__5JB5831.jpg-1900px-f2-100x100.jpg"},"woocommerce_single":{"file":"1__5JB5831.jpg-1900px-f2-600x400.jpg","width":600,"height":400,"mime-type":"image\/jpeg","filesize":43785,"source_url":"https:\/\/www.supremeyachts.hr\/wp-content\/uploads\/2023\/10\/1__5JB5831.jpg-1900px-f2-600x400.jpg"},"medium":{"file":"1__5JB5831.jpg-1900px-f2-300x200.jpg","width":300,"height":200,"mime-type":"image\/jpeg","filesize":29467,"source_url":"https:\/\/www.supremeyachts.hr\/wp-content\/uploads\/2023\/10\/1__5JB5831.jpg-1900px-f2-300x200.jpg"},"thumbnail":{"file":"1__5JB5831.jpg-1900px-f2-150x150.jpg","width":150,"height":150,"mime-type":"image\/jpeg","filesize":19738,"source_url":"https:\/\/www.supremeyachts.hr\/wp-content\/uploads\/2023\/10\/1__5JB5831.jpg-1900px-f2-150x150.jpg"},"medium_large":{"file":"1__5JB5831.jpg-1900px-f2-768x512.jpg","width":768,"height":512,"mime-type":"image\/jpeg","filesize":97021,"source_url":"https:\/\/www.supremeyachts.hr\/wp-content\/uploads\/2023\/10\/1__5JB5831.jpg-1900px-f2-768x512.jpg"}}},"alt_text":"","url":"","target":""},{"id":93,"title":"JEAN-BAPTISTE D'ENQUIN \/ BENETEAU FLYER 6","caption":"","full_image_url":"https:\/\/www.supremeyachts.hr\/wp-content\/uploads\/2023\/10\/1__5JB5831.jpg-1900px-f2-1.jpg","thumbnail_image_url":"https:\/\/www.supremeyachts.hr\/wp-content\/uploads\/2023\/10\/1__5JB5831.jpg-1900px-f2-1-150x150.jpg","large_srcset":"https:\/\/www.supremeyachts.hr\/wp-content\/uploads\/2023\/10\/1__5JB5831.jpg-1900px-f2-1.jpg 960w, https:\/\/www.supremeyachts.hr\/wp-content\/uploads\/2023\/10\/1__5JB5831.jpg-1900px-f2-1-600x400.jpg 600w, https:\/\/www.supremeyachts.hr\/wp-content\/uploads\/2023\/10\/1__5JB5831.jpg-1900px-f2-1-300x200.jpg 300w, https:\/\/www.supremeyachts.hr\/wp-content\/uploads\/2023\/10\/1__5JB5831.jpg-1900px-f2-1-768x512.jpg 768w","medium_srcset":"https:\/\/www.supremeyachts.hr\/wp-content\/uploads\/2023\/10\/1__5JB5831.jpg-1900px-f2-1-300x200.jpg 300w, https:\/\/www.supremeyachts.hr\/wp-content\/uploads\/2023\/10\/1__5JB5831.jpg-1900px-f2-1-600x400.jpg 600w, https:\/\/www.supremeyachts.hr\/wp-content\/uploads\/2023\/10\/1__5JB5831.jpg-1900px-f2-1-768x512.jpg 768w, https:\/\/www.supremeyachts.hr\/wp-content\/uploads\/2023\/10\/1__5JB5831.jpg-1900px-f2-1.jpg 960w","media_details":{"width":960,"height":640,"sizes":{"woocommerce_thumbnail":{"file":"1__5JB5831.jpg-1900px-f2-1-300x300.jpg","width":300,"height":300,"mime-type":"image\/jpeg","filesize":19361,"uncropped":false,"source_url":"https:\/\/www.supremeyachts.hr\/wp-content\/uploads\/2023\/10\/1__5JB5831.jpg-1900px-f2-1-300x300.jpg"},"woocommerce_gallery_thumbnail":{"file":"1__5JB5831.jpg-1900px-f2-1-100x100.jpg","width":100,"height":100,"mime-type":"image\/jpeg","filesize":3564,"source_url":"https:\/\/www.supremeyachts.hr\/wp-content\/uploads\/2023\/10\/1__5JB5831.jpg-1900px-f2-1-100x100.jpg"},"woocommerce_single":{"file":"1__5JB5831.jpg-1900px-f2-1-600x400.jpg","width":600,"height":400,"mime-type":"image\/jpeg","filesize":43785,"source_url":"https:\/\/www.supremeyachts.hr\/wp-content\/uploads\/2023\/10\/1__5JB5831.jpg-1900px-f2-1-600x400.jpg"},"medium":{"file":"1__5JB5831.jpg-1900px-f2-1-300x200.jpg","width":300,"height":200,"mime-type":"image\/jpeg","filesize":29467,"source_url":"https:\/\/www.supremeyachts.hr\/wp-content\/uploads\/2023\/10\/1__5JB5831.jpg-1900px-f2-1-300x200.jpg"},"thumbnail":{"file":"1__5JB5831.jpg-1900px-f2-1-150x150.jpg","width":150,"height":150,"mime-type":"image\/jpeg","filesize":19738,"source_url":"https:\/\/www.supremeyachts.hr\/wp-content\/uploads\/2023\/10\/1__5JB5831.jpg-1900px-f2-1-150x150.jpg"},"medium_large":{"file":"1__5JB5831.jpg-1900px-f2-1-768x512.jpg","width":768,"height":512,"mime-type":"image\/jpeg","filesize":97021,"source_url":"https:\/\/www.supremeyachts.hr\/wp-content\/uploads\/2023\/10\/1__5JB5831.jpg-1900px-f2-1-768x512.jpg"}}},"alt_text":"","url":"","target":""},{"id":92,"title":"JEAN-BAPTISTE D'ENQUIN \/ BENETEAU FLYER 6","caption":"","full_image_url":"https:\/\/www.supremeyachts.hr\/wp-content\/uploads\/2023\/10\/1__5JB5532.jpg-1900px-f2.jpg","thumbnail_image_url":"https:\/\/www.supremeyachts.hr\/wp-content\/uploads\/2023\/10\/1__5JB5532.jpg-1900px-f2-150x150.jpg","large_srcset":"https:\/\/www.supremeyachts.hr\/wp-content\/uploads\/2023\/10\/1__5JB5532.jpg-1900px-f2.jpg 960w, https:\/\/www.supremeyachts.hr\/wp-content\/uploads\/2023\/10\/1__5JB5532.jpg-1900px-f2-600x400.jpg 600w, https:\/\/www.supremeyachts.hr\/wp-content\/uploads\/2023\/10\/1__5JB5532.jpg-1900px-f2-300x200.jpg 300w, https:\/\/www.supremeyachts.hr\/wp-content\/uploads\/2023\/10\/1__5JB5532.jpg-1900px-f2-768x512.jpg 768w","medium_srcset":"https:\/\/www.supremeyachts.hr\/wp-content\/uploads\/2023\/10\/1__5JB5532.jpg-1900px-f2-300x200.jpg 300w, https:\/\/www.supremeyachts.hr\/wp-content\/uploads\/2023\/10\/1__5JB5532.jpg-1900px-f2-600x400.jpg 600w, https:\/\/www.supremeyachts.hr\/wp-content\/uploads\/2023\/10\/1__5JB5532.jpg-1900px-f2-768x512.jpg 768w, https:\/\/www.supremeyachts.hr\/wp-content\/uploads\/2023\/10\/1__5JB5532.jpg-1900px-f2.jpg 960w","media_details":{"width":960,"height":640,"sizes":{"woocommerce_thumbnail":{"file":"1__5JB5532.jpg-1900px-f2-300x300.jpg","width":300,"height":300,"mime-type":"image\/jpeg","filesize":17271,"uncropped":false,"source_url":"https:\/\/www.supremeyachts.hr\/wp-content\/uploads\/2023\/10\/1__5JB5532.jpg-1900px-f2-300x300.jpg"},"woocommerce_gallery_thumbnail":{"file":"1__5JB5532.jpg-1900px-f2-100x100.jpg","width":100,"height":100,"mime-type":"image\/jpeg","filesize":3551,"source_url":"https:\/\/www.supremeyachts.hr\/wp-content\/uploads\/2023\/10\/1__5JB5532.jpg-1900px-f2-100x100.jpg"},"woocommerce_single":{"file":"1__5JB5532.jpg-1900px-f2-600x400.jpg","width":600,"height":400,"mime-type":"image\/jpeg","filesize":36433,"source_url":"https:\/\/www.supremeyachts.hr\/wp-content\/uploads\/2023\/10\/1__5JB5532.jpg-1900px-f2-600x400.jpg"},"medium":{"file":"1__5JB5532.jpg-1900px-f2-300x200.jpg","width":300,"height":200,"mime-type":"image\/jpeg","filesize":27440,"source_url":"https:\/\/www.supremeyachts.hr\/wp-content\/uploads\/2023\/10\/1__5JB5532.jpg-1900px-f2-300x200.jpg"},"thumbnail":{"file":"1__5JB5532.jpg-1900px-f2-150x150.jpg","width":150,"height":150,"mime-type":"image\/jpeg","filesize":19332,"source_url":"https:\/\/www.supremeyachts.hr\/wp-content\/uploads\/2023\/10\/1__5JB5532.jpg-1900px-f2-150x150.jpg"},"medium_large":{"file":"1__5JB5532.jpg-1900px-f2-768x512.jpg","width":768,"height":512,"mime-type":"image\/jpeg","filesize":80245,"source_url":"https:\/\/www.supremeyachts.hr\/wp-content\/uploads\/2023\/10\/1__5JB5532.jpg-1900px-f2-768x512.jpg"}}},"alt_text":"","url":"","target":""},{"id":91,"title":"JEAN-BAPTISTE D'ENQUIN \/ BENETEAU FLYER 6","caption":"","full_image_url":"https:\/\/www.supremeyachts.hr\/wp-content\/uploads\/2023\/10\/1__5JB5500.jpg-1900px-f2.jpg","thumbnail_image_url":"https:\/\/www.supremeyachts.hr\/wp-content\/uploads\/2023\/10\/1__5JB5500.jpg-1900px-f2-150x150.jpg","large_srcset":"https:\/\/www.supremeyachts.hr\/wp-content\/uploads\/2023\/10\/1__5JB5500.jpg-1900px-f2.jpg 960w, https:\/\/www.supremeyachts.hr\/wp-content\/uploads\/2023\/10\/1__5JB5500.jpg-1900px-f2-600x400.jpg 600w, https:\/\/www.supremeyachts.hr\/wp-content\/uploads\/2023\/10\/1__5JB5500.jpg-1900px-f2-300x200.jpg 300w, https:\/\/www.supremeyachts.hr\/wp-content\/uploads\/2023\/10\/1__5JB5500.jpg-1900px-f2-768x512.jpg 768w","medium_srcset":"https:\/\/www.supremeyachts.hr\/wp-content\/uploads\/2023\/10\/1__5JB5500.jpg-1900px-f2-300x200.jpg 300w, https:\/\/www.supremeyachts.hr\/wp-content\/uploads\/2023\/10\/1__5JB5500.jpg-1900px-f2-600x400.jpg 600w, https:\/\/www.supremeyachts.hr\/wp-content\/uploads\/2023\/10\/1__5JB5500.jpg-1900px-f2-768x512.jpg 768w, https:\/\/www.supremeyachts.hr\/wp-content\/uploads\/2023\/10\/1__5JB5500.jpg-1900px-f2.jpg 960w","media_details":{"width":960,"height":640,"sizes":{"woocommerce_thumbnail":{"file":"1__5JB5500.jpg-1900px-f2-300x300.jpg","width":300,"height":300,"mime-type":"image\/jpeg","filesize":17172,"uncropped":false,"source_url":"https:\/\/www.supremeyachts.hr\/wp-content\/uploads\/2023\/10\/1__5JB5500.jpg-1900px-f2-300x300.jpg"},"woocommerce_gallery_thumbnail":{"file":"1__5JB5500.jpg-1900px-f2-100x100.jpg","width":100,"height":100,"mime-type":"image\/jpeg","filesize":3649,"source_url":"https:\/\/www.supremeyachts.hr\/wp-content\/uploads\/2023\/10\/1__5JB5500.jpg-1900px-f2-100x100.jpg"},"woocommerce_single":{"file":"1__5JB5500.jpg-1900px-f2-600x400.jpg","width":600,"height":400,"mime-type":"image\/jpeg","filesize":33427,"source_url":"https:\/\/www.supremeyachts.hr\/wp-content\/uploads\/2023\/10\/1__5JB5500.jpg-1900px-f2-600x400.jpg"},"medium":{"file":"1__5JB5500.jpg-1900px-f2-300x200.jpg","width":300,"height":200,"mime-type":"image\/jpeg","filesize":26820,"source_url":"https:\/\/www.supremeyachts.hr\/wp-content\/uploads\/2023\/10\/1__5JB5500.jpg-1900px-f2-300x200.jpg"},"thumbnail":{"file":"1__5JB5500.jpg-1900px-f2-150x150.jpg","width":150,"height":150,"mime-type":"image\/jpeg","filesize":19708,"source_url":"https:\/\/www.supremeyachts.hr\/wp-content\/uploads\/2023\/10\/1__5JB5500.jpg-1900px-f2-150x150.jpg"},"medium_large":{"file":"1__5JB5500.jpg-1900px-f2-768x512.jpg","width":768,"height":512,"mime-type":"image\/jpeg","filesize":74665,"source_url":"https:\/\/www.supremeyachts.hr\/wp-content\/uploads\/2023\/10\/1__5JB5500.jpg-1900px-f2-768x512.jpg"}}},"alt_text":"","url":"","target":""},{"id":90,"title":"JEAN-BAPTISTE D'ENQUIN \/ BENETEAU FLYER 6","caption":"","full_image_url":"https:\/\/www.supremeyachts.hr\/wp-content\/uploads\/2023\/10\/1__5JB5394.jpg-1900px-f2.jpg","thumbnail_image_url":"https:\/\/www.supremeyachts.hr\/wp-content\/uploads\/2023\/10\/1__5JB5394.jpg-1900px-f2-150x150.jpg","large_srcset":"https:\/\/www.supremeyachts.hr\/wp-content\/uploads\/2023\/10\/1__5JB5394.jpg-1900px-f2.jpg 960w, https:\/\/www.supremeyachts.hr\/wp-content\/uploads\/2023\/10\/1__5JB5394.jpg-1900px-f2-600x400.jpg 600w, https:\/\/www.supremeyachts.hr\/wp-content\/uploads\/2023\/10\/1__5JB5394.jpg-1900px-f2-300x200.jpg 300w, https:\/\/www.supremeyachts.hr\/wp-content\/uploads\/2023\/10\/1__5JB5394.jpg-1900px-f2-768x512.jpg 768w","medium_srcset":"https:\/\/www.supremeyachts.hr\/wp-content\/uploads\/2023\/10\/1__5JB5394.jpg-1900px-f2-300x200.jpg 300w, https:\/\/www.supremeyachts.hr\/wp-content\/uploads\/2023\/10\/1__5JB5394.jpg-1900px-f2-600x400.jpg 600w, https:\/\/www.supremeyachts.hr\/wp-content\/uploads\/2023\/10\/1__5JB5394.jpg-1900px-f2-768x512.jpg 768w, https:\/\/www.supremeyachts.hr\/wp-content\/uploads\/2023\/10\/1__5JB5394.jpg-1900px-f2.jpg 960w","media_details":{"width":960,"height":640,"sizes":{"woocommerce_thumbnail":{"file":"1__5JB5394.jpg-1900px-f2-300x300.jpg","width":300,"height":300,"mime-type":"image\/jpeg","filesize":24834,"uncropped":false,"source_url":"https:\/\/www.supremeyachts.hr\/wp-content\/uploads\/2023\/10\/1__5JB5394.jpg-1900px-f2-300x300.jpg"},"woocommerce_gallery_thumbnail":{"file":"1__5JB5394.jpg-1900px-f2-100x100.jpg","width":100,"height":100,"mime-type":"image\/jpeg","filesize":4266,"source_url":"https:\/\/www.supremeyachts.hr\/wp-content\/uploads\/2023\/10\/1__5JB5394.jpg-1900px-f2-100x100.jpg"},"woocommerce_single":{"file":"1__5JB5394.jpg-1900px-f2-600x400.jpg","width":600,"height":400,"mime-type":"image\/jpeg","filesize":57702,"source_url":"https:\/\/www.supremeyachts.hr\/wp-content\/uploads\/2023\/10\/1__5JB5394.jpg-1900px-f2-600x400.jpg"},"medium":{"file":"1__5JB5394.jpg-1900px-f2-300x200.jpg","width":300,"height":200,"mime-type":"image\/jpeg","filesize":32865,"source_url":"https:\/\/www.supremeyachts.hr\/wp-content\/uploads\/2023\/10\/1__5JB5394.jpg-1900px-f2-300x200.jpg"},"thumbnail":{"file":"1__5JB5394.jpg-1900px-f2-150x150.jpg","width":150,"height":150,"mime-type":"image\/jpeg","filesize":21265,"source_url":"https:\/\/www.supremeyachts.hr\/wp-content\/uploads\/2023\/10\/1__5JB5394.jpg-1900px-f2-150x150.jpg"},"medium_large":{"file":"1__5JB5394.jpg-1900px-f2-768x512.jpg","width":768,"height":512,"mime-type":"image\/jpeg","filesize":122424,"source_url":"https:\/\/www.supremeyachts.hr\/wp-content\/uploads\/2023\/10\/1__5JB5394.jpg-1900px-f2-768x512.jpg"}}},"alt_text":"","url":"","target":""},{"id":89,"title":"JEAN-BAPTISTE D'ENQUIN \/ BENETEAU FLYER 6","caption":"","full_image_url":"https:\/\/www.supremeyachts.hr\/wp-content\/uploads\/2023\/10\/1__5JB5379.jpg-1900px-f2.jpg","thumbnail_image_url":"https:\/\/www.supremeyachts.hr\/wp-content\/uploads\/2023\/10\/1__5JB5379.jpg-1900px-f2-150x150.jpg","large_srcset":"https:\/\/www.supremeyachts.hr\/wp-content\/uploads\/2023\/10\/1__5JB5379.jpg-1900px-f2.jpg 960w, https:\/\/www.supremeyachts.hr\/wp-content\/uploads\/2023\/10\/1__5JB5379.jpg-1900px-f2-600x400.jpg 600w, https:\/\/www.supremeyachts.hr\/wp-content\/uploads\/2023\/10\/1__5JB5379.jpg-1900px-f2-300x200.jpg 300w, https:\/\/www.supremeyachts.hr\/wp-content\/uploads\/2023\/10\/1__5JB5379.jpg-1900px-f2-768x512.jpg 768w","medium_srcset":"https:\/\/www.supremeyachts.hr\/wp-content\/uploads\/2023\/10\/1__5JB5379.jpg-1900px-f2-300x200.jpg 300w, https:\/\/www.supremeyachts.hr\/wp-content\/uploads\/2023\/10\/1__5JB5379.jpg-1900px-f2-600x400.jpg 600w, https:\/\/www.supremeyachts.hr\/wp-content\/uploads\/2023\/10\/1__5JB5379.jpg-1900px-f2-768x512.jpg 768w, https:\/\/www.supremeyachts.hr\/wp-content\/uploads\/2023\/10\/1__5JB5379.jpg-1900px-f2.jpg 960w","media_details":{"width":960,"height":640,"sizes":{"woocommerce_thumbnail":{"file":"1__5JB5379.jpg-1900px-f2-300x300.jpg","width":300,"height":300,"mime-type":"image\/jpeg","filesize":20224,"uncropped":false,"source_url":"https:\/\/www.supremeyachts.hr\/wp-content\/uploads\/2023\/10\/1__5JB5379.jpg-1900px-f2-300x300.jpg"},"woocommerce_gallery_thumbnail":{"file":"1__5JB5379.jpg-1900px-f2-100x100.jpg","width":100,"height":100,"mime-type":"image\/jpeg","filesize":3616,"source_url":"https:\/\/www.supremeyachts.hr\/wp-content\/uploads\/2023\/10\/1__5JB5379.jpg-1900px-f2-100x100.jpg"},"woocommerce_single":{"file":"1__5JB5379.jpg-1900px-f2-600x400.jpg","width":600,"height":400,"mime-type":"image\/jpeg","filesize":44362,"source_url":"https:\/\/www.supremeyachts.hr\/wp-content\/uploads\/2023\/10\/1__5JB5379.jpg-1900px-f2-600x400.jpg"},"medium":{"file":"1__5JB5379.jpg-1900px-f2-300x200.jpg","width":300,"height":200,"mime-type":"image\/jpeg","filesize":28058,"source_url":"https:\/\/www.supremeyachts.hr\/wp-content\/uploads\/2023\/10\/1__5JB5379.jpg-1900px-f2-300x200.jpg"},"thumbnail":{"file":"1__5JB5379.jpg-1900px-f2-150x150.jpg","width":150,"height":150,"mime-type":"image\/jpeg","filesize":19369,"source_url":"https:\/\/www.supremeyachts.hr\/wp-content\/uploads\/2023\/10\/1__5JB5379.jpg-1900px-f2-150x150.jpg"},"medium_large":{"file":"1__5JB5379.jpg-1900px-f2-768x512.jpg","width":768,"height":512,"mime-type":"image\/jpeg","filesize":96275,"source_url":"https:\/\/www.supremeyachts.hr\/wp-content\/uploads\/2023\/10\/1__5JB5379.jpg-1900px-f2-768x512.jpg"}}},"alt_text":"","url":"","target":""},{"id":88,"title":"JEAN-BAPTISTE D'ENQUIN \/ BENETEAU FLYER 6","caption":"","full_image_url":"https:\/\/www.supremeyachts.hr\/wp-content\/uploads\/2023\/10\/1__5JB5371.jpg-1900px-f2.jpg","thumbnail_image_url":"https:\/\/www.supremeyachts.hr\/wp-content\/uploads\/2023\/10\/1__5JB5371.jpg-1900px-f2-150x150.jpg","large_srcset":"https:\/\/www.supremeyachts.hr\/wp-content\/uploads\/2023\/10\/1__5JB5371.jpg-1900px-f2.jpg 960w, https:\/\/www.supremeyachts.hr\/wp-content\/uploads\/2023\/10\/1__5JB5371.jpg-1900px-f2-600x400.jpg 600w, https:\/\/www.supremeyachts.hr\/wp-content\/uploads\/2023\/10\/1__5JB5371.jpg-1900px-f2-300x200.jpg 300w, https:\/\/www.supremeyachts.hr\/wp-content\/uploads\/2023\/10\/1__5JB5371.jpg-1900px-f2-768x512.jpg 768w","medium_srcset":"https:\/\/www.supremeyachts.hr\/wp-content\/uploads\/2023\/10\/1__5JB5371.jpg-1900px-f2-300x200.jpg 300w, https:\/\/www.supremeyachts.hr\/wp-content\/uploads\/2023\/10\/1__5JB5371.jpg-1900px-f2-600x400.jpg 600w, https:\/\/www.supremeyachts.hr\/wp-content\/uploads\/2023\/10\/1__5JB5371.jpg-1900px-f2-768x512.jpg 768w, https:\/\/www.supremeyachts.hr\/wp-content\/uploads\/2023\/10\/1__5JB5371.jpg-1900px-f2.jpg 960w","media_details":{"width":960,"height":640,"sizes":{"woocommerce_thumbnail":{"file":"1__5JB5371.jpg-1900px-f2-300x300.jpg","width":300,"height":300,"mime-type":"image\/jpeg","filesize":20562,"uncropped":false,"source_url":"https:\/\/www.supremeyachts.hr\/wp-content\/uploads\/2023\/10\/1__5JB5371.jpg-1900px-f2-300x300.jpg"},"woocommerce_gallery_thumbnail":{"file":"1__5JB5371.jpg-1900px-f2-100x100.jpg","width":100,"height":100,"mime-type":"image\/jpeg","filesize":3575,"source_url":"https:\/\/www.supremeyachts.hr\/wp-content\/uploads\/2023\/10\/1__5JB5371.jpg-1900px-f2-100x100.jpg"},"woocommerce_single":{"file":"1__5JB5371.jpg-1900px-f2-600x400.jpg","width":600,"height":400,"mime-type":"image\/jpeg","filesize":45753,"source_url":"https:\/\/www.supremeyachts.hr\/wp-content\/uploads\/2023\/10\/1__5JB5371.jpg-1900px-f2-600x400.jpg"},"medium":{"file":"1__5JB5371.jpg-1900px-f2-300x200.jpg","width":300,"height":200,"mime-type":"image\/jpeg","filesize":28609,"source_url":"https:\/\/www.supremeyachts.hr\/wp-content\/uploads\/2023\/10\/1__5JB5371.jpg-1900px-f2-300x200.jpg"},"thumbnail":{"file":"1__5JB5371.jpg-1900px-f2-150x150.jpg","width":150,"height":150,"mime-type":"image\/jpeg","filesize":19779,"source_url":"https:\/\/www.supremeyachts.hr\/wp-content\/uploads\/2023\/10\/1__5JB5371.jpg-1900px-f2-150x150.jpg"},"medium_large":{"file":"1__5JB5371.jpg-1900px-f2-768x512.jpg","width":768,"height":512,"mime-type":"image\/jpeg","filesize":99051,"source_url":"https:\/\/www.supremeyachts.hr\/wp-content\/uploads\/2023\/10\/1__5JB5371.jpg-1900px-f2-768x512.jpg"}}},"alt_text":"","url":"","target":""}],[],[],[{"id":120,"title":"JEAN-BAPTISTE D'ENQUIN \/ BENETEAU FLYER 6","caption":"","full_image_url":"https:\/\/www.supremeyachts.hr\/wp-content\/uploads\/2023\/10\/3__5JB7069.jpg-1900px-f2.jpg","thumbnail_image_url":"https:\/\/www.supremeyachts.hr\/wp-content\/uploads\/2023\/10\/3__5JB7069.jpg-1900px-f2-150x150.jpg","large_srcset":"https:\/\/www.supremeyachts.hr\/wp-content\/uploads\/2023\/10\/3__5JB7069.jpg-1900px-f2-682x1024.jpg 682w, https:\/\/www.supremeyachts.hr\/wp-content\/uploads\/2023\/10\/3__5JB7069.jpg-1900px-f2-600x901.jpg 600w, https:\/\/www.supremeyachts.hr\/wp-content\/uploads\/2023\/10\/3__5JB7069.jpg-1900px-f2-200x300.jpg 200w, https:\/\/www.supremeyachts.hr\/wp-content\/uploads\/2023\/10\/3__5JB7069.jpg-1900px-f2-768x1153.jpg 768w, https:\/\/www.supremeyachts.hr\/wp-content\/uploads\/2023\/10\/3__5JB7069.jpg-1900px-f2.jpg 960w","medium_srcset":"https:\/\/www.supremeyachts.hr\/wp-content\/uploads\/2023\/10\/3__5JB7069.jpg-1900px-f2-200x300.jpg 200w, https:\/\/www.supremeyachts.hr\/wp-content\/uploads\/2023\/10\/3__5JB7069.jpg-1900px-f2-600x901.jpg 600w, https:\/\/www.supremeyachts.hr\/wp-content\/uploads\/2023\/10\/3__5JB7069.jpg-1900px-f2-682x1024.jpg 682w, https:\/\/www.supremeyachts.hr\/wp-content\/uploads\/2023\/10\/3__5JB7069.jpg-1900px-f2-768x1153.jpg 768w, https:\/\/www.supremeyachts.hr\/wp-content\/uploads\/2023\/10\/3__5JB7069.jpg-1900px-f2.jpg 960w","media_details":{"width":960,"height":1441,"sizes":{"woocommerce_thumbnail":{"file":"3__5JB7069.jpg-1900px-f2-300x300.jpg","width":300,"height":300,"mime-type":"image\/jpeg","filesize":18772,"uncropped":false,"source_url":"https:\/\/www.supremeyachts.hr\/wp-content\/uploads\/2023\/10\/3__5JB7069.jpg-1900px-f2-300x300.jpg"},"woocommerce_gallery_thumbnail":{"file":"3__5JB7069.jpg-1900px-f2-100x100.jpg","width":100,"height":100,"mime-type":"image\/jpeg","filesize":3603,"source_url":"https:\/\/www.supremeyachts.hr\/wp-content\/uploads\/2023\/10\/3__5JB7069.jpg-1900px-f2-100x100.jpg"},"woocommerce_single":{"file":"3__5JB7069.jpg-1900px-f2-600x901.jpg","width":600,"height":901,"mime-type":"image\/jpeg","filesize":75516,"source_url":"https:\/\/www.supremeyachts.hr\/wp-content\/uploads\/2023\/10\/3__5JB7069.jpg-1900px-f2-600x901.jpg"},"medium":{"file":"3__5JB7069.jpg-1900px-f2-200x300.jpg","width":200,"height":300,"mime-type":"image\/jpeg","filesize":28050,"source_url":"https:\/\/www.supremeyachts.hr\/wp-content\/uploads\/2023\/10\/3__5JB7069.jpg-1900px-f2-200x300.jpg"},"large":{"file":"3__5JB7069.jpg-1900px-f2-682x1024.jpg","width":682,"height":1024,"mime-type":"image\/jpeg","filesize":131956,"source_url":"https:\/\/www.supremeyachts.hr\/wp-content\/uploads\/2023\/10\/3__5JB7069.jpg-1900px-f2-682x1024.jpg"},"thumbnail":{"file":"3__5JB7069.jpg-1900px-f2-150x150.jpg","width":150,"height":150,"mime-type":"image\/jpeg","filesize":19822,"source_url":"https:\/\/www.supremeyachts.hr\/wp-content\/uploads\/2023\/10\/3__5JB7069.jpg-1900px-f2-150x150.jpg"},"medium_large":{"file":"3__5JB7069.jpg-1900px-f2-768x1153.jpg","width":768,"height":1153,"mime-type":"image\/jpeg","filesize":156262,"source_url":"https:\/\/www.supremeyachts.hr\/wp-content\/uploads\/2023\/10\/3__5JB7069.jpg-1900px-f2-768x1153.jpg"}}},"alt_text":"","url":"","target":""},{"id":119,"title":"JEAN-BAPTISTE D'ENQUIN \/ BENETEAU FLYER 6","caption":"","full_image_url":"https:\/\/www.supremeyachts.hr\/wp-content\/uploads\/2023\/10\/3__5JB7061.jpg-1900px-f2.jpg","thumbnail_image_url":"https:\/\/www.supremeyachts.hr\/wp-content\/uploads\/2023\/10\/3__5JB7061.jpg-1900px-f2-150x150.jpg","large_srcset":"https:\/\/www.supremeyachts.hr\/wp-content\/uploads\/2023\/10\/3__5JB7061.jpg-1900px-f2.jpg 960w, https:\/\/www.supremeyachts.hr\/wp-content\/uploads\/2023\/10\/3__5JB7061.jpg-1900px-f2-600x400.jpg 600w, https:\/\/www.supremeyachts.hr\/wp-content\/uploads\/2023\/10\/3__5JB7061.jpg-1900px-f2-300x200.jpg 300w, https:\/\/www.supremeyachts.hr\/wp-content\/uploads\/2023\/10\/3__5JB7061.jpg-1900px-f2-768x512.jpg 768w","medium_srcset":"https:\/\/www.supremeyachts.hr\/wp-content\/uploads\/2023\/10\/3__5JB7061.jpg-1900px-f2-300x200.jpg 300w, https:\/\/www.supremeyachts.hr\/wp-content\/uploads\/2023\/10\/3__5JB7061.jpg-1900px-f2-600x400.jpg 600w, https:\/\/www.supremeyachts.hr\/wp-content\/uploads\/2023\/10\/3__5JB7061.jpg-1900px-f2-768x512.jpg 768w, https:\/\/www.supremeyachts.hr\/wp-content\/uploads\/2023\/10\/3__5JB7061.jpg-1900px-f2.jpg 960w","media_details":{"width":960,"height":640,"sizes":{"woocommerce_thumbnail":{"file":"3__5JB7061.jpg-1900px-f2-300x300.jpg","width":300,"height":300,"mime-type":"image\/jpeg","filesize":21411,"uncropped":false,"source_url":"https:\/\/www.supremeyachts.hr\/wp-content\/uploads\/2023\/10\/3__5JB7061.jpg-1900px-f2-300x300.jpg"},"woocommerce_gallery_thumbnail":{"file":"3__5JB7061.jpg-1900px-f2-100x100.jpg","width":100,"height":100,"mime-type":"image\/jpeg","filesize":3898,"source_url":"https:\/\/www.supremeyachts.hr\/wp-content\/uploads\/2023\/10\/3__5JB7061.jpg-1900px-f2-100x100.jpg"},"woocommerce_single":{"file":"3__5JB7061.jpg-1900px-f2-600x400.jpg","width":600,"height":400,"mime-type":"image\/jpeg","filesize":52649,"source_url":"https:\/\/www.supremeyachts.hr\/wp-content\/uploads\/2023\/10\/3__5JB7061.jpg-1900px-f2-600x400.jpg"},"medium":{"file":"3__5JB7061.jpg-1900px-f2-300x200.jpg","width":300,"height":200,"mime-type":"image\/jpeg","filesize":31484,"source_url":"https:\/\/www.supremeyachts.hr\/wp-content\/uploads\/2023\/10\/3__5JB7061.jpg-1900px-f2-300x200.jpg"},"thumbnail":{"file":"3__5JB7061.jpg-1900px-f2-150x150.jpg","width":150,"height":150,"mime-type":"image\/jpeg","filesize":20330,"source_url":"https:\/\/www.supremeyachts.hr\/wp-content\/uploads\/2023\/10\/3__5JB7061.jpg-1900px-f2-150x150.jpg"},"medium_large":{"file":"3__5JB7061.jpg-1900px-f2-768x512.jpg","width":768,"height":512,"mime-type":"image\/jpeg","filesize":108573,"source_url":"https:\/\/www.supremeyachts.hr\/wp-content\/uploads\/2023\/10\/3__5JB7061.jpg-1900px-f2-768x512.jpg"}}},"alt_text":"","url":"","target":""},{"id":118,"title":"JEAN-BAPTISTE D'ENQUIN \/ BENETEAU FLYER 6","caption":"","full_image_url":"https:\/\/www.supremeyachts.hr\/wp-content\/uploads\/2023\/10\/3__5JB7055.jpg-1900px-f2.jpg","thumbnail_image_url":"https:\/\/www.supremeyachts.hr\/wp-content\/uploads\/2023\/10\/3__5JB7055.jpg-1900px-f2-150x150.jpg","large_srcset":"https:\/\/www.supremeyachts.hr\/wp-content\/uploads\/2023\/10\/3__5JB7055.jpg-1900px-f2.jpg 960w, https:\/\/www.supremeyachts.hr\/wp-content\/uploads\/2023\/10\/3__5JB7055.jpg-1900px-f2-600x400.jpg 600w, https:\/\/www.supremeyachts.hr\/wp-content\/uploads\/2023\/10\/3__5JB7055.jpg-1900px-f2-300x200.jpg 300w, https:\/\/www.supremeyachts.hr\/wp-content\/uploads\/2023\/10\/3__5JB7055.jpg-1900px-f2-768x512.jpg 768w","medium_srcset":"https:\/\/www.supremeyachts.hr\/wp-content\/uploads\/2023\/10\/3__5JB7055.jpg-1900px-f2-300x200.jpg 300w, https:\/\/www.supremeyachts.hr\/wp-content\/uploads\/2023\/10\/3__5JB7055.jpg-1900px-f2-600x400.jpg 600w, https:\/\/www.supremeyachts.hr\/wp-content\/uploads\/2023\/10\/3__5JB7055.jpg-1900px-f2-768x512.jpg 768w, https:\/\/www.supremeyachts.hr\/wp-content\/uploads\/2023\/10\/3__5JB7055.jpg-1900px-f2.jpg 960w","media_details":{"width":960,"height":640,"sizes":{"woocommerce_thumbnail":{"file":"3__5JB7055.jpg-1900px-f2-300x300.jpg","width":300,"height":300,"mime-type":"image\/jpeg","filesize":25226,"uncropped":false,"source_url":"https:\/\/www.supremeyachts.hr\/wp-content\/uploads\/2023\/10\/3__5JB7055.jpg-1900px-f2-300x300.jpg"},"woocommerce_gallery_thumbnail":{"file":"3__5JB7055.jpg-1900px-f2-100x100.jpg","width":100,"height":100,"mime-type":"image\/jpeg","filesize":4517,"source_url":"https:\/\/www.supremeyachts.hr\/wp-content\/uploads\/2023\/10\/3__5JB7055.jpg-1900px-f2-100x100.jpg"},"woocommerce_single":{"file":"3__5JB7055.jpg-1900px-f2-600x400.jpg","width":600,"height":400,"mime-type":"image\/jpeg","filesize":57921,"source_url":"https:\/\/www.supremeyachts.hr\/wp-content\/uploads\/2023\/10\/3__5JB7055.jpg-1900px-f2-600x400.jpg"},"medium":{"file":"3__5JB7055.jpg-1900px-f2-300x200.jpg","width":300,"height":200,"mime-type":"image\/jpeg","filesize":32837,"source_url":"https:\/\/www.supremeyachts.hr\/wp-content\/uploads\/2023\/10\/3__5JB7055.jpg-1900px-f2-300x200.jpg"},"thumbnail":{"file":"3__5JB7055.jpg-1900px-f2-150x150.jpg","width":150,"height":150,"mime-type":"image\/jpeg","filesize":21332,"source_url":"https:\/\/www.supremeyachts.hr\/wp-content\/uploads\/2023\/10\/3__5JB7055.jpg-1900px-f2-150x150.jpg"},"medium_large":{"file":"3__5JB7055.jpg-1900px-f2-768x512.jpg","width":768,"height":512,"mime-type":"image\/jpeg","filesize":116580,"source_url":"https:\/\/www.supremeyachts.hr\/wp-content\/uploads\/2023\/10\/3__5JB7055.jpg-1900px-f2-768x512.jpg"}}},"alt_text":"","url":"","target":""},{"id":117,"title":"JEAN-BAPTISTE D'ENQUIN \/ BENETEAU FLYER 6","caption":"","full_image_url":"https:\/\/www.supremeyachts.hr\/wp-content\/uploads\/2023\/10\/3__5JB7047.jpg-1900px-f2.jpg","thumbnail_image_url":"https:\/\/www.supremeyachts.hr\/wp-content\/uploads\/2023\/10\/3__5JB7047.jpg-1900px-f2-150x150.jpg","large_srcset":"https:\/\/www.supremeyachts.hr\/wp-content\/uploads\/2023\/10\/3__5JB7047.jpg-1900px-f2-682x1024.jpg 682w, https:\/\/www.supremeyachts.hr\/wp-content\/uploads\/2023\/10\/3__5JB7047.jpg-1900px-f2-600x901.jpg 600w, https:\/\/www.supremeyachts.hr\/wp-content\/uploads\/2023\/10\/3__5JB7047.jpg-1900px-f2-200x300.jpg 200w, https:\/\/www.supremeyachts.hr\/wp-content\/uploads\/2023\/10\/3__5JB7047.jpg-1900px-f2-768x1153.jpg 768w, https:\/\/www.supremeyachts.hr\/wp-content\/uploads\/2023\/10\/3__5JB7047.jpg-1900px-f2.jpg 960w","medium_srcset":"https:\/\/www.supremeyachts.hr\/wp-content\/uploads\/2023\/10\/3__5JB7047.jpg-1900px-f2-200x300.jpg 200w, https:\/\/www.supremeyachts.hr\/wp-content\/uploads\/2023\/10\/3__5JB7047.jpg-1900px-f2-600x901.jpg 600w, https:\/\/www.supremeyachts.hr\/wp-content\/uploads\/2023\/10\/3__5JB7047.jpg-1900px-f2-682x1024.jpg 682w, https:\/\/www.supremeyachts.hr\/wp-content\/uploads\/2023\/10\/3__5JB7047.jpg-1900px-f2-768x1153.jpg 768w, https:\/\/www.supremeyachts.hr\/wp-content\/uploads\/2023\/10\/3__5JB7047.jpg-1900px-f2.jpg 960w","media_details":{"width":960,"height":1441,"sizes":{"woocommerce_thumbnail":{"file":"3__5JB7047.jpg-1900px-f2-300x300.jpg","width":300,"height":300,"mime-type":"image\/jpeg","filesize":22889,"uncropped":false,"source_url":"https:\/\/www.supremeyachts.hr\/wp-content\/uploads\/2023\/10\/3__5JB7047.jpg-1900px-f2-300x300.jpg"},"woocommerce_gallery_thumbnail":{"file":"3__5JB7047.jpg-1900px-f2-100x100.jpg","width":100,"height":100,"mime-type":"image\/jpeg","filesize":4085,"source_url":"https:\/\/www.supremeyachts.hr\/wp-content\/uploads\/2023\/10\/3__5JB7047.jpg-1900px-f2-100x100.jpg"},"woocommerce_single":{"file":"3__5JB7047.jpg-1900px-f2-600x901.jpg","width":600,"height":901,"mime-type":"image\/jpeg","filesize":87459,"source_url":"https:\/\/www.supremeyachts.hr\/wp-content\/uploads\/2023\/10\/3__5JB7047.jpg-1900px-f2-600x901.jpg"},"medium":{"file":"3__5JB7047.jpg-1900px-f2-200x300.jpg","width":200,"height":300,"mime-type":"image\/jpeg","filesize":29561,"source_url":"https:\/\/www.supremeyachts.hr\/wp-content\/uploads\/2023\/10\/3__5JB7047.jpg-1900px-f2-200x300.jpg"},"large":{"file":"3__5JB7047.jpg-1900px-f2-682x1024.jpg","width":682,"height":1024,"mime-type":"image\/jpeg","filesize":144536,"source_url":"https:\/\/www.supremeyachts.hr\/wp-content\/uploads\/2023\/10\/3__5JB7047.jpg-1900px-f2-682x1024.jpg"},"thumbnail":{"file":"3__5JB7047.jpg-1900px-f2-150x150.jpg","width":150,"height":150,"mime-type":"image\/jpeg","filesize":20637,"source_url":"https:\/\/www.supremeyachts.hr\/wp-content\/uploads\/2023\/10\/3__5JB7047.jpg-1900px-f2-150x150.jpg"},"medium_large":{"file":"3__5JB7047.jpg-1900px-f2-768x1153.jpg","width":768,"height":1153,"mime-type":"image\/jpeg","filesize":172494,"source_url":"https:\/\/www.supremeyachts.hr\/wp-content\/uploads\/2023\/10\/3__5JB7047.jpg-1900px-f2-768x1153.jpg"}}},"alt_text":"","url":"","target":""},{"id":116,"title":"JEAN-BAPTISTE D'ENQUIN \/ BENETEAU FLYER 6","caption":"","full_image_url":"https:\/\/www.supremeyachts.hr\/wp-content\/uploads\/2023\/10\/3__5JB7045.jpg-1900px-f2.jpg","thumbnail_image_url":"https:\/\/www.supremeyachts.hr\/wp-content\/uploads\/2023\/10\/3__5JB7045.jpg-1900px-f2-150x150.jpg","large_srcset":"https:\/\/www.supremeyachts.hr\/wp-content\/uploads\/2023\/10\/3__5JB7045.jpg-1900px-f2.jpg 960w, https:\/\/www.supremeyachts.hr\/wp-content\/uploads\/2023\/10\/3__5JB7045.jpg-1900px-f2-600x400.jpg 600w, https:\/\/www.supremeyachts.hr\/wp-content\/uploads\/2023\/10\/3__5JB7045.jpg-1900px-f2-300x200.jpg 300w, https:\/\/www.supremeyachts.hr\/wp-content\/uploads\/2023\/10\/3__5JB7045.jpg-1900px-f2-768x512.jpg 768w","medium_srcset":"https:\/\/www.supremeyachts.hr\/wp-content\/uploads\/2023\/10\/3__5JB7045.jpg-1900px-f2-300x200.jpg 300w, https:\/\/www.supremeyachts.hr\/wp-content\/uploads\/2023\/10\/3__5JB7045.jpg-1900px-f2-600x400.jpg 600w, https:\/\/www.supremeyachts.hr\/wp-content\/uploads\/2023\/10\/3__5JB7045.jpg-1900px-f2-768x512.jpg 768w, https:\/\/www.supremeyachts.hr\/wp-content\/uploads\/2023\/10\/3__5JB7045.jpg-1900px-f2.jpg 960w","media_details":{"width":960,"height":640,"sizes":{"woocommerce_thumbnail":{"file":"3__5JB7045.jpg-1900px-f2-300x300.jpg","width":300,"height":300,"mime-type":"image\/jpeg","filesize":22408,"uncropped":false,"source_url":"https:\/\/www.supremeyachts.hr\/wp-content\/uploads\/2023\/10\/3__5JB7045.jpg-1900px-f2-300x300.jpg"},"woocommerce_gallery_thumbnail":{"file":"3__5JB7045.jpg-1900px-f2-100x100.jpg","width":100,"height":100,"mime-type":"image\/jpeg","filesize":4120,"source_url":"https:\/\/www.supremeyachts.hr\/wp-content\/uploads\/2023\/10\/3__5JB7045.jpg-1900px-f2-100x100.jpg"},"woocommerce_single":{"file":"3__5JB7045.jpg-1900px-f2-600x400.jpg","width":600,"height":400,"mime-type":"image\/jpeg","filesize":52121,"source_url":"https:\/\/www.supremeyachts.hr\/wp-content\/uploads\/2023\/10\/3__5JB7045.jpg-1900px-f2-600x400.jpg"},"medium":{"file":"3__5JB7045.jpg-1900px-f2-300x200.jpg","width":300,"height":200,"mime-type":"image\/jpeg","filesize":31564,"source_url":"https:\/\/www.supremeyachts.hr\/wp-content\/uploads\/2023\/10\/3__5JB7045.jpg-1900px-f2-300x200.jpg"},"thumbnail":{"file":"3__5JB7045.jpg-1900px-f2-150x150.jpg","width":150,"height":150,"mime-type":"image\/jpeg","filesize":20712,"source_url":"https:\/\/www.supremeyachts.hr\/wp-content\/uploads\/2023\/10\/3__5JB7045.jpg-1900px-f2-150x150.jpg"},"medium_large":{"file":"3__5JB7045.jpg-1900px-f2-768x512.jpg","width":768,"height":512,"mime-type":"image\/jpeg","filesize":105896,"source_url":"https:\/\/www.supremeyachts.hr\/wp-content\/uploads\/2023\/10\/3__5JB7045.jpg-1900px-f2-768x512.jpg"}}},"alt_text":"","url":"","target":""},{"id":115,"title":"JEAN-BAPTISTE D'ENQUIN \/ BENETEAU FLYER 6","caption":"","full_image_url":"https:\/\/www.supremeyachts.hr\/wp-content\/uploads\/2023\/10\/3__5JB7022.jpg-1900px-f2.jpg","thumbnail_image_url":"https:\/\/www.supremeyachts.hr\/wp-content\/uploads\/2023\/10\/3__5JB7022.jpg-1900px-f2-150x150.jpg","large_srcset":"https:\/\/www.supremeyachts.hr\/wp-content\/uploads\/2023\/10\/3__5JB7022.jpg-1900px-f2.jpg 960w, https:\/\/www.supremeyachts.hr\/wp-content\/uploads\/2023\/10\/3__5JB7022.jpg-1900px-f2-600x400.jpg 600w, https:\/\/www.supremeyachts.hr\/wp-content\/uploads\/2023\/10\/3__5JB7022.jpg-1900px-f2-300x200.jpg 300w, https:\/\/www.supremeyachts.hr\/wp-content\/uploads\/2023\/10\/3__5JB7022.jpg-1900px-f2-768x512.jpg 768w","medium_srcset":"https:\/\/www.supremeyachts.hr\/wp-content\/uploads\/2023\/10\/3__5JB7022.jpg-1900px-f2-300x200.jpg 300w, https:\/\/www.supremeyachts.hr\/wp-content\/uploads\/2023\/10\/3__5JB7022.jpg-1900px-f2-600x400.jpg 600w, https:\/\/www.supremeyachts.hr\/wp-content\/uploads\/2023\/10\/3__5JB7022.jpg-1900px-f2-768x512.jpg 768w, https:\/\/www.supremeyachts.hr\/wp-content\/uploads\/2023\/10\/3__5JB7022.jpg-1900px-f2.jpg 960w","media_details":{"width":960,"height":640,"sizes":{"woocommerce_thumbnail":{"file":"3__5JB7022.jpg-1900px-f2-300x300.jpg","width":300,"height":300,"mime-type":"image\/jpeg","filesize":23500,"uncropped":false,"source_url":"https:\/\/www.supremeyachts.hr\/wp-content\/uploads\/2023\/10\/3__5JB7022.jpg-1900px-f2-300x300.jpg"},"woocommerce_gallery_thumbnail":{"file":"3__5JB7022.jpg-1900px-f2-100x100.jpg","width":100,"height":100,"mime-type":"image\/jpeg","filesize":4485,"source_url":"https:\/\/www.supremeyachts.hr\/wp-content\/uploads\/2023\/10\/3__5JB7022.jpg-1900px-f2-100x100.jpg"},"woocommerce_single":{"file":"3__5JB7022.jpg-1900px-f2-600x400.jpg","width":600,"height":400,"mime-type":"image\/jpeg","filesize":53546,"source_url":"https:\/\/www.supremeyachts.hr\/wp-content\/uploads\/2023\/10\/3__5JB7022.jpg-1900px-f2-600x400.jpg"},"medium":{"file":"3__5JB7022.jpg-1900px-f2-300x200.jpg","width":300,"height":200,"mime-type":"image\/jpeg","filesize":32702,"source_url":"https:\/\/www.supremeyachts.hr\/wp-content\/uploads\/2023\/10\/3__5JB7022.jpg-1900px-f2-300x200.jpg"},"thumbnail":{"file":"3__5JB7022.jpg-1900px-f2-150x150.jpg","width":150,"height":150,"mime-type":"image\/jpeg","filesize":21363,"source_url":"https:\/\/www.supremeyachts.hr\/wp-content\/uploads\/2023\/10\/3__5JB7022.jpg-1900px-f2-150x150.jpg"},"medium_large":{"file":"3__5JB7022.jpg-1900px-f2-768x512.jpg","width":768,"height":512,"mime-type":"image\/jpeg","filesize":109575,"source_url":"https:\/\/www.supremeyachts.hr\/wp-content\/uploads\/2023\/10\/3__5JB7022.jpg-1900px-f2-768x512.jpg"}}},"alt_text":"","url":"","target":""},{"id":114,"title":"JEAN-BAPTISTE D'ENQUIN \/ BENETEAU FLYER 6","caption":"","full_image_url":"https:\/\/www.supremeyachts.hr\/wp-content\/uploads\/2023\/10\/3__5JB7018.jpg-1900px-f2.jpg","thumbnail_image_url":"https:\/\/www.supremeyachts.hr\/wp-content\/uploads\/2023\/10\/3__5JB7018.jpg-1900px-f2-150x150.jpg","large_srcset":"https:\/\/www.supremeyachts.hr\/wp-content\/uploads\/2023\/10\/3__5JB7018.jpg-1900px-f2.jpg 960w, https:\/\/www.supremeyachts.hr\/wp-content\/uploads\/2023\/10\/3__5JB7018.jpg-1900px-f2-600x400.jpg 600w, https:\/\/www.supremeyachts.hr\/wp-content\/uploads\/2023\/10\/3__5JB7018.jpg-1900px-f2-300x200.jpg 300w, https:\/\/www.supremeyachts.hr\/wp-content\/uploads\/2023\/10\/3__5JB7018.jpg-1900px-f2-768x512.jpg 768w","medium_srcset":"https:\/\/www.supremeyachts.hr\/wp-content\/uploads\/2023\/10\/3__5JB7018.jpg-1900px-f2-300x200.jpg 300w, https:\/\/www.supremeyachts.hr\/wp-content\/uploads\/2023\/10\/3__5JB7018.jpg-1900px-f2-600x400.jpg 600w, https:\/\/www.supremeyachts.hr\/wp-content\/uploads\/2023\/10\/3__5JB7018.jpg-1900px-f2-768x512.jpg 768w, https:\/\/www.supremeyachts.hr\/wp-content\/uploads\/2023\/10\/3__5JB7018.jpg-1900px-f2.jpg 960w","media_details":{"width":960,"height":640,"sizes":{"woocommerce_thumbnail":{"file":"3__5JB7018.jpg-1900px-f2-300x300.jpg","width":300,"height":300,"mime-type":"image\/jpeg","filesize":26186,"uncropped":false,"source_url":"https:\/\/www.supremeyachts.hr\/wp-content\/uploads\/2023\/10\/3__5JB7018.jpg-1900px-f2-300x300.jpg"},"woocommerce_gallery_thumbnail":{"file":"3__5JB7018.jpg-1900px-f2-100x100.jpg","width":100,"height":100,"mime-type":"image\/jpeg","filesize":4636,"source_url":"https:\/\/www.supremeyachts.hr\/wp-content\/uploads\/2023\/10\/3__5JB7018.jpg-1900px-f2-100x100.jpg"},"woocommerce_single":{"file":"3__5JB7018.jpg-1900px-f2-600x400.jpg","width":600,"height":400,"mime-type":"image\/jpeg","filesize":57773,"source_url":"https:\/\/www.supremeyachts.hr\/wp-content\/uploads\/2023\/10\/3__5JB7018.jpg-1900px-f2-600x400.jpg"},"medium":{"file":"3__5JB7018.jpg-1900px-f2-300x200.jpg","width":300,"height":200,"mime-type":"image\/jpeg","filesize":33328,"source_url":"https:\/\/www.supremeyachts.hr\/wp-content\/uploads\/2023\/10\/3__5JB7018.jpg-1900px-f2-300x200.jpg"},"thumbnail":{"file":"3__5JB7018.jpg-1900px-f2-150x150.jpg","width":150,"height":150,"mime-type":"image\/jpeg","filesize":22028,"source_url":"https:\/\/www.supremeyachts.hr\/wp-content\/uploads\/2023\/10\/3__5JB7018.jpg-1900px-f2-150x150.jpg"},"medium_large":{"file":"3__5JB7018.jpg-1900px-f2-768x512.jpg","width":768,"height":512,"mime-type":"image\/jpeg","filesize":119073,"source_url":"https:\/\/www.supremeyachts.hr\/wp-content\/uploads\/2023\/10\/3__5JB7018.jpg-1900px-f2-768x512.jpg"}}},"alt_text":"","url":"","target":""},{"id":113,"title":"JEAN-BAPTISTE D'ENQUIN \/ BENETEAU FLYER 6","caption":"","full_image_url":"https:\/\/www.supremeyachts.hr\/wp-content\/uploads\/2023\/10\/3__5JB7004.jpg-1900px-f2.jpg","thumbnail_image_url":"https:\/\/www.supremeyachts.hr\/wp-content\/uploads\/2023\/10\/3__5JB7004.jpg-1900px-f2-150x150.jpg","large_srcset":"https:\/\/www.supremeyachts.hr\/wp-content\/uploads\/2023\/10\/3__5JB7004.jpg-1900px-f2.jpg 960w, https:\/\/www.supremeyachts.hr\/wp-content\/uploads\/2023\/10\/3__5JB7004.jpg-1900px-f2-600x400.jpg 600w, https:\/\/www.supremeyachts.hr\/wp-content\/uploads\/2023\/10\/3__5JB7004.jpg-1900px-f2-300x200.jpg 300w, https:\/\/www.supremeyachts.hr\/wp-content\/uploads\/2023\/10\/3__5JB7004.jpg-1900px-f2-768x512.jpg 768w","medium_srcset":"https:\/\/www.supremeyachts.hr\/wp-content\/uploads\/2023\/10\/3__5JB7004.jpg-1900px-f2-300x200.jpg 300w, https:\/\/www.supremeyachts.hr\/wp-content\/uploads\/2023\/10\/3__5JB7004.jpg-1900px-f2-600x400.jpg 600w, https:\/\/www.supremeyachts.hr\/wp-content\/uploads\/2023\/10\/3__5JB7004.jpg-1900px-f2-768x512.jpg 768w, https:\/\/www.supremeyachts.hr\/wp-content\/uploads\/2023\/10\/3__5JB7004.jpg-1900px-f2.jpg 960w","media_details":{"width":960,"height":640,"sizes":{"woocommerce_thumbnail":{"file":"3__5JB7004.jpg-1900px-f2-300x300.jpg","width":300,"height":300,"mime-type":"image\/jpeg","filesize":23869,"uncropped":false,"source_url":"https:\/\/www.supremeyachts.hr\/wp-content\/uploads\/2023\/10\/3__5JB7004.jpg-1900px-f2-300x300.jpg"},"woocommerce_gallery_thumbnail":{"file":"3__5JB7004.jpg-1900px-f2-100x100.jpg","width":100,"height":100,"mime-type":"image\/jpeg","filesize":4348,"source_url":"https:\/\/www.supremeyachts.hr\/wp-content\/uploads\/2023\/10\/3__5JB7004.jpg-1900px-f2-100x100.jpg"},"woocommerce_single":{"file":"3__5JB7004.jpg-1900px-f2-600x400.jpg","width":600,"height":400,"mime-type":"image\/jpeg","filesize":58633,"source_url":"https:\/\/www.supremeyachts.hr\/wp-content\/uploads\/2023\/10\/3__5JB7004.jpg-1900px-f2-600x400.jpg"},"medium":{"file":"3__5JB7004.jpg-1900px-f2-300x200.jpg","width":300,"height":200,"mime-type":"image\/jpeg","filesize":35455,"source_url":"https:\/\/www.supremeyachts.hr\/wp-content\/uploads\/2023\/10\/3__5JB7004.jpg-1900px-f2-300x200.jpg"},"thumbnail":{"file":"3__5JB7004.jpg-1900px-f2-150x150.jpg","width":150,"height":150,"mime-type":"image\/jpeg","filesize":22915,"source_url":"https:\/\/www.supremeyachts.hr\/wp-content\/uploads\/2023\/10\/3__5JB7004.jpg-1900px-f2-150x150.jpg"},"medium_large":{"file":"3__5JB7004.jpg-1900px-f2-768x512.jpg","width":768,"height":512,"mime-type":"image\/jpeg","filesize":121318,"source_url":"https:\/\/www.supremeyachts.hr\/wp-content\/uploads\/2023\/10\/3__5JB7004.jpg-1900px-f2-768x512.jpg"}}},"alt_text":"","url":"","target":""},{"id":112,"title":"JEAN-BAPTISTE D'ENQUIN \/ BENETEAU FLYER 6","caption":"","full_image_url":"https:\/\/www.supremeyachts.hr\/wp-content\/uploads\/2023\/10\/3__5JB6510.jpg-1900px-f2.jpg","thumbnail_image_url":"https:\/\/www.supremeyachts.hr\/wp-content\/uploads\/2023\/10\/3__5JB6510.jpg-1900px-f2-150x150.jpg","large_srcset":"https:\/\/www.supremeyachts.hr\/wp-content\/uploads\/2023\/10\/3__5JB6510.jpg-1900px-f2.jpg 960w, https:\/\/www.supremeyachts.hr\/wp-content\/uploads\/2023\/10\/3__5JB6510.jpg-1900px-f2-600x400.jpg 600w, https:\/\/www.supremeyachts.hr\/wp-content\/uploads\/2023\/10\/3__5JB6510.jpg-1900px-f2-300x200.jpg 300w, https:\/\/www.supremeyachts.hr\/wp-content\/uploads\/2023\/10\/3__5JB6510.jpg-1900px-f2-768x512.jpg 768w","medium_srcset":"https:\/\/www.supremeyachts.hr\/wp-content\/uploads\/2023\/10\/3__5JB6510.jpg-1900px-f2-300x200.jpg 300w, https:\/\/www.supremeyachts.hr\/wp-content\/uploads\/2023\/10\/3__5JB6510.jpg-1900px-f2-600x400.jpg 600w, https:\/\/www.supremeyachts.hr\/wp-content\/uploads\/2023\/10\/3__5JB6510.jpg-1900px-f2-768x512.jpg 768w, https:\/\/www.supremeyachts.hr\/wp-content\/uploads\/2023\/10\/3__5JB6510.jpg-1900px-f2.jpg 960w","media_details":{"width":960,"height":640,"sizes":{"woocommerce_thumbnail":{"file":"3__5JB6510.jpg-1900px-f2-300x300.jpg","width":300,"height":300,"mime-type":"image\/jpeg","filesize":20374,"uncropped":false,"source_url":"https:\/\/www.supremeyachts.hr\/wp-content\/uploads\/2023\/10\/3__5JB6510.jpg-1900px-f2-300x300.jpg"},"woocommerce_gallery_thumbnail":{"file":"3__5JB6510.jpg-1900px-f2-100x100.jpg","width":100,"height":100,"mime-type":"image\/jpeg","filesize":3729,"source_url":"https:\/\/www.supremeyachts.hr\/wp-content\/uploads\/2023\/10\/3__5JB6510.jpg-1900px-f2-100x100.jpg"},"woocommerce_single":{"file":"3__5JB6510.jpg-1900px-f2-600x400.jpg","width":600,"height":400,"mime-type":"image\/jpeg","filesize":48371,"source_url":"https:\/\/www.supremeyachts.hr\/wp-content\/uploads\/2023\/10\/3__5JB6510.jpg-1900px-f2-600x400.jpg"},"medium":{"file":"3__5JB6510.jpg-1900px-f2-300x200.jpg","width":300,"height":200,"mime-type":"image\/jpeg","filesize":28908,"source_url":"https:\/\/www.supremeyachts.hr\/wp-content\/uploads\/2023\/10\/3__5JB6510.jpg-1900px-f2-300x200.jpg"},"thumbnail":{"file":"3__5JB6510.jpg-1900px-f2-150x150.jpg","width":150,"height":150,"mime-type":"image\/jpeg","filesize":19535,"source_url":"https:\/\/www.supremeyachts.hr\/wp-content\/uploads\/2023\/10\/3__5JB6510.jpg-1900px-f2-150x150.jpg"},"medium_large":{"file":"3__5JB6510.jpg-1900px-f2-768x512.jpg","width":768,"height":512,"mime-type":"image\/jpeg","filesize":98756,"source_url":"https:\/\/www.supremeyachts.hr\/wp-content\/uploads\/2023\/10\/3__5JB6510.jpg-1900px-f2-768x512.jpg"}}},"alt_text":"","url":"","target":""},{"id":111,"title":"JEAN-BAPTISTE D'ENQUIN \/ BENETEAU FLYER 6","caption":"","full_image_url":"https:\/\/www.supremeyachts.hr\/wp-content\/uploads\/2023\/10\/3__5JB6504.jpg-1900px-f2.jpg","thumbnail_image_url":"https:\/\/www.supremeyachts.hr\/wp-content\/uploads\/2023\/10\/3__5JB6504.jpg-1900px-f2-150x150.jpg","large_srcset":"https:\/\/www.supremeyachts.hr\/wp-content\/uploads\/2023\/10\/3__5JB6504.jpg-1900px-f2.jpg 960w, https:\/\/www.supremeyachts.hr\/wp-content\/uploads\/2023\/10\/3__5JB6504.jpg-1900px-f2-600x400.jpg 600w, https:\/\/www.supremeyachts.hr\/wp-content\/uploads\/2023\/10\/3__5JB6504.jpg-1900px-f2-300x200.jpg 300w, https:\/\/www.supremeyachts.hr\/wp-content\/uploads\/2023\/10\/3__5JB6504.jpg-1900px-f2-768x512.jpg 768w","medium_srcset":"https:\/\/www.supremeyachts.hr\/wp-content\/uploads\/2023\/10\/3__5JB6504.jpg-1900px-f2-300x200.jpg 300w, https:\/\/www.supremeyachts.hr\/wp-content\/uploads\/2023\/10\/3__5JB6504.jpg-1900px-f2-600x400.jpg 600w, https:\/\/www.supremeyachts.hr\/wp-content\/uploads\/2023\/10\/3__5JB6504.jpg-1900px-f2-768x512.jpg 768w, https:\/\/www.supremeyachts.hr\/wp-content\/uploads\/2023\/10\/3__5JB6504.jpg-1900px-f2.jpg 960w","media_details":{"width":960,"height":640,"sizes":{"woocommerce_thumbnail":{"file":"3__5JB6504.jpg-1900px-f2-300x300.jpg","width":300,"height":300,"mime-type":"image\/jpeg","filesize":21420,"uncropped":false,"source_url":"https:\/\/www.supremeyachts.hr\/wp-content\/uploads\/2023\/10\/3__5JB6504.jpg-1900px-f2-300x300.jpg"},"woocommerce_gallery_thumbnail":{"file":"3__5JB6504.jpg-1900px-f2-100x100.jpg","width":100,"height":100,"mime-type":"image\/jpeg","filesize":4157,"source_url":"https:\/\/www.supremeyachts.hr\/wp-content\/uploads\/2023\/10\/3__5JB6504.jpg-1900px-f2-100x100.jpg"},"woocommerce_single":{"file":"3__5JB6504.jpg-1900px-f2-600x400.jpg","width":600,"height":400,"mime-type":"image\/jpeg","filesize":45996,"source_url":"https:\/\/www.supremeyachts.hr\/wp-content\/uploads\/2023\/10\/3__5JB6504.jpg-1900px-f2-600x400.jpg"},"medium":{"file":"3__5JB6504.jpg-1900px-f2-300x200.jpg","width":300,"height":200,"mime-type":"image\/jpeg","filesize":31118,"source_url":"https:\/\/www.supremeyachts.hr\/wp-content\/uploads\/2023\/10\/3__5JB6504.jpg-1900px-f2-300x200.jpg"},"thumbnail":{"file":"3__5JB6504.jpg-1900px-f2-150x150.jpg","width":150,"height":150,"mime-type":"image\/jpeg","filesize":21028,"source_url":"https:\/\/www.supremeyachts.hr\/wp-content\/uploads\/2023\/10\/3__5JB6504.jpg-1900px-f2-150x150.jpg"},"medium_large":{"file":"3__5JB6504.jpg-1900px-f2-768x512.jpg","width":768,"height":512,"mime-type":"image\/jpeg","filesize":99503,"source_url":"https:\/\/www.supremeyachts.hr\/wp-content\/uploads\/2023\/10\/3__5JB6504.jpg-1900px-f2-768x512.jpg"}}},"alt_text":"","url":"","target":""},{"id":110,"title":"3__5JB6435.jpeg-1900px-f2","caption":"","full_image_url":"https:\/\/www.supremeyachts.hr\/wp-content\/uploads\/2023\/10\/3__5JB6435.jpeg-1900px-f2.jpg","thumbnail_image_url":"https:\/\/www.supremeyachts.hr\/wp-content\/uploads\/2023\/10\/3__5JB6435.jpeg-1900px-f2-150x150.jpg","large_srcset":"https:\/\/www.supremeyachts.hr\/wp-content\/uploads\/2023\/10\/3__5JB6435.jpeg-1900px-f2.jpg 960w, https:\/\/www.supremeyachts.hr\/wp-content\/uploads\/2023\/10\/3__5JB6435.jpeg-1900px-f2-600x400.jpg 600w, https:\/\/www.supremeyachts.hr\/wp-content\/uploads\/2023\/10\/3__5JB6435.jpeg-1900px-f2-300x200.jpg 300w, https:\/\/www.supremeyachts.hr\/wp-content\/uploads\/2023\/10\/3__5JB6435.jpeg-1900px-f2-768x512.jpg 768w","medium_srcset":"https:\/\/www.supremeyachts.hr\/wp-content\/uploads\/2023\/10\/3__5JB6435.jpeg-1900px-f2-300x200.jpg 300w, https:\/\/www.supremeyachts.hr\/wp-content\/uploads\/2023\/10\/3__5JB6435.jpeg-1900px-f2-600x400.jpg 600w, https:\/\/www.supremeyachts.hr\/wp-content\/uploads\/2023\/10\/3__5JB6435.jpeg-1900px-f2-768x512.jpg 768w, https:\/\/www.supremeyachts.hr\/wp-content\/uploads\/2023\/10\/3__5JB6435.jpeg-1900px-f2.jpg 960w","media_details":{"width":960,"height":640,"sizes":{"woocommerce_thumbnail":{"file":"3__5JB6435.jpeg-1900px-f2-300x300.jpg","width":300,"height":300,"mime-type":"image\/jpeg","filesize":20257,"uncropped":false,"source_url":"https:\/\/www.supremeyachts.hr\/wp-content\/uploads\/2023\/10\/3__5JB6435.jpeg-1900px-f2-300x300.jpg"},"woocommerce_gallery_thumbnail":{"file":"3__5JB6435.jpeg-1900px-f2-100x100.jpg","width":100,"height":100,"mime-type":"image\/jpeg","filesize":4029,"source_url":"https:\/\/www.supremeyachts.hr\/wp-content\/uploads\/2023\/10\/3__5JB6435.jpeg-1900px-f2-100x100.jpg"},"woocommerce_single":{"file":"3__5JB6435.jpeg-1900px-f2-600x400.jpg","width":600,"height":400,"mime-type":"image\/jpeg","filesize":42560,"source_url":"https:\/\/www.supremeyachts.hr\/wp-content\/uploads\/2023\/10\/3__5JB6435.jpeg-1900px-f2-600x400.jpg"},"medium":{"file":"3__5JB6435.jpeg-1900px-f2-300x200.jpg","width":300,"height":200,"mime-type":"image\/jpeg","filesize":24826,"source_url":"https:\/\/www.supremeyachts.hr\/wp-content\/uploads\/2023\/10\/3__5JB6435.jpeg-1900px-f2-300x200.jpg"},"thumbnail":{"file":"3__5JB6435.jpeg-1900px-f2-150x150.jpg","width":150,"height":150,"mime-type":"image\/jpeg","filesize":18189,"source_url":"https:\/\/www.supremeyachts.hr\/wp-content\/uploads\/2023\/10\/3__5JB6435.jpeg-1900px-f2-150x150.jpg"},"medium_large":{"file":"3__5JB6435.jpeg-1900px-f2-768x512.jpg","width":768,"height":512,"mime-type":"image\/jpeg","filesize":71373,"source_url":"https:\/\/www.supremeyachts.hr\/wp-content\/uploads\/2023\/10\/3__5JB6435.jpeg-1900px-f2-768x512.jpg"}}},"alt_text":"","url":"","target":""},{"id":109,"title":"JEAN-BAPTISTE D'ENQUIN \/ BENETEAU FLYER 6","caption":"","full_image_url":"https:\/\/www.supremeyachts.hr\/wp-content\/uploads\/2023\/10\/3__5JB6363.jpg-1900px-f2.jpg","thumbnail_image_url":"https:\/\/www.supremeyachts.hr\/wp-content\/uploads\/2023\/10\/3__5JB6363.jpg-1900px-f2-150x150.jpg","large_srcset":"https:\/\/www.supremeyachts.hr\/wp-content\/uploads\/2023\/10\/3__5JB6363.jpg-1900px-f2.jpg 960w, https:\/\/www.supremeyachts.hr\/wp-content\/uploads\/2023\/10\/3__5JB6363.jpg-1900px-f2-600x400.jpg 600w, https:\/\/www.supremeyachts.hr\/wp-content\/uploads\/2023\/10\/3__5JB6363.jpg-1900px-f2-300x200.jpg 300w, https:\/\/www.supremeyachts.hr\/wp-content\/uploads\/2023\/10\/3__5JB6363.jpg-1900px-f2-768x512.jpg 768w","medium_srcset":"https:\/\/www.supremeyachts.hr\/wp-content\/uploads\/2023\/10\/3__5JB6363.jpg-1900px-f2-300x200.jpg 300w, https:\/\/www.supremeyachts.hr\/wp-content\/uploads\/2023\/10\/3__5JB6363.jpg-1900px-f2-600x400.jpg 600w, https:\/\/www.supremeyachts.hr\/wp-content\/uploads\/2023\/10\/3__5JB6363.jpg-1900px-f2-768x512.jpg 768w, https:\/\/www.supremeyachts.hr\/wp-content\/uploads\/2023\/10\/3__5JB6363.jpg-1900px-f2.jpg 960w","media_details":{"width":960,"height":640,"sizes":{"woocommerce_thumbnail":{"file":"3__5JB6363.jpg-1900px-f2-300x300.jpg","width":300,"height":300,"mime-type":"image\/jpeg","filesize":16504,"uncropped":false,"source_url":"https:\/\/www.supremeyachts.hr\/wp-content\/uploads\/2023\/10\/3__5JB6363.jpg-1900px-f2-300x300.jpg"},"woocommerce_gallery_thumbnail":{"file":"3__5JB6363.jpg-1900px-f2-100x100.jpg","width":100,"height":100,"mime-type":"image\/jpeg","filesize":3461,"source_url":"https:\/\/www.supremeyachts.hr\/wp-content\/uploads\/2023\/10\/3__5JB6363.jpg-1900px-f2-100x100.jpg"},"woocommerce_single":{"file":"3__5JB6363.jpg-1900px-f2-600x400.jpg","width":600,"height":400,"mime-type":"image\/jpeg","filesize":36536,"source_url":"https:\/\/www.supremeyachts.hr\/wp-content\/uploads\/2023\/10\/3__5JB6363.jpg-1900px-f2-600x400.jpg"},"medium":{"file":"3__5JB6363.jpg-1900px-f2-300x200.jpg","width":300,"height":200,"mime-type":"image\/jpeg","filesize":27076,"source_url":"https:\/\/www.supremeyachts.hr\/wp-content\/uploads\/2023\/10\/3__5JB6363.jpg-1900px-f2-300x200.jpg"},"thumbnail":{"file":"3__5JB6363.jpg-1900px-f2-150x150.jpg","width":150,"height":150,"mime-type":"image\/jpeg","filesize":18956,"source_url":"https:\/\/www.supremeyachts.hr\/wp-content\/uploads\/2023\/10\/3__5JB6363.jpg-1900px-f2-150x150.jpg"},"medium_large":{"file":"3__5JB6363.jpg-1900px-f2-768x512.jpg","width":768,"height":512,"mime-type":"image\/jpeg","filesize":78960,"source_url":"https:\/\/www.supremeyachts.hr\/wp-content\/uploads\/2023\/10\/3__5JB6363.jpg-1900px-f2-768x512.jpg"}}},"alt_text":"","url":"","target":""},{"id":108,"title":"JEAN-BAPTISTE D'ENQUIN \/ BENETEAU FLYER 6","caption":"","full_image_url":"https:\/\/www.supremeyachts.hr\/wp-content\/uploads\/2023\/10\/3__5JB6316.jpg-1900px-f2.jpg","thumbnail_image_url":"https:\/\/www.supremeyachts.hr\/wp-content\/uploads\/2023\/10\/3__5JB6316.jpg-1900px-f2-150x150.jpg","large_srcset":"https:\/\/www.supremeyachts.hr\/wp-content\/uploads\/2023\/10\/3__5JB6316.jpg-1900px-f2.jpg 960w, https:\/\/www.supremeyachts.hr\/wp-content\/uploads\/2023\/10\/3__5JB6316.jpg-1900px-f2-600x400.jpg 600w, https:\/\/www.supremeyachts.hr\/wp-content\/uploads\/2023\/10\/3__5JB6316.jpg-1900px-f2-300x200.jpg 300w, https:\/\/www.supremeyachts.hr\/wp-content\/uploads\/2023\/10\/3__5JB6316.jpg-1900px-f2-768x512.jpg 768w","medium_srcset":"https:\/\/www.supremeyachts.hr\/wp-content\/uploads\/2023\/10\/3__5JB6316.jpg-1900px-f2-300x200.jpg 300w, https:\/\/www.supremeyachts.hr\/wp-content\/uploads\/2023\/10\/3__5JB6316.jpg-1900px-f2-600x400.jpg 600w, https:\/\/www.supremeyachts.hr\/wp-content\/uploads\/2023\/10\/3__5JB6316.jpg-1900px-f2-768x512.jpg 768w, https:\/\/www.supremeyachts.hr\/wp-content\/uploads\/2023\/10\/3__5JB6316.jpg-1900px-f2.jpg 960w","media_details":{"width":960,"height":640,"sizes":{"woocommerce_thumbnail":{"file":"3__5JB6316.jpg-1900px-f2-300x300.jpg","width":300,"height":300,"mime-type":"image\/jpeg","filesize":17848,"uncropped":false,"source_url":"https:\/\/www.supremeyachts.hr\/wp-content\/uploads\/2023\/10\/3__5JB6316.jpg-1900px-f2-300x300.jpg"},"woocommerce_gallery_thumbnail":{"file":"3__5JB6316.jpg-1900px-f2-100x100.jpg","width":100,"height":100,"mime-type":"image\/jpeg","filesize":3520,"source_url":"https:\/\/www.supremeyachts.hr\/wp-content\/uploads\/2023\/10\/3__5JB6316.jpg-1900px-f2-100x100.jpg"},"woocommerce_single":{"file":"3__5JB6316.jpg-1900px-f2-600x400.jpg","width":600,"height":400,"mime-type":"image\/jpeg","filesize":42230,"source_url":"https:\/\/www.supremeyachts.hr\/wp-content\/uploads\/2023\/10\/3__5JB6316.jpg-1900px-f2-600x400.jpg"},"medium":{"file":"3__5JB6316.jpg-1900px-f2-300x200.jpg","width":300,"height":200,"mime-type":"image\/jpeg","filesize":28422,"source_url":"https:\/\/www.supremeyachts.hr\/wp-content\/uploads\/2023\/10\/3__5JB6316.jpg-1900px-f2-300x200.jpg"},"thumbnail":{"file":"3__5JB6316.jpg-1900px-f2-150x150.jpg","width":150,"height":150,"mime-type":"image\/jpeg","filesize":19272,"source_url":"https:\/\/www.supremeyachts.hr\/wp-content\/uploads\/2023\/10\/3__5JB6316.jpg-1900px-f2-150x150.jpg"},"medium_large":{"file":"3__5JB6316.jpg-1900px-f2-768x512.jpg","width":768,"height":512,"mime-type":"image\/jpeg","filesize":86911,"source_url":"https:\/\/www.supremeyachts.hr\/wp-content\/uploads\/2023\/10\/3__5JB6316.jpg-1900px-f2-768x512.jpg"}}},"alt_text":"","url":"","target":""},{"id":107,"title":"JEAN-BAPTISTE D'ENQUIN \/ BENETEAU FLYER 6","caption":"","full_image_url":"https:\/\/www.supremeyachts.hr\/wp-content\/uploads\/2023\/10\/3__5JB6289.jpg-1900px-f2.jpg","thumbnail_image_url":"https:\/\/www.supremeyachts.hr\/wp-content\/uploads\/2023\/10\/3__5JB6289.jpg-1900px-f2-150x150.jpg","large_srcset":"https:\/\/www.supremeyachts.hr\/wp-content\/uploads\/2023\/10\/3__5JB6289.jpg-1900px-f2.jpg 960w, https:\/\/www.supremeyachts.hr\/wp-content\/uploads\/2023\/10\/3__5JB6289.jpg-1900px-f2-600x400.jpg 600w, https:\/\/www.supremeyachts.hr\/wp-content\/uploads\/2023\/10\/3__5JB6289.jpg-1900px-f2-300x200.jpg 300w, https:\/\/www.supremeyachts.hr\/wp-content\/uploads\/2023\/10\/3__5JB6289.jpg-1900px-f2-768x512.jpg 768w","medium_srcset":"https:\/\/www.supremeyachts.hr\/wp-content\/uploads\/2023\/10\/3__5JB6289.jpg-1900px-f2-300x200.jpg 300w, https:\/\/www.supremeyachts.hr\/wp-content\/uploads\/2023\/10\/3__5JB6289.jpg-1900px-f2-600x400.jpg 600w, https:\/\/www.supremeyachts.hr\/wp-content\/uploads\/2023\/10\/3__5JB6289.jpg-1900px-f2-768x512.jpg 768w, https:\/\/www.supremeyachts.hr\/wp-content\/uploads\/2023\/10\/3__5JB6289.jpg-1900px-f2.jpg 960w","media_details":{"width":960,"height":640,"sizes":{"woocommerce_thumbnail":{"file":"3__5JB6289.jpg-1900px-f2-300x300.jpg","width":300,"height":300,"mime-type":"image\/jpeg","filesize":16581,"uncropped":false,"source_url":"https:\/\/www.supremeyachts.hr\/wp-content\/uploads\/2023\/10\/3__5JB6289.jpg-1900px-f2-300x300.jpg"},"woocommerce_gallery_thumbnail":{"file":"3__5JB6289.jpg-1900px-f2-100x100.jpg","width":100,"height":100,"mime-type":"image\/jpeg","filesize":3546,"source_url":"https:\/\/www.supremeyachts.hr\/wp-content\/uploads\/2023\/10\/3__5JB6289.jpg-1900px-f2-100x100.jpg"},"woocommerce_single":{"file":"3__5JB6289.jpg-1900px-f2-600x400.jpg","width":600,"height":400,"mime-type":"image\/jpeg","filesize":39672,"source_url":"https:\/\/www.supremeyachts.hr\/wp-content\/uploads\/2023\/10\/3__5JB6289.jpg-1900px-f2-600x400.jpg"},"medium":{"file":"3__5JB6289.jpg-1900px-f2-300x200.jpg","width":300,"height":200,"mime-type":"image\/jpeg","filesize":27951,"source_url":"https:\/\/www.supremeyachts.hr\/wp-content\/uploads\/2023\/10\/3__5JB6289.jpg-1900px-f2-300x200.jpg"},"thumbnail":{"file":"3__5JB6289.jpg-1900px-f2-150x150.jpg","width":150,"height":150,"mime-type":"image\/jpeg","filesize":19115,"source_url":"https:\/\/www.supremeyachts.hr\/wp-content\/uploads\/2023\/10\/3__5JB6289.jpg-1900px-f2-150x150.jpg"},"medium_large":{"file":"3__5JB6289.jpg-1900px-f2-768x512.jpg","width":768,"height":512,"mime-type":"image\/jpeg","filesize":82508,"source_url":"https:\/\/www.supremeyachts.hr\/wp-content\/uploads\/2023\/10\/3__5JB6289.jpg-1900px-f2-768x512.jpg"}}},"alt_text":"","url":"","target":""},{"id":106,"title":"JEAN-BAPTISTE D'ENQUIN \/ BENETEAU FLYER 6","caption":"","full_image_url":"https:\/\/www.supremeyachts.hr\/wp-content\/uploads\/2023\/10\/3__5JB6281.jpg-1900px-f2.jpg","thumbnail_image_url":"https:\/\/www.supremeyachts.hr\/wp-content\/uploads\/2023\/10\/3__5JB6281.jpg-1900px-f2-150x150.jpg","large_srcset":"https:\/\/www.supremeyachts.hr\/wp-content\/uploads\/2023\/10\/3__5JB6281.jpg-1900px-f2.jpg 960w, https:\/\/www.supremeyachts.hr\/wp-content\/uploads\/2023\/10\/3__5JB6281.jpg-1900px-f2-600x400.jpg 600w, https:\/\/www.supremeyachts.hr\/wp-content\/uploads\/2023\/10\/3__5JB6281.jpg-1900px-f2-300x200.jpg 300w, https:\/\/www.supremeyachts.hr\/wp-content\/uploads\/2023\/10\/3__5JB6281.jpg-1900px-f2-768x512.jpg 768w","medium_srcset":"https:\/\/www.supremeyachts.hr\/wp-content\/uploads\/2023\/10\/3__5JB6281.jpg-1900px-f2-300x200.jpg 300w, https:\/\/www.supremeyachts.hr\/wp-content\/uploads\/2023\/10\/3__5JB6281.jpg-1900px-f2-600x400.jpg 600w, https:\/\/www.supremeyachts.hr\/wp-content\/uploads\/2023\/10\/3__5JB6281.jpg-1900px-f2-768x512.jpg 768w, https:\/\/www.supremeyachts.hr\/wp-content\/uploads\/2023\/10\/3__5JB6281.jpg-1900px-f2.jpg 960w","media_details":{"width":960,"height":640,"sizes":{"woocommerce_thumbnail":{"file":"3__5JB6281.jpg-1900px-f2-300x300.jpg","width":300,"height":300,"mime-type":"image\/jpeg","filesize":21870,"uncropped":false,"source_url":"https:\/\/www.supremeyachts.hr\/wp-content\/uploads\/2023\/10\/3__5JB6281.jpg-1900px-f2-300x300.jpg"},"woocommerce_gallery_thumbnail":{"file":"3__5JB6281.jpg-1900px-f2-100x100.jpg","width":100,"height":100,"mime-type":"image\/jpeg","filesize":4028,"source_url":"https:\/\/www.supremeyachts.hr\/wp-content\/uploads\/2023\/10\/3__5JB6281.jpg-1900px-f2-100x100.jpg"},"woocommerce_single":{"file":"3__5JB6281.jpg-1900px-f2-600x400.jpg","width":600,"height":400,"mime-type":"image\/jpeg","filesize":47646,"source_url":"https:\/\/www.supremeyachts.hr\/wp-content\/uploads\/2023\/10\/3__5JB6281.jpg-1900px-f2-600x400.jpg"},"medium":{"file":"3__5JB6281.jpg-1900px-f2-300x200.jpg","width":300,"height":200,"mime-type":"image\/jpeg","filesize":30469,"source_url":"https:\/\/www.supremeyachts.hr\/wp-content\/uploads\/2023\/10\/3__5JB6281.jpg-1900px-f2-300x200.jpg"},"thumbnail":{"file":"3__5JB6281.jpg-1900px-f2-150x150.jpg","width":150,"height":150,"mime-type":"image\/jpeg","filesize":20497,"source_url":"https:\/\/www.supremeyachts.hr\/wp-content\/uploads\/2023\/10\/3__5JB6281.jpg-1900px-f2-150x150.jpg"},"medium_large":{"file":"3__5JB6281.jpg-1900px-f2-768x512.jpg","width":768,"height":512,"mime-type":"image\/jpeg","filesize":99640,"source_url":"https:\/\/www.supremeyachts.hr\/wp-content\/uploads\/2023\/10\/3__5JB6281.jpg-1900px-f2-768x512.jpg"}}},"alt_text":"","url":"","target":""},{"id":105,"title":"JEAN-BAPTISTE D'ENQUIN \/ BENETEAU FLYER 6","caption":"","full_image_url":"https:\/\/www.supremeyachts.hr\/wp-content\/uploads\/2023\/10\/3__5JB6276.jpg-1900px-f2.jpg","thumbnail_image_url":"https:\/\/www.supremeyachts.hr\/wp-content\/uploads\/2023\/10\/3__5JB6276.jpg-1900px-f2-150x150.jpg","large_srcset":"https:\/\/www.supremeyachts.hr\/wp-content\/uploads\/2023\/10\/3__5JB6276.jpg-1900px-f2-682x1024.jpg 682w, https:\/\/www.supremeyachts.hr\/wp-content\/uploads\/2023\/10\/3__5JB6276.jpg-1900px-f2-600x901.jpg 600w, https:\/\/www.supremeyachts.hr\/wp-content\/uploads\/2023\/10\/3__5JB6276.jpg-1900px-f2-200x300.jpg 200w, https:\/\/www.supremeyachts.hr\/wp-content\/uploads\/2023\/10\/3__5JB6276.jpg-1900px-f2-768x1153.jpg 768w, https:\/\/www.supremeyachts.hr\/wp-content\/uploads\/2023\/10\/3__5JB6276.jpg-1900px-f2.jpg 960w","medium_srcset":"https:\/\/www.supremeyachts.hr\/wp-content\/uploads\/2023\/10\/3__5JB6276.jpg-1900px-f2-200x300.jpg 200w, https:\/\/www.supremeyachts.hr\/wp-content\/uploads\/2023\/10\/3__5JB6276.jpg-1900px-f2-600x901.jpg 600w, https:\/\/www.supremeyachts.hr\/wp-content\/uploads\/2023\/10\/3__5JB6276.jpg-1900px-f2-682x1024.jpg 682w, https:\/\/www.supremeyachts.hr\/wp-content\/uploads\/2023\/10\/3__5JB6276.jpg-1900px-f2-768x1153.jpg 768w, https:\/\/www.supremeyachts.hr\/wp-content\/uploads\/2023\/10\/3__5JB6276.jpg-1900px-f2.jpg 960w","media_details":{"width":960,"height":1441,"sizes":{"woocommerce_thumbnail":{"file":"3__5JB6276.jpg-1900px-f2-300x300.jpg","width":300,"height":300,"mime-type":"image\/jpeg","filesize":24889,"uncropped":false,"source_url":"https:\/\/www.supremeyachts.hr\/wp-content\/uploads\/2023\/10\/3__5JB6276.jpg-1900px-f2-300x300.jpg"},"woocommerce_gallery_thumbnail":{"file":"3__5JB6276.jpg-1900px-f2-100x100.jpg","width":100,"height":100,"mime-type":"image\/jpeg","filesize":4315,"source_url":"https:\/\/www.supremeyachts.hr\/wp-content\/uploads\/2023\/10\/3__5JB6276.jpg-1900px-f2-100x100.jpg"},"woocommerce_single":{"file":"3__5JB6276.jpg-1900px-f2-600x901.jpg","width":600,"height":901,"mime-type":"image\/jpeg","filesize":102241,"source_url":"https:\/\/www.supremeyachts.hr\/wp-content\/uploads\/2023\/10\/3__5JB6276.jpg-1900px-f2-600x901.jpg"},"medium":{"file":"3__5JB6276.jpg-1900px-f2-200x300.jpg","width":200,"height":300,"mime-type":"image\/jpeg","filesize":44005,"source_url":"https:\/\/www.supremeyachts.hr\/wp-content\/uploads\/2023\/10\/3__5JB6276.jpg-1900px-f2-200x300.jpg"},"large":{"file":"3__5JB6276.jpg-1900px-f2-682x1024.jpg","width":682,"height":1024,"mime-type":"image\/jpeg","filesize":185699,"source_url":"https:\/\/www.supremeyachts.hr\/wp-content\/uploads\/2023\/10\/3__5JB6276.jpg-1900px-f2-682x1024.jpg"},"thumbnail":{"file":"3__5JB6276.jpg-1900px-f2-150x150.jpg","width":150,"height":150,"mime-type":"image\/jpeg","filesize":32130,"source_url":"https:\/\/www.supremeyachts.hr\/wp-content\/uploads\/2023\/10\/3__5JB6276.jpg-1900px-f2-150x150.jpg"},"medium_large":{"file":"3__5JB6276.jpg-1900px-f2-768x1153.jpg","width":768,"height":1153,"mime-type":"image\/jpeg","filesize":217518,"source_url":"https:\/\/www.supremeyachts.hr\/wp-content\/uploads\/2023\/10\/3__5JB6276.jpg-1900px-f2-768x1153.jpg"}}},"alt_text":"","url":"","target":""}],[{"id":130,"title":"5_Flyer6-sundeck-C-.RGB_color.0013.JPG-1832px-f2","caption":"","full_image_url":"https:\/\/www.supremeyachts.hr\/wp-content\/uploads\/2023\/10\/5_Flyer6-sundeck-C-.RGB_color.0013.JPG-1832px-f2.jpg","thumbnail_image_url":"https:\/\/www.supremeyachts.hr\/wp-content\/uploads\/2023\/10\/5_Flyer6-sundeck-C-.RGB_color.0013.JPG-1832px-f2-150x150.jpg","large_srcset":"https:\/\/www.supremeyachts.hr\/wp-content\/uploads\/2023\/10\/5_Flyer6-sundeck-C-.RGB_color.0013.JPG-1832px-f2.jpg 960w, https:\/\/www.supremeyachts.hr\/wp-content\/uploads\/2023\/10\/5_Flyer6-sundeck-C-.RGB_color.0013.JPG-1832px-f2-600x283.jpg 600w, https:\/\/www.supremeyachts.hr\/wp-content\/uploads\/2023\/10\/5_Flyer6-sundeck-C-.RGB_color.0013.JPG-1832px-f2-300x141.jpg 300w, https:\/\/www.supremeyachts.hr\/wp-content\/uploads\/2023\/10\/5_Flyer6-sundeck-C-.RGB_color.0013.JPG-1832px-f2-768x362.jpg 768w","medium_srcset":"https:\/\/www.supremeyachts.hr\/wp-content\/uploads\/2023\/10\/5_Flyer6-sundeck-C-.RGB_color.0013.JPG-1832px-f2-300x141.jpg 300w, https:\/\/www.supremeyachts.hr\/wp-content\/uploads\/2023\/10\/5_Flyer6-sundeck-C-.RGB_color.0013.JPG-1832px-f2-600x283.jpg 600w, https:\/\/www.supremeyachts.hr\/wp-content\/uploads\/2023\/10\/5_Flyer6-sundeck-C-.RGB_color.0013.JPG-1832px-f2-768x362.jpg 768w, https:\/\/www.supremeyachts.hr\/wp-content\/uploads\/2023\/10\/5_Flyer6-sundeck-C-.RGB_color.0013.JPG-1832px-f2.jpg 960w","media_details":{"width":960,"height":452,"sizes":{"woocommerce_thumbnail":{"file":"5_Flyer6-sundeck-C-.RGB_color.0013.JPG-1832px-f2-300x300.jpg","width":300,"height":300,"mime-type":"image\/jpeg","filesize":19145,"uncropped":false,"source_url":"https:\/\/www.supremeyachts.hr\/wp-content\/uploads\/2023\/10\/5_Flyer6-sundeck-C-.RGB_color.0013.JPG-1832px-f2-300x300.jpg"},"woocommerce_gallery_thumbnail":{"file":"5_Flyer6-sundeck-C-.RGB_color.0013.JPG-1832px-f2-100x100.jpg","width":100,"height":100,"mime-type":"image\/jpeg","filesize":3574,"source_url":"https:\/\/www.supremeyachts.hr\/wp-content\/uploads\/2023\/10\/5_Flyer6-sundeck-C-.RGB_color.0013.JPG-1832px-f2-100x100.jpg"},"woocommerce_single":{"file":"5_Flyer6-sundeck-C-.RGB_color.0013.JPG-1832px-f2-600x283.jpg","width":600,"height":283,"mime-type":"image\/jpeg","filesize":30288,"source_url":"https:\/\/www.supremeyachts.hr\/wp-content\/uploads\/2023\/10\/5_Flyer6-sundeck-C-.RGB_color.0013.JPG-1832px-f2-600x283.jpg"},"medium":{"file":"5_Flyer6-sundeck-C-.RGB_color.0013.JPG-1832px-f2-300x141.jpg","width":300,"height":141,"mime-type":"image\/jpeg","filesize":16749,"source_url":"https:\/\/www.supremeyachts.hr\/wp-content\/uploads\/2023\/10\/5_Flyer6-sundeck-C-.RGB_color.0013.JPG-1832px-f2-300x141.jpg"},"thumbnail":{"file":"5_Flyer6-sundeck-C-.RGB_color.0013.JPG-1832px-f2-150x150.jpg","width":150,"height":150,"mime-type":"image\/jpeg","filesize":12875,"source_url":"https:\/\/www.supremeyachts.hr\/wp-content\/uploads\/2023\/10\/5_Flyer6-sundeck-C-.RGB_color.0013.JPG-1832px-f2-150x150.jpg"},"medium_large":{"file":"5_Flyer6-sundeck-C-.RGB_color.0013.JPG-1832px-f2-768x362.jpg","width":768,"height":362,"mime-type":"image\/jpeg","filesize":62029,"source_url":"https:\/\/www.supremeyachts.hr\/wp-content\/uploads\/2023\/10\/5_Flyer6-sundeck-C-.RGB_color.0013.JPG-1832px-f2-768x362.jpg"}}},"alt_text":"","url":"","target":""},{"id":129,"title":"5_Flyer6-sundeck-C-.RGB_color.0012.JPG-1832px-f2","caption":"","full_image_url":"https:\/\/www.supremeyachts.hr\/wp-content\/uploads\/2023\/10\/5_Flyer6-sundeck-C-.RGB_color.0012.JPG-1832px-f2.jpg","thumbnail_image_url":"https:\/\/www.supremeyachts.hr\/wp-content\/uploads\/2023\/10\/5_Flyer6-sundeck-C-.RGB_color.0012.JPG-1832px-f2-150x150.jpg","large_srcset":"https:\/\/www.supremeyachts.hr\/wp-content\/uploads\/2023\/10\/5_Flyer6-sundeck-C-.RGB_color.0012.JPG-1832px-f2.jpg 960w, https:\/\/www.supremeyachts.hr\/wp-content\/uploads\/2023\/10\/5_Flyer6-sundeck-C-.RGB_color.0012.JPG-1832px-f2-600x283.jpg 600w, https:\/\/www.supremeyachts.hr\/wp-content\/uploads\/2023\/10\/5_Flyer6-sundeck-C-.RGB_color.0012.JPG-1832px-f2-300x141.jpg 300w, https:\/\/www.supremeyachts.hr\/wp-content\/uploads\/2023\/10\/5_Flyer6-sundeck-C-.RGB_color.0012.JPG-1832px-f2-768x362.jpg 768w","medium_srcset":"https:\/\/www.supremeyachts.hr\/wp-content\/uploads\/2023\/10\/5_Flyer6-sundeck-C-.RGB_color.0012.JPG-1832px-f2-300x141.jpg 300w, https:\/\/www.supremeyachts.hr\/wp-content\/uploads\/2023\/10\/5_Flyer6-sundeck-C-.RGB_color.0012.JPG-1832px-f2-600x283.jpg 600w, https:\/\/www.supremeyachts.hr\/wp-content\/uploads\/2023\/10\/5_Flyer6-sundeck-C-.RGB_color.0012.JPG-1832px-f2-768x362.jpg 768w, https:\/\/www.supremeyachts.hr\/wp-content\/uploads\/2023\/10\/5_Flyer6-sundeck-C-.RGB_color.0012.JPG-1832px-f2.jpg 960w","media_details":{"width":960,"height":452,"sizes":{"woocommerce_thumbnail":{"file":"5_Flyer6-sundeck-C-.RGB_color.0012.JPG-1832px-f2-300x300.jpg","width":300,"height":300,"mime-type":"image\/jpeg","filesize":14959,"uncropped":false,"source_url":"https:\/\/www.supremeyachts.hr\/wp-content\/uploads\/2023\/10\/5_Flyer6-sundeck-C-.RGB_color.0012.JPG-1832px-f2-300x300.jpg"},"woocommerce_gallery_thumbnail":{"file":"5_Flyer6-sundeck-C-.RGB_color.0012.JPG-1832px-f2-100x100.jpg","width":100,"height":100,"mime-type":"image\/jpeg","filesize":3105,"source_url":"https:\/\/www.supremeyachts.hr\/wp-content\/uploads\/2023\/10\/5_Flyer6-sundeck-C-.RGB_color.0012.JPG-1832px-f2-100x100.jpg"},"woocommerce_single":{"file":"5_Flyer6-sundeck-C-.RGB_color.0012.JPG-1832px-f2-600x283.jpg","width":600,"height":283,"mime-type":"image\/jpeg","filesize":24533,"source_url":"https:\/\/www.supremeyachts.hr\/wp-content\/uploads\/2023\/10\/5_Flyer6-sundeck-C-.RGB_color.0012.JPG-1832px-f2-600x283.jpg"},"medium":{"file":"5_Flyer6-sundeck-C-.RGB_color.0012.JPG-1832px-f2-300x141.jpg","width":300,"height":141,"mime-type":"image\/jpeg","filesize":15125,"source_url":"https:\/\/www.supremeyachts.hr\/wp-content\/uploads\/2023\/10\/5_Flyer6-sundeck-C-.RGB_color.0012.JPG-1832px-f2-300x141.jpg"},"thumbnail":{"file":"5_Flyer6-sundeck-C-.RGB_color.0012.JPG-1832px-f2-150x150.jpg","width":150,"height":150,"mime-type":"image\/jpeg","filesize":11594,"source_url":"https:\/\/www.supremeyachts.hr\/wp-content\/uploads\/2023\/10\/5_Flyer6-sundeck-C-.RGB_color.0012.JPG-1832px-f2-150x150.jpg"},"medium_large":{"file":"5_Flyer6-sundeck-C-.RGB_color.0012.JPG-1832px-f2-768x362.jpg","width":768,"height":362,"mime-type":"image\/jpeg","filesize":49759,"source_url":"https:\/\/www.supremeyachts.hr\/wp-content\/uploads\/2023\/10\/5_Flyer6-sundeck-C-.RGB_color.0012.JPG-1832px-f2-768x362.jpg"}}},"alt_text":"","url":"","target":""},{"id":128,"title":"5_Flyer6-sundeck-C-.RGB_color.0010.JPG-1832px-f2","caption":"","full_image_url":"https:\/\/www.supremeyachts.hr\/wp-content\/uploads\/2023\/10\/5_Flyer6-sundeck-C-.RGB_color.0010.JPG-1832px-f2.jpg","thumbnail_image_url":"https:\/\/www.supremeyachts.hr\/wp-content\/uploads\/2023\/10\/5_Flyer6-sundeck-C-.RGB_color.0010.JPG-1832px-f2-150x150.jpg","large_srcset":"https:\/\/www.supremeyachts.hr\/wp-content\/uploads\/2023\/10\/5_Flyer6-sundeck-C-.RGB_color.0010.JPG-1832px-f2.jpg 960w, https:\/\/www.supremeyachts.hr\/wp-content\/uploads\/2023\/10\/5_Flyer6-sundeck-C-.RGB_color.0010.JPG-1832px-f2-600x283.jpg 600w, https:\/\/www.supremeyachts.hr\/wp-content\/uploads\/2023\/10\/5_Flyer6-sundeck-C-.RGB_color.0010.JPG-1832px-f2-300x141.jpg 300w, https:\/\/www.supremeyachts.hr\/wp-content\/uploads\/2023\/10\/5_Flyer6-sundeck-C-.RGB_color.0010.JPG-1832px-f2-768x362.jpg 768w","medium_srcset":"https:\/\/www.supremeyachts.hr\/wp-content\/uploads\/2023\/10\/5_Flyer6-sundeck-C-.RGB_color.0010.JPG-1832px-f2-300x141.jpg 300w, https:\/\/www.supremeyachts.hr\/wp-content\/uploads\/2023\/10\/5_Flyer6-sundeck-C-.RGB_color.0010.JPG-1832px-f2-600x283.jpg 600w, https:\/\/www.supremeyachts.hr\/wp-content\/uploads\/2023\/10\/5_Flyer6-sundeck-C-.RGB_color.0010.JPG-1832px-f2-768x362.jpg 768w, https:\/\/www.supremeyachts.hr\/wp-content\/uploads\/2023\/10\/5_Flyer6-sundeck-C-.RGB_color.0010.JPG-1832px-f2.jpg 960w","media_details":{"width":960,"height":452,"sizes":{"woocommerce_thumbnail":{"file":"5_Flyer6-sundeck-C-.RGB_color.0010.JPG-1832px-f2-300x300.jpg","width":300,"height":300,"mime-type":"image\/jpeg","filesize":15212,"uncropped":false,"source_url":"https:\/\/www.supremeyachts.hr\/wp-content\/uploads\/2023\/10\/5_Flyer6-sundeck-C-.RGB_color.0010.JPG-1832px-f2-300x300.jpg"},"woocommerce_gallery_thumbnail":{"file":"5_Flyer6-sundeck-C-.RGB_color.0010.JPG-1832px-f2-100x100.jpg","width":100,"height":100,"mime-type":"image\/jpeg","filesize":3339,"source_url":"https:\/\/www.supremeyachts.hr\/wp-content\/uploads\/2023\/10\/5_Flyer6-sundeck-C-.RGB_color.0010.JPG-1832px-f2-100x100.jpg"},"woocommerce_single":{"file":"5_Flyer6-sundeck-C-.RGB_color.0010.JPG-1832px-f2-600x283.jpg","width":600,"height":283,"mime-type":"image\/jpeg","filesize":32178,"source_url":"https:\/\/www.supremeyachts.hr\/wp-content\/uploads\/2023\/10\/5_Flyer6-sundeck-C-.RGB_color.0010.JPG-1832px-f2-600x283.jpg"},"medium":{"file":"5_Flyer6-sundeck-C-.RGB_color.0010.JPG-1832px-f2-300x141.jpg","width":300,"height":141,"mime-type":"image\/jpeg","filesize":18477,"source_url":"https:\/\/www.supremeyachts.hr\/wp-content\/uploads\/2023\/10\/5_Flyer6-sundeck-C-.RGB_color.0010.JPG-1832px-f2-300x141.jpg"},"thumbnail":{"file":"5_Flyer6-sundeck-C-.RGB_color.0010.JPG-1832px-f2-150x150.jpg","width":150,"height":150,"mime-type":"image\/jpeg","filesize":11823,"source_url":"https:\/\/www.supremeyachts.hr\/wp-content\/uploads\/2023\/10\/5_Flyer6-sundeck-C-.RGB_color.0010.JPG-1832px-f2-150x150.jpg"},"medium_large":{"file":"5_Flyer6-sundeck-C-.RGB_color.0010.JPG-1832px-f2-768x362.jpg","width":768,"height":362,"mime-type":"image\/jpeg","filesize":62563,"source_url":"https:\/\/www.supremeyachts.hr\/wp-content\/uploads\/2023\/10\/5_Flyer6-sundeck-C-.RGB_color.0010.JPG-1832px-f2-768x362.jpg"}}},"alt_text":"","url":"","target":""},{"id":127,"title":"5_Flyer6-sundeck-C-.RGB_color.0009.JPG-1832px-f2","caption":"","full_image_url":"https:\/\/www.supremeyachts.hr\/wp-content\/uploads\/2023\/10\/5_Flyer6-sundeck-C-.RGB_color.0009.JPG-1832px-f2.jpg","thumbnail_image_url":"https:\/\/www.supremeyachts.hr\/wp-content\/uploads\/2023\/10\/5_Flyer6-sundeck-C-.RGB_color.0009.JPG-1832px-f2-150x150.jpg","large_srcset":"https:\/\/www.supremeyachts.hr\/wp-content\/uploads\/2023\/10\/5_Flyer6-sundeck-C-.RGB_color.0009.JPG-1832px-f2.jpg 960w, https:\/\/www.supremeyachts.hr\/wp-content\/uploads\/2023\/10\/5_Flyer6-sundeck-C-.RGB_color.0009.JPG-1832px-f2-600x283.jpg 600w, https:\/\/www.supremeyachts.hr\/wp-content\/uploads\/2023\/10\/5_Flyer6-sundeck-C-.RGB_color.0009.JPG-1832px-f2-300x141.jpg 300w, https:\/\/www.supremeyachts.hr\/wp-content\/uploads\/2023\/10\/5_Flyer6-sundeck-C-.RGB_color.0009.JPG-1832px-f2-768x362.jpg 768w","medium_srcset":"https:\/\/www.supremeyachts.hr\/wp-content\/uploads\/2023\/10\/5_Flyer6-sundeck-C-.RGB_color.0009.JPG-1832px-f2-300x141.jpg 300w, https:\/\/www.supremeyachts.hr\/wp-content\/uploads\/2023\/10\/5_Flyer6-sundeck-C-.RGB_color.0009.JPG-1832px-f2-600x283.jpg 600w, https:\/\/www.supremeyachts.hr\/wp-content\/uploads\/2023\/10\/5_Flyer6-sundeck-C-.RGB_color.0009.JPG-1832px-f2-768x362.jpg 768w, https:\/\/www.supremeyachts.hr\/wp-content\/uploads\/2023\/10\/5_Flyer6-sundeck-C-.RGB_color.0009.JPG-1832px-f2.jpg 960w","media_details":{"width":960,"height":452,"sizes":{"woocommerce_thumbnail":{"file":"5_Flyer6-sundeck-C-.RGB_color.0009.JPG-1832px-f2-300x300.jpg","width":300,"height":300,"mime-type":"image\/jpeg","filesize":17147,"uncropped":false,"source_url":"https:\/\/www.supremeyachts.hr\/wp-content\/uploads\/2023\/10\/5_Flyer6-sundeck-C-.RGB_color.0009.JPG-1832px-f2-300x300.jpg"},"woocommerce_gallery_thumbnail":{"file":"5_Flyer6-sundeck-C-.RGB_color.0009.JPG-1832px-f2-100x100.jpg","width":100,"height":100,"mime-type":"image\/jpeg","filesize":3725,"source_url":"https:\/\/www.supremeyachts.hr\/wp-content\/uploads\/2023\/10\/5_Flyer6-sundeck-C-.RGB_color.0009.JPG-1832px-f2-100x100.jpg"},"woocommerce_single":{"file":"5_Flyer6-sundeck-C-.RGB_color.0009.JPG-1832px-f2-600x283.jpg","width":600,"height":283,"mime-type":"image\/jpeg","filesize":33920,"source_url":"https:\/\/www.supremeyachts.hr\/wp-content\/uploads\/2023\/10\/5_Flyer6-sundeck-C-.RGB_color.0009.JPG-1832px-f2-600x283.jpg"},"medium":{"file":"5_Flyer6-sundeck-C-.RGB_color.0009.JPG-1832px-f2-300x141.jpg","width":300,"height":141,"mime-type":"image\/jpeg","filesize":19342,"source_url":"https:\/\/www.supremeyachts.hr\/wp-content\/uploads\/2023\/10\/5_Flyer6-sundeck-C-.RGB_color.0009.JPG-1832px-f2-300x141.jpg"},"thumbnail":{"file":"5_Flyer6-sundeck-C-.RGB_color.0009.JPG-1832px-f2-150x150.jpg","width":150,"height":150,"mime-type":"image\/jpeg","filesize":12675,"source_url":"https:\/\/www.supremeyachts.hr\/wp-content\/uploads\/2023\/10\/5_Flyer6-sundeck-C-.RGB_color.0009.JPG-1832px-f2-150x150.jpg"},"medium_large":{"file":"5_Flyer6-sundeck-C-.RGB_color.0009.JPG-1832px-f2-768x362.jpg","width":768,"height":362,"mime-type":"image\/jpeg","filesize":65335,"source_url":"https:\/\/www.supremeyachts.hr\/wp-content\/uploads\/2023\/10\/5_Flyer6-sundeck-C-.RGB_color.0009.JPG-1832px-f2-768x362.jpg"}}},"alt_text":"","url":"","target":""},{"id":126,"title":"5_Flyer6-sundeck-C-.RGB_color.0008.JPG-1832px-f2","caption":"","full_image_url":"https:\/\/www.supremeyachts.hr\/wp-content\/uploads\/2023\/10\/5_Flyer6-sundeck-C-.RGB_color.0008.JPG-1832px-f2.jpg","thumbnail_image_url":"https:\/\/www.supremeyachts.hr\/wp-content\/uploads\/2023\/10\/5_Flyer6-sundeck-C-.RGB_color.0008.JPG-1832px-f2-150x150.jpg","large_srcset":"https:\/\/www.supremeyachts.hr\/wp-content\/uploads\/2023\/10\/5_Flyer6-sundeck-C-.RGB_color.0008.JPG-1832px-f2.jpg 960w, https:\/\/www.supremeyachts.hr\/wp-content\/uploads\/2023\/10\/5_Flyer6-sundeck-C-.RGB_color.0008.JPG-1832px-f2-600x283.jpg 600w, https:\/\/www.supremeyachts.hr\/wp-content\/uploads\/2023\/10\/5_Flyer6-sundeck-C-.RGB_color.0008.JPG-1832px-f2-300x141.jpg 300w, https:\/\/www.supremeyachts.hr\/wp-content\/uploads\/2023\/10\/5_Flyer6-sundeck-C-.RGB_color.0008.JPG-1832px-f2-768x362.jpg 768w","medium_srcset":"https:\/\/www.supremeyachts.hr\/wp-content\/uploads\/2023\/10\/5_Flyer6-sundeck-C-.RGB_color.0008.JPG-1832px-f2-300x141.jpg 300w, https:\/\/www.supremeyachts.hr\/wp-content\/uploads\/2023\/10\/5_Flyer6-sundeck-C-.RGB_color.0008.JPG-1832px-f2-600x283.jpg 600w, https:\/\/www.supremeyachts.hr\/wp-content\/uploads\/2023\/10\/5_Flyer6-sundeck-C-.RGB_color.0008.JPG-1832px-f2-768x362.jpg 768w, https:\/\/www.supremeyachts.hr\/wp-content\/uploads\/2023\/10\/5_Flyer6-sundeck-C-.RGB_color.0008.JPG-1832px-f2.jpg 960w","media_details":{"width":960,"height":452,"sizes":{"woocommerce_thumbnail":{"file":"5_Flyer6-sundeck-C-.RGB_color.0008.JPG-1832px-f2-300x300.jpg","width":300,"height":300,"mime-type":"image\/jpeg","filesize":17667,"uncropped":false,"source_url":"https:\/\/www.supremeyachts.hr\/wp-content\/uploads\/2023\/10\/5_Flyer6-sundeck-C-.RGB_color.0008.JPG-1832px-f2-300x300.jpg"},"woocommerce_gallery_thumbnail":{"file":"5_Flyer6-sundeck-C-.RGB_color.0008.JPG-1832px-f2-100x100.jpg","width":100,"height":100,"mime-type":"image\/jpeg","filesize":3893,"source_url":"https:\/\/www.supremeyachts.hr\/wp-content\/uploads\/2023\/10\/5_Flyer6-sundeck-C-.RGB_color.0008.JPG-1832px-f2-100x100.jpg"},"woocommerce_single":{"file":"5_Flyer6-sundeck-C-.RGB_color.0008.JPG-1832px-f2-600x283.jpg","width":600,"height":283,"mime-type":"image\/jpeg","filesize":34415,"source_url":"https:\/\/www.supremeyachts.hr\/wp-content\/uploads\/2023\/10\/5_Flyer6-sundeck-C-.RGB_color.0008.JPG-1832px-f2-600x283.jpg"},"medium":{"file":"5_Flyer6-sundeck-C-.RGB_color.0008.JPG-1832px-f2-300x141.jpg","width":300,"height":141,"mime-type":"image\/jpeg","filesize":19485,"source_url":"https:\/\/www.supremeyachts.hr\/wp-content\/uploads\/2023\/10\/5_Flyer6-sundeck-C-.RGB_color.0008.JPG-1832px-f2-300x141.jpg"},"thumbnail":{"file":"5_Flyer6-sundeck-C-.RGB_color.0008.JPG-1832px-f2-150x150.jpg","width":150,"height":150,"mime-type":"image\/jpeg","filesize":13042,"source_url":"https:\/\/www.supremeyachts.hr\/wp-content\/uploads\/2023\/10\/5_Flyer6-sundeck-C-.RGB_color.0008.JPG-1832px-f2-150x150.jpg"},"medium_large":{"file":"5_Flyer6-sundeck-C-.RGB_color.0008.JPG-1832px-f2-768x362.jpg","width":768,"height":362,"mime-type":"image\/jpeg","filesize":66497,"source_url":"https:\/\/www.supremeyachts.hr\/wp-content\/uploads\/2023\/10\/5_Flyer6-sundeck-C-.RGB_color.0008.JPG-1832px-f2-768x362.jpg"}}},"alt_text":"","url":"","target":""},{"id":125,"title":"5_Flyer6-sundeck-C-.RGB_color.0007.JPG-1832px-f2","caption":"","full_image_url":"https:\/\/www.supremeyachts.hr\/wp-content\/uploads\/2023\/10\/5_Flyer6-sundeck-C-.RGB_color.0007.JPG-1832px-f2.jpg","thumbnail_image_url":"https:\/\/www.supremeyachts.hr\/wp-content\/uploads\/2023\/10\/5_Flyer6-sundeck-C-.RGB_color.0007.JPG-1832px-f2-150x150.jpg","large_srcset":"https:\/\/www.supremeyachts.hr\/wp-content\/uploads\/2023\/10\/5_Flyer6-sundeck-C-.RGB_color.0007.JPG-1832px-f2.jpg 960w, https:\/\/www.supremeyachts.hr\/wp-content\/uploads\/2023\/10\/5_Flyer6-sundeck-C-.RGB_color.0007.JPG-1832px-f2-600x283.jpg 600w, https:\/\/www.supremeyachts.hr\/wp-content\/uploads\/2023\/10\/5_Flyer6-sundeck-C-.RGB_color.0007.JPG-1832px-f2-300x141.jpg 300w, https:\/\/www.supremeyachts.hr\/wp-content\/uploads\/2023\/10\/5_Flyer6-sundeck-C-.RGB_color.0007.JPG-1832px-f2-768x362.jpg 768w","medium_srcset":"https:\/\/www.supremeyachts.hr\/wp-content\/uploads\/2023\/10\/5_Flyer6-sundeck-C-.RGB_color.0007.JPG-1832px-f2-300x141.jpg 300w, https:\/\/www.supremeyachts.hr\/wp-content\/uploads\/2023\/10\/5_Flyer6-sundeck-C-.RGB_color.0007.JPG-1832px-f2-600x283.jpg 600w, https:\/\/www.supremeyachts.hr\/wp-content\/uploads\/2023\/10\/5_Flyer6-sundeck-C-.RGB_color.0007.JPG-1832px-f2-768x362.jpg 768w, https:\/\/www.supremeyachts.hr\/wp-content\/uploads\/2023\/10\/5_Flyer6-sundeck-C-.RGB_color.0007.JPG-1832px-f2.jpg 960w","media_details":{"width":960,"height":452,"sizes":{"woocommerce_thumbnail":{"file":"5_Flyer6-sundeck-C-.RGB_color.0007.JPG-1832px-f2-300x300.jpg","width":300,"height":300,"mime-type":"image\/jpeg","filesize":19534,"uncropped":false,"source_url":"https:\/\/www.supremeyachts.hr\/wp-content\/uploads\/2023\/10\/5_Flyer6-sundeck-C-.RGB_color.0007.JPG-1832px-f2-300x300.jpg"},"woocommerce_gallery_thumbnail":{"file":"5_Flyer6-sundeck-C-.RGB_color.0007.JPG-1832px-f2-100x100.jpg","width":100,"height":100,"mime-type":"image\/jpeg","filesize":3881,"source_url":"https:\/\/www.supremeyachts.hr\/wp-content\/uploads\/2023\/10\/5_Flyer6-sundeck-C-.RGB_color.0007.JPG-1832px-f2-100x100.jpg"},"woocommerce_single":{"file":"5_Flyer6-sundeck-C-.RGB_color.0007.JPG-1832px-f2-600x283.jpg","width":600,"height":283,"mime-type":"image\/jpeg","filesize":33587,"source_url":"https:\/\/www.supremeyachts.hr\/wp-content\/uploads\/2023\/10\/5_Flyer6-sundeck-C-.RGB_color.0007.JPG-1832px-f2-600x283.jpg"},"medium":{"file":"5_Flyer6-sundeck-C-.RGB_color.0007.JPG-1832px-f2-300x141.jpg","width":300,"height":141,"mime-type":"image\/jpeg","filesize":18324,"source_url":"https:\/\/www.supremeyachts.hr\/wp-content\/uploads\/2023\/10\/5_Flyer6-sundeck-C-.RGB_color.0007.JPG-1832px-f2-300x141.jpg"},"thumbnail":{"file":"5_Flyer6-sundeck-C-.RGB_color.0007.JPG-1832px-f2-150x150.jpg","width":150,"height":150,"mime-type":"image\/jpeg","filesize":13203,"source_url":"https:\/\/www.supremeyachts.hr\/wp-content\/uploads\/2023\/10\/5_Flyer6-sundeck-C-.RGB_color.0007.JPG-1832px-f2-150x150.jpg"},"medium_large":{"file":"5_Flyer6-sundeck-C-.RGB_color.0007.JPG-1832px-f2-768x362.jpg","width":768,"height":362,"mime-type":"image\/jpeg","filesize":68270,"source_url":"https:\/\/www.supremeyachts.hr\/wp-content\/uploads\/2023\/10\/5_Flyer6-sundeck-C-.RGB_color.0007.JPG-1832px-f2-768x362.jpg"}}},"alt_text":"","url":"","target":""},{"id":124,"title":"5_Flyer6-sundeck-C-.RGB_color.0006-f2","caption":"","full_image_url":"https:\/\/www.supremeyachts.hr\/wp-content\/uploads\/2023\/10\/5_Flyer6-sundeck-C-.RGB_color.0006-f2.jpg","thumbnail_image_url":"https:\/\/www.supremeyachts.hr\/wp-content\/uploads\/2023\/10\/5_Flyer6-sundeck-C-.RGB_color.0006-f2-150x150.jpg","large_srcset":"https:\/\/www.supremeyachts.hr\/wp-content\/uploads\/2023\/10\/5_Flyer6-sundeck-C-.RGB_color.0006-f2.jpg 960w, https:\/\/www.supremeyachts.hr\/wp-content\/uploads\/2023\/10\/5_Flyer6-sundeck-C-.RGB_color.0006-f2-600x283.jpg 600w, https:\/\/www.supremeyachts.hr\/wp-content\/uploads\/2023\/10\/5_Flyer6-sundeck-C-.RGB_color.0006-f2-300x141.jpg 300w, https:\/\/www.supremeyachts.hr\/wp-content\/uploads\/2023\/10\/5_Flyer6-sundeck-C-.RGB_color.0006-f2-768x362.jpg 768w","medium_srcset":"https:\/\/www.supremeyachts.hr\/wp-content\/uploads\/2023\/10\/5_Flyer6-sundeck-C-.RGB_color.0006-f2-300x141.jpg 300w, https:\/\/www.supremeyachts.hr\/wp-content\/uploads\/2023\/10\/5_Flyer6-sundeck-C-.RGB_color.0006-f2-600x283.jpg 600w, https:\/\/www.supremeyachts.hr\/wp-content\/uploads\/2023\/10\/5_Flyer6-sundeck-C-.RGB_color.0006-f2-768x362.jpg 768w, https:\/\/www.supremeyachts.hr\/wp-content\/uploads\/2023\/10\/5_Flyer6-sundeck-C-.RGB_color.0006-f2.jpg 960w","media_details":{"width":960,"height":452,"sizes":{"woocommerce_thumbnail":{"file":"5_Flyer6-sundeck-C-.RGB_color.0006-f2-300x300.jpg","width":300,"height":300,"mime-type":"image\/jpeg","filesize":16929,"uncropped":false,"source_url":"https:\/\/www.supremeyachts.hr\/wp-content\/uploads\/2023\/10\/5_Flyer6-sundeck-C-.RGB_color.0006-f2-300x300.jpg"},"woocommerce_gallery_thumbnail":{"file":"5_Flyer6-sundeck-C-.RGB_color.0006-f2-100x100.jpg","width":100,"height":100,"mime-type":"image\/jpeg","filesize":3350,"source_url":"https:\/\/www.supremeyachts.hr\/wp-content\/uploads\/2023\/10\/5_Flyer6-sundeck-C-.RGB_color.0006-f2-100x100.jpg"},"woocommerce_single":{"file":"5_Flyer6-sundeck-C-.RGB_color.0006-f2-600x283.jpg","width":600,"height":283,"mime-type":"image\/jpeg","filesize":27960,"source_url":"https:\/\/www.supremeyachts.hr\/wp-content\/uploads\/2023\/10\/5_Flyer6-sundeck-C-.RGB_color.0006-f2-600x283.jpg"},"medium":{"file":"5_Flyer6-sundeck-C-.RGB_color.0006-f2-300x141.jpg","width":300,"height":141,"mime-type":"image\/jpeg","filesize":14266,"source_url":"https:\/\/www.supremeyachts.hr\/wp-content\/uploads\/2023\/10\/5_Flyer6-sundeck-C-.RGB_color.0006-f2-300x141.jpg"},"thumbnail":{"file":"5_Flyer6-sundeck-C-.RGB_color.0006-f2-150x150.jpg","width":150,"height":150,"mime-type":"image\/jpeg","filesize":10415,"source_url":"https:\/\/www.supremeyachts.hr\/wp-content\/uploads\/2023\/10\/5_Flyer6-sundeck-C-.RGB_color.0006-f2-150x150.jpg"},"medium_large":{"file":"5_Flyer6-sundeck-C-.RGB_color.0006-f2-768x362.jpg","width":768,"height":362,"mime-type":"image\/jpeg","filesize":55416,"source_url":"https:\/\/www.supremeyachts.hr\/wp-content\/uploads\/2023\/10\/5_Flyer6-sundeck-C-.RGB_color.0006-f2-768x362.jpg"}}},"alt_text":"","url":"","target":""},{"id":123,"title":"5_Flyer6-sundeck-C-.RGB_color.0005.JPG-1832px-f2","caption":"","full_image_url":"https:\/\/www.supremeyachts.hr\/wp-content\/uploads\/2023\/10\/5_Flyer6-sundeck-C-.RGB_color.0005.JPG-1832px-f2.jpg","thumbnail_image_url":"https:\/\/www.supremeyachts.hr\/wp-content\/uploads\/2023\/10\/5_Flyer6-sundeck-C-.RGB_color.0005.JPG-1832px-f2-150x150.jpg","large_srcset":"https:\/\/www.supremeyachts.hr\/wp-content\/uploads\/2023\/10\/5_Flyer6-sundeck-C-.RGB_color.0005.JPG-1832px-f2.jpg 960w, https:\/\/www.supremeyachts.hr\/wp-content\/uploads\/2023\/10\/5_Flyer6-sundeck-C-.RGB_color.0005.JPG-1832px-f2-600x283.jpg 600w, https:\/\/www.supremeyachts.hr\/wp-content\/uploads\/2023\/10\/5_Flyer6-sundeck-C-.RGB_color.0005.JPG-1832px-f2-300x141.jpg 300w, https:\/\/www.supremeyachts.hr\/wp-content\/uploads\/2023\/10\/5_Flyer6-sundeck-C-.RGB_color.0005.JPG-1832px-f2-768x362.jpg 768w","medium_srcset":"https:\/\/www.supremeyachts.hr\/wp-content\/uploads\/2023\/10\/5_Flyer6-sundeck-C-.RGB_color.0005.JPG-1832px-f2-300x141.jpg 300w, https:\/\/www.supremeyachts.hr\/wp-content\/uploads\/2023\/10\/5_Flyer6-sundeck-C-.RGB_color.0005.JPG-1832px-f2-600x283.jpg 600w, https:\/\/www.supremeyachts.hr\/wp-content\/uploads\/2023\/10\/5_Flyer6-sundeck-C-.RGB_color.0005.JPG-1832px-f2-768x362.jpg 768w, https:\/\/www.supremeyachts.hr\/wp-content\/uploads\/2023\/10\/5_Flyer6-sundeck-C-.RGB_color.0005.JPG-1832px-f2.jpg 960w","media_details":{"width":960,"height":452,"sizes":{"woocommerce_thumbnail":{"file":"5_Flyer6-sundeck-C-.RGB_color.0005.JPG-1832px-f2-300x300.jpg","width":300,"height":300,"mime-type":"image\/jpeg","filesize":19942,"uncropped":false,"source_url":"https:\/\/www.supremeyachts.hr\/wp-content\/uploads\/2023\/10\/5_Flyer6-sundeck-C-.RGB_color.0005.JPG-1832px-f2-300x300.jpg"},"woocommerce_gallery_thumbnail":{"file":"5_Flyer6-sundeck-C-.RGB_color.0005.JPG-1832px-f2-100x100.jpg","width":100,"height":100,"mime-type":"image\/jpeg","filesize":3727,"source_url":"https:\/\/www.supremeyachts.hr\/wp-content\/uploads\/2023\/10\/5_Flyer6-sundeck-C-.RGB_color.0005.JPG-1832px-f2-100x100.jpg"},"woocommerce_single":{"file":"5_Flyer6-sundeck-C-.RGB_color.0005.JPG-1832px-f2-600x283.jpg","width":600,"height":283,"mime-type":"image\/jpeg","filesize":31062,"source_url":"https:\/\/www.supremeyachts.hr\/wp-content\/uploads\/2023\/10\/5_Flyer6-sundeck-C-.RGB_color.0005.JPG-1832px-f2-600x283.jpg"},"medium":{"file":"5_Flyer6-sundeck-C-.RGB_color.0005.JPG-1832px-f2-300x141.jpg","width":300,"height":141,"mime-type":"image\/jpeg","filesize":17105,"source_url":"https:\/\/www.supremeyachts.hr\/wp-content\/uploads\/2023\/10\/5_Flyer6-sundeck-C-.RGB_color.0005.JPG-1832px-f2-300x141.jpg"},"thumbnail":{"file":"5_Flyer6-sundeck-C-.RGB_color.0005.JPG-1832px-f2-150x150.jpg","width":150,"height":150,"mime-type":"image\/jpeg","filesize":13266,"source_url":"https:\/\/www.supremeyachts.hr\/wp-content\/uploads\/2023\/10\/5_Flyer6-sundeck-C-.RGB_color.0005.JPG-1832px-f2-150x150.jpg"},"medium_large":{"file":"5_Flyer6-sundeck-C-.RGB_color.0005.JPG-1832px-f2-768x362.jpg","width":768,"height":362,"mime-type":"image\/jpeg","filesize":63977,"source_url":"https:\/\/www.supremeyachts.hr\/wp-content\/uploads\/2023\/10\/5_Flyer6-sundeck-C-.RGB_color.0005.JPG-1832px-f2-768x362.jpg"}}},"alt_text":"","url":"","target":""},{"id":122,"title":"5_Flyer6-sundeck-C-.RGB_color.0001.tif-1832px-f2","caption":"","full_image_url":"https:\/\/www.supremeyachts.hr\/wp-content\/uploads\/2023\/10\/5_Flyer6-sundeck-C-.RGB_color.0001.tif-1832px-f2.jpg","thumbnail_image_url":"https:\/\/www.supremeyachts.hr\/wp-content\/uploads\/2023\/10\/5_Flyer6-sundeck-C-.RGB_color.0001.tif-1832px-f2-150x150.jpg","large_srcset":"https:\/\/www.supremeyachts.hr\/wp-content\/uploads\/2023\/10\/5_Flyer6-sundeck-C-.RGB_color.0001.tif-1832px-f2.jpg 960w, https:\/\/www.supremeyachts.hr\/wp-content\/uploads\/2023\/10\/5_Flyer6-sundeck-C-.RGB_color.0001.tif-1832px-f2-600x283.jpg 600w, https:\/\/www.supremeyachts.hr\/wp-content\/uploads\/2023\/10\/5_Flyer6-sundeck-C-.RGB_color.0001.tif-1832px-f2-300x141.jpg 300w, https:\/\/www.supremeyachts.hr\/wp-content\/uploads\/2023\/10\/5_Flyer6-sundeck-C-.RGB_color.0001.tif-1832px-f2-768x362.jpg 768w","medium_srcset":"https:\/\/www.supremeyachts.hr\/wp-content\/uploads\/2023\/10\/5_Flyer6-sundeck-C-.RGB_color.0001.tif-1832px-f2-300x141.jpg 300w, https:\/\/www.supremeyachts.hr\/wp-content\/uploads\/2023\/10\/5_Flyer6-sundeck-C-.RGB_color.0001.tif-1832px-f2-600x283.jpg 600w, https:\/\/www.supremeyachts.hr\/wp-content\/uploads\/2023\/10\/5_Flyer6-sundeck-C-.RGB_color.0001.tif-1832px-f2-768x362.jpg 768w, https:\/\/www.supremeyachts.hr\/wp-content\/uploads\/2023\/10\/5_Flyer6-sundeck-C-.RGB_color.0001.tif-1832px-f2.jpg 960w","media_details":{"width":960,"height":452,"sizes":{"woocommerce_thumbnail":{"file":"5_Flyer6-sundeck-C-.RGB_color.0001.tif-1832px-f2-300x300.jpg","width":300,"height":300,"mime-type":"image\/jpeg","filesize":11805,"uncropped":false,"source_url":"https:\/\/www.supremeyachts.hr\/wp-content\/uploads\/2023\/10\/5_Flyer6-sundeck-C-.RGB_color.0001.tif-1832px-f2-300x300.jpg"},"woocommerce_gallery_thumbnail":{"file":"5_Flyer6-sundeck-C-.RGB_color.0001.tif-1832px-f2-100x100.jpg","width":100,"height":100,"mime-type":"image\/jpeg","filesize":2781,"source_url":"https:\/\/www.supremeyachts.hr\/wp-content\/uploads\/2023\/10\/5_Flyer6-sundeck-C-.RGB_color.0001.tif-1832px-f2-100x100.jpg"},"woocommerce_single":{"file":"5_Flyer6-sundeck-C-.RGB_color.0001.tif-1832px-f2-600x283.jpg","width":600,"height":283,"mime-type":"image\/jpeg","filesize":19794,"source_url":"https:\/\/www.supremeyachts.hr\/wp-content\/uploads\/2023\/10\/5_Flyer6-sundeck-C-.RGB_color.0001.tif-1832px-f2-600x283.jpg"},"medium":{"file":"5_Flyer6-sundeck-C-.RGB_color.0001.tif-1832px-f2-300x141.jpg","width":300,"height":141,"mime-type":"image\/jpeg","filesize":9476,"source_url":"https:\/\/www.supremeyachts.hr\/wp-content\/uploads\/2023\/10\/5_Flyer6-sundeck-C-.RGB_color.0001.tif-1832px-f2-300x141.jpg"},"thumbnail":{"file":"5_Flyer6-sundeck-C-.RGB_color.0001.tif-1832px-f2-150x150.jpg","width":150,"height":150,"mime-type":"image\/jpeg","filesize":7065,"source_url":"https:\/\/www.supremeyachts.hr\/wp-content\/uploads\/2023\/10\/5_Flyer6-sundeck-C-.RGB_color.0001.tif-1832px-f2-150x150.jpg"},"medium_large":{"file":"5_Flyer6-sundeck-C-.RGB_color.0001.tif-1832px-f2-768x362.jpg","width":768,"height":362,"mime-type":"image\/jpeg","filesize":28291,"source_url":"https:\/\/www.supremeyachts.hr\/wp-content\/uploads\/2023\/10\/5_Flyer6-sundeck-C-.RGB_color.0001.tif-1832px-f2-768x362.jpg"}}},"alt_text":"","url":"","target":""},{"id":121,"title":"5_Flyer6-sundeck-C-.RGB_color.0000.tif-1832px-f2","caption":"","full_image_url":"https:\/\/www.supremeyachts.hr\/wp-content\/uploads\/2023\/10\/5_Flyer6-sundeck-C-.RGB_color.0000.tif-1832px-f2.jpg","thumbnail_image_url":"https:\/\/www.supremeyachts.hr\/wp-content\/uploads\/2023\/10\/5_Flyer6-sundeck-C-.RGB_color.0000.tif-1832px-f2-150x150.jpg","large_srcset":"https:\/\/www.supremeyachts.hr\/wp-content\/uploads\/2023\/10\/5_Flyer6-sundeck-C-.RGB_color.0000.tif-1832px-f2.jpg 960w, https:\/\/www.supremeyachts.hr\/wp-content\/uploads\/2023\/10\/5_Flyer6-sundeck-C-.RGB_color.0000.tif-1832px-f2-600x283.jpg 600w, https:\/\/www.supremeyachts.hr\/wp-content\/uploads\/2023\/10\/5_Flyer6-sundeck-C-.RGB_color.0000.tif-1832px-f2-300x141.jpg 300w, https:\/\/www.supremeyachts.hr\/wp-content\/uploads\/2023\/10\/5_Flyer6-sundeck-C-.RGB_color.0000.tif-1832px-f2-768x362.jpg 768w","medium_srcset":"https:\/\/www.supremeyachts.hr\/wp-content\/uploads\/2023\/10\/5_Flyer6-sundeck-C-.RGB_color.0000.tif-1832px-f2-300x141.jpg 300w, https:\/\/www.supremeyachts.hr\/wp-content\/uploads\/2023\/10\/5_Flyer6-sundeck-C-.RGB_color.0000.tif-1832px-f2-600x283.jpg 600w, https:\/\/www.supremeyachts.hr\/wp-content\/uploads\/2023\/10\/5_Flyer6-sundeck-C-.RGB_color.0000.tif-1832px-f2-768x362.jpg 768w, https:\/\/www.supremeyachts.hr\/wp-content\/uploads\/2023\/10\/5_Flyer6-sundeck-C-.RGB_color.0000.tif-1832px-f2.jpg 960w","media_details":{"width":960,"height":452,"sizes":{"woocommerce_thumbnail":{"file":"5_Flyer6-sundeck-C-.RGB_color.0000.tif-1832px-f2-300x300.jpg","width":300,"height":300,"mime-type":"image\/jpeg","filesize":13349,"uncropped":false,"source_url":"https:\/\/www.supremeyachts.hr\/wp-content\/uploads\/2023\/10\/5_Flyer6-sundeck-C-.RGB_color.0000.tif-1832px-f2-300x300.jpg"},"woocommerce_gallery_thumbnail":{"file":"5_Flyer6-sundeck-C-.RGB_color.0000.tif-1832px-f2-100x100.jpg","width":100,"height":100,"mime-type":"image\/jpeg","filesize":3025,"source_url":"https:\/\/www.supremeyachts.hr\/wp-content\/uploads\/2023\/10\/5_Flyer6-sundeck-C-.RGB_color.0000.tif-1832px-f2-100x100.jpg"},"woocommerce_single":{"file":"5_Flyer6-sundeck-C-.RGB_color.0000.tif-1832px-f2-600x283.jpg","width":600,"height":283,"mime-type":"image\/jpeg","filesize":21486,"source_url":"https:\/\/www.supremeyachts.hr\/wp-content\/uploads\/2023\/10\/5_Flyer6-sundeck-C-.RGB_color.0000.tif-1832px-f2-600x283.jpg"},"medium":{"file":"5_Flyer6-sundeck-C-.RGB_color.0000.tif-1832px-f2-300x141.jpg","width":300,"height":141,"mime-type":"image\/jpeg","filesize":10075,"source_url":"https:\/\/www.supremeyachts.hr\/wp-content\/uploads\/2023\/10\/5_Flyer6-sundeck-C-.RGB_color.0000.tif-1832px-f2-300x141.jpg"},"thumbnail":{"file":"5_Flyer6-sundeck-C-.RGB_color.0000.tif-1832px-f2-150x150.jpg","width":150,"height":150,"mime-type":"image\/jpeg","filesize":7582,"source_url":"https:\/\/www.supremeyachts.hr\/wp-content\/uploads\/2023\/10\/5_Flyer6-sundeck-C-.RGB_color.0000.tif-1832px-f2-150x150.jpg"},"medium_large":{"file":"5_Flyer6-sundeck-C-.RGB_color.0000.tif-1832px-f2-768x362.jpg","width":768,"height":362,"mime-type":"image\/jpeg","filesize":30730,"source_url":"https:\/\/www.supremeyachts.hr\/wp-content\/uploads\/2023\/10\/5_Flyer6-sundeck-C-.RGB_color.0000.tif-1832px-f2-768x362.jpg"}}},"alt_text":"","url":"","target":""}],[{"id":98,"title":"JEAN-BAPTISTE D'ENQUIN \/ BENETEAU FLYER 6","caption":"","full_image_url":"https:\/\/www.supremeyachts.hr\/wp-content\/uploads\/2023\/10\/1__5JB6273.jpg-1900px-f2.jpg","thumbnail_image_url":"https:\/\/www.supremeyachts.hr\/wp-content\/uploads\/2023\/10\/1__5JB6273.jpg-1900px-f2-150x150.jpg","large_srcset":"https:\/\/www.supremeyachts.hr\/wp-content\/uploads\/2023\/10\/1__5JB6273.jpg-1900px-f2.jpg 960w, https:\/\/www.supremeyachts.hr\/wp-content\/uploads\/2023\/10\/1__5JB6273.jpg-1900px-f2-600x400.jpg 600w, https:\/\/www.supremeyachts.hr\/wp-content\/uploads\/2023\/10\/1__5JB6273.jpg-1900px-f2-300x200.jpg 300w, https:\/\/www.supremeyachts.hr\/wp-content\/uploads\/2023\/10\/1__5JB6273.jpg-1900px-f2-768x512.jpg 768w","medium_srcset":"https:\/\/www.supremeyachts.hr\/wp-content\/uploads\/2023\/10\/1__5JB6273.jpg-1900px-f2-300x200.jpg 300w, https:\/\/www.supremeyachts.hr\/wp-content\/uploads\/2023\/10\/1__5JB6273.jpg-1900px-f2-600x400.jpg 600w, https:\/\/www.supremeyachts.hr\/wp-content\/uploads\/2023\/10\/1__5JB6273.jpg-1900px-f2-768x512.jpg 768w, https:\/\/www.supremeyachts.hr\/wp-content\/uploads\/2023\/10\/1__5JB6273.jpg-1900px-f2.jpg 960w","media_details":{"width":960,"height":640,"sizes":{"woocommerce_thumbnail":{"file":"1__5JB6273.jpg-1900px-f2-300x300.jpg","width":300,"height":300,"mime-type":"image\/jpeg","filesize":23992,"uncropped":false,"source_url":"https:\/\/www.supremeyachts.hr\/wp-content\/uploads\/2023\/10\/1__5JB6273.jpg-1900px-f2-300x300.jpg"},"woocommerce_gallery_thumbnail":{"file":"1__5JB6273.jpg-1900px-f2-100x100.jpg","width":100,"height":100,"mime-type":"image\/jpeg","filesize":4579,"source_url":"https:\/\/www.supremeyachts.hr\/wp-content\/uploads\/2023\/10\/1__5JB6273.jpg-1900px-f2-100x100.jpg"},"woocommerce_single":{"file":"1__5JB6273.jpg-1900px-f2-600x400.jpg","width":600,"height":400,"mime-type":"image\/jpeg","filesize":53277,"source_url":"https:\/\/www.supremeyachts.hr\/wp-content\/uploads\/2023\/10\/1__5JB6273.jpg-1900px-f2-600x400.jpg"},"medium":{"file":"1__5JB6273.jpg-1900px-f2-300x200.jpg","width":300,"height":200,"mime-type":"image\/jpeg","filesize":31938,"source_url":"https:\/\/www.supremeyachts.hr\/wp-content\/uploads\/2023\/10\/1__5JB6273.jpg-1900px-f2-300x200.jpg"},"thumbnail":{"file":"1__5JB6273.jpg-1900px-f2-150x150.jpg","width":150,"height":150,"mime-type":"image\/jpeg","filesize":20945,"source_url":"https:\/\/www.supremeyachts.hr\/wp-content\/uploads\/2023\/10\/1__5JB6273.jpg-1900px-f2-150x150.jpg"},"medium_large":{"file":"1__5JB6273.jpg-1900px-f2-768x512.jpg","width":768,"height":512,"mime-type":"image\/jpeg","filesize":104635,"source_url":"https:\/\/www.supremeyachts.hr\/wp-content\/uploads\/2023\/10\/1__5JB6273.jpg-1900px-f2-768x512.jpg"}}},"alt_text":"","url":"","target":""},{"id":97,"title":"JEAN-BAPTISTE D'ENQUIN \/ BENETEAU FLYER 6","caption":"","full_image_url":"https:\/\/www.supremeyachts.hr\/wp-content\/uploads\/2023\/10\/1__5JB6221.jpg-1900px-f2.jpg","thumbnail_image_url":"https:\/\/www.supremeyachts.hr\/wp-content\/uploads\/2023\/10\/1__5JB6221.jpg-1900px-f2-150x150.jpg","large_srcset":"https:\/\/www.supremeyachts.hr\/wp-content\/uploads\/2023\/10\/1__5JB6221.jpg-1900px-f2.jpg 960w, https:\/\/www.supremeyachts.hr\/wp-content\/uploads\/2023\/10\/1__5JB6221.jpg-1900px-f2-600x400.jpg 600w, https:\/\/www.supremeyachts.hr\/wp-content\/uploads\/2023\/10\/1__5JB6221.jpg-1900px-f2-300x200.jpg 300w, https:\/\/www.supremeyachts.hr\/wp-content\/uploads\/2023\/10\/1__5JB6221.jpg-1900px-f2-768x512.jpg 768w","medium_srcset":"https:\/\/www.supremeyachts.hr\/wp-content\/uploads\/2023\/10\/1__5JB6221.jpg-1900px-f2-300x200.jpg 300w, https:\/\/www.supremeyachts.hr\/wp-content\/uploads\/2023\/10\/1__5JB6221.jpg-1900px-f2-600x400.jpg 600w, https:\/\/www.supremeyachts.hr\/wp-content\/uploads\/2023\/10\/1__5JB6221.jpg-1900px-f2-768x512.jpg 768w, https:\/\/www.supremeyachts.hr\/wp-content\/uploads\/2023\/10\/1__5JB6221.jpg-1900px-f2.jpg 960w","media_details":{"width":960,"height":640,"sizes":{"woocommerce_thumbnail":{"file":"1__5JB6221.jpg-1900px-f2-300x300.jpg","width":300,"height":300,"mime-type":"image\/jpeg","filesize":21688,"uncropped":false,"source_url":"https:\/\/www.supremeyachts.hr\/wp-content\/uploads\/2023\/10\/1__5JB6221.jpg-1900px-f2-300x300.jpg"},"woocommerce_gallery_thumbnail":{"file":"1__5JB6221.jpg-1900px-f2-100x100.jpg","width":100,"height":100,"mime-type":"image\/jpeg","filesize":3902,"source_url":"https:\/\/www.supremeyachts.hr\/wp-content\/uploads\/2023\/10\/1__5JB6221.jpg-1900px-f2-100x100.jpg"},"woocommerce_single":{"file":"1__5JB6221.jpg-1900px-f2-600x400.jpg","width":600,"height":400,"mime-type":"image\/jpeg","filesize":49283,"source_url":"https:\/\/www.supremeyachts.hr\/wp-content\/uploads\/2023\/10\/1__5JB6221.jpg-1900px-f2-600x400.jpg"},"medium":{"file":"1__5JB6221.jpg-1900px-f2-300x200.jpg","width":300,"height":200,"mime-type":"image\/jpeg","filesize":30122,"source_url":"https:\/\/www.supremeyachts.hr\/wp-content\/uploads\/2023\/10\/1__5JB6221.jpg-1900px-f2-300x200.jpg"},"thumbnail":{"file":"1__5JB6221.jpg-1900px-f2-150x150.jpg","width":150,"height":150,"mime-type":"image\/jpeg","filesize":20176,"source_url":"https:\/\/www.supremeyachts.hr\/wp-content\/uploads\/2023\/10\/1__5JB6221.jpg-1900px-f2-150x150.jpg"},"medium_large":{"file":"1__5JB6221.jpg-1900px-f2-768x512.jpg","width":768,"height":512,"mime-type":"image\/jpeg","filesize":101848,"source_url":"https:\/\/www.supremeyachts.hr\/wp-content\/uploads\/2023\/10\/1__5JB6221.jpg-1900px-f2-768x512.jpg"}}},"alt_text":"","url":"","target":""},{"id":96,"title":"JEAN-BAPTISTE D'ENQUIN \/ BENETEAU FLYER 6","caption":"","full_image_url":"https:\/\/www.supremeyachts.hr\/wp-content\/uploads\/2023\/10\/1__5JB6221.jpg-1900px-f2-1.jpg","thumbnail_image_url":"https:\/\/www.supremeyachts.hr\/wp-content\/uploads\/2023\/10\/1__5JB6221.jpg-1900px-f2-1-150x150.jpg","large_srcset":"https:\/\/www.supremeyachts.hr\/wp-content\/uploads\/2023\/10\/1__5JB6221.jpg-1900px-f2-1.jpg 960w, https:\/\/www.supremeyachts.hr\/wp-content\/uploads\/2023\/10\/1__5JB6221.jpg-1900px-f2-1-600x400.jpg 600w, https:\/\/www.supremeyachts.hr\/wp-content\/uploads\/2023\/10\/1__5JB6221.jpg-1900px-f2-1-300x200.jpg 300w, https:\/\/www.supremeyachts.hr\/wp-content\/uploads\/2023\/10\/1__5JB6221.jpg-1900px-f2-1-768x512.jpg 768w","medium_srcset":"https:\/\/www.supremeyachts.hr\/wp-content\/uploads\/2023\/10\/1__5JB6221.jpg-1900px-f2-1-300x200.jpg 300w, https:\/\/www.supremeyachts.hr\/wp-content\/uploads\/2023\/10\/1__5JB6221.jpg-1900px-f2-1-600x400.jpg 600w, https:\/\/www.supremeyachts.hr\/wp-content\/uploads\/2023\/10\/1__5JB6221.jpg-1900px-f2-1-768x512.jpg 768w, https:\/\/www.supremeyachts.hr\/wp-content\/uploads\/2023\/10\/1__5JB6221.jpg-1900px-f2-1.jpg 960w","media_details":{"width":960,"height":640,"sizes":{"woocommerce_thumbnail":{"file":"1__5JB6221.jpg-1900px-f2-1-300x300.jpg","width":300,"height":300,"mime-type":"image\/jpeg","filesize":21688,"uncropped":false,"source_url":"https:\/\/www.supremeyachts.hr\/wp-content\/uploads\/2023\/10\/1__5JB6221.jpg-1900px-f2-1-300x300.jpg"},"woocommerce_gallery_thumbnail":{"file":"1__5JB6221.jpg-1900px-f2-1-100x100.jpg","width":100,"height":100,"mime-type":"image\/jpeg","filesize":3902,"source_url":"https:\/\/www.supremeyachts.hr\/wp-content\/uploads\/2023\/10\/1__5JB6221.jpg-1900px-f2-1-100x100.jpg"},"woocommerce_single":{"file":"1__5JB6221.jpg-1900px-f2-1-600x400.jpg","width":600,"height":400,"mime-type":"image\/jpeg","filesize":49283,"source_url":"https:\/\/www.supremeyachts.hr\/wp-content\/uploads\/2023\/10\/1__5JB6221.jpg-1900px-f2-1-600x400.jpg"},"medium":{"file":"1__5JB6221.jpg-1900px-f2-1-300x200.jpg","width":300,"height":200,"mime-type":"image\/jpeg","filesize":30122,"source_url":"https:\/\/www.supremeyachts.hr\/wp-content\/uploads\/2023\/10\/1__5JB6221.jpg-1900px-f2-1-300x200.jpg"},"thumbnail":{"file":"1__5JB6221.jpg-1900px-f2-1-150x150.jpg","width":150,"height":150,"mime-type":"image\/jpeg","filesize":20176,"source_url":"https:\/\/www.supremeyachts.hr\/wp-content\/uploads\/2023\/10\/1__5JB6221.jpg-1900px-f2-1-150x150.jpg"},"medium_large":{"file":"1__5JB6221.jpg-1900px-f2-1-768x512.jpg","width":768,"height":512,"mime-type":"image\/jpeg","filesize":101848,"source_url":"https:\/\/www.supremeyachts.hr\/wp-content\/uploads\/2023\/10\/1__5JB6221.jpg-1900px-f2-1-768x512.jpg"}}},"alt_text":"","url":"","target":""},{"id":95,"title":"JEAN-BAPTISTE D'ENQUIN \/ BENETEAU FLYER 6","caption":"","full_image_url":"https:\/\/www.supremeyachts.hr\/wp-content\/uploads\/2023\/10\/1__5JB5858.jpg-1900px-f2.jpg","thumbnail_image_url":"https:\/\/www.supremeyachts.hr\/wp-content\/uploads\/2023\/10\/1__5JB5858.jpg-1900px-f2-150x150.jpg","large_srcset":"https:\/\/www.supremeyachts.hr\/wp-content\/uploads\/2023\/10\/1__5JB5858.jpg-1900px-f2.jpg 960w, https:\/\/www.supremeyachts.hr\/wp-content\/uploads\/2023\/10\/1__5JB5858.jpg-1900px-f2-600x400.jpg 600w, https:\/\/www.supremeyachts.hr\/wp-content\/uploads\/2023\/10\/1__5JB5858.jpg-1900px-f2-300x200.jpg 300w, https:\/\/www.supremeyachts.hr\/wp-content\/uploads\/2023\/10\/1__5JB5858.jpg-1900px-f2-768x512.jpg 768w","medium_srcset":"https:\/\/www.supremeyachts.hr\/wp-content\/uploads\/2023\/10\/1__5JB5858.jpg-1900px-f2-300x200.jpg 300w, https:\/\/www.supremeyachts.hr\/wp-content\/uploads\/2023\/10\/1__5JB5858.jpg-1900px-f2-600x400.jpg 600w, https:\/\/www.supremeyachts.hr\/wp-content\/uploads\/2023\/10\/1__5JB5858.jpg-1900px-f2-768x512.jpg 768w, https:\/\/www.supremeyachts.hr\/wp-content\/uploads\/2023\/10\/1__5JB5858.jpg-1900px-f2.jpg 960w","media_details":{"width":960,"height":640,"sizes":{"woocommerce_thumbnail":{"file":"1__5JB5858.jpg-1900px-f2-300x300.jpg","width":300,"height":300,"mime-type":"image\/jpeg","filesize":17175,"uncropped":false,"source_url":"https:\/\/www.supremeyachts.hr\/wp-content\/uploads\/2023\/10\/1__5JB5858.jpg-1900px-f2-300x300.jpg"},"woocommerce_gallery_thumbnail":{"file":"1__5JB5858.jpg-1900px-f2-100x100.jpg","width":100,"height":100,"mime-type":"image\/jpeg","filesize":3282,"source_url":"https:\/\/www.supremeyachts.hr\/wp-content\/uploads\/2023\/10\/1__5JB5858.jpg-1900px-f2-100x100.jpg"},"woocommerce_single":{"file":"1__5JB5858.jpg-1900px-f2-600x400.jpg","width":600,"height":400,"mime-type":"image\/jpeg","filesize":36490,"source_url":"https:\/\/www.supremeyachts.hr\/wp-content\/uploads\/2023\/10\/1__5JB5858.jpg-1900px-f2-600x400.jpg"},"medium":{"file":"1__5JB5858.jpg-1900px-f2-300x200.jpg","width":300,"height":200,"mime-type":"image\/jpeg","filesize":26832,"source_url":"https:\/\/www.supremeyachts.hr\/wp-content\/uploads\/2023\/10\/1__5JB5858.jpg-1900px-f2-300x200.jpg"},"thumbnail":{"file":"1__5JB5858.jpg-1900px-f2-150x150.jpg","width":150,"height":150,"mime-type":"image\/jpeg","filesize":19104,"source_url":"https:\/\/www.supremeyachts.hr\/wp-content\/uploads\/2023\/10\/1__5JB5858.jpg-1900px-f2-150x150.jpg"},"medium_large":{"file":"1__5JB5858.jpg-1900px-f2-768x512.jpg","width":768,"height":512,"mime-type":"image\/jpeg","filesize":82403,"source_url":"https:\/\/www.supremeyachts.hr\/wp-content\/uploads\/2023\/10\/1__5JB5858.jpg-1900px-f2-768x512.jpg"}}},"alt_text":"","url":"","target":""},{"id":94,"title":"JEAN-BAPTISTE D'ENQUIN \/ BENETEAU FLYER 6","caption":"","full_image_url":"https:\/\/www.supremeyachts.hr\/wp-content\/uploads\/2023\/10\/1__5JB5831.jpg-1900px-f2.jpg","thumbnail_image_url":"https:\/\/www.supremeyachts.hr\/wp-content\/uploads\/2023\/10\/1__5JB5831.jpg-1900px-f2-150x150.jpg","large_srcset":"https:\/\/www.supremeyachts.hr\/wp-content\/uploads\/2023\/10\/1__5JB5831.jpg-1900px-f2.jpg 960w, https:\/\/www.supremeyachts.hr\/wp-content\/uploads\/2023\/10\/1__5JB5831.jpg-1900px-f2-600x400.jpg 600w, https:\/\/www.supremeyachts.hr\/wp-content\/uploads\/2023\/10\/1__5JB5831.jpg-1900px-f2-300x200.jpg 300w, https:\/\/www.supremeyachts.hr\/wp-content\/uploads\/2023\/10\/1__5JB5831.jpg-1900px-f2-768x512.jpg 768w","medium_srcset":"https:\/\/www.supremeyachts.hr\/wp-content\/uploads\/2023\/10\/1__5JB5831.jpg-1900px-f2-300x200.jpg 300w, https:\/\/www.supremeyachts.hr\/wp-content\/uploads\/2023\/10\/1__5JB5831.jpg-1900px-f2-600x400.jpg 600w, https:\/\/www.supremeyachts.hr\/wp-content\/uploads\/2023\/10\/1__5JB5831.jpg-1900px-f2-768x512.jpg 768w, https:\/\/www.supremeyachts.hr\/wp-content\/uploads\/2023\/10\/1__5JB5831.jpg-1900px-f2.jpg 960w","media_details":{"width":960,"height":640,"sizes":{"woocommerce_thumbnail":{"file":"1__5JB5831.jpg-1900px-f2-300x300.jpg","width":300,"height":300,"mime-type":"image\/jpeg","filesize":19361,"uncropped":false,"source_url":"https:\/\/www.supremeyachts.hr\/wp-content\/uploads\/2023\/10\/1__5JB5831.jpg-1900px-f2-300x300.jpg"},"woocommerce_gallery_thumbnail":{"file":"1__5JB5831.jpg-1900px-f2-100x100.jpg","width":100,"height":100,"mime-type":"image\/jpeg","filesize":3564,"source_url":"https:\/\/www.supremeyachts.hr\/wp-content\/uploads\/2023\/10\/1__5JB5831.jpg-1900px-f2-100x100.jpg"},"woocommerce_single":{"file":"1__5JB5831.jpg-1900px-f2-600x400.jpg","width":600,"height":400,"mime-type":"image\/jpeg","filesize":43785,"source_url":"https:\/\/www.supremeyachts.hr\/wp-content\/uploads\/2023\/10\/1__5JB5831.jpg-1900px-f2-600x400.jpg"},"medium":{"file":"1__5JB5831.jpg-1900px-f2-300x200.jpg","width":300,"height":200,"mime-type":"image\/jpeg","filesize":29467,"source_url":"https:\/\/www.supremeyachts.hr\/wp-content\/uploads\/2023\/10\/1__5JB5831.jpg-1900px-f2-300x200.jpg"},"thumbnail":{"file":"1__5JB5831.jpg-1900px-f2-150x150.jpg","width":150,"height":150,"mime-type":"image\/jpeg","filesize":19738,"source_url":"https:\/\/www.supremeyachts.hr\/wp-content\/uploads\/2023\/10\/1__5JB5831.jpg-1900px-f2-150x150.jpg"},"medium_large":{"file":"1__5JB5831.jpg-1900px-f2-768x512.jpg","width":768,"height":512,"mime-type":"image\/jpeg","filesize":97021,"source_url":"https:\/\/www.supremeyachts.hr\/wp-content\/uploads\/2023\/10\/1__5JB5831.jpg-1900px-f2-768x512.jpg"}}},"alt_text":"","url":"","target":""},{"id":93,"title":"JEAN-BAPTISTE D'ENQUIN \/ BENETEAU FLYER 6","caption":"","full_image_url":"https:\/\/www.supremeyachts.hr\/wp-content\/uploads\/2023\/10\/1__5JB5831.jpg-1900px-f2-1.jpg","thumbnail_image_url":"https:\/\/www.supremeyachts.hr\/wp-content\/uploads\/2023\/10\/1__5JB5831.jpg-1900px-f2-1-150x150.jpg","large_srcset":"https:\/\/www.supremeyachts.hr\/wp-content\/uploads\/2023\/10\/1__5JB5831.jpg-1900px-f2-1.jpg 960w, https:\/\/www.supremeyachts.hr\/wp-content\/uploads\/2023\/10\/1__5JB5831.jpg-1900px-f2-1-600x400.jpg 600w, https:\/\/www.supremeyachts.hr\/wp-content\/uploads\/2023\/10\/1__5JB5831.jpg-1900px-f2-1-300x200.jpg 300w, https:\/\/www.supremeyachts.hr\/wp-content\/uploads\/2023\/10\/1__5JB5831.jpg-1900px-f2-1-768x512.jpg 768w","medium_srcset":"https:\/\/www.supremeyachts.hr\/wp-content\/uploads\/2023\/10\/1__5JB5831.jpg-1900px-f2-1-300x200.jpg 300w, https:\/\/www.supremeyachts.hr\/wp-content\/uploads\/2023\/10\/1__5JB5831.jpg-1900px-f2-1-600x400.jpg 600w, https:\/\/www.supremeyachts.hr\/wp-content\/uploads\/2023\/10\/1__5JB5831.jpg-1900px-f2-1-768x512.jpg 768w, https:\/\/www.supremeyachts.hr\/wp-content\/uploads\/2023\/10\/1__5JB5831.jpg-1900px-f2-1.jpg 960w","media_details":{"width":960,"height":640,"sizes":{"woocommerce_thumbnail":{"file":"1__5JB5831.jpg-1900px-f2-1-300x300.jpg","width":300,"height":300,"mime-type":"image\/jpeg","filesize":19361,"uncropped":false,"source_url":"https:\/\/www.supremeyachts.hr\/wp-content\/uploads\/2023\/10\/1__5JB5831.jpg-1900px-f2-1-300x300.jpg"},"woocommerce_gallery_thumbnail":{"file":"1__5JB5831.jpg-1900px-f2-1-100x100.jpg","width":100,"height":100,"mime-type":"image\/jpeg","filesize":3564,"source_url":"https:\/\/www.supremeyachts.hr\/wp-content\/uploads\/2023\/10\/1__5JB5831.jpg-1900px-f2-1-100x100.jpg"},"woocommerce_single":{"file":"1__5JB5831.jpg-1900px-f2-1-600x400.jpg","width":600,"height":400,"mime-type":"image\/jpeg","filesize":43785,"source_url":"https:\/\/www.supremeyachts.hr\/wp-content\/uploads\/2023\/10\/1__5JB5831.jpg-1900px-f2-1-600x400.jpg"},"medium":{"file":"1__5JB5831.jpg-1900px-f2-1-300x200.jpg","width":300,"height":200,"mime-type":"image\/jpeg","filesize":29467,"source_url":"https:\/\/www.supremeyachts.hr\/wp-content\/uploads\/2023\/10\/1__5JB5831.jpg-1900px-f2-1-300x200.jpg"},"thumbnail":{"file":"1__5JB5831.jpg-1900px-f2-1-150x150.jpg","width":150,"height":150,"mime-type":"image\/jpeg","filesize":19738,"source_url":"https:\/\/www.supremeyachts.hr\/wp-content\/uploads\/2023\/10\/1__5JB5831.jpg-1900px-f2-1-150x150.jpg"},"medium_large":{"file":"1__5JB5831.jpg-1900px-f2-1-768x512.jpg","width":768,"height":512,"mime-type":"image\/jpeg","filesize":97021,"source_url":"https:\/\/www.supremeyachts.hr\/wp-content\/uploads\/2023\/10\/1__5JB5831.jpg-1900px-f2-1-768x512.jpg"}}},"alt_text":"","url":"","target":""},{"id":92,"title":"JEAN-BAPTISTE D'ENQUIN \/ BENETEAU FLYER 6","caption":"","full_image_url":"https:\/\/www.supremeyachts.hr\/wp-content\/uploads\/2023\/10\/1__5JB5532.jpg-1900px-f2.jpg","thumbnail_image_url":"https:\/\/www.supremeyachts.hr\/wp-content\/uploads\/2023\/10\/1__5JB5532.jpg-1900px-f2-150x150.jpg","large_srcset":"https:\/\/www.supremeyachts.hr\/wp-content\/uploads\/2023\/10\/1__5JB5532.jpg-1900px-f2.jpg 960w, https:\/\/www.supremeyachts.hr\/wp-content\/uploads\/2023\/10\/1__5JB5532.jpg-1900px-f2-600x400.jpg 600w, https:\/\/www.supremeyachts.hr\/wp-content\/uploads\/2023\/10\/1__5JB5532.jpg-1900px-f2-300x200.jpg 300w, https:\/\/www.supremeyachts.hr\/wp-content\/uploads\/2023\/10\/1__5JB5532.jpg-1900px-f2-768x512.jpg 768w","medium_srcset":"https:\/\/www.supremeyachts.hr\/wp-content\/uploads\/2023\/10\/1__5JB5532.jpg-1900px-f2-300x200.jpg 300w, https:\/\/www.supremeyachts.hr\/wp-content\/uploads\/2023\/10\/1__5JB5532.jpg-1900px-f2-600x400.jpg 600w, https:\/\/www.supremeyachts.hr\/wp-content\/uploads\/2023\/10\/1__5JB5532.jpg-1900px-f2-768x512.jpg 768w, https:\/\/www.supremeyachts.hr\/wp-content\/uploads\/2023\/10\/1__5JB5532.jpg-1900px-f2.jpg 960w","media_details":{"width":960,"height":640,"sizes":{"woocommerce_thumbnail":{"file":"1__5JB5532.jpg-1900px-f2-300x300.jpg","width":300,"height":300,"mime-type":"image\/jpeg","filesize":17271,"uncropped":false,"source_url":"https:\/\/www.supremeyachts.hr\/wp-content\/uploads\/2023\/10\/1__5JB5532.jpg-1900px-f2-300x300.jpg"},"woocommerce_gallery_thumbnail":{"file":"1__5JB5532.jpg-1900px-f2-100x100.jpg","width":100,"height":100,"mime-type":"image\/jpeg","filesize":3551,"source_url":"https:\/\/www.supremeyachts.hr\/wp-content\/uploads\/2023\/10\/1__5JB5532.jpg-1900px-f2-100x100.jpg"},"woocommerce_single":{"file":"1__5JB5532.jpg-1900px-f2-600x400.jpg","width":600,"height":400,"mime-type":"image\/jpeg","filesize":36433,"source_url":"https:\/\/www.supremeyachts.hr\/wp-content\/uploads\/2023\/10\/1__5JB5532.jpg-1900px-f2-600x400.jpg"},"medium":{"file":"1__5JB5532.jpg-1900px-f2-300x200.jpg","width":300,"height":200,"mime-type":"image\/jpeg","filesize":27440,"source_url":"https:\/\/www.supremeyachts.hr\/wp-content\/uploads\/2023\/10\/1__5JB5532.jpg-1900px-f2-300x200.jpg"},"thumbnail":{"file":"1__5JB5532.jpg-1900px-f2-150x150.jpg","width":150,"height":150,"mime-type":"image\/jpeg","filesize":19332,"source_url":"https:\/\/www.supremeyachts.hr\/wp-content\/uploads\/2023\/10\/1__5JB5532.jpg-1900px-f2-150x150.jpg"},"medium_large":{"file":"1__5JB5532.jpg-1900px-f2-768x512.jpg","width":768,"height":512,"mime-type":"image\/jpeg","filesize":80245,"source_url":"https:\/\/www.supremeyachts.hr\/wp-content\/uploads\/2023\/10\/1__5JB5532.jpg-1900px-f2-768x512.jpg"}}},"alt_text":"","url":"","target":""},{"id":91,"title":"JEAN-BAPTISTE D'ENQUIN \/ BENETEAU FLYER 6","caption":"","full_image_url":"https:\/\/www.supremeyachts.hr\/wp-content\/uploads\/2023\/10\/1__5JB5500.jpg-1900px-f2.jpg","thumbnail_image_url":"https:\/\/www.supremeyachts.hr\/wp-content\/uploads\/2023\/10\/1__5JB5500.jpg-1900px-f2-150x150.jpg","large_srcset":"https:\/\/www.supremeyachts.hr\/wp-content\/uploads\/2023\/10\/1__5JB5500.jpg-1900px-f2.jpg 960w, https:\/\/www.supremeyachts.hr\/wp-content\/uploads\/2023\/10\/1__5JB5500.jpg-1900px-f2-600x400.jpg 600w, https:\/\/www.supremeyachts.hr\/wp-content\/uploads\/2023\/10\/1__5JB5500.jpg-1900px-f2-300x200.jpg 300w, https:\/\/www.supremeyachts.hr\/wp-content\/uploads\/2023\/10\/1__5JB5500.jpg-1900px-f2-768x512.jpg 768w","medium_srcset":"https:\/\/www.supremeyachts.hr\/wp-content\/uploads\/2023\/10\/1__5JB5500.jpg-1900px-f2-300x200.jpg 300w, https:\/\/www.supremeyachts.hr\/wp-content\/uploads\/2023\/10\/1__5JB5500.jpg-1900px-f2-600x400.jpg 600w, https:\/\/www.supremeyachts.hr\/wp-content\/uploads\/2023\/10\/1__5JB5500.jpg-1900px-f2-768x512.jpg 768w, https:\/\/www.supremeyachts.hr\/wp-content\/uploads\/2023\/10\/1__5JB5500.jpg-1900px-f2.jpg 960w","media_details":{"width":960,"height":640,"sizes":{"woocommerce_thumbnail":{"file":"1__5JB5500.jpg-1900px-f2-300x300.jpg","width":300,"height":300,"mime-type":"image\/jpeg","filesize":17172,"uncropped":false,"source_url":"https:\/\/www.supremeyachts.hr\/wp-content\/uploads\/2023\/10\/1__5JB5500.jpg-1900px-f2-300x300.jpg"},"woocommerce_gallery_thumbnail":{"file":"1__5JB5500.jpg-1900px-f2-100x100.jpg","width":100,"height":100,"mime-type":"image\/jpeg","filesize":3649,"source_url":"https:\/\/www.supremeyachts.hr\/wp-content\/uploads\/2023\/10\/1__5JB5500.jpg-1900px-f2-100x100.jpg"},"woocommerce_single":{"file":"1__5JB5500.jpg-1900px-f2-600x400.jpg","width":600,"height":400,"mime-type":"image\/jpeg","filesize":33427,"source_url":"https:\/\/www.supremeyachts.hr\/wp-content\/uploads\/2023\/10\/1__5JB5500.jpg-1900px-f2-600x400.jpg"},"medium":{"file":"1__5JB5500.jpg-1900px-f2-300x200.jpg","width":300,"height":200,"mime-type":"image\/jpeg","filesize":26820,"source_url":"https:\/\/www.supremeyachts.hr\/wp-content\/uploads\/2023\/10\/1__5JB5500.jpg-1900px-f2-300x200.jpg"},"thumbnail":{"file":"1__5JB5500.jpg-1900px-f2-150x150.jpg","width":150,"height":150,"mime-type":"image\/jpeg","filesize":19708,"source_url":"https:\/\/www.supremeyachts.hr\/wp-content\/uploads\/2023\/10\/1__5JB5500.jpg-1900px-f2-150x150.jpg"},"medium_large":{"file":"1__5JB5500.jpg-1900px-f2-768x512.jpg","width":768,"height":512,"mime-type":"image\/jpeg","filesize":74665,"source_url":"https:\/\/www.supremeyachts.hr\/wp-content\/uploads\/2023\/10\/1__5JB5500.jpg-1900px-f2-768x512.jpg"}}},"alt_text":"","url":"","target":""},{"id":90,"title":"JEAN-BAPTISTE D'ENQUIN \/ BENETEAU FLYER 6","caption":"","full_image_url":"https:\/\/www.supremeyachts.hr\/wp-content\/uploads\/2023\/10\/1__5JB5394.jpg-1900px-f2.jpg","thumbnail_image_url":"https:\/\/www.supremeyachts.hr\/wp-content\/uploads\/2023\/10\/1__5JB5394.jpg-1900px-f2-150x150.jpg","large_srcset":"https:\/\/www.supremeyachts.hr\/wp-content\/uploads\/2023\/10\/1__5JB5394.jpg-1900px-f2.jpg 960w, https:\/\/www.supremeyachts.hr\/wp-content\/uploads\/2023\/10\/1__5JB5394.jpg-1900px-f2-600x400.jpg 600w, https:\/\/www.supremeyachts.hr\/wp-content\/uploads\/2023\/10\/1__5JB5394.jpg-1900px-f2-300x200.jpg 300w, https:\/\/www.supremeyachts.hr\/wp-content\/uploads\/2023\/10\/1__5JB5394.jpg-1900px-f2-768x512.jpg 768w","medium_srcset":"https:\/\/www.supremeyachts.hr\/wp-content\/uploads\/2023\/10\/1__5JB5394.jpg-1900px-f2-300x200.jpg 300w, https:\/\/www.supremeyachts.hr\/wp-content\/uploads\/2023\/10\/1__5JB5394.jpg-1900px-f2-600x400.jpg 600w, https:\/\/www.supremeyachts.hr\/wp-content\/uploads\/2023\/10\/1__5JB5394.jpg-1900px-f2-768x512.jpg 768w, https:\/\/www.supremeyachts.hr\/wp-content\/uploads\/2023\/10\/1__5JB5394.jpg-1900px-f2.jpg 960w","media_details":{"width":960,"height":640,"sizes":{"woocommerce_thumbnail":{"file":"1__5JB5394.jpg-1900px-f2-300x300.jpg","width":300,"height":300,"mime-type":"image\/jpeg","filesize":24834,"uncropped":false,"source_url":"https:\/\/www.supremeyachts.hr\/wp-content\/uploads\/2023\/10\/1__5JB5394.jpg-1900px-f2-300x300.jpg"},"woocommerce_gallery_thumbnail":{"file":"1__5JB5394.jpg-1900px-f2-100x100.jpg","width":100,"height":100,"mime-type":"image\/jpeg","filesize":4266,"source_url":"https:\/\/www.supremeyachts.hr\/wp-content\/uploads\/2023\/10\/1__5JB5394.jpg-1900px-f2-100x100.jpg"},"woocommerce_single":{"file":"1__5JB5394.jpg-1900px-f2-600x400.jpg","width":600,"height":400,"mime-type":"image\/jpeg","filesize":57702,"source_url":"https:\/\/www.supremeyachts.hr\/wp-content\/uploads\/2023\/10\/1__5JB5394.jpg-1900px-f2-600x400.jpg"},"medium":{"file":"1__5JB5394.jpg-1900px-f2-300x200.jpg","width":300,"height":200,"mime-type":"image\/jpeg","filesize":32865,"source_url":"https:\/\/www.supremeyachts.hr\/wp-content\/uploads\/2023\/10\/1__5JB5394.jpg-1900px-f2-300x200.jpg"},"thumbnail":{"file":"1__5JB5394.jpg-1900px-f2-150x150.jpg","width":150,"height":150,"mime-type":"image\/jpeg","filesize":21265,"source_url":"https:\/\/www.supremeyachts.hr\/wp-content\/uploads\/2023\/10\/1__5JB5394.jpg-1900px-f2-150x150.jpg"},"medium_large":{"file":"1__5JB5394.jpg-1900px-f2-768x512.jpg","width":768,"height":512,"mime-type":"image\/jpeg","filesize":122424,"source_url":"https:\/\/www.supremeyachts.hr\/wp-content\/uploads\/2023\/10\/1__5JB5394.jpg-1900px-f2-768x512.jpg"}}},"alt_text":"","url":"","target":""},{"id":89,"title":"JEAN-BAPTISTE D'ENQUIN \/ BENETEAU FLYER 6","caption":"","full_image_url":"https:\/\/www.supremeyachts.hr\/wp-content\/uploads\/2023\/10\/1__5JB5379.jpg-1900px-f2.jpg","thumbnail_image_url":"https:\/\/www.supremeyachts.hr\/wp-content\/uploads\/2023\/10\/1__5JB5379.jpg-1900px-f2-150x150.jpg","large_srcset":"https:\/\/www.supremeyachts.hr\/wp-content\/uploads\/2023\/10\/1__5JB5379.jpg-1900px-f2.jpg 960w, https:\/\/www.supremeyachts.hr\/wp-content\/uploads\/2023\/10\/1__5JB5379.jpg-1900px-f2-600x400.jpg 600w, https:\/\/www.supremeyachts.hr\/wp-content\/uploads\/2023\/10\/1__5JB5379.jpg-1900px-f2-300x200.jpg 300w, https:\/\/www.supremeyachts.hr\/wp-content\/uploads\/2023\/10\/1__5JB5379.jpg-1900px-f2-768x512.jpg 768w","medium_srcset":"https:\/\/www.supremeyachts.hr\/wp-content\/uploads\/2023\/10\/1__5JB5379.jpg-1900px-f2-300x200.jpg 300w, https:\/\/www.supremeyachts.hr\/wp-content\/uploads\/2023\/10\/1__5JB5379.jpg-1900px-f2-600x400.jpg 600w, https:\/\/www.supremeyachts.hr\/wp-content\/uploads\/2023\/10\/1__5JB5379.jpg-1900px-f2-768x512.jpg 768w, https:\/\/www.supremeyachts.hr\/wp-content\/uploads\/2023\/10\/1__5JB5379.jpg-1900px-f2.jpg 960w","media_details":{"width":960,"height":640,"sizes":{"woocommerce_thumbnail":{"file":"1__5JB5379.jpg-1900px-f2-300x300.jpg","width":300,"height":300,"mime-type":"image\/jpeg","filesize":20224,"uncropped":false,"source_url":"https:\/\/www.supremeyachts.hr\/wp-content\/uploads\/2023\/10\/1__5JB5379.jpg-1900px-f2-300x300.jpg"},"woocommerce_gallery_thumbnail":{"file":"1__5JB5379.jpg-1900px-f2-100x100.jpg","width":100,"height":100,"mime-type":"image\/jpeg","filesize":3616,"source_url":"https:\/\/www.supremeyachts.hr\/wp-content\/uploads\/2023\/10\/1__5JB5379.jpg-1900px-f2-100x100.jpg"},"woocommerce_single":{"file":"1__5JB5379.jpg-1900px-f2-600x400.jpg","width":600,"height":400,"mime-type":"image\/jpeg","filesize":44362,"source_url":"https:\/\/www.supremeyachts.hr\/wp-content\/uploads\/2023\/10\/1__5JB5379.jpg-1900px-f2-600x400.jpg"},"medium":{"file":"1__5JB5379.jpg-1900px-f2-300x200.jpg","width":300,"height":200,"mime-type":"image\/jpeg","filesize":28058,"source_url":"https:\/\/www.supremeyachts.hr\/wp-content\/uploads\/2023\/10\/1__5JB5379.jpg-1900px-f2-300x200.jpg"},"thumbnail":{"file":"1__5JB5379.jpg-1900px-f2-150x150.jpg","width":150,"height":150,"mime-type":"image\/jpeg","filesize":19369,"source_url":"https:\/\/www.supremeyachts.hr\/wp-content\/uploads\/2023\/10\/1__5JB5379.jpg-1900px-f2-150x150.jpg"},"medium_large":{"file":"1__5JB5379.jpg-1900px-f2-768x512.jpg","width":768,"height":512,"mime-type":"image\/jpeg","filesize":96275,"source_url":"https:\/\/www.supremeyachts.hr\/wp-content\/uploads\/2023\/10\/1__5JB5379.jpg-1900px-f2-768x512.jpg"}}},"alt_text":"","url":"","target":""},{"id":88,"title":"JEAN-BAPTISTE D'ENQUIN \/ BENETEAU FLYER 6","caption":"","full_image_url":"https:\/\/www.supremeyachts.hr\/wp-content\/uploads\/2023\/10\/1__5JB5371.jpg-1900px-f2.jpg","thumbnail_image_url":"https:\/\/www.supremeyachts.hr\/wp-content\/uploads\/2023\/10\/1__5JB5371.jpg-1900px-f2-150x150.jpg","large_srcset":"https:\/\/www.supremeyachts.hr\/wp-content\/uploads\/2023\/10\/1__5JB5371.jpg-1900px-f2.jpg 960w, https:\/\/www.supremeyachts.hr\/wp-content\/uploads\/2023\/10\/1__5JB5371.jpg-1900px-f2-600x400.jpg 600w, https:\/\/www.supremeyachts.hr\/wp-content\/uploads\/2023\/10\/1__5JB5371.jpg-1900px-f2-300x200.jpg 300w, https:\/\/www.supremeyachts.hr\/wp-content\/uploads\/2023\/10\/1__5JB5371.jpg-1900px-f2-768x512.jpg 768w","medium_srcset":"https:\/\/www.supremeyachts.hr\/wp-content\/uploads\/2023\/10\/1__5JB5371.jpg-1900px-f2-300x200.jpg 300w, https:\/\/www.supremeyachts.hr\/wp-content\/uploads\/2023\/10\/1__5JB5371.jpg-1900px-f2-600x400.jpg 600w, https:\/\/www.supremeyachts.hr\/wp-content\/uploads\/2023\/10\/1__5JB5371.jpg-1900px-f2-768x512.jpg 768w, https:\/\/www.supremeyachts.hr\/wp-content\/uploads\/2023\/10\/1__5JB5371.jpg-1900px-f2.jpg 960w","media_details":{"width":960,"height":640,"sizes":{"woocommerce_thumbnail":{"file":"1__5JB5371.jpg-1900px-f2-300x300.jpg","width":300,"height":300,"mime-type":"image\/jpeg","filesize":20562,"uncropped":false,"source_url":"https:\/\/www.supremeyachts.hr\/wp-content\/uploads\/2023\/10\/1__5JB5371.jpg-1900px-f2-300x300.jpg"},"woocommerce_gallery_thumbnail":{"file":"1__5JB5371.jpg-1900px-f2-100x100.jpg","width":100,"height":100,"mime-type":"image\/jpeg","filesize":3575,"source_url":"https:\/\/www.supremeyachts.hr\/wp-content\/uploads\/2023\/10\/1__5JB5371.jpg-1900px-f2-100x100.jpg"},"woocommerce_single":{"file":"1__5JB5371.jpg-1900px-f2-600x400.jpg","width":600,"height":400,"mime-type":"image\/jpeg","filesize":45753,"source_url":"https:\/\/www.supremeyachts.hr\/wp-content\/uploads\/2023\/10\/1__5JB5371.jpg-1900px-f2-600x400.jpg"},"medium":{"file":"1__5JB5371.jpg-1900px-f2-300x200.jpg","width":300,"height":200,"mime-type":"image\/jpeg","filesize":28609,"source_url":"https:\/\/www.supremeyachts.hr\/wp-content\/uploads\/2023\/10\/1__5JB5371.jpg-1900px-f2-300x200.jpg"},"thumbnail":{"file":"1__5JB5371.jpg-1900px-f2-150x150.jpg","width":150,"height":150,"mime-type":"image\/jpeg","filesize":19779,"source_url":"https:\/\/www.supremeyachts.hr\/wp-content\/uploads\/2023\/10\/1__5JB5371.jpg-1900px-f2-150x150.jpg"},"medium_large":{"file":"1__5JB5371.jpg-1900px-f2-768x512.jpg","width":768,"height":512,"mime-type":"image\/jpeg","filesize":99051,"source_url":"https:\/\/www.supremeyachts.hr\/wp-content\/uploads\/2023\/10\/1__5JB5371.jpg-1900px-f2-768x512.jpg"}}},"alt_text":"","url":"","target":""}],[{"id":104,"title":"JEAN-BAPTISTE D'ENQUIN \/ BENETEAU FLYER 6","caption":"","full_image_url":"https:\/\/www.supremeyachts.hr\/wp-content\/uploads\/2023\/10\/2__5JB6721.jpg-1900px-f2.jpg","thumbnail_image_url":"https:\/\/www.supremeyachts.hr\/wp-content\/uploads\/2023\/10\/2__5JB6721.jpg-1900px-f2-150x150.jpg","large_srcset":"https:\/\/www.supremeyachts.hr\/wp-content\/uploads\/2023\/10\/2__5JB6721.jpg-1900px-f2.jpg 960w, https:\/\/www.supremeyachts.hr\/wp-content\/uploads\/2023\/10\/2__5JB6721.jpg-1900px-f2-600x400.jpg 600w, https:\/\/www.supremeyachts.hr\/wp-content\/uploads\/2023\/10\/2__5JB6721.jpg-1900px-f2-300x200.jpg 300w, https:\/\/www.supremeyachts.hr\/wp-content\/uploads\/2023\/10\/2__5JB6721.jpg-1900px-f2-768x512.jpg 768w","medium_srcset":"https:\/\/www.supremeyachts.hr\/wp-content\/uploads\/2023\/10\/2__5JB6721.jpg-1900px-f2-300x200.jpg 300w, https:\/\/www.supremeyachts.hr\/wp-content\/uploads\/2023\/10\/2__5JB6721.jpg-1900px-f2-600x400.jpg 600w, https:\/\/www.supremeyachts.hr\/wp-content\/uploads\/2023\/10\/2__5JB6721.jpg-1900px-f2-768x512.jpg 768w, https:\/\/www.supremeyachts.hr\/wp-content\/uploads\/2023\/10\/2__5JB6721.jpg-1900px-f2.jpg 960w","media_details":{"width":960,"height":640,"sizes":{"woocommerce_thumbnail":{"file":"2__5JB6721.jpg-1900px-f2-300x300.jpg","width":300,"height":300,"mime-type":"image\/jpeg","filesize":11516,"uncropped":false,"source_url":"https:\/\/www.supremeyachts.hr\/wp-content\/uploads\/2023\/10\/2__5JB6721.jpg-1900px-f2-300x300.jpg"},"woocommerce_gallery_thumbnail":{"file":"2__5JB6721.jpg-1900px-f2-100x100.jpg","width":100,"height":100,"mime-type":"image\/jpeg","filesize":2496,"source_url":"https:\/\/www.supremeyachts.hr\/wp-content\/uploads\/2023\/10\/2__5JB6721.jpg-1900px-f2-100x100.jpg"},"woocommerce_single":{"file":"2__5JB6721.jpg-1900px-f2-600x400.jpg","width":600,"height":400,"mime-type":"image\/jpeg","filesize":25046,"source_url":"https:\/\/www.supremeyachts.hr\/wp-content\/uploads\/2023\/10\/2__5JB6721.jpg-1900px-f2-600x400.jpg"},"medium":{"file":"2__5JB6721.jpg-1900px-f2-300x200.jpg","width":300,"height":200,"mime-type":"image\/jpeg","filesize":21097,"source_url":"https:\/\/www.supremeyachts.hr\/wp-content\/uploads\/2023\/10\/2__5JB6721.jpg-1900px-f2-300x200.jpg"},"thumbnail":{"file":"2__5JB6721.jpg-1900px-f2-150x150.jpg","width":150,"height":150,"mime-type":"image\/jpeg","filesize":17054,"source_url":"https:\/\/www.supremeyachts.hr\/wp-content\/uploads\/2023\/10\/2__5JB6721.jpg-1900px-f2-150x150.jpg"},"medium_large":{"file":"2__5JB6721.jpg-1900px-f2-768x512.jpg","width":768,"height":512,"mime-type":"image\/jpeg","filesize":54300,"source_url":"https:\/\/www.supremeyachts.hr\/wp-content\/uploads\/2023\/10\/2__5JB6721.jpg-1900px-f2-768x512.jpg"}}},"alt_text":"","url":"","target":""},{"id":103,"title":"JEAN-BAPTISTE D'ENQUIN \/ BENETEAU FLYER 6","caption":"","full_image_url":"https:\/\/www.supremeyachts.hr\/wp-content\/uploads\/2023\/10\/2__5JB6701.jpg-1900px-f2.jpg","thumbnail_image_url":"https:\/\/www.supremeyachts.hr\/wp-content\/uploads\/2023\/10\/2__5JB6701.jpg-1900px-f2-150x150.jpg","large_srcset":"https:\/\/www.supremeyachts.hr\/wp-content\/uploads\/2023\/10\/2__5JB6701.jpg-1900px-f2.jpg 960w, https:\/\/www.supremeyachts.hr\/wp-content\/uploads\/2023\/10\/2__5JB6701.jpg-1900px-f2-600x400.jpg 600w, https:\/\/www.supremeyachts.hr\/wp-content\/uploads\/2023\/10\/2__5JB6701.jpg-1900px-f2-300x200.jpg 300w, https:\/\/www.supremeyachts.hr\/wp-content\/uploads\/2023\/10\/2__5JB6701.jpg-1900px-f2-768x512.jpg 768w","medium_srcset":"https:\/\/www.supremeyachts.hr\/wp-content\/uploads\/2023\/10\/2__5JB6701.jpg-1900px-f2-300x200.jpg 300w, https:\/\/www.supremeyachts.hr\/wp-content\/uploads\/2023\/10\/2__5JB6701.jpg-1900px-f2-600x400.jpg 600w, https:\/\/www.supremeyachts.hr\/wp-content\/uploads\/2023\/10\/2__5JB6701.jpg-1900px-f2-768x512.jpg 768w, https:\/\/www.supremeyachts.hr\/wp-content\/uploads\/2023\/10\/2__5JB6701.jpg-1900px-f2.jpg 960w","media_details":{"width":960,"height":640,"sizes":{"woocommerce_thumbnail":{"file":"2__5JB6701.jpg-1900px-f2-300x300.jpg","width":300,"height":300,"mime-type":"image\/jpeg","filesize":10638,"uncropped":false,"source_url":"https:\/\/www.supremeyachts.hr\/wp-content\/uploads\/2023\/10\/2__5JB6701.jpg-1900px-f2-300x300.jpg"},"woocommerce_gallery_thumbnail":{"file":"2__5JB6701.jpg-1900px-f2-100x100.jpg","width":100,"height":100,"mime-type":"image\/jpeg","filesize":2571,"source_url":"https:\/\/www.supremeyachts.hr\/wp-content\/uploads\/2023\/10\/2__5JB6701.jpg-1900px-f2-100x100.jpg"},"woocommerce_single":{"file":"2__5JB6701.jpg-1900px-f2-600x400.jpg","width":600,"height":400,"mime-type":"image\/jpeg","filesize":23677,"source_url":"https:\/\/www.supremeyachts.hr\/wp-content\/uploads\/2023\/10\/2__5JB6701.jpg-1900px-f2-600x400.jpg"},"medium":{"file":"2__5JB6701.jpg-1900px-f2-300x200.jpg","width":300,"height":200,"mime-type":"image\/jpeg","filesize":21883,"source_url":"https:\/\/www.supremeyachts.hr\/wp-content\/uploads\/2023\/10\/2__5JB6701.jpg-1900px-f2-300x200.jpg"},"thumbnail":{"file":"2__5JB6701.jpg-1900px-f2-150x150.jpg","width":150,"height":150,"mime-type":"image\/jpeg","filesize":17181,"source_url":"https:\/\/www.supremeyachts.hr\/wp-content\/uploads\/2023\/10\/2__5JB6701.jpg-1900px-f2-150x150.jpg"},"medium_large":{"file":"2__5JB6701.jpg-1900px-f2-768x512.jpg","width":768,"height":512,"mime-type":"image\/jpeg","filesize":53346,"source_url":"https:\/\/www.supremeyachts.hr\/wp-content\/uploads\/2023\/10\/2__5JB6701.jpg-1900px-f2-768x512.jpg"}}},"alt_text":"","url":"","target":""},{"id":102,"title":"JEAN-BAPTISTE D'ENQUIN \/ BENETEAU FLYER 6","caption":"","full_image_url":"https:\/\/www.supremeyachts.hr\/wp-content\/uploads\/2023\/10\/2__5JB6673.jpg-1900px-f2.jpg","thumbnail_image_url":"https:\/\/www.supremeyachts.hr\/wp-content\/uploads\/2023\/10\/2__5JB6673.jpg-1900px-f2-150x150.jpg","large_srcset":"https:\/\/www.supremeyachts.hr\/wp-content\/uploads\/2023\/10\/2__5JB6673.jpg-1900px-f2.jpg 960w, https:\/\/www.supremeyachts.hr\/wp-content\/uploads\/2023\/10\/2__5JB6673.jpg-1900px-f2-600x400.jpg 600w, https:\/\/www.supremeyachts.hr\/wp-content\/uploads\/2023\/10\/2__5JB6673.jpg-1900px-f2-300x200.jpg 300w, https:\/\/www.supremeyachts.hr\/wp-content\/uploads\/2023\/10\/2__5JB6673.jpg-1900px-f2-768x512.jpg 768w","medium_srcset":"https:\/\/www.supremeyachts.hr\/wp-content\/uploads\/2023\/10\/2__5JB6673.jpg-1900px-f2-300x200.jpg 300w, https:\/\/www.supremeyachts.hr\/wp-content\/uploads\/2023\/10\/2__5JB6673.jpg-1900px-f2-600x400.jpg 600w, https:\/\/www.supremeyachts.hr\/wp-content\/uploads\/2023\/10\/2__5JB6673.jpg-1900px-f2-768x512.jpg 768w, https:\/\/www.supremeyachts.hr\/wp-content\/uploads\/2023\/10\/2__5JB6673.jpg-1900px-f2.jpg 960w","media_details":{"width":960,"height":640,"sizes":{"woocommerce_thumbnail":{"file":"2__5JB6673.jpg-1900px-f2-300x300.jpg","width":300,"height":300,"mime-type":"image\/jpeg","filesize":13159,"uncropped":false,"source_url":"https:\/\/www.supremeyachts.hr\/wp-content\/uploads\/2023\/10\/2__5JB6673.jpg-1900px-f2-300x300.jpg"},"woocommerce_gallery_thumbnail":{"file":"2__5JB6673.jpg-1900px-f2-100x100.jpg","width":100,"height":100,"mime-type":"image\/jpeg","filesize":3144,"source_url":"https:\/\/www.supremeyachts.hr\/wp-content\/uploads\/2023\/10\/2__5JB6673.jpg-1900px-f2-100x100.jpg"},"woocommerce_single":{"file":"2__5JB6673.jpg-1900px-f2-600x400.jpg","width":600,"height":400,"mime-type":"image\/jpeg","filesize":28848,"source_url":"https:\/\/www.supremeyachts.hr\/wp-content\/uploads\/2023\/10\/2__5JB6673.jpg-1900px-f2-600x400.jpg"},"medium":{"file":"2__5JB6673.jpg-1900px-f2-300x200.jpg","width":300,"height":200,"mime-type":"image\/jpeg","filesize":24216,"source_url":"https:\/\/www.supremeyachts.hr\/wp-content\/uploads\/2023\/10\/2__5JB6673.jpg-1900px-f2-300x200.jpg"},"thumbnail":{"file":"2__5JB6673.jpg-1900px-f2-150x150.jpg","width":150,"height":150,"mime-type":"image\/jpeg","filesize":18258,"source_url":"https:\/\/www.supremeyachts.hr\/wp-content\/uploads\/2023\/10\/2__5JB6673.jpg-1900px-f2-150x150.jpg"},"medium_large":{"file":"2__5JB6673.jpg-1900px-f2-768x512.jpg","width":768,"height":512,"mime-type":"image\/jpeg","filesize":61542,"source_url":"https:\/\/www.supremeyachts.hr\/wp-content\/uploads\/2023\/10\/2__5JB6673.jpg-1900px-f2-768x512.jpg"}}},"alt_text":"","url":"","target":""},{"id":101,"title":"JEAN-BAPTISTE D'ENQUIN \/ BENETEAU FLYER 6","caption":"","full_image_url":"https:\/\/www.supremeyachts.hr\/wp-content\/uploads\/2023\/10\/2__5JB6620.jpg-1900px-f2.jpg","thumbnail_image_url":"https:\/\/www.supremeyachts.hr\/wp-content\/uploads\/2023\/10\/2__5JB6620.jpg-1900px-f2-150x150.jpg","large_srcset":"https:\/\/www.supremeyachts.hr\/wp-content\/uploads\/2023\/10\/2__5JB6620.jpg-1900px-f2.jpg 960w, https:\/\/www.supremeyachts.hr\/wp-content\/uploads\/2023\/10\/2__5JB6620.jpg-1900px-f2-600x400.jpg 600w, https:\/\/www.supremeyachts.hr\/wp-content\/uploads\/2023\/10\/2__5JB6620.jpg-1900px-f2-300x200.jpg 300w, https:\/\/www.supremeyachts.hr\/wp-content\/uploads\/2023\/10\/2__5JB6620.jpg-1900px-f2-768x512.jpg 768w","medium_srcset":"https:\/\/www.supremeyachts.hr\/wp-content\/uploads\/2023\/10\/2__5JB6620.jpg-1900px-f2-300x200.jpg 300w, https:\/\/www.supremeyachts.hr\/wp-content\/uploads\/2023\/10\/2__5JB6620.jpg-1900px-f2-600x400.jpg 600w, https:\/\/www.supremeyachts.hr\/wp-content\/uploads\/2023\/10\/2__5JB6620.jpg-1900px-f2-768x512.jpg 768w, https:\/\/www.supremeyachts.hr\/wp-content\/uploads\/2023\/10\/2__5JB6620.jpg-1900px-f2.jpg 960w","media_details":{"width":960,"height":640,"sizes":{"woocommerce_thumbnail":{"file":"2__5JB6620.jpg-1900px-f2-300x300.jpg","width":300,"height":300,"mime-type":"image\/jpeg","filesize":12651,"uncropped":false,"source_url":"https:\/\/www.supremeyachts.hr\/wp-content\/uploads\/2023\/10\/2__5JB6620.jpg-1900px-f2-300x300.jpg"},"woocommerce_gallery_thumbnail":{"file":"2__5JB6620.jpg-1900px-f2-100x100.jpg","width":100,"height":100,"mime-type":"image\/jpeg","filesize":3006,"source_url":"https:\/\/www.supremeyachts.hr\/wp-content\/uploads\/2023\/10\/2__5JB6620.jpg-1900px-f2-100x100.jpg"},"woocommerce_single":{"file":"2__5JB6620.jpg-1900px-f2-600x400.jpg","width":600,"height":400,"mime-type":"image\/jpeg","filesize":28612,"source_url":"https:\/\/www.supremeyachts.hr\/wp-content\/uploads\/2023\/10\/2__5JB6620.jpg-1900px-f2-600x400.jpg"},"medium":{"file":"2__5JB6620.jpg-1900px-f2-300x200.jpg","width":300,"height":200,"mime-type":"image\/jpeg","filesize":24057,"source_url":"https:\/\/www.supremeyachts.hr\/wp-content\/uploads\/2023\/10\/2__5JB6620.jpg-1900px-f2-300x200.jpg"},"thumbnail":{"file":"2__5JB6620.jpg-1900px-f2-150x150.jpg","width":150,"height":150,"mime-type":"image\/jpeg","filesize":18146,"source_url":"https:\/\/www.supremeyachts.hr\/wp-content\/uploads\/2023\/10\/2__5JB6620.jpg-1900px-f2-150x150.jpg"},"medium_large":{"file":"2__5JB6620.jpg-1900px-f2-768x512.jpg","width":768,"height":512,"mime-type":"image\/jpeg","filesize":63420,"source_url":"https:\/\/www.supremeyachts.hr\/wp-content\/uploads\/2023\/10\/2__5JB6620.jpg-1900px-f2-768x512.jpg"}}},"alt_text":"","url":"","target":""},{"id":100,"title":"JEAN-BAPTISTE D'ENQUIN \/ BENETEAU FLYER 6","caption":"","full_image_url":"https:\/\/www.supremeyachts.hr\/wp-content\/uploads\/2023\/10\/2__5JB6616.jpg-1900px-f2.jpg","thumbnail_image_url":"https:\/\/www.supremeyachts.hr\/wp-content\/uploads\/2023\/10\/2__5JB6616.jpg-1900px-f2-150x150.jpg","large_srcset":"https:\/\/www.supremeyachts.hr\/wp-content\/uploads\/2023\/10\/2__5JB6616.jpg-1900px-f2.jpg 960w, https:\/\/www.supremeyachts.hr\/wp-content\/uploads\/2023\/10\/2__5JB6616.jpg-1900px-f2-600x400.jpg 600w, https:\/\/www.supremeyachts.hr\/wp-content\/uploads\/2023\/10\/2__5JB6616.jpg-1900px-f2-300x200.jpg 300w, https:\/\/www.supremeyachts.hr\/wp-content\/uploads\/2023\/10\/2__5JB6616.jpg-1900px-f2-768x512.jpg 768w","medium_srcset":"https:\/\/www.supremeyachts.hr\/wp-content\/uploads\/2023\/10\/2__5JB6616.jpg-1900px-f2-300x200.jpg 300w, https:\/\/www.supremeyachts.hr\/wp-content\/uploads\/2023\/10\/2__5JB6616.jpg-1900px-f2-600x400.jpg 600w, https:\/\/www.supremeyachts.hr\/wp-content\/uploads\/2023\/10\/2__5JB6616.jpg-1900px-f2-768x512.jpg 768w, https:\/\/www.supremeyachts.hr\/wp-content\/uploads\/2023\/10\/2__5JB6616.jpg-1900px-f2.jpg 960w","media_details":{"width":960,"height":640,"sizes":{"woocommerce_thumbnail":{"file":"2__5JB6616.jpg-1900px-f2-300x300.jpg","width":300,"height":300,"mime-type":"image\/jpeg","filesize":11696,"uncropped":false,"source_url":"https:\/\/www.supremeyachts.hr\/wp-content\/uploads\/2023\/10\/2__5JB6616.jpg-1900px-f2-300x300.jpg"},"woocommerce_gallery_thumbnail":{"file":"2__5JB6616.jpg-1900px-f2-100x100.jpg","width":100,"height":100,"mime-type":"image\/jpeg","filesize":2733,"source_url":"https:\/\/www.supremeyachts.hr\/wp-content\/uploads\/2023\/10\/2__5JB6616.jpg-1900px-f2-100x100.jpg"},"woocommerce_single":{"file":"2__5JB6616.jpg-1900px-f2-600x400.jpg","width":600,"height":400,"mime-type":"image\/jpeg","filesize":26818,"source_url":"https:\/\/www.supremeyachts.hr\/wp-content\/uploads\/2023\/10\/2__5JB6616.jpg-1900px-f2-600x400.jpg"},"medium":{"file":"2__5JB6616.jpg-1900px-f2-300x200.jpg","width":300,"height":200,"mime-type":"image\/jpeg","filesize":23252,"source_url":"https:\/\/www.supremeyachts.hr\/wp-content\/uploads\/2023\/10\/2__5JB6616.jpg-1900px-f2-300x200.jpg"},"thumbnail":{"file":"2__5JB6616.jpg-1900px-f2-150x150.jpg","width":150,"height":150,"mime-type":"image\/jpeg","filesize":17746,"source_url":"https:\/\/www.supremeyachts.hr\/wp-content\/uploads\/2023\/10\/2__5JB6616.jpg-1900px-f2-150x150.jpg"},"medium_large":{"file":"2__5JB6616.jpg-1900px-f2-768x512.jpg","width":768,"height":512,"mime-type":"image\/jpeg","filesize":60427,"source_url":"https:\/\/www.supremeyachts.hr\/wp-content\/uploads\/2023\/10\/2__5JB6616.jpg-1900px-f2-768x512.jpg"}}},"alt_text":"","url":"","target":""},{"id":99,"title":"JEAN-BAPTISTE D'ENQUIN \/ BENETEAU FLYER 6","caption":"","full_image_url":"https:\/\/www.supremeyachts.hr\/wp-content\/uploads\/2023\/10\/2__5JB6608.jpg-1900px-f2.jpg","thumbnail_image_url":"https:\/\/www.supremeyachts.hr\/wp-content\/uploads\/2023\/10\/2__5JB6608.jpg-1900px-f2-150x150.jpg","large_srcset":"https:\/\/www.supremeyachts.hr\/wp-content\/uploads\/2023\/10\/2__5JB6608.jpg-1900px-f2.jpg 960w, https:\/\/www.supremeyachts.hr\/wp-content\/uploads\/2023\/10\/2__5JB6608.jpg-1900px-f2-600x400.jpg 600w, https:\/\/www.supremeyachts.hr\/wp-content\/uploads\/2023\/10\/2__5JB6608.jpg-1900px-f2-300x200.jpg 300w, https:\/\/www.supremeyachts.hr\/wp-content\/uploads\/2023\/10\/2__5JB6608.jpg-1900px-f2-768x512.jpg 768w","medium_srcset":"https:\/\/www.supremeyachts.hr\/wp-content\/uploads\/2023\/10\/2__5JB6608.jpg-1900px-f2-300x200.jpg 300w, https:\/\/www.supremeyachts.hr\/wp-content\/uploads\/2023\/10\/2__5JB6608.jpg-1900px-f2-600x400.jpg 600w, https:\/\/www.supremeyachts.hr\/wp-content\/uploads\/2023\/10\/2__5JB6608.jpg-1900px-f2-768x512.jpg 768w, https:\/\/www.supremeyachts.hr\/wp-content\/uploads\/2023\/10\/2__5JB6608.jpg-1900px-f2.jpg 960w","media_details":{"width":960,"height":640,"sizes":{"woocommerce_thumbnail":{"file":"2__5JB6608.jpg-1900px-f2-300x300.jpg","width":300,"height":300,"mime-type":"image\/jpeg","filesize":12538,"uncropped":false,"source_url":"https:\/\/www.supremeyachts.hr\/wp-content\/uploads\/2023\/10\/2__5JB6608.jpg-1900px-f2-300x300.jpg"},"woocommerce_gallery_thumbnail":{"file":"2__5JB6608.jpg-1900px-f2-100x100.jpg","width":100,"height":100,"mime-type":"image\/jpeg","filesize":2917,"source_url":"https:\/\/www.supremeyachts.hr\/wp-content\/uploads\/2023\/10\/2__5JB6608.jpg-1900px-f2-100x100.jpg"},"woocommerce_single":{"file":"2__5JB6608.jpg-1900px-f2-600x400.jpg","width":600,"height":400,"mime-type":"image\/jpeg","filesize":28652,"source_url":"https:\/\/www.supremeyachts.hr\/wp-content\/uploads\/2023\/10\/2__5JB6608.jpg-1900px-f2-600x400.jpg"},"medium":{"file":"2__5JB6608.jpg-1900px-f2-300x200.jpg","width":300,"height":200,"mime-type":"image\/jpeg","filesize":23759,"source_url":"https:\/\/www.supremeyachts.hr\/wp-content\/uploads\/2023\/10\/2__5JB6608.jpg-1900px-f2-300x200.jpg"},"thumbnail":{"file":"2__5JB6608.jpg-1900px-f2-150x150.jpg","width":150,"height":150,"mime-type":"image\/jpeg","filesize":18009,"source_url":"https:\/\/www.supremeyachts.hr\/wp-content\/uploads\/2023\/10\/2__5JB6608.jpg-1900px-f2-150x150.jpg"},"medium_large":{"file":"2__5JB6608.jpg-1900px-f2-768x512.jpg","width":768,"height":512,"mime-type":"image\/jpeg","filesize":61771,"source_url":"https:\/\/www.supremeyachts.hr\/wp-content\/uploads\/2023\/10\/2__5JB6608.jpg-1900px-f2-768x512.jpg"}}},"alt_text":"","url":"","target":""}],[{"id":120,"title":"JEAN-BAPTISTE D'ENQUIN \/ BENETEAU FLYER 6","caption":"","full_image_url":"https:\/\/www.supremeyachts.hr\/wp-content\/uploads\/2023\/10\/3__5JB7069.jpg-1900px-f2.jpg","thumbnail_image_url":"https:\/\/www.supremeyachts.hr\/wp-content\/uploads\/2023\/10\/3__5JB7069.jpg-1900px-f2-150x150.jpg","large_srcset":"https:\/\/www.supremeyachts.hr\/wp-content\/uploads\/2023\/10\/3__5JB7069.jpg-1900px-f2-682x1024.jpg 682w, https:\/\/www.supremeyachts.hr\/wp-content\/uploads\/2023\/10\/3__5JB7069.jpg-1900px-f2-600x901.jpg 600w, https:\/\/www.supremeyachts.hr\/wp-content\/uploads\/2023\/10\/3__5JB7069.jpg-1900px-f2-200x300.jpg 200w, https:\/\/www.supremeyachts.hr\/wp-content\/uploads\/2023\/10\/3__5JB7069.jpg-1900px-f2-768x1153.jpg 768w, https:\/\/www.supremeyachts.hr\/wp-content\/uploads\/2023\/10\/3__5JB7069.jpg-1900px-f2.jpg 960w","medium_srcset":"https:\/\/www.supremeyachts.hr\/wp-content\/uploads\/2023\/10\/3__5JB7069.jpg-1900px-f2-200x300.jpg 200w, https:\/\/www.supremeyachts.hr\/wp-content\/uploads\/2023\/10\/3__5JB7069.jpg-1900px-f2-600x901.jpg 600w, https:\/\/www.supremeyachts.hr\/wp-content\/uploads\/2023\/10\/3__5JB7069.jpg-1900px-f2-682x1024.jpg 682w, https:\/\/www.supremeyachts.hr\/wp-content\/uploads\/2023\/10\/3__5JB7069.jpg-1900px-f2-768x1153.jpg 768w, https:\/\/www.supremeyachts.hr\/wp-content\/uploads\/2023\/10\/3__5JB7069.jpg-1900px-f2.jpg 960w","media_details":{"width":960,"height":1441,"sizes":{"woocommerce_thumbnail":{"file":"3__5JB7069.jpg-1900px-f2-300x300.jpg","width":300,"height":300,"mime-type":"image\/jpeg","filesize":18772,"uncropped":false,"source_url":"https:\/\/www.supremeyachts.hr\/wp-content\/uploads\/2023\/10\/3__5JB7069.jpg-1900px-f2-300x300.jpg"},"woocommerce_gallery_thumbnail":{"file":"3__5JB7069.jpg-1900px-f2-100x100.jpg","width":100,"height":100,"mime-type":"image\/jpeg","filesize":3603,"source_url":"https:\/\/www.supremeyachts.hr\/wp-content\/uploads\/2023\/10\/3__5JB7069.jpg-1900px-f2-100x100.jpg"},"woocommerce_single":{"file":"3__5JB7069.jpg-1900px-f2-600x901.jpg","width":600,"height":901,"mime-type":"image\/jpeg","filesize":75516,"source_url":"https:\/\/www.supremeyachts.hr\/wp-content\/uploads\/2023\/10\/3__5JB7069.jpg-1900px-f2-600x901.jpg"},"medium":{"file":"3__5JB7069.jpg-1900px-f2-200x300.jpg","width":200,"height":300,"mime-type":"image\/jpeg","filesize":28050,"source_url":"https:\/\/www.supremeyachts.hr\/wp-content\/uploads\/2023\/10\/3__5JB7069.jpg-1900px-f2-200x300.jpg"},"large":{"file":"3__5JB7069.jpg-1900px-f2-682x1024.jpg","width":682,"height":1024,"mime-type":"image\/jpeg","filesize":131956,"source_url":"https:\/\/www.supremeyachts.hr\/wp-content\/uploads\/2023\/10\/3__5JB7069.jpg-1900px-f2-682x1024.jpg"},"thumbnail":{"file":"3__5JB7069.jpg-1900px-f2-150x150.jpg","width":150,"height":150,"mime-type":"image\/jpeg","filesize":19822,"source_url":"https:\/\/www.supremeyachts.hr\/wp-content\/uploads\/2023\/10\/3__5JB7069.jpg-1900px-f2-150x150.jpg"},"medium_large":{"file":"3__5JB7069.jpg-1900px-f2-768x1153.jpg","width":768,"height":1153,"mime-type":"image\/jpeg","filesize":156262,"source_url":"https:\/\/www.supremeyachts.hr\/wp-content\/uploads\/2023\/10\/3__5JB7069.jpg-1900px-f2-768x1153.jpg"}}},"alt_text":"","url":"","target":""},{"id":119,"title":"JEAN-BAPTISTE D'ENQUIN \/ BENETEAU FLYER 6","caption":"","full_image_url":"https:\/\/www.supremeyachts.hr\/wp-content\/uploads\/2023\/10\/3__5JB7061.jpg-1900px-f2.jpg","thumbnail_image_url":"https:\/\/www.supremeyachts.hr\/wp-content\/uploads\/2023\/10\/3__5JB7061.jpg-1900px-f2-150x150.jpg","large_srcset":"https:\/\/www.supremeyachts.hr\/wp-content\/uploads\/2023\/10\/3__5JB7061.jpg-1900px-f2.jpg 960w, https:\/\/www.supremeyachts.hr\/wp-content\/uploads\/2023\/10\/3__5JB7061.jpg-1900px-f2-600x400.jpg 600w, https:\/\/www.supremeyachts.hr\/wp-content\/uploads\/2023\/10\/3__5JB7061.jpg-1900px-f2-300x200.jpg 300w, https:\/\/www.supremeyachts.hr\/wp-content\/uploads\/2023\/10\/3__5JB7061.jpg-1900px-f2-768x512.jpg 768w","medium_srcset":"https:\/\/www.supremeyachts.hr\/wp-content\/uploads\/2023\/10\/3__5JB7061.jpg-1900px-f2-300x200.jpg 300w, https:\/\/www.supremeyachts.hr\/wp-content\/uploads\/2023\/10\/3__5JB7061.jpg-1900px-f2-600x400.jpg 600w, https:\/\/www.supremeyachts.hr\/wp-content\/uploads\/2023\/10\/3__5JB7061.jpg-1900px-f2-768x512.jpg 768w, https:\/\/www.supremeyachts.hr\/wp-content\/uploads\/2023\/10\/3__5JB7061.jpg-1900px-f2.jpg 960w","media_details":{"width":960,"height":640,"sizes":{"woocommerce_thumbnail":{"file":"3__5JB7061.jpg-1900px-f2-300x300.jpg","width":300,"height":300,"mime-type":"image\/jpeg","filesize":21411,"uncropped":false,"source_url":"https:\/\/www.supremeyachts.hr\/wp-content\/uploads\/2023\/10\/3__5JB7061.jpg-1900px-f2-300x300.jpg"},"woocommerce_gallery_thumbnail":{"file":"3__5JB7061.jpg-1900px-f2-100x100.jpg","width":100,"height":100,"mime-type":"image\/jpeg","filesize":3898,"source_url":"https:\/\/www.supremeyachts.hr\/wp-content\/uploads\/2023\/10\/3__5JB7061.jpg-1900px-f2-100x100.jpg"},"woocommerce_single":{"file":"3__5JB7061.jpg-1900px-f2-600x400.jpg","width":600,"height":400,"mime-type":"image\/jpeg","filesize":52649,"source_url":"https:\/\/www.supremeyachts.hr\/wp-content\/uploads\/2023\/10\/3__5JB7061.jpg-1900px-f2-600x400.jpg"},"medium":{"file":"3__5JB7061.jpg-1900px-f2-300x200.jpg","width":300,"height":200,"mime-type":"image\/jpeg","filesize":31484,"source_url":"https:\/\/www.supremeyachts.hr\/wp-content\/uploads\/2023\/10\/3__5JB7061.jpg-1900px-f2-300x200.jpg"},"thumbnail":{"file":"3__5JB7061.jpg-1900px-f2-150x150.jpg","width":150,"height":150,"mime-type":"image\/jpeg","filesize":20330,"source_url":"https:\/\/www.supremeyachts.hr\/wp-content\/uploads\/2023\/10\/3__5JB7061.jpg-1900px-f2-150x150.jpg"},"medium_large":{"file":"3__5JB7061.jpg-1900px-f2-768x512.jpg","width":768,"height":512,"mime-type":"image\/jpeg","filesize":108573,"source_url":"https:\/\/www.supremeyachts.hr\/wp-content\/uploads\/2023\/10\/3__5JB7061.jpg-1900px-f2-768x512.jpg"}}},"alt_text":"","url":"","target":""},{"id":118,"title":"JEAN-BAPTISTE D'ENQUIN \/ BENETEAU FLYER 6","caption":"","full_image_url":"https:\/\/www.supremeyachts.hr\/wp-content\/uploads\/2023\/10\/3__5JB7055.jpg-1900px-f2.jpg","thumbnail_image_url":"https:\/\/www.supremeyachts.hr\/wp-content\/uploads\/2023\/10\/3__5JB7055.jpg-1900px-f2-150x150.jpg","large_srcset":"https:\/\/www.supremeyachts.hr\/wp-content\/uploads\/2023\/10\/3__5JB7055.jpg-1900px-f2.jpg 960w, https:\/\/www.supremeyachts.hr\/wp-content\/uploads\/2023\/10\/3__5JB7055.jpg-1900px-f2-600x400.jpg 600w, https:\/\/www.supremeyachts.hr\/wp-content\/uploads\/2023\/10\/3__5JB7055.jpg-1900px-f2-300x200.jpg 300w, https:\/\/www.supremeyachts.hr\/wp-content\/uploads\/2023\/10\/3__5JB7055.jpg-1900px-f2-768x512.jpg 768w","medium_srcset":"https:\/\/www.supremeyachts.hr\/wp-content\/uploads\/2023\/10\/3__5JB7055.jpg-1900px-f2-300x200.jpg 300w, https:\/\/www.supremeyachts.hr\/wp-content\/uploads\/2023\/10\/3__5JB7055.jpg-1900px-f2-600x400.jpg 600w, https:\/\/www.supremeyachts.hr\/wp-content\/uploads\/2023\/10\/3__5JB7055.jpg-1900px-f2-768x512.jpg 768w, https:\/\/www.supremeyachts.hr\/wp-content\/uploads\/2023\/10\/3__5JB7055.jpg-1900px-f2.jpg 960w","media_details":{"width":960,"height":640,"sizes":{"woocommerce_thumbnail":{"file":"3__5JB7055.jpg-1900px-f2-300x300.jpg","width":300,"height":300,"mime-type":"image\/jpeg","filesize":25226,"uncropped":false,"source_url":"https:\/\/www.supremeyachts.hr\/wp-content\/uploads\/2023\/10\/3__5JB7055.jpg-1900px-f2-300x300.jpg"},"woocommerce_gallery_thumbnail":{"file":"3__5JB7055.jpg-1900px-f2-100x100.jpg","width":100,"height":100,"mime-type":"image\/jpeg","filesize":4517,"source_url":"https:\/\/www.supremeyachts.hr\/wp-content\/uploads\/2023\/10\/3__5JB7055.jpg-1900px-f2-100x100.jpg"},"woocommerce_single":{"file":"3__5JB7055.jpg-1900px-f2-600x400.jpg","width":600,"height":400,"mime-type":"image\/jpeg","filesize":57921,"source_url":"https:\/\/www.supremeyachts.hr\/wp-content\/uploads\/2023\/10\/3__5JB7055.jpg-1900px-f2-600x400.jpg"},"medium":{"file":"3__5JB7055.jpg-1900px-f2-300x200.jpg","width":300,"height":200,"mime-type":"image\/jpeg","filesize":32837,"source_url":"https:\/\/www.supremeyachts.hr\/wp-content\/uploads\/2023\/10\/3__5JB7055.jpg-1900px-f2-300x200.jpg"},"thumbnail":{"file":"3__5JB7055.jpg-1900px-f2-150x150.jpg","width":150,"height":150,"mime-type":"image\/jpeg","filesize":21332,"source_url":"https:\/\/www.supremeyachts.hr\/wp-content\/uploads\/2023\/10\/3__5JB7055.jpg-1900px-f2-150x150.jpg"},"medium_large":{"file":"3__5JB7055.jpg-1900px-f2-768x512.jpg","width":768,"height":512,"mime-type":"image\/jpeg","filesize":116580,"source_url":"https:\/\/www.supremeyachts.hr\/wp-content\/uploads\/2023\/10\/3__5JB7055.jpg-1900px-f2-768x512.jpg"}}},"alt_text":"","url":"","target":""},{"id":117,"title":"JEAN-BAPTISTE D'ENQUIN \/ BENETEAU FLYER 6","caption":"","full_image_url":"https:\/\/www.supremeyachts.hr\/wp-content\/uploads\/2023\/10\/3__5JB7047.jpg-1900px-f2.jpg","thumbnail_image_url":"https:\/\/www.supremeyachts.hr\/wp-content\/uploads\/2023\/10\/3__5JB7047.jpg-1900px-f2-150x150.jpg","large_srcset":"https:\/\/www.supremeyachts.hr\/wp-content\/uploads\/2023\/10\/3__5JB7047.jpg-1900px-f2-682x1024.jpg 682w, https:\/\/www.supremeyachts.hr\/wp-content\/uploads\/2023\/10\/3__5JB7047.jpg-1900px-f2-600x901.jpg 600w, https:\/\/www.supremeyachts.hr\/wp-content\/uploads\/2023\/10\/3__5JB7047.jpg-1900px-f2-200x300.jpg 200w, https:\/\/www.supremeyachts.hr\/wp-content\/uploads\/2023\/10\/3__5JB7047.jpg-1900px-f2-768x1153.jpg 768w, https:\/\/www.supremeyachts.hr\/wp-content\/uploads\/2023\/10\/3__5JB7047.jpg-1900px-f2.jpg 960w","medium_srcset":"https:\/\/www.supremeyachts.hr\/wp-content\/uploads\/2023\/10\/3__5JB7047.jpg-1900px-f2-200x300.jpg 200w, https:\/\/www.supremeyachts.hr\/wp-content\/uploads\/2023\/10\/3__5JB7047.jpg-1900px-f2-600x901.jpg 600w, https:\/\/www.supremeyachts.hr\/wp-content\/uploads\/2023\/10\/3__5JB7047.jpg-1900px-f2-682x1024.jpg 682w, https:\/\/www.supremeyachts.hr\/wp-content\/uploads\/2023\/10\/3__5JB7047.jpg-1900px-f2-768x1153.jpg 768w, https:\/\/www.supremeyachts.hr\/wp-content\/uploads\/2023\/10\/3__5JB7047.jpg-1900px-f2.jpg 960w","media_details":{"width":960,"height":1441,"sizes":{"woocommerce_thumbnail":{"file":"3__5JB7047.jpg-1900px-f2-300x300.jpg","width":300,"height":300,"mime-type":"image\/jpeg","filesize":22889,"uncropped":false,"source_url":"https:\/\/www.supremeyachts.hr\/wp-content\/uploads\/2023\/10\/3__5JB7047.jpg-1900px-f2-300x300.jpg"},"woocommerce_gallery_thumbnail":{"file":"3__5JB7047.jpg-1900px-f2-100x100.jpg","width":100,"height":100,"mime-type":"image\/jpeg","filesize":4085,"source_url":"https:\/\/www.supremeyachts.hr\/wp-content\/uploads\/2023\/10\/3__5JB7047.jpg-1900px-f2-100x100.jpg"},"woocommerce_single":{"file":"3__5JB7047.jpg-1900px-f2-600x901.jpg","width":600,"height":901,"mime-type":"image\/jpeg","filesize":87459,"source_url":"https:\/\/www.supremeyachts.hr\/wp-content\/uploads\/2023\/10\/3__5JB7047.jpg-1900px-f2-600x901.jpg"},"medium":{"file":"3__5JB7047.jpg-1900px-f2-200x300.jpg","width":200,"height":300,"mime-type":"image\/jpeg","filesize":29561,"source_url":"https:\/\/www.supremeyachts.hr\/wp-content\/uploads\/2023\/10\/3__5JB7047.jpg-1900px-f2-200x300.jpg"},"large":{"file":"3__5JB7047.jpg-1900px-f2-682x1024.jpg","width":682,"height":1024,"mime-type":"image\/jpeg","filesize":144536,"source_url":"https:\/\/www.supremeyachts.hr\/wp-content\/uploads\/2023\/10\/3__5JB7047.jpg-1900px-f2-682x1024.jpg"},"thumbnail":{"file":"3__5JB7047.jpg-1900px-f2-150x150.jpg","width":150,"height":150,"mime-type":"image\/jpeg","filesize":20637,"source_url":"https:\/\/www.supremeyachts.hr\/wp-content\/uploads\/2023\/10\/3__5JB7047.jpg-1900px-f2-150x150.jpg"},"medium_large":{"file":"3__5JB7047.jpg-1900px-f2-768x1153.jpg","width":768,"height":1153,"mime-type":"image\/jpeg","filesize":172494,"source_url":"https:\/\/www.supremeyachts.hr\/wp-content\/uploads\/2023\/10\/3__5JB7047.jpg-1900px-f2-768x1153.jpg"}}},"alt_text":"","url":"","target":""},{"id":116,"title":"JEAN-BAPTISTE D'ENQUIN \/ BENETEAU FLYER 6","caption":"","full_image_url":"https:\/\/www.supremeyachts.hr\/wp-content\/uploads\/2023\/10\/3__5JB7045.jpg-1900px-f2.jpg","thumbnail_image_url":"https:\/\/www.supremeyachts.hr\/wp-content\/uploads\/2023\/10\/3__5JB7045.jpg-1900px-f2-150x150.jpg","large_srcset":"https:\/\/www.supremeyachts.hr\/wp-content\/uploads\/2023\/10\/3__5JB7045.jpg-1900px-f2.jpg 960w, https:\/\/www.supremeyachts.hr\/wp-content\/uploads\/2023\/10\/3__5JB7045.jpg-1900px-f2-600x400.jpg 600w, https:\/\/www.supremeyachts.hr\/wp-content\/uploads\/2023\/10\/3__5JB7045.jpg-1900px-f2-300x200.jpg 300w, https:\/\/www.supremeyachts.hr\/wp-content\/uploads\/2023\/10\/3__5JB7045.jpg-1900px-f2-768x512.jpg 768w","medium_srcset":"https:\/\/www.supremeyachts.hr\/wp-content\/uploads\/2023\/10\/3__5JB7045.jpg-1900px-f2-300x200.jpg 300w, https:\/\/www.supremeyachts.hr\/wp-content\/uploads\/2023\/10\/3__5JB7045.jpg-1900px-f2-600x400.jpg 600w, https:\/\/www.supremeyachts.hr\/wp-content\/uploads\/2023\/10\/3__5JB7045.jpg-1900px-f2-768x512.jpg 768w, https:\/\/www.supremeyachts.hr\/wp-content\/uploads\/2023\/10\/3__5JB7045.jpg-1900px-f2.jpg 960w","media_details":{"width":960,"height":640,"sizes":{"woocommerce_thumbnail":{"file":"3__5JB7045.jpg-1900px-f2-300x300.jpg","width":300,"height":300,"mime-type":"image\/jpeg","filesize":22408,"uncropped":false,"source_url":"https:\/\/www.supremeyachts.hr\/wp-content\/uploads\/2023\/10\/3__5JB7045.jpg-1900px-f2-300x300.jpg"},"woocommerce_gallery_thumbnail":{"file":"3__5JB7045.jpg-1900px-f2-100x100.jpg","width":100,"height":100,"mime-type":"image\/jpeg","filesize":4120,"source_url":"https:\/\/www.supremeyachts.hr\/wp-content\/uploads\/2023\/10\/3__5JB7045.jpg-1900px-f2-100x100.jpg"},"woocommerce_single":{"file":"3__5JB7045.jpg-1900px-f2-600x400.jpg","width":600,"height":400,"mime-type":"image\/jpeg","filesize":52121,"source_url":"https:\/\/www.supremeyachts.hr\/wp-content\/uploads\/2023\/10\/3__5JB7045.jpg-1900px-f2-600x400.jpg"},"medium":{"file":"3__5JB7045.jpg-1900px-f2-300x200.jpg","width":300,"height":200,"mime-type":"image\/jpeg","filesize":31564,"source_url":"https:\/\/www.supremeyachts.hr\/wp-content\/uploads\/2023\/10\/3__5JB7045.jpg-1900px-f2-300x200.jpg"},"thumbnail":{"file":"3__5JB7045.jpg-1900px-f2-150x150.jpg","width":150,"height":150,"mime-type":"image\/jpeg","filesize":20712,"source_url":"https:\/\/www.supremeyachts.hr\/wp-content\/uploads\/2023\/10\/3__5JB7045.jpg-1900px-f2-150x150.jpg"},"medium_large":{"file":"3__5JB7045.jpg-1900px-f2-768x512.jpg","width":768,"height":512,"mime-type":"image\/jpeg","filesize":105896,"source_url":"https:\/\/www.supremeyachts.hr\/wp-content\/uploads\/2023\/10\/3__5JB7045.jpg-1900px-f2-768x512.jpg"}}},"alt_text":"","url":"","target":""},{"id":115,"title":"JEAN-BAPTISTE D'ENQUIN \/ BENETEAU FLYER 6","caption":"","full_image_url":"https:\/\/www.supremeyachts.hr\/wp-content\/uploads\/2023\/10\/3__5JB7022.jpg-1900px-f2.jpg","thumbnail_image_url":"https:\/\/www.supremeyachts.hr\/wp-content\/uploads\/2023\/10\/3__5JB7022.jpg-1900px-f2-150x150.jpg","large_srcset":"https:\/\/www.supremeyachts.hr\/wp-content\/uploads\/2023\/10\/3__5JB7022.jpg-1900px-f2.jpg 960w, https:\/\/www.supremeyachts.hr\/wp-content\/uploads\/2023\/10\/3__5JB7022.jpg-1900px-f2-600x400.jpg 600w, https:\/\/www.supremeyachts.hr\/wp-content\/uploads\/2023\/10\/3__5JB7022.jpg-1900px-f2-300x200.jpg 300w, https:\/\/www.supremeyachts.hr\/wp-content\/uploads\/2023\/10\/3__5JB7022.jpg-1900px-f2-768x512.jpg 768w","medium_srcset":"https:\/\/www.supremeyachts.hr\/wp-content\/uploads\/2023\/10\/3__5JB7022.jpg-1900px-f2-300x200.jpg 300w, https:\/\/www.supremeyachts.hr\/wp-content\/uploads\/2023\/10\/3__5JB7022.jpg-1900px-f2-600x400.jpg 600w, https:\/\/www.supremeyachts.hr\/wp-content\/uploads\/2023\/10\/3__5JB7022.jpg-1900px-f2-768x512.jpg 768w, https:\/\/www.supremeyachts.hr\/wp-content\/uploads\/2023\/10\/3__5JB7022.jpg-1900px-f2.jpg 960w","media_details":{"width":960,"height":640,"sizes":{"woocommerce_thumbnail":{"file":"3__5JB7022.jpg-1900px-f2-300x300.jpg","width":300,"height":300,"mime-type":"image\/jpeg","filesize":23500,"uncropped":false,"source_url":"https:\/\/www.supremeyachts.hr\/wp-content\/uploads\/2023\/10\/3__5JB7022.jpg-1900px-f2-300x300.jpg"},"woocommerce_gallery_thumbnail":{"file":"3__5JB7022.jpg-1900px-f2-100x100.jpg","width":100,"height":100,"mime-type":"image\/jpeg","filesize":4485,"source_url":"https:\/\/www.supremeyachts.hr\/wp-content\/uploads\/2023\/10\/3__5JB7022.jpg-1900px-f2-100x100.jpg"},"woocommerce_single":{"file":"3__5JB7022.jpg-1900px-f2-600x400.jpg","width":600,"height":400,"mime-type":"image\/jpeg","filesize":53546,"source_url":"https:\/\/www.supremeyachts.hr\/wp-content\/uploads\/2023\/10\/3__5JB7022.jpg-1900px-f2-600x400.jpg"},"medium":{"file":"3__5JB7022.jpg-1900px-f2-300x200.jpg","width":300,"height":200,"mime-type":"image\/jpeg","filesize":32702,"source_url":"https:\/\/www.supremeyachts.hr\/wp-content\/uploads\/2023\/10\/3__5JB7022.jpg-1900px-f2-300x200.jpg"},"thumbnail":{"file":"3__5JB7022.jpg-1900px-f2-150x150.jpg","width":150,"height":150,"mime-type":"image\/jpeg","filesize":21363,"source_url":"https:\/\/www.supremeyachts.hr\/wp-content\/uploads\/2023\/10\/3__5JB7022.jpg-1900px-f2-150x150.jpg"},"medium_large":{"file":"3__5JB7022.jpg-1900px-f2-768x512.jpg","width":768,"height":512,"mime-type":"image\/jpeg","filesize":109575,"source_url":"https:\/\/www.supremeyachts.hr\/wp-content\/uploads\/2023\/10\/3__5JB7022.jpg-1900px-f2-768x512.jpg"}}},"alt_text":"","url":"","target":""},{"id":114,"title":"JEAN-BAPTISTE D'ENQUIN \/ BENETEAU FLYER 6","caption":"","full_image_url":"https:\/\/www.supremeyachts.hr\/wp-content\/uploads\/2023\/10\/3__5JB7018.jpg-1900px-f2.jpg","thumbnail_image_url":"https:\/\/www.supremeyachts.hr\/wp-content\/uploads\/2023\/10\/3__5JB7018.jpg-1900px-f2-150x150.jpg","large_srcset":"https:\/\/www.supremeyachts.hr\/wp-content\/uploads\/2023\/10\/3__5JB7018.jpg-1900px-f2.jpg 960w, https:\/\/www.supremeyachts.hr\/wp-content\/uploads\/2023\/10\/3__5JB7018.jpg-1900px-f2-600x400.jpg 600w, https:\/\/www.supremeyachts.hr\/wp-content\/uploads\/2023\/10\/3__5JB7018.jpg-1900px-f2-300x200.jpg 300w, https:\/\/www.supremeyachts.hr\/wp-content\/uploads\/2023\/10\/3__5JB7018.jpg-1900px-f2-768x512.jpg 768w","medium_srcset":"https:\/\/www.supremeyachts.hr\/wp-content\/uploads\/2023\/10\/3__5JB7018.jpg-1900px-f2-300x200.jpg 300w, https:\/\/www.supremeyachts.hr\/wp-content\/uploads\/2023\/10\/3__5JB7018.jpg-1900px-f2-600x400.jpg 600w, https:\/\/www.supremeyachts.hr\/wp-content\/uploads\/2023\/10\/3__5JB7018.jpg-1900px-f2-768x512.jpg 768w, https:\/\/www.supremeyachts.hr\/wp-content\/uploads\/2023\/10\/3__5JB7018.jpg-1900px-f2.jpg 960w","media_details":{"width":960,"height":640,"sizes":{"woocommerce_thumbnail":{"file":"3__5JB7018.jpg-1900px-f2-300x300.jpg","width":300,"height":300,"mime-type":"image\/jpeg","filesize":26186,"uncropped":false,"source_url":"https:\/\/www.supremeyachts.hr\/wp-content\/uploads\/2023\/10\/3__5JB7018.jpg-1900px-f2-300x300.jpg"},"woocommerce_gallery_thumbnail":{"file":"3__5JB7018.jpg-1900px-f2-100x100.jpg","width":100,"height":100,"mime-type":"image\/jpeg","filesize":4636,"source_url":"https:\/\/www.supremeyachts.hr\/wp-content\/uploads\/2023\/10\/3__5JB7018.jpg-1900px-f2-100x100.jpg"},"woocommerce_single":{"file":"3__5JB7018.jpg-1900px-f2-600x400.jpg","width":600,"height":400,"mime-type":"image\/jpeg","filesize":57773,"source_url":"https:\/\/www.supremeyachts.hr\/wp-content\/uploads\/2023\/10\/3__5JB7018.jpg-1900px-f2-600x400.jpg"},"medium":{"file":"3__5JB7018.jpg-1900px-f2-300x200.jpg","width":300,"height":200,"mime-type":"image\/jpeg","filesize":33328,"source_url":"https:\/\/www.supremeyachts.hr\/wp-content\/uploads\/2023\/10\/3__5JB7018.jpg-1900px-f2-300x200.jpg"},"thumbnail":{"file":"3__5JB7018.jpg-1900px-f2-150x150.jpg","width":150,"height":150,"mime-type":"image\/jpeg","filesize":22028,"source_url":"https:\/\/www.supremeyachts.hr\/wp-content\/uploads\/2023\/10\/3__5JB7018.jpg-1900px-f2-150x150.jpg"},"medium_large":{"file":"3__5JB7018.jpg-1900px-f2-768x512.jpg","width":768,"height":512,"mime-type":"image\/jpeg","filesize":119073,"source_url":"https:\/\/www.supremeyachts.hr\/wp-content\/uploads\/2023\/10\/3__5JB7018.jpg-1900px-f2-768x512.jpg"}}},"alt_text":"","url":"","target":""},{"id":113,"title":"JEAN-BAPTISTE D'ENQUIN \/ BENETEAU FLYER 6","caption":"","full_image_url":"https:\/\/www.supremeyachts.hr\/wp-content\/uploads\/2023\/10\/3__5JB7004.jpg-1900px-f2.jpg","thumbnail_image_url":"https:\/\/www.supremeyachts.hr\/wp-content\/uploads\/2023\/10\/3__5JB7004.jpg-1900px-f2-150x150.jpg","large_srcset":"https:\/\/www.supremeyachts.hr\/wp-content\/uploads\/2023\/10\/3__5JB7004.jpg-1900px-f2.jpg 960w, https:\/\/www.supremeyachts.hr\/wp-content\/uploads\/2023\/10\/3__5JB7004.jpg-1900px-f2-600x400.jpg 600w, https:\/\/www.supremeyachts.hr\/wp-content\/uploads\/2023\/10\/3__5JB7004.jpg-1900px-f2-300x200.jpg 300w, https:\/\/www.supremeyachts.hr\/wp-content\/uploads\/2023\/10\/3__5JB7004.jpg-1900px-f2-768x512.jpg 768w","medium_srcset":"https:\/\/www.supremeyachts.hr\/wp-content\/uploads\/2023\/10\/3__5JB7004.jpg-1900px-f2-300x200.jpg 300w, https:\/\/www.supremeyachts.hr\/wp-content\/uploads\/2023\/10\/3__5JB7004.jpg-1900px-f2-600x400.jpg 600w, https:\/\/www.supremeyachts.hr\/wp-content\/uploads\/2023\/10\/3__5JB7004.jpg-1900px-f2-768x512.jpg 768w, https:\/\/www.supremeyachts.hr\/wp-content\/uploads\/2023\/10\/3__5JB7004.jpg-1900px-f2.jpg 960w","media_details":{"width":960,"height":640,"sizes":{"woocommerce_thumbnail":{"file":"3__5JB7004.jpg-1900px-f2-300x300.jpg","width":300,"height":300,"mime-type":"image\/jpeg","filesize":23869,"uncropped":false,"source_url":"https:\/\/www.supremeyachts.hr\/wp-content\/uploads\/2023\/10\/3__5JB7004.jpg-1900px-f2-300x300.jpg"},"woocommerce_gallery_thumbnail":{"file":"3__5JB7004.jpg-1900px-f2-100x100.jpg","width":100,"height":100,"mime-type":"image\/jpeg","filesize":4348,"source_url":"https:\/\/www.supremeyachts.hr\/wp-content\/uploads\/2023\/10\/3__5JB7004.jpg-1900px-f2-100x100.jpg"},"woocommerce_single":{"file":"3__5JB7004.jpg-1900px-f2-600x400.jpg","width":600,"height":400,"mime-type":"image\/jpeg","filesize":58633,"source_url":"https:\/\/www.supremeyachts.hr\/wp-content\/uploads\/2023\/10\/3__5JB7004.jpg-1900px-f2-600x400.jpg"},"medium":{"file":"3__5JB7004.jpg-1900px-f2-300x200.jpg","width":300,"height":200,"mime-type":"image\/jpeg","filesize":35455,"source_url":"https:\/\/www.supremeyachts.hr\/wp-content\/uploads\/2023\/10\/3__5JB7004.jpg-1900px-f2-300x200.jpg"},"thumbnail":{"file":"3__5JB7004.jpg-1900px-f2-150x150.jpg","width":150,"height":150,"mime-type":"image\/jpeg","filesize":22915,"source_url":"https:\/\/www.supremeyachts.hr\/wp-content\/uploads\/2023\/10\/3__5JB7004.jpg-1900px-f2-150x150.jpg"},"medium_large":{"file":"3__5JB7004.jpg-1900px-f2-768x512.jpg","width":768,"height":512,"mime-type":"image\/jpeg","filesize":121318,"source_url":"https:\/\/www.supremeyachts.hr\/wp-content\/uploads\/2023\/10\/3__5JB7004.jpg-1900px-f2-768x512.jpg"}}},"alt_text":"","url":"","target":""},{"id":112,"title":"JEAN-BAPTISTE D'ENQUIN \/ BENETEAU FLYER 6","caption":"","full_image_url":"https:\/\/www.supremeyachts.hr\/wp-content\/uploads\/2023\/10\/3__5JB6510.jpg-1900px-f2.jpg","thumbnail_image_url":"https:\/\/www.supremeyachts.hr\/wp-content\/uploads\/2023\/10\/3__5JB6510.jpg-1900px-f2-150x150.jpg","large_srcset":"https:\/\/www.supremeyachts.hr\/wp-content\/uploads\/2023\/10\/3__5JB6510.jpg-1900px-f2.jpg 960w, https:\/\/www.supremeyachts.hr\/wp-content\/uploads\/2023\/10\/3__5JB6510.jpg-1900px-f2-600x400.jpg 600w, https:\/\/www.supremeyachts.hr\/wp-content\/uploads\/2023\/10\/3__5JB6510.jpg-1900px-f2-300x200.jpg 300w, https:\/\/www.supremeyachts.hr\/wp-content\/uploads\/2023\/10\/3__5JB6510.jpg-1900px-f2-768x512.jpg 768w","medium_srcset":"https:\/\/www.supremeyachts.hr\/wp-content\/uploads\/2023\/10\/3__5JB6510.jpg-1900px-f2-300x200.jpg 300w, https:\/\/www.supremeyachts.hr\/wp-content\/uploads\/2023\/10\/3__5JB6510.jpg-1900px-f2-600x400.jpg 600w, https:\/\/www.supremeyachts.hr\/wp-content\/uploads\/2023\/10\/3__5JB6510.jpg-1900px-f2-768x512.jpg 768w, https:\/\/www.supremeyachts.hr\/wp-content\/uploads\/2023\/10\/3__5JB6510.jpg-1900px-f2.jpg 960w","media_details":{"width":960,"height":640,"sizes":{"woocommerce_thumbnail":{"file":"3__5JB6510.jpg-1900px-f2-300x300.jpg","width":300,"height":300,"mime-type":"image\/jpeg","filesize":20374,"uncropped":false,"source_url":"https:\/\/www.supremeyachts.hr\/wp-content\/uploads\/2023\/10\/3__5JB6510.jpg-1900px-f2-300x300.jpg"},"woocommerce_gallery_thumbnail":{"file":"3__5JB6510.jpg-1900px-f2-100x100.jpg","width":100,"height":100,"mime-type":"image\/jpeg","filesize":3729,"source_url":"https:\/\/www.supremeyachts.hr\/wp-content\/uploads\/2023\/10\/3__5JB6510.jpg-1900px-f2-100x100.jpg"},"woocommerce_single":{"file":"3__5JB6510.jpg-1900px-f2-600x400.jpg","width":600,"height":400,"mime-type":"image\/jpeg","filesize":48371,"source_url":"https:\/\/www.supremeyachts.hr\/wp-content\/uploads\/2023\/10\/3__5JB6510.jpg-1900px-f2-600x400.jpg"},"medium":{"file":"3__5JB6510.jpg-1900px-f2-300x200.jpg","width":300,"height":200,"mime-type":"image\/jpeg","filesize":28908,"source_url":"https:\/\/www.supremeyachts.hr\/wp-content\/uploads\/2023\/10\/3__5JB6510.jpg-1900px-f2-300x200.jpg"},"thumbnail":{"file":"3__5JB6510.jpg-1900px-f2-150x150.jpg","width":150,"height":150,"mime-type":"image\/jpeg","filesize":19535,"source_url":"https:\/\/www.supremeyachts.hr\/wp-content\/uploads\/2023\/10\/3__5JB6510.jpg-1900px-f2-150x150.jpg"},"medium_large":{"file":"3__5JB6510.jpg-1900px-f2-768x512.jpg","width":768,"height":512,"mime-type":"image\/jpeg","filesize":98756,"source_url":"https:\/\/www.supremeyachts.hr\/wp-content\/uploads\/2023\/10\/3__5JB6510.jpg-1900px-f2-768x512.jpg"}}},"alt_text":"","url":"","target":""},{"id":111,"title":"JEAN-BAPTISTE D'ENQUIN \/ BENETEAU FLYER 6","caption":"","full_image_url":"https:\/\/www.supremeyachts.hr\/wp-content\/uploads\/2023\/10\/3__5JB6504.jpg-1900px-f2.jpg","thumbnail_image_url":"https:\/\/www.supremeyachts.hr\/wp-content\/uploads\/2023\/10\/3__5JB6504.jpg-1900px-f2-150x150.jpg","large_srcset":"https:\/\/www.supremeyachts.hr\/wp-content\/uploads\/2023\/10\/3__5JB6504.jpg-1900px-f2.jpg 960w, https:\/\/www.supremeyachts.hr\/wp-content\/uploads\/2023\/10\/3__5JB6504.jpg-1900px-f2-600x400.jpg 600w, https:\/\/www.supremeyachts.hr\/wp-content\/uploads\/2023\/10\/3__5JB6504.jpg-1900px-f2-300x200.jpg 300w, https:\/\/www.supremeyachts.hr\/wp-content\/uploads\/2023\/10\/3__5JB6504.jpg-1900px-f2-768x512.jpg 768w","medium_srcset":"https:\/\/www.supremeyachts.hr\/wp-content\/uploads\/2023\/10\/3__5JB6504.jpg-1900px-f2-300x200.jpg 300w, https:\/\/www.supremeyachts.hr\/wp-content\/uploads\/2023\/10\/3__5JB6504.jpg-1900px-f2-600x400.jpg 600w, https:\/\/www.supremeyachts.hr\/wp-content\/uploads\/2023\/10\/3__5JB6504.jpg-1900px-f2-768x512.jpg 768w, https:\/\/www.supremeyachts.hr\/wp-content\/uploads\/2023\/10\/3__5JB6504.jpg-1900px-f2.jpg 960w","media_details":{"width":960,"height":640,"sizes":{"woocommerce_thumbnail":{"file":"3__5JB6504.jpg-1900px-f2-300x300.jpg","width":300,"height":300,"mime-type":"image\/jpeg","filesize":21420,"uncropped":false,"source_url":"https:\/\/www.supremeyachts.hr\/wp-content\/uploads\/2023\/10\/3__5JB6504.jpg-1900px-f2-300x300.jpg"},"woocommerce_gallery_thumbnail":{"file":"3__5JB6504.jpg-1900px-f2-100x100.jpg","width":100,"height":100,"mime-type":"image\/jpeg","filesize":4157,"source_url":"https:\/\/www.supremeyachts.hr\/wp-content\/uploads\/2023\/10\/3__5JB6504.jpg-1900px-f2-100x100.jpg"},"woocommerce_single":{"file":"3__5JB6504.jpg-1900px-f2-600x400.jpg","width":600,"height":400,"mime-type":"image\/jpeg","filesize":45996,"source_url":"https:\/\/www.supremeyachts.hr\/wp-content\/uploads\/2023\/10\/3__5JB6504.jpg-1900px-f2-600x400.jpg"},"medium":{"file":"3__5JB6504.jpg-1900px-f2-300x200.jpg","width":300,"height":200,"mime-type":"image\/jpeg","filesize":31118,"source_url":"https:\/\/www.supremeyachts.hr\/wp-content\/uploads\/2023\/10\/3__5JB6504.jpg-1900px-f2-300x200.jpg"},"thumbnail":{"file":"3__5JB6504.jpg-1900px-f2-150x150.jpg","width":150,"height":150,"mime-type":"image\/jpeg","filesize":21028,"source_url":"https:\/\/www.supremeyachts.hr\/wp-content\/uploads\/2023\/10\/3__5JB6504.jpg-1900px-f2-150x150.jpg"},"medium_large":{"file":"3__5JB6504.jpg-1900px-f2-768x512.jpg","width":768,"height":512,"mime-type":"image\/jpeg","filesize":99503,"source_url":"https:\/\/www.supremeyachts.hr\/wp-content\/uploads\/2023\/10\/3__5JB6504.jpg-1900px-f2-768x512.jpg"}}},"alt_text":"","url":"","target":""},{"id":110,"title":"3__5JB6435.jpeg-1900px-f2","caption":"","full_image_url":"https:\/\/www.supremeyachts.hr\/wp-content\/uploads\/2023\/10\/3__5JB6435.jpeg-1900px-f2.jpg","thumbnail_image_url":"https:\/\/www.supremeyachts.hr\/wp-content\/uploads\/2023\/10\/3__5JB6435.jpeg-1900px-f2-150x150.jpg","large_srcset":"https:\/\/www.supremeyachts.hr\/wp-content\/uploads\/2023\/10\/3__5JB6435.jpeg-1900px-f2.jpg 960w, https:\/\/www.supremeyachts.hr\/wp-content\/uploads\/2023\/10\/3__5JB6435.jpeg-1900px-f2-600x400.jpg 600w, https:\/\/www.supremeyachts.hr\/wp-content\/uploads\/2023\/10\/3__5JB6435.jpeg-1900px-f2-300x200.jpg 300w, https:\/\/www.supremeyachts.hr\/wp-content\/uploads\/2023\/10\/3__5JB6435.jpeg-1900px-f2-768x512.jpg 768w","medium_srcset":"https:\/\/www.supremeyachts.hr\/wp-content\/uploads\/2023\/10\/3__5JB6435.jpeg-1900px-f2-300x200.jpg 300w, https:\/\/www.supremeyachts.hr\/wp-content\/uploads\/2023\/10\/3__5JB6435.jpeg-1900px-f2-600x400.jpg 600w, https:\/\/www.supremeyachts.hr\/wp-content\/uploads\/2023\/10\/3__5JB6435.jpeg-1900px-f2-768x512.jpg 768w, https:\/\/www.supremeyachts.hr\/wp-content\/uploads\/2023\/10\/3__5JB6435.jpeg-1900px-f2.jpg 960w","media_details":{"width":960,"height":640,"sizes":{"woocommerce_thumbnail":{"file":"3__5JB6435.jpeg-1900px-f2-300x300.jpg","width":300,"height":300,"mime-type":"image\/jpeg","filesize":20257,"uncropped":false,"source_url":"https:\/\/www.supremeyachts.hr\/wp-content\/uploads\/2023\/10\/3__5JB6435.jpeg-1900px-f2-300x300.jpg"},"woocommerce_gallery_thumbnail":{"file":"3__5JB6435.jpeg-1900px-f2-100x100.jpg","width":100,"height":100,"mime-type":"image\/jpeg","filesize":4029,"source_url":"https:\/\/www.supremeyachts.hr\/wp-content\/uploads\/2023\/10\/3__5JB6435.jpeg-1900px-f2-100x100.jpg"},"woocommerce_single":{"file":"3__5JB6435.jpeg-1900px-f2-600x400.jpg","width":600,"height":400,"mime-type":"image\/jpeg","filesize":42560,"source_url":"https:\/\/www.supremeyachts.hr\/wp-content\/uploads\/2023\/10\/3__5JB6435.jpeg-1900px-f2-600x400.jpg"},"medium":{"file":"3__5JB6435.jpeg-1900px-f2-300x200.jpg","width":300,"height":200,"mime-type":"image\/jpeg","filesize":24826,"source_url":"https:\/\/www.supremeyachts.hr\/wp-content\/uploads\/2023\/10\/3__5JB6435.jpeg-1900px-f2-300x200.jpg"},"thumbnail":{"file":"3__5JB6435.jpeg-1900px-f2-150x150.jpg","width":150,"height":150,"mime-type":"image\/jpeg","filesize":18189,"source_url":"https:\/\/www.supremeyachts.hr\/wp-content\/uploads\/2023\/10\/3__5JB6435.jpeg-1900px-f2-150x150.jpg"},"medium_large":{"file":"3__5JB6435.jpeg-1900px-f2-768x512.jpg","width":768,"height":512,"mime-type":"image\/jpeg","filesize":71373,"source_url":"https:\/\/www.supremeyachts.hr\/wp-content\/uploads\/2023\/10\/3__5JB6435.jpeg-1900px-f2-768x512.jpg"}}},"alt_text":"","url":"","target":""},{"id":109,"title":"JEAN-BAPTISTE D'ENQUIN \/ BENETEAU FLYER 6","caption":"","full_image_url":"https:\/\/www.supremeyachts.hr\/wp-content\/uploads\/2023\/10\/3__5JB6363.jpg-1900px-f2.jpg","thumbnail_image_url":"https:\/\/www.supremeyachts.hr\/wp-content\/uploads\/2023\/10\/3__5JB6363.jpg-1900px-f2-150x150.jpg","large_srcset":"https:\/\/www.supremeyachts.hr\/wp-content\/uploads\/2023\/10\/3__5JB6363.jpg-1900px-f2.jpg 960w, https:\/\/www.supremeyachts.hr\/wp-content\/uploads\/2023\/10\/3__5JB6363.jpg-1900px-f2-600x400.jpg 600w, https:\/\/www.supremeyachts.hr\/wp-content\/uploads\/2023\/10\/3__5JB6363.jpg-1900px-f2-300x200.jpg 300w, https:\/\/www.supremeyachts.hr\/wp-content\/uploads\/2023\/10\/3__5JB6363.jpg-1900px-f2-768x512.jpg 768w","medium_srcset":"https:\/\/www.supremeyachts.hr\/wp-content\/uploads\/2023\/10\/3__5JB6363.jpg-1900px-f2-300x200.jpg 300w, https:\/\/www.supremeyachts.hr\/wp-content\/uploads\/2023\/10\/3__5JB6363.jpg-1900px-f2-600x400.jpg 600w, https:\/\/www.supremeyachts.hr\/wp-content\/uploads\/2023\/10\/3__5JB6363.jpg-1900px-f2-768x512.jpg 768w, https:\/\/www.supremeyachts.hr\/wp-content\/uploads\/2023\/10\/3__5JB6363.jpg-1900px-f2.jpg 960w","media_details":{"width":960,"height":640,"sizes":{"woocommerce_thumbnail":{"file":"3__5JB6363.jpg-1900px-f2-300x300.jpg","width":300,"height":300,"mime-type":"image\/jpeg","filesize":16504,"uncropped":false,"source_url":"https:\/\/www.supremeyachts.hr\/wp-content\/uploads\/2023\/10\/3__5JB6363.jpg-1900px-f2-300x300.jpg"},"woocommerce_gallery_thumbnail":{"file":"3__5JB6363.jpg-1900px-f2-100x100.jpg","width":100,"height":100,"mime-type":"image\/jpeg","filesize":3461,"source_url":"https:\/\/www.supremeyachts.hr\/wp-content\/uploads\/2023\/10\/3__5JB6363.jpg-1900px-f2-100x100.jpg"},"woocommerce_single":{"file":"3__5JB6363.jpg-1900px-f2-600x400.jpg","width":600,"height":400,"mime-type":"image\/jpeg","filesize":36536,"source_url":"https:\/\/www.supremeyachts.hr\/wp-content\/uploads\/2023\/10\/3__5JB6363.jpg-1900px-f2-600x400.jpg"},"medium":{"file":"3__5JB6363.jpg-1900px-f2-300x200.jpg","width":300,"height":200,"mime-type":"image\/jpeg","filesize":27076,"source_url":"https:\/\/www.supremeyachts.hr\/wp-content\/uploads\/2023\/10\/3__5JB6363.jpg-1900px-f2-300x200.jpg"},"thumbnail":{"file":"3__5JB6363.jpg-1900px-f2-150x150.jpg","width":150,"height":150,"mime-type":"image\/jpeg","filesize":18956,"source_url":"https:\/\/www.supremeyachts.hr\/wp-content\/uploads\/2023\/10\/3__5JB6363.jpg-1900px-f2-150x150.jpg"},"medium_large":{"file":"3__5JB6363.jpg-1900px-f2-768x512.jpg","width":768,"height":512,"mime-type":"image\/jpeg","filesize":78960,"source_url":"https:\/\/www.supremeyachts.hr\/wp-content\/uploads\/2023\/10\/3__5JB6363.jpg-1900px-f2-768x512.jpg"}}},"alt_text":"","url":"","target":""},{"id":108,"title":"JEAN-BAPTISTE D'ENQUIN \/ BENETEAU FLYER 6","caption":"","full_image_url":"https:\/\/www.supremeyachts.hr\/wp-content\/uploads\/2023\/10\/3__5JB6316.jpg-1900px-f2.jpg","thumbnail_image_url":"https:\/\/www.supremeyachts.hr\/wp-content\/uploads\/2023\/10\/3__5JB6316.jpg-1900px-f2-150x150.jpg","large_srcset":"https:\/\/www.supremeyachts.hr\/wp-content\/uploads\/2023\/10\/3__5JB6316.jpg-1900px-f2.jpg 960w, https:\/\/www.supremeyachts.hr\/wp-content\/uploads\/2023\/10\/3__5JB6316.jpg-1900px-f2-600x400.jpg 600w, https:\/\/www.supremeyachts.hr\/wp-content\/uploads\/2023\/10\/3__5JB6316.jpg-1900px-f2-300x200.jpg 300w, https:\/\/www.supremeyachts.hr\/wp-content\/uploads\/2023\/10\/3__5JB6316.jpg-1900px-f2-768x512.jpg 768w","medium_srcset":"https:\/\/www.supremeyachts.hr\/wp-content\/uploads\/2023\/10\/3__5JB6316.jpg-1900px-f2-300x200.jpg 300w, https:\/\/www.supremeyachts.hr\/wp-content\/uploads\/2023\/10\/3__5JB6316.jpg-1900px-f2-600x400.jpg 600w, https:\/\/www.supremeyachts.hr\/wp-content\/uploads\/2023\/10\/3__5JB6316.jpg-1900px-f2-768x512.jpg 768w, https:\/\/www.supremeyachts.hr\/wp-content\/uploads\/2023\/10\/3__5JB6316.jpg-1900px-f2.jpg 960w","media_details":{"width":960,"height":640,"sizes":{"woocommerce_thumbnail":{"file":"3__5JB6316.jpg-1900px-f2-300x300.jpg","width":300,"height":300,"mime-type":"image\/jpeg","filesize":17848,"uncropped":false,"source_url":"https:\/\/www.supremeyachts.hr\/wp-content\/uploads\/2023\/10\/3__5JB6316.jpg-1900px-f2-300x300.jpg"},"woocommerce_gallery_thumbnail":{"file":"3__5JB6316.jpg-1900px-f2-100x100.jpg","width":100,"height":100,"mime-type":"image\/jpeg","filesize":3520,"source_url":"https:\/\/www.supremeyachts.hr\/wp-content\/uploads\/2023\/10\/3__5JB6316.jpg-1900px-f2-100x100.jpg"},"woocommerce_single":{"file":"3__5JB6316.jpg-1900px-f2-600x400.jpg","width":600,"height":400,"mime-type":"image\/jpeg","filesize":42230,"source_url":"https:\/\/www.supremeyachts.hr\/wp-content\/uploads\/2023\/10\/3__5JB6316.jpg-1900px-f2-600x400.jpg"},"medium":{"file":"3__5JB6316.jpg-1900px-f2-300x200.jpg","width":300,"height":200,"mime-type":"image\/jpeg","filesize":28422,"source_url":"https:\/\/www.supremeyachts.hr\/wp-content\/uploads\/2023\/10\/3__5JB6316.jpg-1900px-f2-300x200.jpg"},"thumbnail":{"file":"3__5JB6316.jpg-1900px-f2-150x150.jpg","width":150,"height":150,"mime-type":"image\/jpeg","filesize":19272,"source_url":"https:\/\/www.supremeyachts.hr\/wp-content\/uploads\/2023\/10\/3__5JB6316.jpg-1900px-f2-150x150.jpg"},"medium_large":{"file":"3__5JB6316.jpg-1900px-f2-768x512.jpg","width":768,"height":512,"mime-type":"image\/jpeg","filesize":86911,"source_url":"https:\/\/www.supremeyachts.hr\/wp-content\/uploads\/2023\/10\/3__5JB6316.jpg-1900px-f2-768x512.jpg"}}},"alt_text":"","url":"","target":""},{"id":107,"title":"JEAN-BAPTISTE D'ENQUIN \/ BENETEAU FLYER 6","caption":"","full_image_url":"https:\/\/www.supremeyachts.hr\/wp-content\/uploads\/2023\/10\/3__5JB6289.jpg-1900px-f2.jpg","thumbnail_image_url":"https:\/\/www.supremeyachts.hr\/wp-content\/uploads\/2023\/10\/3__5JB6289.jpg-1900px-f2-150x150.jpg","large_srcset":"https:\/\/www.supremeyachts.hr\/wp-content\/uploads\/2023\/10\/3__5JB6289.jpg-1900px-f2.jpg 960w, https:\/\/www.supremeyachts.hr\/wp-content\/uploads\/2023\/10\/3__5JB6289.jpg-1900px-f2-600x400.jpg 600w, https:\/\/www.supremeyachts.hr\/wp-content\/uploads\/2023\/10\/3__5JB6289.jpg-1900px-f2-300x200.jpg 300w, https:\/\/www.supremeyachts.hr\/wp-content\/uploads\/2023\/10\/3__5JB6289.jpg-1900px-f2-768x512.jpg 768w","medium_srcset":"https:\/\/www.supremeyachts.hr\/wp-content\/uploads\/2023\/10\/3__5JB6289.jpg-1900px-f2-300x200.jpg 300w, https:\/\/www.supremeyachts.hr\/wp-content\/uploads\/2023\/10\/3__5JB6289.jpg-1900px-f2-600x400.jpg 600w, https:\/\/www.supremeyachts.hr\/wp-content\/uploads\/2023\/10\/3__5JB6289.jpg-1900px-f2-768x512.jpg 768w, https:\/\/www.supremeyachts.hr\/wp-content\/uploads\/2023\/10\/3__5JB6289.jpg-1900px-f2.jpg 960w","media_details":{"width":960,"height":640,"sizes":{"woocommerce_thumbnail":{"file":"3__5JB6289.jpg-1900px-f2-300x300.jpg","width":300,"height":300,"mime-type":"image\/jpeg","filesize":16581,"uncropped":false,"source_url":"https:\/\/www.supremeyachts.hr\/wp-content\/uploads\/2023\/10\/3__5JB6289.jpg-1900px-f2-300x300.jpg"},"woocommerce_gallery_thumbnail":{"file":"3__5JB6289.jpg-1900px-f2-100x100.jpg","width":100,"height":100,"mime-type":"image\/jpeg","filesize":3546,"source_url":"https:\/\/www.supremeyachts.hr\/wp-content\/uploads\/2023\/10\/3__5JB6289.jpg-1900px-f2-100x100.jpg"},"woocommerce_single":{"file":"3__5JB6289.jpg-1900px-f2-600x400.jpg","width":600,"height":400,"mime-type":"image\/jpeg","filesize":39672,"source_url":"https:\/\/www.supremeyachts.hr\/wp-content\/uploads\/2023\/10\/3__5JB6289.jpg-1900px-f2-600x400.jpg"},"medium":{"file":"3__5JB6289.jpg-1900px-f2-300x200.jpg","width":300,"height":200,"mime-type":"image\/jpeg","filesize":27951,"source_url":"https:\/\/www.supremeyachts.hr\/wp-content\/uploads\/2023\/10\/3__5JB6289.jpg-1900px-f2-300x200.jpg"},"thumbnail":{"file":"3__5JB6289.jpg-1900px-f2-150x150.jpg","width":150,"height":150,"mime-type":"image\/jpeg","filesize":19115,"source_url":"https:\/\/www.supremeyachts.hr\/wp-content\/uploads\/2023\/10\/3__5JB6289.jpg-1900px-f2-150x150.jpg"},"medium_large":{"file":"3__5JB6289.jpg-1900px-f2-768x512.jpg","width":768,"height":512,"mime-type":"image\/jpeg","filesize":82508,"source_url":"https:\/\/www.supremeyachts.hr\/wp-content\/uploads\/2023\/10\/3__5JB6289.jpg-1900px-f2-768x512.jpg"}}},"alt_text":"","url":"","target":""},{"id":106,"title":"JEAN-BAPTISTE D'ENQUIN \/ BENETEAU FLYER 6","caption":"","full_image_url":"https:\/\/www.supremeyachts.hr\/wp-content\/uploads\/2023\/10\/3__5JB6281.jpg-1900px-f2.jpg","thumbnail_image_url":"https:\/\/www.supremeyachts.hr\/wp-content\/uploads\/2023\/10\/3__5JB6281.jpg-1900px-f2-150x150.jpg","large_srcset":"https:\/\/www.supremeyachts.hr\/wp-content\/uploads\/2023\/10\/3__5JB6281.jpg-1900px-f2.jpg 960w, https:\/\/www.supremeyachts.hr\/wp-content\/uploads\/2023\/10\/3__5JB6281.jpg-1900px-f2-600x400.jpg 600w, https:\/\/www.supremeyachts.hr\/wp-content\/uploads\/2023\/10\/3__5JB6281.jpg-1900px-f2-300x200.jpg 300w, https:\/\/www.supremeyachts.hr\/wp-content\/uploads\/2023\/10\/3__5JB6281.jpg-1900px-f2-768x512.jpg 768w","medium_srcset":"https:\/\/www.supremeyachts.hr\/wp-content\/uploads\/2023\/10\/3__5JB6281.jpg-1900px-f2-300x200.jpg 300w, https:\/\/www.supremeyachts.hr\/wp-content\/uploads\/2023\/10\/3__5JB6281.jpg-1900px-f2-600x400.jpg 600w, https:\/\/www.supremeyachts.hr\/wp-content\/uploads\/2023\/10\/3__5JB6281.jpg-1900px-f2-768x512.jpg 768w, https:\/\/www.supremeyachts.hr\/wp-content\/uploads\/2023\/10\/3__5JB6281.jpg-1900px-f2.jpg 960w","media_details":{"width":960,"height":640,"sizes":{"woocommerce_thumbnail":{"file":"3__5JB6281.jpg-1900px-f2-300x300.jpg","width":300,"height":300,"mime-type":"image\/jpeg","filesize":21870,"uncropped":false,"source_url":"https:\/\/www.supremeyachts.hr\/wp-content\/uploads\/2023\/10\/3__5JB6281.jpg-1900px-f2-300x300.jpg"},"woocommerce_gallery_thumbnail":{"file":"3__5JB6281.jpg-1900px-f2-100x100.jpg","width":100,"height":100,"mime-type":"image\/jpeg","filesize":4028,"source_url":"https:\/\/www.supremeyachts.hr\/wp-content\/uploads\/2023\/10\/3__5JB6281.jpg-1900px-f2-100x100.jpg"},"woocommerce_single":{"file":"3__5JB6281.jpg-1900px-f2-600x400.jpg","width":600,"height":400,"mime-type":"image\/jpeg","filesize":47646,"source_url":"https:\/\/www.supremeyachts.hr\/wp-content\/uploads\/2023\/10\/3__5JB6281.jpg-1900px-f2-600x400.jpg"},"medium":{"file":"3__5JB6281.jpg-1900px-f2-300x200.jpg","width":300,"height":200,"mime-type":"image\/jpeg","filesize":30469,"source_url":"https:\/\/www.supremeyachts.hr\/wp-content\/uploads\/2023\/10\/3__5JB6281.jpg-1900px-f2-300x200.jpg"},"thumbnail":{"file":"3__5JB6281.jpg-1900px-f2-150x150.jpg","width":150,"height":150,"mime-type":"image\/jpeg","filesize":20497,"source_url":"https:\/\/www.supremeyachts.hr\/wp-content\/uploads\/2023\/10\/3__5JB6281.jpg-1900px-f2-150x150.jpg"},"medium_large":{"file":"3__5JB6281.jpg-1900px-f2-768x512.jpg","width":768,"height":512,"mime-type":"image\/jpeg","filesize":99640,"source_url":"https:\/\/www.supremeyachts.hr\/wp-content\/uploads\/2023\/10\/3__5JB6281.jpg-1900px-f2-768x512.jpg"}}},"alt_text":"","url":"","target":""},{"id":105,"title":"JEAN-BAPTISTE D'ENQUIN \/ BENETEAU FLYER 6","caption":"","full_image_url":"https:\/\/www.supremeyachts.hr\/wp-content\/uploads\/2023\/10\/3__5JB6276.jpg-1900px-f2.jpg","thumbnail_image_url":"https:\/\/www.supremeyachts.hr\/wp-content\/uploads\/2023\/10\/3__5JB6276.jpg-1900px-f2-150x150.jpg","large_srcset":"https:\/\/www.supremeyachts.hr\/wp-content\/uploads\/2023\/10\/3__5JB6276.jpg-1900px-f2-682x1024.jpg 682w, https:\/\/www.supremeyachts.hr\/wp-content\/uploads\/2023\/10\/3__5JB6276.jpg-1900px-f2-600x901.jpg 600w, https:\/\/www.supremeyachts.hr\/wp-content\/uploads\/2023\/10\/3__5JB6276.jpg-1900px-f2-200x300.jpg 200w, https:\/\/www.supremeyachts.hr\/wp-content\/uploads\/2023\/10\/3__5JB6276.jpg-1900px-f2-768x1153.jpg 768w, https:\/\/www.supremeyachts.hr\/wp-content\/uploads\/2023\/10\/3__5JB6276.jpg-1900px-f2.jpg 960w","medium_srcset":"https:\/\/www.supremeyachts.hr\/wp-content\/uploads\/2023\/10\/3__5JB6276.jpg-1900px-f2-200x300.jpg 200w, https:\/\/www.supremeyachts.hr\/wp-content\/uploads\/2023\/10\/3__5JB6276.jpg-1900px-f2-600x901.jpg 600w, https:\/\/www.supremeyachts.hr\/wp-content\/uploads\/2023\/10\/3__5JB6276.jpg-1900px-f2-682x1024.jpg 682w, https:\/\/www.supremeyachts.hr\/wp-content\/uploads\/2023\/10\/3__5JB6276.jpg-1900px-f2-768x1153.jpg 768w, https:\/\/www.supremeyachts.hr\/wp-content\/uploads\/2023\/10\/3__5JB6276.jpg-1900px-f2.jpg 960w","media_details":{"width":960,"height":1441,"sizes":{"woocommerce_thumbnail":{"file":"3__5JB6276.jpg-1900px-f2-300x300.jpg","width":300,"height":300,"mime-type":"image\/jpeg","filesize":24889,"uncropped":false,"source_url":"https:\/\/www.supremeyachts.hr\/wp-content\/uploads\/2023\/10\/3__5JB6276.jpg-1900px-f2-300x300.jpg"},"woocommerce_gallery_thumbnail":{"file":"3__5JB6276.jpg-1900px-f2-100x100.jpg","width":100,"height":100,"mime-type":"image\/jpeg","filesize":4315,"source_url":"https:\/\/www.supremeyachts.hr\/wp-content\/uploads\/2023\/10\/3__5JB6276.jpg-1900px-f2-100x100.jpg"},"woocommerce_single":{"file":"3__5JB6276.jpg-1900px-f2-600x901.jpg","width":600,"height":901,"mime-type":"image\/jpeg","filesize":102241,"source_url":"https:\/\/www.supremeyachts.hr\/wp-content\/uploads\/2023\/10\/3__5JB6276.jpg-1900px-f2-600x901.jpg"},"medium":{"file":"3__5JB6276.jpg-1900px-f2-200x300.jpg","width":200,"height":300,"mime-type":"image\/jpeg","filesize":44005,"source_url":"https:\/\/www.supremeyachts.hr\/wp-content\/uploads\/2023\/10\/3__5JB6276.jpg-1900px-f2-200x300.jpg"},"large":{"file":"3__5JB6276.jpg-1900px-f2-682x1024.jpg","width":682,"height":1024,"mime-type":"image\/jpeg","filesize":185699,"source_url":"https:\/\/www.supremeyachts.hr\/wp-content\/uploads\/2023\/10\/3__5JB6276.jpg-1900px-f2-682x1024.jpg"},"thumbnail":{"file":"3__5JB6276.jpg-1900px-f2-150x150.jpg","width":150,"height":150,"mime-type":"image\/jpeg","filesize":32130,"source_url":"https:\/\/www.supremeyachts.hr\/wp-content\/uploads\/2023\/10\/3__5JB6276.jpg-1900px-f2-150x150.jpg"},"medium_large":{"file":"3__5JB6276.jpg-1900px-f2-768x1153.jpg","width":768,"height":1153,"mime-type":"image\/jpeg","filesize":217518,"source_url":"https:\/\/www.supremeyachts.hr\/wp-content\/uploads\/2023\/10\/3__5JB6276.jpg-1900px-f2-768x1153.jpg"}}},"alt_text":"","url":"","target":""}],[{"id":130,"title":"5_Flyer6-sundeck-C-.RGB_color.0013.JPG-1832px-f2","caption":"","full_image_url":"https:\/\/www.supremeyachts.hr\/wp-content\/uploads\/2023\/10\/5_Flyer6-sundeck-C-.RGB_color.0013.JPG-1832px-f2.jpg","thumbnail_image_url":"https:\/\/www.supremeyachts.hr\/wp-content\/uploads\/2023\/10\/5_Flyer6-sundeck-C-.RGB_color.0013.JPG-1832px-f2-150x150.jpg","large_srcset":"https:\/\/www.supremeyachts.hr\/wp-content\/uploads\/2023\/10\/5_Flyer6-sundeck-C-.RGB_color.0013.JPG-1832px-f2.jpg 960w, https:\/\/www.supremeyachts.hr\/wp-content\/uploads\/2023\/10\/5_Flyer6-sundeck-C-.RGB_color.0013.JPG-1832px-f2-600x283.jpg 600w, https:\/\/www.supremeyachts.hr\/wp-content\/uploads\/2023\/10\/5_Flyer6-sundeck-C-.RGB_color.0013.JPG-1832px-f2-300x141.jpg 300w, https:\/\/www.supremeyachts.hr\/wp-content\/uploads\/2023\/10\/5_Flyer6-sundeck-C-.RGB_color.0013.JPG-1832px-f2-768x362.jpg 768w","medium_srcset":"https:\/\/www.supremeyachts.hr\/wp-content\/uploads\/2023\/10\/5_Flyer6-sundeck-C-.RGB_color.0013.JPG-1832px-f2-300x141.jpg 300w, https:\/\/www.supremeyachts.hr\/wp-content\/uploads\/2023\/10\/5_Flyer6-sundeck-C-.RGB_color.0013.JPG-1832px-f2-600x283.jpg 600w, https:\/\/www.supremeyachts.hr\/wp-content\/uploads\/2023\/10\/5_Flyer6-sundeck-C-.RGB_color.0013.JPG-1832px-f2-768x362.jpg 768w, https:\/\/www.supremeyachts.hr\/wp-content\/uploads\/2023\/10\/5_Flyer6-sundeck-C-.RGB_color.0013.JPG-1832px-f2.jpg 960w","media_details":{"width":960,"height":452,"sizes":{"woocommerce_thumbnail":{"file":"5_Flyer6-sundeck-C-.RGB_color.0013.JPG-1832px-f2-300x300.jpg","width":300,"height":300,"mime-type":"image\/jpeg","filesize":19145,"uncropped":false,"source_url":"https:\/\/www.supremeyachts.hr\/wp-content\/uploads\/2023\/10\/5_Flyer6-sundeck-C-.RGB_color.0013.JPG-1832px-f2-300x300.jpg"},"woocommerce_gallery_thumbnail":{"file":"5_Flyer6-sundeck-C-.RGB_color.0013.JPG-1832px-f2-100x100.jpg","width":100,"height":100,"mime-type":"image\/jpeg","filesize":3574,"source_url":"https:\/\/www.supremeyachts.hr\/wp-content\/uploads\/2023\/10\/5_Flyer6-sundeck-C-.RGB_color.0013.JPG-1832px-f2-100x100.jpg"},"woocommerce_single":{"file":"5_Flyer6-sundeck-C-.RGB_color.0013.JPG-1832px-f2-600x283.jpg","width":600,"height":283,"mime-type":"image\/jpeg","filesize":30288,"source_url":"https:\/\/www.supremeyachts.hr\/wp-content\/uploads\/2023\/10\/5_Flyer6-sundeck-C-.RGB_color.0013.JPG-1832px-f2-600x283.jpg"},"medium":{"file":"5_Flyer6-sundeck-C-.RGB_color.0013.JPG-1832px-f2-300x141.jpg","width":300,"height":141,"mime-type":"image\/jpeg","filesize":16749,"source_url":"https:\/\/www.supremeyachts.hr\/wp-content\/uploads\/2023\/10\/5_Flyer6-sundeck-C-.RGB_color.0013.JPG-1832px-f2-300x141.jpg"},"thumbnail":{"file":"5_Flyer6-sundeck-C-.RGB_color.0013.JPG-1832px-f2-150x150.jpg","width":150,"height":150,"mime-type":"image\/jpeg","filesize":12875,"source_url":"https:\/\/www.supremeyachts.hr\/wp-content\/uploads\/2023\/10\/5_Flyer6-sundeck-C-.RGB_color.0013.JPG-1832px-f2-150x150.jpg"},"medium_large":{"file":"5_Flyer6-sundeck-C-.RGB_color.0013.JPG-1832px-f2-768x362.jpg","width":768,"height":362,"mime-type":"image\/jpeg","filesize":62029,"source_url":"https:\/\/www.supremeyachts.hr\/wp-content\/uploads\/2023\/10\/5_Flyer6-sundeck-C-.RGB_color.0013.JPG-1832px-f2-768x362.jpg"}}},"alt_text":"","url":"","target":""},{"id":129,"title":"5_Flyer6-sundeck-C-.RGB_color.0012.JPG-1832px-f2","caption":"","full_image_url":"https:\/\/www.supremeyachts.hr\/wp-content\/uploads\/2023\/10\/5_Flyer6-sundeck-C-.RGB_color.0012.JPG-1832px-f2.jpg","thumbnail_image_url":"https:\/\/www.supremeyachts.hr\/wp-content\/uploads\/2023\/10\/5_Flyer6-sundeck-C-.RGB_color.0012.JPG-1832px-f2-150x150.jpg","large_srcset":"https:\/\/www.supremeyachts.hr\/wp-content\/uploads\/2023\/10\/5_Flyer6-sundeck-C-.RGB_color.0012.JPG-1832px-f2.jpg 960w, https:\/\/www.supremeyachts.hr\/wp-content\/uploads\/2023\/10\/5_Flyer6-sundeck-C-.RGB_color.0012.JPG-1832px-f2-600x283.jpg 600w, https:\/\/www.supremeyachts.hr\/wp-content\/uploads\/2023\/10\/5_Flyer6-sundeck-C-.RGB_color.0012.JPG-1832px-f2-300x141.jpg 300w, https:\/\/www.supremeyachts.hr\/wp-content\/uploads\/2023\/10\/5_Flyer6-sundeck-C-.RGB_color.0012.JPG-1832px-f2-768x362.jpg 768w","medium_srcset":"https:\/\/www.supremeyachts.hr\/wp-content\/uploads\/2023\/10\/5_Flyer6-sundeck-C-.RGB_color.0012.JPG-1832px-f2-300x141.jpg 300w, https:\/\/www.supremeyachts.hr\/wp-content\/uploads\/2023\/10\/5_Flyer6-sundeck-C-.RGB_color.0012.JPG-1832px-f2-600x283.jpg 600w, https:\/\/www.supremeyachts.hr\/wp-content\/uploads\/2023\/10\/5_Flyer6-sundeck-C-.RGB_color.0012.JPG-1832px-f2-768x362.jpg 768w, https:\/\/www.supremeyachts.hr\/wp-content\/uploads\/2023\/10\/5_Flyer6-sundeck-C-.RGB_color.0012.JPG-1832px-f2.jpg 960w","media_details":{"width":960,"height":452,"sizes":{"woocommerce_thumbnail":{"file":"5_Flyer6-sundeck-C-.RGB_color.0012.JPG-1832px-f2-300x300.jpg","width":300,"height":300,"mime-type":"image\/jpeg","filesize":14959,"uncropped":false,"source_url":"https:\/\/www.supremeyachts.hr\/wp-content\/uploads\/2023\/10\/5_Flyer6-sundeck-C-.RGB_color.0012.JPG-1832px-f2-300x300.jpg"},"woocommerce_gallery_thumbnail":{"file":"5_Flyer6-sundeck-C-.RGB_color.0012.JPG-1832px-f2-100x100.jpg","width":100,"height":100,"mime-type":"image\/jpeg","filesize":3105,"source_url":"https:\/\/www.supremeyachts.hr\/wp-content\/uploads\/2023\/10\/5_Flyer6-sundeck-C-.RGB_color.0012.JPG-1832px-f2-100x100.jpg"},"woocommerce_single":{"file":"5_Flyer6-sundeck-C-.RGB_color.0012.JPG-1832px-f2-600x283.jpg","width":600,"height":283,"mime-type":"image\/jpeg","filesize":24533,"source_url":"https:\/\/www.supremeyachts.hr\/wp-content\/uploads\/2023\/10\/5_Flyer6-sundeck-C-.RGB_color.0012.JPG-1832px-f2-600x283.jpg"},"medium":{"file":"5_Flyer6-sundeck-C-.RGB_color.0012.JPG-1832px-f2-300x141.jpg","width":300,"height":141,"mime-type":"image\/jpeg","filesize":15125,"source_url":"https:\/\/www.supremeyachts.hr\/wp-content\/uploads\/2023\/10\/5_Flyer6-sundeck-C-.RGB_color.0012.JPG-1832px-f2-300x141.jpg"},"thumbnail":{"file":"5_Flyer6-sundeck-C-.RGB_color.0012.JPG-1832px-f2-150x150.jpg","width":150,"height":150,"mime-type":"image\/jpeg","filesize":11594,"source_url":"https:\/\/www.supremeyachts.hr\/wp-content\/uploads\/2023\/10\/5_Flyer6-sundeck-C-.RGB_color.0012.JPG-1832px-f2-150x150.jpg"},"medium_large":{"file":"5_Flyer6-sundeck-C-.RGB_color.0012.JPG-1832px-f2-768x362.jpg","width":768,"height":362,"mime-type":"image\/jpeg","filesize":49759,"source_url":"https:\/\/www.supremeyachts.hr\/wp-content\/uploads\/2023\/10\/5_Flyer6-sundeck-C-.RGB_color.0012.JPG-1832px-f2-768x362.jpg"}}},"alt_text":"","url":"","target":""},{"id":128,"title":"5_Flyer6-sundeck-C-.RGB_color.0010.JPG-1832px-f2","caption":"","full_image_url":"https:\/\/www.supremeyachts.hr\/wp-content\/uploads\/2023\/10\/5_Flyer6-sundeck-C-.RGB_color.0010.JPG-1832px-f2.jpg","thumbnail_image_url":"https:\/\/www.supremeyachts.hr\/wp-content\/uploads\/2023\/10\/5_Flyer6-sundeck-C-.RGB_color.0010.JPG-1832px-f2-150x150.jpg","large_srcset":"https:\/\/www.supremeyachts.hr\/wp-content\/uploads\/2023\/10\/5_Flyer6-sundeck-C-.RGB_color.0010.JPG-1832px-f2.jpg 960w, https:\/\/www.supremeyachts.hr\/wp-content\/uploads\/2023\/10\/5_Flyer6-sundeck-C-.RGB_color.0010.JPG-1832px-f2-600x283.jpg 600w, https:\/\/www.supremeyachts.hr\/wp-content\/uploads\/2023\/10\/5_Flyer6-sundeck-C-.RGB_color.0010.JPG-1832px-f2-300x141.jpg 300w, https:\/\/www.supremeyachts.hr\/wp-content\/uploads\/2023\/10\/5_Flyer6-sundeck-C-.RGB_color.0010.JPG-1832px-f2-768x362.jpg 768w","medium_srcset":"https:\/\/www.supremeyachts.hr\/wp-content\/uploads\/2023\/10\/5_Flyer6-sundeck-C-.RGB_color.0010.JPG-1832px-f2-300x141.jpg 300w, https:\/\/www.supremeyachts.hr\/wp-content\/uploads\/2023\/10\/5_Flyer6-sundeck-C-.RGB_color.0010.JPG-1832px-f2-600x283.jpg 600w, https:\/\/www.supremeyachts.hr\/wp-content\/uploads\/2023\/10\/5_Flyer6-sundeck-C-.RGB_color.0010.JPG-1832px-f2-768x362.jpg 768w, https:\/\/www.supremeyachts.hr\/wp-content\/uploads\/2023\/10\/5_Flyer6-sundeck-C-.RGB_color.0010.JPG-1832px-f2.jpg 960w","media_details":{"width":960,"height":452,"sizes":{"woocommerce_thumbnail":{"file":"5_Flyer6-sundeck-C-.RGB_color.0010.JPG-1832px-f2-300x300.jpg","width":300,"height":300,"mime-type":"image\/jpeg","filesize":15212,"uncropped":false,"source_url":"https:\/\/www.supremeyachts.hr\/wp-content\/uploads\/2023\/10\/5_Flyer6-sundeck-C-.RGB_color.0010.JPG-1832px-f2-300x300.jpg"},"woocommerce_gallery_thumbnail":{"file":"5_Flyer6-sundeck-C-.RGB_color.0010.JPG-1832px-f2-100x100.jpg","width":100,"height":100,"mime-type":"image\/jpeg","filesize":3339,"source_url":"https:\/\/www.supremeyachts.hr\/wp-content\/uploads\/2023\/10\/5_Flyer6-sundeck-C-.RGB_color.0010.JPG-1832px-f2-100x100.jpg"},"woocommerce_single":{"file":"5_Flyer6-sundeck-C-.RGB_color.0010.JPG-1832px-f2-600x283.jpg","width":600,"height":283,"mime-type":"image\/jpeg","filesize":32178,"source_url":"https:\/\/www.supremeyachts.hr\/wp-content\/uploads\/2023\/10\/5_Flyer6-sundeck-C-.RGB_color.0010.JPG-1832px-f2-600x283.jpg"},"medium":{"file":"5_Flyer6-sundeck-C-.RGB_color.0010.JPG-1832px-f2-300x141.jpg","width":300,"height":141,"mime-type":"image\/jpeg","filesize":18477,"source_url":"https:\/\/www.supremeyachts.hr\/wp-content\/uploads\/2023\/10\/5_Flyer6-sundeck-C-.RGB_color.0010.JPG-1832px-f2-300x141.jpg"},"thumbnail":{"file":"5_Flyer6-sundeck-C-.RGB_color.0010.JPG-1832px-f2-150x150.jpg","width":150,"height":150,"mime-type":"image\/jpeg","filesize":11823,"source_url":"https:\/\/www.supremeyachts.hr\/wp-content\/uploads\/2023\/10\/5_Flyer6-sundeck-C-.RGB_color.0010.JPG-1832px-f2-150x150.jpg"},"medium_large":{"file":"5_Flyer6-sundeck-C-.RGB_color.0010.JPG-1832px-f2-768x362.jpg","width":768,"height":362,"mime-type":"image\/jpeg","filesize":62563,"source_url":"https:\/\/www.supremeyachts.hr\/wp-content\/uploads\/2023\/10\/5_Flyer6-sundeck-C-.RGB_color.0010.JPG-1832px-f2-768x362.jpg"}}},"alt_text":"","url":"","target":""},{"id":127,"title":"5_Flyer6-sundeck-C-.RGB_color.0009.JPG-1832px-f2","caption":"","full_image_url":"https:\/\/www.supremeyachts.hr\/wp-content\/uploads\/2023\/10\/5_Flyer6-sundeck-C-.RGB_color.0009.JPG-1832px-f2.jpg","thumbnail_image_url":"https:\/\/www.supremeyachts.hr\/wp-content\/uploads\/2023\/10\/5_Flyer6-sundeck-C-.RGB_color.0009.JPG-1832px-f2-150x150.jpg","large_srcset":"https:\/\/www.supremeyachts.hr\/wp-content\/uploads\/2023\/10\/5_Flyer6-sundeck-C-.RGB_color.0009.JPG-1832px-f2.jpg 960w, https:\/\/www.supremeyachts.hr\/wp-content\/uploads\/2023\/10\/5_Flyer6-sundeck-C-.RGB_color.0009.JPG-1832px-f2-600x283.jpg 600w, https:\/\/www.supremeyachts.hr\/wp-content\/uploads\/2023\/10\/5_Flyer6-sundeck-C-.RGB_color.0009.JPG-1832px-f2-300x141.jpg 300w, https:\/\/www.supremeyachts.hr\/wp-content\/uploads\/2023\/10\/5_Flyer6-sundeck-C-.RGB_color.0009.JPG-1832px-f2-768x362.jpg 768w","medium_srcset":"https:\/\/www.supremeyachts.hr\/wp-content\/uploads\/2023\/10\/5_Flyer6-sundeck-C-.RGB_color.0009.JPG-1832px-f2-300x141.jpg 300w, https:\/\/www.supremeyachts.hr\/wp-content\/uploads\/2023\/10\/5_Flyer6-sundeck-C-.RGB_color.0009.JPG-1832px-f2-600x283.jpg 600w, https:\/\/www.supremeyachts.hr\/wp-content\/uploads\/2023\/10\/5_Flyer6-sundeck-C-.RGB_color.0009.JPG-1832px-f2-768x362.jpg 768w, https:\/\/www.supremeyachts.hr\/wp-content\/uploads\/2023\/10\/5_Flyer6-sundeck-C-.RGB_color.0009.JPG-1832px-f2.jpg 960w","media_details":{"width":960,"height":452,"sizes":{"woocommerce_thumbnail":{"file":"5_Flyer6-sundeck-C-.RGB_color.0009.JPG-1832px-f2-300x300.jpg","width":300,"height":300,"mime-type":"image\/jpeg","filesize":17147,"uncropped":false,"source_url":"https:\/\/www.supremeyachts.hr\/wp-content\/uploads\/2023\/10\/5_Flyer6-sundeck-C-.RGB_color.0009.JPG-1832px-f2-300x300.jpg"},"woocommerce_gallery_thumbnail":{"file":"5_Flyer6-sundeck-C-.RGB_color.0009.JPG-1832px-f2-100x100.jpg","width":100,"height":100,"mime-type":"image\/jpeg","filesize":3725,"source_url":"https:\/\/www.supremeyachts.hr\/wp-content\/uploads\/2023\/10\/5_Flyer6-sundeck-C-.RGB_color.0009.JPG-1832px-f2-100x100.jpg"},"woocommerce_single":{"file":"5_Flyer6-sundeck-C-.RGB_color.0009.JPG-1832px-f2-600x283.jpg","width":600,"height":283,"mime-type":"image\/jpeg","filesize":33920,"source_url":"https:\/\/www.supremeyachts.hr\/wp-content\/uploads\/2023\/10\/5_Flyer6-sundeck-C-.RGB_color.0009.JPG-1832px-f2-600x283.jpg"},"medium":{"file":"5_Flyer6-sundeck-C-.RGB_color.0009.JPG-1832px-f2-300x141.jpg","width":300,"height":141,"mime-type":"image\/jpeg","filesize":19342,"source_url":"https:\/\/www.supremeyachts.hr\/wp-content\/uploads\/2023\/10\/5_Flyer6-sundeck-C-.RGB_color.0009.JPG-1832px-f2-300x141.jpg"},"thumbnail":{"file":"5_Flyer6-sundeck-C-.RGB_color.0009.JPG-1832px-f2-150x150.jpg","width":150,"height":150,"mime-type":"image\/jpeg","filesize":12675,"source_url":"https:\/\/www.supremeyachts.hr\/wp-content\/uploads\/2023\/10\/5_Flyer6-sundeck-C-.RGB_color.0009.JPG-1832px-f2-150x150.jpg"},"medium_large":{"file":"5_Flyer6-sundeck-C-.RGB_color.0009.JPG-1832px-f2-768x362.jpg","width":768,"height":362,"mime-type":"image\/jpeg","filesize":65335,"source_url":"https:\/\/www.supremeyachts.hr\/wp-content\/uploads\/2023\/10\/5_Flyer6-sundeck-C-.RGB_color.0009.JPG-1832px-f2-768x362.jpg"}}},"alt_text":"","url":"","target":""},{"id":126,"title":"5_Flyer6-sundeck-C-.RGB_color.0008.JPG-1832px-f2","caption":"","full_image_url":"https:\/\/www.supremeyachts.hr\/wp-content\/uploads\/2023\/10\/5_Flyer6-sundeck-C-.RGB_color.0008.JPG-1832px-f2.jpg","thumbnail_image_url":"https:\/\/www.supremeyachts.hr\/wp-content\/uploads\/2023\/10\/5_Flyer6-sundeck-C-.RGB_color.0008.JPG-1832px-f2-150x150.jpg","large_srcset":"https:\/\/www.supremeyachts.hr\/wp-content\/uploads\/2023\/10\/5_Flyer6-sundeck-C-.RGB_color.0008.JPG-1832px-f2.jpg 960w, https:\/\/www.supremeyachts.hr\/wp-content\/uploads\/2023\/10\/5_Flyer6-sundeck-C-.RGB_color.0008.JPG-1832px-f2-600x283.jpg 600w, https:\/\/www.supremeyachts.hr\/wp-content\/uploads\/2023\/10\/5_Flyer6-sundeck-C-.RGB_color.0008.JPG-1832px-f2-300x141.jpg 300w, https:\/\/www.supremeyachts.hr\/wp-content\/uploads\/2023\/10\/5_Flyer6-sundeck-C-.RGB_color.0008.JPG-1832px-f2-768x362.jpg 768w","medium_srcset":"https:\/\/www.supremeyachts.hr\/wp-content\/uploads\/2023\/10\/5_Flyer6-sundeck-C-.RGB_color.0008.JPG-1832px-f2-300x141.jpg 300w, https:\/\/www.supremeyachts.hr\/wp-content\/uploads\/2023\/10\/5_Flyer6-sundeck-C-.RGB_color.0008.JPG-1832px-f2-600x283.jpg 600w, https:\/\/www.supremeyachts.hr\/wp-content\/uploads\/2023\/10\/5_Flyer6-sundeck-C-.RGB_color.0008.JPG-1832px-f2-768x362.jpg 768w, https:\/\/www.supremeyachts.hr\/wp-content\/uploads\/2023\/10\/5_Flyer6-sundeck-C-.RGB_color.0008.JPG-1832px-f2.jpg 960w","media_details":{"width":960,"height":452,"sizes":{"woocommerce_thumbnail":{"file":"5_Flyer6-sundeck-C-.RGB_color.0008.JPG-1832px-f2-300x300.jpg","width":300,"height":300,"mime-type":"image\/jpeg","filesize":17667,"uncropped":false,"source_url":"https:\/\/www.supremeyachts.hr\/wp-content\/uploads\/2023\/10\/5_Flyer6-sundeck-C-.RGB_color.0008.JPG-1832px-f2-300x300.jpg"},"woocommerce_gallery_thumbnail":{"file":"5_Flyer6-sundeck-C-.RGB_color.0008.JPG-1832px-f2-100x100.jpg","width":100,"height":100,"mime-type":"image\/jpeg","filesize":3893,"source_url":"https:\/\/www.supremeyachts.hr\/wp-content\/uploads\/2023\/10\/5_Flyer6-sundeck-C-.RGB_color.0008.JPG-1832px-f2-100x100.jpg"},"woocommerce_single":{"file":"5_Flyer6-sundeck-C-.RGB_color.0008.JPG-1832px-f2-600x283.jpg","width":600,"height":283,"mime-type":"image\/jpeg","filesize":34415,"source_url":"https:\/\/www.supremeyachts.hr\/wp-content\/uploads\/2023\/10\/5_Flyer6-sundeck-C-.RGB_color.0008.JPG-1832px-f2-600x283.jpg"},"medium":{"file":"5_Flyer6-sundeck-C-.RGB_color.0008.JPG-1832px-f2-300x141.jpg","width":300,"height":141,"mime-type":"image\/jpeg","filesize":19485,"source_url":"https:\/\/www.supremeyachts.hr\/wp-content\/uploads\/2023\/10\/5_Flyer6-sundeck-C-.RGB_color.0008.JPG-1832px-f2-300x141.jpg"},"thumbnail":{"file":"5_Flyer6-sundeck-C-.RGB_color.0008.JPG-1832px-f2-150x150.jpg","width":150,"height":150,"mime-type":"image\/jpeg","filesize":13042,"source_url":"https:\/\/www.supremeyachts.hr\/wp-content\/uploads\/2023\/10\/5_Flyer6-sundeck-C-.RGB_color.0008.JPG-1832px-f2-150x150.jpg"},"medium_large":{"file":"5_Flyer6-sundeck-C-.RGB_color.0008.JPG-1832px-f2-768x362.jpg","width":768,"height":362,"mime-type":"image\/jpeg","filesize":66497,"source_url":"https:\/\/www.supremeyachts.hr\/wp-content\/uploads\/2023\/10\/5_Flyer6-sundeck-C-.RGB_color.0008.JPG-1832px-f2-768x362.jpg"}}},"alt_text":"","url":"","target":""},{"id":125,"title":"5_Flyer6-sundeck-C-.RGB_color.0007.JPG-1832px-f2","caption":"","full_image_url":"https:\/\/www.supremeyachts.hr\/wp-content\/uploads\/2023\/10\/5_Flyer6-sundeck-C-.RGB_color.0007.JPG-1832px-f2.jpg","thumbnail_image_url":"https:\/\/www.supremeyachts.hr\/wp-content\/uploads\/2023\/10\/5_Flyer6-sundeck-C-.RGB_color.0007.JPG-1832px-f2-150x150.jpg","large_srcset":"https:\/\/www.supremeyachts.hr\/wp-content\/uploads\/2023\/10\/5_Flyer6-sundeck-C-.RGB_color.0007.JPG-1832px-f2.jpg 960w, https:\/\/www.supremeyachts.hr\/wp-content\/uploads\/2023\/10\/5_Flyer6-sundeck-C-.RGB_color.0007.JPG-1832px-f2-600x283.jpg 600w, https:\/\/www.supremeyachts.hr\/wp-content\/uploads\/2023\/10\/5_Flyer6-sundeck-C-.RGB_color.0007.JPG-1832px-f2-300x141.jpg 300w, https:\/\/www.supremeyachts.hr\/wp-content\/uploads\/2023\/10\/5_Flyer6-sundeck-C-.RGB_color.0007.JPG-1832px-f2-768x362.jpg 768w","medium_srcset":"https:\/\/www.supremeyachts.hr\/wp-content\/uploads\/2023\/10\/5_Flyer6-sundeck-C-.RGB_color.0007.JPG-1832px-f2-300x141.jpg 300w, https:\/\/www.supremeyachts.hr\/wp-content\/uploads\/2023\/10\/5_Flyer6-sundeck-C-.RGB_color.0007.JPG-1832px-f2-600x283.jpg 600w, https:\/\/www.supremeyachts.hr\/wp-content\/uploads\/2023\/10\/5_Flyer6-sundeck-C-.RGB_color.0007.JPG-1832px-f2-768x362.jpg 768w, https:\/\/www.supremeyachts.hr\/wp-content\/uploads\/2023\/10\/5_Flyer6-sundeck-C-.RGB_color.0007.JPG-1832px-f2.jpg 960w","media_details":{"width":960,"height":452,"sizes":{"woocommerce_thumbnail":{"file":"5_Flyer6-sundeck-C-.RGB_color.0007.JPG-1832px-f2-300x300.jpg","width":300,"height":300,"mime-type":"image\/jpeg","filesize":19534,"uncropped":false,"source_url":"https:\/\/www.supremeyachts.hr\/wp-content\/uploads\/2023\/10\/5_Flyer6-sundeck-C-.RGB_color.0007.JPG-1832px-f2-300x300.jpg"},"woocommerce_gallery_thumbnail":{"file":"5_Flyer6-sundeck-C-.RGB_color.0007.JPG-1832px-f2-100x100.jpg","width":100,"height":100,"mime-type":"image\/jpeg","filesize":3881,"source_url":"https:\/\/www.supremeyachts.hr\/wp-content\/uploads\/2023\/10\/5_Flyer6-sundeck-C-.RGB_color.0007.JPG-1832px-f2-100x100.jpg"},"woocommerce_single":{"file":"5_Flyer6-sundeck-C-.RGB_color.0007.JPG-1832px-f2-600x283.jpg","width":600,"height":283,"mime-type":"image\/jpeg","filesize":33587,"source_url":"https:\/\/www.supremeyachts.hr\/wp-content\/uploads\/2023\/10\/5_Flyer6-sundeck-C-.RGB_color.0007.JPG-1832px-f2-600x283.jpg"},"medium":{"file":"5_Flyer6-sundeck-C-.RGB_color.0007.JPG-1832px-f2-300x141.jpg","width":300,"height":141,"mime-type":"image\/jpeg","filesize":18324,"source_url":"https:\/\/www.supremeyachts.hr\/wp-content\/uploads\/2023\/10\/5_Flyer6-sundeck-C-.RGB_color.0007.JPG-1832px-f2-300x141.jpg"},"thumbnail":{"file":"5_Flyer6-sundeck-C-.RGB_color.0007.JPG-1832px-f2-150x150.jpg","width":150,"height":150,"mime-type":"image\/jpeg","filesize":13203,"source_url":"https:\/\/www.supremeyachts.hr\/wp-content\/uploads\/2023\/10\/5_Flyer6-sundeck-C-.RGB_color.0007.JPG-1832px-f2-150x150.jpg"},"medium_large":{"file":"5_Flyer6-sundeck-C-.RGB_color.0007.JPG-1832px-f2-768x362.jpg","width":768,"height":362,"mime-type":"image\/jpeg","filesize":68270,"source_url":"https:\/\/www.supremeyachts.hr\/wp-content\/uploads\/2023\/10\/5_Flyer6-sundeck-C-.RGB_color.0007.JPG-1832px-f2-768x362.jpg"}}},"alt_text":"","url":"","target":""},{"id":124,"title":"5_Flyer6-sundeck-C-.RGB_color.0006-f2","caption":"","full_image_url":"https:\/\/www.supremeyachts.hr\/wp-content\/uploads\/2023\/10\/5_Flyer6-sundeck-C-.RGB_color.0006-f2.jpg","thumbnail_image_url":"https:\/\/www.supremeyachts.hr\/wp-content\/uploads\/2023\/10\/5_Flyer6-sundeck-C-.RGB_color.0006-f2-150x150.jpg","large_srcset":"https:\/\/www.supremeyachts.hr\/wp-content\/uploads\/2023\/10\/5_Flyer6-sundeck-C-.RGB_color.0006-f2.jpg 960w, https:\/\/www.supremeyachts.hr\/wp-content\/uploads\/2023\/10\/5_Flyer6-sundeck-C-.RGB_color.0006-f2-600x283.jpg 600w, https:\/\/www.supremeyachts.hr\/wp-content\/uploads\/2023\/10\/5_Flyer6-sundeck-C-.RGB_color.0006-f2-300x141.jpg 300w, https:\/\/www.supremeyachts.hr\/wp-content\/uploads\/2023\/10\/5_Flyer6-sundeck-C-.RGB_color.0006-f2-768x362.jpg 768w","medium_srcset":"https:\/\/www.supremeyachts.hr\/wp-content\/uploads\/2023\/10\/5_Flyer6-sundeck-C-.RGB_color.0006-f2-300x141.jpg 300w, https:\/\/www.supremeyachts.hr\/wp-content\/uploads\/2023\/10\/5_Flyer6-sundeck-C-.RGB_color.0006-f2-600x283.jpg 600w, https:\/\/www.supremeyachts.hr\/wp-content\/uploads\/2023\/10\/5_Flyer6-sundeck-C-.RGB_color.0006-f2-768x362.jpg 768w, https:\/\/www.supremeyachts.hr\/wp-content\/uploads\/2023\/10\/5_Flyer6-sundeck-C-.RGB_color.0006-f2.jpg 960w","media_details":{"width":960,"height":452,"sizes":{"woocommerce_thumbnail":{"file":"5_Flyer6-sundeck-C-.RGB_color.0006-f2-300x300.jpg","width":300,"height":300,"mime-type":"image\/jpeg","filesize":16929,"uncropped":false,"source_url":"https:\/\/www.supremeyachts.hr\/wp-content\/uploads\/2023\/10\/5_Flyer6-sundeck-C-.RGB_color.0006-f2-300x300.jpg"},"woocommerce_gallery_thumbnail":{"file":"5_Flyer6-sundeck-C-.RGB_color.0006-f2-100x100.jpg","width":100,"height":100,"mime-type":"image\/jpeg","filesize":3350,"source_url":"https:\/\/www.supremeyachts.hr\/wp-content\/uploads\/2023\/10\/5_Flyer6-sundeck-C-.RGB_color.0006-f2-100x100.jpg"},"woocommerce_single":{"file":"5_Flyer6-sundeck-C-.RGB_color.0006-f2-600x283.jpg","width":600,"height":283,"mime-type":"image\/jpeg","filesize":27960,"source_url":"https:\/\/www.supremeyachts.hr\/wp-content\/uploads\/2023\/10\/5_Flyer6-sundeck-C-.RGB_color.0006-f2-600x283.jpg"},"medium":{"file":"5_Flyer6-sundeck-C-.RGB_color.0006-f2-300x141.jpg","width":300,"height":141,"mime-type":"image\/jpeg","filesize":14266,"source_url":"https:\/\/www.supremeyachts.hr\/wp-content\/uploads\/2023\/10\/5_Flyer6-sundeck-C-.RGB_color.0006-f2-300x141.jpg"},"thumbnail":{"file":"5_Flyer6-sundeck-C-.RGB_color.0006-f2-150x150.jpg","width":150,"height":150,"mime-type":"image\/jpeg","filesize":10415,"source_url":"https:\/\/www.supremeyachts.hr\/wp-content\/uploads\/2023\/10\/5_Flyer6-sundeck-C-.RGB_color.0006-f2-150x150.jpg"},"medium_large":{"file":"5_Flyer6-sundeck-C-.RGB_color.0006-f2-768x362.jpg","width":768,"height":362,"mime-type":"image\/jpeg","filesize":55416,"source_url":"https:\/\/www.supremeyachts.hr\/wp-content\/uploads\/2023\/10\/5_Flyer6-sundeck-C-.RGB_color.0006-f2-768x362.jpg"}}},"alt_text":"","url":"","target":""},{"id":123,"title":"5_Flyer6-sundeck-C-.RGB_color.0005.JPG-1832px-f2","caption":"","full_image_url":"https:\/\/www.supremeyachts.hr\/wp-content\/uploads\/2023\/10\/5_Flyer6-sundeck-C-.RGB_color.0005.JPG-1832px-f2.jpg","thumbnail_image_url":"https:\/\/www.supremeyachts.hr\/wp-content\/uploads\/2023\/10\/5_Flyer6-sundeck-C-.RGB_color.0005.JPG-1832px-f2-150x150.jpg","large_srcset":"https:\/\/www.supremeyachts.hr\/wp-content\/uploads\/2023\/10\/5_Flyer6-sundeck-C-.RGB_color.0005.JPG-1832px-f2.jpg 960w, https:\/\/www.supremeyachts.hr\/wp-content\/uploads\/2023\/10\/5_Flyer6-sundeck-C-.RGB_color.0005.JPG-1832px-f2-600x283.jpg 600w, https:\/\/www.supremeyachts.hr\/wp-content\/uploads\/2023\/10\/5_Flyer6-sundeck-C-.RGB_color.0005.JPG-1832px-f2-300x141.jpg 300w, https:\/\/www.supremeyachts.hr\/wp-content\/uploads\/2023\/10\/5_Flyer6-sundeck-C-.RGB_color.0005.JPG-1832px-f2-768x362.jpg 768w","medium_srcset":"https:\/\/www.supremeyachts.hr\/wp-content\/uploads\/2023\/10\/5_Flyer6-sundeck-C-.RGB_color.0005.JPG-1832px-f2-300x141.jpg 300w, https:\/\/www.supremeyachts.hr\/wp-content\/uploads\/2023\/10\/5_Flyer6-sundeck-C-.RGB_color.0005.JPG-1832px-f2-600x283.jpg 600w, https:\/\/www.supremeyachts.hr\/wp-content\/uploads\/2023\/10\/5_Flyer6-sundeck-C-.RGB_color.0005.JPG-1832px-f2-768x362.jpg 768w, https:\/\/www.supremeyachts.hr\/wp-content\/uploads\/2023\/10\/5_Flyer6-sundeck-C-.RGB_color.0005.JPG-1832px-f2.jpg 960w","media_details":{"width":960,"height":452,"sizes":{"woocommerce_thumbnail":{"file":"5_Flyer6-sundeck-C-.RGB_color.0005.JPG-1832px-f2-300x300.jpg","width":300,"height":300,"mime-type":"image\/jpeg","filesize":19942,"uncropped":false,"source_url":"https:\/\/www.supremeyachts.hr\/wp-content\/uploads\/2023\/10\/5_Flyer6-sundeck-C-.RGB_color.0005.JPG-1832px-f2-300x300.jpg"},"woocommerce_gallery_thumbnail":{"file":"5_Flyer6-sundeck-C-.RGB_color.0005.JPG-1832px-f2-100x100.jpg","width":100,"height":100,"mime-type":"image\/jpeg","filesize":3727,"source_url":"https:\/\/www.supremeyachts.hr\/wp-content\/uploads\/2023\/10\/5_Flyer6-sundeck-C-.RGB_color.0005.JPG-1832px-f2-100x100.jpg"},"woocommerce_single":{"file":"5_Flyer6-sundeck-C-.RGB_color.0005.JPG-1832px-f2-600x283.jpg","width":600,"height":283,"mime-type":"image\/jpeg","filesize":31062,"source_url":"https:\/\/www.supremeyachts.hr\/wp-content\/uploads\/2023\/10\/5_Flyer6-sundeck-C-.RGB_color.0005.JPG-1832px-f2-600x283.jpg"},"medium":{"file":"5_Flyer6-sundeck-C-.RGB_color.0005.JPG-1832px-f2-300x141.jpg","width":300,"height":141,"mime-type":"image\/jpeg","filesize":17105,"source_url":"https:\/\/www.supremeyachts.hr\/wp-content\/uploads\/2023\/10\/5_Flyer6-sundeck-C-.RGB_color.0005.JPG-1832px-f2-300x141.jpg"},"thumbnail":{"file":"5_Flyer6-sundeck-C-.RGB_color.0005.JPG-1832px-f2-150x150.jpg","width":150,"height":150,"mime-type":"image\/jpeg","filesize":13266,"source_url":"https:\/\/www.supremeyachts.hr\/wp-content\/uploads\/2023\/10\/5_Flyer6-sundeck-C-.RGB_color.0005.JPG-1832px-f2-150x150.jpg"},"medium_large":{"file":"5_Flyer6-sundeck-C-.RGB_color.0005.JPG-1832px-f2-768x362.jpg","width":768,"height":362,"mime-type":"image\/jpeg","filesize":63977,"source_url":"https:\/\/www.supremeyachts.hr\/wp-content\/uploads\/2023\/10\/5_Flyer6-sundeck-C-.RGB_color.0005.JPG-1832px-f2-768x362.jpg"}}},"alt_text":"","url":"","target":""},{"id":122,"title":"5_Flyer6-sundeck-C-.RGB_color.0001.tif-1832px-f2","caption":"","full_image_url":"https:\/\/www.supremeyachts.hr\/wp-content\/uploads\/2023\/10\/5_Flyer6-sundeck-C-.RGB_color.0001.tif-1832px-f2.jpg","thumbnail_image_url":"https:\/\/www.supremeyachts.hr\/wp-content\/uploads\/2023\/10\/5_Flyer6-sundeck-C-.RGB_color.0001.tif-1832px-f2-150x150.jpg","large_srcset":"https:\/\/www.supremeyachts.hr\/wp-content\/uploads\/2023\/10\/5_Flyer6-sundeck-C-.RGB_color.0001.tif-1832px-f2.jpg 960w, https:\/\/www.supremeyachts.hr\/wp-content\/uploads\/2023\/10\/5_Flyer6-sundeck-C-.RGB_color.0001.tif-1832px-f2-600x283.jpg 600w, https:\/\/www.supremeyachts.hr\/wp-content\/uploads\/2023\/10\/5_Flyer6-sundeck-C-.RGB_color.0001.tif-1832px-f2-300x141.jpg 300w, https:\/\/www.supremeyachts.hr\/wp-content\/uploads\/2023\/10\/5_Flyer6-sundeck-C-.RGB_color.0001.tif-1832px-f2-768x362.jpg 768w","medium_srcset":"https:\/\/www.supremeyachts.hr\/wp-content\/uploads\/2023\/10\/5_Flyer6-sundeck-C-.RGB_color.0001.tif-1832px-f2-300x141.jpg 300w, https:\/\/www.supremeyachts.hr\/wp-content\/uploads\/2023\/10\/5_Flyer6-sundeck-C-.RGB_color.0001.tif-1832px-f2-600x283.jpg 600w, https:\/\/www.supremeyachts.hr\/wp-content\/uploads\/2023\/10\/5_Flyer6-sundeck-C-.RGB_color.0001.tif-1832px-f2-768x362.jpg 768w, https:\/\/www.supremeyachts.hr\/wp-content\/uploads\/2023\/10\/5_Flyer6-sundeck-C-.RGB_color.0001.tif-1832px-f2.jpg 960w","media_details":{"width":960,"height":452,"sizes":{"woocommerce_thumbnail":{"file":"5_Flyer6-sundeck-C-.RGB_color.0001.tif-1832px-f2-300x300.jpg","width":300,"height":300,"mime-type":"image\/jpeg","filesize":11805,"uncropped":false,"source_url":"https:\/\/www.supremeyachts.hr\/wp-content\/uploads\/2023\/10\/5_Flyer6-sundeck-C-.RGB_color.0001.tif-1832px-f2-300x300.jpg"},"woocommerce_gallery_thumbnail":{"file":"5_Flyer6-sundeck-C-.RGB_color.0001.tif-1832px-f2-100x100.jpg","width":100,"height":100,"mime-type":"image\/jpeg","filesize":2781,"source_url":"https:\/\/www.supremeyachts.hr\/wp-content\/uploads\/2023\/10\/5_Flyer6-sundeck-C-.RGB_color.0001.tif-1832px-f2-100x100.jpg"},"woocommerce_single":{"file":"5_Flyer6-sundeck-C-.RGB_color.0001.tif-1832px-f2-600x283.jpg","width":600,"height":283,"mime-type":"image\/jpeg","filesize":19794,"source_url":"https:\/\/www.supremeyachts.hr\/wp-content\/uploads\/2023\/10\/5_Flyer6-sundeck-C-.RGB_color.0001.tif-1832px-f2-600x283.jpg"},"medium":{"file":"5_Flyer6-sundeck-C-.RGB_color.0001.tif-1832px-f2-300x141.jpg","width":300,"height":141,"mime-type":"image\/jpeg","filesize":9476,"source_url":"https:\/\/www.supremeyachts.hr\/wp-content\/uploads\/2023\/10\/5_Flyer6-sundeck-C-.RGB_color.0001.tif-1832px-f2-300x141.jpg"},"thumbnail":{"file":"5_Flyer6-sundeck-C-.RGB_color.0001.tif-1832px-f2-150x150.jpg","width":150,"height":150,"mime-type":"image\/jpeg","filesize":7065,"source_url":"https:\/\/www.supremeyachts.hr\/wp-content\/uploads\/2023\/10\/5_Flyer6-sundeck-C-.RGB_color.0001.tif-1832px-f2-150x150.jpg"},"medium_large":{"file":"5_Flyer6-sundeck-C-.RGB_color.0001.tif-1832px-f2-768x362.jpg","width":768,"height":362,"mime-type":"image\/jpeg","filesize":28291,"source_url":"https:\/\/www.supremeyachts.hr\/wp-content\/uploads\/2023\/10\/5_Flyer6-sundeck-C-.RGB_color.0001.tif-1832px-f2-768x362.jpg"}}},"alt_text":"","url":"","target":""},{"id":121,"title":"5_Flyer6-sundeck-C-.RGB_color.0000.tif-1832px-f2","caption":"","full_image_url":"https:\/\/www.supremeyachts.hr\/wp-content\/uploads\/2023\/10\/5_Flyer6-sundeck-C-.RGB_color.0000.tif-1832px-f2.jpg","thumbnail_image_url":"https:\/\/www.supremeyachts.hr\/wp-content\/uploads\/2023\/10\/5_Flyer6-sundeck-C-.RGB_color.0000.tif-1832px-f2-150x150.jpg","large_srcset":"https:\/\/www.supremeyachts.hr\/wp-content\/uploads\/2023\/10\/5_Flyer6-sundeck-C-.RGB_color.0000.tif-1832px-f2.jpg 960w, https:\/\/www.supremeyachts.hr\/wp-content\/uploads\/2023\/10\/5_Flyer6-sundeck-C-.RGB_color.0000.tif-1832px-f2-600x283.jpg 600w, https:\/\/www.supremeyachts.hr\/wp-content\/uploads\/2023\/10\/5_Flyer6-sundeck-C-.RGB_color.0000.tif-1832px-f2-300x141.jpg 300w, https:\/\/www.supremeyachts.hr\/wp-content\/uploads\/2023\/10\/5_Flyer6-sundeck-C-.RGB_color.0000.tif-1832px-f2-768x362.jpg 768w","medium_srcset":"https:\/\/www.supremeyachts.hr\/wp-content\/uploads\/2023\/10\/5_Flyer6-sundeck-C-.RGB_color.0000.tif-1832px-f2-300x141.jpg 300w, https:\/\/www.supremeyachts.hr\/wp-content\/uploads\/2023\/10\/5_Flyer6-sundeck-C-.RGB_color.0000.tif-1832px-f2-600x283.jpg 600w, https:\/\/www.supremeyachts.hr\/wp-content\/uploads\/2023\/10\/5_Flyer6-sundeck-C-.RGB_color.0000.tif-1832px-f2-768x362.jpg 768w, https:\/\/www.supremeyachts.hr\/wp-content\/uploads\/2023\/10\/5_Flyer6-sundeck-C-.RGB_color.0000.tif-1832px-f2.jpg 960w","media_details":{"width":960,"height":452,"sizes":{"woocommerce_thumbnail":{"file":"5_Flyer6-sundeck-C-.RGB_color.0000.tif-1832px-f2-300x300.jpg","width":300,"height":300,"mime-type":"image\/jpeg","filesize":13349,"uncropped":false,"source_url":"https:\/\/www.supremeyachts.hr\/wp-content\/uploads\/2023\/10\/5_Flyer6-sundeck-C-.RGB_color.0000.tif-1832px-f2-300x300.jpg"},"woocommerce_gallery_thumbnail":{"file":"5_Flyer6-sundeck-C-.RGB_color.0000.tif-1832px-f2-100x100.jpg","width":100,"height":100,"mime-type":"image\/jpeg","filesize":3025,"source_url":"https:\/\/www.supremeyachts.hr\/wp-content\/uploads\/2023\/10\/5_Flyer6-sundeck-C-.RGB_color.0000.tif-1832px-f2-100x100.jpg"},"woocommerce_single":{"file":"5_Flyer6-sundeck-C-.RGB_color.0000.tif-1832px-f2-600x283.jpg","width":600,"height":283,"mime-type":"image\/jpeg","filesize":21486,"source_url":"https:\/\/www.supremeyachts.hr\/wp-content\/uploads\/2023\/10\/5_Flyer6-sundeck-C-.RGB_color.0000.tif-1832px-f2-600x283.jpg"},"medium":{"file":"5_Flyer6-sundeck-C-.RGB_color.0000.tif-1832px-f2-300x141.jpg","width":300,"height":141,"mime-type":"image\/jpeg","filesize":10075,"source_url":"https:\/\/www.supremeyachts.hr\/wp-content\/uploads\/2023\/10\/5_Flyer6-sundeck-C-.RGB_color.0000.tif-1832px-f2-300x141.jpg"},"thumbnail":{"file":"5_Flyer6-sundeck-C-.RGB_color.0000.tif-1832px-f2-150x150.jpg","width":150,"height":150,"mime-type":"image\/jpeg","filesize":7582,"source_url":"https:\/\/www.supremeyachts.hr\/wp-content\/uploads\/2023\/10\/5_Flyer6-sundeck-C-.RGB_color.0000.tif-1832px-f2-150x150.jpg"},"medium_large":{"file":"5_Flyer6-sundeck-C-.RGB_color.0000.tif-1832px-f2-768x362.jpg","width":768,"height":362,"mime-type":"image\/jpeg","filesize":30730,"source_url":"https:\/\/www.supremeyachts.hr\/wp-content\/uploads\/2023\/10\/5_Flyer6-sundeck-C-.RGB_color.0000.tif-1832px-f2-768x362.jpg"}}},"alt_text":"","url":"","target":""}]],"galerija_kabine_i_":[[{"id":98,"title":"JEAN-BAPTISTE D'ENQUIN \/ BENETEAU FLYER 6","caption":"","full_image_url":"https:\/\/www.supremeyachts.hr\/wp-content\/uploads\/2023\/10\/1__5JB6273.jpg-1900px-f2.jpg","thumbnail_image_url":"https:\/\/www.supremeyachts.hr\/wp-content\/uploads\/2023\/10\/1__5JB6273.jpg-1900px-f2-150x150.jpg","large_srcset":"https:\/\/www.supremeyachts.hr\/wp-content\/uploads\/2023\/10\/1__5JB6273.jpg-1900px-f2.jpg 960w, https:\/\/www.supremeyachts.hr\/wp-content\/uploads\/2023\/10\/1__5JB6273.jpg-1900px-f2-600x400.jpg 600w, https:\/\/www.supremeyachts.hr\/wp-content\/uploads\/2023\/10\/1__5JB6273.jpg-1900px-f2-300x200.jpg 300w, https:\/\/www.supremeyachts.hr\/wp-content\/uploads\/2023\/10\/1__5JB6273.jpg-1900px-f2-768x512.jpg 768w","medium_srcset":"https:\/\/www.supremeyachts.hr\/wp-content\/uploads\/2023\/10\/1__5JB6273.jpg-1900px-f2-300x200.jpg 300w, https:\/\/www.supremeyachts.hr\/wp-content\/uploads\/2023\/10\/1__5JB6273.jpg-1900px-f2-600x400.jpg 600w, https:\/\/www.supremeyachts.hr\/wp-content\/uploads\/2023\/10\/1__5JB6273.jpg-1900px-f2-768x512.jpg 768w, https:\/\/www.supremeyachts.hr\/wp-content\/uploads\/2023\/10\/1__5JB6273.jpg-1900px-f2.jpg 960w","media_details":{"width":960,"height":640,"sizes":{"woocommerce_thumbnail":{"file":"1__5JB6273.jpg-1900px-f2-300x300.jpg","width":300,"height":300,"mime-type":"image\/jpeg","filesize":23992,"uncropped":false,"source_url":"https:\/\/www.supremeyachts.hr\/wp-content\/uploads\/2023\/10\/1__5JB6273.jpg-1900px-f2-300x300.jpg"},"woocommerce_gallery_thumbnail":{"file":"1__5JB6273.jpg-1900px-f2-100x100.jpg","width":100,"height":100,"mime-type":"image\/jpeg","filesize":4579,"source_url":"https:\/\/www.supremeyachts.hr\/wp-content\/uploads\/2023\/10\/1__5JB6273.jpg-1900px-f2-100x100.jpg"},"woocommerce_single":{"file":"1__5JB6273.jpg-1900px-f2-600x400.jpg","width":600,"height":400,"mime-type":"image\/jpeg","filesize":53277,"source_url":"https:\/\/www.supremeyachts.hr\/wp-content\/uploads\/2023\/10\/1__5JB6273.jpg-1900px-f2-600x400.jpg"},"medium":{"file":"1__5JB6273.jpg-1900px-f2-300x200.jpg","width":300,"height":200,"mime-type":"image\/jpeg","filesize":31938,"source_url":"https:\/\/www.supremeyachts.hr\/wp-content\/uploads\/2023\/10\/1__5JB6273.jpg-1900px-f2-300x200.jpg"},"thumbnail":{"file":"1__5JB6273.jpg-1900px-f2-150x150.jpg","width":150,"height":150,"mime-type":"image\/jpeg","filesize":20945,"source_url":"https:\/\/www.supremeyachts.hr\/wp-content\/uploads\/2023\/10\/1__5JB6273.jpg-1900px-f2-150x150.jpg"},"medium_large":{"file":"1__5JB6273.jpg-1900px-f2-768x512.jpg","width":768,"height":512,"mime-type":"image\/jpeg","filesize":104635,"source_url":"https:\/\/www.supremeyachts.hr\/wp-content\/uploads\/2023\/10\/1__5JB6273.jpg-1900px-f2-768x512.jpg"}}},"alt_text":"","url":"","target":""},{"id":97,"title":"JEAN-BAPTISTE D'ENQUIN \/ BENETEAU FLYER 6","caption":"","full_image_url":"https:\/\/www.supremeyachts.hr\/wp-content\/uploads\/2023\/10\/1__5JB6221.jpg-1900px-f2.jpg","thumbnail_image_url":"https:\/\/www.supremeyachts.hr\/wp-content\/uploads\/2023\/10\/1__5JB6221.jpg-1900px-f2-150x150.jpg","large_srcset":"https:\/\/www.supremeyachts.hr\/wp-content\/uploads\/2023\/10\/1__5JB6221.jpg-1900px-f2.jpg 960w, https:\/\/www.supremeyachts.hr\/wp-content\/uploads\/2023\/10\/1__5JB6221.jpg-1900px-f2-600x400.jpg 600w, https:\/\/www.supremeyachts.hr\/wp-content\/uploads\/2023\/10\/1__5JB6221.jpg-1900px-f2-300x200.jpg 300w, https:\/\/www.supremeyachts.hr\/wp-content\/uploads\/2023\/10\/1__5JB6221.jpg-1900px-f2-768x512.jpg 768w","medium_srcset":"https:\/\/www.supremeyachts.hr\/wp-content\/uploads\/2023\/10\/1__5JB6221.jpg-1900px-f2-300x200.jpg 300w, https:\/\/www.supremeyachts.hr\/wp-content\/uploads\/2023\/10\/1__5JB6221.jpg-1900px-f2-600x400.jpg 600w, https:\/\/www.supremeyachts.hr\/wp-content\/uploads\/2023\/10\/1__5JB6221.jpg-1900px-f2-768x512.jpg 768w, https:\/\/www.supremeyachts.hr\/wp-content\/uploads\/2023\/10\/1__5JB6221.jpg-1900px-f2.jpg 960w","media_details":{"width":960,"height":640,"sizes":{"woocommerce_thumbnail":{"file":"1__5JB6221.jpg-1900px-f2-300x300.jpg","width":300,"height":300,"mime-type":"image\/jpeg","filesize":21688,"uncropped":false,"source_url":"https:\/\/www.supremeyachts.hr\/wp-content\/uploads\/2023\/10\/1__5JB6221.jpg-1900px-f2-300x300.jpg"},"woocommerce_gallery_thumbnail":{"file":"1__5JB6221.jpg-1900px-f2-100x100.jpg","width":100,"height":100,"mime-type":"image\/jpeg","filesize":3902,"source_url":"https:\/\/www.supremeyachts.hr\/wp-content\/uploads\/2023\/10\/1__5JB6221.jpg-1900px-f2-100x100.jpg"},"woocommerce_single":{"file":"1__5JB6221.jpg-1900px-f2-600x400.jpg","width":600,"height":400,"mime-type":"image\/jpeg","filesize":49283,"source_url":"https:\/\/www.supremeyachts.hr\/wp-content\/uploads\/2023\/10\/1__5JB6221.jpg-1900px-f2-600x400.jpg"},"medium":{"file":"1__5JB6221.jpg-1900px-f2-300x200.jpg","width":300,"height":200,"mime-type":"image\/jpeg","filesize":30122,"source_url":"https:\/\/www.supremeyachts.hr\/wp-content\/uploads\/2023\/10\/1__5JB6221.jpg-1900px-f2-300x200.jpg"},"thumbnail":{"file":"1__5JB6221.jpg-1900px-f2-150x150.jpg","width":150,"height":150,"mime-type":"image\/jpeg","filesize":20176,"source_url":"https:\/\/www.supremeyachts.hr\/wp-content\/uploads\/2023\/10\/1__5JB6221.jpg-1900px-f2-150x150.jpg"},"medium_large":{"file":"1__5JB6221.jpg-1900px-f2-768x512.jpg","width":768,"height":512,"mime-type":"image\/jpeg","filesize":101848,"source_url":"https:\/\/www.supremeyachts.hr\/wp-content\/uploads\/2023\/10\/1__5JB6221.jpg-1900px-f2-768x512.jpg"}}},"alt_text":"","url":"","target":""},{"id":96,"title":"JEAN-BAPTISTE D'ENQUIN \/ BENETEAU FLYER 6","caption":"","full_image_url":"https:\/\/www.supremeyachts.hr\/wp-content\/uploads\/2023\/10\/1__5JB6221.jpg-1900px-f2-1.jpg","thumbnail_image_url":"https:\/\/www.supremeyachts.hr\/wp-content\/uploads\/2023\/10\/1__5JB6221.jpg-1900px-f2-1-150x150.jpg","large_srcset":"https:\/\/www.supremeyachts.hr\/wp-content\/uploads\/2023\/10\/1__5JB6221.jpg-1900px-f2-1.jpg 960w, https:\/\/www.supremeyachts.hr\/wp-content\/uploads\/2023\/10\/1__5JB6221.jpg-1900px-f2-1-600x400.jpg 600w, https:\/\/www.supremeyachts.hr\/wp-content\/uploads\/2023\/10\/1__5JB6221.jpg-1900px-f2-1-300x200.jpg 300w, https:\/\/www.supremeyachts.hr\/wp-content\/uploads\/2023\/10\/1__5JB6221.jpg-1900px-f2-1-768x512.jpg 768w","medium_srcset":"https:\/\/www.supremeyachts.hr\/wp-content\/uploads\/2023\/10\/1__5JB6221.jpg-1900px-f2-1-300x200.jpg 300w, https:\/\/www.supremeyachts.hr\/wp-content\/uploads\/2023\/10\/1__5JB6221.jpg-1900px-f2-1-600x400.jpg 600w, https:\/\/www.supremeyachts.hr\/wp-content\/uploads\/2023\/10\/1__5JB6221.jpg-1900px-f2-1-768x512.jpg 768w, https:\/\/www.supremeyachts.hr\/wp-content\/uploads\/2023\/10\/1__5JB6221.jpg-1900px-f2-1.jpg 960w","media_details":{"width":960,"height":640,"sizes":{"woocommerce_thumbnail":{"file":"1__5JB6221.jpg-1900px-f2-1-300x300.jpg","width":300,"height":300,"mime-type":"image\/jpeg","filesize":21688,"uncropped":false,"source_url":"https:\/\/www.supremeyachts.hr\/wp-content\/uploads\/2023\/10\/1__5JB6221.jpg-1900px-f2-1-300x300.jpg"},"woocommerce_gallery_thumbnail":{"file":"1__5JB6221.jpg-1900px-f2-1-100x100.jpg","width":100,"height":100,"mime-type":"image\/jpeg","filesize":3902,"source_url":"https:\/\/www.supremeyachts.hr\/wp-content\/uploads\/2023\/10\/1__5JB6221.jpg-1900px-f2-1-100x100.jpg"},"woocommerce_single":{"file":"1__5JB6221.jpg-1900px-f2-1-600x400.jpg","width":600,"height":400,"mime-type":"image\/jpeg","filesize":49283,"source_url":"https:\/\/www.supremeyachts.hr\/wp-content\/uploads\/2023\/10\/1__5JB6221.jpg-1900px-f2-1-600x400.jpg"},"medium":{"file":"1__5JB6221.jpg-1900px-f2-1-300x200.jpg","width":300,"height":200,"mime-type":"image\/jpeg","filesize":30122,"source_url":"https:\/\/www.supremeyachts.hr\/wp-content\/uploads\/2023\/10\/1__5JB6221.jpg-1900px-f2-1-300x200.jpg"},"thumbnail":{"file":"1__5JB6221.jpg-1900px-f2-1-150x150.jpg","width":150,"height":150,"mime-type":"image\/jpeg","filesize":20176,"source_url":"https:\/\/www.supremeyachts.hr\/wp-content\/uploads\/2023\/10\/1__5JB6221.jpg-1900px-f2-1-150x150.jpg"},"medium_large":{"file":"1__5JB6221.jpg-1900px-f2-1-768x512.jpg","width":768,"height":512,"mime-type":"image\/jpeg","filesize":101848,"source_url":"https:\/\/www.supremeyachts.hr\/wp-content\/uploads\/2023\/10\/1__5JB6221.jpg-1900px-f2-1-768x512.jpg"}}},"alt_text":"","url":"","target":""},{"id":95,"title":"JEAN-BAPTISTE D'ENQUIN \/ BENETEAU FLYER 6","caption":"","full_image_url":"https:\/\/www.supremeyachts.hr\/wp-content\/uploads\/2023\/10\/1__5JB5858.jpg-1900px-f2.jpg","thumbnail_image_url":"https:\/\/www.supremeyachts.hr\/wp-content\/uploads\/2023\/10\/1__5JB5858.jpg-1900px-f2-150x150.jpg","large_srcset":"https:\/\/www.supremeyachts.hr\/wp-content\/uploads\/2023\/10\/1__5JB5858.jpg-1900px-f2.jpg 960w, https:\/\/www.supremeyachts.hr\/wp-content\/uploads\/2023\/10\/1__5JB5858.jpg-1900px-f2-600x400.jpg 600w, https:\/\/www.supremeyachts.hr\/wp-content\/uploads\/2023\/10\/1__5JB5858.jpg-1900px-f2-300x200.jpg 300w, https:\/\/www.supremeyachts.hr\/wp-content\/uploads\/2023\/10\/1__5JB5858.jpg-1900px-f2-768x512.jpg 768w","medium_srcset":"https:\/\/www.supremeyachts.hr\/wp-content\/uploads\/2023\/10\/1__5JB5858.jpg-1900px-f2-300x200.jpg 300w, https:\/\/www.supremeyachts.hr\/wp-content\/uploads\/2023\/10\/1__5JB5858.jpg-1900px-f2-600x400.jpg 600w, https:\/\/www.supremeyachts.hr\/wp-content\/uploads\/2023\/10\/1__5JB5858.jpg-1900px-f2-768x512.jpg 768w, https:\/\/www.supremeyachts.hr\/wp-content\/uploads\/2023\/10\/1__5JB5858.jpg-1900px-f2.jpg 960w","media_details":{"width":960,"height":640,"sizes":{"woocommerce_thumbnail":{"file":"1__5JB5858.jpg-1900px-f2-300x300.jpg","width":300,"height":300,"mime-type":"image\/jpeg","filesize":17175,"uncropped":false,"source_url":"https:\/\/www.supremeyachts.hr\/wp-content\/uploads\/2023\/10\/1__5JB5858.jpg-1900px-f2-300x300.jpg"},"woocommerce_gallery_thumbnail":{"file":"1__5JB5858.jpg-1900px-f2-100x100.jpg","width":100,"height":100,"mime-type":"image\/jpeg","filesize":3282,"source_url":"https:\/\/www.supremeyachts.hr\/wp-content\/uploads\/2023\/10\/1__5JB5858.jpg-1900px-f2-100x100.jpg"},"woocommerce_single":{"file":"1__5JB5858.jpg-1900px-f2-600x400.jpg","width":600,"height":400,"mime-type":"image\/jpeg","filesize":36490,"source_url":"https:\/\/www.supremeyachts.hr\/wp-content\/uploads\/2023\/10\/1__5JB5858.jpg-1900px-f2-600x400.jpg"},"medium":{"file":"1__5JB5858.jpg-1900px-f2-300x200.jpg","width":300,"height":200,"mime-type":"image\/jpeg","filesize":26832,"source_url":"https:\/\/www.supremeyachts.hr\/wp-content\/uploads\/2023\/10\/1__5JB5858.jpg-1900px-f2-300x200.jpg"},"thumbnail":{"file":"1__5JB5858.jpg-1900px-f2-150x150.jpg","width":150,"height":150,"mime-type":"image\/jpeg","filesize":19104,"source_url":"https:\/\/www.supremeyachts.hr\/wp-content\/uploads\/2023\/10\/1__5JB5858.jpg-1900px-f2-150x150.jpg"},"medium_large":{"file":"1__5JB5858.jpg-1900px-f2-768x512.jpg","width":768,"height":512,"mime-type":"image\/jpeg","filesize":82403,"source_url":"https:\/\/www.supremeyachts.hr\/wp-content\/uploads\/2023\/10\/1__5JB5858.jpg-1900px-f2-768x512.jpg"}}},"alt_text":"","url":"","target":""},{"id":94,"title":"JEAN-BAPTISTE D'ENQUIN \/ BENETEAU FLYER 6","caption":"","full_image_url":"https:\/\/www.supremeyachts.hr\/wp-content\/uploads\/2023\/10\/1__5JB5831.jpg-1900px-f2.jpg","thumbnail_image_url":"https:\/\/www.supremeyachts.hr\/wp-content\/uploads\/2023\/10\/1__5JB5831.jpg-1900px-f2-150x150.jpg","large_srcset":"https:\/\/www.supremeyachts.hr\/wp-content\/uploads\/2023\/10\/1__5JB5831.jpg-1900px-f2.jpg 960w, https:\/\/www.supremeyachts.hr\/wp-content\/uploads\/2023\/10\/1__5JB5831.jpg-1900px-f2-600x400.jpg 600w, https:\/\/www.supremeyachts.hr\/wp-content\/uploads\/2023\/10\/1__5JB5831.jpg-1900px-f2-300x200.jpg 300w, https:\/\/www.supremeyachts.hr\/wp-content\/uploads\/2023\/10\/1__5JB5831.jpg-1900px-f2-768x512.jpg 768w","medium_srcset":"https:\/\/www.supremeyachts.hr\/wp-content\/uploads\/2023\/10\/1__5JB5831.jpg-1900px-f2-300x200.jpg 300w, https:\/\/www.supremeyachts.hr\/wp-content\/uploads\/2023\/10\/1__5JB5831.jpg-1900px-f2-600x400.jpg 600w, https:\/\/www.supremeyachts.hr\/wp-content\/uploads\/2023\/10\/1__5JB5831.jpg-1900px-f2-768x512.jpg 768w, https:\/\/www.supremeyachts.hr\/wp-content\/uploads\/2023\/10\/1__5JB5831.jpg-1900px-f2.jpg 960w","media_details":{"width":960,"height":640,"sizes":{"woocommerce_thumbnail":{"file":"1__5JB5831.jpg-1900px-f2-300x300.jpg","width":300,"height":300,"mime-type":"image\/jpeg","filesize":19361,"uncropped":false,"source_url":"https:\/\/www.supremeyachts.hr\/wp-content\/uploads\/2023\/10\/1__5JB5831.jpg-1900px-f2-300x300.jpg"},"woocommerce_gallery_thumbnail":{"file":"1__5JB5831.jpg-1900px-f2-100x100.jpg","width":100,"height":100,"mime-type":"image\/jpeg","filesize":3564,"source_url":"https:\/\/www.supremeyachts.hr\/wp-content\/uploads\/2023\/10\/1__5JB5831.jpg-1900px-f2-100x100.jpg"},"woocommerce_single":{"file":"1__5JB5831.jpg-1900px-f2-600x400.jpg","width":600,"height":400,"mime-type":"image\/jpeg","filesize":43785,"source_url":"https:\/\/www.supremeyachts.hr\/wp-content\/uploads\/2023\/10\/1__5JB5831.jpg-1900px-f2-600x400.jpg"},"medium":{"file":"1__5JB5831.jpg-1900px-f2-300x200.jpg","width":300,"height":200,"mime-type":"image\/jpeg","filesize":29467,"source_url":"https:\/\/www.supremeyachts.hr\/wp-content\/uploads\/2023\/10\/1__5JB5831.jpg-1900px-f2-300x200.jpg"},"thumbnail":{"file":"1__5JB5831.jpg-1900px-f2-150x150.jpg","width":150,"height":150,"mime-type":"image\/jpeg","filesize":19738,"source_url":"https:\/\/www.supremeyachts.hr\/wp-content\/uploads\/2023\/10\/1__5JB5831.jpg-1900px-f2-150x150.jpg"},"medium_large":{"file":"1__5JB5831.jpg-1900px-f2-768x512.jpg","width":768,"height":512,"mime-type":"image\/jpeg","filesize":97021,"source_url":"https:\/\/www.supremeyachts.hr\/wp-content\/uploads\/2023\/10\/1__5JB5831.jpg-1900px-f2-768x512.jpg"}}},"alt_text":"","url":"","target":""},{"id":93,"title":"JEAN-BAPTISTE D'ENQUIN \/ BENETEAU FLYER 6","caption":"","full_image_url":"https:\/\/www.supremeyachts.hr\/wp-content\/uploads\/2023\/10\/1__5JB5831.jpg-1900px-f2-1.jpg","thumbnail_image_url":"https:\/\/www.supremeyachts.hr\/wp-content\/uploads\/2023\/10\/1__5JB5831.jpg-1900px-f2-1-150x150.jpg","large_srcset":"https:\/\/www.supremeyachts.hr\/wp-content\/uploads\/2023\/10\/1__5JB5831.jpg-1900px-f2-1.jpg 960w, https:\/\/www.supremeyachts.hr\/wp-content\/uploads\/2023\/10\/1__5JB5831.jpg-1900px-f2-1-600x400.jpg 600w, https:\/\/www.supremeyachts.hr\/wp-content\/uploads\/2023\/10\/1__5JB5831.jpg-1900px-f2-1-300x200.jpg 300w, https:\/\/www.supremeyachts.hr\/wp-content\/uploads\/2023\/10\/1__5JB5831.jpg-1900px-f2-1-768x512.jpg 768w","medium_srcset":"https:\/\/www.supremeyachts.hr\/wp-content\/uploads\/2023\/10\/1__5JB5831.jpg-1900px-f2-1-300x200.jpg 300w, https:\/\/www.supremeyachts.hr\/wp-content\/uploads\/2023\/10\/1__5JB5831.jpg-1900px-f2-1-600x400.jpg 600w, https:\/\/www.supremeyachts.hr\/wp-content\/uploads\/2023\/10\/1__5JB5831.jpg-1900px-f2-1-768x512.jpg 768w, https:\/\/www.supremeyachts.hr\/wp-content\/uploads\/2023\/10\/1__5JB5831.jpg-1900px-f2-1.jpg 960w","media_details":{"width":960,"height":640,"sizes":{"woocommerce_thumbnail":{"file":"1__5JB5831.jpg-1900px-f2-1-300x300.jpg","width":300,"height":300,"mime-type":"image\/jpeg","filesize":19361,"uncropped":false,"source_url":"https:\/\/www.supremeyachts.hr\/wp-content\/uploads\/2023\/10\/1__5JB5831.jpg-1900px-f2-1-300x300.jpg"},"woocommerce_gallery_thumbnail":{"file":"1__5JB5831.jpg-1900px-f2-1-100x100.jpg","width":100,"height":100,"mime-type":"image\/jpeg","filesize":3564,"source_url":"https:\/\/www.supremeyachts.hr\/wp-content\/uploads\/2023\/10\/1__5JB5831.jpg-1900px-f2-1-100x100.jpg"},"woocommerce_single":{"file":"1__5JB5831.jpg-1900px-f2-1-600x400.jpg","width":600,"height":400,"mime-type":"image\/jpeg","filesize":43785,"source_url":"https:\/\/www.supremeyachts.hr\/wp-content\/uploads\/2023\/10\/1__5JB5831.jpg-1900px-f2-1-600x400.jpg"},"medium":{"file":"1__5JB5831.jpg-1900px-f2-1-300x200.jpg","width":300,"height":200,"mime-type":"image\/jpeg","filesize":29467,"source_url":"https:\/\/www.supremeyachts.hr\/wp-content\/uploads\/2023\/10\/1__5JB5831.jpg-1900px-f2-1-300x200.jpg"},"thumbnail":{"file":"1__5JB5831.jpg-1900px-f2-1-150x150.jpg","width":150,"height":150,"mime-type":"image\/jpeg","filesize":19738,"source_url":"https:\/\/www.supremeyachts.hr\/wp-content\/uploads\/2023\/10\/1__5JB5831.jpg-1900px-f2-1-150x150.jpg"},"medium_large":{"file":"1__5JB5831.jpg-1900px-f2-1-768x512.jpg","width":768,"height":512,"mime-type":"image\/jpeg","filesize":97021,"source_url":"https:\/\/www.supremeyachts.hr\/wp-content\/uploads\/2023\/10\/1__5JB5831.jpg-1900px-f2-1-768x512.jpg"}}},"alt_text":"","url":"","target":""},{"id":92,"title":"JEAN-BAPTISTE D'ENQUIN \/ BENETEAU FLYER 6","caption":"","full_image_url":"https:\/\/www.supremeyachts.hr\/wp-content\/uploads\/2023\/10\/1__5JB5532.jpg-1900px-f2.jpg","thumbnail_image_url":"https:\/\/www.supremeyachts.hr\/wp-content\/uploads\/2023\/10\/1__5JB5532.jpg-1900px-f2-150x150.jpg","large_srcset":"https:\/\/www.supremeyachts.hr\/wp-content\/uploads\/2023\/10\/1__5JB5532.jpg-1900px-f2.jpg 960w, https:\/\/www.supremeyachts.hr\/wp-content\/uploads\/2023\/10\/1__5JB5532.jpg-1900px-f2-600x400.jpg 600w, https:\/\/www.supremeyachts.hr\/wp-content\/uploads\/2023\/10\/1__5JB5532.jpg-1900px-f2-300x200.jpg 300w, https:\/\/www.supremeyachts.hr\/wp-content\/uploads\/2023\/10\/1__5JB5532.jpg-1900px-f2-768x512.jpg 768w","medium_srcset":"https:\/\/www.supremeyachts.hr\/wp-content\/uploads\/2023\/10\/1__5JB5532.jpg-1900px-f2-300x200.jpg 300w, https:\/\/www.supremeyachts.hr\/wp-content\/uploads\/2023\/10\/1__5JB5532.jpg-1900px-f2-600x400.jpg 600w, https:\/\/www.supremeyachts.hr\/wp-content\/uploads\/2023\/10\/1__5JB5532.jpg-1900px-f2-768x512.jpg 768w, https:\/\/www.supremeyachts.hr\/wp-content\/uploads\/2023\/10\/1__5JB5532.jpg-1900px-f2.jpg 960w","media_details":{"width":960,"height":640,"sizes":{"woocommerce_thumbnail":{"file":"1__5JB5532.jpg-1900px-f2-300x300.jpg","width":300,"height":300,"mime-type":"image\/jpeg","filesize":17271,"uncropped":false,"source_url":"https:\/\/www.supremeyachts.hr\/wp-content\/uploads\/2023\/10\/1__5JB5532.jpg-1900px-f2-300x300.jpg"},"woocommerce_gallery_thumbnail":{"file":"1__5JB5532.jpg-1900px-f2-100x100.jpg","width":100,"height":100,"mime-type":"image\/jpeg","filesize":3551,"source_url":"https:\/\/www.supremeyachts.hr\/wp-content\/uploads\/2023\/10\/1__5JB5532.jpg-1900px-f2-100x100.jpg"},"woocommerce_single":{"file":"1__5JB5532.jpg-1900px-f2-600x400.jpg","width":600,"height":400,"mime-type":"image\/jpeg","filesize":36433,"source_url":"https:\/\/www.supremeyachts.hr\/wp-content\/uploads\/2023\/10\/1__5JB5532.jpg-1900px-f2-600x400.jpg"},"medium":{"file":"1__5JB5532.jpg-1900px-f2-300x200.jpg","width":300,"height":200,"mime-type":"image\/jpeg","filesize":27440,"source_url":"https:\/\/www.supremeyachts.hr\/wp-content\/uploads\/2023\/10\/1__5JB5532.jpg-1900px-f2-300x200.jpg"},"thumbnail":{"file":"1__5JB5532.jpg-1900px-f2-150x150.jpg","width":150,"height":150,"mime-type":"image\/jpeg","filesize":19332,"source_url":"https:\/\/www.supremeyachts.hr\/wp-content\/uploads\/2023\/10\/1__5JB5532.jpg-1900px-f2-150x150.jpg"},"medium_large":{"file":"1__5JB5532.jpg-1900px-f2-768x512.jpg","width":768,"height":512,"mime-type":"image\/jpeg","filesize":80245,"source_url":"https:\/\/www.supremeyachts.hr\/wp-content\/uploads\/2023\/10\/1__5JB5532.jpg-1900px-f2-768x512.jpg"}}},"alt_text":"","url":"","target":""},{"id":91,"title":"JEAN-BAPTISTE D'ENQUIN \/ BENETEAU FLYER 6","caption":"","full_image_url":"https:\/\/www.supremeyachts.hr\/wp-content\/uploads\/2023\/10\/1__5JB5500.jpg-1900px-f2.jpg","thumbnail_image_url":"https:\/\/www.supremeyachts.hr\/wp-content\/uploads\/2023\/10\/1__5JB5500.jpg-1900px-f2-150x150.jpg","large_srcset":"https:\/\/www.supremeyachts.hr\/wp-content\/uploads\/2023\/10\/1__5JB5500.jpg-1900px-f2.jpg 960w, https:\/\/www.supremeyachts.hr\/wp-content\/uploads\/2023\/10\/1__5JB5500.jpg-1900px-f2-600x400.jpg 600w, https:\/\/www.supremeyachts.hr\/wp-content\/uploads\/2023\/10\/1__5JB5500.jpg-1900px-f2-300x200.jpg 300w, https:\/\/www.supremeyachts.hr\/wp-content\/uploads\/2023\/10\/1__5JB5500.jpg-1900px-f2-768x512.jpg 768w","medium_srcset":"https:\/\/www.supremeyachts.hr\/wp-content\/uploads\/2023\/10\/1__5JB5500.jpg-1900px-f2-300x200.jpg 300w, https:\/\/www.supremeyachts.hr\/wp-content\/uploads\/2023\/10\/1__5JB5500.jpg-1900px-f2-600x400.jpg 600w, https:\/\/www.supremeyachts.hr\/wp-content\/uploads\/2023\/10\/1__5JB5500.jpg-1900px-f2-768x512.jpg 768w, https:\/\/www.supremeyachts.hr\/wp-content\/uploads\/2023\/10\/1__5JB5500.jpg-1900px-f2.jpg 960w","media_details":{"width":960,"height":640,"sizes":{"woocommerce_thumbnail":{"file":"1__5JB5500.jpg-1900px-f2-300x300.jpg","width":300,"height":300,"mime-type":"image\/jpeg","filesize":17172,"uncropped":false,"source_url":"https:\/\/www.supremeyachts.hr\/wp-content\/uploads\/2023\/10\/1__5JB5500.jpg-1900px-f2-300x300.jpg"},"woocommerce_gallery_thumbnail":{"file":"1__5JB5500.jpg-1900px-f2-100x100.jpg","width":100,"height":100,"mime-type":"image\/jpeg","filesize":3649,"source_url":"https:\/\/www.supremeyachts.hr\/wp-content\/uploads\/2023\/10\/1__5JB5500.jpg-1900px-f2-100x100.jpg"},"woocommerce_single":{"file":"1__5JB5500.jpg-1900px-f2-600x400.jpg","width":600,"height":400,"mime-type":"image\/jpeg","filesize":33427,"source_url":"https:\/\/www.supremeyachts.hr\/wp-content\/uploads\/2023\/10\/1__5JB5500.jpg-1900px-f2-600x400.jpg"},"medium":{"file":"1__5JB5500.jpg-1900px-f2-300x200.jpg","width":300,"height":200,"mime-type":"image\/jpeg","filesize":26820,"source_url":"https:\/\/www.supremeyachts.hr\/wp-content\/uploads\/2023\/10\/1__5JB5500.jpg-1900px-f2-300x200.jpg"},"thumbnail":{"file":"1__5JB5500.jpg-1900px-f2-150x150.jpg","width":150,"height":150,"mime-type":"image\/jpeg","filesize":19708,"source_url":"https:\/\/www.supremeyachts.hr\/wp-content\/uploads\/2023\/10\/1__5JB5500.jpg-1900px-f2-150x150.jpg"},"medium_large":{"file":"1__5JB5500.jpg-1900px-f2-768x512.jpg","width":768,"height":512,"mime-type":"image\/jpeg","filesize":74665,"source_url":"https:\/\/www.supremeyachts.hr\/wp-content\/uploads\/2023\/10\/1__5JB5500.jpg-1900px-f2-768x512.jpg"}}},"alt_text":"","url":"","target":""},{"id":90,"title":"JEAN-BAPTISTE D'ENQUIN \/ BENETEAU FLYER 6","caption":"","full_image_url":"https:\/\/www.supremeyachts.hr\/wp-content\/uploads\/2023\/10\/1__5JB5394.jpg-1900px-f2.jpg","thumbnail_image_url":"https:\/\/www.supremeyachts.hr\/wp-content\/uploads\/2023\/10\/1__5JB5394.jpg-1900px-f2-150x150.jpg","large_srcset":"https:\/\/www.supremeyachts.hr\/wp-content\/uploads\/2023\/10\/1__5JB5394.jpg-1900px-f2.jpg 960w, https:\/\/www.supremeyachts.hr\/wp-content\/uploads\/2023\/10\/1__5JB5394.jpg-1900px-f2-600x400.jpg 600w, https:\/\/www.supremeyachts.hr\/wp-content\/uploads\/2023\/10\/1__5JB5394.jpg-1900px-f2-300x200.jpg 300w, https:\/\/www.supremeyachts.hr\/wp-content\/uploads\/2023\/10\/1__5JB5394.jpg-1900px-f2-768x512.jpg 768w","medium_srcset":"https:\/\/www.supremeyachts.hr\/wp-content\/uploads\/2023\/10\/1__5JB5394.jpg-1900px-f2-300x200.jpg 300w, https:\/\/www.supremeyachts.hr\/wp-content\/uploads\/2023\/10\/1__5JB5394.jpg-1900px-f2-600x400.jpg 600w, https:\/\/www.supremeyachts.hr\/wp-content\/uploads\/2023\/10\/1__5JB5394.jpg-1900px-f2-768x512.jpg 768w, https:\/\/www.supremeyachts.hr\/wp-content\/uploads\/2023\/10\/1__5JB5394.jpg-1900px-f2.jpg 960w","media_details":{"width":960,"height":640,"sizes":{"woocommerce_thumbnail":{"file":"1__5JB5394.jpg-1900px-f2-300x300.jpg","width":300,"height":300,"mime-type":"image\/jpeg","filesize":24834,"uncropped":false,"source_url":"https:\/\/www.supremeyachts.hr\/wp-content\/uploads\/2023\/10\/1__5JB5394.jpg-1900px-f2-300x300.jpg"},"woocommerce_gallery_thumbnail":{"file":"1__5JB5394.jpg-1900px-f2-100x100.jpg","width":100,"height":100,"mime-type":"image\/jpeg","filesize":4266,"source_url":"https:\/\/www.supremeyachts.hr\/wp-content\/uploads\/2023\/10\/1__5JB5394.jpg-1900px-f2-100x100.jpg"},"woocommerce_single":{"file":"1__5JB5394.jpg-1900px-f2-600x400.jpg","width":600,"height":400,"mime-type":"image\/jpeg","filesize":57702,"source_url":"https:\/\/www.supremeyachts.hr\/wp-content\/uploads\/2023\/10\/1__5JB5394.jpg-1900px-f2-600x400.jpg"},"medium":{"file":"1__5JB5394.jpg-1900px-f2-300x200.jpg","width":300,"height":200,"mime-type":"image\/jpeg","filesize":32865,"source_url":"https:\/\/www.supremeyachts.hr\/wp-content\/uploads\/2023\/10\/1__5JB5394.jpg-1900px-f2-300x200.jpg"},"thumbnail":{"file":"1__5JB5394.jpg-1900px-f2-150x150.jpg","width":150,"height":150,"mime-type":"image\/jpeg","filesize":21265,"source_url":"https:\/\/www.supremeyachts.hr\/wp-content\/uploads\/2023\/10\/1__5JB5394.jpg-1900px-f2-150x150.jpg"},"medium_large":{"file":"1__5JB5394.jpg-1900px-f2-768x512.jpg","width":768,"height":512,"mime-type":"image\/jpeg","filesize":122424,"source_url":"https:\/\/www.supremeyachts.hr\/wp-content\/uploads\/2023\/10\/1__5JB5394.jpg-1900px-f2-768x512.jpg"}}},"alt_text":"","url":"","target":""},{"id":89,"title":"JEAN-BAPTISTE D'ENQUIN \/ BENETEAU FLYER 6","caption":"","full_image_url":"https:\/\/www.supremeyachts.hr\/wp-content\/uploads\/2023\/10\/1__5JB5379.jpg-1900px-f2.jpg","thumbnail_image_url":"https:\/\/www.supremeyachts.hr\/wp-content\/uploads\/2023\/10\/1__5JB5379.jpg-1900px-f2-150x150.jpg","large_srcset":"https:\/\/www.supremeyachts.hr\/wp-content\/uploads\/2023\/10\/1__5JB5379.jpg-1900px-f2.jpg 960w, https:\/\/www.supremeyachts.hr\/wp-content\/uploads\/2023\/10\/1__5JB5379.jpg-1900px-f2-600x400.jpg 600w, https:\/\/www.supremeyachts.hr\/wp-content\/uploads\/2023\/10\/1__5JB5379.jpg-1900px-f2-300x200.jpg 300w, https:\/\/www.supremeyachts.hr\/wp-content\/uploads\/2023\/10\/1__5JB5379.jpg-1900px-f2-768x512.jpg 768w","medium_srcset":"https:\/\/www.supremeyachts.hr\/wp-content\/uploads\/2023\/10\/1__5JB5379.jpg-1900px-f2-300x200.jpg 300w, https:\/\/www.supremeyachts.hr\/wp-content\/uploads\/2023\/10\/1__5JB5379.jpg-1900px-f2-600x400.jpg 600w, https:\/\/www.supremeyachts.hr\/wp-content\/uploads\/2023\/10\/1__5JB5379.jpg-1900px-f2-768x512.jpg 768w, https:\/\/www.supremeyachts.hr\/wp-content\/uploads\/2023\/10\/1__5JB5379.jpg-1900px-f2.jpg 960w","media_details":{"width":960,"height":640,"sizes":{"woocommerce_thumbnail":{"file":"1__5JB5379.jpg-1900px-f2-300x300.jpg","width":300,"height":300,"mime-type":"image\/jpeg","filesize":20224,"uncropped":false,"source_url":"https:\/\/www.supremeyachts.hr\/wp-content\/uploads\/2023\/10\/1__5JB5379.jpg-1900px-f2-300x300.jpg"},"woocommerce_gallery_thumbnail":{"file":"1__5JB5379.jpg-1900px-f2-100x100.jpg","width":100,"height":100,"mime-type":"image\/jpeg","filesize":3616,"source_url":"https:\/\/www.supremeyachts.hr\/wp-content\/uploads\/2023\/10\/1__5JB5379.jpg-1900px-f2-100x100.jpg"},"woocommerce_single":{"file":"1__5JB5379.jpg-1900px-f2-600x400.jpg","width":600,"height":400,"mime-type":"image\/jpeg","filesize":44362,"source_url":"https:\/\/www.supremeyachts.hr\/wp-content\/uploads\/2023\/10\/1__5JB5379.jpg-1900px-f2-600x400.jpg"},"medium":{"file":"1__5JB5379.jpg-1900px-f2-300x200.jpg","width":300,"height":200,"mime-type":"image\/jpeg","filesize":28058,"source_url":"https:\/\/www.supremeyachts.hr\/wp-content\/uploads\/2023\/10\/1__5JB5379.jpg-1900px-f2-300x200.jpg"},"thumbnail":{"file":"1__5JB5379.jpg-1900px-f2-150x150.jpg","width":150,"height":150,"mime-type":"image\/jpeg","filesize":19369,"source_url":"https:\/\/www.supremeyachts.hr\/wp-content\/uploads\/2023\/10\/1__5JB5379.jpg-1900px-f2-150x150.jpg"},"medium_large":{"file":"1__5JB5379.jpg-1900px-f2-768x512.jpg","width":768,"height":512,"mime-type":"image\/jpeg","filesize":96275,"source_url":"https:\/\/www.supremeyachts.hr\/wp-content\/uploads\/2023\/10\/1__5JB5379.jpg-1900px-f2-768x512.jpg"}}},"alt_text":"","url":"","target":""},{"id":88,"title":"JEAN-BAPTISTE D'ENQUIN \/ BENETEAU FLYER 6","caption":"","full_image_url":"https:\/\/www.supremeyachts.hr\/wp-content\/uploads\/2023\/10\/1__5JB5371.jpg-1900px-f2.jpg","thumbnail_image_url":"https:\/\/www.supremeyachts.hr\/wp-content\/uploads\/2023\/10\/1__5JB5371.jpg-1900px-f2-150x150.jpg","large_srcset":"https:\/\/www.supremeyachts.hr\/wp-content\/uploads\/2023\/10\/1__5JB5371.jpg-1900px-f2.jpg 960w, https:\/\/www.supremeyachts.hr\/wp-content\/uploads\/2023\/10\/1__5JB5371.jpg-1900px-f2-600x400.jpg 600w, https:\/\/www.supremeyachts.hr\/wp-content\/uploads\/2023\/10\/1__5JB5371.jpg-1900px-f2-300x200.jpg 300w, https:\/\/www.supremeyachts.hr\/wp-content\/uploads\/2023\/10\/1__5JB5371.jpg-1900px-f2-768x512.jpg 768w","medium_srcset":"https:\/\/www.supremeyachts.hr\/wp-content\/uploads\/2023\/10\/1__5JB5371.jpg-1900px-f2-300x200.jpg 300w, https:\/\/www.supremeyachts.hr\/wp-content\/uploads\/2023\/10\/1__5JB5371.jpg-1900px-f2-600x400.jpg 600w, https:\/\/www.supremeyachts.hr\/wp-content\/uploads\/2023\/10\/1__5JB5371.jpg-1900px-f2-768x512.jpg 768w, https:\/\/www.supremeyachts.hr\/wp-content\/uploads\/2023\/10\/1__5JB5371.jpg-1900px-f2.jpg 960w","media_details":{"width":960,"height":640,"sizes":{"woocommerce_thumbnail":{"file":"1__5JB5371.jpg-1900px-f2-300x300.jpg","width":300,"height":300,"mime-type":"image\/jpeg","filesize":20562,"uncropped":false,"source_url":"https:\/\/www.supremeyachts.hr\/wp-content\/uploads\/2023\/10\/1__5JB5371.jpg-1900px-f2-300x300.jpg"},"woocommerce_gallery_thumbnail":{"file":"1__5JB5371.jpg-1900px-f2-100x100.jpg","width":100,"height":100,"mime-type":"image\/jpeg","filesize":3575,"source_url":"https:\/\/www.supremeyachts.hr\/wp-content\/uploads\/2023\/10\/1__5JB5371.jpg-1900px-f2-100x100.jpg"},"woocommerce_single":{"file":"1__5JB5371.jpg-1900px-f2-600x400.jpg","width":600,"height":400,"mime-type":"image\/jpeg","filesize":45753,"source_url":"https:\/\/www.supremeyachts.hr\/wp-content\/uploads\/2023\/10\/1__5JB5371.jpg-1900px-f2-600x400.jpg"},"medium":{"file":"1__5JB5371.jpg-1900px-f2-300x200.jpg","width":300,"height":200,"mime-type":"image\/jpeg","filesize":28609,"source_url":"https:\/\/www.supremeyachts.hr\/wp-content\/uploads\/2023\/10\/1__5JB5371.jpg-1900px-f2-300x200.jpg"},"thumbnail":{"file":"1__5JB5371.jpg-1900px-f2-150x150.jpg","width":150,"height":150,"mime-type":"image\/jpeg","filesize":19779,"source_url":"https:\/\/www.supremeyachts.hr\/wp-content\/uploads\/2023\/10\/1__5JB5371.jpg-1900px-f2-150x150.jpg"},"medium_large":{"file":"1__5JB5371.jpg-1900px-f2-768x512.jpg","width":768,"height":512,"mime-type":"image\/jpeg","filesize":99051,"source_url":"https:\/\/www.supremeyachts.hr\/wp-content\/uploads\/2023\/10\/1__5JB5371.jpg-1900px-f2-768x512.jpg"}}},"alt_text":"","url":"","target":""}],[],[],[{"id":120,"title":"JEAN-BAPTISTE D'ENQUIN \/ BENETEAU FLYER 6","caption":"","full_image_url":"https:\/\/www.supremeyachts.hr\/wp-content\/uploads\/2023\/10\/3__5JB7069.jpg-1900px-f2.jpg","thumbnail_image_url":"https:\/\/www.supremeyachts.hr\/wp-content\/uploads\/2023\/10\/3__5JB7069.jpg-1900px-f2-150x150.jpg","large_srcset":"https:\/\/www.supremeyachts.hr\/wp-content\/uploads\/2023\/10\/3__5JB7069.jpg-1900px-f2-682x1024.jpg 682w, https:\/\/www.supremeyachts.hr\/wp-content\/uploads\/2023\/10\/3__5JB7069.jpg-1900px-f2-600x901.jpg 600w, https:\/\/www.supremeyachts.hr\/wp-content\/uploads\/2023\/10\/3__5JB7069.jpg-1900px-f2-200x300.jpg 200w, https:\/\/www.supremeyachts.hr\/wp-content\/uploads\/2023\/10\/3__5JB7069.jpg-1900px-f2-768x1153.jpg 768w, https:\/\/www.supremeyachts.hr\/wp-content\/uploads\/2023\/10\/3__5JB7069.jpg-1900px-f2.jpg 960w","medium_srcset":"https:\/\/www.supremeyachts.hr\/wp-content\/uploads\/2023\/10\/3__5JB7069.jpg-1900px-f2-200x300.jpg 200w, https:\/\/www.supremeyachts.hr\/wp-content\/uploads\/2023\/10\/3__5JB7069.jpg-1900px-f2-600x901.jpg 600w, https:\/\/www.supremeyachts.hr\/wp-content\/uploads\/2023\/10\/3__5JB7069.jpg-1900px-f2-682x1024.jpg 682w, https:\/\/www.supremeyachts.hr\/wp-content\/uploads\/2023\/10\/3__5JB7069.jpg-1900px-f2-768x1153.jpg 768w, https:\/\/www.supremeyachts.hr\/wp-content\/uploads\/2023\/10\/3__5JB7069.jpg-1900px-f2.jpg 960w","media_details":{"width":960,"height":1441,"sizes":{"woocommerce_thumbnail":{"file":"3__5JB7069.jpg-1900px-f2-300x300.jpg","width":300,"height":300,"mime-type":"image\/jpeg","filesize":18772,"uncropped":false,"source_url":"https:\/\/www.supremeyachts.hr\/wp-content\/uploads\/2023\/10\/3__5JB7069.jpg-1900px-f2-300x300.jpg"},"woocommerce_gallery_thumbnail":{"file":"3__5JB7069.jpg-1900px-f2-100x100.jpg","width":100,"height":100,"mime-type":"image\/jpeg","filesize":3603,"source_url":"https:\/\/www.supremeyachts.hr\/wp-content\/uploads\/2023\/10\/3__5JB7069.jpg-1900px-f2-100x100.jpg"},"woocommerce_single":{"file":"3__5JB7069.jpg-1900px-f2-600x901.jpg","width":600,"height":901,"mime-type":"image\/jpeg","filesize":75516,"source_url":"https:\/\/www.supremeyachts.hr\/wp-content\/uploads\/2023\/10\/3__5JB7069.jpg-1900px-f2-600x901.jpg"},"medium":{"file":"3__5JB7069.jpg-1900px-f2-200x300.jpg","width":200,"height":300,"mime-type":"image\/jpeg","filesize":28050,"source_url":"https:\/\/www.supremeyachts.hr\/wp-content\/uploads\/2023\/10\/3__5JB7069.jpg-1900px-f2-200x300.jpg"},"large":{"file":"3__5JB7069.jpg-1900px-f2-682x1024.jpg","width":682,"height":1024,"mime-type":"image\/jpeg","filesize":131956,"source_url":"https:\/\/www.supremeyachts.hr\/wp-content\/uploads\/2023\/10\/3__5JB7069.jpg-1900px-f2-682x1024.jpg"},"thumbnail":{"file":"3__5JB7069.jpg-1900px-f2-150x150.jpg","width":150,"height":150,"mime-type":"image\/jpeg","filesize":19822,"source_url":"https:\/\/www.supremeyachts.hr\/wp-content\/uploads\/2023\/10\/3__5JB7069.jpg-1900px-f2-150x150.jpg"},"medium_large":{"file":"3__5JB7069.jpg-1900px-f2-768x1153.jpg","width":768,"height":1153,"mime-type":"image\/jpeg","filesize":156262,"source_url":"https:\/\/www.supremeyachts.hr\/wp-content\/uploads\/2023\/10\/3__5JB7069.jpg-1900px-f2-768x1153.jpg"}}},"alt_text":"","url":"","target":""},{"id":119,"title":"JEAN-BAPTISTE D'ENQUIN \/ BENETEAU FLYER 6","caption":"","full_image_url":"https:\/\/www.supremeyachts.hr\/wp-content\/uploads\/2023\/10\/3__5JB7061.jpg-1900px-f2.jpg","thumbnail_image_url":"https:\/\/www.supremeyachts.hr\/wp-content\/uploads\/2023\/10\/3__5JB7061.jpg-1900px-f2-150x150.jpg","large_srcset":"https:\/\/www.supremeyachts.hr\/wp-content\/uploads\/2023\/10\/3__5JB7061.jpg-1900px-f2.jpg 960w, https:\/\/www.supremeyachts.hr\/wp-content\/uploads\/2023\/10\/3__5JB7061.jpg-1900px-f2-600x400.jpg 600w, https:\/\/www.supremeyachts.hr\/wp-content\/uploads\/2023\/10\/3__5JB7061.jpg-1900px-f2-300x200.jpg 300w, https:\/\/www.supremeyachts.hr\/wp-content\/uploads\/2023\/10\/3__5JB7061.jpg-1900px-f2-768x512.jpg 768w","medium_srcset":"https:\/\/www.supremeyachts.hr\/wp-content\/uploads\/2023\/10\/3__5JB7061.jpg-1900px-f2-300x200.jpg 300w, https:\/\/www.supremeyachts.hr\/wp-content\/uploads\/2023\/10\/3__5JB7061.jpg-1900px-f2-600x400.jpg 600w, https:\/\/www.supremeyachts.hr\/wp-content\/uploads\/2023\/10\/3__5JB7061.jpg-1900px-f2-768x512.jpg 768w, https:\/\/www.supremeyachts.hr\/wp-content\/uploads\/2023\/10\/3__5JB7061.jpg-1900px-f2.jpg 960w","media_details":{"width":960,"height":640,"sizes":{"woocommerce_thumbnail":{"file":"3__5JB7061.jpg-1900px-f2-300x300.jpg","width":300,"height":300,"mime-type":"image\/jpeg","filesize":21411,"uncropped":false,"source_url":"https:\/\/www.supremeyachts.hr\/wp-content\/uploads\/2023\/10\/3__5JB7061.jpg-1900px-f2-300x300.jpg"},"woocommerce_gallery_thumbnail":{"file":"3__5JB7061.jpg-1900px-f2-100x100.jpg","width":100,"height":100,"mime-type":"image\/jpeg","filesize":3898,"source_url":"https:\/\/www.supremeyachts.hr\/wp-content\/uploads\/2023\/10\/3__5JB7061.jpg-1900px-f2-100x100.jpg"},"woocommerce_single":{"file":"3__5JB7061.jpg-1900px-f2-600x400.jpg","width":600,"height":400,"mime-type":"image\/jpeg","filesize":52649,"source_url":"https:\/\/www.supremeyachts.hr\/wp-content\/uploads\/2023\/10\/3__5JB7061.jpg-1900px-f2-600x400.jpg"},"medium":{"file":"3__5JB7061.jpg-1900px-f2-300x200.jpg","width":300,"height":200,"mime-type":"image\/jpeg","filesize":31484,"source_url":"https:\/\/www.supremeyachts.hr\/wp-content\/uploads\/2023\/10\/3__5JB7061.jpg-1900px-f2-300x200.jpg"},"thumbnail":{"file":"3__5JB7061.jpg-1900px-f2-150x150.jpg","width":150,"height":150,"mime-type":"image\/jpeg","filesize":20330,"source_url":"https:\/\/www.supremeyachts.hr\/wp-content\/uploads\/2023\/10\/3__5JB7061.jpg-1900px-f2-150x150.jpg"},"medium_large":{"file":"3__5JB7061.jpg-1900px-f2-768x512.jpg","width":768,"height":512,"mime-type":"image\/jpeg","filesize":108573,"source_url":"https:\/\/www.supremeyachts.hr\/wp-content\/uploads\/2023\/10\/3__5JB7061.jpg-1900px-f2-768x512.jpg"}}},"alt_text":"","url":"","target":""},{"id":118,"title":"JEAN-BAPTISTE D'ENQUIN \/ BENETEAU FLYER 6","caption":"","full_image_url":"https:\/\/www.supremeyachts.hr\/wp-content\/uploads\/2023\/10\/3__5JB7055.jpg-1900px-f2.jpg","thumbnail_image_url":"https:\/\/www.supremeyachts.hr\/wp-content\/uploads\/2023\/10\/3__5JB7055.jpg-1900px-f2-150x150.jpg","large_srcset":"https:\/\/www.supremeyachts.hr\/wp-content\/uploads\/2023\/10\/3__5JB7055.jpg-1900px-f2.jpg 960w, https:\/\/www.supremeyachts.hr\/wp-content\/uploads\/2023\/10\/3__5JB7055.jpg-1900px-f2-600x400.jpg 600w, https:\/\/www.supremeyachts.hr\/wp-content\/uploads\/2023\/10\/3__5JB7055.jpg-1900px-f2-300x200.jpg 300w, https:\/\/www.supremeyachts.hr\/wp-content\/uploads\/2023\/10\/3__5JB7055.jpg-1900px-f2-768x512.jpg 768w","medium_srcset":"https:\/\/www.supremeyachts.hr\/wp-content\/uploads\/2023\/10\/3__5JB7055.jpg-1900px-f2-300x200.jpg 300w, https:\/\/www.supremeyachts.hr\/wp-content\/uploads\/2023\/10\/3__5JB7055.jpg-1900px-f2-600x400.jpg 600w, https:\/\/www.supremeyachts.hr\/wp-content\/uploads\/2023\/10\/3__5JB7055.jpg-1900px-f2-768x512.jpg 768w, https:\/\/www.supremeyachts.hr\/wp-content\/uploads\/2023\/10\/3__5JB7055.jpg-1900px-f2.jpg 960w","media_details":{"width":960,"height":640,"sizes":{"woocommerce_thumbnail":{"file":"3__5JB7055.jpg-1900px-f2-300x300.jpg","width":300,"height":300,"mime-type":"image\/jpeg","filesize":25226,"uncropped":false,"source_url":"https:\/\/www.supremeyachts.hr\/wp-content\/uploads\/2023\/10\/3__5JB7055.jpg-1900px-f2-300x300.jpg"},"woocommerce_gallery_thumbnail":{"file":"3__5JB7055.jpg-1900px-f2-100x100.jpg","width":100,"height":100,"mime-type":"image\/jpeg","filesize":4517,"source_url":"https:\/\/www.supremeyachts.hr\/wp-content\/uploads\/2023\/10\/3__5JB7055.jpg-1900px-f2-100x100.jpg"},"woocommerce_single":{"file":"3__5JB7055.jpg-1900px-f2-600x400.jpg","width":600,"height":400,"mime-type":"image\/jpeg","filesize":57921,"source_url":"https:\/\/www.supremeyachts.hr\/wp-content\/uploads\/2023\/10\/3__5JB7055.jpg-1900px-f2-600x400.jpg"},"medium":{"file":"3__5JB7055.jpg-1900px-f2-300x200.jpg","width":300,"height":200,"mime-type":"image\/jpeg","filesize":32837,"source_url":"https:\/\/www.supremeyachts.hr\/wp-content\/uploads\/2023\/10\/3__5JB7055.jpg-1900px-f2-300x200.jpg"},"thumbnail":{"file":"3__5JB7055.jpg-1900px-f2-150x150.jpg","width":150,"height":150,"mime-type":"image\/jpeg","filesize":21332,"source_url":"https:\/\/www.supremeyachts.hr\/wp-content\/uploads\/2023\/10\/3__5JB7055.jpg-1900px-f2-150x150.jpg"},"medium_large":{"file":"3__5JB7055.jpg-1900px-f2-768x512.jpg","width":768,"height":512,"mime-type":"image\/jpeg","filesize":116580,"source_url":"https:\/\/www.supremeyachts.hr\/wp-content\/uploads\/2023\/10\/3__5JB7055.jpg-1900px-f2-768x512.jpg"}}},"alt_text":"","url":"","target":""},{"id":117,"title":"JEAN-BAPTISTE D'ENQUIN \/ BENETEAU FLYER 6","caption":"","full_image_url":"https:\/\/www.supremeyachts.hr\/wp-content\/uploads\/2023\/10\/3__5JB7047.jpg-1900px-f2.jpg","thumbnail_image_url":"https:\/\/www.supremeyachts.hr\/wp-content\/uploads\/2023\/10\/3__5JB7047.jpg-1900px-f2-150x150.jpg","large_srcset":"https:\/\/www.supremeyachts.hr\/wp-content\/uploads\/2023\/10\/3__5JB7047.jpg-1900px-f2-682x1024.jpg 682w, https:\/\/www.supremeyachts.hr\/wp-content\/uploads\/2023\/10\/3__5JB7047.jpg-1900px-f2-600x901.jpg 600w, https:\/\/www.supremeyachts.hr\/wp-content\/uploads\/2023\/10\/3__5JB7047.jpg-1900px-f2-200x300.jpg 200w, https:\/\/www.supremeyachts.hr\/wp-content\/uploads\/2023\/10\/3__5JB7047.jpg-1900px-f2-768x1153.jpg 768w, https:\/\/www.supremeyachts.hr\/wp-content\/uploads\/2023\/10\/3__5JB7047.jpg-1900px-f2.jpg 960w","medium_srcset":"https:\/\/www.supremeyachts.hr\/wp-content\/uploads\/2023\/10\/3__5JB7047.jpg-1900px-f2-200x300.jpg 200w, https:\/\/www.supremeyachts.hr\/wp-content\/uploads\/2023\/10\/3__5JB7047.jpg-1900px-f2-600x901.jpg 600w, https:\/\/www.supremeyachts.hr\/wp-content\/uploads\/2023\/10\/3__5JB7047.jpg-1900px-f2-682x1024.jpg 682w, https:\/\/www.supremeyachts.hr\/wp-content\/uploads\/2023\/10\/3__5JB7047.jpg-1900px-f2-768x1153.jpg 768w, https:\/\/www.supremeyachts.hr\/wp-content\/uploads\/2023\/10\/3__5JB7047.jpg-1900px-f2.jpg 960w","media_details":{"width":960,"height":1441,"sizes":{"woocommerce_thumbnail":{"file":"3__5JB7047.jpg-1900px-f2-300x300.jpg","width":300,"height":300,"mime-type":"image\/jpeg","filesize":22889,"uncropped":false,"source_url":"https:\/\/www.supremeyachts.hr\/wp-content\/uploads\/2023\/10\/3__5JB7047.jpg-1900px-f2-300x300.jpg"},"woocommerce_gallery_thumbnail":{"file":"3__5JB7047.jpg-1900px-f2-100x100.jpg","width":100,"height":100,"mime-type":"image\/jpeg","filesize":4085,"source_url":"https:\/\/www.supremeyachts.hr\/wp-content\/uploads\/2023\/10\/3__5JB7047.jpg-1900px-f2-100x100.jpg"},"woocommerce_single":{"file":"3__5JB7047.jpg-1900px-f2-600x901.jpg","width":600,"height":901,"mime-type":"image\/jpeg","filesize":87459,"source_url":"https:\/\/www.supremeyachts.hr\/wp-content\/uploads\/2023\/10\/3__5JB7047.jpg-1900px-f2-600x901.jpg"},"medium":{"file":"3__5JB7047.jpg-1900px-f2-200x300.jpg","width":200,"height":300,"mime-type":"image\/jpeg","filesize":29561,"source_url":"https:\/\/www.supremeyachts.hr\/wp-content\/uploads\/2023\/10\/3__5JB7047.jpg-1900px-f2-200x300.jpg"},"large":{"file":"3__5JB7047.jpg-1900px-f2-682x1024.jpg","width":682,"height":1024,"mime-type":"image\/jpeg","filesize":144536,"source_url":"https:\/\/www.supremeyachts.hr\/wp-content\/uploads\/2023\/10\/3__5JB7047.jpg-1900px-f2-682x1024.jpg"},"thumbnail":{"file":"3__5JB7047.jpg-1900px-f2-150x150.jpg","width":150,"height":150,"mime-type":"image\/jpeg","filesize":20637,"source_url":"https:\/\/www.supremeyachts.hr\/wp-content\/uploads\/2023\/10\/3__5JB7047.jpg-1900px-f2-150x150.jpg"},"medium_large":{"file":"3__5JB7047.jpg-1900px-f2-768x1153.jpg","width":768,"height":1153,"mime-type":"image\/jpeg","filesize":172494,"source_url":"https:\/\/www.supremeyachts.hr\/wp-content\/uploads\/2023\/10\/3__5JB7047.jpg-1900px-f2-768x1153.jpg"}}},"alt_text":"","url":"","target":""},{"id":116,"title":"JEAN-BAPTISTE D'ENQUIN \/ BENETEAU FLYER 6","caption":"","full_image_url":"https:\/\/www.supremeyachts.hr\/wp-content\/uploads\/2023\/10\/3__5JB7045.jpg-1900px-f2.jpg","thumbnail_image_url":"https:\/\/www.supremeyachts.hr\/wp-content\/uploads\/2023\/10\/3__5JB7045.jpg-1900px-f2-150x150.jpg","large_srcset":"https:\/\/www.supremeyachts.hr\/wp-content\/uploads\/2023\/10\/3__5JB7045.jpg-1900px-f2.jpg 960w, https:\/\/www.supremeyachts.hr\/wp-content\/uploads\/2023\/10\/3__5JB7045.jpg-1900px-f2-600x400.jpg 600w, https:\/\/www.supremeyachts.hr\/wp-content\/uploads\/2023\/10\/3__5JB7045.jpg-1900px-f2-300x200.jpg 300w, https:\/\/www.supremeyachts.hr\/wp-content\/uploads\/2023\/10\/3__5JB7045.jpg-1900px-f2-768x512.jpg 768w","medium_srcset":"https:\/\/www.supremeyachts.hr\/wp-content\/uploads\/2023\/10\/3__5JB7045.jpg-1900px-f2-300x200.jpg 300w, https:\/\/www.supremeyachts.hr\/wp-content\/uploads\/2023\/10\/3__5JB7045.jpg-1900px-f2-600x400.jpg 600w, https:\/\/www.supremeyachts.hr\/wp-content\/uploads\/2023\/10\/3__5JB7045.jpg-1900px-f2-768x512.jpg 768w, https:\/\/www.supremeyachts.hr\/wp-content\/uploads\/2023\/10\/3__5JB7045.jpg-1900px-f2.jpg 960w","media_details":{"width":960,"height":640,"sizes":{"woocommerce_thumbnail":{"file":"3__5JB7045.jpg-1900px-f2-300x300.jpg","width":300,"height":300,"mime-type":"image\/jpeg","filesize":22408,"uncropped":false,"source_url":"https:\/\/www.supremeyachts.hr\/wp-content\/uploads\/2023\/10\/3__5JB7045.jpg-1900px-f2-300x300.jpg"},"woocommerce_gallery_thumbnail":{"file":"3__5JB7045.jpg-1900px-f2-100x100.jpg","width":100,"height":100,"mime-type":"image\/jpeg","filesize":4120,"source_url":"https:\/\/www.supremeyachts.hr\/wp-content\/uploads\/2023\/10\/3__5JB7045.jpg-1900px-f2-100x100.jpg"},"woocommerce_single":{"file":"3__5JB7045.jpg-1900px-f2-600x400.jpg","width":600,"height":400,"mime-type":"image\/jpeg","filesize":52121,"source_url":"https:\/\/www.supremeyachts.hr\/wp-content\/uploads\/2023\/10\/3__5JB7045.jpg-1900px-f2-600x400.jpg"},"medium":{"file":"3__5JB7045.jpg-1900px-f2-300x200.jpg","width":300,"height":200,"mime-type":"image\/jpeg","filesize":31564,"source_url":"https:\/\/www.supremeyachts.hr\/wp-content\/uploads\/2023\/10\/3__5JB7045.jpg-1900px-f2-300x200.jpg"},"thumbnail":{"file":"3__5JB7045.jpg-1900px-f2-150x150.jpg","width":150,"height":150,"mime-type":"image\/jpeg","filesize":20712,"source_url":"https:\/\/www.supremeyachts.hr\/wp-content\/uploads\/2023\/10\/3__5JB7045.jpg-1900px-f2-150x150.jpg"},"medium_large":{"file":"3__5JB7045.jpg-1900px-f2-768x512.jpg","width":768,"height":512,"mime-type":"image\/jpeg","filesize":105896,"source_url":"https:\/\/www.supremeyachts.hr\/wp-content\/uploads\/2023\/10\/3__5JB7045.jpg-1900px-f2-768x512.jpg"}}},"alt_text":"","url":"","target":""},{"id":115,"title":"JEAN-BAPTISTE D'ENQUIN \/ BENETEAU FLYER 6","caption":"","full_image_url":"https:\/\/www.supremeyachts.hr\/wp-content\/uploads\/2023\/10\/3__5JB7022.jpg-1900px-f2.jpg","thumbnail_image_url":"https:\/\/www.supremeyachts.hr\/wp-content\/uploads\/2023\/10\/3__5JB7022.jpg-1900px-f2-150x150.jpg","large_srcset":"https:\/\/www.supremeyachts.hr\/wp-content\/uploads\/2023\/10\/3__5JB7022.jpg-1900px-f2.jpg 960w, https:\/\/www.supremeyachts.hr\/wp-content\/uploads\/2023\/10\/3__5JB7022.jpg-1900px-f2-600x400.jpg 600w, https:\/\/www.supremeyachts.hr\/wp-content\/uploads\/2023\/10\/3__5JB7022.jpg-1900px-f2-300x200.jpg 300w, https:\/\/www.supremeyachts.hr\/wp-content\/uploads\/2023\/10\/3__5JB7022.jpg-1900px-f2-768x512.jpg 768w","medium_srcset":"https:\/\/www.supremeyachts.hr\/wp-content\/uploads\/2023\/10\/3__5JB7022.jpg-1900px-f2-300x200.jpg 300w, https:\/\/www.supremeyachts.hr\/wp-content\/uploads\/2023\/10\/3__5JB7022.jpg-1900px-f2-600x400.jpg 600w, https:\/\/www.supremeyachts.hr\/wp-content\/uploads\/2023\/10\/3__5JB7022.jpg-1900px-f2-768x512.jpg 768w, https:\/\/www.supremeyachts.hr\/wp-content\/uploads\/2023\/10\/3__5JB7022.jpg-1900px-f2.jpg 960w","media_details":{"width":960,"height":640,"sizes":{"woocommerce_thumbnail":{"file":"3__5JB7022.jpg-1900px-f2-300x300.jpg","width":300,"height":300,"mime-type":"image\/jpeg","filesize":23500,"uncropped":false,"source_url":"https:\/\/www.supremeyachts.hr\/wp-content\/uploads\/2023\/10\/3__5JB7022.jpg-1900px-f2-300x300.jpg"},"woocommerce_gallery_thumbnail":{"file":"3__5JB7022.jpg-1900px-f2-100x100.jpg","width":100,"height":100,"mime-type":"image\/jpeg","filesize":4485,"source_url":"https:\/\/www.supremeyachts.hr\/wp-content\/uploads\/2023\/10\/3__5JB7022.jpg-1900px-f2-100x100.jpg"},"woocommerce_single":{"file":"3__5JB7022.jpg-1900px-f2-600x400.jpg","width":600,"height":400,"mime-type":"image\/jpeg","filesize":53546,"source_url":"https:\/\/www.supremeyachts.hr\/wp-content\/uploads\/2023\/10\/3__5JB7022.jpg-1900px-f2-600x400.jpg"},"medium":{"file":"3__5JB7022.jpg-1900px-f2-300x200.jpg","width":300,"height":200,"mime-type":"image\/jpeg","filesize":32702,"source_url":"https:\/\/www.supremeyachts.hr\/wp-content\/uploads\/2023\/10\/3__5JB7022.jpg-1900px-f2-300x200.jpg"},"thumbnail":{"file":"3__5JB7022.jpg-1900px-f2-150x150.jpg","width":150,"height":150,"mime-type":"image\/jpeg","filesize":21363,"source_url":"https:\/\/www.supremeyachts.hr\/wp-content\/uploads\/2023\/10\/3__5JB7022.jpg-1900px-f2-150x150.jpg"},"medium_large":{"file":"3__5JB7022.jpg-1900px-f2-768x512.jpg","width":768,"height":512,"mime-type":"image\/jpeg","filesize":109575,"source_url":"https:\/\/www.supremeyachts.hr\/wp-content\/uploads\/2023\/10\/3__5JB7022.jpg-1900px-f2-768x512.jpg"}}},"alt_text":"","url":"","target":""},{"id":114,"title":"JEAN-BAPTISTE D'ENQUIN \/ BENETEAU FLYER 6","caption":"","full_image_url":"https:\/\/www.supremeyachts.hr\/wp-content\/uploads\/2023\/10\/3__5JB7018.jpg-1900px-f2.jpg","thumbnail_image_url":"https:\/\/www.supremeyachts.hr\/wp-content\/uploads\/2023\/10\/3__5JB7018.jpg-1900px-f2-150x150.jpg","large_srcset":"https:\/\/www.supremeyachts.hr\/wp-content\/uploads\/2023\/10\/3__5JB7018.jpg-1900px-f2.jpg 960w, https:\/\/www.supremeyachts.hr\/wp-content\/uploads\/2023\/10\/3__5JB7018.jpg-1900px-f2-600x400.jpg 600w, https:\/\/www.supremeyachts.hr\/wp-content\/uploads\/2023\/10\/3__5JB7018.jpg-1900px-f2-300x200.jpg 300w, https:\/\/www.supremeyachts.hr\/wp-content\/uploads\/2023\/10\/3__5JB7018.jpg-1900px-f2-768x512.jpg 768w","medium_srcset":"https:\/\/www.supremeyachts.hr\/wp-content\/uploads\/2023\/10\/3__5JB7018.jpg-1900px-f2-300x200.jpg 300w, https:\/\/www.supremeyachts.hr\/wp-content\/uploads\/2023\/10\/3__5JB7018.jpg-1900px-f2-600x400.jpg 600w, https:\/\/www.supremeyachts.hr\/wp-content\/uploads\/2023\/10\/3__5JB7018.jpg-1900px-f2-768x512.jpg 768w, https:\/\/www.supremeyachts.hr\/wp-content\/uploads\/2023\/10\/3__5JB7018.jpg-1900px-f2.jpg 960w","media_details":{"width":960,"height":640,"sizes":{"woocommerce_thumbnail":{"file":"3__5JB7018.jpg-1900px-f2-300x300.jpg","width":300,"height":300,"mime-type":"image\/jpeg","filesize":26186,"uncropped":false,"source_url":"https:\/\/www.supremeyachts.hr\/wp-content\/uploads\/2023\/10\/3__5JB7018.jpg-1900px-f2-300x300.jpg"},"woocommerce_gallery_thumbnail":{"file":"3__5JB7018.jpg-1900px-f2-100x100.jpg","width":100,"height":100,"mime-type":"image\/jpeg","filesize":4636,"source_url":"https:\/\/www.supremeyachts.hr\/wp-content\/uploads\/2023\/10\/3__5JB7018.jpg-1900px-f2-100x100.jpg"},"woocommerce_single":{"file":"3__5JB7018.jpg-1900px-f2-600x400.jpg","width":600,"height":400,"mime-type":"image\/jpeg","filesize":57773,"source_url":"https:\/\/www.supremeyachts.hr\/wp-content\/uploads\/2023\/10\/3__5JB7018.jpg-1900px-f2-600x400.jpg"},"medium":{"file":"3__5JB7018.jpg-1900px-f2-300x200.jpg","width":300,"height":200,"mime-type":"image\/jpeg","filesize":33328,"source_url":"https:\/\/www.supremeyachts.hr\/wp-content\/uploads\/2023\/10\/3__5JB7018.jpg-1900px-f2-300x200.jpg"},"thumbnail":{"file":"3__5JB7018.jpg-1900px-f2-150x150.jpg","width":150,"height":150,"mime-type":"image\/jpeg","filesize":22028,"source_url":"https:\/\/www.supremeyachts.hr\/wp-content\/uploads\/2023\/10\/3__5JB7018.jpg-1900px-f2-150x150.jpg"},"medium_large":{"file":"3__5JB7018.jpg-1900px-f2-768x512.jpg","width":768,"height":512,"mime-type":"image\/jpeg","filesize":119073,"source_url":"https:\/\/www.supremeyachts.hr\/wp-content\/uploads\/2023\/10\/3__5JB7018.jpg-1900px-f2-768x512.jpg"}}},"alt_text":"","url":"","target":""},{"id":113,"title":"JEAN-BAPTISTE D'ENQUIN \/ BENETEAU FLYER 6","caption":"","full_image_url":"https:\/\/www.supremeyachts.hr\/wp-content\/uploads\/2023\/10\/3__5JB7004.jpg-1900px-f2.jpg","thumbnail_image_url":"https:\/\/www.supremeyachts.hr\/wp-content\/uploads\/2023\/10\/3__5JB7004.jpg-1900px-f2-150x150.jpg","large_srcset":"https:\/\/www.supremeyachts.hr\/wp-content\/uploads\/2023\/10\/3__5JB7004.jpg-1900px-f2.jpg 960w, https:\/\/www.supremeyachts.hr\/wp-content\/uploads\/2023\/10\/3__5JB7004.jpg-1900px-f2-600x400.jpg 600w, https:\/\/www.supremeyachts.hr\/wp-content\/uploads\/2023\/10\/3__5JB7004.jpg-1900px-f2-300x200.jpg 300w, https:\/\/www.supremeyachts.hr\/wp-content\/uploads\/2023\/10\/3__5JB7004.jpg-1900px-f2-768x512.jpg 768w","medium_srcset":"https:\/\/www.supremeyachts.hr\/wp-content\/uploads\/2023\/10\/3__5JB7004.jpg-1900px-f2-300x200.jpg 300w, https:\/\/www.supremeyachts.hr\/wp-content\/uploads\/2023\/10\/3__5JB7004.jpg-1900px-f2-600x400.jpg 600w, https:\/\/www.supremeyachts.hr\/wp-content\/uploads\/2023\/10\/3__5JB7004.jpg-1900px-f2-768x512.jpg 768w, https:\/\/www.supremeyachts.hr\/wp-content\/uploads\/2023\/10\/3__5JB7004.jpg-1900px-f2.jpg 960w","media_details":{"width":960,"height":640,"sizes":{"woocommerce_thumbnail":{"file":"3__5JB7004.jpg-1900px-f2-300x300.jpg","width":300,"height":300,"mime-type":"image\/jpeg","filesize":23869,"uncropped":false,"source_url":"https:\/\/www.supremeyachts.hr\/wp-content\/uploads\/2023\/10\/3__5JB7004.jpg-1900px-f2-300x300.jpg"},"woocommerce_gallery_thumbnail":{"file":"3__5JB7004.jpg-1900px-f2-100x100.jpg","width":100,"height":100,"mime-type":"image\/jpeg","filesize":4348,"source_url":"https:\/\/www.supremeyachts.hr\/wp-content\/uploads\/2023\/10\/3__5JB7004.jpg-1900px-f2-100x100.jpg"},"woocommerce_single":{"file":"3__5JB7004.jpg-1900px-f2-600x400.jpg","width":600,"height":400,"mime-type":"image\/jpeg","filesize":58633,"source_url":"https:\/\/www.supremeyachts.hr\/wp-content\/uploads\/2023\/10\/3__5JB7004.jpg-1900px-f2-600x400.jpg"},"medium":{"file":"3__5JB7004.jpg-1900px-f2-300x200.jpg","width":300,"height":200,"mime-type":"image\/jpeg","filesize":35455,"source_url":"https:\/\/www.supremeyachts.hr\/wp-content\/uploads\/2023\/10\/3__5JB7004.jpg-1900px-f2-300x200.jpg"},"thumbnail":{"file":"3__5JB7004.jpg-1900px-f2-150x150.jpg","width":150,"height":150,"mime-type":"image\/jpeg","filesize":22915,"source_url":"https:\/\/www.supremeyachts.hr\/wp-content\/uploads\/2023\/10\/3__5JB7004.jpg-1900px-f2-150x150.jpg"},"medium_large":{"file":"3__5JB7004.jpg-1900px-f2-768x512.jpg","width":768,"height":512,"mime-type":"image\/jpeg","filesize":121318,"source_url":"https:\/\/www.supremeyachts.hr\/wp-content\/uploads\/2023\/10\/3__5JB7004.jpg-1900px-f2-768x512.jpg"}}},"alt_text":"","url":"","target":""},{"id":112,"title":"JEAN-BAPTISTE D'ENQUIN \/ BENETEAU FLYER 6","caption":"","full_image_url":"https:\/\/www.supremeyachts.hr\/wp-content\/uploads\/2023\/10\/3__5JB6510.jpg-1900px-f2.jpg","thumbnail_image_url":"https:\/\/www.supremeyachts.hr\/wp-content\/uploads\/2023\/10\/3__5JB6510.jpg-1900px-f2-150x150.jpg","large_srcset":"https:\/\/www.supremeyachts.hr\/wp-content\/uploads\/2023\/10\/3__5JB6510.jpg-1900px-f2.jpg 960w, https:\/\/www.supremeyachts.hr\/wp-content\/uploads\/2023\/10\/3__5JB6510.jpg-1900px-f2-600x400.jpg 600w, https:\/\/www.supremeyachts.hr\/wp-content\/uploads\/2023\/10\/3__5JB6510.jpg-1900px-f2-300x200.jpg 300w, https:\/\/www.supremeyachts.hr\/wp-content\/uploads\/2023\/10\/3__5JB6510.jpg-1900px-f2-768x512.jpg 768w","medium_srcset":"https:\/\/www.supremeyachts.hr\/wp-content\/uploads\/2023\/10\/3__5JB6510.jpg-1900px-f2-300x200.jpg 300w, https:\/\/www.supremeyachts.hr\/wp-content\/uploads\/2023\/10\/3__5JB6510.jpg-1900px-f2-600x400.jpg 600w, https:\/\/www.supremeyachts.hr\/wp-content\/uploads\/2023\/10\/3__5JB6510.jpg-1900px-f2-768x512.jpg 768w, https:\/\/www.supremeyachts.hr\/wp-content\/uploads\/2023\/10\/3__5JB6510.jpg-1900px-f2.jpg 960w","media_details":{"width":960,"height":640,"sizes":{"woocommerce_thumbnail":{"file":"3__5JB6510.jpg-1900px-f2-300x300.jpg","width":300,"height":300,"mime-type":"image\/jpeg","filesize":20374,"uncropped":false,"source_url":"https:\/\/www.supremeyachts.hr\/wp-content\/uploads\/2023\/10\/3__5JB6510.jpg-1900px-f2-300x300.jpg"},"woocommerce_gallery_thumbnail":{"file":"3__5JB6510.jpg-1900px-f2-100x100.jpg","width":100,"height":100,"mime-type":"image\/jpeg","filesize":3729,"source_url":"https:\/\/www.supremeyachts.hr\/wp-content\/uploads\/2023\/10\/3__5JB6510.jpg-1900px-f2-100x100.jpg"},"woocommerce_single":{"file":"3__5JB6510.jpg-1900px-f2-600x400.jpg","width":600,"height":400,"mime-type":"image\/jpeg","filesize":48371,"source_url":"https:\/\/www.supremeyachts.hr\/wp-content\/uploads\/2023\/10\/3__5JB6510.jpg-1900px-f2-600x400.jpg"},"medium":{"file":"3__5JB6510.jpg-1900px-f2-300x200.jpg","width":300,"height":200,"mime-type":"image\/jpeg","filesize":28908,"source_url":"https:\/\/www.supremeyachts.hr\/wp-content\/uploads\/2023\/10\/3__5JB6510.jpg-1900px-f2-300x200.jpg"},"thumbnail":{"file":"3__5JB6510.jpg-1900px-f2-150x150.jpg","width":150,"height":150,"mime-type":"image\/jpeg","filesize":19535,"source_url":"https:\/\/www.supremeyachts.hr\/wp-content\/uploads\/2023\/10\/3__5JB6510.jpg-1900px-f2-150x150.jpg"},"medium_large":{"file":"3__5JB6510.jpg-1900px-f2-768x512.jpg","width":768,"height":512,"mime-type":"image\/jpeg","filesize":98756,"source_url":"https:\/\/www.supremeyachts.hr\/wp-content\/uploads\/2023\/10\/3__5JB6510.jpg-1900px-f2-768x512.jpg"}}},"alt_text":"","url":"","target":""},{"id":111,"title":"JEAN-BAPTISTE D'ENQUIN \/ BENETEAU FLYER 6","caption":"","full_image_url":"https:\/\/www.supremeyachts.hr\/wp-content\/uploads\/2023\/10\/3__5JB6504.jpg-1900px-f2.jpg","thumbnail_image_url":"https:\/\/www.supremeyachts.hr\/wp-content\/uploads\/2023\/10\/3__5JB6504.jpg-1900px-f2-150x150.jpg","large_srcset":"https:\/\/www.supremeyachts.hr\/wp-content\/uploads\/2023\/10\/3__5JB6504.jpg-1900px-f2.jpg 960w, https:\/\/www.supremeyachts.hr\/wp-content\/uploads\/2023\/10\/3__5JB6504.jpg-1900px-f2-600x400.jpg 600w, https:\/\/www.supremeyachts.hr\/wp-content\/uploads\/2023\/10\/3__5JB6504.jpg-1900px-f2-300x200.jpg 300w, https:\/\/www.supremeyachts.hr\/wp-content\/uploads\/2023\/10\/3__5JB6504.jpg-1900px-f2-768x512.jpg 768w","medium_srcset":"https:\/\/www.supremeyachts.hr\/wp-content\/uploads\/2023\/10\/3__5JB6504.jpg-1900px-f2-300x200.jpg 300w, https:\/\/www.supremeyachts.hr\/wp-content\/uploads\/2023\/10\/3__5JB6504.jpg-1900px-f2-600x400.jpg 600w, https:\/\/www.supremeyachts.hr\/wp-content\/uploads\/2023\/10\/3__5JB6504.jpg-1900px-f2-768x512.jpg 768w, https:\/\/www.supremeyachts.hr\/wp-content\/uploads\/2023\/10\/3__5JB6504.jpg-1900px-f2.jpg 960w","media_details":{"width":960,"height":640,"sizes":{"woocommerce_thumbnail":{"file":"3__5JB6504.jpg-1900px-f2-300x300.jpg","width":300,"height":300,"mime-type":"image\/jpeg","filesize":21420,"uncropped":false,"source_url":"https:\/\/www.supremeyachts.hr\/wp-content\/uploads\/2023\/10\/3__5JB6504.jpg-1900px-f2-300x300.jpg"},"woocommerce_gallery_thumbnail":{"file":"3__5JB6504.jpg-1900px-f2-100x100.jpg","width":100,"height":100,"mime-type":"image\/jpeg","filesize":4157,"source_url":"https:\/\/www.supremeyachts.hr\/wp-content\/uploads\/2023\/10\/3__5JB6504.jpg-1900px-f2-100x100.jpg"},"woocommerce_single":{"file":"3__5JB6504.jpg-1900px-f2-600x400.jpg","width":600,"height":400,"mime-type":"image\/jpeg","filesize":45996,"source_url":"https:\/\/www.supremeyachts.hr\/wp-content\/uploads\/2023\/10\/3__5JB6504.jpg-1900px-f2-600x400.jpg"},"medium":{"file":"3__5JB6504.jpg-1900px-f2-300x200.jpg","width":300,"height":200,"mime-type":"image\/jpeg","filesize":31118,"source_url":"https:\/\/www.supremeyachts.hr\/wp-content\/uploads\/2023\/10\/3__5JB6504.jpg-1900px-f2-300x200.jpg"},"thumbnail":{"file":"3__5JB6504.jpg-1900px-f2-150x150.jpg","width":150,"height":150,"mime-type":"image\/jpeg","filesize":21028,"source_url":"https:\/\/www.supremeyachts.hr\/wp-content\/uploads\/2023\/10\/3__5JB6504.jpg-1900px-f2-150x150.jpg"},"medium_large":{"file":"3__5JB6504.jpg-1900px-f2-768x512.jpg","width":768,"height":512,"mime-type":"image\/jpeg","filesize":99503,"source_url":"https:\/\/www.supremeyachts.hr\/wp-content\/uploads\/2023\/10\/3__5JB6504.jpg-1900px-f2-768x512.jpg"}}},"alt_text":"","url":"","target":""},{"id":110,"title":"3__5JB6435.jpeg-1900px-f2","caption":"","full_image_url":"https:\/\/www.supremeyachts.hr\/wp-content\/uploads\/2023\/10\/3__5JB6435.jpeg-1900px-f2.jpg","thumbnail_image_url":"https:\/\/www.supremeyachts.hr\/wp-content\/uploads\/2023\/10\/3__5JB6435.jpeg-1900px-f2-150x150.jpg","large_srcset":"https:\/\/www.supremeyachts.hr\/wp-content\/uploads\/2023\/10\/3__5JB6435.jpeg-1900px-f2.jpg 960w, https:\/\/www.supremeyachts.hr\/wp-content\/uploads\/2023\/10\/3__5JB6435.jpeg-1900px-f2-600x400.jpg 600w, https:\/\/www.supremeyachts.hr\/wp-content\/uploads\/2023\/10\/3__5JB6435.jpeg-1900px-f2-300x200.jpg 300w, https:\/\/www.supremeyachts.hr\/wp-content\/uploads\/2023\/10\/3__5JB6435.jpeg-1900px-f2-768x512.jpg 768w","medium_srcset":"https:\/\/www.supremeyachts.hr\/wp-content\/uploads\/2023\/10\/3__5JB6435.jpeg-1900px-f2-300x200.jpg 300w, https:\/\/www.supremeyachts.hr\/wp-content\/uploads\/2023\/10\/3__5JB6435.jpeg-1900px-f2-600x400.jpg 600w, https:\/\/www.supremeyachts.hr\/wp-content\/uploads\/2023\/10\/3__5JB6435.jpeg-1900px-f2-768x512.jpg 768w, https:\/\/www.supremeyachts.hr\/wp-content\/uploads\/2023\/10\/3__5JB6435.jpeg-1900px-f2.jpg 960w","media_details":{"width":960,"height":640,"sizes":{"woocommerce_thumbnail":{"file":"3__5JB6435.jpeg-1900px-f2-300x300.jpg","width":300,"height":300,"mime-type":"image\/jpeg","filesize":20257,"uncropped":false,"source_url":"https:\/\/www.supremeyachts.hr\/wp-content\/uploads\/2023\/10\/3__5JB6435.jpeg-1900px-f2-300x300.jpg"},"woocommerce_gallery_thumbnail":{"file":"3__5JB6435.jpeg-1900px-f2-100x100.jpg","width":100,"height":100,"mime-type":"image\/jpeg","filesize":4029,"source_url":"https:\/\/www.supremeyachts.hr\/wp-content\/uploads\/2023\/10\/3__5JB6435.jpeg-1900px-f2-100x100.jpg"},"woocommerce_single":{"file":"3__5JB6435.jpeg-1900px-f2-600x400.jpg","width":600,"height":400,"mime-type":"image\/jpeg","filesize":42560,"source_url":"https:\/\/www.supremeyachts.hr\/wp-content\/uploads\/2023\/10\/3__5JB6435.jpeg-1900px-f2-600x400.jpg"},"medium":{"file":"3__5JB6435.jpeg-1900px-f2-300x200.jpg","width":300,"height":200,"mime-type":"image\/jpeg","filesize":24826,"source_url":"https:\/\/www.supremeyachts.hr\/wp-content\/uploads\/2023\/10\/3__5JB6435.jpeg-1900px-f2-300x200.jpg"},"thumbnail":{"file":"3__5JB6435.jpeg-1900px-f2-150x150.jpg","width":150,"height":150,"mime-type":"image\/jpeg","filesize":18189,"source_url":"https:\/\/www.supremeyachts.hr\/wp-content\/uploads\/2023\/10\/3__5JB6435.jpeg-1900px-f2-150x150.jpg"},"medium_large":{"file":"3__5JB6435.jpeg-1900px-f2-768x512.jpg","width":768,"height":512,"mime-type":"image\/jpeg","filesize":71373,"source_url":"https:\/\/www.supremeyachts.hr\/wp-content\/uploads\/2023\/10\/3__5JB6435.jpeg-1900px-f2-768x512.jpg"}}},"alt_text":"","url":"","target":""},{"id":109,"title":"JEAN-BAPTISTE D'ENQUIN \/ BENETEAU FLYER 6","caption":"","full_image_url":"https:\/\/www.supremeyachts.hr\/wp-content\/uploads\/2023\/10\/3__5JB6363.jpg-1900px-f2.jpg","thumbnail_image_url":"https:\/\/www.supremeyachts.hr\/wp-content\/uploads\/2023\/10\/3__5JB6363.jpg-1900px-f2-150x150.jpg","large_srcset":"https:\/\/www.supremeyachts.hr\/wp-content\/uploads\/2023\/10\/3__5JB6363.jpg-1900px-f2.jpg 960w, https:\/\/www.supremeyachts.hr\/wp-content\/uploads\/2023\/10\/3__5JB6363.jpg-1900px-f2-600x400.jpg 600w, https:\/\/www.supremeyachts.hr\/wp-content\/uploads\/2023\/10\/3__5JB6363.jpg-1900px-f2-300x200.jpg 300w, https:\/\/www.supremeyachts.hr\/wp-content\/uploads\/2023\/10\/3__5JB6363.jpg-1900px-f2-768x512.jpg 768w","medium_srcset":"https:\/\/www.supremeyachts.hr\/wp-content\/uploads\/2023\/10\/3__5JB6363.jpg-1900px-f2-300x200.jpg 300w, https:\/\/www.supremeyachts.hr\/wp-content\/uploads\/2023\/10\/3__5JB6363.jpg-1900px-f2-600x400.jpg 600w, https:\/\/www.supremeyachts.hr\/wp-content\/uploads\/2023\/10\/3__5JB6363.jpg-1900px-f2-768x512.jpg 768w, https:\/\/www.supremeyachts.hr\/wp-content\/uploads\/2023\/10\/3__5JB6363.jpg-1900px-f2.jpg 960w","media_details":{"width":960,"height":640,"sizes":{"woocommerce_thumbnail":{"file":"3__5JB6363.jpg-1900px-f2-300x300.jpg","width":300,"height":300,"mime-type":"image\/jpeg","filesize":16504,"uncropped":false,"source_url":"https:\/\/www.supremeyachts.hr\/wp-content\/uploads\/2023\/10\/3__5JB6363.jpg-1900px-f2-300x300.jpg"},"woocommerce_gallery_thumbnail":{"file":"3__5JB6363.jpg-1900px-f2-100x100.jpg","width":100,"height":100,"mime-type":"image\/jpeg","filesize":3461,"source_url":"https:\/\/www.supremeyachts.hr\/wp-content\/uploads\/2023\/10\/3__5JB6363.jpg-1900px-f2-100x100.jpg"},"woocommerce_single":{"file":"3__5JB6363.jpg-1900px-f2-600x400.jpg","width":600,"height":400,"mime-type":"image\/jpeg","filesize":36536,"source_url":"https:\/\/www.supremeyachts.hr\/wp-content\/uploads\/2023\/10\/3__5JB6363.jpg-1900px-f2-600x400.jpg"},"medium":{"file":"3__5JB6363.jpg-1900px-f2-300x200.jpg","width":300,"height":200,"mime-type":"image\/jpeg","filesize":27076,"source_url":"https:\/\/www.supremeyachts.hr\/wp-content\/uploads\/2023\/10\/3__5JB6363.jpg-1900px-f2-300x200.jpg"},"thumbnail":{"file":"3__5JB6363.jpg-1900px-f2-150x150.jpg","width":150,"height":150,"mime-type":"image\/jpeg","filesize":18956,"source_url":"https:\/\/www.supremeyachts.hr\/wp-content\/uploads\/2023\/10\/3__5JB6363.jpg-1900px-f2-150x150.jpg"},"medium_large":{"file":"3__5JB6363.jpg-1900px-f2-768x512.jpg","width":768,"height":512,"mime-type":"image\/jpeg","filesize":78960,"source_url":"https:\/\/www.supremeyachts.hr\/wp-content\/uploads\/2023\/10\/3__5JB6363.jpg-1900px-f2-768x512.jpg"}}},"alt_text":"","url":"","target":""},{"id":108,"title":"JEAN-BAPTISTE D'ENQUIN \/ BENETEAU FLYER 6","caption":"","full_image_url":"https:\/\/www.supremeyachts.hr\/wp-content\/uploads\/2023\/10\/3__5JB6316.jpg-1900px-f2.jpg","thumbnail_image_url":"https:\/\/www.supremeyachts.hr\/wp-content\/uploads\/2023\/10\/3__5JB6316.jpg-1900px-f2-150x150.jpg","large_srcset":"https:\/\/www.supremeyachts.hr\/wp-content\/uploads\/2023\/10\/3__5JB6316.jpg-1900px-f2.jpg 960w, https:\/\/www.supremeyachts.hr\/wp-content\/uploads\/2023\/10\/3__5JB6316.jpg-1900px-f2-600x400.jpg 600w, https:\/\/www.supremeyachts.hr\/wp-content\/uploads\/2023\/10\/3__5JB6316.jpg-1900px-f2-300x200.jpg 300w, https:\/\/www.supremeyachts.hr\/wp-content\/uploads\/2023\/10\/3__5JB6316.jpg-1900px-f2-768x512.jpg 768w","medium_srcset":"https:\/\/www.supremeyachts.hr\/wp-content\/uploads\/2023\/10\/3__5JB6316.jpg-1900px-f2-300x200.jpg 300w, https:\/\/www.supremeyachts.hr\/wp-content\/uploads\/2023\/10\/3__5JB6316.jpg-1900px-f2-600x400.jpg 600w, https:\/\/www.supremeyachts.hr\/wp-content\/uploads\/2023\/10\/3__5JB6316.jpg-1900px-f2-768x512.jpg 768w, https:\/\/www.supremeyachts.hr\/wp-content\/uploads\/2023\/10\/3__5JB6316.jpg-1900px-f2.jpg 960w","media_details":{"width":960,"height":640,"sizes":{"woocommerce_thumbnail":{"file":"3__5JB6316.jpg-1900px-f2-300x300.jpg","width":300,"height":300,"mime-type":"image\/jpeg","filesize":17848,"uncropped":false,"source_url":"https:\/\/www.supremeyachts.hr\/wp-content\/uploads\/2023\/10\/3__5JB6316.jpg-1900px-f2-300x300.jpg"},"woocommerce_gallery_thumbnail":{"file":"3__5JB6316.jpg-1900px-f2-100x100.jpg","width":100,"height":100,"mime-type":"image\/jpeg","filesize":3520,"source_url":"https:\/\/www.supremeyachts.hr\/wp-content\/uploads\/2023\/10\/3__5JB6316.jpg-1900px-f2-100x100.jpg"},"woocommerce_single":{"file":"3__5JB6316.jpg-1900px-f2-600x400.jpg","width":600,"height":400,"mime-type":"image\/jpeg","filesize":42230,"source_url":"https:\/\/www.supremeyachts.hr\/wp-content\/uploads\/2023\/10\/3__5JB6316.jpg-1900px-f2-600x400.jpg"},"medium":{"file":"3__5JB6316.jpg-1900px-f2-300x200.jpg","width":300,"height":200,"mime-type":"image\/jpeg","filesize":28422,"source_url":"https:\/\/www.supremeyachts.hr\/wp-content\/uploads\/2023\/10\/3__5JB6316.jpg-1900px-f2-300x200.jpg"},"thumbnail":{"file":"3__5JB6316.jpg-1900px-f2-150x150.jpg","width":150,"height":150,"mime-type":"image\/jpeg","filesize":19272,"source_url":"https:\/\/www.supremeyachts.hr\/wp-content\/uploads\/2023\/10\/3__5JB6316.jpg-1900px-f2-150x150.jpg"},"medium_large":{"file":"3__5JB6316.jpg-1900px-f2-768x512.jpg","width":768,"height":512,"mime-type":"image\/jpeg","filesize":86911,"source_url":"https:\/\/www.supremeyachts.hr\/wp-content\/uploads\/2023\/10\/3__5JB6316.jpg-1900px-f2-768x512.jpg"}}},"alt_text":"","url":"","target":""},{"id":107,"title":"JEAN-BAPTISTE D'ENQUIN \/ BENETEAU FLYER 6","caption":"","full_image_url":"https:\/\/www.supremeyachts.hr\/wp-content\/uploads\/2023\/10\/3__5JB6289.jpg-1900px-f2.jpg","thumbnail_image_url":"https:\/\/www.supremeyachts.hr\/wp-content\/uploads\/2023\/10\/3__5JB6289.jpg-1900px-f2-150x150.jpg","large_srcset":"https:\/\/www.supremeyachts.hr\/wp-content\/uploads\/2023\/10\/3__5JB6289.jpg-1900px-f2.jpg 960w, https:\/\/www.supremeyachts.hr\/wp-content\/uploads\/2023\/10\/3__5JB6289.jpg-1900px-f2-600x400.jpg 600w, https:\/\/www.supremeyachts.hr\/wp-content\/uploads\/2023\/10\/3__5JB6289.jpg-1900px-f2-300x200.jpg 300w, https:\/\/www.supremeyachts.hr\/wp-content\/uploads\/2023\/10\/3__5JB6289.jpg-1900px-f2-768x512.jpg 768w","medium_srcset":"https:\/\/www.supremeyachts.hr\/wp-content\/uploads\/2023\/10\/3__5JB6289.jpg-1900px-f2-300x200.jpg 300w, https:\/\/www.supremeyachts.hr\/wp-content\/uploads\/2023\/10\/3__5JB6289.jpg-1900px-f2-600x400.jpg 600w, https:\/\/www.supremeyachts.hr\/wp-content\/uploads\/2023\/10\/3__5JB6289.jpg-1900px-f2-768x512.jpg 768w, https:\/\/www.supremeyachts.hr\/wp-content\/uploads\/2023\/10\/3__5JB6289.jpg-1900px-f2.jpg 960w","media_details":{"width":960,"height":640,"sizes":{"woocommerce_thumbnail":{"file":"3__5JB6289.jpg-1900px-f2-300x300.jpg","width":300,"height":300,"mime-type":"image\/jpeg","filesize":16581,"uncropped":false,"source_url":"https:\/\/www.supremeyachts.hr\/wp-content\/uploads\/2023\/10\/3__5JB6289.jpg-1900px-f2-300x300.jpg"},"woocommerce_gallery_thumbnail":{"file":"3__5JB6289.jpg-1900px-f2-100x100.jpg","width":100,"height":100,"mime-type":"image\/jpeg","filesize":3546,"source_url":"https:\/\/www.supremeyachts.hr\/wp-content\/uploads\/2023\/10\/3__5JB6289.jpg-1900px-f2-100x100.jpg"},"woocommerce_single":{"file":"3__5JB6289.jpg-1900px-f2-600x400.jpg","width":600,"height":400,"mime-type":"image\/jpeg","filesize":39672,"source_url":"https:\/\/www.supremeyachts.hr\/wp-content\/uploads\/2023\/10\/3__5JB6289.jpg-1900px-f2-600x400.jpg"},"medium":{"file":"3__5JB6289.jpg-1900px-f2-300x200.jpg","width":300,"height":200,"mime-type":"image\/jpeg","filesize":27951,"source_url":"https:\/\/www.supremeyachts.hr\/wp-content\/uploads\/2023\/10\/3__5JB6289.jpg-1900px-f2-300x200.jpg"},"thumbnail":{"file":"3__5JB6289.jpg-1900px-f2-150x150.jpg","width":150,"height":150,"mime-type":"image\/jpeg","filesize":19115,"source_url":"https:\/\/www.supremeyachts.hr\/wp-content\/uploads\/2023\/10\/3__5JB6289.jpg-1900px-f2-150x150.jpg"},"medium_large":{"file":"3__5JB6289.jpg-1900px-f2-768x512.jpg","width":768,"height":512,"mime-type":"image\/jpeg","filesize":82508,"source_url":"https:\/\/www.supremeyachts.hr\/wp-content\/uploads\/2023\/10\/3__5JB6289.jpg-1900px-f2-768x512.jpg"}}},"alt_text":"","url":"","target":""},{"id":106,"title":"JEAN-BAPTISTE D'ENQUIN \/ BENETEAU FLYER 6","caption":"","full_image_url":"https:\/\/www.supremeyachts.hr\/wp-content\/uploads\/2023\/10\/3__5JB6281.jpg-1900px-f2.jpg","thumbnail_image_url":"https:\/\/www.supremeyachts.hr\/wp-content\/uploads\/2023\/10\/3__5JB6281.jpg-1900px-f2-150x150.jpg","large_srcset":"https:\/\/www.supremeyachts.hr\/wp-content\/uploads\/2023\/10\/3__5JB6281.jpg-1900px-f2.jpg 960w, https:\/\/www.supremeyachts.hr\/wp-content\/uploads\/2023\/10\/3__5JB6281.jpg-1900px-f2-600x400.jpg 600w, https:\/\/www.supremeyachts.hr\/wp-content\/uploads\/2023\/10\/3__5JB6281.jpg-1900px-f2-300x200.jpg 300w, https:\/\/www.supremeyachts.hr\/wp-content\/uploads\/2023\/10\/3__5JB6281.jpg-1900px-f2-768x512.jpg 768w","medium_srcset":"https:\/\/www.supremeyachts.hr\/wp-content\/uploads\/2023\/10\/3__5JB6281.jpg-1900px-f2-300x200.jpg 300w, https:\/\/www.supremeyachts.hr\/wp-content\/uploads\/2023\/10\/3__5JB6281.jpg-1900px-f2-600x400.jpg 600w, https:\/\/www.supremeyachts.hr\/wp-content\/uploads\/2023\/10\/3__5JB6281.jpg-1900px-f2-768x512.jpg 768w, https:\/\/www.supremeyachts.hr\/wp-content\/uploads\/2023\/10\/3__5JB6281.jpg-1900px-f2.jpg 960w","media_details":{"width":960,"height":640,"sizes":{"woocommerce_thumbnail":{"file":"3__5JB6281.jpg-1900px-f2-300x300.jpg","width":300,"height":300,"mime-type":"image\/jpeg","filesize":21870,"uncropped":false,"source_url":"https:\/\/www.supremeyachts.hr\/wp-content\/uploads\/2023\/10\/3__5JB6281.jpg-1900px-f2-300x300.jpg"},"woocommerce_gallery_thumbnail":{"file":"3__5JB6281.jpg-1900px-f2-100x100.jpg","width":100,"height":100,"mime-type":"image\/jpeg","filesize":4028,"source_url":"https:\/\/www.supremeyachts.hr\/wp-content\/uploads\/2023\/10\/3__5JB6281.jpg-1900px-f2-100x100.jpg"},"woocommerce_single":{"file":"3__5JB6281.jpg-1900px-f2-600x400.jpg","width":600,"height":400,"mime-type":"image\/jpeg","filesize":47646,"source_url":"https:\/\/www.supremeyachts.hr\/wp-content\/uploads\/2023\/10\/3__5JB6281.jpg-1900px-f2-600x400.jpg"},"medium":{"file":"3__5JB6281.jpg-1900px-f2-300x200.jpg","width":300,"height":200,"mime-type":"image\/jpeg","filesize":30469,"source_url":"https:\/\/www.supremeyachts.hr\/wp-content\/uploads\/2023\/10\/3__5JB6281.jpg-1900px-f2-300x200.jpg"},"thumbnail":{"file":"3__5JB6281.jpg-1900px-f2-150x150.jpg","width":150,"height":150,"mime-type":"image\/jpeg","filesize":20497,"source_url":"https:\/\/www.supremeyachts.hr\/wp-content\/uploads\/2023\/10\/3__5JB6281.jpg-1900px-f2-150x150.jpg"},"medium_large":{"file":"3__5JB6281.jpg-1900px-f2-768x512.jpg","width":768,"height":512,"mime-type":"image\/jpeg","filesize":99640,"source_url":"https:\/\/www.supremeyachts.hr\/wp-content\/uploads\/2023\/10\/3__5JB6281.jpg-1900px-f2-768x512.jpg"}}},"alt_text":"","url":"","target":""},{"id":105,"title":"JEAN-BAPTISTE D'ENQUIN \/ BENETEAU FLYER 6","caption":"","full_image_url":"https:\/\/www.supremeyachts.hr\/wp-content\/uploads\/2023\/10\/3__5JB6276.jpg-1900px-f2.jpg","thumbnail_image_url":"https:\/\/www.supremeyachts.hr\/wp-content\/uploads\/2023\/10\/3__5JB6276.jpg-1900px-f2-150x150.jpg","large_srcset":"https:\/\/www.supremeyachts.hr\/wp-content\/uploads\/2023\/10\/3__5JB6276.jpg-1900px-f2-682x1024.jpg 682w, https:\/\/www.supremeyachts.hr\/wp-content\/uploads\/2023\/10\/3__5JB6276.jpg-1900px-f2-600x901.jpg 600w, https:\/\/www.supremeyachts.hr\/wp-content\/uploads\/2023\/10\/3__5JB6276.jpg-1900px-f2-200x300.jpg 200w, https:\/\/www.supremeyachts.hr\/wp-content\/uploads\/2023\/10\/3__5JB6276.jpg-1900px-f2-768x1153.jpg 768w, https:\/\/www.supremeyachts.hr\/wp-content\/uploads\/2023\/10\/3__5JB6276.jpg-1900px-f2.jpg 960w","medium_srcset":"https:\/\/www.supremeyachts.hr\/wp-content\/uploads\/2023\/10\/3__5JB6276.jpg-1900px-f2-200x300.jpg 200w, https:\/\/www.supremeyachts.hr\/wp-content\/uploads\/2023\/10\/3__5JB6276.jpg-1900px-f2-600x901.jpg 600w, https:\/\/www.supremeyachts.hr\/wp-content\/uploads\/2023\/10\/3__5JB6276.jpg-1900px-f2-682x1024.jpg 682w, https:\/\/www.supremeyachts.hr\/wp-content\/uploads\/2023\/10\/3__5JB6276.jpg-1900px-f2-768x1153.jpg 768w, https:\/\/www.supremeyachts.hr\/wp-content\/uploads\/2023\/10\/3__5JB6276.jpg-1900px-f2.jpg 960w","media_details":{"width":960,"height":1441,"sizes":{"woocommerce_thumbnail":{"file":"3__5JB6276.jpg-1900px-f2-300x300.jpg","width":300,"height":300,"mime-type":"image\/jpeg","filesize":24889,"uncropped":false,"source_url":"https:\/\/www.supremeyachts.hr\/wp-content\/uploads\/2023\/10\/3__5JB6276.jpg-1900px-f2-300x300.jpg"},"woocommerce_gallery_thumbnail":{"file":"3__5JB6276.jpg-1900px-f2-100x100.jpg","width":100,"height":100,"mime-type":"image\/jpeg","filesize":4315,"source_url":"https:\/\/www.supremeyachts.hr\/wp-content\/uploads\/2023\/10\/3__5JB6276.jpg-1900px-f2-100x100.jpg"},"woocommerce_single":{"file":"3__5JB6276.jpg-1900px-f2-600x901.jpg","width":600,"height":901,"mime-type":"image\/jpeg","filesize":102241,"source_url":"https:\/\/www.supremeyachts.hr\/wp-content\/uploads\/2023\/10\/3__5JB6276.jpg-1900px-f2-600x901.jpg"},"medium":{"file":"3__5JB6276.jpg-1900px-f2-200x300.jpg","width":200,"height":300,"mime-type":"image\/jpeg","filesize":44005,"source_url":"https:\/\/www.supremeyachts.hr\/wp-content\/uploads\/2023\/10\/3__5JB6276.jpg-1900px-f2-200x300.jpg"},"large":{"file":"3__5JB6276.jpg-1900px-f2-682x1024.jpg","width":682,"height":1024,"mime-type":"image\/jpeg","filesize":185699,"source_url":"https:\/\/www.supremeyachts.hr\/wp-content\/uploads\/2023\/10\/3__5JB6276.jpg-1900px-f2-682x1024.jpg"},"thumbnail":{"file":"3__5JB6276.jpg-1900px-f2-150x150.jpg","width":150,"height":150,"mime-type":"image\/jpeg","filesize":32130,"source_url":"https:\/\/www.supremeyachts.hr\/wp-content\/uploads\/2023\/10\/3__5JB6276.jpg-1900px-f2-150x150.jpg"},"medium_large":{"file":"3__5JB6276.jpg-1900px-f2-768x1153.jpg","width":768,"height":1153,"mime-type":"image\/jpeg","filesize":217518,"source_url":"https:\/\/www.supremeyachts.hr\/wp-content\/uploads\/2023\/10\/3__5JB6276.jpg-1900px-f2-768x1153.jpg"}}},"alt_text":"","url":"","target":""}],[{"id":130,"title":"5_Flyer6-sundeck-C-.RGB_color.0013.JPG-1832px-f2","caption":"","full_image_url":"https:\/\/www.supremeyachts.hr\/wp-content\/uploads\/2023\/10\/5_Flyer6-sundeck-C-.RGB_color.0013.JPG-1832px-f2.jpg","thumbnail_image_url":"https:\/\/www.supremeyachts.hr\/wp-content\/uploads\/2023\/10\/5_Flyer6-sundeck-C-.RGB_color.0013.JPG-1832px-f2-150x150.jpg","large_srcset":"https:\/\/www.supremeyachts.hr\/wp-content\/uploads\/2023\/10\/5_Flyer6-sundeck-C-.RGB_color.0013.JPG-1832px-f2.jpg 960w, https:\/\/www.supremeyachts.hr\/wp-content\/uploads\/2023\/10\/5_Flyer6-sundeck-C-.RGB_color.0013.JPG-1832px-f2-600x283.jpg 600w, https:\/\/www.supremeyachts.hr\/wp-content\/uploads\/2023\/10\/5_Flyer6-sundeck-C-.RGB_color.0013.JPG-1832px-f2-300x141.jpg 300w, https:\/\/www.supremeyachts.hr\/wp-content\/uploads\/2023\/10\/5_Flyer6-sundeck-C-.RGB_color.0013.JPG-1832px-f2-768x362.jpg 768w","medium_srcset":"https:\/\/www.supremeyachts.hr\/wp-content\/uploads\/2023\/10\/5_Flyer6-sundeck-C-.RGB_color.0013.JPG-1832px-f2-300x141.jpg 300w, https:\/\/www.supremeyachts.hr\/wp-content\/uploads\/2023\/10\/5_Flyer6-sundeck-C-.RGB_color.0013.JPG-1832px-f2-600x283.jpg 600w, https:\/\/www.supremeyachts.hr\/wp-content\/uploads\/2023\/10\/5_Flyer6-sundeck-C-.RGB_color.0013.JPG-1832px-f2-768x362.jpg 768w, https:\/\/www.supremeyachts.hr\/wp-content\/uploads\/2023\/10\/5_Flyer6-sundeck-C-.RGB_color.0013.JPG-1832px-f2.jpg 960w","media_details":{"width":960,"height":452,"sizes":{"woocommerce_thumbnail":{"file":"5_Flyer6-sundeck-C-.RGB_color.0013.JPG-1832px-f2-300x300.jpg","width":300,"height":300,"mime-type":"image\/jpeg","filesize":19145,"uncropped":false,"source_url":"https:\/\/www.supremeyachts.hr\/wp-content\/uploads\/2023\/10\/5_Flyer6-sundeck-C-.RGB_color.0013.JPG-1832px-f2-300x300.jpg"},"woocommerce_gallery_thumbnail":{"file":"5_Flyer6-sundeck-C-.RGB_color.0013.JPG-1832px-f2-100x100.jpg","width":100,"height":100,"mime-type":"image\/jpeg","filesize":3574,"source_url":"https:\/\/www.supremeyachts.hr\/wp-content\/uploads\/2023\/10\/5_Flyer6-sundeck-C-.RGB_color.0013.JPG-1832px-f2-100x100.jpg"},"woocommerce_single":{"file":"5_Flyer6-sundeck-C-.RGB_color.0013.JPG-1832px-f2-600x283.jpg","width":600,"height":283,"mime-type":"image\/jpeg","filesize":30288,"source_url":"https:\/\/www.supremeyachts.hr\/wp-content\/uploads\/2023\/10\/5_Flyer6-sundeck-C-.RGB_color.0013.JPG-1832px-f2-600x283.jpg"},"medium":{"file":"5_Flyer6-sundeck-C-.RGB_color.0013.JPG-1832px-f2-300x141.jpg","width":300,"height":141,"mime-type":"image\/jpeg","filesize":16749,"source_url":"https:\/\/www.supremeyachts.hr\/wp-content\/uploads\/2023\/10\/5_Flyer6-sundeck-C-.RGB_color.0013.JPG-1832px-f2-300x141.jpg"},"thumbnail":{"file":"5_Flyer6-sundeck-C-.RGB_color.0013.JPG-1832px-f2-150x150.jpg","width":150,"height":150,"mime-type":"image\/jpeg","filesize":12875,"source_url":"https:\/\/www.supremeyachts.hr\/wp-content\/uploads\/2023\/10\/5_Flyer6-sundeck-C-.RGB_color.0013.JPG-1832px-f2-150x150.jpg"},"medium_large":{"file":"5_Flyer6-sundeck-C-.RGB_color.0013.JPG-1832px-f2-768x362.jpg","width":768,"height":362,"mime-type":"image\/jpeg","filesize":62029,"source_url":"https:\/\/www.supremeyachts.hr\/wp-content\/uploads\/2023\/10\/5_Flyer6-sundeck-C-.RGB_color.0013.JPG-1832px-f2-768x362.jpg"}}},"alt_text":"","url":"","target":""},{"id":129,"title":"5_Flyer6-sundeck-C-.RGB_color.0012.JPG-1832px-f2","caption":"","full_image_url":"https:\/\/www.supremeyachts.hr\/wp-content\/uploads\/2023\/10\/5_Flyer6-sundeck-C-.RGB_color.0012.JPG-1832px-f2.jpg","thumbnail_image_url":"https:\/\/www.supremeyachts.hr\/wp-content\/uploads\/2023\/10\/5_Flyer6-sundeck-C-.RGB_color.0012.JPG-1832px-f2-150x150.jpg","large_srcset":"https:\/\/www.supremeyachts.hr\/wp-content\/uploads\/2023\/10\/5_Flyer6-sundeck-C-.RGB_color.0012.JPG-1832px-f2.jpg 960w, https:\/\/www.supremeyachts.hr\/wp-content\/uploads\/2023\/10\/5_Flyer6-sundeck-C-.RGB_color.0012.JPG-1832px-f2-600x283.jpg 600w, https:\/\/www.supremeyachts.hr\/wp-content\/uploads\/2023\/10\/5_Flyer6-sundeck-C-.RGB_color.0012.JPG-1832px-f2-300x141.jpg 300w, https:\/\/www.supremeyachts.hr\/wp-content\/uploads\/2023\/10\/5_Flyer6-sundeck-C-.RGB_color.0012.JPG-1832px-f2-768x362.jpg 768w","medium_srcset":"https:\/\/www.supremeyachts.hr\/wp-content\/uploads\/2023\/10\/5_Flyer6-sundeck-C-.RGB_color.0012.JPG-1832px-f2-300x141.jpg 300w, https:\/\/www.supremeyachts.hr\/wp-content\/uploads\/2023\/10\/5_Flyer6-sundeck-C-.RGB_color.0012.JPG-1832px-f2-600x283.jpg 600w, https:\/\/www.supremeyachts.hr\/wp-content\/uploads\/2023\/10\/5_Flyer6-sundeck-C-.RGB_color.0012.JPG-1832px-f2-768x362.jpg 768w, https:\/\/www.supremeyachts.hr\/wp-content\/uploads\/2023\/10\/5_Flyer6-sundeck-C-.RGB_color.0012.JPG-1832px-f2.jpg 960w","media_details":{"width":960,"height":452,"sizes":{"woocommerce_thumbnail":{"file":"5_Flyer6-sundeck-C-.RGB_color.0012.JPG-1832px-f2-300x300.jpg","width":300,"height":300,"mime-type":"image\/jpeg","filesize":14959,"uncropped":false,"source_url":"https:\/\/www.supremeyachts.hr\/wp-content\/uploads\/2023\/10\/5_Flyer6-sundeck-C-.RGB_color.0012.JPG-1832px-f2-300x300.jpg"},"woocommerce_gallery_thumbnail":{"file":"5_Flyer6-sundeck-C-.RGB_color.0012.JPG-1832px-f2-100x100.jpg","width":100,"height":100,"mime-type":"image\/jpeg","filesize":3105,"source_url":"https:\/\/www.supremeyachts.hr\/wp-content\/uploads\/2023\/10\/5_Flyer6-sundeck-C-.RGB_color.0012.JPG-1832px-f2-100x100.jpg"},"woocommerce_single":{"file":"5_Flyer6-sundeck-C-.RGB_color.0012.JPG-1832px-f2-600x283.jpg","width":600,"height":283,"mime-type":"image\/jpeg","filesize":24533,"source_url":"https:\/\/www.supremeyachts.hr\/wp-content\/uploads\/2023\/10\/5_Flyer6-sundeck-C-.RGB_color.0012.JPG-1832px-f2-600x283.jpg"},"medium":{"file":"5_Flyer6-sundeck-C-.RGB_color.0012.JPG-1832px-f2-300x141.jpg","width":300,"height":141,"mime-type":"image\/jpeg","filesize":15125,"source_url":"https:\/\/www.supremeyachts.hr\/wp-content\/uploads\/2023\/10\/5_Flyer6-sundeck-C-.RGB_color.0012.JPG-1832px-f2-300x141.jpg"},"thumbnail":{"file":"5_Flyer6-sundeck-C-.RGB_color.0012.JPG-1832px-f2-150x150.jpg","width":150,"height":150,"mime-type":"image\/jpeg","filesize":11594,"source_url":"https:\/\/www.supremeyachts.hr\/wp-content\/uploads\/2023\/10\/5_Flyer6-sundeck-C-.RGB_color.0012.JPG-1832px-f2-150x150.jpg"},"medium_large":{"file":"5_Flyer6-sundeck-C-.RGB_color.0012.JPG-1832px-f2-768x362.jpg","width":768,"height":362,"mime-type":"image\/jpeg","filesize":49759,"source_url":"https:\/\/www.supremeyachts.hr\/wp-content\/uploads\/2023\/10\/5_Flyer6-sundeck-C-.RGB_color.0012.JPG-1832px-f2-768x362.jpg"}}},"alt_text":"","url":"","target":""},{"id":128,"title":"5_Flyer6-sundeck-C-.RGB_color.0010.JPG-1832px-f2","caption":"","full_image_url":"https:\/\/www.supremeyachts.hr\/wp-content\/uploads\/2023\/10\/5_Flyer6-sundeck-C-.RGB_color.0010.JPG-1832px-f2.jpg","thumbnail_image_url":"https:\/\/www.supremeyachts.hr\/wp-content\/uploads\/2023\/10\/5_Flyer6-sundeck-C-.RGB_color.0010.JPG-1832px-f2-150x150.jpg","large_srcset":"https:\/\/www.supremeyachts.hr\/wp-content\/uploads\/2023\/10\/5_Flyer6-sundeck-C-.RGB_color.0010.JPG-1832px-f2.jpg 960w, https:\/\/www.supremeyachts.hr\/wp-content\/uploads\/2023\/10\/5_Flyer6-sundeck-C-.RGB_color.0010.JPG-1832px-f2-600x283.jpg 600w, https:\/\/www.supremeyachts.hr\/wp-content\/uploads\/2023\/10\/5_Flyer6-sundeck-C-.RGB_color.0010.JPG-1832px-f2-300x141.jpg 300w, https:\/\/www.supremeyachts.hr\/wp-content\/uploads\/2023\/10\/5_Flyer6-sundeck-C-.RGB_color.0010.JPG-1832px-f2-768x362.jpg 768w","medium_srcset":"https:\/\/www.supremeyachts.hr\/wp-content\/uploads\/2023\/10\/5_Flyer6-sundeck-C-.RGB_color.0010.JPG-1832px-f2-300x141.jpg 300w, https:\/\/www.supremeyachts.hr\/wp-content\/uploads\/2023\/10\/5_Flyer6-sundeck-C-.RGB_color.0010.JPG-1832px-f2-600x283.jpg 600w, https:\/\/www.supremeyachts.hr\/wp-content\/uploads\/2023\/10\/5_Flyer6-sundeck-C-.RGB_color.0010.JPG-1832px-f2-768x362.jpg 768w, https:\/\/www.supremeyachts.hr\/wp-content\/uploads\/2023\/10\/5_Flyer6-sundeck-C-.RGB_color.0010.JPG-1832px-f2.jpg 960w","media_details":{"width":960,"height":452,"sizes":{"woocommerce_thumbnail":{"file":"5_Flyer6-sundeck-C-.RGB_color.0010.JPG-1832px-f2-300x300.jpg","width":300,"height":300,"mime-type":"image\/jpeg","filesize":15212,"uncropped":false,"source_url":"https:\/\/www.supremeyachts.hr\/wp-content\/uploads\/2023\/10\/5_Flyer6-sundeck-C-.RGB_color.0010.JPG-1832px-f2-300x300.jpg"},"woocommerce_gallery_thumbnail":{"file":"5_Flyer6-sundeck-C-.RGB_color.0010.JPG-1832px-f2-100x100.jpg","width":100,"height":100,"mime-type":"image\/jpeg","filesize":3339,"source_url":"https:\/\/www.supremeyachts.hr\/wp-content\/uploads\/2023\/10\/5_Flyer6-sundeck-C-.RGB_color.0010.JPG-1832px-f2-100x100.jpg"},"woocommerce_single":{"file":"5_Flyer6-sundeck-C-.RGB_color.0010.JPG-1832px-f2-600x283.jpg","width":600,"height":283,"mime-type":"image\/jpeg","filesize":32178,"source_url":"https:\/\/www.supremeyachts.hr\/wp-content\/uploads\/2023\/10\/5_Flyer6-sundeck-C-.RGB_color.0010.JPG-1832px-f2-600x283.jpg"},"medium":{"file":"5_Flyer6-sundeck-C-.RGB_color.0010.JPG-1832px-f2-300x141.jpg","width":300,"height":141,"mime-type":"image\/jpeg","filesize":18477,"source_url":"https:\/\/www.supremeyachts.hr\/wp-content\/uploads\/2023\/10\/5_Flyer6-sundeck-C-.RGB_color.0010.JPG-1832px-f2-300x141.jpg"},"thumbnail":{"file":"5_Flyer6-sundeck-C-.RGB_color.0010.JPG-1832px-f2-150x150.jpg","width":150,"height":150,"mime-type":"image\/jpeg","filesize":11823,"source_url":"https:\/\/www.supremeyachts.hr\/wp-content\/uploads\/2023\/10\/5_Flyer6-sundeck-C-.RGB_color.0010.JPG-1832px-f2-150x150.jpg"},"medium_large":{"file":"5_Flyer6-sundeck-C-.RGB_color.0010.JPG-1832px-f2-768x362.jpg","width":768,"height":362,"mime-type":"image\/jpeg","filesize":62563,"source_url":"https:\/\/www.supremeyachts.hr\/wp-content\/uploads\/2023\/10\/5_Flyer6-sundeck-C-.RGB_color.0010.JPG-1832px-f2-768x362.jpg"}}},"alt_text":"","url":"","target":""},{"id":127,"title":"5_Flyer6-sundeck-C-.RGB_color.0009.JPG-1832px-f2","caption":"","full_image_url":"https:\/\/www.supremeyachts.hr\/wp-content\/uploads\/2023\/10\/5_Flyer6-sundeck-C-.RGB_color.0009.JPG-1832px-f2.jpg","thumbnail_image_url":"https:\/\/www.supremeyachts.hr\/wp-content\/uploads\/2023\/10\/5_Flyer6-sundeck-C-.RGB_color.0009.JPG-1832px-f2-150x150.jpg","large_srcset":"https:\/\/www.supremeyachts.hr\/wp-content\/uploads\/2023\/10\/5_Flyer6-sundeck-C-.RGB_color.0009.JPG-1832px-f2.jpg 960w, https:\/\/www.supremeyachts.hr\/wp-content\/uploads\/2023\/10\/5_Flyer6-sundeck-C-.RGB_color.0009.JPG-1832px-f2-600x283.jpg 600w, https:\/\/www.supremeyachts.hr\/wp-content\/uploads\/2023\/10\/5_Flyer6-sundeck-C-.RGB_color.0009.JPG-1832px-f2-300x141.jpg 300w, https:\/\/www.supremeyachts.hr\/wp-content\/uploads\/2023\/10\/5_Flyer6-sundeck-C-.RGB_color.0009.JPG-1832px-f2-768x362.jpg 768w","medium_srcset":"https:\/\/www.supremeyachts.hr\/wp-content\/uploads\/2023\/10\/5_Flyer6-sundeck-C-.RGB_color.0009.JPG-1832px-f2-300x141.jpg 300w, https:\/\/www.supremeyachts.hr\/wp-content\/uploads\/2023\/10\/5_Flyer6-sundeck-C-.RGB_color.0009.JPG-1832px-f2-600x283.jpg 600w, https:\/\/www.supremeyachts.hr\/wp-content\/uploads\/2023\/10\/5_Flyer6-sundeck-C-.RGB_color.0009.JPG-1832px-f2-768x362.jpg 768w, https:\/\/www.supremeyachts.hr\/wp-content\/uploads\/2023\/10\/5_Flyer6-sundeck-C-.RGB_color.0009.JPG-1832px-f2.jpg 960w","media_details":{"width":960,"height":452,"sizes":{"woocommerce_thumbnail":{"file":"5_Flyer6-sundeck-C-.RGB_color.0009.JPG-1832px-f2-300x300.jpg","width":300,"height":300,"mime-type":"image\/jpeg","filesize":17147,"uncropped":false,"source_url":"https:\/\/www.supremeyachts.hr\/wp-content\/uploads\/2023\/10\/5_Flyer6-sundeck-C-.RGB_color.0009.JPG-1832px-f2-300x300.jpg"},"woocommerce_gallery_thumbnail":{"file":"5_Flyer6-sundeck-C-.RGB_color.0009.JPG-1832px-f2-100x100.jpg","width":100,"height":100,"mime-type":"image\/jpeg","filesize":3725,"source_url":"https:\/\/www.supremeyachts.hr\/wp-content\/uploads\/2023\/10\/5_Flyer6-sundeck-C-.RGB_color.0009.JPG-1832px-f2-100x100.jpg"},"woocommerce_single":{"file":"5_Flyer6-sundeck-C-.RGB_color.0009.JPG-1832px-f2-600x283.jpg","width":600,"height":283,"mime-type":"image\/jpeg","filesize":33920,"source_url":"https:\/\/www.supremeyachts.hr\/wp-content\/uploads\/2023\/10\/5_Flyer6-sundeck-C-.RGB_color.0009.JPG-1832px-f2-600x283.jpg"},"medium":{"file":"5_Flyer6-sundeck-C-.RGB_color.0009.JPG-1832px-f2-300x141.jpg","width":300,"height":141,"mime-type":"image\/jpeg","filesize":19342,"source_url":"https:\/\/www.supremeyachts.hr\/wp-content\/uploads\/2023\/10\/5_Flyer6-sundeck-C-.RGB_color.0009.JPG-1832px-f2-300x141.jpg"},"thumbnail":{"file":"5_Flyer6-sundeck-C-.RGB_color.0009.JPG-1832px-f2-150x150.jpg","width":150,"height":150,"mime-type":"image\/jpeg","filesize":12675,"source_url":"https:\/\/www.supremeyachts.hr\/wp-content\/uploads\/2023\/10\/5_Flyer6-sundeck-C-.RGB_color.0009.JPG-1832px-f2-150x150.jpg"},"medium_large":{"file":"5_Flyer6-sundeck-C-.RGB_color.0009.JPG-1832px-f2-768x362.jpg","width":768,"height":362,"mime-type":"image\/jpeg","filesize":65335,"source_url":"https:\/\/www.supremeyachts.hr\/wp-content\/uploads\/2023\/10\/5_Flyer6-sundeck-C-.RGB_color.0009.JPG-1832px-f2-768x362.jpg"}}},"alt_text":"","url":"","target":""},{"id":126,"title":"5_Flyer6-sundeck-C-.RGB_color.0008.JPG-1832px-f2","caption":"","full_image_url":"https:\/\/www.supremeyachts.hr\/wp-content\/uploads\/2023\/10\/5_Flyer6-sundeck-C-.RGB_color.0008.JPG-1832px-f2.jpg","thumbnail_image_url":"https:\/\/www.supremeyachts.hr\/wp-content\/uploads\/2023\/10\/5_Flyer6-sundeck-C-.RGB_color.0008.JPG-1832px-f2-150x150.jpg","large_srcset":"https:\/\/www.supremeyachts.hr\/wp-content\/uploads\/2023\/10\/5_Flyer6-sundeck-C-.RGB_color.0008.JPG-1832px-f2.jpg 960w, https:\/\/www.supremeyachts.hr\/wp-content\/uploads\/2023\/10\/5_Flyer6-sundeck-C-.RGB_color.0008.JPG-1832px-f2-600x283.jpg 600w, https:\/\/www.supremeyachts.hr\/wp-content\/uploads\/2023\/10\/5_Flyer6-sundeck-C-.RGB_color.0008.JPG-1832px-f2-300x141.jpg 300w, https:\/\/www.supremeyachts.hr\/wp-content\/uploads\/2023\/10\/5_Flyer6-sundeck-C-.RGB_color.0008.JPG-1832px-f2-768x362.jpg 768w","medium_srcset":"https:\/\/www.supremeyachts.hr\/wp-content\/uploads\/2023\/10\/5_Flyer6-sundeck-C-.RGB_color.0008.JPG-1832px-f2-300x141.jpg 300w, https:\/\/www.supremeyachts.hr\/wp-content\/uploads\/2023\/10\/5_Flyer6-sundeck-C-.RGB_color.0008.JPG-1832px-f2-600x283.jpg 600w, https:\/\/www.supremeyachts.hr\/wp-content\/uploads\/2023\/10\/5_Flyer6-sundeck-C-.RGB_color.0008.JPG-1832px-f2-768x362.jpg 768w, https:\/\/www.supremeyachts.hr\/wp-content\/uploads\/2023\/10\/5_Flyer6-sundeck-C-.RGB_color.0008.JPG-1832px-f2.jpg 960w","media_details":{"width":960,"height":452,"sizes":{"woocommerce_thumbnail":{"file":"5_Flyer6-sundeck-C-.RGB_color.0008.JPG-1832px-f2-300x300.jpg","width":300,"height":300,"mime-type":"image\/jpeg","filesize":17667,"uncropped":false,"source_url":"https:\/\/www.supremeyachts.hr\/wp-content\/uploads\/2023\/10\/5_Flyer6-sundeck-C-.RGB_color.0008.JPG-1832px-f2-300x300.jpg"},"woocommerce_gallery_thumbnail":{"file":"5_Flyer6-sundeck-C-.RGB_color.0008.JPG-1832px-f2-100x100.jpg","width":100,"height":100,"mime-type":"image\/jpeg","filesize":3893,"source_url":"https:\/\/www.supremeyachts.hr\/wp-content\/uploads\/2023\/10\/5_Flyer6-sundeck-C-.RGB_color.0008.JPG-1832px-f2-100x100.jpg"},"woocommerce_single":{"file":"5_Flyer6-sundeck-C-.RGB_color.0008.JPG-1832px-f2-600x283.jpg","width":600,"height":283,"mime-type":"image\/jpeg","filesize":34415,"source_url":"https:\/\/www.supremeyachts.hr\/wp-content\/uploads\/2023\/10\/5_Flyer6-sundeck-C-.RGB_color.0008.JPG-1832px-f2-600x283.jpg"},"medium":{"file":"5_Flyer6-sundeck-C-.RGB_color.0008.JPG-1832px-f2-300x141.jpg","width":300,"height":141,"mime-type":"image\/jpeg","filesize":19485,"source_url":"https:\/\/www.supremeyachts.hr\/wp-content\/uploads\/2023\/10\/5_Flyer6-sundeck-C-.RGB_color.0008.JPG-1832px-f2-300x141.jpg"},"thumbnail":{"file":"5_Flyer6-sundeck-C-.RGB_color.0008.JPG-1832px-f2-150x150.jpg","width":150,"height":150,"mime-type":"image\/jpeg","filesize":13042,"source_url":"https:\/\/www.supremeyachts.hr\/wp-content\/uploads\/2023\/10\/5_Flyer6-sundeck-C-.RGB_color.0008.JPG-1832px-f2-150x150.jpg"},"medium_large":{"file":"5_Flyer6-sundeck-C-.RGB_color.0008.JPG-1832px-f2-768x362.jpg","width":768,"height":362,"mime-type":"image\/jpeg","filesize":66497,"source_url":"https:\/\/www.supremeyachts.hr\/wp-content\/uploads\/2023\/10\/5_Flyer6-sundeck-C-.RGB_color.0008.JPG-1832px-f2-768x362.jpg"}}},"alt_text":"","url":"","target":""},{"id":125,"title":"5_Flyer6-sundeck-C-.RGB_color.0007.JPG-1832px-f2","caption":"","full_image_url":"https:\/\/www.supremeyachts.hr\/wp-content\/uploads\/2023\/10\/5_Flyer6-sundeck-C-.RGB_color.0007.JPG-1832px-f2.jpg","thumbnail_image_url":"https:\/\/www.supremeyachts.hr\/wp-content\/uploads\/2023\/10\/5_Flyer6-sundeck-C-.RGB_color.0007.JPG-1832px-f2-150x150.jpg","large_srcset":"https:\/\/www.supremeyachts.hr\/wp-content\/uploads\/2023\/10\/5_Flyer6-sundeck-C-.RGB_color.0007.JPG-1832px-f2.jpg 960w, https:\/\/www.supremeyachts.hr\/wp-content\/uploads\/2023\/10\/5_Flyer6-sundeck-C-.RGB_color.0007.JPG-1832px-f2-600x283.jpg 600w, https:\/\/www.supremeyachts.hr\/wp-content\/uploads\/2023\/10\/5_Flyer6-sundeck-C-.RGB_color.0007.JPG-1832px-f2-300x141.jpg 300w, https:\/\/www.supremeyachts.hr\/wp-content\/uploads\/2023\/10\/5_Flyer6-sundeck-C-.RGB_color.0007.JPG-1832px-f2-768x362.jpg 768w","medium_srcset":"https:\/\/www.supremeyachts.hr\/wp-content\/uploads\/2023\/10\/5_Flyer6-sundeck-C-.RGB_color.0007.JPG-1832px-f2-300x141.jpg 300w, https:\/\/www.supremeyachts.hr\/wp-content\/uploads\/2023\/10\/5_Flyer6-sundeck-C-.RGB_color.0007.JPG-1832px-f2-600x283.jpg 600w, https:\/\/www.supremeyachts.hr\/wp-content\/uploads\/2023\/10\/5_Flyer6-sundeck-C-.RGB_color.0007.JPG-1832px-f2-768x362.jpg 768w, https:\/\/www.supremeyachts.hr\/wp-content\/uploads\/2023\/10\/5_Flyer6-sundeck-C-.RGB_color.0007.JPG-1832px-f2.jpg 960w","media_details":{"width":960,"height":452,"sizes":{"woocommerce_thumbnail":{"file":"5_Flyer6-sundeck-C-.RGB_color.0007.JPG-1832px-f2-300x300.jpg","width":300,"height":300,"mime-type":"image\/jpeg","filesize":19534,"uncropped":false,"source_url":"https:\/\/www.supremeyachts.hr\/wp-content\/uploads\/2023\/10\/5_Flyer6-sundeck-C-.RGB_color.0007.JPG-1832px-f2-300x300.jpg"},"woocommerce_gallery_thumbnail":{"file":"5_Flyer6-sundeck-C-.RGB_color.0007.JPG-1832px-f2-100x100.jpg","width":100,"height":100,"mime-type":"image\/jpeg","filesize":3881,"source_url":"https:\/\/www.supremeyachts.hr\/wp-content\/uploads\/2023\/10\/5_Flyer6-sundeck-C-.RGB_color.0007.JPG-1832px-f2-100x100.jpg"},"woocommerce_single":{"file":"5_Flyer6-sundeck-C-.RGB_color.0007.JPG-1832px-f2-600x283.jpg","width":600,"height":283,"mime-type":"image\/jpeg","filesize":33587,"source_url":"https:\/\/www.supremeyachts.hr\/wp-content\/uploads\/2023\/10\/5_Flyer6-sundeck-C-.RGB_color.0007.JPG-1832px-f2-600x283.jpg"},"medium":{"file":"5_Flyer6-sundeck-C-.RGB_color.0007.JPG-1832px-f2-300x141.jpg","width":300,"height":141,"mime-type":"image\/jpeg","filesize":18324,"source_url":"https:\/\/www.supremeyachts.hr\/wp-content\/uploads\/2023\/10\/5_Flyer6-sundeck-C-.RGB_color.0007.JPG-1832px-f2-300x141.jpg"},"thumbnail":{"file":"5_Flyer6-sundeck-C-.RGB_color.0007.JPG-1832px-f2-150x150.jpg","width":150,"height":150,"mime-type":"image\/jpeg","filesize":13203,"source_url":"https:\/\/www.supremeyachts.hr\/wp-content\/uploads\/2023\/10\/5_Flyer6-sundeck-C-.RGB_color.0007.JPG-1832px-f2-150x150.jpg"},"medium_large":{"file":"5_Flyer6-sundeck-C-.RGB_color.0007.JPG-1832px-f2-768x362.jpg","width":768,"height":362,"mime-type":"image\/jpeg","filesize":68270,"source_url":"https:\/\/www.supremeyachts.hr\/wp-content\/uploads\/2023\/10\/5_Flyer6-sundeck-C-.RGB_color.0007.JPG-1832px-f2-768x362.jpg"}}},"alt_text":"","url":"","target":""},{"id":124,"title":"5_Flyer6-sundeck-C-.RGB_color.0006-f2","caption":"","full_image_url":"https:\/\/www.supremeyachts.hr\/wp-content\/uploads\/2023\/10\/5_Flyer6-sundeck-C-.RGB_color.0006-f2.jpg","thumbnail_image_url":"https:\/\/www.supremeyachts.hr\/wp-content\/uploads\/2023\/10\/5_Flyer6-sundeck-C-.RGB_color.0006-f2-150x150.jpg","large_srcset":"https:\/\/www.supremeyachts.hr\/wp-content\/uploads\/2023\/10\/5_Flyer6-sundeck-C-.RGB_color.0006-f2.jpg 960w, https:\/\/www.supremeyachts.hr\/wp-content\/uploads\/2023\/10\/5_Flyer6-sundeck-C-.RGB_color.0006-f2-600x283.jpg 600w, https:\/\/www.supremeyachts.hr\/wp-content\/uploads\/2023\/10\/5_Flyer6-sundeck-C-.RGB_color.0006-f2-300x141.jpg 300w, https:\/\/www.supremeyachts.hr\/wp-content\/uploads\/2023\/10\/5_Flyer6-sundeck-C-.RGB_color.0006-f2-768x362.jpg 768w","medium_srcset":"https:\/\/www.supremeyachts.hr\/wp-content\/uploads\/2023\/10\/5_Flyer6-sundeck-C-.RGB_color.0006-f2-300x141.jpg 300w, https:\/\/www.supremeyachts.hr\/wp-content\/uploads\/2023\/10\/5_Flyer6-sundeck-C-.RGB_color.0006-f2-600x283.jpg 600w, https:\/\/www.supremeyachts.hr\/wp-content\/uploads\/2023\/10\/5_Flyer6-sundeck-C-.RGB_color.0006-f2-768x362.jpg 768w, https:\/\/www.supremeyachts.hr\/wp-content\/uploads\/2023\/10\/5_Flyer6-sundeck-C-.RGB_color.0006-f2.jpg 960w","media_details":{"width":960,"height":452,"sizes":{"woocommerce_thumbnail":{"file":"5_Flyer6-sundeck-C-.RGB_color.0006-f2-300x300.jpg","width":300,"height":300,"mime-type":"image\/jpeg","filesize":16929,"uncropped":false,"source_url":"https:\/\/www.supremeyachts.hr\/wp-content\/uploads\/2023\/10\/5_Flyer6-sundeck-C-.RGB_color.0006-f2-300x300.jpg"},"woocommerce_gallery_thumbnail":{"file":"5_Flyer6-sundeck-C-.RGB_color.0006-f2-100x100.jpg","width":100,"height":100,"mime-type":"image\/jpeg","filesize":3350,"source_url":"https:\/\/www.supremeyachts.hr\/wp-content\/uploads\/2023\/10\/5_Flyer6-sundeck-C-.RGB_color.0006-f2-100x100.jpg"},"woocommerce_single":{"file":"5_Flyer6-sundeck-C-.RGB_color.0006-f2-600x283.jpg","width":600,"height":283,"mime-type":"image\/jpeg","filesize":27960,"source_url":"https:\/\/www.supremeyachts.hr\/wp-content\/uploads\/2023\/10\/5_Flyer6-sundeck-C-.RGB_color.0006-f2-600x283.jpg"},"medium":{"file":"5_Flyer6-sundeck-C-.RGB_color.0006-f2-300x141.jpg","width":300,"height":141,"mime-type":"image\/jpeg","filesize":14266,"source_url":"https:\/\/www.supremeyachts.hr\/wp-content\/uploads\/2023\/10\/5_Flyer6-sundeck-C-.RGB_color.0006-f2-300x141.jpg"},"thumbnail":{"file":"5_Flyer6-sundeck-C-.RGB_color.0006-f2-150x150.jpg","width":150,"height":150,"mime-type":"image\/jpeg","filesize":10415,"source_url":"https:\/\/www.supremeyachts.hr\/wp-content\/uploads\/2023\/10\/5_Flyer6-sundeck-C-.RGB_color.0006-f2-150x150.jpg"},"medium_large":{"file":"5_Flyer6-sundeck-C-.RGB_color.0006-f2-768x362.jpg","width":768,"height":362,"mime-type":"image\/jpeg","filesize":55416,"source_url":"https:\/\/www.supremeyachts.hr\/wp-content\/uploads\/2023\/10\/5_Flyer6-sundeck-C-.RGB_color.0006-f2-768x362.jpg"}}},"alt_text":"","url":"","target":""},{"id":123,"title":"5_Flyer6-sundeck-C-.RGB_color.0005.JPG-1832px-f2","caption":"","full_image_url":"https:\/\/www.supremeyachts.hr\/wp-content\/uploads\/2023\/10\/5_Flyer6-sundeck-C-.RGB_color.0005.JPG-1832px-f2.jpg","thumbnail_image_url":"https:\/\/www.supremeyachts.hr\/wp-content\/uploads\/2023\/10\/5_Flyer6-sundeck-C-.RGB_color.0005.JPG-1832px-f2-150x150.jpg","large_srcset":"https:\/\/www.supremeyachts.hr\/wp-content\/uploads\/2023\/10\/5_Flyer6-sundeck-C-.RGB_color.0005.JPG-1832px-f2.jpg 960w, https:\/\/www.supremeyachts.hr\/wp-content\/uploads\/2023\/10\/5_Flyer6-sundeck-C-.RGB_color.0005.JPG-1832px-f2-600x283.jpg 600w, https:\/\/www.supremeyachts.hr\/wp-content\/uploads\/2023\/10\/5_Flyer6-sundeck-C-.RGB_color.0005.JPG-1832px-f2-300x141.jpg 300w, https:\/\/www.supremeyachts.hr\/wp-content\/uploads\/2023\/10\/5_Flyer6-sundeck-C-.RGB_color.0005.JPG-1832px-f2-768x362.jpg 768w","medium_srcset":"https:\/\/www.supremeyachts.hr\/wp-content\/uploads\/2023\/10\/5_Flyer6-sundeck-C-.RGB_color.0005.JPG-1832px-f2-300x141.jpg 300w, https:\/\/www.supremeyachts.hr\/wp-content\/uploads\/2023\/10\/5_Flyer6-sundeck-C-.RGB_color.0005.JPG-1832px-f2-600x283.jpg 600w, https:\/\/www.supremeyachts.hr\/wp-content\/uploads\/2023\/10\/5_Flyer6-sundeck-C-.RGB_color.0005.JPG-1832px-f2-768x362.jpg 768w, https:\/\/www.supremeyachts.hr\/wp-content\/uploads\/2023\/10\/5_Flyer6-sundeck-C-.RGB_color.0005.JPG-1832px-f2.jpg 960w","media_details":{"width":960,"height":452,"sizes":{"woocommerce_thumbnail":{"file":"5_Flyer6-sundeck-C-.RGB_color.0005.JPG-1832px-f2-300x300.jpg","width":300,"height":300,"mime-type":"image\/jpeg","filesize":19942,"uncropped":false,"source_url":"https:\/\/www.supremeyachts.hr\/wp-content\/uploads\/2023\/10\/5_Flyer6-sundeck-C-.RGB_color.0005.JPG-1832px-f2-300x300.jpg"},"woocommerce_gallery_thumbnail":{"file":"5_Flyer6-sundeck-C-.RGB_color.0005.JPG-1832px-f2-100x100.jpg","width":100,"height":100,"mime-type":"image\/jpeg","filesize":3727,"source_url":"https:\/\/www.supremeyachts.hr\/wp-content\/uploads\/2023\/10\/5_Flyer6-sundeck-C-.RGB_color.0005.JPG-1832px-f2-100x100.jpg"},"woocommerce_single":{"file":"5_Flyer6-sundeck-C-.RGB_color.0005.JPG-1832px-f2-600x283.jpg","width":600,"height":283,"mime-type":"image\/jpeg","filesize":31062,"source_url":"https:\/\/www.supremeyachts.hr\/wp-content\/uploads\/2023\/10\/5_Flyer6-sundeck-C-.RGB_color.0005.JPG-1832px-f2-600x283.jpg"},"medium":{"file":"5_Flyer6-sundeck-C-.RGB_color.0005.JPG-1832px-f2-300x141.jpg","width":300,"height":141,"mime-type":"image\/jpeg","filesize":17105,"source_url":"https:\/\/www.supremeyachts.hr\/wp-content\/uploads\/2023\/10\/5_Flyer6-sundeck-C-.RGB_color.0005.JPG-1832px-f2-300x141.jpg"},"thumbnail":{"file":"5_Flyer6-sundeck-C-.RGB_color.0005.JPG-1832px-f2-150x150.jpg","width":150,"height":150,"mime-type":"image\/jpeg","filesize":13266,"source_url":"https:\/\/www.supremeyachts.hr\/wp-content\/uploads\/2023\/10\/5_Flyer6-sundeck-C-.RGB_color.0005.JPG-1832px-f2-150x150.jpg"},"medium_large":{"file":"5_Flyer6-sundeck-C-.RGB_color.0005.JPG-1832px-f2-768x362.jpg","width":768,"height":362,"mime-type":"image\/jpeg","filesize":63977,"source_url":"https:\/\/www.supremeyachts.hr\/wp-content\/uploads\/2023\/10\/5_Flyer6-sundeck-C-.RGB_color.0005.JPG-1832px-f2-768x362.jpg"}}},"alt_text":"","url":"","target":""},{"id":122,"title":"5_Flyer6-sundeck-C-.RGB_color.0001.tif-1832px-f2","caption":"","full_image_url":"https:\/\/www.supremeyachts.hr\/wp-content\/uploads\/2023\/10\/5_Flyer6-sundeck-C-.RGB_color.0001.tif-1832px-f2.jpg","thumbnail_image_url":"https:\/\/www.supremeyachts.hr\/wp-content\/uploads\/2023\/10\/5_Flyer6-sundeck-C-.RGB_color.0001.tif-1832px-f2-150x150.jpg","large_srcset":"https:\/\/www.supremeyachts.hr\/wp-content\/uploads\/2023\/10\/5_Flyer6-sundeck-C-.RGB_color.0001.tif-1832px-f2.jpg 960w, https:\/\/www.supremeyachts.hr\/wp-content\/uploads\/2023\/10\/5_Flyer6-sundeck-C-.RGB_color.0001.tif-1832px-f2-600x283.jpg 600w, https:\/\/www.supremeyachts.hr\/wp-content\/uploads\/2023\/10\/5_Flyer6-sundeck-C-.RGB_color.0001.tif-1832px-f2-300x141.jpg 300w, https:\/\/www.supremeyachts.hr\/wp-content\/uploads\/2023\/10\/5_Flyer6-sundeck-C-.RGB_color.0001.tif-1832px-f2-768x362.jpg 768w","medium_srcset":"https:\/\/www.supremeyachts.hr\/wp-content\/uploads\/2023\/10\/5_Flyer6-sundeck-C-.RGB_color.0001.tif-1832px-f2-300x141.jpg 300w, https:\/\/www.supremeyachts.hr\/wp-content\/uploads\/2023\/10\/5_Flyer6-sundeck-C-.RGB_color.0001.tif-1832px-f2-600x283.jpg 600w, https:\/\/www.supremeyachts.hr\/wp-content\/uploads\/2023\/10\/5_Flyer6-sundeck-C-.RGB_color.0001.tif-1832px-f2-768x362.jpg 768w, https:\/\/www.supremeyachts.hr\/wp-content\/uploads\/2023\/10\/5_Flyer6-sundeck-C-.RGB_color.0001.tif-1832px-f2.jpg 960w","media_details":{"width":960,"height":452,"sizes":{"woocommerce_thumbnail":{"file":"5_Flyer6-sundeck-C-.RGB_color.0001.tif-1832px-f2-300x300.jpg","width":300,"height":300,"mime-type":"image\/jpeg","filesize":11805,"uncropped":false,"source_url":"https:\/\/www.supremeyachts.hr\/wp-content\/uploads\/2023\/10\/5_Flyer6-sundeck-C-.RGB_color.0001.tif-1832px-f2-300x300.jpg"},"woocommerce_gallery_thumbnail":{"file":"5_Flyer6-sundeck-C-.RGB_color.0001.tif-1832px-f2-100x100.jpg","width":100,"height":100,"mime-type":"image\/jpeg","filesize":2781,"source_url":"https:\/\/www.supremeyachts.hr\/wp-content\/uploads\/2023\/10\/5_Flyer6-sundeck-C-.RGB_color.0001.tif-1832px-f2-100x100.jpg"},"woocommerce_single":{"file":"5_Flyer6-sundeck-C-.RGB_color.0001.tif-1832px-f2-600x283.jpg","width":600,"height":283,"mime-type":"image\/jpeg","filesize":19794,"source_url":"https:\/\/www.supremeyachts.hr\/wp-content\/uploads\/2023\/10\/5_Flyer6-sundeck-C-.RGB_color.0001.tif-1832px-f2-600x283.jpg"},"medium":{"file":"5_Flyer6-sundeck-C-.RGB_color.0001.tif-1832px-f2-300x141.jpg","width":300,"height":141,"mime-type":"image\/jpeg","filesize":9476,"source_url":"https:\/\/www.supremeyachts.hr\/wp-content\/uploads\/2023\/10\/5_Flyer6-sundeck-C-.RGB_color.0001.tif-1832px-f2-300x141.jpg"},"thumbnail":{"file":"5_Flyer6-sundeck-C-.RGB_color.0001.tif-1832px-f2-150x150.jpg","width":150,"height":150,"mime-type":"image\/jpeg","filesize":7065,"source_url":"https:\/\/www.supremeyachts.hr\/wp-content\/uploads\/2023\/10\/5_Flyer6-sundeck-C-.RGB_color.0001.tif-1832px-f2-150x150.jpg"},"medium_large":{"file":"5_Flyer6-sundeck-C-.RGB_color.0001.tif-1832px-f2-768x362.jpg","width":768,"height":362,"mime-type":"image\/jpeg","filesize":28291,"source_url":"https:\/\/www.supremeyachts.hr\/wp-content\/uploads\/2023\/10\/5_Flyer6-sundeck-C-.RGB_color.0001.tif-1832px-f2-768x362.jpg"}}},"alt_text":"","url":"","target":""},{"id":121,"title":"5_Flyer6-sundeck-C-.RGB_color.0000.tif-1832px-f2","caption":"","full_image_url":"https:\/\/www.supremeyachts.hr\/wp-content\/uploads\/2023\/10\/5_Flyer6-sundeck-C-.RGB_color.0000.tif-1832px-f2.jpg","thumbnail_image_url":"https:\/\/www.supremeyachts.hr\/wp-content\/uploads\/2023\/10\/5_Flyer6-sundeck-C-.RGB_color.0000.tif-1832px-f2-150x150.jpg","large_srcset":"https:\/\/www.supremeyachts.hr\/wp-content\/uploads\/2023\/10\/5_Flyer6-sundeck-C-.RGB_color.0000.tif-1832px-f2.jpg 960w, https:\/\/www.supremeyachts.hr\/wp-content\/uploads\/2023\/10\/5_Flyer6-sundeck-C-.RGB_color.0000.tif-1832px-f2-600x283.jpg 600w, https:\/\/www.supremeyachts.hr\/wp-content\/uploads\/2023\/10\/5_Flyer6-sundeck-C-.RGB_color.0000.tif-1832px-f2-300x141.jpg 300w, https:\/\/www.supremeyachts.hr\/wp-content\/uploads\/2023\/10\/5_Flyer6-sundeck-C-.RGB_color.0000.tif-1832px-f2-768x362.jpg 768w","medium_srcset":"https:\/\/www.supremeyachts.hr\/wp-content\/uploads\/2023\/10\/5_Flyer6-sundeck-C-.RGB_color.0000.tif-1832px-f2-300x141.jpg 300w, https:\/\/www.supremeyachts.hr\/wp-content\/uploads\/2023\/10\/5_Flyer6-sundeck-C-.RGB_color.0000.tif-1832px-f2-600x283.jpg 600w, https:\/\/www.supremeyachts.hr\/wp-content\/uploads\/2023\/10\/5_Flyer6-sundeck-C-.RGB_color.0000.tif-1832px-f2-768x362.jpg 768w, https:\/\/www.supremeyachts.hr\/wp-content\/uploads\/2023\/10\/5_Flyer6-sundeck-C-.RGB_color.0000.tif-1832px-f2.jpg 960w","media_details":{"width":960,"height":452,"sizes":{"woocommerce_thumbnail":{"file":"5_Flyer6-sundeck-C-.RGB_color.0000.tif-1832px-f2-300x300.jpg","width":300,"height":300,"mime-type":"image\/jpeg","filesize":13349,"uncropped":false,"source_url":"https:\/\/www.supremeyachts.hr\/wp-content\/uploads\/2023\/10\/5_Flyer6-sundeck-C-.RGB_color.0000.tif-1832px-f2-300x300.jpg"},"woocommerce_gallery_thumbnail":{"file":"5_Flyer6-sundeck-C-.RGB_color.0000.tif-1832px-f2-100x100.jpg","width":100,"height":100,"mime-type":"image\/jpeg","filesize":3025,"source_url":"https:\/\/www.supremeyachts.hr\/wp-content\/uploads\/2023\/10\/5_Flyer6-sundeck-C-.RGB_color.0000.tif-1832px-f2-100x100.jpg"},"woocommerce_single":{"file":"5_Flyer6-sundeck-C-.RGB_color.0000.tif-1832px-f2-600x283.jpg","width":600,"height":283,"mime-type":"image\/jpeg","filesize":21486,"source_url":"https:\/\/www.supremeyachts.hr\/wp-content\/uploads\/2023\/10\/5_Flyer6-sundeck-C-.RGB_color.0000.tif-1832px-f2-600x283.jpg"},"medium":{"file":"5_Flyer6-sundeck-C-.RGB_color.0000.tif-1832px-f2-300x141.jpg","width":300,"height":141,"mime-type":"image\/jpeg","filesize":10075,"source_url":"https:\/\/www.supremeyachts.hr\/wp-content\/uploads\/2023\/10\/5_Flyer6-sundeck-C-.RGB_color.0000.tif-1832px-f2-300x141.jpg"},"thumbnail":{"file":"5_Flyer6-sundeck-C-.RGB_color.0000.tif-1832px-f2-150x150.jpg","width":150,"height":150,"mime-type":"image\/jpeg","filesize":7582,"source_url":"https:\/\/www.supremeyachts.hr\/wp-content\/uploads\/2023\/10\/5_Flyer6-sundeck-C-.RGB_color.0000.tif-1832px-f2-150x150.jpg"},"medium_large":{"file":"5_Flyer6-sundeck-C-.RGB_color.0000.tif-1832px-f2-768x362.jpg","width":768,"height":362,"mime-type":"image\/jpeg","filesize":30730,"source_url":"https:\/\/www.supremeyachts.hr\/wp-content\/uploads\/2023\/10\/5_Flyer6-sundeck-C-.RGB_color.0000.tif-1832px-f2-768x362.jpg"}}},"alt_text":"","url":"","target":""}],[{"id":98,"title":"JEAN-BAPTISTE D'ENQUIN \/ BENETEAU FLYER 6","caption":"","full_image_url":"https:\/\/www.supremeyachts.hr\/wp-content\/uploads\/2023\/10\/1__5JB6273.jpg-1900px-f2.jpg","thumbnail_image_url":"https:\/\/www.supremeyachts.hr\/wp-content\/uploads\/2023\/10\/1__5JB6273.jpg-1900px-f2-150x150.jpg","large_srcset":"https:\/\/www.supremeyachts.hr\/wp-content\/uploads\/2023\/10\/1__5JB6273.jpg-1900px-f2.jpg 960w, https:\/\/www.supremeyachts.hr\/wp-content\/uploads\/2023\/10\/1__5JB6273.jpg-1900px-f2-600x400.jpg 600w, https:\/\/www.supremeyachts.hr\/wp-content\/uploads\/2023\/10\/1__5JB6273.jpg-1900px-f2-300x200.jpg 300w, https:\/\/www.supremeyachts.hr\/wp-content\/uploads\/2023\/10\/1__5JB6273.jpg-1900px-f2-768x512.jpg 768w","medium_srcset":"https:\/\/www.supremeyachts.hr\/wp-content\/uploads\/2023\/10\/1__5JB6273.jpg-1900px-f2-300x200.jpg 300w, https:\/\/www.supremeyachts.hr\/wp-content\/uploads\/2023\/10\/1__5JB6273.jpg-1900px-f2-600x400.jpg 600w, https:\/\/www.supremeyachts.hr\/wp-content\/uploads\/2023\/10\/1__5JB6273.jpg-1900px-f2-768x512.jpg 768w, https:\/\/www.supremeyachts.hr\/wp-content\/uploads\/2023\/10\/1__5JB6273.jpg-1900px-f2.jpg 960w","media_details":{"width":960,"height":640,"sizes":{"woocommerce_thumbnail":{"file":"1__5JB6273.jpg-1900px-f2-300x300.jpg","width":300,"height":300,"mime-type":"image\/jpeg","filesize":23992,"uncropped":false,"source_url":"https:\/\/www.supremeyachts.hr\/wp-content\/uploads\/2023\/10\/1__5JB6273.jpg-1900px-f2-300x300.jpg"},"woocommerce_gallery_thumbnail":{"file":"1__5JB6273.jpg-1900px-f2-100x100.jpg","width":100,"height":100,"mime-type":"image\/jpeg","filesize":4579,"source_url":"https:\/\/www.supremeyachts.hr\/wp-content\/uploads\/2023\/10\/1__5JB6273.jpg-1900px-f2-100x100.jpg"},"woocommerce_single":{"file":"1__5JB6273.jpg-1900px-f2-600x400.jpg","width":600,"height":400,"mime-type":"image\/jpeg","filesize":53277,"source_url":"https:\/\/www.supremeyachts.hr\/wp-content\/uploads\/2023\/10\/1__5JB6273.jpg-1900px-f2-600x400.jpg"},"medium":{"file":"1__5JB6273.jpg-1900px-f2-300x200.jpg","width":300,"height":200,"mime-type":"image\/jpeg","filesize":31938,"source_url":"https:\/\/www.supremeyachts.hr\/wp-content\/uploads\/2023\/10\/1__5JB6273.jpg-1900px-f2-300x200.jpg"},"thumbnail":{"file":"1__5JB6273.jpg-1900px-f2-150x150.jpg","width":150,"height":150,"mime-type":"image\/jpeg","filesize":20945,"source_url":"https:\/\/www.supremeyachts.hr\/wp-content\/uploads\/2023\/10\/1__5JB6273.jpg-1900px-f2-150x150.jpg"},"medium_large":{"file":"1__5JB6273.jpg-1900px-f2-768x512.jpg","width":768,"height":512,"mime-type":"image\/jpeg","filesize":104635,"source_url":"https:\/\/www.supremeyachts.hr\/wp-content\/uploads\/2023\/10\/1__5JB6273.jpg-1900px-f2-768x512.jpg"}}},"alt_text":"","url":"","target":""},{"id":97,"title":"JEAN-BAPTISTE D'ENQUIN \/ BENETEAU FLYER 6","caption":"","full_image_url":"https:\/\/www.supremeyachts.hr\/wp-content\/uploads\/2023\/10\/1__5JB6221.jpg-1900px-f2.jpg","thumbnail_image_url":"https:\/\/www.supremeyachts.hr\/wp-content\/uploads\/2023\/10\/1__5JB6221.jpg-1900px-f2-150x150.jpg","large_srcset":"https:\/\/www.supremeyachts.hr\/wp-content\/uploads\/2023\/10\/1__5JB6221.jpg-1900px-f2.jpg 960w, https:\/\/www.supremeyachts.hr\/wp-content\/uploads\/2023\/10\/1__5JB6221.jpg-1900px-f2-600x400.jpg 600w, https:\/\/www.supremeyachts.hr\/wp-content\/uploads\/2023\/10\/1__5JB6221.jpg-1900px-f2-300x200.jpg 300w, https:\/\/www.supremeyachts.hr\/wp-content\/uploads\/2023\/10\/1__5JB6221.jpg-1900px-f2-768x512.jpg 768w","medium_srcset":"https:\/\/www.supremeyachts.hr\/wp-content\/uploads\/2023\/10\/1__5JB6221.jpg-1900px-f2-300x200.jpg 300w, https:\/\/www.supremeyachts.hr\/wp-content\/uploads\/2023\/10\/1__5JB6221.jpg-1900px-f2-600x400.jpg 600w, https:\/\/www.supremeyachts.hr\/wp-content\/uploads\/2023\/10\/1__5JB6221.jpg-1900px-f2-768x512.jpg 768w, https:\/\/www.supremeyachts.hr\/wp-content\/uploads\/2023\/10\/1__5JB6221.jpg-1900px-f2.jpg 960w","media_details":{"width":960,"height":640,"sizes":{"woocommerce_thumbnail":{"file":"1__5JB6221.jpg-1900px-f2-300x300.jpg","width":300,"height":300,"mime-type":"image\/jpeg","filesize":21688,"uncropped":false,"source_url":"https:\/\/www.supremeyachts.hr\/wp-content\/uploads\/2023\/10\/1__5JB6221.jpg-1900px-f2-300x300.jpg"},"woocommerce_gallery_thumbnail":{"file":"1__5JB6221.jpg-1900px-f2-100x100.jpg","width":100,"height":100,"mime-type":"image\/jpeg","filesize":3902,"source_url":"https:\/\/www.supremeyachts.hr\/wp-content\/uploads\/2023\/10\/1__5JB6221.jpg-1900px-f2-100x100.jpg"},"woocommerce_single":{"file":"1__5JB6221.jpg-1900px-f2-600x400.jpg","width":600,"height":400,"mime-type":"image\/jpeg","filesize":49283,"source_url":"https:\/\/www.supremeyachts.hr\/wp-content\/uploads\/2023\/10\/1__5JB6221.jpg-1900px-f2-600x400.jpg"},"medium":{"file":"1__5JB6221.jpg-1900px-f2-300x200.jpg","width":300,"height":200,"mime-type":"image\/jpeg","filesize":30122,"source_url":"https:\/\/www.supremeyachts.hr\/wp-content\/uploads\/2023\/10\/1__5JB6221.jpg-1900px-f2-300x200.jpg"},"thumbnail":{"file":"1__5JB6221.jpg-1900px-f2-150x150.jpg","width":150,"height":150,"mime-type":"image\/jpeg","filesize":20176,"source_url":"https:\/\/www.supremeyachts.hr\/wp-content\/uploads\/2023\/10\/1__5JB6221.jpg-1900px-f2-150x150.jpg"},"medium_large":{"file":"1__5JB6221.jpg-1900px-f2-768x512.jpg","width":768,"height":512,"mime-type":"image\/jpeg","filesize":101848,"source_url":"https:\/\/www.supremeyachts.hr\/wp-content\/uploads\/2023\/10\/1__5JB6221.jpg-1900px-f2-768x512.jpg"}}},"alt_text":"","url":"","target":""},{"id":96,"title":"JEAN-BAPTISTE D'ENQUIN \/ BENETEAU FLYER 6","caption":"","full_image_url":"https:\/\/www.supremeyachts.hr\/wp-content\/uploads\/2023\/10\/1__5JB6221.jpg-1900px-f2-1.jpg","thumbnail_image_url":"https:\/\/www.supremeyachts.hr\/wp-content\/uploads\/2023\/10\/1__5JB6221.jpg-1900px-f2-1-150x150.jpg","large_srcset":"https:\/\/www.supremeyachts.hr\/wp-content\/uploads\/2023\/10\/1__5JB6221.jpg-1900px-f2-1.jpg 960w, https:\/\/www.supremeyachts.hr\/wp-content\/uploads\/2023\/10\/1__5JB6221.jpg-1900px-f2-1-600x400.jpg 600w, https:\/\/www.supremeyachts.hr\/wp-content\/uploads\/2023\/10\/1__5JB6221.jpg-1900px-f2-1-300x200.jpg 300w, https:\/\/www.supremeyachts.hr\/wp-content\/uploads\/2023\/10\/1__5JB6221.jpg-1900px-f2-1-768x512.jpg 768w","medium_srcset":"https:\/\/www.supremeyachts.hr\/wp-content\/uploads\/2023\/10\/1__5JB6221.jpg-1900px-f2-1-300x200.jpg 300w, https:\/\/www.supremeyachts.hr\/wp-content\/uploads\/2023\/10\/1__5JB6221.jpg-1900px-f2-1-600x400.jpg 600w, https:\/\/www.supremeyachts.hr\/wp-content\/uploads\/2023\/10\/1__5JB6221.jpg-1900px-f2-1-768x512.jpg 768w, https:\/\/www.supremeyachts.hr\/wp-content\/uploads\/2023\/10\/1__5JB6221.jpg-1900px-f2-1.jpg 960w","media_details":{"width":960,"height":640,"sizes":{"woocommerce_thumbnail":{"file":"1__5JB6221.jpg-1900px-f2-1-300x300.jpg","width":300,"height":300,"mime-type":"image\/jpeg","filesize":21688,"uncropped":false,"source_url":"https:\/\/www.supremeyachts.hr\/wp-content\/uploads\/2023\/10\/1__5JB6221.jpg-1900px-f2-1-300x300.jpg"},"woocommerce_gallery_thumbnail":{"file":"1__5JB6221.jpg-1900px-f2-1-100x100.jpg","width":100,"height":100,"mime-type":"image\/jpeg","filesize":3902,"source_url":"https:\/\/www.supremeyachts.hr\/wp-content\/uploads\/2023\/10\/1__5JB6221.jpg-1900px-f2-1-100x100.jpg"},"woocommerce_single":{"file":"1__5JB6221.jpg-1900px-f2-1-600x400.jpg","width":600,"height":400,"mime-type":"image\/jpeg","filesize":49283,"source_url":"https:\/\/www.supremeyachts.hr\/wp-content\/uploads\/2023\/10\/1__5JB6221.jpg-1900px-f2-1-600x400.jpg"},"medium":{"file":"1__5JB6221.jpg-1900px-f2-1-300x200.jpg","width":300,"height":200,"mime-type":"image\/jpeg","filesize":30122,"source_url":"https:\/\/www.supremeyachts.hr\/wp-content\/uploads\/2023\/10\/1__5JB6221.jpg-1900px-f2-1-300x200.jpg"},"thumbnail":{"file":"1__5JB6221.jpg-1900px-f2-1-150x150.jpg","width":150,"height":150,"mime-type":"image\/jpeg","filesize":20176,"source_url":"https:\/\/www.supremeyachts.hr\/wp-content\/uploads\/2023\/10\/1__5JB6221.jpg-1900px-f2-1-150x150.jpg"},"medium_large":{"file":"1__5JB6221.jpg-1900px-f2-1-768x512.jpg","width":768,"height":512,"mime-type":"image\/jpeg","filesize":101848,"source_url":"https:\/\/www.supremeyachts.hr\/wp-content\/uploads\/2023\/10\/1__5JB6221.jpg-1900px-f2-1-768x512.jpg"}}},"alt_text":"","url":"","target":""},{"id":95,"title":"JEAN-BAPTISTE D'ENQUIN \/ BENETEAU FLYER 6","caption":"","full_image_url":"https:\/\/www.supremeyachts.hr\/wp-content\/uploads\/2023\/10\/1__5JB5858.jpg-1900px-f2.jpg","thumbnail_image_url":"https:\/\/www.supremeyachts.hr\/wp-content\/uploads\/2023\/10\/1__5JB5858.jpg-1900px-f2-150x150.jpg","large_srcset":"https:\/\/www.supremeyachts.hr\/wp-content\/uploads\/2023\/10\/1__5JB5858.jpg-1900px-f2.jpg 960w, https:\/\/www.supremeyachts.hr\/wp-content\/uploads\/2023\/10\/1__5JB5858.jpg-1900px-f2-600x400.jpg 600w, https:\/\/www.supremeyachts.hr\/wp-content\/uploads\/2023\/10\/1__5JB5858.jpg-1900px-f2-300x200.jpg 300w, https:\/\/www.supremeyachts.hr\/wp-content\/uploads\/2023\/10\/1__5JB5858.jpg-1900px-f2-768x512.jpg 768w","medium_srcset":"https:\/\/www.supremeyachts.hr\/wp-content\/uploads\/2023\/10\/1__5JB5858.jpg-1900px-f2-300x200.jpg 300w, https:\/\/www.supremeyachts.hr\/wp-content\/uploads\/2023\/10\/1__5JB5858.jpg-1900px-f2-600x400.jpg 600w, https:\/\/www.supremeyachts.hr\/wp-content\/uploads\/2023\/10\/1__5JB5858.jpg-1900px-f2-768x512.jpg 768w, https:\/\/www.supremeyachts.hr\/wp-content\/uploads\/2023\/10\/1__5JB5858.jpg-1900px-f2.jpg 960w","media_details":{"width":960,"height":640,"sizes":{"woocommerce_thumbnail":{"file":"1__5JB5858.jpg-1900px-f2-300x300.jpg","width":300,"height":300,"mime-type":"image\/jpeg","filesize":17175,"uncropped":false,"source_url":"https:\/\/www.supremeyachts.hr\/wp-content\/uploads\/2023\/10\/1__5JB5858.jpg-1900px-f2-300x300.jpg"},"woocommerce_gallery_thumbnail":{"file":"1__5JB5858.jpg-1900px-f2-100x100.jpg","width":100,"height":100,"mime-type":"image\/jpeg","filesize":3282,"source_url":"https:\/\/www.supremeyachts.hr\/wp-content\/uploads\/2023\/10\/1__5JB5858.jpg-1900px-f2-100x100.jpg"},"woocommerce_single":{"file":"1__5JB5858.jpg-1900px-f2-600x400.jpg","width":600,"height":400,"mime-type":"image\/jpeg","filesize":36490,"source_url":"https:\/\/www.supremeyachts.hr\/wp-content\/uploads\/2023\/10\/1__5JB5858.jpg-1900px-f2-600x400.jpg"},"medium":{"file":"1__5JB5858.jpg-1900px-f2-300x200.jpg","width":300,"height":200,"mime-type":"image\/jpeg","filesize":26832,"source_url":"https:\/\/www.supremeyachts.hr\/wp-content\/uploads\/2023\/10\/1__5JB5858.jpg-1900px-f2-300x200.jpg"},"thumbnail":{"file":"1__5JB5858.jpg-1900px-f2-150x150.jpg","width":150,"height":150,"mime-type":"image\/jpeg","filesize":19104,"source_url":"https:\/\/www.supremeyachts.hr\/wp-content\/uploads\/2023\/10\/1__5JB5858.jpg-1900px-f2-150x150.jpg"},"medium_large":{"file":"1__5JB5858.jpg-1900px-f2-768x512.jpg","width":768,"height":512,"mime-type":"image\/jpeg","filesize":82403,"source_url":"https:\/\/www.supremeyachts.hr\/wp-content\/uploads\/2023\/10\/1__5JB5858.jpg-1900px-f2-768x512.jpg"}}},"alt_text":"","url":"","target":""},{"id":94,"title":"JEAN-BAPTISTE D'ENQUIN \/ BENETEAU FLYER 6","caption":"","full_image_url":"https:\/\/www.supremeyachts.hr\/wp-content\/uploads\/2023\/10\/1__5JB5831.jpg-1900px-f2.jpg","thumbnail_image_url":"https:\/\/www.supremeyachts.hr\/wp-content\/uploads\/2023\/10\/1__5JB5831.jpg-1900px-f2-150x150.jpg","large_srcset":"https:\/\/www.supremeyachts.hr\/wp-content\/uploads\/2023\/10\/1__5JB5831.jpg-1900px-f2.jpg 960w, https:\/\/www.supremeyachts.hr\/wp-content\/uploads\/2023\/10\/1__5JB5831.jpg-1900px-f2-600x400.jpg 600w, https:\/\/www.supremeyachts.hr\/wp-content\/uploads\/2023\/10\/1__5JB5831.jpg-1900px-f2-300x200.jpg 300w, https:\/\/www.supremeyachts.hr\/wp-content\/uploads\/2023\/10\/1__5JB5831.jpg-1900px-f2-768x512.jpg 768w","medium_srcset":"https:\/\/www.supremeyachts.hr\/wp-content\/uploads\/2023\/10\/1__5JB5831.jpg-1900px-f2-300x200.jpg 300w, https:\/\/www.supremeyachts.hr\/wp-content\/uploads\/2023\/10\/1__5JB5831.jpg-1900px-f2-600x400.jpg 600w, https:\/\/www.supremeyachts.hr\/wp-content\/uploads\/2023\/10\/1__5JB5831.jpg-1900px-f2-768x512.jpg 768w, https:\/\/www.supremeyachts.hr\/wp-content\/uploads\/2023\/10\/1__5JB5831.jpg-1900px-f2.jpg 960w","media_details":{"width":960,"height":640,"sizes":{"woocommerce_thumbnail":{"file":"1__5JB5831.jpg-1900px-f2-300x300.jpg","width":300,"height":300,"mime-type":"image\/jpeg","filesize":19361,"uncropped":false,"source_url":"https:\/\/www.supremeyachts.hr\/wp-content\/uploads\/2023\/10\/1__5JB5831.jpg-1900px-f2-300x300.jpg"},"woocommerce_gallery_thumbnail":{"file":"1__5JB5831.jpg-1900px-f2-100x100.jpg","width":100,"height":100,"mime-type":"image\/jpeg","filesize":3564,"source_url":"https:\/\/www.supremeyachts.hr\/wp-content\/uploads\/2023\/10\/1__5JB5831.jpg-1900px-f2-100x100.jpg"},"woocommerce_single":{"file":"1__5JB5831.jpg-1900px-f2-600x400.jpg","width":600,"height":400,"mime-type":"image\/jpeg","filesize":43785,"source_url":"https:\/\/www.supremeyachts.hr\/wp-content\/uploads\/2023\/10\/1__5JB5831.jpg-1900px-f2-600x400.jpg"},"medium":{"file":"1__5JB5831.jpg-1900px-f2-300x200.jpg","width":300,"height":200,"mime-type":"image\/jpeg","filesize":29467,"source_url":"https:\/\/www.supremeyachts.hr\/wp-content\/uploads\/2023\/10\/1__5JB5831.jpg-1900px-f2-300x200.jpg"},"thumbnail":{"file":"1__5JB5831.jpg-1900px-f2-150x150.jpg","width":150,"height":150,"mime-type":"image\/jpeg","filesize":19738,"source_url":"https:\/\/www.supremeyachts.hr\/wp-content\/uploads\/2023\/10\/1__5JB5831.jpg-1900px-f2-150x150.jpg"},"medium_large":{"file":"1__5JB5831.jpg-1900px-f2-768x512.jpg","width":768,"height":512,"mime-type":"image\/jpeg","filesize":97021,"source_url":"https:\/\/www.supremeyachts.hr\/wp-content\/uploads\/2023\/10\/1__5JB5831.jpg-1900px-f2-768x512.jpg"}}},"alt_text":"","url":"","target":""},{"id":93,"title":"JEAN-BAPTISTE D'ENQUIN \/ BENETEAU FLYER 6","caption":"","full_image_url":"https:\/\/www.supremeyachts.hr\/wp-content\/uploads\/2023\/10\/1__5JB5831.jpg-1900px-f2-1.jpg","thumbnail_image_url":"https:\/\/www.supremeyachts.hr\/wp-content\/uploads\/2023\/10\/1__5JB5831.jpg-1900px-f2-1-150x150.jpg","large_srcset":"https:\/\/www.supremeyachts.hr\/wp-content\/uploads\/2023\/10\/1__5JB5831.jpg-1900px-f2-1.jpg 960w, https:\/\/www.supremeyachts.hr\/wp-content\/uploads\/2023\/10\/1__5JB5831.jpg-1900px-f2-1-600x400.jpg 600w, https:\/\/www.supremeyachts.hr\/wp-content\/uploads\/2023\/10\/1__5JB5831.jpg-1900px-f2-1-300x200.jpg 300w, https:\/\/www.supremeyachts.hr\/wp-content\/uploads\/2023\/10\/1__5JB5831.jpg-1900px-f2-1-768x512.jpg 768w","medium_srcset":"https:\/\/www.supremeyachts.hr\/wp-content\/uploads\/2023\/10\/1__5JB5831.jpg-1900px-f2-1-300x200.jpg 300w, https:\/\/www.supremeyachts.hr\/wp-content\/uploads\/2023\/10\/1__5JB5831.jpg-1900px-f2-1-600x400.jpg 600w, https:\/\/www.supremeyachts.hr\/wp-content\/uploads\/2023\/10\/1__5JB5831.jpg-1900px-f2-1-768x512.jpg 768w, https:\/\/www.supremeyachts.hr\/wp-content\/uploads\/2023\/10\/1__5JB5831.jpg-1900px-f2-1.jpg 960w","media_details":{"width":960,"height":640,"sizes":{"woocommerce_thumbnail":{"file":"1__5JB5831.jpg-1900px-f2-1-300x300.jpg","width":300,"height":300,"mime-type":"image\/jpeg","filesize":19361,"uncropped":false,"source_url":"https:\/\/www.supremeyachts.hr\/wp-content\/uploads\/2023\/10\/1__5JB5831.jpg-1900px-f2-1-300x300.jpg"},"woocommerce_gallery_thumbnail":{"file":"1__5JB5831.jpg-1900px-f2-1-100x100.jpg","width":100,"height":100,"mime-type":"image\/jpeg","filesize":3564,"source_url":"https:\/\/www.supremeyachts.hr\/wp-content\/uploads\/2023\/10\/1__5JB5831.jpg-1900px-f2-1-100x100.jpg"},"woocommerce_single":{"file":"1__5JB5831.jpg-1900px-f2-1-600x400.jpg","width":600,"height":400,"mime-type":"image\/jpeg","filesize":43785,"source_url":"https:\/\/www.supremeyachts.hr\/wp-content\/uploads\/2023\/10\/1__5JB5831.jpg-1900px-f2-1-600x400.jpg"},"medium":{"file":"1__5JB5831.jpg-1900px-f2-1-300x200.jpg","width":300,"height":200,"mime-type":"image\/jpeg","filesize":29467,"source_url":"https:\/\/www.supremeyachts.hr\/wp-content\/uploads\/2023\/10\/1__5JB5831.jpg-1900px-f2-1-300x200.jpg"},"thumbnail":{"file":"1__5JB5831.jpg-1900px-f2-1-150x150.jpg","width":150,"height":150,"mime-type":"image\/jpeg","filesize":19738,"source_url":"https:\/\/www.supremeyachts.hr\/wp-content\/uploads\/2023\/10\/1__5JB5831.jpg-1900px-f2-1-150x150.jpg"},"medium_large":{"file":"1__5JB5831.jpg-1900px-f2-1-768x512.jpg","width":768,"height":512,"mime-type":"image\/jpeg","filesize":97021,"source_url":"https:\/\/www.supremeyachts.hr\/wp-content\/uploads\/2023\/10\/1__5JB5831.jpg-1900px-f2-1-768x512.jpg"}}},"alt_text":"","url":"","target":""},{"id":92,"title":"JEAN-BAPTISTE D'ENQUIN \/ BENETEAU FLYER 6","caption":"","full_image_url":"https:\/\/www.supremeyachts.hr\/wp-content\/uploads\/2023\/10\/1__5JB5532.jpg-1900px-f2.jpg","thumbnail_image_url":"https:\/\/www.supremeyachts.hr\/wp-content\/uploads\/2023\/10\/1__5JB5532.jpg-1900px-f2-150x150.jpg","large_srcset":"https:\/\/www.supremeyachts.hr\/wp-content\/uploads\/2023\/10\/1__5JB5532.jpg-1900px-f2.jpg 960w, https:\/\/www.supremeyachts.hr\/wp-content\/uploads\/2023\/10\/1__5JB5532.jpg-1900px-f2-600x400.jpg 600w, https:\/\/www.supremeyachts.hr\/wp-content\/uploads\/2023\/10\/1__5JB5532.jpg-1900px-f2-300x200.jpg 300w, https:\/\/www.supremeyachts.hr\/wp-content\/uploads\/2023\/10\/1__5JB5532.jpg-1900px-f2-768x512.jpg 768w","medium_srcset":"https:\/\/www.supremeyachts.hr\/wp-content\/uploads\/2023\/10\/1__5JB5532.jpg-1900px-f2-300x200.jpg 300w, https:\/\/www.supremeyachts.hr\/wp-content\/uploads\/2023\/10\/1__5JB5532.jpg-1900px-f2-600x400.jpg 600w, https:\/\/www.supremeyachts.hr\/wp-content\/uploads\/2023\/10\/1__5JB5532.jpg-1900px-f2-768x512.jpg 768w, https:\/\/www.supremeyachts.hr\/wp-content\/uploads\/2023\/10\/1__5JB5532.jpg-1900px-f2.jpg 960w","media_details":{"width":960,"height":640,"sizes":{"woocommerce_thumbnail":{"file":"1__5JB5532.jpg-1900px-f2-300x300.jpg","width":300,"height":300,"mime-type":"image\/jpeg","filesize":17271,"uncropped":false,"source_url":"https:\/\/www.supremeyachts.hr\/wp-content\/uploads\/2023\/10\/1__5JB5532.jpg-1900px-f2-300x300.jpg"},"woocommerce_gallery_thumbnail":{"file":"1__5JB5532.jpg-1900px-f2-100x100.jpg","width":100,"height":100,"mime-type":"image\/jpeg","filesize":3551,"source_url":"https:\/\/www.supremeyachts.hr\/wp-content\/uploads\/2023\/10\/1__5JB5532.jpg-1900px-f2-100x100.jpg"},"woocommerce_single":{"file":"1__5JB5532.jpg-1900px-f2-600x400.jpg","width":600,"height":400,"mime-type":"image\/jpeg","filesize":36433,"source_url":"https:\/\/www.supremeyachts.hr\/wp-content\/uploads\/2023\/10\/1__5JB5532.jpg-1900px-f2-600x400.jpg"},"medium":{"file":"1__5JB5532.jpg-1900px-f2-300x200.jpg","width":300,"height":200,"mime-type":"image\/jpeg","filesize":27440,"source_url":"https:\/\/www.supremeyachts.hr\/wp-content\/uploads\/2023\/10\/1__5JB5532.jpg-1900px-f2-300x200.jpg"},"thumbnail":{"file":"1__5JB5532.jpg-1900px-f2-150x150.jpg","width":150,"height":150,"mime-type":"image\/jpeg","filesize":19332,"source_url":"https:\/\/www.supremeyachts.hr\/wp-content\/uploads\/2023\/10\/1__5JB5532.jpg-1900px-f2-150x150.jpg"},"medium_large":{"file":"1__5JB5532.jpg-1900px-f2-768x512.jpg","width":768,"height":512,"mime-type":"image\/jpeg","filesize":80245,"source_url":"https:\/\/www.supremeyachts.hr\/wp-content\/uploads\/2023\/10\/1__5JB5532.jpg-1900px-f2-768x512.jpg"}}},"alt_text":"","url":"","target":""},{"id":91,"title":"JEAN-BAPTISTE D'ENQUIN \/ BENETEAU FLYER 6","caption":"","full_image_url":"https:\/\/www.supremeyachts.hr\/wp-content\/uploads\/2023\/10\/1__5JB5500.jpg-1900px-f2.jpg","thumbnail_image_url":"https:\/\/www.supremeyachts.hr\/wp-content\/uploads\/2023\/10\/1__5JB5500.jpg-1900px-f2-150x150.jpg","large_srcset":"https:\/\/www.supremeyachts.hr\/wp-content\/uploads\/2023\/10\/1__5JB5500.jpg-1900px-f2.jpg 960w, https:\/\/www.supremeyachts.hr\/wp-content\/uploads\/2023\/10\/1__5JB5500.jpg-1900px-f2-600x400.jpg 600w, https:\/\/www.supremeyachts.hr\/wp-content\/uploads\/2023\/10\/1__5JB5500.jpg-1900px-f2-300x200.jpg 300w, https:\/\/www.supremeyachts.hr\/wp-content\/uploads\/2023\/10\/1__5JB5500.jpg-1900px-f2-768x512.jpg 768w","medium_srcset":"https:\/\/www.supremeyachts.hr\/wp-content\/uploads\/2023\/10\/1__5JB5500.jpg-1900px-f2-300x200.jpg 300w, https:\/\/www.supremeyachts.hr\/wp-content\/uploads\/2023\/10\/1__5JB5500.jpg-1900px-f2-600x400.jpg 600w, https:\/\/www.supremeyachts.hr\/wp-content\/uploads\/2023\/10\/1__5JB5500.jpg-1900px-f2-768x512.jpg 768w, https:\/\/www.supremeyachts.hr\/wp-content\/uploads\/2023\/10\/1__5JB5500.jpg-1900px-f2.jpg 960w","media_details":{"width":960,"height":640,"sizes":{"woocommerce_thumbnail":{"file":"1__5JB5500.jpg-1900px-f2-300x300.jpg","width":300,"height":300,"mime-type":"image\/jpeg","filesize":17172,"uncropped":false,"source_url":"https:\/\/www.supremeyachts.hr\/wp-content\/uploads\/2023\/10\/1__5JB5500.jpg-1900px-f2-300x300.jpg"},"woocommerce_gallery_thumbnail":{"file":"1__5JB5500.jpg-1900px-f2-100x100.jpg","width":100,"height":100,"mime-type":"image\/jpeg","filesize":3649,"source_url":"https:\/\/www.supremeyachts.hr\/wp-content\/uploads\/2023\/10\/1__5JB5500.jpg-1900px-f2-100x100.jpg"},"woocommerce_single":{"file":"1__5JB5500.jpg-1900px-f2-600x400.jpg","width":600,"height":400,"mime-type":"image\/jpeg","filesize":33427,"source_url":"https:\/\/www.supremeyachts.hr\/wp-content\/uploads\/2023\/10\/1__5JB5500.jpg-1900px-f2-600x400.jpg"},"medium":{"file":"1__5JB5500.jpg-1900px-f2-300x200.jpg","width":300,"height":200,"mime-type":"image\/jpeg","filesize":26820,"source_url":"https:\/\/www.supremeyachts.hr\/wp-content\/uploads\/2023\/10\/1__5JB5500.jpg-1900px-f2-300x200.jpg"},"thumbnail":{"file":"1__5JB5500.jpg-1900px-f2-150x150.jpg","width":150,"height":150,"mime-type":"image\/jpeg","filesize":19708,"source_url":"https:\/\/www.supremeyachts.hr\/wp-content\/uploads\/2023\/10\/1__5JB5500.jpg-1900px-f2-150x150.jpg"},"medium_large":{"file":"1__5JB5500.jpg-1900px-f2-768x512.jpg","width":768,"height":512,"mime-type":"image\/jpeg","filesize":74665,"source_url":"https:\/\/www.supremeyachts.hr\/wp-content\/uploads\/2023\/10\/1__5JB5500.jpg-1900px-f2-768x512.jpg"}}},"alt_text":"","url":"","target":""},{"id":90,"title":"JEAN-BAPTISTE D'ENQUIN \/ BENETEAU FLYER 6","caption":"","full_image_url":"https:\/\/www.supremeyachts.hr\/wp-content\/uploads\/2023\/10\/1__5JB5394.jpg-1900px-f2.jpg","thumbnail_image_url":"https:\/\/www.supremeyachts.hr\/wp-content\/uploads\/2023\/10\/1__5JB5394.jpg-1900px-f2-150x150.jpg","large_srcset":"https:\/\/www.supremeyachts.hr\/wp-content\/uploads\/2023\/10\/1__5JB5394.jpg-1900px-f2.jpg 960w, https:\/\/www.supremeyachts.hr\/wp-content\/uploads\/2023\/10\/1__5JB5394.jpg-1900px-f2-600x400.jpg 600w, https:\/\/www.supremeyachts.hr\/wp-content\/uploads\/2023\/10\/1__5JB5394.jpg-1900px-f2-300x200.jpg 300w, https:\/\/www.supremeyachts.hr\/wp-content\/uploads\/2023\/10\/1__5JB5394.jpg-1900px-f2-768x512.jpg 768w","medium_srcset":"https:\/\/www.supremeyachts.hr\/wp-content\/uploads\/2023\/10\/1__5JB5394.jpg-1900px-f2-300x200.jpg 300w, https:\/\/www.supremeyachts.hr\/wp-content\/uploads\/2023\/10\/1__5JB5394.jpg-1900px-f2-600x400.jpg 600w, https:\/\/www.supremeyachts.hr\/wp-content\/uploads\/2023\/10\/1__5JB5394.jpg-1900px-f2-768x512.jpg 768w, https:\/\/www.supremeyachts.hr\/wp-content\/uploads\/2023\/10\/1__5JB5394.jpg-1900px-f2.jpg 960w","media_details":{"width":960,"height":640,"sizes":{"woocommerce_thumbnail":{"file":"1__5JB5394.jpg-1900px-f2-300x300.jpg","width":300,"height":300,"mime-type":"image\/jpeg","filesize":24834,"uncropped":false,"source_url":"https:\/\/www.supremeyachts.hr\/wp-content\/uploads\/2023\/10\/1__5JB5394.jpg-1900px-f2-300x300.jpg"},"woocommerce_gallery_thumbnail":{"file":"1__5JB5394.jpg-1900px-f2-100x100.jpg","width":100,"height":100,"mime-type":"image\/jpeg","filesize":4266,"source_url":"https:\/\/www.supremeyachts.hr\/wp-content\/uploads\/2023\/10\/1__5JB5394.jpg-1900px-f2-100x100.jpg"},"woocommerce_single":{"file":"1__5JB5394.jpg-1900px-f2-600x400.jpg","width":600,"height":400,"mime-type":"image\/jpeg","filesize":57702,"source_url":"https:\/\/www.supremeyachts.hr\/wp-content\/uploads\/2023\/10\/1__5JB5394.jpg-1900px-f2-600x400.jpg"},"medium":{"file":"1__5JB5394.jpg-1900px-f2-300x200.jpg","width":300,"height":200,"mime-type":"image\/jpeg","filesize":32865,"source_url":"https:\/\/www.supremeyachts.hr\/wp-content\/uploads\/2023\/10\/1__5JB5394.jpg-1900px-f2-300x200.jpg"},"thumbnail":{"file":"1__5JB5394.jpg-1900px-f2-150x150.jpg","width":150,"height":150,"mime-type":"image\/jpeg","filesize":21265,"source_url":"https:\/\/www.supremeyachts.hr\/wp-content\/uploads\/2023\/10\/1__5JB5394.jpg-1900px-f2-150x150.jpg"},"medium_large":{"file":"1__5JB5394.jpg-1900px-f2-768x512.jpg","width":768,"height":512,"mime-type":"image\/jpeg","filesize":122424,"source_url":"https:\/\/www.supremeyachts.hr\/wp-content\/uploads\/2023\/10\/1__5JB5394.jpg-1900px-f2-768x512.jpg"}}},"alt_text":"","url":"","target":""},{"id":89,"title":"JEAN-BAPTISTE D'ENQUIN \/ BENETEAU FLYER 6","caption":"","full_image_url":"https:\/\/www.supremeyachts.hr\/wp-content\/uploads\/2023\/10\/1__5JB5379.jpg-1900px-f2.jpg","thumbnail_image_url":"https:\/\/www.supremeyachts.hr\/wp-content\/uploads\/2023\/10\/1__5JB5379.jpg-1900px-f2-150x150.jpg","large_srcset":"https:\/\/www.supremeyachts.hr\/wp-content\/uploads\/2023\/10\/1__5JB5379.jpg-1900px-f2.jpg 960w, https:\/\/www.supremeyachts.hr\/wp-content\/uploads\/2023\/10\/1__5JB5379.jpg-1900px-f2-600x400.jpg 600w, https:\/\/www.supremeyachts.hr\/wp-content\/uploads\/2023\/10\/1__5JB5379.jpg-1900px-f2-300x200.jpg 300w, https:\/\/www.supremeyachts.hr\/wp-content\/uploads\/2023\/10\/1__5JB5379.jpg-1900px-f2-768x512.jpg 768w","medium_srcset":"https:\/\/www.supremeyachts.hr\/wp-content\/uploads\/2023\/10\/1__5JB5379.jpg-1900px-f2-300x200.jpg 300w, https:\/\/www.supremeyachts.hr\/wp-content\/uploads\/2023\/10\/1__5JB5379.jpg-1900px-f2-600x400.jpg 600w, https:\/\/www.supremeyachts.hr\/wp-content\/uploads\/2023\/10\/1__5JB5379.jpg-1900px-f2-768x512.jpg 768w, https:\/\/www.supremeyachts.hr\/wp-content\/uploads\/2023\/10\/1__5JB5379.jpg-1900px-f2.jpg 960w","media_details":{"width":960,"height":640,"sizes":{"woocommerce_thumbnail":{"file":"1__5JB5379.jpg-1900px-f2-300x300.jpg","width":300,"height":300,"mime-type":"image\/jpeg","filesize":20224,"uncropped":false,"source_url":"https:\/\/www.supremeyachts.hr\/wp-content\/uploads\/2023\/10\/1__5JB5379.jpg-1900px-f2-300x300.jpg"},"woocommerce_gallery_thumbnail":{"file":"1__5JB5379.jpg-1900px-f2-100x100.jpg","width":100,"height":100,"mime-type":"image\/jpeg","filesize":3616,"source_url":"https:\/\/www.supremeyachts.hr\/wp-content\/uploads\/2023\/10\/1__5JB5379.jpg-1900px-f2-100x100.jpg"},"woocommerce_single":{"file":"1__5JB5379.jpg-1900px-f2-600x400.jpg","width":600,"height":400,"mime-type":"image\/jpeg","filesize":44362,"source_url":"https:\/\/www.supremeyachts.hr\/wp-content\/uploads\/2023\/10\/1__5JB5379.jpg-1900px-f2-600x400.jpg"},"medium":{"file":"1__5JB5379.jpg-1900px-f2-300x200.jpg","width":300,"height":200,"mime-type":"image\/jpeg","filesize":28058,"source_url":"https:\/\/www.supremeyachts.hr\/wp-content\/uploads\/2023\/10\/1__5JB5379.jpg-1900px-f2-300x200.jpg"},"thumbnail":{"file":"1__5JB5379.jpg-1900px-f2-150x150.jpg","width":150,"height":150,"mime-type":"image\/jpeg","filesize":19369,"source_url":"https:\/\/www.supremeyachts.hr\/wp-content\/uploads\/2023\/10\/1__5JB5379.jpg-1900px-f2-150x150.jpg"},"medium_large":{"file":"1__5JB5379.jpg-1900px-f2-768x512.jpg","width":768,"height":512,"mime-type":"image\/jpeg","filesize":96275,"source_url":"https:\/\/www.supremeyachts.hr\/wp-content\/uploads\/2023\/10\/1__5JB5379.jpg-1900px-f2-768x512.jpg"}}},"alt_text":"","url":"","target":""},{"id":88,"title":"JEAN-BAPTISTE D'ENQUIN \/ BENETEAU FLYER 6","caption":"","full_image_url":"https:\/\/www.supremeyachts.hr\/wp-content\/uploads\/2023\/10\/1__5JB5371.jpg-1900px-f2.jpg","thumbnail_image_url":"https:\/\/www.supremeyachts.hr\/wp-content\/uploads\/2023\/10\/1__5JB5371.jpg-1900px-f2-150x150.jpg","large_srcset":"https:\/\/www.supremeyachts.hr\/wp-content\/uploads\/2023\/10\/1__5JB5371.jpg-1900px-f2.jpg 960w, https:\/\/www.supremeyachts.hr\/wp-content\/uploads\/2023\/10\/1__5JB5371.jpg-1900px-f2-600x400.jpg 600w, https:\/\/www.supremeyachts.hr\/wp-content\/uploads\/2023\/10\/1__5JB5371.jpg-1900px-f2-300x200.jpg 300w, https:\/\/www.supremeyachts.hr\/wp-content\/uploads\/2023\/10\/1__5JB5371.jpg-1900px-f2-768x512.jpg 768w","medium_srcset":"https:\/\/www.supremeyachts.hr\/wp-content\/uploads\/2023\/10\/1__5JB5371.jpg-1900px-f2-300x200.jpg 300w, https:\/\/www.supremeyachts.hr\/wp-content\/uploads\/2023\/10\/1__5JB5371.jpg-1900px-f2-600x400.jpg 600w, https:\/\/www.supremeyachts.hr\/wp-content\/uploads\/2023\/10\/1__5JB5371.jpg-1900px-f2-768x512.jpg 768w, https:\/\/www.supremeyachts.hr\/wp-content\/uploads\/2023\/10\/1__5JB5371.jpg-1900px-f2.jpg 960w","media_details":{"width":960,"height":640,"sizes":{"woocommerce_thumbnail":{"file":"1__5JB5371.jpg-1900px-f2-300x300.jpg","width":300,"height":300,"mime-type":"image\/jpeg","filesize":20562,"uncropped":false,"source_url":"https:\/\/www.supremeyachts.hr\/wp-content\/uploads\/2023\/10\/1__5JB5371.jpg-1900px-f2-300x300.jpg"},"woocommerce_gallery_thumbnail":{"file":"1__5JB5371.jpg-1900px-f2-100x100.jpg","width":100,"height":100,"mime-type":"image\/jpeg","filesize":3575,"source_url":"https:\/\/www.supremeyachts.hr\/wp-content\/uploads\/2023\/10\/1__5JB5371.jpg-1900px-f2-100x100.jpg"},"woocommerce_single":{"file":"1__5JB5371.jpg-1900px-f2-600x400.jpg","width":600,"height":400,"mime-type":"image\/jpeg","filesize":45753,"source_url":"https:\/\/www.supremeyachts.hr\/wp-content\/uploads\/2023\/10\/1__5JB5371.jpg-1900px-f2-600x400.jpg"},"medium":{"file":"1__5JB5371.jpg-1900px-f2-300x200.jpg","width":300,"height":200,"mime-type":"image\/jpeg","filesize":28609,"source_url":"https:\/\/www.supremeyachts.hr\/wp-content\/uploads\/2023\/10\/1__5JB5371.jpg-1900px-f2-300x200.jpg"},"thumbnail":{"file":"1__5JB5371.jpg-1900px-f2-150x150.jpg","width":150,"height":150,"mime-type":"image\/jpeg","filesize":19779,"source_url":"https:\/\/www.supremeyachts.hr\/wp-content\/uploads\/2023\/10\/1__5JB5371.jpg-1900px-f2-150x150.jpg"},"medium_large":{"file":"1__5JB5371.jpg-1900px-f2-768x512.jpg","width":768,"height":512,"mime-type":"image\/jpeg","filesize":99051,"source_url":"https:\/\/www.supremeyachts.hr\/wp-content\/uploads\/2023\/10\/1__5JB5371.jpg-1900px-f2-768x512.jpg"}}},"alt_text":"","url":"","target":""}],[{"id":104,"title":"JEAN-BAPTISTE D'ENQUIN \/ BENETEAU FLYER 6","caption":"","full_image_url":"https:\/\/www.supremeyachts.hr\/wp-content\/uploads\/2023\/10\/2__5JB6721.jpg-1900px-f2.jpg","thumbnail_image_url":"https:\/\/www.supremeyachts.hr\/wp-content\/uploads\/2023\/10\/2__5JB6721.jpg-1900px-f2-150x150.jpg","large_srcset":"https:\/\/www.supremeyachts.hr\/wp-content\/uploads\/2023\/10\/2__5JB6721.jpg-1900px-f2.jpg 960w, https:\/\/www.supremeyachts.hr\/wp-content\/uploads\/2023\/10\/2__5JB6721.jpg-1900px-f2-600x400.jpg 600w, https:\/\/www.supremeyachts.hr\/wp-content\/uploads\/2023\/10\/2__5JB6721.jpg-1900px-f2-300x200.jpg 300w, https:\/\/www.supremeyachts.hr\/wp-content\/uploads\/2023\/10\/2__5JB6721.jpg-1900px-f2-768x512.jpg 768w","medium_srcset":"https:\/\/www.supremeyachts.hr\/wp-content\/uploads\/2023\/10\/2__5JB6721.jpg-1900px-f2-300x200.jpg 300w, https:\/\/www.supremeyachts.hr\/wp-content\/uploads\/2023\/10\/2__5JB6721.jpg-1900px-f2-600x400.jpg 600w, https:\/\/www.supremeyachts.hr\/wp-content\/uploads\/2023\/10\/2__5JB6721.jpg-1900px-f2-768x512.jpg 768w, https:\/\/www.supremeyachts.hr\/wp-content\/uploads\/2023\/10\/2__5JB6721.jpg-1900px-f2.jpg 960w","media_details":{"width":960,"height":640,"sizes":{"woocommerce_thumbnail":{"file":"2__5JB6721.jpg-1900px-f2-300x300.jpg","width":300,"height":300,"mime-type":"image\/jpeg","filesize":11516,"uncropped":false,"source_url":"https:\/\/www.supremeyachts.hr\/wp-content\/uploads\/2023\/10\/2__5JB6721.jpg-1900px-f2-300x300.jpg"},"woocommerce_gallery_thumbnail":{"file":"2__5JB6721.jpg-1900px-f2-100x100.jpg","width":100,"height":100,"mime-type":"image\/jpeg","filesize":2496,"source_url":"https:\/\/www.supremeyachts.hr\/wp-content\/uploads\/2023\/10\/2__5JB6721.jpg-1900px-f2-100x100.jpg"},"woocommerce_single":{"file":"2__5JB6721.jpg-1900px-f2-600x400.jpg","width":600,"height":400,"mime-type":"image\/jpeg","filesize":25046,"source_url":"https:\/\/www.supremeyachts.hr\/wp-content\/uploads\/2023\/10\/2__5JB6721.jpg-1900px-f2-600x400.jpg"},"medium":{"file":"2__5JB6721.jpg-1900px-f2-300x200.jpg","width":300,"height":200,"mime-type":"image\/jpeg","filesize":21097,"source_url":"https:\/\/www.supremeyachts.hr\/wp-content\/uploads\/2023\/10\/2__5JB6721.jpg-1900px-f2-300x200.jpg"},"thumbnail":{"file":"2__5JB6721.jpg-1900px-f2-150x150.jpg","width":150,"height":150,"mime-type":"image\/jpeg","filesize":17054,"source_url":"https:\/\/www.supremeyachts.hr\/wp-content\/uploads\/2023\/10\/2__5JB6721.jpg-1900px-f2-150x150.jpg"},"medium_large":{"file":"2__5JB6721.jpg-1900px-f2-768x512.jpg","width":768,"height":512,"mime-type":"image\/jpeg","filesize":54300,"source_url":"https:\/\/www.supremeyachts.hr\/wp-content\/uploads\/2023\/10\/2__5JB6721.jpg-1900px-f2-768x512.jpg"}}},"alt_text":"","url":"","target":""},{"id":103,"title":"JEAN-BAPTISTE D'ENQUIN \/ BENETEAU FLYER 6","caption":"","full_image_url":"https:\/\/www.supremeyachts.hr\/wp-content\/uploads\/2023\/10\/2__5JB6701.jpg-1900px-f2.jpg","thumbnail_image_url":"https:\/\/www.supremeyachts.hr\/wp-content\/uploads\/2023\/10\/2__5JB6701.jpg-1900px-f2-150x150.jpg","large_srcset":"https:\/\/www.supremeyachts.hr\/wp-content\/uploads\/2023\/10\/2__5JB6701.jpg-1900px-f2.jpg 960w, https:\/\/www.supremeyachts.hr\/wp-content\/uploads\/2023\/10\/2__5JB6701.jpg-1900px-f2-600x400.jpg 600w, https:\/\/www.supremeyachts.hr\/wp-content\/uploads\/2023\/10\/2__5JB6701.jpg-1900px-f2-300x200.jpg 300w, https:\/\/www.supremeyachts.hr\/wp-content\/uploads\/2023\/10\/2__5JB6701.jpg-1900px-f2-768x512.jpg 768w","medium_srcset":"https:\/\/www.supremeyachts.hr\/wp-content\/uploads\/2023\/10\/2__5JB6701.jpg-1900px-f2-300x200.jpg 300w, https:\/\/www.supremeyachts.hr\/wp-content\/uploads\/2023\/10\/2__5JB6701.jpg-1900px-f2-600x400.jpg 600w, https:\/\/www.supremeyachts.hr\/wp-content\/uploads\/2023\/10\/2__5JB6701.jpg-1900px-f2-768x512.jpg 768w, https:\/\/www.supremeyachts.hr\/wp-content\/uploads\/2023\/10\/2__5JB6701.jpg-1900px-f2.jpg 960w","media_details":{"width":960,"height":640,"sizes":{"woocommerce_thumbnail":{"file":"2__5JB6701.jpg-1900px-f2-300x300.jpg","width":300,"height":300,"mime-type":"image\/jpeg","filesize":10638,"uncropped":false,"source_url":"https:\/\/www.supremeyachts.hr\/wp-content\/uploads\/2023\/10\/2__5JB6701.jpg-1900px-f2-300x300.jpg"},"woocommerce_gallery_thumbnail":{"file":"2__5JB6701.jpg-1900px-f2-100x100.jpg","width":100,"height":100,"mime-type":"image\/jpeg","filesize":2571,"source_url":"https:\/\/www.supremeyachts.hr\/wp-content\/uploads\/2023\/10\/2__5JB6701.jpg-1900px-f2-100x100.jpg"},"woocommerce_single":{"file":"2__5JB6701.jpg-1900px-f2-600x400.jpg","width":600,"height":400,"mime-type":"image\/jpeg","filesize":23677,"source_url":"https:\/\/www.supremeyachts.hr\/wp-content\/uploads\/2023\/10\/2__5JB6701.jpg-1900px-f2-600x400.jpg"},"medium":{"file":"2__5JB6701.jpg-1900px-f2-300x200.jpg","width":300,"height":200,"mime-type":"image\/jpeg","filesize":21883,"source_url":"https:\/\/www.supremeyachts.hr\/wp-content\/uploads\/2023\/10\/2__5JB6701.jpg-1900px-f2-300x200.jpg"},"thumbnail":{"file":"2__5JB6701.jpg-1900px-f2-150x150.jpg","width":150,"height":150,"mime-type":"image\/jpeg","filesize":17181,"source_url":"https:\/\/www.supremeyachts.hr\/wp-content\/uploads\/2023\/10\/2__5JB6701.jpg-1900px-f2-150x150.jpg"},"medium_large":{"file":"2__5JB6701.jpg-1900px-f2-768x512.jpg","width":768,"height":512,"mime-type":"image\/jpeg","filesize":53346,"source_url":"https:\/\/www.supremeyachts.hr\/wp-content\/uploads\/2023\/10\/2__5JB6701.jpg-1900px-f2-768x512.jpg"}}},"alt_text":"","url":"","target":""},{"id":102,"title":"JEAN-BAPTISTE D'ENQUIN \/ BENETEAU FLYER 6","caption":"","full_image_url":"https:\/\/www.supremeyachts.hr\/wp-content\/uploads\/2023\/10\/2__5JB6673.jpg-1900px-f2.jpg","thumbnail_image_url":"https:\/\/www.supremeyachts.hr\/wp-content\/uploads\/2023\/10\/2__5JB6673.jpg-1900px-f2-150x150.jpg","large_srcset":"https:\/\/www.supremeyachts.hr\/wp-content\/uploads\/2023\/10\/2__5JB6673.jpg-1900px-f2.jpg 960w, https:\/\/www.supremeyachts.hr\/wp-content\/uploads\/2023\/10\/2__5JB6673.jpg-1900px-f2-600x400.jpg 600w, https:\/\/www.supremeyachts.hr\/wp-content\/uploads\/2023\/10\/2__5JB6673.jpg-1900px-f2-300x200.jpg 300w, https:\/\/www.supremeyachts.hr\/wp-content\/uploads\/2023\/10\/2__5JB6673.jpg-1900px-f2-768x512.jpg 768w","medium_srcset":"https:\/\/www.supremeyachts.hr\/wp-content\/uploads\/2023\/10\/2__5JB6673.jpg-1900px-f2-300x200.jpg 300w, https:\/\/www.supremeyachts.hr\/wp-content\/uploads\/2023\/10\/2__5JB6673.jpg-1900px-f2-600x400.jpg 600w, https:\/\/www.supremeyachts.hr\/wp-content\/uploads\/2023\/10\/2__5JB6673.jpg-1900px-f2-768x512.jpg 768w, https:\/\/www.supremeyachts.hr\/wp-content\/uploads\/2023\/10\/2__5JB6673.jpg-1900px-f2.jpg 960w","media_details":{"width":960,"height":640,"sizes":{"woocommerce_thumbnail":{"file":"2__5JB6673.jpg-1900px-f2-300x300.jpg","width":300,"height":300,"mime-type":"image\/jpeg","filesize":13159,"uncropped":false,"source_url":"https:\/\/www.supremeyachts.hr\/wp-content\/uploads\/2023\/10\/2__5JB6673.jpg-1900px-f2-300x300.jpg"},"woocommerce_gallery_thumbnail":{"file":"2__5JB6673.jpg-1900px-f2-100x100.jpg","width":100,"height":100,"mime-type":"image\/jpeg","filesize":3144,"source_url":"https:\/\/www.supremeyachts.hr\/wp-content\/uploads\/2023\/10\/2__5JB6673.jpg-1900px-f2-100x100.jpg"},"woocommerce_single":{"file":"2__5JB6673.jpg-1900px-f2-600x400.jpg","width":600,"height":400,"mime-type":"image\/jpeg","filesize":28848,"source_url":"https:\/\/www.supremeyachts.hr\/wp-content\/uploads\/2023\/10\/2__5JB6673.jpg-1900px-f2-600x400.jpg"},"medium":{"file":"2__5JB6673.jpg-1900px-f2-300x200.jpg","width":300,"height":200,"mime-type":"image\/jpeg","filesize":24216,"source_url":"https:\/\/www.supremeyachts.hr\/wp-content\/uploads\/2023\/10\/2__5JB6673.jpg-1900px-f2-300x200.jpg"},"thumbnail":{"file":"2__5JB6673.jpg-1900px-f2-150x150.jpg","width":150,"height":150,"mime-type":"image\/jpeg","filesize":18258,"source_url":"https:\/\/www.supremeyachts.hr\/wp-content\/uploads\/2023\/10\/2__5JB6673.jpg-1900px-f2-150x150.jpg"},"medium_large":{"file":"2__5JB6673.jpg-1900px-f2-768x512.jpg","width":768,"height":512,"mime-type":"image\/jpeg","filesize":61542,"source_url":"https:\/\/www.supremeyachts.hr\/wp-content\/uploads\/2023\/10\/2__5JB6673.jpg-1900px-f2-768x512.jpg"}}},"alt_text":"","url":"","target":""},{"id":101,"title":"JEAN-BAPTISTE D'ENQUIN \/ BENETEAU FLYER 6","caption":"","full_image_url":"https:\/\/www.supremeyachts.hr\/wp-content\/uploads\/2023\/10\/2__5JB6620.jpg-1900px-f2.jpg","thumbnail_image_url":"https:\/\/www.supremeyachts.hr\/wp-content\/uploads\/2023\/10\/2__5JB6620.jpg-1900px-f2-150x150.jpg","large_srcset":"https:\/\/www.supremeyachts.hr\/wp-content\/uploads\/2023\/10\/2__5JB6620.jpg-1900px-f2.jpg 960w, https:\/\/www.supremeyachts.hr\/wp-content\/uploads\/2023\/10\/2__5JB6620.jpg-1900px-f2-600x400.jpg 600w, https:\/\/www.supremeyachts.hr\/wp-content\/uploads\/2023\/10\/2__5JB6620.jpg-1900px-f2-300x200.jpg 300w, https:\/\/www.supremeyachts.hr\/wp-content\/uploads\/2023\/10\/2__5JB6620.jpg-1900px-f2-768x512.jpg 768w","medium_srcset":"https:\/\/www.supremeyachts.hr\/wp-content\/uploads\/2023\/10\/2__5JB6620.jpg-1900px-f2-300x200.jpg 300w, https:\/\/www.supremeyachts.hr\/wp-content\/uploads\/2023\/10\/2__5JB6620.jpg-1900px-f2-600x400.jpg 600w, https:\/\/www.supremeyachts.hr\/wp-content\/uploads\/2023\/10\/2__5JB6620.jpg-1900px-f2-768x512.jpg 768w, https:\/\/www.supremeyachts.hr\/wp-content\/uploads\/2023\/10\/2__5JB6620.jpg-1900px-f2.jpg 960w","media_details":{"width":960,"height":640,"sizes":{"woocommerce_thumbnail":{"file":"2__5JB6620.jpg-1900px-f2-300x300.jpg","width":300,"height":300,"mime-type":"image\/jpeg","filesize":12651,"uncropped":false,"source_url":"https:\/\/www.supremeyachts.hr\/wp-content\/uploads\/2023\/10\/2__5JB6620.jpg-1900px-f2-300x300.jpg"},"woocommerce_gallery_thumbnail":{"file":"2__5JB6620.jpg-1900px-f2-100x100.jpg","width":100,"height":100,"mime-type":"image\/jpeg","filesize":3006,"source_url":"https:\/\/www.supremeyachts.hr\/wp-content\/uploads\/2023\/10\/2__5JB6620.jpg-1900px-f2-100x100.jpg"},"woocommerce_single":{"file":"2__5JB6620.jpg-1900px-f2-600x400.jpg","width":600,"height":400,"mime-type":"image\/jpeg","filesize":28612,"source_url":"https:\/\/www.supremeyachts.hr\/wp-content\/uploads\/2023\/10\/2__5JB6620.jpg-1900px-f2-600x400.jpg"},"medium":{"file":"2__5JB6620.jpg-1900px-f2-300x200.jpg","width":300,"height":200,"mime-type":"image\/jpeg","filesize":24057,"source_url":"https:\/\/www.supremeyachts.hr\/wp-content\/uploads\/2023\/10\/2__5JB6620.jpg-1900px-f2-300x200.jpg"},"thumbnail":{"file":"2__5JB6620.jpg-1900px-f2-150x150.jpg","width":150,"height":150,"mime-type":"image\/jpeg","filesize":18146,"source_url":"https:\/\/www.supremeyachts.hr\/wp-content\/uploads\/2023\/10\/2__5JB6620.jpg-1900px-f2-150x150.jpg"},"medium_large":{"file":"2__5JB6620.jpg-1900px-f2-768x512.jpg","width":768,"height":512,"mime-type":"image\/jpeg","filesize":63420,"source_url":"https:\/\/www.supremeyachts.hr\/wp-content\/uploads\/2023\/10\/2__5JB6620.jpg-1900px-f2-768x512.jpg"}}},"alt_text":"","url":"","target":""},{"id":100,"title":"JEAN-BAPTISTE D'ENQUIN \/ BENETEAU FLYER 6","caption":"","full_image_url":"https:\/\/www.supremeyachts.hr\/wp-content\/uploads\/2023\/10\/2__5JB6616.jpg-1900px-f2.jpg","thumbnail_image_url":"https:\/\/www.supremeyachts.hr\/wp-content\/uploads\/2023\/10\/2__5JB6616.jpg-1900px-f2-150x150.jpg","large_srcset":"https:\/\/www.supremeyachts.hr\/wp-content\/uploads\/2023\/10\/2__5JB6616.jpg-1900px-f2.jpg 960w, https:\/\/www.supremeyachts.hr\/wp-content\/uploads\/2023\/10\/2__5JB6616.jpg-1900px-f2-600x400.jpg 600w, https:\/\/www.supremeyachts.hr\/wp-content\/uploads\/2023\/10\/2__5JB6616.jpg-1900px-f2-300x200.jpg 300w, https:\/\/www.supremeyachts.hr\/wp-content\/uploads\/2023\/10\/2__5JB6616.jpg-1900px-f2-768x512.jpg 768w","medium_srcset":"https:\/\/www.supremeyachts.hr\/wp-content\/uploads\/2023\/10\/2__5JB6616.jpg-1900px-f2-300x200.jpg 300w, https:\/\/www.supremeyachts.hr\/wp-content\/uploads\/2023\/10\/2__5JB6616.jpg-1900px-f2-600x400.jpg 600w, https:\/\/www.supremeyachts.hr\/wp-content\/uploads\/2023\/10\/2__5JB6616.jpg-1900px-f2-768x512.jpg 768w, https:\/\/www.supremeyachts.hr\/wp-content\/uploads\/2023\/10\/2__5JB6616.jpg-1900px-f2.jpg 960w","media_details":{"width":960,"height":640,"sizes":{"woocommerce_thumbnail":{"file":"2__5JB6616.jpg-1900px-f2-300x300.jpg","width":300,"height":300,"mime-type":"image\/jpeg","filesize":11696,"uncropped":false,"source_url":"https:\/\/www.supremeyachts.hr\/wp-content\/uploads\/2023\/10\/2__5JB6616.jpg-1900px-f2-300x300.jpg"},"woocommerce_gallery_thumbnail":{"file":"2__5JB6616.jpg-1900px-f2-100x100.jpg","width":100,"height":100,"mime-type":"image\/jpeg","filesize":2733,"source_url":"https:\/\/www.supremeyachts.hr\/wp-content\/uploads\/2023\/10\/2__5JB6616.jpg-1900px-f2-100x100.jpg"},"woocommerce_single":{"file":"2__5JB6616.jpg-1900px-f2-600x400.jpg","width":600,"height":400,"mime-type":"image\/jpeg","filesize":26818,"source_url":"https:\/\/www.supremeyachts.hr\/wp-content\/uploads\/2023\/10\/2__5JB6616.jpg-1900px-f2-600x400.jpg"},"medium":{"file":"2__5JB6616.jpg-1900px-f2-300x200.jpg","width":300,"height":200,"mime-type":"image\/jpeg","filesize":23252,"source_url":"https:\/\/www.supremeyachts.hr\/wp-content\/uploads\/2023\/10\/2__5JB6616.jpg-1900px-f2-300x200.jpg"},"thumbnail":{"file":"2__5JB6616.jpg-1900px-f2-150x150.jpg","width":150,"height":150,"mime-type":"image\/jpeg","filesize":17746,"source_url":"https:\/\/www.supremeyachts.hr\/wp-content\/uploads\/2023\/10\/2__5JB6616.jpg-1900px-f2-150x150.jpg"},"medium_large":{"file":"2__5JB6616.jpg-1900px-f2-768x512.jpg","width":768,"height":512,"mime-type":"image\/jpeg","filesize":60427,"source_url":"https:\/\/www.supremeyachts.hr\/wp-content\/uploads\/2023\/10\/2__5JB6616.jpg-1900px-f2-768x512.jpg"}}},"alt_text":"","url":"","target":""},{"id":99,"title":"JEAN-BAPTISTE D'ENQUIN \/ BENETEAU FLYER 6","caption":"","full_image_url":"https:\/\/www.supremeyachts.hr\/wp-content\/uploads\/2023\/10\/2__5JB6608.jpg-1900px-f2.jpg","thumbnail_image_url":"https:\/\/www.supremeyachts.hr\/wp-content\/uploads\/2023\/10\/2__5JB6608.jpg-1900px-f2-150x150.jpg","large_srcset":"https:\/\/www.supremeyachts.hr\/wp-content\/uploads\/2023\/10\/2__5JB6608.jpg-1900px-f2.jpg 960w, https:\/\/www.supremeyachts.hr\/wp-content\/uploads\/2023\/10\/2__5JB6608.jpg-1900px-f2-600x400.jpg 600w, https:\/\/www.supremeyachts.hr\/wp-content\/uploads\/2023\/10\/2__5JB6608.jpg-1900px-f2-300x200.jpg 300w, https:\/\/www.supremeyachts.hr\/wp-content\/uploads\/2023\/10\/2__5JB6608.jpg-1900px-f2-768x512.jpg 768w","medium_srcset":"https:\/\/www.supremeyachts.hr\/wp-content\/uploads\/2023\/10\/2__5JB6608.jpg-1900px-f2-300x200.jpg 300w, https:\/\/www.supremeyachts.hr\/wp-content\/uploads\/2023\/10\/2__5JB6608.jpg-1900px-f2-600x400.jpg 600w, https:\/\/www.supremeyachts.hr\/wp-content\/uploads\/2023\/10\/2__5JB6608.jpg-1900px-f2-768x512.jpg 768w, https:\/\/www.supremeyachts.hr\/wp-content\/uploads\/2023\/10\/2__5JB6608.jpg-1900px-f2.jpg 960w","media_details":{"width":960,"height":640,"sizes":{"woocommerce_thumbnail":{"file":"2__5JB6608.jpg-1900px-f2-300x300.jpg","width":300,"height":300,"mime-type":"image\/jpeg","filesize":12538,"uncropped":false,"source_url":"https:\/\/www.supremeyachts.hr\/wp-content\/uploads\/2023\/10\/2__5JB6608.jpg-1900px-f2-300x300.jpg"},"woocommerce_gallery_thumbnail":{"file":"2__5JB6608.jpg-1900px-f2-100x100.jpg","width":100,"height":100,"mime-type":"image\/jpeg","filesize":2917,"source_url":"https:\/\/www.supremeyachts.hr\/wp-content\/uploads\/2023\/10\/2__5JB6608.jpg-1900px-f2-100x100.jpg"},"woocommerce_single":{"file":"2__5JB6608.jpg-1900px-f2-600x400.jpg","width":600,"height":400,"mime-type":"image\/jpeg","filesize":28652,"source_url":"https:\/\/www.supremeyachts.hr\/wp-content\/uploads\/2023\/10\/2__5JB6608.jpg-1900px-f2-600x400.jpg"},"medium":{"file":"2__5JB6608.jpg-1900px-f2-300x200.jpg","width":300,"height":200,"mime-type":"image\/jpeg","filesize":23759,"source_url":"https:\/\/www.supremeyachts.hr\/wp-content\/uploads\/2023\/10\/2__5JB6608.jpg-1900px-f2-300x200.jpg"},"thumbnail":{"file":"2__5JB6608.jpg-1900px-f2-150x150.jpg","width":150,"height":150,"mime-type":"image\/jpeg","filesize":18009,"source_url":"https:\/\/www.supremeyachts.hr\/wp-content\/uploads\/2023\/10\/2__5JB6608.jpg-1900px-f2-150x150.jpg"},"medium_large":{"file":"2__5JB6608.jpg-1900px-f2-768x512.jpg","width":768,"height":512,"mime-type":"image\/jpeg","filesize":61771,"source_url":"https:\/\/www.supremeyachts.hr\/wp-content\/uploads\/2023\/10\/2__5JB6608.jpg-1900px-f2-768x512.jpg"}}},"alt_text":"","url":"","target":""}]]}},"jetpack_sharing_enabled":true,"_links":{"self":[{"href":"https:\/\/www.supremeyachts.hr\/en\/wp-json\/wp\/v2\/product\/82","targetHints":{"allow":["GET"]}}],"collection":[{"href":"https:\/\/www.supremeyachts.hr\/en\/wp-json\/wp\/v2\/product"}],"about":[{"href":"https:\/\/www.supremeyachts.hr\/en\/wp-json\/wp\/v2\/types\/product"}],"replies":[{"embeddable":true,"href":"https:\/\/www.supremeyachts.hr\/en\/wp-json\/wp\/v2\/comments?post=82"}],"wp:featuredmedia":[{"embeddable":true,"href":"https:\/\/www.supremeyachts.hr\/en\/wp-json\/wp\/v2\/media\/85"}],"wp:attachment":[{"href":"https:\/\/www.supremeyachts.hr\/en\/wp-json\/wp\/v2\/media?parent=82"}],"wp:term":[{"taxonomy":"product_brand","embeddable":true,"href":"https:\/\/www.supremeyachts.hr\/en\/wp-json\/wp\/v2\/product_brand?post=82"},{"taxonomy":"product_cat","embeddable":true,"href":"https:\/\/www.supremeyachts.hr\/en\/wp-json\/wp\/v2\/product_cat?post=82"},{"taxonomy":"product_tag","embeddable":true,"href":"https:\/\/www.supremeyachts.hr\/en\/wp-json\/wp\/v2\/product_tag?post=82"},{"taxonomy":"brendovi","embeddable":true,"href":"https:\/\/www.supremeyachts.hr\/en\/wp-json\/wp\/v2\/brendovi?post=82"}],"curies":[{"name":"wp","href":"https:\/\/api.w.org\/{rel}","templated":true}]}}